{"id":1659,"date":"2025-07-01T18:14:32","date_gmt":"2025-07-01T16:14:32","guid":{"rendered":"https:\/\/galerie-ancienne-poste.com\/?post_type=exposition&#038;p=1659"},"modified":"2026-02-08T17:53:21","modified_gmt":"2026-02-08T16:53:21","slug":"sophie-favre","status":"publish","type":"exposition","link":"https:\/\/galerie-ancienne-poste.com\/en\/exposition\/sophie-favre\/","title":{"rendered":"Sophie Favre"},"content":{"rendered":"<style>.kb-row-layout-id1659_b4ed61-33 > .kt-row-column-wrap{align-content:start;}:where(.kb-row-layout-id1659_b4ed61-33 > .kt-row-column-wrap) > .wp-block-kadence-column{justify-content:start;}.kb-row-layout-id1659_b4ed61-33 > .kt-row-column-wrap{column-gap:var(--global-kb-gap-md, 2rem);row-gap:var(--global-kb-gap-md, 2rem);padding-top:var(--global-kb-spacing-xxs, 0.5rem);padding-bottom:var(--global-kb-spacing-sm, 1.5rem);}.kb-row-layout-id1659_b4ed61-33 > .kt-row-column-wrap > div:not(.added-for-specificity){grid-column:initial;}.kb-row-layout-id1659_b4ed61-33 > .kt-row-column-wrap{grid-template-columns:minmax(0, 1fr) minmax(0, 6fr) minmax(0, 1fr);}.kb-row-layout-id1659_b4ed61-33 > .kt-row-layout-overlay{opacity:0.30;}@media all and (max-width: 1024px){.kb-row-layout-id1659_b4ed61-33 > .kt-row-column-wrap > div:not(.added-for-specificity){grid-column:initial;}}@media all and (max-width: 1024px){.kb-row-layout-id1659_b4ed61-33 > .kt-row-column-wrap{grid-template-columns:minmax(0, 1fr) minmax(0, 6fr) minmax(0, 1fr);}}@media all and (max-width: 767px){.kb-row-layout-id1659_b4ed61-33 > .kt-row-column-wrap > div:not(.added-for-specificity){grid-column:initial;}.kb-row-layout-id1659_b4ed61-33 > .kt-row-column-wrap{grid-template-columns:minmax(0, 1fr);}}<\/style><div class=\"kb-row-layout-wrap kb-row-layout-id1659_b4ed61-33 alignnone wp-block-kadence-rowlayout\"><div class=\"kt-row-column-wrap kt-has-3-columns kt-row-layout-center-exwide kt-tab-layout-inherit kt-mobile-layout-row kt-row-valign-top\">\n<style>.kadence-column1659_5df362-7d > .kt-inside-inner-col,.kadence-column1659_5df362-7d > .kt-inside-inner-col:before{border-top-left-radius:0px;border-top-right-radius:0px;border-bottom-right-radius:0px;border-bottom-left-radius:0px;}.kadence-column1659_5df362-7d > .kt-inside-inner-col{column-gap:var(--global-kb-gap-sm, 1rem);}.kadence-column1659_5df362-7d > .kt-inside-inner-col{flex-direction:column;}.kadence-column1659_5df362-7d > .kt-inside-inner-col > .aligncenter{width:100%;}.kadence-column1659_5df362-7d > .kt-inside-inner-col:before{opacity:0.3;}.kadence-column1659_5df362-7d{position:relative;}@media all and (max-width: 1024px){.kadence-column1659_5df362-7d > .kt-inside-inner-col{flex-direction:column;justify-content:center;}}@media all and (max-width: 767px){.kadence-column1659_5df362-7d > .kt-inside-inner-col{flex-direction:column;justify-content:center;}}<\/style>\n<div class=\"wp-block-kadence-column kadence-column1659_5df362-7d\"><div class=\"kt-inside-inner-col\"><\/div><\/div>\n\n\n<style>.kadence-column1659_97dbe1-ff > .kt-inside-inner-col,.kadence-column1659_97dbe1-ff > .kt-inside-inner-col:before{border-top-left-radius:0px;border-top-right-radius:0px;border-bottom-right-radius:0px;border-bottom-left-radius:0px;}.kadence-column1659_97dbe1-ff > .kt-inside-inner-col{column-gap:var(--global-kb-gap-sm, 1rem);}.kadence-column1659_97dbe1-ff > .kt-inside-inner-col{flex-direction:column;}.kadence-column1659_97dbe1-ff > .kt-inside-inner-col > .aligncenter{width:100%;}.kadence-column1659_97dbe1-ff > .kt-inside-inner-col:before{opacity:0.3;}.kadence-column1659_97dbe1-ff{position:relative;}@media all and (max-width: 1024px){.kadence-column1659_97dbe1-ff > .kt-inside-inner-col{flex-direction:column;justify-content:center;}}@media all and (max-width: 767px){.kadence-column1659_97dbe1-ff > .kt-inside-inner-col{padding-right:var(--global-kb-spacing-xs, 1rem);padding-left:var(--global-kb-spacing-xs, 1rem);flex-direction:column;justify-content:center;}}<\/style>\n<div class=\"wp-block-kadence-column kadence-column1659_97dbe1-ff\"><div class=\"kt-inside-inner-col\"><style>.wp-block-kadence-advancedheading.kt-adv-heading1659_7a8e29-3d, .wp-block-kadence-advancedheading.kt-adv-heading1659_7a8e29-3d[data-kb-block=\"kb-adv-heading1659_7a8e29-3d\"]{font-size:var(--global-kb-font-size-xl, 3rem);font-style:normal;}.wp-block-kadence-advancedheading.kt-adv-heading1659_7a8e29-3d mark.kt-highlight, .wp-block-kadence-advancedheading.kt-adv-heading1659_7a8e29-3d[data-kb-block=\"kb-adv-heading1659_7a8e29-3d\"] mark.kt-highlight{font-style:normal;color:#f76a0c;-webkit-box-decoration-break:clone;box-decoration-break:clone;padding-top:0px;padding-right:0px;padding-bottom:0px;padding-left:0px;}.wp-block-kadence-advancedheading.kt-adv-heading1659_7a8e29-3d img.kb-inline-image, .wp-block-kadence-advancedheading.kt-adv-heading1659_7a8e29-3d[data-kb-block=\"kb-adv-heading1659_7a8e29-3d\"] img.kb-inline-image{width:150px;vertical-align:baseline;}<\/style>\n<h1 class=\"kt-adv-heading1659_7a8e29-3d wp-block-kadence-advancedheading\" data-kb-block=\"kb-adv-heading1659_7a8e29-3d\">Sophie Favre<\/h1>\n\n\n<style>.wp-block-kadence-advancedheading.kt-adv-heading1659_a3ea2a-83, .wp-block-kadence-advancedheading.kt-adv-heading1659_a3ea2a-83[data-kb-block=\"kb-adv-heading1659_a3ea2a-83\"]{text-align:left;font-style:normal;}.wp-block-kadence-advancedheading.kt-adv-heading1659_a3ea2a-83 mark.kt-highlight, .wp-block-kadence-advancedheading.kt-adv-heading1659_a3ea2a-83[data-kb-block=\"kb-adv-heading1659_a3ea2a-83\"] mark.kt-highlight{font-style:normal;color:#f76a0c;-webkit-box-decoration-break:clone;box-decoration-break:clone;padding-top:0px;padding-right:0px;padding-bottom:0px;padding-left:0px;}.wp-block-kadence-advancedheading.kt-adv-heading1659_a3ea2a-83 img.kb-inline-image, .wp-block-kadence-advancedheading.kt-adv-heading1659_a3ea2a-83[data-kb-block=\"kb-adv-heading1659_a3ea2a-83\"] img.kb-inline-image{width:150px;vertical-align:baseline;}<\/style>\n<h2 class=\"kt-adv-heading1659_a3ea2a-83 wp-block-kadence-advancedheading\" data-kb-block=\"kb-adv-heading1659_a3ea2a-83\"><strong>\u0152uvres  r\u00e9centes <\/strong><\/h2>\n\n\n\n<div class=\"wp-block-group\"><div class=\"wp-block-group__inner-container is-layout-constrained wp-block-group-is-layout-constrained\"><style>.wp-block-kadence-advancedheading.kt-adv-heading1659_bcf592-d2, .wp-block-kadence-advancedheading.kt-adv-heading1659_bcf592-d2[data-kb-block=\"kb-adv-heading1659_bcf592-d2\"]{text-align:left;font-style:normal;}.wp-block-kadence-advancedheading.kt-adv-heading1659_bcf592-d2 mark.kt-highlight, .wp-block-kadence-advancedheading.kt-adv-heading1659_bcf592-d2[data-kb-block=\"kb-adv-heading1659_bcf592-d2\"] mark.kt-highlight{font-style:normal;color:#f76a0c;-webkit-box-decoration-break:clone;box-decoration-break:clone;padding-top:0px;padding-right:0px;padding-bottom:0px;padding-left:0px;}.wp-block-kadence-advancedheading.kt-adv-heading1659_bcf592-d2 img.kb-inline-image, .wp-block-kadence-advancedheading.kt-adv-heading1659_bcf592-d2[data-kb-block=\"kb-adv-heading1659_bcf592-d2\"] img.kb-inline-image{width:150px;vertical-align:baseline;}<\/style>\n<h2 class=\"kt-adv-heading1659_bcf592-d2 wp-block-kadence-advancedheading\" data-kb-block=\"kb-adv-heading1659_bcf592-d2\">5 Juillet &#8211; 31 Ao\u00fbt 2025<\/h2>\n\n\n\n<p class=\"has-text-align-left\">Vernissage le Samedi 5 Juillet 2025 \u00e0 partir de 18h en pr\u00e9sence de l&rsquo;artiste<\/p>\n<\/div><\/div>\n<\/div><\/div>\n\n\n<style>.kadence-column1659_592257-ba > .kt-inside-inner-col,.kadence-column1659_592257-ba > .kt-inside-inner-col:before{border-top-left-radius:0px;border-top-right-radius:0px;border-bottom-right-radius:0px;border-bottom-left-radius:0px;}.kadence-column1659_592257-ba > .kt-inside-inner-col{column-gap:var(--global-kb-gap-sm, 1rem);}.kadence-column1659_592257-ba > .kt-inside-inner-col{flex-direction:column;}.kadence-column1659_592257-ba > .kt-inside-inner-col > .aligncenter{width:100%;}.kadence-column1659_592257-ba > .kt-inside-inner-col:before{opacity:0.3;}.kadence-column1659_592257-ba{position:relative;}@media all and (max-width: 1024px){.kadence-column1659_592257-ba > .kt-inside-inner-col{flex-direction:column;justify-content:center;}}@media all and (max-width: 767px){.kadence-column1659_592257-ba > .kt-inside-inner-col{flex-direction:column;justify-content:center;}}<\/style>\n<div class=\"wp-block-kadence-column kadence-column1659_592257-ba\"><div class=\"kt-inside-inner-col\"><\/div><\/div>\n\n<\/div><\/div>\n\n<style>.kb-row-layout-id1659_21e255-e5 > .kt-row-column-wrap{align-content:start;}:where(.kb-row-layout-id1659_21e255-e5 > .kt-row-column-wrap) > .wp-block-kadence-column{justify-content:start;}.kb-row-layout-id1659_21e255-e5 > .kt-row-column-wrap{column-gap:var(--global-kb-gap-md, 2rem);row-gap:var(--global-kb-gap-md, 2rem);padding-top:var(--global-kb-spacing-xs, 1rem);padding-right:var(--global-kb-spacing-xs, 1rem);padding-bottom:var(--global-kb-spacing-xs, 1rem);padding-left:var(--global-kb-spacing-xs, 1rem);grid-template-columns:minmax(0, 1fr);}.kb-row-layout-id1659_21e255-e5 > .kt-row-layout-overlay{opacity:0.30;}@media all and (max-width: 1024px){.kb-row-layout-id1659_21e255-e5 > .kt-row-column-wrap{grid-template-columns:minmax(0, 1fr);}}@media all and (max-width: 767px){.kb-row-layout-id1659_21e255-e5 > .kt-row-column-wrap{grid-template-columns:minmax(0, 1fr);}}<\/style><div class=\"kb-row-layout-wrap kb-row-layout-id1659_21e255-e5 alignwide wp-block-kadence-rowlayout\"><div class=\"kt-row-column-wrap kt-has-1-columns kt-row-layout-equal kt-tab-layout-inherit kt-mobile-layout-row kt-row-valign-top\">\n<style>.kadence-column1659_4cff34-8e > .kt-inside-inner-col,.kadence-column1659_4cff34-8e > .kt-inside-inner-col:before{border-top-left-radius:0px;border-top-right-radius:0px;border-bottom-right-radius:0px;border-bottom-left-radius:0px;}.kadence-column1659_4cff34-8e > .kt-inside-inner-col{column-gap:var(--global-kb-gap-sm, 1rem);}.kadence-column1659_4cff34-8e > .kt-inside-inner-col{flex-direction:column;}.kadence-column1659_4cff34-8e > .kt-inside-inner-col > .aligncenter{width:100%;}.kadence-column1659_4cff34-8e > .kt-inside-inner-col:before{opacity:0.3;}.kadence-column1659_4cff34-8e{position:relative;}@media all and (max-width: 1024px){.kadence-column1659_4cff34-8e > .kt-inside-inner-col{flex-direction:column;justify-content:center;}}@media all and (max-width: 767px){.kadence-column1659_4cff34-8e > .kt-inside-inner-col{flex-direction:column;justify-content:center;}}<\/style>\n<div class=\"wp-block-kadence-column kadence-column1659_4cff34-8e\"><div class=\"kt-inside-inner-col\"><style>.wp-block-kadence-advancedgallery .kb-gallery-type-grid.kb-gallery-id-1659_461192-a5{margin:-5px;}.kb-gallery-type-grid.kb-gallery-id-1659_461192-a5 .kadence-blocks-gallery-item{padding:5px;}.kb-gallery-id-1659_461192-a5 .kadence-blocks-gallery-item .kb-gal-image-radius, .kb-gallery-id-1659_461192-a5 .kb-slide-item .kb-gal-image-radius img{border-radius:0px 0px 0px 0px;;}.kb-gallery-caption-style-bottom.kb-gallery-id-1659_461192-a5 .kadence-blocks-gallery-item .kadence-blocks-gallery-item-inner .kadence-blocks-gallery-item__caption, .kb-gallery-caption-style-bottom-hover.kb-gallery-id-1659_461192-a5 .kadence-blocks-gallery-item .kadence-blocks-gallery-item-inner .kadence-blocks-gallery-item__caption{background:linear-gradient(0deg, rgba(0, 0, 0, 0.8) 0, rgba(0, 0, 0, 0) 100%);}<\/style><div class=\"kb-gallery-wrap-id-1659_461192-a5 alignnone wp-block-kadence-advancedgallery\"><ul class=\"kb-gallery-ul kb-gallery-non-static kb-gallery-type-grid kb-gallery-id-1659_461192-a5 kb-gallery-caption-style-bottom-hover kb-gallery-filter-none\" data-image-filter=\"none\" data-item-selector=\".kadence-blocks-gallery-item\" data-lightbox-caption=\"true\" data-columns-xxl=\"1\" data-columns-xl=\"1\" data-columns-md=\"1\" data-columns-sm=\"1\" data-columns-xs=\"1\" data-columns-ss=\"1\"><li class=\"kadence-blocks-gallery-item\" tabindex=\"0\"><div class=\"kadence-blocks-gallery-item-inner\"><figure class=\"kb-gallery-figure kadence-blocks-gallery-item-has-caption\"><div class=\"kb-gal-image-radius\"><div class=\"kb-gallery-image-contain kadence-blocks-gallery-intrinsic kb-gallery-image-ratio-land21 kb-has-image-ratio-land21\" ><img loading=\"lazy\" decoding=\"async\" src=\"https:\/\/galerie-ancienne-poste.com\/wp-content\/uploads\/2025\/06\/sophie-favre-art-ceramique-910x1024.jpg\" width=\"910\" height=\"1024\" alt=\"expo Sophie Favre - exposition Sophie Favre, sculpture Favre Sophie - c\u00e9ramiques contemporaines\" data-full-image=\"https:\/\/galerie-ancienne-poste.com\/wp-content\/uploads\/2025\/06\/sophie-favre-art-ceramique.jpg\" data-light-image=\"https:\/\/galerie-ancienne-poste.com\/wp-content\/uploads\/2025\/06\/sophie-favre-art-ceramique.jpg\" data-id=\"104\" class=\"wp-image-104\" srcset=\"https:\/\/galerie-ancienne-poste.com\/wp-content\/uploads\/2025\/06\/sophie-favre-art-ceramique-910x1024.jpg 910w, https:\/\/galerie-ancienne-poste.com\/wp-content\/uploads\/2025\/06\/sophie-favre-art-ceramique-267x300.jpg 267w, https:\/\/galerie-ancienne-poste.com\/wp-content\/uploads\/2025\/06\/sophie-favre-art-ceramique-768x864.jpg 768w, https:\/\/galerie-ancienne-poste.com\/wp-content\/uploads\/2025\/06\/sophie-favre-art-ceramique-11x12.jpg 11w, https:\/\/galerie-ancienne-poste.com\/wp-content\/uploads\/2025\/06\/sophie-favre-art-ceramique.jpg 1333w\" sizes=\"auto, (max-width: 910px) 100vw, 910px\" \/><\/div><div class=\"kadence-blocks-gallery-item__caption\">Sophie Favre, Expression, 2025<\/div><\/div><\/figure><\/div><\/li><\/ul><\/div><\/div><\/div>\n\n<\/div><\/div>\n\n<style>.kb-row-layout-id1659_20014c-5d > .kt-row-column-wrap{align-content:start;}:where(.kb-row-layout-id1659_20014c-5d > .kt-row-column-wrap) > .wp-block-kadence-column{justify-content:start;}.kb-row-layout-id1659_20014c-5d > .kt-row-column-wrap{column-gap:var(--global-kb-gap-md, 2rem);row-gap:var(--global-kb-gap-md, 2rem);max-width:var( --global-content-width, 1250px );padding-left:var(--global-content-edge-padding);padding-right:var(--global-content-edge-padding);padding-top:var(--global-kb-spacing-xs, 1rem);padding-right:var(--global-kb-spacing-sm, 1.5rem);padding-bottom:var(--global-kb-spacing-xs, 1rem);padding-left:var(--global-kb-spacing-sm, 1.5rem);grid-template-columns:minmax(0, 1fr);}.kb-row-layout-id1659_20014c-5d > .kt-row-layout-overlay{opacity:0.30;}@media all and (max-width: 1024px){.kb-row-layout-id1659_20014c-5d > .kt-row-column-wrap{grid-template-columns:minmax(0, 1fr);}}@media all and (max-width: 767px){.kb-row-layout-id1659_20014c-5d > .kt-row-column-wrap{grid-template-columns:minmax(0, 1fr);}}<\/style><div class=\"kb-row-layout-wrap kb-row-layout-id1659_20014c-5d alignnone wp-block-kadence-rowlayout\"><div class=\"kt-row-column-wrap kt-has-1-columns kt-row-layout-equal kt-tab-layout-inherit kt-mobile-layout-row kt-row-valign-top kb-theme-content-width\">\n<style>.kadence-column1659_a91261-2a > .kt-inside-inner-col,.kadence-column1659_a91261-2a > .kt-inside-inner-col:before{border-top-left-radius:0px;border-top-right-radius:0px;border-bottom-right-radius:0px;border-bottom-left-radius:0px;}.kadence-column1659_a91261-2a > .kt-inside-inner-col{column-gap:var(--global-kb-gap-sm, 1rem);}.kadence-column1659_a91261-2a > .kt-inside-inner-col{flex-direction:column;}.kadence-column1659_a91261-2a > .kt-inside-inner-col > .aligncenter{width:100%;}.kadence-column1659_a91261-2a > .kt-inside-inner-col:before{opacity:0.3;}.kadence-column1659_a91261-2a{position:relative;}@media all and (max-width: 1024px){.kadence-column1659_a91261-2a > .kt-inside-inner-col{flex-direction:column;justify-content:center;}}@media all and (max-width: 767px){.kadence-column1659_a91261-2a > .kt-inside-inner-col{padding-right:var(--global-kb-spacing-xs, 1rem);padding-left:var(--global-kb-spacing-xs, 1rem);flex-direction:column;justify-content:center;}}<\/style>\n<div class=\"wp-block-kadence-column kadence-column1659_a91261-2a\"><div class=\"kt-inside-inner-col\">\n<p>La Galerie de l\u2019Ancienne Poste a le plaisir de pr\u00e9senter, pour l\u2019\u00e9t\u00e9 2025, une nouvelle exposition personnelle de la sculptrice fran\u00e7aise Sophie Favre. Reconnue pour son univers singulier m\u00ealant tendresse, myst\u00e8re et fantaisie, l\u2019artiste d\u00e9voile ici plusieurs ensembles d\u2019oeuvres&nbsp;r\u00e9centes en terre cuite, m\u00e9dium dont elle ma\u00eetrise toute la subtilit\u00e9.&nbsp;<\/p>\n\n\n\n<p>Inspir\u00e9e aussi bien par la peinture flamande de la Renaissance que par l\u2019univers de la bande dessin\u00e9e, Sophie Favre nous convie \u00e0 une travers\u00e9e in\u00e9dite : animaux aux allures humaines, humains hors du temps, bustes expressifs ou figures en mouvement composent une galerie de personnages tour \u00e0 tour dr\u00f4les, m\u00e9lancoliques \u2014 profond\u00e9ment humains. L\u2019exposition donne \u00e0 voir un monde po\u00e9tique, peupl\u00e9 de cr\u00e9atures touchantes, sculpt\u00e9es avec finesse et \u00e9motion.<\/p>\n\n\n\n<p>L\u2019exposition r\u00e9unit vingt-six sculptures en terre cuite et cinq bronzes, offrant une plong\u00e9e captivante dans l\u2019univers de Sophie Favre.<\/p>\n\n\n\n<p><a href=\"https:\/\/galerie-ancienne-poste.com\/produit\/sophie-favre-2025\/\" data-type=\"product\" data-id=\"2252\">Catalogue de l&rsquo;exposition<\/a><br><a href=\"https:\/\/galerie-ancienne-poste.com\/wp-content\/uploads\/2025\/08\/bio_sophie_favre.pdf\" data-type=\"attachment\" data-id=\"6584\">Biographie<\/a><br>Sophie Favre dans <a href=\"https:\/\/galerie-ancienne-poste.com\/presse\/connaissance-des-arts-juillet-2025\/\" data-type=\"post\" data-id=\"4638\">Connaissance des Arts<\/a><\/p>\n<\/div><\/div>\n\n<\/div><\/div>\n\n<style>.kb-row-layout-id1659_6b0bee-a8 > .kt-row-column-wrap{align-content:start;}:where(.kb-row-layout-id1659_6b0bee-a8 > .kt-row-column-wrap) > .wp-block-kadence-column{justify-content:start;}.kb-row-layout-id1659_6b0bee-a8 > .kt-row-column-wrap{column-gap:var(--global-kb-gap-md, 2rem);row-gap:var(--global-kb-gap-md, 2rem);padding-top:var(--global-kb-spacing-xs, 1rem);padding-right:var(--global-kb-spacing-xs, 1rem);padding-bottom:var(--global-kb-spacing-xs, 1rem);padding-left:var(--global-kb-spacing-xs, 1rem);grid-template-columns:minmax(0, 1fr);}.kb-row-layout-id1659_6b0bee-a8 > .kt-row-layout-overlay{opacity:0.30;}@media all and (max-width: 1024px){.kb-row-layout-id1659_6b0bee-a8 > .kt-row-column-wrap{grid-template-columns:minmax(0, 1fr);}}@media all and (max-width: 767px){.kb-row-layout-id1659_6b0bee-a8 > .kt-row-column-wrap{grid-template-columns:minmax(0, 1fr);}}<\/style><div class=\"kb-row-layout-wrap kb-row-layout-id1659_6b0bee-a8 alignwide wp-block-kadence-rowlayout\"><div class=\"kt-row-column-wrap kt-has-1-columns kt-row-layout-equal kt-tab-layout-inherit kt-mobile-layout-row kt-row-valign-top\">\n<style>.kadence-column1659_98384d-b6 > .kt-inside-inner-col,.kadence-column1659_98384d-b6 > .kt-inside-inner-col:before{border-top-left-radius:0px;border-top-right-radius:0px;border-bottom-right-radius:0px;border-bottom-left-radius:0px;}.kadence-column1659_98384d-b6 > .kt-inside-inner-col{column-gap:var(--global-kb-gap-sm, 1rem);}.kadence-column1659_98384d-b6 > .kt-inside-inner-col{flex-direction:column;}.kadence-column1659_98384d-b6 > .kt-inside-inner-col > .aligncenter{width:100%;}.kadence-column1659_98384d-b6 > .kt-inside-inner-col:before{opacity:0.3;}.kadence-column1659_98384d-b6{position:relative;}@media all and (max-width: 1024px){.kadence-column1659_98384d-b6 > .kt-inside-inner-col{flex-direction:column;justify-content:center;}}@media all and (max-width: 767px){.kadence-column1659_98384d-b6 > .kt-inside-inner-col{flex-direction:column;justify-content:center;}}<\/style>\n<div class=\"wp-block-kadence-column kadence-column1659_98384d-b6\"><div class=\"kt-inside-inner-col\"><style>.wp-block-kadence-advancedgallery .kb-gallery-type-grid.kb-gallery-id-1659_464a42-4c{margin:-5px;}.kb-gallery-type-grid.kb-gallery-id-1659_464a42-4c .kadence-blocks-gallery-item{padding:5px;}.kb-gallery-id-1659_464a42-4c .kadence-blocks-gallery-item .kb-gal-image-radius, .kb-gallery-id-1659_464a42-4c .kb-slide-item .kb-gal-image-radius img{border-radius:0px 0px 0px 0px;;}.kb-gallery-caption-style-bottom.kb-gallery-id-1659_464a42-4c .kadence-blocks-gallery-item .kadence-blocks-gallery-item-inner .kadence-blocks-gallery-item__caption, .kb-gallery-caption-style-bottom-hover.kb-gallery-id-1659_464a42-4c .kadence-blocks-gallery-item .kadence-blocks-gallery-item-inner .kadence-blocks-gallery-item__caption{background:linear-gradient(0deg, rgba(0, 0, 0, 0.8) 0, rgba(0, 0, 0, 0) 100%);}<\/style><div class=\"kb-gallery-wrap-id-1659_464a42-4c alignnone wp-block-kadence-advancedgallery\"><ul class=\"kb-gallery-ul kb-gallery-non-static kb-gallery-type-grid kb-gallery-id-1659_464a42-4c kb-gallery-caption-style-bottom-hover kb-gallery-filter-none\" data-image-filter=\"none\" data-item-selector=\".kadence-blocks-gallery-item\" data-lightbox-caption=\"true\" data-columns-xxl=\"2\" data-columns-xl=\"2\" data-columns-md=\"2\" data-columns-sm=\"2\" data-columns-xs=\"1\" data-columns-ss=\"1\"><li class=\"kadence-blocks-gallery-item\"><div class=\"kadence-blocks-gallery-item-inner\"><figure class=\"kb-gallery-figure kb-gallery-item-has-link kadence-blocks-gallery-item-has-caption\"><a href=\"https:\/\/galerie-ancienne-poste.com\/wp-content\/uploads\/2025\/07\/sophie-favre-bronze-1.jpg\" class=\"kb-gallery-item-link\"  ><div class=\"kb-gal-image-radius\"><div class=\"kb-gallery-image-contain kadence-blocks-gallery-intrinsic kb-gallery-image-ratio-square kb-has-image-ratio-square\" ><img loading=\"lazy\" decoding=\"async\" src=\"https:\/\/galerie-ancienne-poste.com\/wp-content\/uploads\/2025\/07\/sophie-favre-bronze-1.jpg\" width=\"1333\" height=\"1500\" alt=\"\" data-full-image=\"https:\/\/galerie-ancienne-poste.com\/wp-content\/uploads\/2025\/07\/sophie-favre-bronze-1.jpg\" data-light-image=\"https:\/\/galerie-ancienne-poste.com\/wp-content\/uploads\/2025\/07\/sophie-favre-bronze-1.jpg\" data-id=\"166\" class=\"wp-image-166\"><\/div><div class=\"kadence-blocks-gallery-item__caption\">Sophie Favre, Igor, 2024<\/div><\/div><\/a><\/figure><\/div><\/li><li class=\"kadence-blocks-gallery-item\"><div class=\"kadence-blocks-gallery-item-inner\"><figure class=\"kb-gallery-figure kb-gallery-item-has-link kadence-blocks-gallery-item-has-caption\"><a href=\"https:\/\/galerie-ancienne-poste.com\/wp-content\/uploads\/2025\/07\/sophie-favre-galerie-2025-1.jpg\" class=\"kb-gallery-item-link\"  ><div class=\"kb-gal-image-radius\"><div class=\"kb-gallery-image-contain kadence-blocks-gallery-intrinsic kb-gallery-image-ratio-square kb-has-image-ratio-square\" ><img loading=\"lazy\" decoding=\"async\" src=\"https:\/\/galerie-ancienne-poste.com\/wp-content\/uploads\/2025\/07\/sophie-favre-galerie-2025-1.jpg\" width=\"1333\" height=\"1500\" alt=\"\" data-full-image=\"https:\/\/galerie-ancienne-poste.com\/wp-content\/uploads\/2025\/07\/sophie-favre-galerie-2025-1.jpg\" data-light-image=\"https:\/\/galerie-ancienne-poste.com\/wp-content\/uploads\/2025\/07\/sophie-favre-galerie-2025-1.jpg\" data-id=\"167\" class=\"wp-image-167\"><\/div><div class=\"kadence-blocks-gallery-item__caption\">Sophie Favre, La dame au chien, 2025<\/div><\/div><\/a><\/figure><\/div><\/li><\/ul><\/div><\/div><\/div>\n\n<\/div><\/div>\n\n<style>.kb-row-layout-id1659_b8c03f-b3 > .kt-row-column-wrap{align-content:start;}:where(.kb-row-layout-id1659_b8c03f-b3 > .kt-row-column-wrap) > .wp-block-kadence-column{justify-content:start;}.kb-row-layout-id1659_b8c03f-b3 > .kt-row-column-wrap{column-gap:var(--global-kb-gap-md, 2rem);row-gap:var(--global-kb-gap-md, 2rem);max-width:var( --global-content-width, 1250px );padding-left:var(--global-content-edge-padding);padding-right:var(--global-content-edge-padding);padding-top:var(--global-kb-spacing-xs, 1rem);padding-right:var(--global-kb-spacing-sm, 1.5rem);padding-bottom:var(--global-kb-spacing-xs, 1rem);padding-left:var(--global-kb-spacing-sm, 1.5rem);grid-template-columns:minmax(0, 1fr);}.kb-row-layout-id1659_b8c03f-b3 > .kt-row-layout-overlay{opacity:0.30;}@media all and (max-width: 1024px){.kb-row-layout-id1659_b8c03f-b3 > .kt-row-column-wrap{grid-template-columns:minmax(0, 1fr);}}@media all and (max-width: 767px){.kb-row-layout-id1659_b8c03f-b3 > .kt-row-column-wrap{grid-template-columns:minmax(0, 1fr);}}<\/style><div class=\"kb-row-layout-wrap kb-row-layout-id1659_b8c03f-b3 alignnone wp-block-kadence-rowlayout\"><div class=\"kt-row-column-wrap kt-has-1-columns kt-row-layout-equal kt-tab-layout-inherit kt-mobile-layout-row kt-row-valign-top kb-theme-content-width\">\n<style>.kadence-column1659_fdcd9a-2c > .kt-inside-inner-col,.kadence-column1659_fdcd9a-2c > .kt-inside-inner-col:before{border-top-left-radius:0px;border-top-right-radius:0px;border-bottom-right-radius:0px;border-bottom-left-radius:0px;}.kadence-column1659_fdcd9a-2c > .kt-inside-inner-col{column-gap:var(--global-kb-gap-sm, 1rem);}.kadence-column1659_fdcd9a-2c > .kt-inside-inner-col{flex-direction:column;}.kadence-column1659_fdcd9a-2c > .kt-inside-inner-col > .aligncenter{width:100%;}.kadence-column1659_fdcd9a-2c > .kt-inside-inner-col:before{opacity:0.3;}.kadence-column1659_fdcd9a-2c{position:relative;}@media all and (max-width: 1024px){.kadence-column1659_fdcd9a-2c > .kt-inside-inner-col{flex-direction:column;justify-content:center;}}@media all and (max-width: 767px){.kadence-column1659_fdcd9a-2c > .kt-inside-inner-col{padding-right:var(--global-kb-spacing-xs, 1rem);padding-left:var(--global-kb-spacing-xs, 1rem);flex-direction:column;justify-content:center;}}<\/style>\n<div class=\"wp-block-kadence-column kadence-column1659_fdcd9a-2c\"><div class=\"kt-inside-inner-col\">\n<div class=\"wp-block-group\"><div class=\"wp-block-group__inner-container is-layout-constrained wp-block-group-is-layout-constrained\">\n<p><em>Le propre de l\u2019artiste est d\u2019inventer un monde. Celui de Sophie Favre ne ressemble \u00e0 aucun autre. Chez elle, les lapins ont des mains, les chiens portent un bonnet, les chats sont tatou\u00e9s, les souris ont des lunettes\u2026 Mais au-del\u00e0 de leur aspect ludique, ce sont leurs expressions qui int\u00e9ressent la sculptrice. Pensifs, perplexes, interrogateurs, curieux, r\u00eaveurs\u2026 ses \u00ab&nbsp;personnages&nbsp;\u00bb ont du caract\u00e8re. [\u2026]<\/em><\/p>\n\n\n\n<p><em>Sophie Favre avait d\u00e9j\u00e0 d\u00e9voil\u00e9 son univers \u00e0 Toucy lors d\u2019une premi\u00e8re exposition en&nbsp;2013, qui avait \u00e9veill\u00e9 la curiosit\u00e9 des visiteurs et des collectionneurs, plut\u00f4t habitu\u00e9s \u00e0 d\u00e9couvrir \u00e0 la Galerie de l\u2019Ancienne Poste des productions abstraites. Elle revient cette fois-ci avec une trentaine de pi\u00e8ces in\u00e9dites, r\u00e9alis\u00e9es au cours des deux derni\u00e8res ann\u00e9es. On y retrouve essentiellement des animaux, mais aussi quelques figures humaines. Son travail a m\u00fbri. Ses pi\u00e8ces ont une pr\u00e9sence plus forte encore. \u00c0 ce solide ensemble de terres cuites viennent s\u2019ajouter, pour la premi\u00e8re fois, cinq bronzes patin\u00e9s.<\/em><\/p>\n\n\n\n<p>Guillaume Morel<br><em>Journaliste et critique d\u2019art<\/em>,&nbsp;<br>Extraits du catalogue de l\u2019exposition, juin 2025.<\/p>\n<\/div><\/div>\n<\/div><\/div>\n\n<\/div><\/div>\n\n<style>.kb-row-layout-id1659_4a9a3d-e6 > .kt-row-column-wrap{align-content:start;}:where(.kb-row-layout-id1659_4a9a3d-e6 > .kt-row-column-wrap) > .wp-block-kadence-column{justify-content:start;}.kb-row-layout-id1659_4a9a3d-e6 > .kt-row-column-wrap{column-gap:var(--global-kb-gap-md, 2rem);row-gap:var(--global-kb-gap-md, 2rem);padding-top:var(--global-kb-spacing-xs, 1rem);padding-right:var(--global-kb-spacing-xs, 1rem);padding-bottom:var(--global-kb-spacing-xs, 1rem);padding-left:var(--global-kb-spacing-xs, 1rem);grid-template-columns:minmax(0, 1fr);}.kb-row-layout-id1659_4a9a3d-e6 > .kt-row-layout-overlay{opacity:0.30;}@media all and (max-width: 1024px){.kb-row-layout-id1659_4a9a3d-e6 > .kt-row-column-wrap{grid-template-columns:minmax(0, 1fr);}}@media all and (max-width: 767px){.kb-row-layout-id1659_4a9a3d-e6 > .kt-row-column-wrap{grid-template-columns:minmax(0, 1fr);}}<\/style><div class=\"kb-row-layout-wrap kb-row-layout-id1659_4a9a3d-e6 alignwide wp-block-kadence-rowlayout\"><div class=\"kt-row-column-wrap kt-has-1-columns kt-row-layout-equal kt-tab-layout-inherit kt-mobile-layout-row kt-row-valign-top\">\n<style>.kadence-column1659_5cfead-84 > .kt-inside-inner-col,.kadence-column1659_5cfead-84 > .kt-inside-inner-col:before{border-top-left-radius:0px;border-top-right-radius:0px;border-bottom-right-radius:0px;border-bottom-left-radius:0px;}.kadence-column1659_5cfead-84 > .kt-inside-inner-col{column-gap:var(--global-kb-gap-sm, 1rem);}.kadence-column1659_5cfead-84 > .kt-inside-inner-col{flex-direction:column;}.kadence-column1659_5cfead-84 > .kt-inside-inner-col > .aligncenter{width:100%;}.kadence-column1659_5cfead-84 > .kt-inside-inner-col:before{opacity:0.3;}.kadence-column1659_5cfead-84{position:relative;}@media all and (max-width: 1024px){.kadence-column1659_5cfead-84 > .kt-inside-inner-col{flex-direction:column;justify-content:center;}}@media all and (max-width: 767px){.kadence-column1659_5cfead-84 > .kt-inside-inner-col{flex-direction:column;justify-content:center;}}<\/style>\n<div class=\"wp-block-kadence-column kadence-column1659_5cfead-84\"><div class=\"kt-inside-inner-col\"><style>.wp-block-kadence-advancedgallery .kb-gallery-type-grid.kb-gallery-id-1659_5f465d-28{margin:-5px;}.kb-gallery-type-grid.kb-gallery-id-1659_5f465d-28 .kadence-blocks-gallery-item{padding:5px;}.kb-gallery-id-1659_5f465d-28 .kadence-blocks-gallery-item .kb-gal-image-radius, .kb-gallery-id-1659_5f465d-28 .kb-slide-item .kb-gal-image-radius img{border-radius:0px 0px 0px 0px;;}.kb-gallery-caption-style-bottom.kb-gallery-id-1659_5f465d-28 .kadence-blocks-gallery-item .kadence-blocks-gallery-item-inner .kadence-blocks-gallery-item__caption, .kb-gallery-caption-style-bottom-hover.kb-gallery-id-1659_5f465d-28 .kadence-blocks-gallery-item .kadence-blocks-gallery-item-inner .kadence-blocks-gallery-item__caption{background:linear-gradient(0deg, rgba(0, 0, 0, 0.8) 0, rgba(0, 0, 0, 0) 100%);}<\/style><div class=\"kb-gallery-wrap-id-1659_5f465d-28 alignnone wp-block-kadence-advancedgallery\"><ul class=\"kb-gallery-ul kb-gallery-non-static kb-gallery-type-grid kb-gallery-id-1659_5f465d-28 kb-gallery-caption-style-bottom-hover kb-gallery-filter-none\" data-image-filter=\"none\" data-item-selector=\".kadence-blocks-gallery-item\" data-lightbox-caption=\"true\" data-columns-xxl=\"4\" data-columns-xl=\"4\" data-columns-md=\"4\" data-columns-sm=\"3\" data-columns-xs=\"2\" data-columns-ss=\"2\"><li class=\"kadence-blocks-gallery-item\" tabindex=\"0\"><div class=\"kadence-blocks-gallery-item-inner\"><figure class=\"kb-gallery-figure kadence-blocks-gallery-item-has-caption\"><div class=\"kb-gal-image-radius\"><div class=\"kb-gallery-image-contain kadence-blocks-gallery-intrinsic kb-gallery-image-ratio-square kb-has-image-ratio-square\" ><img loading=\"lazy\" decoding=\"async\" src=\"https:\/\/galerie-ancienne-poste.com\/wp-content\/uploads\/2025\/06\/sculpture-ceramique-sophie-favre-910x1024.jpg\" width=\"910\" height=\"1024\" alt=\"c\u00e9ramique contemporaine - Sophie Favre - sculpture en terre - sculpture c\u00e9ramique\" data-full-image=\"https:\/\/galerie-ancienne-poste.com\/wp-content\/uploads\/2025\/06\/sculpture-ceramique-sophie-favre.jpg\" data-light-image=\"https:\/\/galerie-ancienne-poste.com\/wp-content\/uploads\/2025\/06\/sculpture-ceramique-sophie-favre.jpg\" data-id=\"93\" class=\"wp-image-93\" srcset=\"https:\/\/galerie-ancienne-poste.com\/wp-content\/uploads\/2025\/06\/sculpture-ceramique-sophie-favre-910x1024.jpg 910w, https:\/\/galerie-ancienne-poste.com\/wp-content\/uploads\/2025\/06\/sculpture-ceramique-sophie-favre-267x300.jpg 267w, https:\/\/galerie-ancienne-poste.com\/wp-content\/uploads\/2025\/06\/sculpture-ceramique-sophie-favre-768x864.jpg 768w, https:\/\/galerie-ancienne-poste.com\/wp-content\/uploads\/2025\/06\/sculpture-ceramique-sophie-favre-11x12.jpg 11w, https:\/\/galerie-ancienne-poste.com\/wp-content\/uploads\/2025\/06\/sculpture-ceramique-sophie-favre.jpg 1333w\" sizes=\"auto, (max-width: 910px) 100vw, 910px\" \/><\/div><div class=\"kadence-blocks-gallery-item__caption\">Sophie Favre, Buste une main sur la joue, 2025<\/div><\/div><\/figure><\/div><\/li><li class=\"kadence-blocks-gallery-item\" tabindex=\"0\"><div class=\"kadence-blocks-gallery-item-inner\"><figure class=\"kb-gallery-figure kadence-blocks-gallery-item-has-caption\"><div class=\"kb-gal-image-radius\"><div class=\"kb-gallery-image-contain kadence-blocks-gallery-intrinsic kb-gallery-image-ratio-square kb-has-image-ratio-square\" ><img loading=\"lazy\" decoding=\"async\" src=\"https:\/\/galerie-ancienne-poste.com\/wp-content\/uploads\/2025\/06\/exposition-sophie-favre-910x1024.jpg\" width=\"910\" height=\"1024\" alt=\"Sophie Favre\" data-full-image=\"https:\/\/galerie-ancienne-poste.com\/wp-content\/uploads\/2025\/06\/exposition-sophie-favre.jpg\" data-light-image=\"https:\/\/galerie-ancienne-poste.com\/wp-content\/uploads\/2025\/06\/exposition-sophie-favre.jpg\" data-id=\"94\" class=\"wp-image-94\" srcset=\"https:\/\/galerie-ancienne-poste.com\/wp-content\/uploads\/2025\/06\/exposition-sophie-favre-910x1024.jpg 910w, https:\/\/galerie-ancienne-poste.com\/wp-content\/uploads\/2025\/06\/exposition-sophie-favre-267x300.jpg 267w, https:\/\/galerie-ancienne-poste.com\/wp-content\/uploads\/2025\/06\/exposition-sophie-favre-768x864.jpg 768w, https:\/\/galerie-ancienne-poste.com\/wp-content\/uploads\/2025\/06\/exposition-sophie-favre-11x12.jpg 11w, https:\/\/galerie-ancienne-poste.com\/wp-content\/uploads\/2025\/06\/exposition-sophie-favre.jpg 1333w\" sizes=\"auto, (max-width: 910px) 100vw, 910px\" \/><\/div><div class=\"kadence-blocks-gallery-item__caption\">Sophie Favre, Le tatou\u00e9 \u00e0 la casquette, 2025<\/div><\/div><\/figure><\/div><\/li><li class=\"kadence-blocks-gallery-item\" tabindex=\"0\"><div class=\"kadence-blocks-gallery-item-inner\"><figure class=\"kb-gallery-figure kadence-blocks-gallery-item-has-caption\"><div class=\"kb-gal-image-radius\"><div class=\"kb-gallery-image-contain kadence-blocks-gallery-intrinsic kb-gallery-image-ratio-square kb-has-image-ratio-square\" ><img loading=\"lazy\" decoding=\"async\" src=\"https:\/\/galerie-ancienne-poste.com\/wp-content\/uploads\/2025\/06\/sophie-favre-2025-1001x1024.jpg\" width=\"1001\" height=\"1024\" alt=\"Sophie Favre - c\u00e9ramique collection - collection c\u00e9ramique contemporaine\" data-full-image=\"https:\/\/galerie-ancienne-poste.com\/wp-content\/uploads\/2025\/06\/sophie-favre-2025.jpg\" data-light-image=\"https:\/\/galerie-ancienne-poste.com\/wp-content\/uploads\/2025\/06\/sophie-favre-2025.jpg\" data-id=\"95\" class=\"wp-image-95\" srcset=\"https:\/\/galerie-ancienne-poste.com\/wp-content\/uploads\/2025\/06\/sophie-favre-2025-1001x1024.jpg 1001w, https:\/\/galerie-ancienne-poste.com\/wp-content\/uploads\/2025\/06\/sophie-favre-2025-293x300.jpg 293w, https:\/\/galerie-ancienne-poste.com\/wp-content\/uploads\/2025\/06\/sophie-favre-2025-768x785.jpg 768w, https:\/\/galerie-ancienne-poste.com\/wp-content\/uploads\/2025\/06\/sophie-favre-2025-1502x1536.jpg 1502w, https:\/\/galerie-ancienne-poste.com\/wp-content\/uploads\/2025\/06\/sophie-favre-2025-12x12.jpg 12w, https:\/\/galerie-ancienne-poste.com\/wp-content\/uploads\/2025\/06\/sophie-favre-2025.jpg 1600w\" sizes=\"auto, (max-width: 1001px) 100vw, 1001px\" \/><\/div><div class=\"kadence-blocks-gallery-item__caption\">Sophie Favre, Une souris dans les mains, 2025<\/div><\/div><\/figure><\/div><\/li><li class=\"kadence-blocks-gallery-item\" tabindex=\"0\"><div class=\"kadence-blocks-gallery-item-inner\"><figure class=\"kb-gallery-figure kadence-blocks-gallery-item-has-caption\"><div class=\"kb-gal-image-radius\"><div class=\"kb-gallery-image-contain kadence-blocks-gallery-intrinsic kb-gallery-image-ratio-square kb-has-image-ratio-square\" ><img loading=\"lazy\" decoding=\"async\" src=\"https:\/\/galerie-ancienne-poste.com\/wp-content\/uploads\/2025\/06\/galerie-sophie-favre-910x1024.jpg\" width=\"910\" height=\"1024\" alt=\"Sophie Favre - galerie Sophie Favre - sculpture Sophie Favre\" data-full-image=\"https:\/\/galerie-ancienne-poste.com\/wp-content\/uploads\/2025\/06\/galerie-sophie-favre.jpg\" data-light-image=\"https:\/\/galerie-ancienne-poste.com\/wp-content\/uploads\/2025\/06\/galerie-sophie-favre.jpg\" data-id=\"96\" class=\"wp-image-96\" srcset=\"https:\/\/galerie-ancienne-poste.com\/wp-content\/uploads\/2025\/06\/galerie-sophie-favre-910x1024.jpg 910w, https:\/\/galerie-ancienne-poste.com\/wp-content\/uploads\/2025\/06\/galerie-sophie-favre-267x300.jpg 267w, https:\/\/galerie-ancienne-poste.com\/wp-content\/uploads\/2025\/06\/galerie-sophie-favre-768x864.jpg 768w, https:\/\/galerie-ancienne-poste.com\/wp-content\/uploads\/2025\/06\/galerie-sophie-favre-11x12.jpg 11w, https:\/\/galerie-ancienne-poste.com\/wp-content\/uploads\/2025\/06\/galerie-sophie-favre.jpg 1333w\" sizes=\"auto, (max-width: 910px) 100vw, 910px\" \/><\/div><div class=\"kadence-blocks-gallery-item__caption\">Sophie Favre, Chat noir tatou\u00e9, 2025<\/div><\/div><\/figure><\/div><\/li><li class=\"kadence-blocks-gallery-item\" tabindex=\"0\"><div class=\"kadence-blocks-gallery-item-inner\"><figure class=\"kb-gallery-figure kadence-blocks-gallery-item-has-caption\"><div class=\"kb-gal-image-radius\"><div class=\"kb-gallery-image-contain kadence-blocks-gallery-intrinsic kb-gallery-image-ratio-square kb-has-image-ratio-square\" ><img loading=\"lazy\" decoding=\"async\" src=\"https:\/\/galerie-ancienne-poste.com\/wp-content\/uploads\/2025\/06\/sophie-favre-bronze-2025-910x1024.jpg\" width=\"910\" height=\"1024\" alt=\"Bronze Sophie Favre - sculpture en bronze - Sophie Favre bronze\" data-full-image=\"https:\/\/galerie-ancienne-poste.com\/wp-content\/uploads\/2025\/06\/sophie-favre-bronze-2025.jpg\" data-light-image=\"https:\/\/galerie-ancienne-poste.com\/wp-content\/uploads\/2025\/06\/sophie-favre-bronze-2025.jpg\" data-id=\"97\" class=\"wp-image-97\" srcset=\"https:\/\/galerie-ancienne-poste.com\/wp-content\/uploads\/2025\/06\/sophie-favre-bronze-2025-910x1024.jpg 910w, https:\/\/galerie-ancienne-poste.com\/wp-content\/uploads\/2025\/06\/sophie-favre-bronze-2025-267x300.jpg 267w, https:\/\/galerie-ancienne-poste.com\/wp-content\/uploads\/2025\/06\/sophie-favre-bronze-2025-768x864.jpg 768w, https:\/\/galerie-ancienne-poste.com\/wp-content\/uploads\/2025\/06\/sophie-favre-bronze-2025-11x12.jpg 11w, https:\/\/galerie-ancienne-poste.com\/wp-content\/uploads\/2025\/06\/sophie-favre-bronze-2025.jpg 1333w\" sizes=\"auto, (max-width: 910px) 100vw, 910px\" \/><\/div><div class=\"kadence-blocks-gallery-item__caption\">Sophie Favre, Le costaud, 2025<\/div><\/div><\/figure><\/div><\/li><li class=\"kadence-blocks-gallery-item\" tabindex=\"0\"><div class=\"kadence-blocks-gallery-item-inner\"><figure class=\"kb-gallery-figure kadence-blocks-gallery-item-has-caption\"><div class=\"kb-gal-image-radius\"><div class=\"kb-gallery-image-contain kadence-blocks-gallery-intrinsic kb-gallery-image-ratio-square kb-has-image-ratio-square\" ><img loading=\"lazy\" decoding=\"async\" src=\"https:\/\/galerie-ancienne-poste.com\/wp-content\/uploads\/2025\/06\/sophie-favre-exposition-2025-910x1024.jpg\" width=\"910\" height=\"1024\" alt=\"sculpture c\u00e9ramique Sophie Favre\" data-full-image=\"https:\/\/galerie-ancienne-poste.com\/wp-content\/uploads\/2025\/06\/sophie-favre-exposition-2025.jpg\" data-light-image=\"https:\/\/galerie-ancienne-poste.com\/wp-content\/uploads\/2025\/06\/sophie-favre-exposition-2025.jpg\" data-id=\"98\" class=\"wp-image-98\" srcset=\"https:\/\/galerie-ancienne-poste.com\/wp-content\/uploads\/2025\/06\/sophie-favre-exposition-2025-910x1024.jpg 910w, https:\/\/galerie-ancienne-poste.com\/wp-content\/uploads\/2025\/06\/sophie-favre-exposition-2025-267x300.jpg 267w, https:\/\/galerie-ancienne-poste.com\/wp-content\/uploads\/2025\/06\/sophie-favre-exposition-2025-768x864.jpg 768w, https:\/\/galerie-ancienne-poste.com\/wp-content\/uploads\/2025\/06\/sophie-favre-exposition-2025-11x12.jpg 11w, https:\/\/galerie-ancienne-poste.com\/wp-content\/uploads\/2025\/06\/sophie-favre-exposition-2025.jpg 1333w\" sizes=\"auto, (max-width: 910px) 100vw, 910px\" \/><\/div><div class=\"kadence-blocks-gallery-item__caption\">Sophie Favre, L\u2019oiseau \u00e0 la casquette, 2025<\/div><\/div><\/figure><\/div><\/li><li class=\"kadence-blocks-gallery-item\" tabindex=\"0\"><div class=\"kadence-blocks-gallery-item-inner\"><figure class=\"kb-gallery-figure kadence-blocks-gallery-item-has-caption\"><div class=\"kb-gal-image-radius\"><div class=\"kb-gallery-image-contain kadence-blocks-gallery-intrinsic kb-gallery-image-ratio-square kb-has-image-ratio-square\" ><img loading=\"lazy\" decoding=\"async\" src=\"https:\/\/galerie-ancienne-poste.com\/wp-content\/uploads\/2025\/06\/sophie-favre-art-ceramique-910x1024.jpg\" width=\"910\" height=\"1024\" alt=\"expo Sophie Favre - exposition Sophie Favre, sculpture Favre Sophie - c\u00e9ramiques contemporaines\" data-full-image=\"https:\/\/galerie-ancienne-poste.com\/wp-content\/uploads\/2025\/06\/sophie-favre-art-ceramique.jpg\" data-light-image=\"https:\/\/galerie-ancienne-poste.com\/wp-content\/uploads\/2025\/06\/sophie-favre-art-ceramique.jpg\" data-id=\"104\" class=\"wp-image-104\" srcset=\"https:\/\/galerie-ancienne-poste.com\/wp-content\/uploads\/2025\/06\/sophie-favre-art-ceramique-910x1024.jpg 910w, https:\/\/galerie-ancienne-poste.com\/wp-content\/uploads\/2025\/06\/sophie-favre-art-ceramique-267x300.jpg 267w, https:\/\/galerie-ancienne-poste.com\/wp-content\/uploads\/2025\/06\/sophie-favre-art-ceramique-768x864.jpg 768w, https:\/\/galerie-ancienne-poste.com\/wp-content\/uploads\/2025\/06\/sophie-favre-art-ceramique-11x12.jpg 11w, https:\/\/galerie-ancienne-poste.com\/wp-content\/uploads\/2025\/06\/sophie-favre-art-ceramique.jpg 1333w\" sizes=\"auto, (max-width: 910px) 100vw, 910px\" \/><\/div><div class=\"kadence-blocks-gallery-item__caption\">Sophie Favre, Expression, 2025<\/div><\/div><\/figure><\/div><\/li><li class=\"kadence-blocks-gallery-item\" tabindex=\"0\"><div class=\"kadence-blocks-gallery-item-inner\"><figure class=\"kb-gallery-figure kadence-blocks-gallery-item-has-caption\"><div class=\"kb-gal-image-radius\"><div class=\"kb-gallery-image-contain kadence-blocks-gallery-intrinsic kb-gallery-image-ratio-square kb-has-image-ratio-square\" ><img loading=\"lazy\" decoding=\"async\" src=\"https:\/\/galerie-ancienne-poste.com\/wp-content\/uploads\/2025\/06\/sohie-favre-sculpture-2025-910x1024.jpg\" width=\"910\" height=\"1024\" alt=\"galerie Sophie Favre - exposition Sophie Favre en France - c\u00e9ramique de Sophie Favre\" data-full-image=\"https:\/\/galerie-ancienne-poste.com\/wp-content\/uploads\/2025\/06\/sohie-favre-sculpture-2025.jpg\" data-light-image=\"https:\/\/galerie-ancienne-poste.com\/wp-content\/uploads\/2025\/06\/sohie-favre-sculpture-2025.jpg\" data-id=\"103\" class=\"wp-image-103\" srcset=\"https:\/\/galerie-ancienne-poste.com\/wp-content\/uploads\/2025\/06\/sohie-favre-sculpture-2025-910x1024.jpg 910w, https:\/\/galerie-ancienne-poste.com\/wp-content\/uploads\/2025\/06\/sohie-favre-sculpture-2025-267x300.jpg 267w, https:\/\/galerie-ancienne-poste.com\/wp-content\/uploads\/2025\/06\/sohie-favre-sculpture-2025-768x864.jpg 768w, https:\/\/galerie-ancienne-poste.com\/wp-content\/uploads\/2025\/06\/sohie-favre-sculpture-2025-11x12.jpg 11w, https:\/\/galerie-ancienne-poste.com\/wp-content\/uploads\/2025\/06\/sohie-favre-sculpture-2025.jpg 1333w\" sizes=\"auto, (max-width: 910px) 100vw, 910px\" \/><\/div><div class=\"kadence-blocks-gallery-item__caption\">Sophie Favre, T\u00eate de chien, 2024<\/div><\/div><\/figure><\/div><\/li><li class=\"kadence-blocks-gallery-item\" tabindex=\"0\"><div class=\"kadence-blocks-gallery-item-inner\"><figure class=\"kb-gallery-figure kadence-blocks-gallery-item-has-caption\"><div class=\"kb-gal-image-radius\"><div class=\"kb-gallery-image-contain kadence-blocks-gallery-intrinsic kb-gallery-image-ratio-square kb-has-image-ratio-square\" ><img loading=\"lazy\" decoding=\"async\" src=\"https:\/\/galerie-ancienne-poste.com\/wp-content\/uploads\/2025\/06\/sculpture-ceramique-favre-sophie-910x1024.jpg\" width=\"910\" height=\"1024\" alt=\"sculpture c\u00e9ramique Favre Sophie - exposition Sophie Favre - sculpture Sophie Favre\" data-full-image=\"https:\/\/galerie-ancienne-poste.com\/wp-content\/uploads\/2025\/06\/sculpture-ceramique-favre-sophie.jpg\" data-light-image=\"https:\/\/galerie-ancienne-poste.com\/wp-content\/uploads\/2025\/06\/sculpture-ceramique-favre-sophie.jpg\" data-id=\"101\" class=\"wp-image-101\" srcset=\"https:\/\/galerie-ancienne-poste.com\/wp-content\/uploads\/2025\/06\/sculpture-ceramique-favre-sophie-910x1024.jpg 910w, https:\/\/galerie-ancienne-poste.com\/wp-content\/uploads\/2025\/06\/sculpture-ceramique-favre-sophie-267x300.jpg 267w, https:\/\/galerie-ancienne-poste.com\/wp-content\/uploads\/2025\/06\/sculpture-ceramique-favre-sophie-768x864.jpg 768w, https:\/\/galerie-ancienne-poste.com\/wp-content\/uploads\/2025\/06\/sculpture-ceramique-favre-sophie-11x12.jpg 11w, https:\/\/galerie-ancienne-poste.com\/wp-content\/uploads\/2025\/06\/sculpture-ceramique-favre-sophie.jpg 1333w\" sizes=\"auto, (max-width: 910px) 100vw, 910px\" \/><\/div><div class=\"kadence-blocks-gallery-item__caption\">Sophie Favre, Oiseau bec jaune, 2024<\/div><\/div><\/figure><\/div><\/li><li class=\"kadence-blocks-gallery-item\" tabindex=\"0\"><div class=\"kadence-blocks-gallery-item-inner\"><figure class=\"kb-gallery-figure kadence-blocks-gallery-item-has-caption\"><div class=\"kb-gal-image-radius\"><div class=\"kb-gallery-image-contain kadence-blocks-gallery-intrinsic kb-gallery-image-ratio-square kb-has-image-ratio-square\" ><img loading=\"lazy\" decoding=\"async\" src=\"https:\/\/galerie-ancienne-poste.com\/wp-content\/uploads\/2025\/06\/exposition-sophie-favre-toucy-910x1024.jpg\" width=\"910\" height=\"1024\" alt=\"Exposition Sophie Favre Toucy - exposition en Puisaye - galerie en Puisaye - voir en Puisaye\" data-full-image=\"https:\/\/galerie-ancienne-poste.com\/wp-content\/uploads\/2025\/06\/exposition-sophie-favre-toucy.jpg\" data-light-image=\"https:\/\/galerie-ancienne-poste.com\/wp-content\/uploads\/2025\/06\/exposition-sophie-favre-toucy.jpg\" data-id=\"100\" class=\"wp-image-100\" srcset=\"https:\/\/galerie-ancienne-poste.com\/wp-content\/uploads\/2025\/06\/exposition-sophie-favre-toucy-910x1024.jpg 910w, https:\/\/galerie-ancienne-poste.com\/wp-content\/uploads\/2025\/06\/exposition-sophie-favre-toucy-267x300.jpg 267w, https:\/\/galerie-ancienne-poste.com\/wp-content\/uploads\/2025\/06\/exposition-sophie-favre-toucy-768x864.jpg 768w, https:\/\/galerie-ancienne-poste.com\/wp-content\/uploads\/2025\/06\/exposition-sophie-favre-toucy-11x12.jpg 11w, https:\/\/galerie-ancienne-poste.com\/wp-content\/uploads\/2025\/06\/exposition-sophie-favre-toucy.jpg 1333w\" sizes=\"auto, (max-width: 910px) 100vw, 910px\" \/><\/div><div class=\"kadence-blocks-gallery-item__caption\">Sophie Favre, T\u00eate de lapin aux deux mains, 2025<\/div><\/div><\/figure><\/div><\/li><li class=\"kadence-blocks-gallery-item\" tabindex=\"0\"><div class=\"kadence-blocks-gallery-item-inner\"><figure class=\"kb-gallery-figure kadence-blocks-gallery-item-has-caption\"><div class=\"kb-gal-image-radius\"><div class=\"kb-gallery-image-contain kadence-blocks-gallery-intrinsic kb-gallery-image-ratio-square kb-has-image-ratio-square\" ><img loading=\"lazy\" decoding=\"async\" src=\"https:\/\/galerie-ancienne-poste.com\/wp-content\/uploads\/2025\/06\/ceramiques-sophie-favre-910x1024.jpg\" width=\"910\" height=\"1024\" alt=\"Sophie Favre - expo c\u00e9ramique en Puisaye - terre cuite - sculpture c\u00e9ramique\" data-full-image=\"https:\/\/galerie-ancienne-poste.com\/wp-content\/uploads\/2025\/06\/ceramiques-sophie-favre.jpg\" data-light-image=\"https:\/\/galerie-ancienne-poste.com\/wp-content\/uploads\/2025\/06\/ceramiques-sophie-favre.jpg\" data-id=\"99\" class=\"wp-image-99\" srcset=\"https:\/\/galerie-ancienne-poste.com\/wp-content\/uploads\/2025\/06\/ceramiques-sophie-favre-910x1024.jpg 910w, https:\/\/galerie-ancienne-poste.com\/wp-content\/uploads\/2025\/06\/ceramiques-sophie-favre-267x300.jpg 267w, https:\/\/galerie-ancienne-poste.com\/wp-content\/uploads\/2025\/06\/ceramiques-sophie-favre-768x864.jpg 768w, https:\/\/galerie-ancienne-poste.com\/wp-content\/uploads\/2025\/06\/ceramiques-sophie-favre-11x12.jpg 11w, https:\/\/galerie-ancienne-poste.com\/wp-content\/uploads\/2025\/06\/ceramiques-sophie-favre.jpg 1333w\" sizes=\"auto, (max-width: 910px) 100vw, 910px\" \/><\/div><div class=\"kadence-blocks-gallery-item__caption\">Sophie Favre, Bouquet de souris, 2025<\/div><\/div><\/figure><\/div><\/li><li class=\"kadence-blocks-gallery-item\" tabindex=\"0\"><div class=\"kadence-blocks-gallery-item-inner\"><figure class=\"kb-gallery-figure kadence-blocks-gallery-item-has-caption\"><div class=\"kb-gal-image-radius\"><div class=\"kb-gallery-image-contain kadence-blocks-gallery-intrinsic kb-gallery-image-ratio-square kb-has-image-ratio-square\" ><img loading=\"lazy\" decoding=\"async\" src=\"https:\/\/galerie-ancienne-poste.com\/wp-content\/uploads\/2025\/06\/sophie-favre-ceramique-francaise-910x1024.jpg\" width=\"910\" height=\"1024\" alt=\"Sophie Favre - galerie de c\u00e9ramique contemporaine - sculpture c\u00e9ramique\" data-full-image=\"https:\/\/galerie-ancienne-poste.com\/wp-content\/uploads\/2025\/06\/sophie-favre-ceramique-francaise.jpg\" data-light-image=\"https:\/\/galerie-ancienne-poste.com\/wp-content\/uploads\/2025\/06\/sophie-favre-ceramique-francaise.jpg\" data-id=\"105\" class=\"wp-image-105\" srcset=\"https:\/\/galerie-ancienne-poste.com\/wp-content\/uploads\/2025\/06\/sophie-favre-ceramique-francaise-910x1024.jpg 910w, https:\/\/galerie-ancienne-poste.com\/wp-content\/uploads\/2025\/06\/sophie-favre-ceramique-francaise-267x300.jpg 267w, https:\/\/galerie-ancienne-poste.com\/wp-content\/uploads\/2025\/06\/sophie-favre-ceramique-francaise-768x864.jpg 768w, https:\/\/galerie-ancienne-poste.com\/wp-content\/uploads\/2025\/06\/sophie-favre-ceramique-francaise-11x12.jpg 11w, https:\/\/galerie-ancienne-poste.com\/wp-content\/uploads\/2025\/06\/sophie-favre-ceramique-francaise.jpg 1333w\" sizes=\"auto, (max-width: 910px) 100vw, 910px\" \/><\/div><div class=\"kadence-blocks-gallery-item__caption\">Sophie Favre, La classe, 2025<\/div><\/div><\/figure><\/div><\/li><li class=\"kadence-blocks-gallery-item\" tabindex=\"0\"><div class=\"kadence-blocks-gallery-item-inner\"><figure class=\"kb-gallery-figure kadence-blocks-gallery-item-has-caption\"><div class=\"kb-gal-image-radius\"><div class=\"kb-gallery-image-contain kadence-blocks-gallery-intrinsic kb-gallery-image-ratio-square kb-has-image-ratio-square\" ><img loading=\"lazy\" decoding=\"async\" src=\"https:\/\/galerie-ancienne-poste.com\/wp-content\/uploads\/2025\/07\/17-sophie-favre-galerie-ancienne-poste-851x1024.jpg\" width=\"851\" height=\"1024\" alt=\"\" data-full-image=\"https:\/\/galerie-ancienne-poste.com\/wp-content\/uploads\/2025\/07\/17-sophie-favre-galerie-ancienne-poste.jpg\" data-light-image=\"https:\/\/galerie-ancienne-poste.com\/wp-content\/uploads\/2025\/07\/17-sophie-favre-galerie-ancienne-poste.jpg\" data-id=\"174\" class=\"wp-image-174\" srcset=\"https:\/\/galerie-ancienne-poste.com\/wp-content\/uploads\/2025\/07\/17-sophie-favre-galerie-ancienne-poste-851x1024.jpg 851w, https:\/\/galerie-ancienne-poste.com\/wp-content\/uploads\/2025\/07\/17-sophie-favre-galerie-ancienne-poste-249x300.jpg 249w, https:\/\/galerie-ancienne-poste.com\/wp-content\/uploads\/2025\/07\/17-sophie-favre-galerie-ancienne-poste-768x924.jpg 768w, https:\/\/galerie-ancienne-poste.com\/wp-content\/uploads\/2025\/07\/17-sophie-favre-galerie-ancienne-poste-10x12.jpg 10w, https:\/\/galerie-ancienne-poste.com\/wp-content\/uploads\/2025\/07\/17-sophie-favre-galerie-ancienne-poste.jpg 1100w\" sizes=\"auto, (max-width: 851px) 100vw, 851px\" \/><\/div><div class=\"kadence-blocks-gallery-item__caption\">Sophie Favre, Le chien au bonnet, 2025<\/div><\/div><\/figure><\/div><\/li><li class=\"kadence-blocks-gallery-item\" tabindex=\"0\"><div class=\"kadence-blocks-gallery-item-inner\"><figure class=\"kb-gallery-figure kadence-blocks-gallery-item-has-caption\"><div class=\"kb-gal-image-radius\"><div class=\"kb-gallery-image-contain kadence-blocks-gallery-intrinsic kb-gallery-image-ratio-square kb-has-image-ratio-square\" ><img loading=\"lazy\" decoding=\"async\" src=\"https:\/\/galerie-ancienne-poste.com\/wp-content\/uploads\/2025\/06\/sophie-favre-galerie-ancienne-poste.jpg\" width=\"1333\" height=\"1500\" alt=\"Sophie Favre - sculpture en terre, exposition de c\u00e9ramique - expo Toucy - exposition en Puisaye\" data-full-image=\"https:\/\/galerie-ancienne-poste.com\/wp-content\/uploads\/2025\/06\/sophie-favre-galerie-ancienne-poste.jpg\" data-light-image=\"https:\/\/galerie-ancienne-poste.com\/wp-content\/uploads\/2025\/06\/sophie-favre-galerie-ancienne-poste.jpg\" data-id=\"107\" class=\"wp-image-107\"\/><\/div><div class=\"kadence-blocks-gallery-item__caption\">Sophie Favre, Le gradin, 2025<\/div><\/div><\/figure><\/div><\/li><li class=\"kadence-blocks-gallery-item\" tabindex=\"0\"><div class=\"kadence-blocks-gallery-item-inner\"><figure class=\"kb-gallery-figure kadence-blocks-gallery-item-has-caption\"><div class=\"kb-gal-image-radius\"><div class=\"kb-gallery-image-contain kadence-blocks-gallery-intrinsic kb-gallery-image-ratio-square kb-has-image-ratio-square\" ><img loading=\"lazy\" decoding=\"async\" src=\"https:\/\/galerie-ancienne-poste.com\/wp-content\/uploads\/2025\/06\/bronze-sophie-favre.jpg\" width=\"1333\" height=\"1500\" alt=\"Sophie Fravre - sculpture en bronze - bronze - Galerie Ancienne Poste\" data-full-image=\"https:\/\/galerie-ancienne-poste.com\/wp-content\/uploads\/2025\/06\/bronze-sophie-favre.jpg\" data-light-image=\"https:\/\/galerie-ancienne-poste.com\/wp-content\/uploads\/2025\/06\/bronze-sophie-favre.jpg\" data-id=\"108\" class=\"wp-image-108\"\/><\/div><div class=\"kadence-blocks-gallery-item__caption\">Sophie Favre, T\u00eate de chien, 2025<\/div><\/div><\/figure><\/div><\/li><li class=\"kadence-blocks-gallery-item\" tabindex=\"0\"><div class=\"kadence-blocks-gallery-item-inner\"><figure class=\"kb-gallery-figure kadence-blocks-gallery-item-has-caption\"><div class=\"kb-gal-image-radius\"><div class=\"kb-gallery-image-contain kadence-blocks-gallery-intrinsic kb-gallery-image-ratio-square kb-has-image-ratio-square\" ><img loading=\"lazy\" decoding=\"async\" src=\"https:\/\/galerie-ancienne-poste.com\/wp-content\/uploads\/2025\/07\/14-favre-sopbie-exposition-910x1024.jpg\" width=\"910\" height=\"1024\" alt=\"\" data-full-image=\"https:\/\/galerie-ancienne-poste.com\/wp-content\/uploads\/2025\/07\/14-favre-sopbie-exposition.jpg\" data-light-image=\"https:\/\/galerie-ancienne-poste.com\/wp-content\/uploads\/2025\/07\/14-favre-sopbie-exposition.jpg\" data-id=\"173\" class=\"wp-image-173\" srcset=\"https:\/\/galerie-ancienne-poste.com\/wp-content\/uploads\/2025\/07\/14-favre-sopbie-exposition-910x1024.jpg 910w, https:\/\/galerie-ancienne-poste.com\/wp-content\/uploads\/2025\/07\/14-favre-sopbie-exposition-267x300.jpg 267w, https:\/\/galerie-ancienne-poste.com\/wp-content\/uploads\/2025\/07\/14-favre-sopbie-exposition-768x864.jpg 768w, https:\/\/galerie-ancienne-poste.com\/wp-content\/uploads\/2025\/07\/14-favre-sopbie-exposition-11x12.jpg 11w, https:\/\/galerie-ancienne-poste.com\/wp-content\/uploads\/2025\/07\/14-favre-sopbie-exposition.jpg 1333w\" sizes=\"auto, (max-width: 910px) 100vw, 910px\" \/><\/div><div class=\"kadence-blocks-gallery-item__caption\">Sophie Favre, Le coq, 2023<\/div><\/div><\/figure><\/div><\/li><li class=\"kadence-blocks-gallery-item\" tabindex=\"0\"><div class=\"kadence-blocks-gallery-item-inner\"><figure class=\"kb-gallery-figure kadence-blocks-gallery-item-has-caption\"><div class=\"kb-gal-image-radius\"><div class=\"kb-gallery-image-contain kadence-blocks-gallery-intrinsic kb-gallery-image-ratio-square kb-has-image-ratio-square\" ><img loading=\"lazy\" decoding=\"async\" src=\"https:\/\/galerie-ancienne-poste.com\/wp-content\/uploads\/2025\/07\/12-sophie-favre-gallery-910x1024.jpg\" width=\"910\" height=\"1024\" alt=\"\" data-full-image=\"https:\/\/galerie-ancienne-poste.com\/wp-content\/uploads\/2025\/07\/12-sophie-favre-gallery.jpg\" data-light-image=\"https:\/\/galerie-ancienne-poste.com\/wp-content\/uploads\/2025\/07\/12-sophie-favre-gallery.jpg\" data-id=\"172\" class=\"wp-image-172\" srcset=\"https:\/\/galerie-ancienne-poste.com\/wp-content\/uploads\/2025\/07\/12-sophie-favre-gallery-910x1024.jpg 910w, https:\/\/galerie-ancienne-poste.com\/wp-content\/uploads\/2025\/07\/12-sophie-favre-gallery-267x300.jpg 267w, https:\/\/galerie-ancienne-poste.com\/wp-content\/uploads\/2025\/07\/12-sophie-favre-gallery-768x864.jpg 768w, https:\/\/galerie-ancienne-poste.com\/wp-content\/uploads\/2025\/07\/12-sophie-favre-gallery-11x12.jpg 11w, https:\/\/galerie-ancienne-poste.com\/wp-content\/uploads\/2025\/07\/12-sophie-favre-gallery.jpg 1333w\" sizes=\"auto, (max-width: 910px) 100vw, 910px\" \/><\/div><div class=\"kadence-blocks-gallery-item__caption\">Sophie Favre, Buste de chien \u00e0 la pochette, 2025<\/div><\/div><\/figure><\/div><\/li><li class=\"kadence-blocks-gallery-item\" tabindex=\"0\"><div class=\"kadence-blocks-gallery-item-inner\"><figure class=\"kb-gallery-figure kadence-blocks-gallery-item-has-caption\"><div class=\"kb-gal-image-radius\"><div class=\"kb-gallery-image-contain kadence-blocks-gallery-intrinsic kb-gallery-image-ratio-square kb-has-image-ratio-square\" ><img loading=\"lazy\" decoding=\"async\" src=\"https:\/\/galerie-ancienne-poste.com\/wp-content\/uploads\/2025\/07\/13-sophie-favre-exhibition-france.jpg\" width=\"1333\" height=\"1500\" alt=\"\" data-full-image=\"https:\/\/galerie-ancienne-poste.com\/wp-content\/uploads\/2025\/07\/13-sophie-favre-exhibition-france.jpg\" data-light-image=\"https:\/\/galerie-ancienne-poste.com\/wp-content\/uploads\/2025\/07\/13-sophie-favre-exhibition-france.jpg\" data-id=\"171\" class=\"wp-image-171\"><\/div><div class=\"kadence-blocks-gallery-item__caption\">Sophie Favre, Le bienheureux, 2025<\/div><\/div><\/figure><\/div><\/li><li class=\"kadence-blocks-gallery-item\" tabindex=\"0\"><div class=\"kadence-blocks-gallery-item-inner\"><figure class=\"kb-gallery-figure kadence-blocks-gallery-item-has-caption\"><div class=\"kb-gal-image-radius\"><div class=\"kb-gallery-image-contain kadence-blocks-gallery-intrinsic kb-gallery-image-ratio-square kb-has-image-ratio-square\" ><img loading=\"lazy\" decoding=\"async\" src=\"https:\/\/galerie-ancienne-poste.com\/wp-content\/uploads\/2025\/07\/20-sophie-favre-sculpture-ceramique-910x1024.jpg\" width=\"910\" height=\"1024\" alt=\"\" data-full-image=\"https:\/\/galerie-ancienne-poste.com\/wp-content\/uploads\/2025\/07\/20-sophie-favre-sculpture-ceramique.jpg\" data-light-image=\"https:\/\/galerie-ancienne-poste.com\/wp-content\/uploads\/2025\/07\/20-sophie-favre-sculpture-ceramique.jpg\" data-id=\"175\" class=\"wp-image-175\" srcset=\"https:\/\/galerie-ancienne-poste.com\/wp-content\/uploads\/2025\/07\/20-sophie-favre-sculpture-ceramique-910x1024.jpg 910w, https:\/\/galerie-ancienne-poste.com\/wp-content\/uploads\/2025\/07\/20-sophie-favre-sculpture-ceramique-267x300.jpg 267w, https:\/\/galerie-ancienne-poste.com\/wp-content\/uploads\/2025\/07\/20-sophie-favre-sculpture-ceramique-768x864.jpg 768w, https:\/\/galerie-ancienne-poste.com\/wp-content\/uploads\/2025\/07\/20-sophie-favre-sculpture-ceramique-11x12.jpg 11w, https:\/\/galerie-ancienne-poste.com\/wp-content\/uploads\/2025\/07\/20-sophie-favre-sculpture-ceramique.jpg 1333w\" sizes=\"auto, (max-width: 910px) 100vw, 910px\" \/><\/div><div class=\"kadence-blocks-gallery-item__caption\">Sophie Favre, Bouquet d\u2019oiseaux, 2025<\/div><\/div><\/figure><\/div><\/li><li class=\"kadence-blocks-gallery-item\" tabindex=\"0\"><div class=\"kadence-blocks-gallery-item-inner\"><figure class=\"kb-gallery-figure kadence-blocks-gallery-item-has-caption\"><div class=\"kb-gal-image-radius\"><div class=\"kb-gallery-image-contain kadence-blocks-gallery-intrinsic kb-gallery-image-ratio-square kb-has-image-ratio-square\" ><img loading=\"lazy\" decoding=\"async\" src=\"https:\/\/galerie-ancienne-poste.com\/wp-content\/uploads\/2025\/08\/sophie-favre-bronze-2025-919x1024.jpg\" width=\"919\" height=\"1024\" alt=\"bronze Sophie Favre\" data-full-image=\"https:\/\/galerie-ancienne-poste.com\/wp-content\/uploads\/2025\/08\/sophie-favre-bronze-2025.jpg\" data-light-image=\"https:\/\/galerie-ancienne-poste.com\/wp-content\/uploads\/2025\/08\/sophie-favre-bronze-2025.jpg\" data-id=\"7721\" class=\"wp-image-7721\" srcset=\"https:\/\/galerie-ancienne-poste.com\/wp-content\/uploads\/2025\/08\/sophie-favre-bronze-2025-919x1024.jpg 919w, https:\/\/galerie-ancienne-poste.com\/wp-content\/uploads\/2025\/08\/sophie-favre-bronze-2025-269x300.jpg 269w, https:\/\/galerie-ancienne-poste.com\/wp-content\/uploads\/2025\/08\/sophie-favre-bronze-2025-768x855.jpg 768w, https:\/\/galerie-ancienne-poste.com\/wp-content\/uploads\/2025\/08\/sophie-favre-bronze-2025-1379x1536.jpg 1379w, https:\/\/galerie-ancienne-poste.com\/wp-content\/uploads\/2025\/08\/sophie-favre-bronze-2025-11x12.jpg 11w, https:\/\/galerie-ancienne-poste.com\/wp-content\/uploads\/2025\/08\/sophie-favre-bronze-2025-600x668.jpg 600w, https:\/\/galerie-ancienne-poste.com\/wp-content\/uploads\/2025\/08\/sophie-favre-bronze-2025.jpg 1440w\" sizes=\"auto, (max-width: 919px) 100vw, 919px\" \/><\/div><div class=\"kadence-blocks-gallery-item__caption\">Sophie Favre, La fille et le Gar\u00e7on, 2025<\/div><\/div><\/figure><\/div><\/li><\/ul><\/div><\/div><\/div>\n\n<\/div><\/div>\n\n\n<p><\/p>\n","protected":false},"excerpt":{"rendered":"<p>\"Recent works\"<br \/>\nJuly 5 - August 31, 2025<\/p>","protected":false},"author":206,"featured_media":166,"template":"","meta":{"_acf_changed":false,"_kad_blocks_custom_css":"","_kad_blocks_head_custom_js":"","_kad_blocks_body_custom_js":"","_kad_blocks_footer_custom_js":"","_kad_post_transparent":"default","_kad_post_title":"default","_kad_post_layout":"default","_kad_post_sidebar_id":"","_kad_post_content_style":"default","_kad_post_vertical_padding":"default","_kad_post_feature":"default","_kad_post_feature_position":"","_kad_post_header":false,"_kad_post_footer":false,"_kad_post_classname":"","footnotes":""},"tags":[92],"artiste_":[97],"class_list":["post-1659","exposition","type-exposition","status-publish","has-post-thumbnail","hentry","tag-passees","artiste_-sophie-favre"],"acf":[],"taxonomy_info":{"post_tag":[{"value":92,"label":"Pass\u00e9es"}],"artiste_":[{"value":97,"label":"Sophie Favre"}]},"featured_image_src_large":["https:\/\/galerie-ancienne-poste.com\/wp-content\/uploads\/2025\/07\/sophie-favre-bronze-1.jpg",910,1024,false],"author_info":{"display_name":"ethansitbon","author_link":"https:\/\/galerie-ancienne-poste.com\/en\/author\/ethansitbon\/"},"comment_info":"","_links":{"self":[{"href":"https:\/\/galerie-ancienne-poste.com\/en\/wp-json\/wp\/v2\/exposition\/1659","targetHints":{"allow":["GET"]}}],"collection":[{"href":"https:\/\/galerie-ancienne-poste.com\/en\/wp-json\/wp\/v2\/exposition"}],"about":[{"href":"https:\/\/galerie-ancienne-poste.com\/en\/wp-json\/wp\/v2\/types\/exposition"}],"author":[{"embeddable":true,"href":"https:\/\/galerie-ancienne-poste.com\/en\/wp-json\/wp\/v2\/users\/206"}],"version-history":[{"count":19,"href":"https:\/\/galerie-ancienne-poste.com\/en\/wp-json\/wp\/v2\/exposition\/1659\/revisions"}],"predecessor-version":[{"id":9182,"href":"https:\/\/galerie-ancienne-poste.com\/en\/wp-json\/wp\/v2\/exposition\/1659\/revisions\/9182"}],"wp:featuredmedia":[{"embeddable":true,"href":"https:\/\/galerie-ancienne-poste.com\/en\/wp-json\/wp\/v2\/media\/166"}],"wp:attachment":[{"href":"https:\/\/galerie-ancienne-poste.com\/en\/wp-json\/wp\/v2\/media?parent=1659"}],"wp:term":[{"taxonomy":"post_tag","embeddable":true,"href":"https:\/\/galerie-ancienne-poste.com\/en\/wp-json\/wp\/v2\/tags?post=1659"},{"taxonomy":"artiste_","embeddable":true,"href":"https:\/\/galerie-ancienne-poste.com\/en\/wp-json\/wp\/v2\/artiste_?post=1659"}],"curies":[{"name":"wp","href":"https:\/\/api.w.org\/{rel}","templated":true}]}}