{"id":3996,"date":"2013-03-23T11:28:00","date_gmt":"2013-03-23T10:28:00","guid":{"rendered":"https:\/\/galerie-ancienne-poste.com\/?post_type=exposition&#038;p=3996"},"modified":"2025-08-30T06:46:36","modified_gmt":"2025-08-30T04:46:36","slug":"sophie-favre-2","status":"publish","type":"exposition","link":"https:\/\/galerie-ancienne-poste.com\/en\/exposition\/sophie-favre-2\/","title":{"rendered":"Sophie Favre"},"content":{"rendered":"<style>.kb-row-layout-id3996_703023-15 > .kt-row-column-wrap{align-content:start;}:where(.kb-row-layout-id3996_703023-15 > .kt-row-column-wrap) > .wp-block-kadence-column{justify-content:start;}.kb-row-layout-id3996_703023-15 > .kt-row-column-wrap{column-gap:var(--global-kb-gap-md, 2rem);row-gap:var(--global-kb-gap-md, 2rem);padding-top:var(--global-kb-spacing-xxs, 0.5rem);padding-bottom:var(--global-kb-spacing-sm, 1.5rem);}.kb-row-layout-id3996_703023-15 > .kt-row-column-wrap > div:not(.added-for-specificity){grid-column:initial;}.kb-row-layout-id3996_703023-15 > .kt-row-column-wrap{grid-template-columns:minmax(0, 1fr) minmax(0, 6fr) minmax(0, 1fr);}.kb-row-layout-id3996_703023-15 > .kt-row-layout-overlay{opacity:0.30;}@media all and (max-width: 1024px){.kb-row-layout-id3996_703023-15 > .kt-row-column-wrap > div:not(.added-for-specificity){grid-column:initial;}}@media all and (max-width: 1024px){.kb-row-layout-id3996_703023-15 > .kt-row-column-wrap{grid-template-columns:minmax(0, 1fr) minmax(0, 6fr) minmax(0, 1fr);}}@media all and (max-width: 767px){.kb-row-layout-id3996_703023-15 > .kt-row-column-wrap > div:not(.added-for-specificity){grid-column:initial;}.kb-row-layout-id3996_703023-15 > .kt-row-column-wrap{grid-template-columns:minmax(0, 1fr);}}<\/style><div class=\"kb-row-layout-wrap kb-row-layout-id3996_703023-15 alignnone wp-block-kadence-rowlayout\"><div class=\"kt-row-column-wrap kt-has-3-columns kt-row-layout-center-exwide kt-tab-layout-inherit kt-mobile-layout-row kt-row-valign-top\">\n<style>.kadence-column3996_89d358-03 > .kt-inside-inner-col,.kadence-column3996_89d358-03 > .kt-inside-inner-col:before{border-top-left-radius:0px;border-top-right-radius:0px;border-bottom-right-radius:0px;border-bottom-left-radius:0px;}.kadence-column3996_89d358-03 > .kt-inside-inner-col{column-gap:var(--global-kb-gap-sm, 1rem);}.kadence-column3996_89d358-03 > .kt-inside-inner-col{flex-direction:column;}.kadence-column3996_89d358-03 > .kt-inside-inner-col > .aligncenter{width:100%;}.kadence-column3996_89d358-03 > .kt-inside-inner-col:before{opacity:0.3;}.kadence-column3996_89d358-03{position:relative;}@media all and (max-width: 1024px){.kadence-column3996_89d358-03 > .kt-inside-inner-col{flex-direction:column;justify-content:center;}}@media all and (max-width: 767px){.kadence-column3996_89d358-03 > .kt-inside-inner-col{flex-direction:column;justify-content:center;}}<\/style>\n<div class=\"wp-block-kadence-column kadence-column3996_89d358-03\"><div class=\"kt-inside-inner-col\"><\/div><\/div>\n\n\n<style>.kadence-column3996_115926-d3 > .kt-inside-inner-col,.kadence-column3996_115926-d3 > .kt-inside-inner-col:before{border-top-left-radius:0px;border-top-right-radius:0px;border-bottom-right-radius:0px;border-bottom-left-radius:0px;}.kadence-column3996_115926-d3 > .kt-inside-inner-col{column-gap:var(--global-kb-gap-sm, 1rem);}.kadence-column3996_115926-d3 > .kt-inside-inner-col{flex-direction:column;}.kadence-column3996_115926-d3 > .kt-inside-inner-col > .aligncenter{width:100%;}.kadence-column3996_115926-d3 > .kt-inside-inner-col:before{opacity:0.3;}.kadence-column3996_115926-d3{position:relative;}@media all and (max-width: 1024px){.kadence-column3996_115926-d3 > .kt-inside-inner-col{flex-direction:column;justify-content:center;}}@media all and (max-width: 767px){.kadence-column3996_115926-d3 > .kt-inside-inner-col{padding-right:var(--global-kb-spacing-xs, 1rem);padding-left:var(--global-kb-spacing-xs, 1rem);flex-direction:column;justify-content:center;}}<\/style>\n<div class=\"wp-block-kadence-column kadence-column3996_115926-d3\"><div class=\"kt-inside-inner-col\"><style>.wp-block-kadence-advancedheading.kt-adv-heading3996_53796f-13, .wp-block-kadence-advancedheading.kt-adv-heading3996_53796f-13[data-kb-block=\"kb-adv-heading3996_53796f-13\"]{text-align:left;font-size:var(--global-kb-font-size-xl, 3rem);font-style:normal;}.wp-block-kadence-advancedheading.kt-adv-heading3996_53796f-13 mark.kt-highlight, .wp-block-kadence-advancedheading.kt-adv-heading3996_53796f-13[data-kb-block=\"kb-adv-heading3996_53796f-13\"] mark.kt-highlight{font-style:normal;color:#f76a0c;-webkit-box-decoration-break:clone;box-decoration-break:clone;padding-top:0px;padding-right:0px;padding-bottom:0px;padding-left:0px;}.wp-block-kadence-advancedheading.kt-adv-heading3996_53796f-13 img.kb-inline-image, .wp-block-kadence-advancedheading.kt-adv-heading3996_53796f-13[data-kb-block=\"kb-adv-heading3996_53796f-13\"] img.kb-inline-image{width:150px;vertical-align:baseline;}<\/style>\n<h1 class=\"kt-adv-heading3996_53796f-13 wp-block-kadence-advancedheading\" data-kb-block=\"kb-adv-heading3996_53796f-13\">Sophie Favre<\/h1>\n\n\n<style>.wp-block-kadence-advancedheading.kt-adv-heading3996_16ff23-13, .wp-block-kadence-advancedheading.kt-adv-heading3996_16ff23-13[data-kb-block=\"kb-adv-heading3996_16ff23-13\"]{text-align:left;font-style:normal;}.wp-block-kadence-advancedheading.kt-adv-heading3996_16ff23-13 mark.kt-highlight, .wp-block-kadence-advancedheading.kt-adv-heading3996_16ff23-13[data-kb-block=\"kb-adv-heading3996_16ff23-13\"] mark.kt-highlight{font-style:normal;color:#f76a0c;-webkit-box-decoration-break:clone;box-decoration-break:clone;padding-top:0px;padding-right:0px;padding-bottom:0px;padding-left:0px;}.wp-block-kadence-advancedheading.kt-adv-heading3996_16ff23-13 img.kb-inline-image, .wp-block-kadence-advancedheading.kt-adv-heading3996_16ff23-13[data-kb-block=\"kb-adv-heading3996_16ff23-13\"] img.kb-inline-image{width:150px;vertical-align:baseline;}<\/style>\n<h2 class=\"kt-adv-heading3996_16ff23-13 wp-block-kadence-advancedheading\" data-kb-block=\"kb-adv-heading3996_16ff23-13\">Sculptures<\/h2>\n\n\n<style>.wp-block-kadence-advancedheading.kt-adv-heading3996_2a8538-1d, .wp-block-kadence-advancedheading.kt-adv-heading3996_2a8538-1d[data-kb-block=\"kb-adv-heading3996_2a8538-1d\"]{text-align:left;font-style:normal;}.wp-block-kadence-advancedheading.kt-adv-heading3996_2a8538-1d mark.kt-highlight, .wp-block-kadence-advancedheading.kt-adv-heading3996_2a8538-1d[data-kb-block=\"kb-adv-heading3996_2a8538-1d\"] mark.kt-highlight{font-style:normal;color:#f76a0c;-webkit-box-decoration-break:clone;box-decoration-break:clone;padding-top:0px;padding-right:0px;padding-bottom:0px;padding-left:0px;}.wp-block-kadence-advancedheading.kt-adv-heading3996_2a8538-1d img.kb-inline-image, .wp-block-kadence-advancedheading.kt-adv-heading3996_2a8538-1d[data-kb-block=\"kb-adv-heading3996_2a8538-1d\"] img.kb-inline-image{width:150px;vertical-align:baseline;}<\/style>\n<h2 class=\"kt-adv-heading3996_2a8538-1d wp-block-kadence-advancedheading\" data-kb-block=\"kb-adv-heading3996_2a8538-1d\"><strong>23 mars &#8211; 2 mai 2013<\/strong><\/h2>\n\n\n\n<p class=\"has-text-align-left\"><\/p>\n<\/div><\/div>\n\n\n<style>.kadence-column3996_ada204-a6 > .kt-inside-inner-col,.kadence-column3996_ada204-a6 > .kt-inside-inner-col:before{border-top-left-radius:0px;border-top-right-radius:0px;border-bottom-right-radius:0px;border-bottom-left-radius:0px;}.kadence-column3996_ada204-a6 > .kt-inside-inner-col{column-gap:var(--global-kb-gap-sm, 1rem);}.kadence-column3996_ada204-a6 > .kt-inside-inner-col{flex-direction:column;}.kadence-column3996_ada204-a6 > .kt-inside-inner-col > .aligncenter{width:100%;}.kadence-column3996_ada204-a6 > .kt-inside-inner-col:before{opacity:0.3;}.kadence-column3996_ada204-a6{position:relative;}@media all and (max-width: 1024px){.kadence-column3996_ada204-a6 > .kt-inside-inner-col{flex-direction:column;justify-content:center;}}@media all and (max-width: 767px){.kadence-column3996_ada204-a6 > .kt-inside-inner-col{flex-direction:column;justify-content:center;}}<\/style>\n<div class=\"wp-block-kadence-column kadence-column3996_ada204-a6\"><div class=\"kt-inside-inner-col\"><\/div><\/div>\n\n<\/div><\/div>\n\n<style>.kb-row-layout-id3996_0e9956-06 > .kt-row-column-wrap{align-content:start;}:where(.kb-row-layout-id3996_0e9956-06 > .kt-row-column-wrap) > .wp-block-kadence-column{justify-content:start;}.kb-row-layout-id3996_0e9956-06 > .kt-row-column-wrap{column-gap:var(--global-kb-gap-md, 2rem);row-gap:var(--global-kb-gap-md, 2rem);padding-top:var(--global-kb-spacing-xs, 1rem);padding-right:var(--global-kb-spacing-xs, 1rem);padding-bottom:var(--global-kb-spacing-xs, 1rem);padding-left:var(--global-kb-spacing-xs, 1rem);grid-template-columns:minmax(0, 1fr);}.kb-row-layout-id3996_0e9956-06 > .kt-row-layout-overlay{opacity:0.30;}@media all and (max-width: 1024px){.kb-row-layout-id3996_0e9956-06 > .kt-row-column-wrap{grid-template-columns:minmax(0, 1fr);}}@media all and (max-width: 767px){.kb-row-layout-id3996_0e9956-06 > .kt-row-column-wrap{grid-template-columns:minmax(0, 1fr);}}<\/style><div class=\"kb-row-layout-wrap kb-row-layout-id3996_0e9956-06 alignwide wp-block-kadence-rowlayout\"><div class=\"kt-row-column-wrap kt-has-1-columns kt-row-layout-equal kt-tab-layout-inherit kt-mobile-layout-row kt-row-valign-top\">\n<style>.kadence-column3996_69a4c2-90 > .kt-inside-inner-col,.kadence-column3996_69a4c2-90 > .kt-inside-inner-col:before{border-top-left-radius:0px;border-top-right-radius:0px;border-bottom-right-radius:0px;border-bottom-left-radius:0px;}.kadence-column3996_69a4c2-90 > .kt-inside-inner-col{column-gap:var(--global-kb-gap-sm, 1rem);}.kadence-column3996_69a4c2-90 > .kt-inside-inner-col{flex-direction:column;}.kadence-column3996_69a4c2-90 > .kt-inside-inner-col > .aligncenter{width:100%;}.kadence-column3996_69a4c2-90 > .kt-inside-inner-col:before{opacity:0.3;}.kadence-column3996_69a4c2-90{position:relative;}@media all and (max-width: 1024px){.kadence-column3996_69a4c2-90 > .kt-inside-inner-col{flex-direction:column;justify-content:center;}}@media all and (max-width: 767px){.kadence-column3996_69a4c2-90 > .kt-inside-inner-col{flex-direction:column;justify-content:center;}}<\/style>\n<div class=\"wp-block-kadence-column kadence-column3996_69a4c2-90\"><div class=\"kt-inside-inner-col\"><style>.wp-block-kadence-advancedgallery .kb-gallery-type-grid.kb-gallery-id-3996_87d3f7-7f{margin:-5px;}.kb-gallery-type-grid.kb-gallery-id-3996_87d3f7-7f .kadence-blocks-gallery-item{padding:5px;}.kb-gallery-id-3996_87d3f7-7f .kadence-blocks-gallery-item .kb-gal-image-radius, .kb-gallery-id-3996_87d3f7-7f .kb-slide-item .kb-gal-image-radius img{border-radius:0px 0px 0px 0px;;}.kb-gallery-caption-style-bottom.kb-gallery-id-3996_87d3f7-7f .kadence-blocks-gallery-item .kadence-blocks-gallery-item-inner .kadence-blocks-gallery-item__caption, .kb-gallery-caption-style-bottom-hover.kb-gallery-id-3996_87d3f7-7f .kadence-blocks-gallery-item .kadence-blocks-gallery-item-inner .kadence-blocks-gallery-item__caption{background:linear-gradient(0deg, rgba(0, 0, 0, 0.8) 0, rgba(0, 0, 0, 0) 100%);}<\/style><div class=\"kb-gallery-wrap-id-3996_87d3f7-7f alignnone wp-block-kadence-advancedgallery\"><ul class=\"kb-gallery-ul kb-gallery-non-static kb-gallery-type-grid kb-gallery-id-3996_87d3f7-7f kb-gallery-caption-style-bottom-hover kb-gallery-filter-none\" data-image-filter=\"none\" data-item-selector=\".kadence-blocks-gallery-item\" data-lightbox-caption=\"true\" data-columns-xxl=\"1\" data-columns-xl=\"1\" data-columns-md=\"1\" data-columns-sm=\"1\" data-columns-xs=\"1\" data-columns-ss=\"1\"><li class=\"kadence-blocks-gallery-item\" tabindex=\"0\"><div class=\"kadence-blocks-gallery-item-inner\"><figure class=\"kb-gallery-figure kadence-blocks-gallery-item-has-caption\"><div class=\"kb-gal-image-radius\"><div class=\"kb-gallery-image-contain kadence-blocks-gallery-intrinsic kb-gallery-image-ratio-land21 kb-has-image-ratio-land21\" ><img loading=\"lazy\" decoding=\"async\" src=\"https:\/\/galerie-ancienne-poste.com\/wp-content\/uploads\/2025\/07\/sophie-favre-galerie-ancienne-poste-2015-1024x748.jpg\" width=\"1024\" height=\"748\" alt=\"Sophie Favre - Expo Galerie de l&#039;Ancienne Poste - exposition sculpture c\u00e9ramique\" data-full-image=\"https:\/\/galerie-ancienne-poste.com\/wp-content\/uploads\/2025\/07\/sophie-favre-galerie-ancienne-poste-2015.jpg\" data-light-image=\"https:\/\/galerie-ancienne-poste.com\/wp-content\/uploads\/2025\/07\/sophie-favre-galerie-ancienne-poste-2015.jpg\" data-id=\"3992\" class=\"wp-image-3992\" srcset=\"https:\/\/galerie-ancienne-poste.com\/wp-content\/uploads\/2025\/07\/sophie-favre-galerie-ancienne-poste-2015-1024x748.jpg 1024w, https:\/\/galerie-ancienne-poste.com\/wp-content\/uploads\/2025\/07\/sophie-favre-galerie-ancienne-poste-2015-300x219.jpg 300w, https:\/\/galerie-ancienne-poste.com\/wp-content\/uploads\/2025\/07\/sophie-favre-galerie-ancienne-poste-2015-768x561.jpg 768w, https:\/\/galerie-ancienne-poste.com\/wp-content\/uploads\/2025\/07\/sophie-favre-galerie-ancienne-poste-2015-1536x1122.jpg 1536w, https:\/\/galerie-ancienne-poste.com\/wp-content\/uploads\/2025\/07\/sophie-favre-galerie-ancienne-poste-2015-2048x1496.jpg 2048w, https:\/\/galerie-ancienne-poste.com\/wp-content\/uploads\/2025\/07\/sophie-favre-galerie-ancienne-poste-2015-16x12.jpg 16w, https:\/\/galerie-ancienne-poste.com\/wp-content\/uploads\/2025\/07\/sophie-favre-galerie-ancienne-poste-2015-600x438.jpg 600w\" sizes=\"auto, (max-width: 1024px) 100vw, 1024px\" \/><\/div><div class=\"kadence-blocks-gallery-item__caption\">Sophie Favre. Le couple qui doute<\/div><\/div><\/figure><\/div><\/li><\/ul><\/div><\/div><\/div>\n\n<\/div><\/div>\n\n<style>.kb-row-layout-id3996_3a7fd5-ca > .kt-row-column-wrap{align-content:start;}:where(.kb-row-layout-id3996_3a7fd5-ca > .kt-row-column-wrap) > .wp-block-kadence-column{justify-content:start;}.kb-row-layout-id3996_3a7fd5-ca > .kt-row-column-wrap{column-gap:var(--global-kb-gap-md, 2rem);row-gap:var(--global-kb-gap-md, 2rem);max-width:var( --global-content-width, 1250px );padding-left:var(--global-content-edge-padding);padding-right:var(--global-content-edge-padding);padding-top:var(--global-kb-spacing-xxs, 0.5rem);padding-bottom:var(--global-kb-spacing-sm, 1.5rem);grid-template-columns:minmax(0, 1fr);}.kb-row-layout-id3996_3a7fd5-ca > .kt-row-layout-overlay{opacity:0.30;}@media all and (max-width: 1024px){.kb-row-layout-id3996_3a7fd5-ca > .kt-row-column-wrap{grid-template-columns:minmax(0, 1fr);}}@media all and (max-width: 767px){.kb-row-layout-id3996_3a7fd5-ca > .kt-row-column-wrap{grid-template-columns:minmax(0, 1fr);}}<\/style><div class=\"kb-row-layout-wrap kb-row-layout-id3996_3a7fd5-ca alignnone wp-block-kadence-rowlayout\"><div class=\"kt-row-column-wrap kt-has-1-columns kt-row-layout-equal kt-tab-layout-inherit kt-mobile-layout-row kt-row-valign-top kb-theme-content-width\">\n<style>.kadence-column3996_6b23c5-a7 > .kt-inside-inner-col,.kadence-column3996_6b23c5-a7 > .kt-inside-inner-col:before{border-top-left-radius:0px;border-top-right-radius:0px;border-bottom-right-radius:0px;border-bottom-left-radius:0px;}.kadence-column3996_6b23c5-a7 > .kt-inside-inner-col{column-gap:var(--global-kb-gap-sm, 1rem);}.kadence-column3996_6b23c5-a7 > .kt-inside-inner-col{flex-direction:column;}.kadence-column3996_6b23c5-a7 > .kt-inside-inner-col > .aligncenter{width:100%;}.kadence-column3996_6b23c5-a7 > .kt-inside-inner-col:before{opacity:0.3;}.kadence-column3996_6b23c5-a7{position:relative;}@media all and (max-width: 1024px){.kadence-column3996_6b23c5-a7 > .kt-inside-inner-col{flex-direction:column;justify-content:center;}}@media all and (max-width: 767px){.kadence-column3996_6b23c5-a7 > .kt-inside-inner-col{padding-right:var(--global-kb-spacing-xs, 1rem);padding-left:var(--global-kb-spacing-xs, 1rem);flex-direction:column;justify-content:center;}}<\/style>\n<div class=\"wp-block-kadence-column kadence-column3996_6b23c5-a7\"><div class=\"kt-inside-inner-col\">\n<p>Sophie Favre est n\u00e9e en 1950 dans une famille d\u2019artistes&nbsp;: sa m\u00e8re est c\u00e9ramiste, son p\u00e8re est graphiste, peintre et dessinateur. Apr\u00e8s des \u00e9tudes aux Beaux Arts de Paris, elle apprend \u00e0 travailler la terre avec sa m\u00e8re et se passionne tr\u00e8s vite pour cette mati\u00e8re qui lui permet d\u2019imaginer et de donner corps \u00e0 des personnages ou \u00e0 des animaux, d\u2019abord au tour comme les c\u00e9ramistes, puis par modelage. Charg\u00e9es de sentiments subtils, les \u00ab&nbsp;cr\u00e9atures&nbsp;\u00bb de Sophie Favre ont le don de susciter l\u2019identification par de menus d\u00e9tails. S\u2019il ne s\u2019agit pas de caricatures, elles semblent pourtant revendiquer leur caract\u00e8re comique et maladroit, et c\u2019est ce qui les rend furieusement attachantes. Aujourd\u2019hui, l\u2019\u0153uvre de Sophie Favre est reconnue internationalement, elle figure dans les grandes collections et la revue \u00ab&nbsp;Miroir de l\u2019Art&nbsp;\u00bb a \u00e9lu l\u2019artiste parmi les \u00ab&nbsp;R\u00e9v\u00e9lations de l\u2019ann\u00e9e 2012&nbsp;\u00bb.<\/p>\n\n\n\n<p>Sophie Favre dans<a href=\"https:\/\/galerie-ancienne-poste.com\/presse\/connaissance-des-arts-juillet-2013\/\" data-type=\"post\" data-id=\"4561\"> Connaissance des Arts<\/a><br>Sophie Favre dans <a href=\"https:\/\/galerie-ancienne-poste.com\/presse\/officiel-des-galeries-et-musees-avril-2013\/\" data-type=\"post\" data-id=\"4662\">l&rsquo;Officiel des Galeries et Mus\u00e9es<\/a>.<\/p>\n<\/div><\/div>\n\n<\/div><\/div>\n\n<style>.kb-row-layout-id3996_a94960-87 > .kt-row-column-wrap{align-content:start;}:where(.kb-row-layout-id3996_a94960-87 > .kt-row-column-wrap) > .wp-block-kadence-column{justify-content:start;}.kb-row-layout-id3996_a94960-87 > .kt-row-column-wrap{column-gap:var(--global-kb-gap-md, 2rem);row-gap:var(--global-kb-gap-md, 2rem);padding-top:var(--global-kb-spacing-xs, 1rem);padding-right:var(--global-kb-spacing-xs, 1rem);padding-bottom:var(--global-kb-spacing-xs, 1rem);padding-left:var(--global-kb-spacing-xs, 1rem);grid-template-columns:minmax(0, 1fr);}.kb-row-layout-id3996_a94960-87 > .kt-row-layout-overlay{opacity:0.30;}@media all and (max-width: 1024px){.kb-row-layout-id3996_a94960-87 > .kt-row-column-wrap{grid-template-columns:minmax(0, 1fr);}}@media all and (max-width: 767px){.kb-row-layout-id3996_a94960-87 > .kt-row-column-wrap{grid-template-columns:minmax(0, 1fr);}}<\/style><div class=\"kb-row-layout-wrap kb-row-layout-id3996_a94960-87 alignwide wp-block-kadence-rowlayout\"><div class=\"kt-row-column-wrap kt-has-1-columns kt-row-layout-equal kt-tab-layout-inherit kt-mobile-layout-row kt-row-valign-top\">\n<style>.kadence-column3996_109d08-73 > .kt-inside-inner-col,.kadence-column3996_109d08-73 > .kt-inside-inner-col:before{border-top-left-radius:0px;border-top-right-radius:0px;border-bottom-right-radius:0px;border-bottom-left-radius:0px;}.kadence-column3996_109d08-73 > .kt-inside-inner-col{column-gap:var(--global-kb-gap-sm, 1rem);}.kadence-column3996_109d08-73 > .kt-inside-inner-col{flex-direction:column;}.kadence-column3996_109d08-73 > .kt-inside-inner-col > .aligncenter{width:100%;}.kadence-column3996_109d08-73 > .kt-inside-inner-col:before{opacity:0.3;}.kadence-column3996_109d08-73{position:relative;}@media all and (max-width: 1024px){.kadence-column3996_109d08-73 > .kt-inside-inner-col{flex-direction:column;justify-content:center;}}@media all and (max-width: 767px){.kadence-column3996_109d08-73 > .kt-inside-inner-col{flex-direction:column;justify-content:center;}}<\/style>\n<div class=\"wp-block-kadence-column kadence-column3996_109d08-73\"><div class=\"kt-inside-inner-col\"><style>.wp-block-kadence-advancedgallery .kb-gallery-type-grid.kb-gallery-id-3996_8d3b46-6b{margin:-5px;}.kb-gallery-type-grid.kb-gallery-id-3996_8d3b46-6b .kadence-blocks-gallery-item{padding:5px;}.kb-gallery-id-3996_8d3b46-6b .kadence-blocks-gallery-item .kb-gal-image-radius, .kb-gallery-id-3996_8d3b46-6b .kb-slide-item .kb-gal-image-radius img{border-radius:0px 0px 0px 0px;;}.kb-gallery-caption-style-bottom.kb-gallery-id-3996_8d3b46-6b .kadence-blocks-gallery-item .kadence-blocks-gallery-item-inner .kadence-blocks-gallery-item__caption, .kb-gallery-caption-style-bottom-hover.kb-gallery-id-3996_8d3b46-6b .kadence-blocks-gallery-item .kadence-blocks-gallery-item-inner .kadence-blocks-gallery-item__caption{background:linear-gradient(0deg, rgba(0, 0, 0, 0.8) 0, rgba(0, 0, 0, 0) 100%);}<\/style><div class=\"kb-gallery-wrap-id-3996_8d3b46-6b alignnone wp-block-kadence-advancedgallery\"><ul class=\"kb-gallery-ul kb-gallery-non-static kb-gallery-type-grid kb-gallery-id-3996_8d3b46-6b kb-gallery-caption-style-bottom-hover kb-gallery-filter-none\" data-image-filter=\"none\" data-item-selector=\".kadence-blocks-gallery-item\" data-lightbox-caption=\"true\" data-columns-xxl=\"2\" data-columns-xl=\"2\" data-columns-md=\"2\" data-columns-sm=\"2\" data-columns-xs=\"1\" data-columns-ss=\"1\"><li class=\"kadence-blocks-gallery-item\"><div class=\"kadence-blocks-gallery-item-inner\"><figure class=\"kb-gallery-figure kb-gallery-item-has-link kadence-blocks-gallery-item-has-caption\"><a href=\"https:\/\/galerie-ancienne-poste.com\/wp-content\/uploads\/2025\/07\/sophie-favre-bestiaire.jpg\" class=\"kb-gallery-item-link\"  ><div class=\"kb-gal-image-radius\"><div class=\"kb-gallery-image-contain kadence-blocks-gallery-intrinsic kb-gallery-image-ratio-square kb-has-image-ratio-square\" ><img loading=\"lazy\" decoding=\"async\" src=\"https:\/\/galerie-ancienne-poste.com\/wp-content\/uploads\/2025\/07\/sophie-favre-bestiaire-1024x1024.jpg\" width=\"1024\" height=\"1024\" alt=\"Sophie Favre - sculpture en terre cuite\" data-full-image=\"https:\/\/galerie-ancienne-poste.com\/wp-content\/uploads\/2025\/07\/sophie-favre-bestiaire.jpg\" data-light-image=\"https:\/\/galerie-ancienne-poste.com\/wp-content\/uploads\/2025\/07\/sophie-favre-bestiaire.jpg\" data-id=\"3989\" class=\"wp-image-3989\" srcset=\"https:\/\/galerie-ancienne-poste.com\/wp-content\/uploads\/2025\/07\/sophie-favre-bestiaire-1024x1024.jpg 1024w, https:\/\/galerie-ancienne-poste.com\/wp-content\/uploads\/2025\/07\/sophie-favre-bestiaire-300x300.jpg 300w, https:\/\/galerie-ancienne-poste.com\/wp-content\/uploads\/2025\/07\/sophie-favre-bestiaire-150x150.jpg 150w, https:\/\/galerie-ancienne-poste.com\/wp-content\/uploads\/2025\/07\/sophie-favre-bestiaire-768x768.jpg 768w, https:\/\/galerie-ancienne-poste.com\/wp-content\/uploads\/2025\/07\/sophie-favre-bestiaire-12x12.jpg 12w, https:\/\/galerie-ancienne-poste.com\/wp-content\/uploads\/2025\/07\/sophie-favre-bestiaire-600x600.jpg 600w, https:\/\/galerie-ancienne-poste.com\/wp-content\/uploads\/2025\/07\/sophie-favre-bestiaire-100x100.jpg 100w, https:\/\/galerie-ancienne-poste.com\/wp-content\/uploads\/2025\/07\/sophie-favre-bestiaire.jpg 1500w\" sizes=\"auto, (max-width: 1024px) 100vw, 1024px\" \/><\/div><div class=\"kadence-blocks-gallery-item__caption\">Sophie Favre<\/div><\/div><\/a><\/figure><\/div><\/li><li class=\"kadence-blocks-gallery-item\"><div class=\"kadence-blocks-gallery-item-inner\"><figure class=\"kb-gallery-figure kb-gallery-item-has-link kadence-blocks-gallery-item-has-caption\"><a href=\"https:\/\/galerie-ancienne-poste.com\/wp-content\/uploads\/2025\/07\/sophie-favre-sculpture-2015.jpg\" class=\"kb-gallery-item-link\"  ><div class=\"kb-gal-image-radius\"><div class=\"kb-gallery-image-contain kadence-blocks-gallery-intrinsic kb-gallery-image-ratio-square kb-has-image-ratio-square\" ><img loading=\"lazy\" decoding=\"async\" src=\"https:\/\/galerie-ancienne-poste.com\/wp-content\/uploads\/2025\/07\/sophie-favre-sculpture-2015-1024x1024.jpg\" width=\"1024\" height=\"1024\" alt=\"Sophie Favre - sculpture en terre cuite - sculpture c\u00e9ramique\" data-full-image=\"https:\/\/galerie-ancienne-poste.com\/wp-content\/uploads\/2025\/07\/sophie-favre-sculpture-2015.jpg\" data-light-image=\"https:\/\/galerie-ancienne-poste.com\/wp-content\/uploads\/2025\/07\/sophie-favre-sculpture-2015.jpg\" data-id=\"3993\" class=\"wp-image-3993\" srcset=\"https:\/\/galerie-ancienne-poste.com\/wp-content\/uploads\/2025\/07\/sophie-favre-sculpture-2015-1024x1024.jpg 1024w, https:\/\/galerie-ancienne-poste.com\/wp-content\/uploads\/2025\/07\/sophie-favre-sculpture-2015-300x300.jpg 300w, https:\/\/galerie-ancienne-poste.com\/wp-content\/uploads\/2025\/07\/sophie-favre-sculpture-2015-150x150.jpg 150w, https:\/\/galerie-ancienne-poste.com\/wp-content\/uploads\/2025\/07\/sophie-favre-sculpture-2015-768x768.jpg 768w, https:\/\/galerie-ancienne-poste.com\/wp-content\/uploads\/2025\/07\/sophie-favre-sculpture-2015-12x12.jpg 12w, https:\/\/galerie-ancienne-poste.com\/wp-content\/uploads\/2025\/07\/sophie-favre-sculpture-2015-600x600.jpg 600w, https:\/\/galerie-ancienne-poste.com\/wp-content\/uploads\/2025\/07\/sophie-favre-sculpture-2015-100x100.jpg 100w, https:\/\/galerie-ancienne-poste.com\/wp-content\/uploads\/2025\/07\/sophie-favre-sculpture-2015.jpg 1500w\" sizes=\"auto, (max-width: 1024px) 100vw, 1024px\" \/><\/div><div class=\"kadence-blocks-gallery-item__caption\">Sophie Favre. Prise de t\u00eate<\/div><\/div><\/a><\/figure><\/div><\/li><\/ul><\/div><\/div><\/div>\n\n<\/div><\/div>\n\n<style>.kb-row-layout-id3996_c399d1-3b > .kt-row-column-wrap{align-content:start;}:where(.kb-row-layout-id3996_c399d1-3b > .kt-row-column-wrap) > .wp-block-kadence-column{justify-content:start;}.kb-row-layout-id3996_c399d1-3b > .kt-row-column-wrap{column-gap:var(--global-kb-gap-md, 2rem);row-gap:var(--global-kb-gap-md, 2rem);max-width:var( --global-content-width, 1250px );padding-left:var(--global-content-edge-padding);padding-right:var(--global-content-edge-padding);padding-top:var(--global-kb-spacing-xxs, 0.5rem);padding-bottom:var(--global-kb-spacing-sm, 1.5rem);grid-template-columns:minmax(0, 1fr);}.kb-row-layout-id3996_c399d1-3b > .kt-row-layout-overlay{opacity:0.30;}@media all and (max-width: 1024px){.kb-row-layout-id3996_c399d1-3b > .kt-row-column-wrap{grid-template-columns:minmax(0, 1fr);}}@media all and (max-width: 767px){.kb-row-layout-id3996_c399d1-3b > .kt-row-column-wrap{grid-template-columns:minmax(0, 1fr);}}<\/style><div class=\"kb-row-layout-wrap kb-row-layout-id3996_c399d1-3b alignnone wp-block-kadence-rowlayout\"><div class=\"kt-row-column-wrap kt-has-1-columns kt-row-layout-equal kt-tab-layout-inherit kt-mobile-layout-row kt-row-valign-top kb-theme-content-width\">\n<style>.kadence-column3996_2028a2-54 > .kt-inside-inner-col,.kadence-column3996_2028a2-54 > .kt-inside-inner-col:before{border-top-left-radius:0px;border-top-right-radius:0px;border-bottom-right-radius:0px;border-bottom-left-radius:0px;}.kadence-column3996_2028a2-54 > .kt-inside-inner-col{column-gap:var(--global-kb-gap-sm, 1rem);}.kadence-column3996_2028a2-54 > .kt-inside-inner-col{flex-direction:column;}.kadence-column3996_2028a2-54 > .kt-inside-inner-col > .aligncenter{width:100%;}.kadence-column3996_2028a2-54 > .kt-inside-inner-col:before{opacity:0.3;}.kadence-column3996_2028a2-54{position:relative;}@media all and (max-width: 1024px){.kadence-column3996_2028a2-54 > .kt-inside-inner-col{flex-direction:column;justify-content:center;}}@media all and (max-width: 767px){.kadence-column3996_2028a2-54 > .kt-inside-inner-col{padding-right:var(--global-kb-spacing-xs, 1rem);padding-left:var(--global-kb-spacing-xs, 1rem);flex-direction:column;justify-content:center;}}<\/style>\n<div class=\"wp-block-kadence-column kadence-column3996_2028a2-54\"><div class=\"kt-inside-inner-col\">\n<p><em>\u00ab&nbsp;Au premier regard, &#8211; comme la terre de l\u2019artiste -, vous \u00eates cuit. La statuette fait mouche. Quelque chose vous \u00e9treint le c\u0153ur, vous surprend, vous enchante, vous confronte \u00e0 de l\u2019inattendu, vous livre, \u00e0 l\u2019\u00e9cart des pr\u00e9tentions d\u00e9mesur\u00e9es et des le\u00e7ons de choses, une nouvelle version des choses et du monde, tout cela en un clin d\u2019\u0153il. C\u2019est imparable. Le bestiaire de Sophie Favre, de Favre-la-Sage, entre dans le monde de vos repr\u00e9sentations du monde. Il tient la route, c\u2019est un petit univers coh\u00e9rent dou\u00e9 d\u2019une r\u00e9elle et troublante puissance \u00e9vocatoire. Favre, la faiseuse et la sage ! (Int\u00e9ressante synth\u00e8se, celui qui pense et qui agit, qui fabrique, qui \u0153uvre avec les mains). Favre, la fabuliste, la po\u00e9tesse. L\u2019artiste, celle qui regarde et qui rend le monde dans une version in\u00e9dite et charmante. Je veux dire : qui exerce un charme, <\/em>carmen<em>, chant magique, qui exprime une merveilleuse et ensorcelante musique de l\u2019\u00e2me.<\/em> [&#8230;]<br>[&#8230;]<em>Le regard des \u00eatres de Favre, leur formidable qualit\u00e9 de pr\u00e9sence, leur affolante \u00ab humanit\u00e9 \u00bb (un fabuleux effet sp\u00e9culaire) ou cette fa\u00e7on qu\u2019ils ont de nous remuer en profondeur, de nous \u00e9mouvoir, de nous bouleverser ou de nous amuser qualifient et exhaussent cette \u0153uvre passionnante dont la pr\u00e9sence dans mon blog m\u2019est la cause d\u2019une grande joie. L\u2019\u0153uvre m\u00e8ne une longue et intelligente r\u00e9flexion sur l\u2019art de plaire, de retenir l\u2019attention, de s\u00e9duire, de sugg\u00e9rer, de toucher sans appartenir jamais au monde ferm\u00e9 et exclusif de la beaut\u00e9 homologu\u00e9e.&nbsp;\u00bb<\/em><br>Denys-Louis Colaux<br><em>Romancier, nouvelliste, po\u00e8te.<\/em><\/p>\n<\/div><\/div>\n\n<\/div><\/div>\n\n<style>.kb-row-layout-id3996_2fca15-74 > .kt-row-column-wrap{align-content:start;}:where(.kb-row-layout-id3996_2fca15-74 > .kt-row-column-wrap) > .wp-block-kadence-column{justify-content:start;}.kb-row-layout-id3996_2fca15-74 > .kt-row-column-wrap{column-gap:var(--global-kb-gap-md, 2rem);row-gap:var(--global-kb-gap-md, 2rem);padding-top:var(--global-kb-spacing-xs, 1rem);padding-right:var(--global-kb-spacing-xs, 1rem);padding-bottom:var(--global-kb-spacing-xs, 1rem);padding-left:var(--global-kb-spacing-xs, 1rem);grid-template-columns:minmax(0, 1fr);}.kb-row-layout-id3996_2fca15-74 > .kt-row-layout-overlay{opacity:0.30;}@media all and (max-width: 1024px){.kb-row-layout-id3996_2fca15-74 > .kt-row-column-wrap{grid-template-columns:minmax(0, 1fr);}}@media all and (max-width: 767px){.kb-row-layout-id3996_2fca15-74 > .kt-row-column-wrap{grid-template-columns:minmax(0, 1fr);}}<\/style><div class=\"kb-row-layout-wrap kb-row-layout-id3996_2fca15-74 alignwide wp-block-kadence-rowlayout\"><div class=\"kt-row-column-wrap kt-has-1-columns kt-row-layout-equal kt-tab-layout-inherit kt-mobile-layout-row kt-row-valign-top\">\n<style>.kadence-column3996_7af189-01 > .kt-inside-inner-col,.kadence-column3996_7af189-01 > .kt-inside-inner-col:before{border-top-left-radius:0px;border-top-right-radius:0px;border-bottom-right-radius:0px;border-bottom-left-radius:0px;}.kadence-column3996_7af189-01 > .kt-inside-inner-col{column-gap:var(--global-kb-gap-sm, 1rem);}.kadence-column3996_7af189-01 > .kt-inside-inner-col{flex-direction:column;}.kadence-column3996_7af189-01 > .kt-inside-inner-col > .aligncenter{width:100%;}.kadence-column3996_7af189-01 > .kt-inside-inner-col:before{opacity:0.3;}.kadence-column3996_7af189-01{position:relative;}@media all and (max-width: 1024px){.kadence-column3996_7af189-01 > .kt-inside-inner-col{flex-direction:column;justify-content:center;}}@media all and (max-width: 767px){.kadence-column3996_7af189-01 > .kt-inside-inner-col{flex-direction:column;justify-content:center;}}<\/style>\n<div class=\"wp-block-kadence-column kadence-column3996_7af189-01\"><div class=\"kt-inside-inner-col\"><style>.wp-block-kadence-advancedgallery .kb-gallery-type-grid.kb-gallery-id-3996_2aa6ae-f0{margin:-5px;}.kb-gallery-type-grid.kb-gallery-id-3996_2aa6ae-f0 .kadence-blocks-gallery-item{padding:5px;}.kb-gallery-id-3996_2aa6ae-f0 .kadence-blocks-gallery-item .kb-gal-image-radius, .kb-gallery-id-3996_2aa6ae-f0 .kb-slide-item .kb-gal-image-radius img{border-radius:0px 0px 0px 0px;;}.kb-gallery-caption-style-bottom.kb-gallery-id-3996_2aa6ae-f0 .kadence-blocks-gallery-item .kadence-blocks-gallery-item-inner .kadence-blocks-gallery-item__caption, .kb-gallery-caption-style-bottom-hover.kb-gallery-id-3996_2aa6ae-f0 .kadence-blocks-gallery-item .kadence-blocks-gallery-item-inner .kadence-blocks-gallery-item__caption{background:linear-gradient(0deg, rgba(0, 0, 0, 0.8) 0, rgba(0, 0, 0, 0) 100%);}<\/style><div class=\"kb-gallery-wrap-id-3996_2aa6ae-f0 alignnone wp-block-kadence-advancedgallery\"><ul class=\"kb-gallery-ul kb-gallery-non-static kb-gallery-type-grid kb-gallery-id-3996_2aa6ae-f0 kb-gallery-caption-style-bottom-hover kb-gallery-filter-none\" data-image-filter=\"none\" data-item-selector=\".kadence-blocks-gallery-item\" data-lightbox-caption=\"true\" data-columns-xxl=\"4\" data-columns-xl=\"4\" data-columns-md=\"4\" data-columns-sm=\"3\" data-columns-xs=\"2\" data-columns-ss=\"2\"><li class=\"kadence-blocks-gallery-item\" tabindex=\"0\"><div class=\"kadence-blocks-gallery-item-inner\"><figure class=\"kb-gallery-figure kadence-blocks-gallery-item-has-caption\"><div class=\"kb-gal-image-radius\"><div class=\"kb-gallery-image-contain kadence-blocks-gallery-intrinsic kb-gallery-image-ratio-square kb-has-image-ratio-square\" ><img loading=\"lazy\" decoding=\"async\" src=\"https:\/\/galerie-ancienne-poste.com\/wp-content\/uploads\/2025\/07\/sophie-favre-galerie-2015-1024x1024.jpg\" width=\"1024\" height=\"1024\" alt=\"Sophie Favre - exposition Sophie Favre - sculpture c\u00e9ramique - terre cuite\" data-full-image=\"https:\/\/galerie-ancienne-poste.com\/wp-content\/uploads\/2025\/07\/sophie-favre-galerie-2015.jpg\" data-light-image=\"https:\/\/galerie-ancienne-poste.com\/wp-content\/uploads\/2025\/07\/sophie-favre-galerie-2015.jpg\" data-id=\"3991\" class=\"wp-image-3991\" srcset=\"https:\/\/galerie-ancienne-poste.com\/wp-content\/uploads\/2025\/07\/sophie-favre-galerie-2015-1024x1024.jpg 1024w, https:\/\/galerie-ancienne-poste.com\/wp-content\/uploads\/2025\/07\/sophie-favre-galerie-2015-300x300.jpg 300w, https:\/\/galerie-ancienne-poste.com\/wp-content\/uploads\/2025\/07\/sophie-favre-galerie-2015-150x150.jpg 150w, https:\/\/galerie-ancienne-poste.com\/wp-content\/uploads\/2025\/07\/sophie-favre-galerie-2015-768x768.jpg 768w, https:\/\/galerie-ancienne-poste.com\/wp-content\/uploads\/2025\/07\/sophie-favre-galerie-2015-12x12.jpg 12w, https:\/\/galerie-ancienne-poste.com\/wp-content\/uploads\/2025\/07\/sophie-favre-galerie-2015-600x600.jpg 600w, https:\/\/galerie-ancienne-poste.com\/wp-content\/uploads\/2025\/07\/sophie-favre-galerie-2015-100x100.jpg 100w, https:\/\/galerie-ancienne-poste.com\/wp-content\/uploads\/2025\/07\/sophie-favre-galerie-2015.jpg 1500w\" sizes=\"auto, (max-width: 1024px) 100vw, 1024px\" \/><\/div><div class=\"kadence-blocks-gallery-item__caption\">Sophie Favre. Cache-cache<\/div><\/div><\/figure><\/div><\/li><li class=\"kadence-blocks-gallery-item\" tabindex=\"0\"><div class=\"kadence-blocks-gallery-item-inner\"><figure class=\"kb-gallery-figure kadence-blocks-gallery-item-has-caption\"><div class=\"kb-gal-image-radius\"><div class=\"kb-gallery-image-contain kadence-blocks-gallery-intrinsic kb-gallery-image-ratio-square kb-has-image-ratio-square\" ><img loading=\"lazy\" decoding=\"async\" src=\"https:\/\/galerie-ancienne-poste.com\/wp-content\/uploads\/2025\/07\/sophie-favre-expo-2015-1024x1020.jpg\" width=\"1024\" height=\"1020\" alt=\"Sophie Favre - exposition en Puisaye - galerie en Puisaye - Puisaye Forterre\" data-full-image=\"https:\/\/galerie-ancienne-poste.com\/wp-content\/uploads\/2025\/07\/sophie-favre-expo-2015.jpg\" data-light-image=\"https:\/\/galerie-ancienne-poste.com\/wp-content\/uploads\/2025\/07\/sophie-favre-expo-2015.jpg\" data-id=\"3990\" class=\"wp-image-3990\" srcset=\"https:\/\/galerie-ancienne-poste.com\/wp-content\/uploads\/2025\/07\/sophie-favre-expo-2015-1024x1020.jpg 1024w, https:\/\/galerie-ancienne-poste.com\/wp-content\/uploads\/2025\/07\/sophie-favre-expo-2015-300x300.jpg 300w, https:\/\/galerie-ancienne-poste.com\/wp-content\/uploads\/2025\/07\/sophie-favre-expo-2015-150x150.jpg 150w, https:\/\/galerie-ancienne-poste.com\/wp-content\/uploads\/2025\/07\/sophie-favre-expo-2015-768x765.jpg 768w, https:\/\/galerie-ancienne-poste.com\/wp-content\/uploads\/2025\/07\/sophie-favre-expo-2015-12x12.jpg 12w, https:\/\/galerie-ancienne-poste.com\/wp-content\/uploads\/2025\/07\/sophie-favre-expo-2015-600x598.jpg 600w, https:\/\/galerie-ancienne-poste.com\/wp-content\/uploads\/2025\/07\/sophie-favre-expo-2015-100x100.jpg 100w, https:\/\/galerie-ancienne-poste.com\/wp-content\/uploads\/2025\/07\/sophie-favre-expo-2015.jpg 1506w\" sizes=\"auto, (max-width: 1024px) 100vw, 1024px\" \/><\/div><div class=\"kadence-blocks-gallery-item__caption\">Sophie Favre. Bouquet de souris<\/div><\/div><\/figure><\/div><\/li><li class=\"kadence-blocks-gallery-item\" tabindex=\"0\"><div class=\"kadence-blocks-gallery-item-inner\"><figure class=\"kb-gallery-figure kadence-blocks-gallery-item-has-caption\"><div class=\"kb-gal-image-radius\"><div class=\"kb-gallery-image-contain kadence-blocks-gallery-intrinsic kb-gallery-image-ratio-square kb-has-image-ratio-square\" ><img loading=\"lazy\" decoding=\"async\" src=\"https:\/\/galerie-ancienne-poste.com\/wp-content\/uploads\/2025\/07\/sophie-farvre-exposition-2015-1024x1024.jpg\" width=\"1024\" height=\"1024\" alt=\"Sophie Favre - exposition Toucy - Expsosition Yonne - exposition Bourgogne\" data-full-image=\"https:\/\/galerie-ancienne-poste.com\/wp-content\/uploads\/2025\/07\/sophie-farvre-exposition-2015.jpg\" data-light-image=\"https:\/\/galerie-ancienne-poste.com\/wp-content\/uploads\/2025\/07\/sophie-farvre-exposition-2015.jpg\" data-id=\"3988\" class=\"wp-image-3988\" srcset=\"https:\/\/galerie-ancienne-poste.com\/wp-content\/uploads\/2025\/07\/sophie-farvre-exposition-2015-1024x1024.jpg 1024w, https:\/\/galerie-ancienne-poste.com\/wp-content\/uploads\/2025\/07\/sophie-farvre-exposition-2015-300x300.jpg 300w, https:\/\/galerie-ancienne-poste.com\/wp-content\/uploads\/2025\/07\/sophie-farvre-exposition-2015-150x150.jpg 150w, https:\/\/galerie-ancienne-poste.com\/wp-content\/uploads\/2025\/07\/sophie-farvre-exposition-2015-768x768.jpg 768w, https:\/\/galerie-ancienne-poste.com\/wp-content\/uploads\/2025\/07\/sophie-farvre-exposition-2015-12x12.jpg 12w, https:\/\/galerie-ancienne-poste.com\/wp-content\/uploads\/2025\/07\/sophie-farvre-exposition-2015-600x600.jpg 600w, https:\/\/galerie-ancienne-poste.com\/wp-content\/uploads\/2025\/07\/sophie-farvre-exposition-2015-100x100.jpg 100w, https:\/\/galerie-ancienne-poste.com\/wp-content\/uploads\/2025\/07\/sophie-farvre-exposition-2015.jpg 1500w\" sizes=\"auto, (max-width: 1024px) 100vw, 1024px\" \/><\/div><div class=\"kadence-blocks-gallery-item__caption\">Sophie Favre. Le jeune loup<\/div><\/div><\/figure><\/div><\/li><li class=\"kadence-blocks-gallery-item\" tabindex=\"0\"><div class=\"kadence-blocks-gallery-item-inner\"><figure class=\"kb-gallery-figure kadence-blocks-gallery-item-has-caption\"><div class=\"kb-gal-image-radius\"><div class=\"kb-gallery-image-contain kadence-blocks-gallery-intrinsic kb-gallery-image-ratio-square kb-has-image-ratio-square\" ><img loading=\"lazy\" decoding=\"async\" src=\"https:\/\/galerie-ancienne-poste.com\/wp-content\/uploads\/2025\/07\/sophie-fabvre-terre-cuite-2013-960x1024.jpg\" width=\"960\" height=\"1024\" alt=\"Sophie Favre - sculpture animali\u00e8re - animaux terre cuite - sculpture c\u00e9ramique\" data-full-image=\"https:\/\/galerie-ancienne-poste.com\/wp-content\/uploads\/2025\/07\/sophie-fabvre-terre-cuite-2013.jpg\" data-light-image=\"https:\/\/galerie-ancienne-poste.com\/wp-content\/uploads\/2025\/07\/sophie-fabvre-terre-cuite-2013.jpg\" data-id=\"3987\" class=\"wp-image-3987\" srcset=\"https:\/\/galerie-ancienne-poste.com\/wp-content\/uploads\/2025\/07\/sophie-fabvre-terre-cuite-2013-960x1024.jpg 960w, https:\/\/galerie-ancienne-poste.com\/wp-content\/uploads\/2025\/07\/sophie-fabvre-terre-cuite-2013-281x300.jpg 281w, https:\/\/galerie-ancienne-poste.com\/wp-content\/uploads\/2025\/07\/sophie-fabvre-terre-cuite-2013-768x819.jpg 768w, https:\/\/galerie-ancienne-poste.com\/wp-content\/uploads\/2025\/07\/sophie-fabvre-terre-cuite-2013-11x12.jpg 11w, https:\/\/galerie-ancienne-poste.com\/wp-content\/uploads\/2025\/07\/sophie-fabvre-terre-cuite-2013-600x640.jpg 600w, https:\/\/galerie-ancienne-poste.com\/wp-content\/uploads\/2025\/07\/sophie-fabvre-terre-cuite-2013.jpg 1406w\" sizes=\"auto, (max-width: 960px) 100vw, 960px\" \/><\/div><div class=\"kadence-blocks-gallery-item__caption\">Sophie Favre. Le lapin qui doute<\/div><\/div><\/figure><\/div><\/li><\/ul><\/div><\/div><\/div>\n\n<\/div><\/div>","protected":false},"excerpt":{"rendered":"<p>23 mars &#8211; 2 mai 2013<\/p>","protected":false},"author":6,"featured_media":3994,"template":"","meta":{"_acf_changed":false,"_kad_blocks_custom_css":"","_kad_blocks_head_custom_js":"","_kad_blocks_body_custom_js":"","_kad_blocks_footer_custom_js":"","_kad_post_transparent":"","_kad_post_title":"","_kad_post_layout":"","_kad_post_sidebar_id":"","_kad_post_content_style":"","_kad_post_vertical_padding":"","_kad_post_feature":"","_kad_post_feature_position":"","_kad_post_header":false,"_kad_post_footer":false,"_kad_post_classname":"","footnotes":""},"tags":[92],"artiste_":[97],"class_list":["post-3996","exposition","type-exposition","status-publish","has-post-thumbnail","hentry","tag-passees","artiste_-sophie-favre"],"acf":[],"taxonomy_info":{"post_tag":[{"value":92,"label":"Pass\u00e9es"}],"artiste_":[{"value":97,"label":"Sophie Favre"}]},"featured_image_src_large":["https:\/\/galerie-ancienne-poste.com\/wp-content\/uploads\/2025\/07\/sophie-favre-terre-cuite-2015-1024x1024.jpg",1024,1024,true],"author_info":{"display_name":"christophe","author_link":"https:\/\/galerie-ancienne-poste.com\/en\/author\/christophe\/"},"comment_info":"","_links":{"self":[{"href":"https:\/\/galerie-ancienne-poste.com\/en\/wp-json\/wp\/v2\/exposition\/3996","targetHints":{"allow":["GET"]}}],"collection":[{"href":"https:\/\/galerie-ancienne-poste.com\/en\/wp-json\/wp\/v2\/exposition"}],"about":[{"href":"https:\/\/galerie-ancienne-poste.com\/en\/wp-json\/wp\/v2\/types\/exposition"}],"author":[{"embeddable":true,"href":"https:\/\/galerie-ancienne-poste.com\/en\/wp-json\/wp\/v2\/users\/6"}],"version-history":[{"count":11,"href":"https:\/\/galerie-ancienne-poste.com\/en\/wp-json\/wp\/v2\/exposition\/3996\/revisions"}],"predecessor-version":[{"id":7968,"href":"https:\/\/galerie-ancienne-poste.com\/en\/wp-json\/wp\/v2\/exposition\/3996\/revisions\/7968"}],"wp:featuredmedia":[{"embeddable":true,"href":"https:\/\/galerie-ancienne-poste.com\/en\/wp-json\/wp\/v2\/media\/3994"}],"wp:attachment":[{"href":"https:\/\/galerie-ancienne-poste.com\/en\/wp-json\/wp\/v2\/media?parent=3996"}],"wp:term":[{"taxonomy":"post_tag","embeddable":true,"href":"https:\/\/galerie-ancienne-poste.com\/en\/wp-json\/wp\/v2\/tags?post=3996"},{"taxonomy":"artiste_","embeddable":true,"href":"https:\/\/galerie-ancienne-poste.com\/en\/wp-json\/wp\/v2\/artiste_?post=3996"}],"curies":[{"name":"wp","href":"https:\/\/api.w.org\/{rel}","templated":true}]}}