{"id":4023,"date":"2013-07-06T12:43:00","date_gmt":"2013-07-06T10:43:00","guid":{"rendered":"https:\/\/galerie-ancienne-poste.com\/?post_type=exposition&#038;p=4023"},"modified":"2025-08-30T06:50:01","modified_gmt":"2025-08-30T04:50:01","slug":"daniel-de-montmollin","status":"publish","type":"exposition","link":"https:\/\/galerie-ancienne-poste.com\/en\/exposition\/daniel-de-montmollin\/","title":{"rendered":"Daniel De Montmollin"},"content":{"rendered":"<style>.kb-row-layout-id4023_b5d329-33 > .kt-row-column-wrap{align-content:start;}:where(.kb-row-layout-id4023_b5d329-33 > .kt-row-column-wrap) > .wp-block-kadence-column{justify-content:start;}.kb-row-layout-id4023_b5d329-33 > .kt-row-column-wrap{column-gap:var(--global-kb-gap-md, 2rem);row-gap:var(--global-kb-gap-md, 2rem);padding-top:var(--global-kb-spacing-xxs, 0.5rem);padding-bottom:var(--global-kb-spacing-sm, 1.5rem);}.kb-row-layout-id4023_b5d329-33 > .kt-row-column-wrap > div:not(.added-for-specificity){grid-column:initial;}.kb-row-layout-id4023_b5d329-33 > .kt-row-column-wrap{grid-template-columns:minmax(0, 1fr) minmax(0, 6fr) minmax(0, 1fr);}.kb-row-layout-id4023_b5d329-33 > .kt-row-layout-overlay{opacity:0.30;}@media all and (max-width: 1024px){.kb-row-layout-id4023_b5d329-33 > .kt-row-column-wrap > div:not(.added-for-specificity){grid-column:initial;}}@media all and (max-width: 1024px){.kb-row-layout-id4023_b5d329-33 > .kt-row-column-wrap{grid-template-columns:minmax(0, 1fr) minmax(0, 6fr) minmax(0, 1fr);}}@media all and (max-width: 767px){.kb-row-layout-id4023_b5d329-33 > .kt-row-column-wrap > div:not(.added-for-specificity){grid-column:initial;}.kb-row-layout-id4023_b5d329-33 > .kt-row-column-wrap{grid-template-columns:minmax(0, 1fr);}}<\/style><div class=\"kb-row-layout-wrap kb-row-layout-id4023_b5d329-33 alignnone wp-block-kadence-rowlayout\"><div class=\"kt-row-column-wrap kt-has-3-columns kt-row-layout-center-exwide kt-tab-layout-inherit kt-mobile-layout-row kt-row-valign-top\">\n<style>.kadence-column4023_940529-33 > .kt-inside-inner-col,.kadence-column4023_940529-33 > .kt-inside-inner-col:before{border-top-left-radius:0px;border-top-right-radius:0px;border-bottom-right-radius:0px;border-bottom-left-radius:0px;}.kadence-column4023_940529-33 > .kt-inside-inner-col{column-gap:var(--global-kb-gap-sm, 1rem);}.kadence-column4023_940529-33 > .kt-inside-inner-col{flex-direction:column;}.kadence-column4023_940529-33 > .kt-inside-inner-col > .aligncenter{width:100%;}.kadence-column4023_940529-33 > .kt-inside-inner-col:before{opacity:0.3;}.kadence-column4023_940529-33{position:relative;}@media all and (max-width: 1024px){.kadence-column4023_940529-33 > .kt-inside-inner-col{flex-direction:column;justify-content:center;}}@media all and (max-width: 767px){.kadence-column4023_940529-33 > .kt-inside-inner-col{flex-direction:column;justify-content:center;}}<\/style>\n<div class=\"wp-block-kadence-column kadence-column4023_940529-33\"><div class=\"kt-inside-inner-col\"><\/div><\/div>\n\n\n<style>.kadence-column4023_abd64e-5f > .kt-inside-inner-col,.kadence-column4023_abd64e-5f > .kt-inside-inner-col:before{border-top-left-radius:0px;border-top-right-radius:0px;border-bottom-right-radius:0px;border-bottom-left-radius:0px;}.kadence-column4023_abd64e-5f > .kt-inside-inner-col{column-gap:var(--global-kb-gap-sm, 1rem);}.kadence-column4023_abd64e-5f > .kt-inside-inner-col{flex-direction:column;}.kadence-column4023_abd64e-5f > .kt-inside-inner-col > .aligncenter{width:100%;}.kadence-column4023_abd64e-5f > .kt-inside-inner-col:before{opacity:0.3;}.kadence-column4023_abd64e-5f{position:relative;}@media all and (max-width: 1024px){.kadence-column4023_abd64e-5f > .kt-inside-inner-col{flex-direction:column;justify-content:center;}}@media all and (max-width: 767px){.kadence-column4023_abd64e-5f > .kt-inside-inner-col{padding-right:var(--global-kb-spacing-xs, 1rem);padding-left:var(--global-kb-spacing-xs, 1rem);flex-direction:column;justify-content:center;}}<\/style>\n<div class=\"wp-block-kadence-column kadence-column4023_abd64e-5f\"><div class=\"kt-inside-inner-col\"><style>.wp-block-kadence-advancedheading.kt-adv-heading4023_f0390a-ca, .wp-block-kadence-advancedheading.kt-adv-heading4023_f0390a-ca[data-kb-block=\"kb-adv-heading4023_f0390a-ca\"]{text-align:left;font-size:var(--global-kb-font-size-xl, 3rem);font-style:normal;}.wp-block-kadence-advancedheading.kt-adv-heading4023_f0390a-ca mark.kt-highlight, .wp-block-kadence-advancedheading.kt-adv-heading4023_f0390a-ca[data-kb-block=\"kb-adv-heading4023_f0390a-ca\"] mark.kt-highlight{font-style:normal;color:#f76a0c;-webkit-box-decoration-break:clone;box-decoration-break:clone;padding-top:0px;padding-right:0px;padding-bottom:0px;padding-left:0px;}.wp-block-kadence-advancedheading.kt-adv-heading4023_f0390a-ca img.kb-inline-image, .wp-block-kadence-advancedheading.kt-adv-heading4023_f0390a-ca[data-kb-block=\"kb-adv-heading4023_f0390a-ca\"] img.kb-inline-image{width:150px;vertical-align:baseline;}<\/style>\n<h1 class=\"kt-adv-heading4023_f0390a-ca wp-block-kadence-advancedheading\" data-kb-block=\"kb-adv-heading4023_f0390a-ca\">Daniel De Montmollin<\/h1>\n\n\n<style>.wp-block-kadence-advancedheading.kt-adv-heading4023_b2a29b-5e, .wp-block-kadence-advancedheading.kt-adv-heading4023_b2a29b-5e[data-kb-block=\"kb-adv-heading4023_b2a29b-5e\"]{text-align:left;font-style:normal;}.wp-block-kadence-advancedheading.kt-adv-heading4023_b2a29b-5e mark.kt-highlight, .wp-block-kadence-advancedheading.kt-adv-heading4023_b2a29b-5e[data-kb-block=\"kb-adv-heading4023_b2a29b-5e\"] mark.kt-highlight{font-style:normal;color:#f76a0c;-webkit-box-decoration-break:clone;box-decoration-break:clone;padding-top:0px;padding-right:0px;padding-bottom:0px;padding-left:0px;}.wp-block-kadence-advancedheading.kt-adv-heading4023_b2a29b-5e img.kb-inline-image, .wp-block-kadence-advancedheading.kt-adv-heading4023_b2a29b-5e[data-kb-block=\"kb-adv-heading4023_b2a29b-5e\"] img.kb-inline-image{width:150px;vertical-align:baseline;}<\/style>\n<h2 class=\"kt-adv-heading4023_b2a29b-5e wp-block-kadence-advancedheading\" data-kb-block=\"kb-adv-heading4023_b2a29b-5e\"><\/h2>\n\n\n<style>.wp-block-kadence-advancedheading.kt-adv-heading4023_3ba252-92, .wp-block-kadence-advancedheading.kt-adv-heading4023_3ba252-92[data-kb-block=\"kb-adv-heading4023_3ba252-92\"]{text-align:left;font-style:normal;}.wp-block-kadence-advancedheading.kt-adv-heading4023_3ba252-92 mark.kt-highlight, .wp-block-kadence-advancedheading.kt-adv-heading4023_3ba252-92[data-kb-block=\"kb-adv-heading4023_3ba252-92\"] mark.kt-highlight{font-style:normal;color:#f76a0c;-webkit-box-decoration-break:clone;box-decoration-break:clone;padding-top:0px;padding-right:0px;padding-bottom:0px;padding-left:0px;}.wp-block-kadence-advancedheading.kt-adv-heading4023_3ba252-92 img.kb-inline-image, .wp-block-kadence-advancedheading.kt-adv-heading4023_3ba252-92[data-kb-block=\"kb-adv-heading4023_3ba252-92\"] img.kb-inline-image{width:150px;vertical-align:baseline;}<\/style>\n<h2 class=\"kt-adv-heading4023_3ba252-92 wp-block-kadence-advancedheading\" data-kb-block=\"kb-adv-heading4023_3ba252-92\"><strong>6 juillet &#8211; 5 septembre 2013<\/strong><\/h2>\n\n\n\n<p class=\"has-text-align-left\"><\/p>\n<\/div><\/div>\n\n\n<style>.kadence-column4023_3dae93-4b > .kt-inside-inner-col,.kadence-column4023_3dae93-4b > .kt-inside-inner-col:before{border-top-left-radius:0px;border-top-right-radius:0px;border-bottom-right-radius:0px;border-bottom-left-radius:0px;}.kadence-column4023_3dae93-4b > .kt-inside-inner-col{column-gap:var(--global-kb-gap-sm, 1rem);}.kadence-column4023_3dae93-4b > .kt-inside-inner-col{flex-direction:column;}.kadence-column4023_3dae93-4b > .kt-inside-inner-col > .aligncenter{width:100%;}.kadence-column4023_3dae93-4b > .kt-inside-inner-col:before{opacity:0.3;}.kadence-column4023_3dae93-4b{position:relative;}@media all and (max-width: 1024px){.kadence-column4023_3dae93-4b > .kt-inside-inner-col{flex-direction:column;justify-content:center;}}@media all and (max-width: 767px){.kadence-column4023_3dae93-4b > .kt-inside-inner-col{flex-direction:column;justify-content:center;}}<\/style>\n<div class=\"wp-block-kadence-column kadence-column4023_3dae93-4b\"><div class=\"kt-inside-inner-col\"><\/div><\/div>\n\n<\/div><\/div>\n\n<style>.kb-row-layout-id4023_171136-64 > .kt-row-column-wrap{align-content:start;}:where(.kb-row-layout-id4023_171136-64 > .kt-row-column-wrap) > .wp-block-kadence-column{justify-content:start;}.kb-row-layout-id4023_171136-64 > .kt-row-column-wrap{column-gap:var(--global-kb-gap-md, 2rem);row-gap:var(--global-kb-gap-md, 2rem);padding-top:var(--global-kb-spacing-xs, 1rem);padding-right:var(--global-kb-spacing-xs, 1rem);padding-bottom:var(--global-kb-spacing-xs, 1rem);padding-left:var(--global-kb-spacing-xs, 1rem);grid-template-columns:minmax(0, 1fr);}.kb-row-layout-id4023_171136-64 > .kt-row-layout-overlay{opacity:0.30;}@media all and (max-width: 1024px){.kb-row-layout-id4023_171136-64 > .kt-row-column-wrap{grid-template-columns:minmax(0, 1fr);}}@media all and (max-width: 767px){.kb-row-layout-id4023_171136-64 > .kt-row-column-wrap{grid-template-columns:minmax(0, 1fr);}}<\/style><div class=\"kb-row-layout-wrap kb-row-layout-id4023_171136-64 alignwide wp-block-kadence-rowlayout\"><div class=\"kt-row-column-wrap kt-has-1-columns kt-row-layout-equal kt-tab-layout-inherit kt-mobile-layout-row kt-row-valign-top\">\n<style>.kadence-column4023_975936-fe > .kt-inside-inner-col,.kadence-column4023_975936-fe > .kt-inside-inner-col:before{border-top-left-radius:0px;border-top-right-radius:0px;border-bottom-right-radius:0px;border-bottom-left-radius:0px;}.kadence-column4023_975936-fe > .kt-inside-inner-col{column-gap:var(--global-kb-gap-sm, 1rem);}.kadence-column4023_975936-fe > .kt-inside-inner-col{flex-direction:column;}.kadence-column4023_975936-fe > .kt-inside-inner-col > .aligncenter{width:100%;}.kadence-column4023_975936-fe > .kt-inside-inner-col:before{opacity:0.3;}.kadence-column4023_975936-fe{position:relative;}@media all and (max-width: 1024px){.kadence-column4023_975936-fe > .kt-inside-inner-col{flex-direction:column;justify-content:center;}}@media all and (max-width: 767px){.kadence-column4023_975936-fe > .kt-inside-inner-col{flex-direction:column;justify-content:center;}}<\/style>\n<div class=\"wp-block-kadence-column kadence-column4023_975936-fe\"><div class=\"kt-inside-inner-col\"><style>.wp-block-kadence-advancedgallery .kb-gallery-type-grid.kb-gallery-id-4023_30ae41-4f{margin:-5px;}.kb-gallery-type-grid.kb-gallery-id-4023_30ae41-4f .kadence-blocks-gallery-item{padding:5px;}.kb-gallery-id-4023_30ae41-4f .kadence-blocks-gallery-item .kb-gal-image-radius, .kb-gallery-id-4023_30ae41-4f .kb-slide-item .kb-gal-image-radius img{border-radius:0px 0px 0px 0px;;}.kb-gallery-caption-style-bottom.kb-gallery-id-4023_30ae41-4f .kadence-blocks-gallery-item .kadence-blocks-gallery-item-inner .kadence-blocks-gallery-item__caption, .kb-gallery-caption-style-bottom-hover.kb-gallery-id-4023_30ae41-4f .kadence-blocks-gallery-item .kadence-blocks-gallery-item-inner .kadence-blocks-gallery-item__caption{background:linear-gradient(0deg, rgba(0, 0, 0, 0.8) 0, rgba(0, 0, 0, 0) 100%);}<\/style><div class=\"kb-gallery-wrap-id-4023_30ae41-4f alignnone wp-block-kadence-advancedgallery\"><ul class=\"kb-gallery-ul kb-gallery-non-static kb-gallery-type-grid kb-gallery-id-4023_30ae41-4f kb-gallery-caption-style-bottom-hover kb-gallery-filter-none\" data-image-filter=\"none\" data-item-selector=\".kadence-blocks-gallery-item\" data-lightbox-caption=\"true\" data-columns-xxl=\"1\" data-columns-xl=\"1\" data-columns-md=\"1\" data-columns-sm=\"1\" data-columns-xs=\"1\" data-columns-ss=\"1\"><li class=\"kadence-blocks-gallery-item\" tabindex=\"0\"><div class=\"kadence-blocks-gallery-item-inner\"><figure class=\"kb-gallery-figure kadence-blocks-gallery-item-has-caption\"><div class=\"kb-gal-image-radius\"><div class=\"kb-gallery-image-contain kadence-blocks-gallery-intrinsic kb-gallery-image-ratio-land21 kb-has-image-ratio-land21\" ><img loading=\"lazy\" decoding=\"async\" src=\"https:\/\/galerie-ancienne-poste.com\/wp-content\/uploads\/2025\/07\/daniel-de-montmollin-galerie-ancienne-poste-1-1024x780.jpg\" width=\"1024\" height=\"780\" alt=\"Daniel de Montmollin - gr\u00e8s \u00e9maill\u00e9 - \u00e9mail de cuivre\" data-full-image=\"https:\/\/galerie-ancienne-poste.com\/wp-content\/uploads\/2025\/07\/daniel-de-montmollin-galerie-ancienne-poste-1.jpg\" data-light-image=\"https:\/\/galerie-ancienne-poste.com\/wp-content\/uploads\/2025\/07\/daniel-de-montmollin-galerie-ancienne-poste-1.jpg\" data-id=\"4027\" class=\"wp-image-4027\" srcset=\"https:\/\/galerie-ancienne-poste.com\/wp-content\/uploads\/2025\/07\/daniel-de-montmollin-galerie-ancienne-poste-1-1024x780.jpg 1024w, https:\/\/galerie-ancienne-poste.com\/wp-content\/uploads\/2025\/07\/daniel-de-montmollin-galerie-ancienne-poste-1-300x228.jpg 300w, https:\/\/galerie-ancienne-poste.com\/wp-content\/uploads\/2025\/07\/daniel-de-montmollin-galerie-ancienne-poste-1-768x585.jpg 768w, https:\/\/galerie-ancienne-poste.com\/wp-content\/uploads\/2025\/07\/daniel-de-montmollin-galerie-ancienne-poste-1-1536x1170.jpg 1536w, https:\/\/galerie-ancienne-poste.com\/wp-content\/uploads\/2025\/07\/daniel-de-montmollin-galerie-ancienne-poste-1-16x12.jpg 16w, https:\/\/galerie-ancienne-poste.com\/wp-content\/uploads\/2025\/07\/daniel-de-montmollin-galerie-ancienne-poste-1-600x457.jpg 600w, https:\/\/galerie-ancienne-poste.com\/wp-content\/uploads\/2025\/07\/daniel-de-montmollin-galerie-ancienne-poste-1.jpg 1970w\" sizes=\"auto, (max-width: 1024px) 100vw, 1024px\" \/><\/div><div class=\"kadence-blocks-gallery-item__caption\">Daniel de Montmollin &#8211; Exposition \u00e0 la Galerie de l&rsquo;Ancienne Poste en 2013<\/div><\/div><\/figure><\/div><\/li><\/ul><\/div><\/div><\/div>\n\n<\/div><\/div>\n\n<style>.kb-row-layout-id4023_07c8a4-f2 > .kt-row-column-wrap{align-content:start;}:where(.kb-row-layout-id4023_07c8a4-f2 > .kt-row-column-wrap) > .wp-block-kadence-column{justify-content:start;}.kb-row-layout-id4023_07c8a4-f2 > .kt-row-column-wrap{column-gap:var(--global-kb-gap-md, 2rem);row-gap:var(--global-kb-gap-md, 2rem);max-width:var( --global-content-width, 1250px );padding-left:var(--global-content-edge-padding);padding-right:var(--global-content-edge-padding);padding-top:var(--global-kb-spacing-xxs, 0.5rem);padding-bottom:var(--global-kb-spacing-sm, 1.5rem);grid-template-columns:minmax(0, 1fr);}.kb-row-layout-id4023_07c8a4-f2 > .kt-row-layout-overlay{opacity:0.30;}@media all and (max-width: 1024px){.kb-row-layout-id4023_07c8a4-f2 > .kt-row-column-wrap{grid-template-columns:minmax(0, 1fr);}}@media all and (max-width: 767px){.kb-row-layout-id4023_07c8a4-f2 > .kt-row-column-wrap{grid-template-columns:minmax(0, 1fr);}}<\/style><div class=\"kb-row-layout-wrap kb-row-layout-id4023_07c8a4-f2 alignnone wp-block-kadence-rowlayout\"><div class=\"kt-row-column-wrap kt-has-1-columns kt-row-layout-equal kt-tab-layout-inherit kt-mobile-layout-row kt-row-valign-top kb-theme-content-width\">\n<style>.kadence-column4023_6a12cf-6f > .kt-inside-inner-col,.kadence-column4023_6a12cf-6f > .kt-inside-inner-col:before{border-top-left-radius:0px;border-top-right-radius:0px;border-bottom-right-radius:0px;border-bottom-left-radius:0px;}.kadence-column4023_6a12cf-6f > .kt-inside-inner-col{column-gap:var(--global-kb-gap-sm, 1rem);}.kadence-column4023_6a12cf-6f > .kt-inside-inner-col{flex-direction:column;}.kadence-column4023_6a12cf-6f > .kt-inside-inner-col > .aligncenter{width:100%;}.kadence-column4023_6a12cf-6f > .kt-inside-inner-col:before{opacity:0.3;}.kadence-column4023_6a12cf-6f{position:relative;}@media all and (max-width: 1024px){.kadence-column4023_6a12cf-6f > .kt-inside-inner-col{flex-direction:column;justify-content:center;}}@media all and (max-width: 767px){.kadence-column4023_6a12cf-6f > .kt-inside-inner-col{padding-right:var(--global-kb-spacing-xs, 1rem);padding-left:var(--global-kb-spacing-xs, 1rem);flex-direction:column;justify-content:center;}}<\/style>\n<div class=\"wp-block-kadence-column kadence-column4023_6a12cf-6f\"><div class=\"kt-inside-inner-col\">\n<p>La Galerie de l\u2019Ancienne Poste accueille Daniel de Montmollin, fr\u00e8re fondateur de la Communaut\u00e9 de Taiz\u00e9 (Sa\u00f4ne-et-Loire) et grande figure de la c\u00e9ramique contemporaine dont les recherches sur l\u2019\u00e9mail et les \u00e9crits constituent une r\u00e9f\u00e9rence majeure pour les c\u00e9ramistes de toutes g\u00e9n\u00e9rations. A plus de 90 ans, Daniel de Montmollin poursuit et renouvelle son \u0153uvre avec enthousiasme et d\u00e9termination et<br>chacune de ses expositions constitue un \u00e9v\u00e8nement dans le monde de la c\u00e9ramique.<br>Apr\u00e8s l\u2019exposition \u00e0 la Fondation Baur \u00e0 Gen\u00e8ve en 2011, c\u2019est \u00e0 la Galerie de l\u2019Ancienne Poste qu\u2019il a choisi en 2013 de pr\u00e9senter sa seule exposition en France de ses \u0153uvres les plus r\u00e9centes. Celles-ci t\u00e9moignent une nouvelle fois du talent d\u2019exp\u00e9rimentation du c\u00e9ramiste. Ainsi, apr\u00e8s plusieurs d\u00e9cennies consacr\u00e9es \u00e0 la recherche d\u2019\u00e9maux de cendres v\u00e9g\u00e9tales, Daniel de Montmollin nous livre ici le fruit d\u2019une nouvelle d\u00e9marche dont les derni\u00e8res cr\u00e9ations sur terre chamott\u00e9e pr\u00e9sent\u00e9es pour la premi\u00e8re fois au public sont autant d\u2019hymnes aux ressources min\u00e9rales d\u00e9voil\u00e9es de son terroir bourguignon.<\/p>\n<\/div><\/div>\n\n<\/div><\/div>\n\n<style>.kb-row-layout-id4023_408b27-33 > .kt-row-column-wrap{align-content:start;}:where(.kb-row-layout-id4023_408b27-33 > .kt-row-column-wrap) > .wp-block-kadence-column{justify-content:start;}.kb-row-layout-id4023_408b27-33 > .kt-row-column-wrap{column-gap:var(--global-kb-gap-md, 2rem);row-gap:var(--global-kb-gap-md, 2rem);padding-top:var(--global-kb-spacing-xs, 1rem);padding-right:var(--global-kb-spacing-xs, 1rem);padding-bottom:var(--global-kb-spacing-xs, 1rem);padding-left:var(--global-kb-spacing-xs, 1rem);grid-template-columns:minmax(0, 1fr);}.kb-row-layout-id4023_408b27-33 > .kt-row-layout-overlay{opacity:0.30;}@media all and (max-width: 1024px){.kb-row-layout-id4023_408b27-33 > .kt-row-column-wrap{grid-template-columns:minmax(0, 1fr);}}@media all and (max-width: 767px){.kb-row-layout-id4023_408b27-33 > .kt-row-column-wrap{grid-template-columns:minmax(0, 1fr);}}<\/style><div class=\"kb-row-layout-wrap kb-row-layout-id4023_408b27-33 alignwide wp-block-kadence-rowlayout\"><div class=\"kt-row-column-wrap kt-has-1-columns kt-row-layout-equal kt-tab-layout-inherit kt-mobile-layout-row kt-row-valign-top\">\n<style>.kadence-column4023_96f25a-c3 > .kt-inside-inner-col,.kadence-column4023_96f25a-c3 > .kt-inside-inner-col:before{border-top-left-radius:0px;border-top-right-radius:0px;border-bottom-right-radius:0px;border-bottom-left-radius:0px;}.kadence-column4023_96f25a-c3 > .kt-inside-inner-col{column-gap:var(--global-kb-gap-sm, 1rem);}.kadence-column4023_96f25a-c3 > .kt-inside-inner-col{flex-direction:column;}.kadence-column4023_96f25a-c3 > .kt-inside-inner-col > .aligncenter{width:100%;}.kadence-column4023_96f25a-c3 > .kt-inside-inner-col:before{opacity:0.3;}.kadence-column4023_96f25a-c3{position:relative;}@media all and (max-width: 1024px){.kadence-column4023_96f25a-c3 > .kt-inside-inner-col{flex-direction:column;justify-content:center;}}@media all and (max-width: 767px){.kadence-column4023_96f25a-c3 > .kt-inside-inner-col{flex-direction:column;justify-content:center;}}<\/style>\n<div class=\"wp-block-kadence-column kadence-column4023_96f25a-c3\"><div class=\"kt-inside-inner-col\"><style>.wp-block-kadence-advancedgallery .kb-gallery-type-grid.kb-gallery-id-4023_33ad8b-d5{margin:-5px;}.kb-gallery-type-grid.kb-gallery-id-4023_33ad8b-d5 .kadence-blocks-gallery-item{padding:5px;}.kb-gallery-id-4023_33ad8b-d5 .kadence-blocks-gallery-item .kb-gal-image-radius, .kb-gallery-id-4023_33ad8b-d5 .kb-slide-item .kb-gal-image-radius img{border-radius:0px 0px 0px 0px;;}.kb-gallery-caption-style-bottom.kb-gallery-id-4023_33ad8b-d5 .kadence-blocks-gallery-item .kadence-blocks-gallery-item-inner .kadence-blocks-gallery-item__caption, .kb-gallery-caption-style-bottom-hover.kb-gallery-id-4023_33ad8b-d5 .kadence-blocks-gallery-item .kadence-blocks-gallery-item-inner .kadence-blocks-gallery-item__caption{background:linear-gradient(0deg, rgba(0, 0, 0, 0.8) 0, rgba(0, 0, 0, 0) 100%);}<\/style><div class=\"kb-gallery-wrap-id-4023_33ad8b-d5 alignnone wp-block-kadence-advancedgallery\"><ul class=\"kb-gallery-ul kb-gallery-non-static kb-gallery-type-grid kb-gallery-id-4023_33ad8b-d5 kb-gallery-caption-style-bottom-hover kb-gallery-filter-none\" data-image-filter=\"none\" data-item-selector=\".kadence-blocks-gallery-item\" data-lightbox-caption=\"true\" data-columns-xxl=\"2\" data-columns-xl=\"2\" data-columns-md=\"2\" data-columns-sm=\"2\" data-columns-xs=\"1\" data-columns-ss=\"1\"><li class=\"kadence-blocks-gallery-item\"><div class=\"kadence-blocks-gallery-item-inner\"><figure class=\"kb-gallery-figure kb-gallery-item-has-link kadence-blocks-gallery-item-has-caption\"><a href=\"https:\/\/galerie-ancienne-poste.com\/wp-content\/uploads\/2025\/07\/daniel-de-montmollin.jpg\" class=\"kb-gallery-item-link\"  ><div class=\"kb-gal-image-radius\"><div class=\"kb-gallery-image-contain kadence-blocks-gallery-intrinsic kb-gallery-image-ratio-square kb-has-image-ratio-square\" ><img loading=\"lazy\" decoding=\"async\" src=\"https:\/\/galerie-ancienne-poste.com\/wp-content\/uploads\/2025\/07\/daniel-de-montmollin-821x1024.jpg\" width=\"821\" height=\"1024\" alt=\"Daniel de Montmollin - collection de c\u00e9ramique - c\u00e9ramique Daniel de Montmollin\" data-full-image=\"https:\/\/galerie-ancienne-poste.com\/wp-content\/uploads\/2025\/07\/daniel-de-montmollin.jpg\" data-light-image=\"https:\/\/galerie-ancienne-poste.com\/wp-content\/uploads\/2025\/07\/daniel-de-montmollin.jpg\" data-id=\"4026\" class=\"wp-image-4026\" srcset=\"https:\/\/galerie-ancienne-poste.com\/wp-content\/uploads\/2025\/07\/daniel-de-montmollin-821x1024.jpg 821w, https:\/\/galerie-ancienne-poste.com\/wp-content\/uploads\/2025\/07\/daniel-de-montmollin-241x300.jpg 241w, https:\/\/galerie-ancienne-poste.com\/wp-content\/uploads\/2025\/07\/daniel-de-montmollin-768x958.jpg 768w, https:\/\/galerie-ancienne-poste.com\/wp-content\/uploads\/2025\/07\/daniel-de-montmollin-1232x1536.jpg 1232w, https:\/\/galerie-ancienne-poste.com\/wp-content\/uploads\/2025\/07\/daniel-de-montmollin-1642x2048.jpg 1642w, https:\/\/galerie-ancienne-poste.com\/wp-content\/uploads\/2025\/07\/daniel-de-montmollin-10x12.jpg 10w, https:\/\/galerie-ancienne-poste.com\/wp-content\/uploads\/2025\/07\/daniel-de-montmollin-600x748.jpg 600w, https:\/\/galerie-ancienne-poste.com\/wp-content\/uploads\/2025\/07\/daniel-de-montmollin.jpg 1772w\" sizes=\"auto, (max-width: 821px) 100vw, 821px\" \/><\/div><div class=\"kadence-blocks-gallery-item__caption\">Daniel de Montmollin . Vase bilob\u00e9, gr\u00e8s \u00e9mail mat, 2013<\/div><\/div><\/a><\/figure><\/div><\/li><li class=\"kadence-blocks-gallery-item\"><div class=\"kadence-blocks-gallery-item-inner\"><figure class=\"kb-gallery-figure kb-gallery-item-has-link kadence-blocks-gallery-item-has-caption\"><a href=\"https:\/\/galerie-ancienne-poste.com\/wp-content\/uploads\/2025\/07\/daniel-de-montmollin-galerie-ancienne-poste.jpg\" class=\"kb-gallery-item-link\"  ><div class=\"kb-gal-image-radius\"><div class=\"kb-gallery-image-contain kadence-blocks-gallery-intrinsic kb-gallery-image-ratio-square kb-has-image-ratio-square\" ><img loading=\"lazy\" decoding=\"async\" src=\"https:\/\/galerie-ancienne-poste.com\/wp-content\/uploads\/2025\/07\/daniel-de-montmollin-galerie-ancienne-poste-1006x1024.jpg\" width=\"1006\" height=\"1024\" alt=\"Daniel de Montmollin Galerie de l&#039;Ancienne Poste 2013\" data-full-image=\"https:\/\/galerie-ancienne-poste.com\/wp-content\/uploads\/2025\/07\/daniel-de-montmollin-galerie-ancienne-poste.jpg\" data-light-image=\"https:\/\/galerie-ancienne-poste.com\/wp-content\/uploads\/2025\/07\/daniel-de-montmollin-galerie-ancienne-poste.jpg\" data-id=\"1402\" class=\"wp-image-1402\" srcset=\"https:\/\/galerie-ancienne-poste.com\/wp-content\/uploads\/2025\/07\/daniel-de-montmollin-galerie-ancienne-poste-1006x1024.jpg 1006w, https:\/\/galerie-ancienne-poste.com\/wp-content\/uploads\/2025\/07\/daniel-de-montmollin-galerie-ancienne-poste-295x300.jpg 295w, https:\/\/galerie-ancienne-poste.com\/wp-content\/uploads\/2025\/07\/daniel-de-montmollin-galerie-ancienne-poste-768x782.jpg 768w, https:\/\/galerie-ancienne-poste.com\/wp-content\/uploads\/2025\/07\/daniel-de-montmollin-galerie-ancienne-poste-12x12.jpg 12w, https:\/\/galerie-ancienne-poste.com\/wp-content\/uploads\/2025\/07\/daniel-de-montmollin-galerie-ancienne-poste.jpg 1474w\" sizes=\"auto, (max-width: 1006px) 100vw, 1006px\" \/><\/div><div class=\"kadence-blocks-gallery-item__caption\">Daniel de Montmollin, vase gr\u00e8s \u00e9mail cuivre, 2013<\/div><\/div><\/a><\/figure><\/div><\/li><\/ul><\/div><\/div><\/div>\n\n<\/div><\/div>\n\n<style>.kb-row-layout-id4023_2f1fd3-25 > .kt-row-column-wrap{align-content:start;}:where(.kb-row-layout-id4023_2f1fd3-25 > .kt-row-column-wrap) > .wp-block-kadence-column{justify-content:start;}.kb-row-layout-id4023_2f1fd3-25 > .kt-row-column-wrap{column-gap:var(--global-kb-gap-md, 2rem);row-gap:var(--global-kb-gap-md, 2rem);max-width:var( --global-content-width, 1250px );padding-left:var(--global-content-edge-padding);padding-right:var(--global-content-edge-padding);padding-top:var(--global-kb-spacing-xxs, 0.5rem);padding-bottom:var(--global-kb-spacing-sm, 1.5rem);grid-template-columns:minmax(0, 1fr);}.kb-row-layout-id4023_2f1fd3-25 > .kt-row-layout-overlay{opacity:0.30;}@media all and (max-width: 1024px){.kb-row-layout-id4023_2f1fd3-25 > .kt-row-column-wrap{grid-template-columns:minmax(0, 1fr);}}@media all and (max-width: 767px){.kb-row-layout-id4023_2f1fd3-25 > .kt-row-column-wrap{grid-template-columns:minmax(0, 1fr);}}<\/style><div class=\"kb-row-layout-wrap kb-row-layout-id4023_2f1fd3-25 alignnone wp-block-kadence-rowlayout\"><div class=\"kt-row-column-wrap kt-has-1-columns kt-row-layout-equal kt-tab-layout-inherit kt-mobile-layout-row kt-row-valign-top kb-theme-content-width\">\n<style>.kadence-column4023_8a821c-81 > .kt-inside-inner-col,.kadence-column4023_8a821c-81 > .kt-inside-inner-col:before{border-top-left-radius:0px;border-top-right-radius:0px;border-bottom-right-radius:0px;border-bottom-left-radius:0px;}.kadence-column4023_8a821c-81 > .kt-inside-inner-col{column-gap:var(--global-kb-gap-sm, 1rem);}.kadence-column4023_8a821c-81 > .kt-inside-inner-col{flex-direction:column;}.kadence-column4023_8a821c-81 > .kt-inside-inner-col > .aligncenter{width:100%;}.kadence-column4023_8a821c-81 > .kt-inside-inner-col:before{opacity:0.3;}.kadence-column4023_8a821c-81{position:relative;}@media all and (max-width: 1024px){.kadence-column4023_8a821c-81 > .kt-inside-inner-col{flex-direction:column;justify-content:center;}}@media all and (max-width: 767px){.kadence-column4023_8a821c-81 > .kt-inside-inner-col{padding-right:var(--global-kb-spacing-xs, 1rem);padding-left:var(--global-kb-spacing-xs, 1rem);flex-direction:column;justify-content:center;}}<\/style>\n<div class=\"wp-block-kadence-column kadence-column4023_8a821c-81\"><div class=\"kt-inside-inner-col\">\n<p><em>Ce tout petit mot a travers\u00e9&nbsp;sans se briser toute l\u2019histoire de l\u2019humanit\u00e9. Il n\u2019a cess\u00e9 de prendre toutes les formes, de s\u2019adapter \u00e0 tous les usages, des plus quotidiens aux plus festifs, ordinaires ou raffin\u00e9s, profanes ou sacr\u00e9s. <br>Dans l\u2019atelier de l\u2019artisan, avant d\u2019entreprendre son voyage de par le monde, il appara\u00eet au terme d\u2019un long cheminement. Qu\u2019il soit n\u00e9 de la spontan\u00e9it\u00e9 d\u2019un geste ou d\u2019une lente \u00e9laboration, il r\u00e9sume une somme de connaissances acquises dans la patience de multiples exp\u00e9rimentations. Comme un musicien, le potier n\u2019a pas \u00e9chapp\u00e9 \u00e0 l\u2019asc\u00e8se des gammes. Pour finir il a bien fallu qu\u2019il laisse au feu le dernier mot, ce passage brutal du projet \u00e0 l\u2019objet&nbsp;!<br>V\u00e9hicule d\u2019une relation, le vase conjugue un savoir faire et un art de pr\u00e9sence aux choses et \u00e0 autrui. VASE, VOIE\u2026<br>Au-del\u00e0 de sa fonction, le vase tient encore un langage qui lui est propre, celui de l\u2019imaginaire de son cr\u00e9ateur qui est un accompagnement po\u00e9tique. Comme au repos, il fait entendre une m\u00e9lodie qui&nbsp;\u00ab&nbsp;musicalise&nbsp;\u00bb la relation.<br>VASE, VOIE, PORTE-VOIX&nbsp;!<\/em><br>Fr\u00e8re Daniel.<\/p>\n<\/div><\/div>\n\n<\/div><\/div>\n\n<style>.kb-row-layout-id4023_e90061-1b > .kt-row-column-wrap{align-content:start;}:where(.kb-row-layout-id4023_e90061-1b > .kt-row-column-wrap) > .wp-block-kadence-column{justify-content:start;}.kb-row-layout-id4023_e90061-1b > .kt-row-column-wrap{column-gap:var(--global-kb-gap-md, 2rem);row-gap:var(--global-kb-gap-md, 2rem);padding-top:var(--global-kb-spacing-xs, 1rem);padding-right:var(--global-kb-spacing-xs, 1rem);padding-bottom:var(--global-kb-spacing-xs, 1rem);padding-left:var(--global-kb-spacing-xs, 1rem);grid-template-columns:minmax(0, 1fr);}.kb-row-layout-id4023_e90061-1b > .kt-row-layout-overlay{opacity:0.30;}@media all and (max-width: 1024px){.kb-row-layout-id4023_e90061-1b > .kt-row-column-wrap{grid-template-columns:minmax(0, 1fr);}}@media all and (max-width: 767px){.kb-row-layout-id4023_e90061-1b > .kt-row-column-wrap{grid-template-columns:minmax(0, 1fr);}}<\/style><div class=\"kb-row-layout-wrap kb-row-layout-id4023_e90061-1b alignwide wp-block-kadence-rowlayout\"><div class=\"kt-row-column-wrap kt-has-1-columns kt-row-layout-equal kt-tab-layout-inherit kt-mobile-layout-row kt-row-valign-top\">\n<style>.kadence-column4023_a4c1da-34 > .kt-inside-inner-col,.kadence-column4023_a4c1da-34 > .kt-inside-inner-col:before{border-top-left-radius:0px;border-top-right-radius:0px;border-bottom-right-radius:0px;border-bottom-left-radius:0px;}.kadence-column4023_a4c1da-34 > .kt-inside-inner-col{column-gap:var(--global-kb-gap-sm, 1rem);}.kadence-column4023_a4c1da-34 > .kt-inside-inner-col{flex-direction:column;}.kadence-column4023_a4c1da-34 > .kt-inside-inner-col > .aligncenter{width:100%;}.kadence-column4023_a4c1da-34 > .kt-inside-inner-col:before{opacity:0.3;}.kadence-column4023_a4c1da-34{position:relative;}@media all and (max-width: 1024px){.kadence-column4023_a4c1da-34 > .kt-inside-inner-col{flex-direction:column;justify-content:center;}}@media all and (max-width: 767px){.kadence-column4023_a4c1da-34 > .kt-inside-inner-col{flex-direction:column;justify-content:center;}}<\/style>\n<div class=\"wp-block-kadence-column kadence-column4023_a4c1da-34\"><div class=\"kt-inside-inner-col\"><style>.wp-block-kadence-advancedgallery .kb-gallery-type-grid.kb-gallery-id-4023_a2a392-05{margin:-5px;}.kb-gallery-type-grid.kb-gallery-id-4023_a2a392-05 .kadence-blocks-gallery-item{padding:5px;}.kb-gallery-id-4023_a2a392-05 .kadence-blocks-gallery-item .kb-gal-image-radius, .kb-gallery-id-4023_a2a392-05 .kb-slide-item .kb-gal-image-radius img{border-radius:0px 0px 0px 0px;;}.kb-gallery-caption-style-bottom.kb-gallery-id-4023_a2a392-05 .kadence-blocks-gallery-item .kadence-blocks-gallery-item-inner .kadence-blocks-gallery-item__caption, .kb-gallery-caption-style-bottom-hover.kb-gallery-id-4023_a2a392-05 .kadence-blocks-gallery-item .kadence-blocks-gallery-item-inner .kadence-blocks-gallery-item__caption{background:linear-gradient(0deg, rgba(0, 0, 0, 0.8) 0, rgba(0, 0, 0, 0) 100%);}<\/style><div class=\"kb-gallery-wrap-id-4023_a2a392-05 alignnone wp-block-kadence-advancedgallery\"><ul class=\"kb-gallery-ul kb-gallery-non-static kb-gallery-type-grid kb-gallery-id-4023_a2a392-05 kb-gallery-caption-style-bottom-hover kb-gallery-filter-none\" data-image-filter=\"none\" data-item-selector=\".kadence-blocks-gallery-item\" data-lightbox-caption=\"true\" data-columns-xxl=\"4\" data-columns-xl=\"4\" data-columns-md=\"4\" data-columns-sm=\"3\" data-columns-xs=\"2\" data-columns-ss=\"2\"><li class=\"kadence-blocks-gallery-item\" tabindex=\"0\"><div class=\"kadence-blocks-gallery-item-inner\"><figure class=\"kb-gallery-figure kadence-blocks-gallery-item-has-caption\"><div class=\"kb-gal-image-radius\"><div class=\"kb-gallery-image-contain kadence-blocks-gallery-intrinsic kb-gallery-image-ratio-square kb-has-image-ratio-square\" ><img loading=\"lazy\" decoding=\"async\" src=\"https:\/\/galerie-ancienne-poste.com\/wp-content\/uploads\/2025\/07\/galerie-daniel-de-montmollin-938x1024.jpg\" width=\"938\" height=\"1024\" alt=\"Daniel de Montmollin - exposition Daniel de Montmollin\" data-full-image=\"https:\/\/galerie-ancienne-poste.com\/wp-content\/uploads\/2025\/07\/galerie-daniel-de-montmollin.jpg\" data-light-image=\"https:\/\/galerie-ancienne-poste.com\/wp-content\/uploads\/2025\/07\/galerie-daniel-de-montmollin.jpg\" data-id=\"1411\" class=\"wp-image-1411\" srcset=\"https:\/\/galerie-ancienne-poste.com\/wp-content\/uploads\/2025\/07\/galerie-daniel-de-montmollin-938x1024.jpg 938w, https:\/\/galerie-ancienne-poste.com\/wp-content\/uploads\/2025\/07\/galerie-daniel-de-montmollin-275x300.jpg 275w, https:\/\/galerie-ancienne-poste.com\/wp-content\/uploads\/2025\/07\/galerie-daniel-de-montmollin-768x838.jpg 768w, https:\/\/galerie-ancienne-poste.com\/wp-content\/uploads\/2025\/07\/galerie-daniel-de-montmollin-1407x1536.jpg 1407w, https:\/\/galerie-ancienne-poste.com\/wp-content\/uploads\/2025\/07\/galerie-daniel-de-montmollin-11x12.jpg 11w, https:\/\/galerie-ancienne-poste.com\/wp-content\/uploads\/2025\/07\/galerie-daniel-de-montmollin.jpg 1466w\" sizes=\"auto, (max-width: 938px) 100vw, 938px\" \/><\/div><div class=\"kadence-blocks-gallery-item__caption\">Daniel de Montmollin, vase ovo\u00efde \u00e9mail mat, 2013<\/div><\/div><\/figure><\/div><\/li><li class=\"kadence-blocks-gallery-item\" tabindex=\"0\"><div class=\"kadence-blocks-gallery-item-inner\"><figure class=\"kb-gallery-figure kadence-blocks-gallery-item-has-caption\"><div class=\"kb-gal-image-radius\"><div class=\"kb-gallery-image-contain kadence-blocks-gallery-intrinsic kb-gallery-image-ratio-square kb-has-image-ratio-square\" ><img loading=\"lazy\" decoding=\"async\" src=\"https:\/\/galerie-ancienne-poste.com\/wp-content\/uploads\/2025\/07\/exposition-toucy-de-montmollin-1021x1024.jpg\" width=\"1021\" height=\"1024\" alt=\"Daniel de Montmollin - galerie Daniel de Montmollin\" data-full-image=\"https:\/\/galerie-ancienne-poste.com\/wp-content\/uploads\/2025\/07\/exposition-toucy-de-montmollin.jpg\" data-light-image=\"https:\/\/galerie-ancienne-poste.com\/wp-content\/uploads\/2025\/07\/exposition-toucy-de-montmollin.jpg\" data-id=\"1410\" class=\"wp-image-1410\" srcset=\"https:\/\/galerie-ancienne-poste.com\/wp-content\/uploads\/2025\/07\/exposition-toucy-de-montmollin-1021x1024.jpg 1021w, https:\/\/galerie-ancienne-poste.com\/wp-content\/uploads\/2025\/07\/exposition-toucy-de-montmollin-300x300.jpg 300w, https:\/\/galerie-ancienne-poste.com\/wp-content\/uploads\/2025\/07\/exposition-toucy-de-montmollin-150x150.jpg 150w, https:\/\/galerie-ancienne-poste.com\/wp-content\/uploads\/2025\/07\/exposition-toucy-de-montmollin-768x770.jpg 768w, https:\/\/galerie-ancienne-poste.com\/wp-content\/uploads\/2025\/07\/exposition-toucy-de-montmollin-12x12.jpg 12w, https:\/\/galerie-ancienne-poste.com\/wp-content\/uploads\/2025\/07\/exposition-toucy-de-montmollin.jpg 1496w\" sizes=\"auto, (max-width: 1021px) 100vw, 1021px\" \/><\/div><div class=\"kadence-blocks-gallery-item__caption\">Daniel de Montmollin, vase kaolin cuivre<\/div><\/div><\/figure><\/div><\/li><li class=\"kadence-blocks-gallery-item\" tabindex=\"0\"><div class=\"kadence-blocks-gallery-item-inner\"><figure class=\"kb-gallery-figure kadence-blocks-gallery-item-has-caption\"><div class=\"kb-gal-image-radius\"><div class=\"kb-gallery-image-contain kadence-blocks-gallery-intrinsic kb-gallery-image-ratio-square kb-has-image-ratio-square\" ><img loading=\"lazy\" decoding=\"async\" src=\"https:\/\/galerie-ancienne-poste.com\/wp-content\/uploads\/2025\/07\/expo-daniel-de-montmollin-943x1024.jpg\" width=\"943\" height=\"1024\" alt=\"Daniel de Montmollin -exposition Daniel de Montmollin\" data-full-image=\"https:\/\/galerie-ancienne-poste.com\/wp-content\/uploads\/2025\/07\/expo-daniel-de-montmollin.jpg\" data-light-image=\"https:\/\/galerie-ancienne-poste.com\/wp-content\/uploads\/2025\/07\/expo-daniel-de-montmollin.jpg\" data-id=\"1408\" class=\"wp-image-1408\" srcset=\"https:\/\/galerie-ancienne-poste.com\/wp-content\/uploads\/2025\/07\/expo-daniel-de-montmollin-943x1024.jpg 943w, https:\/\/galerie-ancienne-poste.com\/wp-content\/uploads\/2025\/07\/expo-daniel-de-montmollin-276x300.jpg 276w, https:\/\/galerie-ancienne-poste.com\/wp-content\/uploads\/2025\/07\/expo-daniel-de-montmollin-768x834.jpg 768w, https:\/\/galerie-ancienne-poste.com\/wp-content\/uploads\/2025\/07\/expo-daniel-de-montmollin-11x12.jpg 11w, https:\/\/galerie-ancienne-poste.com\/wp-content\/uploads\/2025\/07\/expo-daniel-de-montmollin.jpg 1382w\" sizes=\"auto, (max-width: 943px) 100vw, 943px\" \/><\/div><div class=\"kadence-blocks-gallery-item__caption\">Daniel de Montmollin petit vase bilob\u00e9 gr\u00e8s \u00e9mail mat, 2013<\/div><\/div><\/figure><\/div><\/li><li class=\"kadence-blocks-gallery-item\" tabindex=\"0\"><div class=\"kadence-blocks-gallery-item-inner\"><figure class=\"kb-gallery-figure kadence-blocks-gallery-item-has-caption\"><div class=\"kb-gal-image-radius\"><div class=\"kb-gallery-image-contain kadence-blocks-gallery-intrinsic kb-gallery-image-ratio-square kb-has-image-ratio-square\" ><img loading=\"lazy\" decoding=\"async\" src=\"https:\/\/galerie-ancienne-poste.com\/wp-content\/uploads\/2025\/07\/emaux-daniel-de-montmollin-1006x1024.jpg\" width=\"1006\" height=\"1024\" alt=\"Daniel de Montmollin - expo Daniel de Montmollin\" data-full-image=\"https:\/\/galerie-ancienne-poste.com\/wp-content\/uploads\/2025\/07\/emaux-daniel-de-montmollin.jpg\" data-light-image=\"https:\/\/galerie-ancienne-poste.com\/wp-content\/uploads\/2025\/07\/emaux-daniel-de-montmollin.jpg\" data-id=\"1407\" class=\"wp-image-1407\" srcset=\"https:\/\/galerie-ancienne-poste.com\/wp-content\/uploads\/2025\/07\/emaux-daniel-de-montmollin-1006x1024.jpg 1006w, https:\/\/galerie-ancienne-poste.com\/wp-content\/uploads\/2025\/07\/emaux-daniel-de-montmollin-295x300.jpg 295w, https:\/\/galerie-ancienne-poste.com\/wp-content\/uploads\/2025\/07\/emaux-daniel-de-montmollin-768x782.jpg 768w, https:\/\/galerie-ancienne-poste.com\/wp-content\/uploads\/2025\/07\/emaux-daniel-de-montmollin-12x12.jpg 12w, https:\/\/galerie-ancienne-poste.com\/wp-content\/uploads\/2025\/07\/emaux-daniel-de-montmollin.jpg 1474w\" sizes=\"auto, (max-width: 1006px) 100vw, 1006px\" \/><\/div><div class=\"kadence-blocks-gallery-item__caption\">Daniel de Montmollin vase, gr\u00e8s \u00e9maill\u00e9, 2013<\/div><\/div><\/figure><\/div><\/li><li class=\"kadence-blocks-gallery-item\" tabindex=\"0\"><div class=\"kadence-blocks-gallery-item-inner\"><figure class=\"kb-gallery-figure kadence-blocks-gallery-item-has-caption\"><div class=\"kb-gal-image-radius\"><div class=\"kb-gallery-image-contain kadence-blocks-gallery-intrinsic kb-gallery-image-ratio-square kb-has-image-ratio-square\" ><img loading=\"lazy\" decoding=\"async\" src=\"https:\/\/galerie-ancienne-poste.com\/wp-content\/uploads\/2025\/07\/de-montmollin-daniel-1008x1024.jpg\" width=\"1008\" height=\"1024\" alt=\"Daniel de Montmollin - galerie de l&#039;Ancienne Poste Daniel de Montmollin\" data-full-image=\"https:\/\/galerie-ancienne-poste.com\/wp-content\/uploads\/2025\/07\/de-montmollin-daniel.jpg\" data-light-image=\"https:\/\/galerie-ancienne-poste.com\/wp-content\/uploads\/2025\/07\/de-montmollin-daniel.jpg\" data-id=\"1406\" class=\"wp-image-1406\" srcset=\"https:\/\/galerie-ancienne-poste.com\/wp-content\/uploads\/2025\/07\/de-montmollin-daniel-1008x1024.jpg 1008w, https:\/\/galerie-ancienne-poste.com\/wp-content\/uploads\/2025\/07\/de-montmollin-daniel-295x300.jpg 295w, https:\/\/galerie-ancienne-poste.com\/wp-content\/uploads\/2025\/07\/de-montmollin-daniel-768x780.jpg 768w, https:\/\/galerie-ancienne-poste.com\/wp-content\/uploads\/2025\/07\/de-montmollin-daniel-12x12.jpg 12w, https:\/\/galerie-ancienne-poste.com\/wp-content\/uploads\/2025\/07\/de-montmollin-daniel.jpg 1477w\" sizes=\"auto, (max-width: 1008px) 100vw, 1008px\" \/><\/div><div class=\"kadence-blocks-gallery-item__caption\">Daniel de Montmollin vase, gr\u00e8s \u00e9maill\u00e9, 2013<\/div><\/div><\/figure><\/div><\/li><li class=\"kadence-blocks-gallery-item\" tabindex=\"0\"><div class=\"kadence-blocks-gallery-item-inner\"><figure class=\"kb-gallery-figure kadence-blocks-gallery-item-has-caption\"><div class=\"kb-gal-image-radius\"><div class=\"kb-gallery-image-contain kadence-blocks-gallery-intrinsic kb-gallery-image-ratio-square kb-has-image-ratio-square\" ><img loading=\"lazy\" decoding=\"async\" src=\"https:\/\/galerie-ancienne-poste.com\/wp-content\/uploads\/2025\/07\/daniel-de-montmollin-toucy-926x1024.jpg\" width=\"926\" height=\"1024\" alt=\"Daniel de Montmollin - exposition c\u00e9ramique - gr\u00e8s de Daniel de Montmollin\" data-full-image=\"https:\/\/galerie-ancienne-poste.com\/wp-content\/uploads\/2025\/07\/daniel-de-montmollin-toucy.jpg\" data-light-image=\"https:\/\/galerie-ancienne-poste.com\/wp-content\/uploads\/2025\/07\/daniel-de-montmollin-toucy.jpg\" data-id=\"1405\" class=\"wp-image-1405\" srcset=\"https:\/\/galerie-ancienne-poste.com\/wp-content\/uploads\/2025\/07\/daniel-de-montmollin-toucy-926x1024.jpg 926w, https:\/\/galerie-ancienne-poste.com\/wp-content\/uploads\/2025\/07\/daniel-de-montmollin-toucy-271x300.jpg 271w, https:\/\/galerie-ancienne-poste.com\/wp-content\/uploads\/2025\/07\/daniel-de-montmollin-toucy-768x849.jpg 768w, https:\/\/galerie-ancienne-poste.com\/wp-content\/uploads\/2025\/07\/daniel-de-montmollin-toucy-11x12.jpg 11w, https:\/\/galerie-ancienne-poste.com\/wp-content\/uploads\/2025\/07\/daniel-de-montmollin-toucy.jpg 1357w\" sizes=\"auto, (max-width: 926px) 100vw, 926px\" \/><\/div><div class=\"kadence-blocks-gallery-item__caption\">Daniel de Montmollin, vase bilob\u00e9, gr\u00e8s \u00e9maill\u00e9, 2013<\/div><\/div><\/figure><\/div><\/li><li class=\"kadence-blocks-gallery-item\" tabindex=\"0\"><div class=\"kadence-blocks-gallery-item-inner\"><figure class=\"kb-gallery-figure kadence-blocks-gallery-item-has-caption\"><div class=\"kb-gal-image-radius\"><div class=\"kb-gallery-image-contain kadence-blocks-gallery-intrinsic kb-gallery-image-ratio-square kb-has-image-ratio-square\" ><img loading=\"lazy\" decoding=\"async\" src=\"https:\/\/galerie-ancienne-poste.com\/wp-content\/uploads\/2025\/07\/daniel-de-montmollin-taize-989x1024.jpg\" width=\"989\" height=\"1024\" alt=\"Daniel de Montmollin - \u00e9maux de Daniel de Montmollin - gres de Daniel de Montmollin\" data-full-image=\"https:\/\/galerie-ancienne-poste.com\/wp-content\/uploads\/2025\/07\/daniel-de-montmollin-taize.jpg\" data-light-image=\"https:\/\/galerie-ancienne-poste.com\/wp-content\/uploads\/2025\/07\/daniel-de-montmollin-taize.jpg\" data-id=\"1404\" class=\"wp-image-1404\" srcset=\"https:\/\/galerie-ancienne-poste.com\/wp-content\/uploads\/2025\/07\/daniel-de-montmollin-taize-989x1024.jpg 989w, https:\/\/galerie-ancienne-poste.com\/wp-content\/uploads\/2025\/07\/daniel-de-montmollin-taize-290x300.jpg 290w, https:\/\/galerie-ancienne-poste.com\/wp-content\/uploads\/2025\/07\/daniel-de-montmollin-taize-768x796.jpg 768w, https:\/\/galerie-ancienne-poste.com\/wp-content\/uploads\/2025\/07\/daniel-de-montmollin-taize-12x12.jpg 12w, https:\/\/galerie-ancienne-poste.com\/wp-content\/uploads\/2025\/07\/daniel-de-montmollin-taize.jpg 1448w\" sizes=\"auto, (max-width: 989px) 100vw, 989px\" \/><\/div><div class=\"kadence-blocks-gallery-item__caption\">Daniel de Montmollin vase bilob\u00e9, gr\u00e8s \u00e9mail mat, 2013<\/div><\/div><\/figure><\/div><\/li><li class=\"kadence-blocks-gallery-item\" tabindex=\"0\"><div class=\"kadence-blocks-gallery-item-inner\"><figure class=\"kb-gallery-figure kadence-blocks-gallery-item-has-caption\"><div class=\"kb-gal-image-radius\"><div class=\"kb-gallery-image-contain kadence-blocks-gallery-intrinsic kb-gallery-image-ratio-square kb-has-image-ratio-square\" ><img loading=\"lazy\" decoding=\"async\" src=\"https:\/\/galerie-ancienne-poste.com\/wp-content\/uploads\/2025\/07\/daniel-de-montmollin-ceramique-967x1024.jpg\" width=\"967\" height=\"1024\" alt=\"Daniel de Montmollin exposition Galerie de l&#039;Ancienne Poste\" data-full-image=\"https:\/\/galerie-ancienne-poste.com\/wp-content\/uploads\/2025\/07\/daniel-de-montmollin-ceramique.jpg\" data-light-image=\"https:\/\/galerie-ancienne-poste.com\/wp-content\/uploads\/2025\/07\/daniel-de-montmollin-ceramique.jpg\" data-id=\"1401\" class=\"wp-image-1401\" srcset=\"https:\/\/galerie-ancienne-poste.com\/wp-content\/uploads\/2025\/07\/daniel-de-montmollin-ceramique-967x1024.jpg 967w, https:\/\/galerie-ancienne-poste.com\/wp-content\/uploads\/2025\/07\/daniel-de-montmollin-ceramique-283x300.jpg 283w, https:\/\/galerie-ancienne-poste.com\/wp-content\/uploads\/2025\/07\/daniel-de-montmollin-ceramique-768x814.jpg 768w, https:\/\/galerie-ancienne-poste.com\/wp-content\/uploads\/2025\/07\/daniel-de-montmollin-ceramique-11x12.jpg 11w, https:\/\/galerie-ancienne-poste.com\/wp-content\/uploads\/2025\/07\/daniel-de-montmollin-ceramique.jpg 1416w\" sizes=\"auto, (max-width: 967px) 100vw, 967px\" \/><\/div><div class=\"kadence-blocks-gallery-item__caption\">Daniel de Montmollin, forme bilob\u00e9e, gr\u00e8s \u00e9mail mat, 2013<\/div><\/div><\/figure><\/div><\/li><\/ul><\/div><\/div><\/div>\n\n<\/div><\/div>","protected":false},"excerpt":{"rendered":"<p>6 juillet &#8211; 5 septembre 2013<\/p>","protected":false},"author":6,"featured_media":1403,"template":"","meta":{"_acf_changed":false,"_kad_blocks_custom_css":"","_kad_blocks_head_custom_js":"","_kad_blocks_body_custom_js":"","_kad_blocks_footer_custom_js":"","_kad_post_transparent":"","_kad_post_title":"","_kad_post_layout":"","_kad_post_sidebar_id":"","_kad_post_content_style":"","_kad_post_vertical_padding":"","_kad_post_feature":"","_kad_post_feature_position":"","_kad_post_header":false,"_kad_post_footer":false,"_kad_post_classname":"","footnotes":""},"tags":[92],"artiste_":[145],"class_list":["post-4023","exposition","type-exposition","status-publish","has-post-thumbnail","hentry","tag-passees","artiste_-daniel-de-montmollin"],"acf":[],"taxonomy_info":{"post_tag":[{"value":92,"label":"Pass\u00e9es"}],"artiste_":[{"value":145,"label":"Daniel de Montmollin"}]},"featured_image_src_large":["https:\/\/galerie-ancienne-poste.com\/wp-content\/uploads\/2025\/07\/daniel-de-montmollin-gres-995x1024.jpg",995,1024,true],"author_info":{"display_name":"christophe","author_link":"https:\/\/galerie-ancienne-poste.com\/en\/author\/christophe\/"},"comment_info":"","_links":{"self":[{"href":"https:\/\/galerie-ancienne-poste.com\/en\/wp-json\/wp\/v2\/exposition\/4023","targetHints":{"allow":["GET"]}}],"collection":[{"href":"https:\/\/galerie-ancienne-poste.com\/en\/wp-json\/wp\/v2\/exposition"}],"about":[{"href":"https:\/\/galerie-ancienne-poste.com\/en\/wp-json\/wp\/v2\/types\/exposition"}],"author":[{"embeddable":true,"href":"https:\/\/galerie-ancienne-poste.com\/en\/wp-json\/wp\/v2\/users\/6"}],"version-history":[{"count":6,"href":"https:\/\/galerie-ancienne-poste.com\/en\/wp-json\/wp\/v2\/exposition\/4023\/revisions"}],"predecessor-version":[{"id":7971,"href":"https:\/\/galerie-ancienne-poste.com\/en\/wp-json\/wp\/v2\/exposition\/4023\/revisions\/7971"}],"wp:featuredmedia":[{"embeddable":true,"href":"https:\/\/galerie-ancienne-poste.com\/en\/wp-json\/wp\/v2\/media\/1403"}],"wp:attachment":[{"href":"https:\/\/galerie-ancienne-poste.com\/en\/wp-json\/wp\/v2\/media?parent=4023"}],"wp:term":[{"taxonomy":"post_tag","embeddable":true,"href":"https:\/\/galerie-ancienne-poste.com\/en\/wp-json\/wp\/v2\/tags?post=4023"},{"taxonomy":"artiste_","embeddable":true,"href":"https:\/\/galerie-ancienne-poste.com\/en\/wp-json\/wp\/v2\/artiste_?post=4023"}],"curies":[{"name":"wp","href":"https:\/\/api.w.org\/{rel}","templated":true}]}}