{"id":4244,"date":"2020-09-05T17:22:00","date_gmt":"2020-09-05T15:22:00","guid":{"rendered":"https:\/\/galerie-ancienne-poste.com\/?post_type=exposition&#038;p=4244"},"modified":"2025-08-29T18:45:39","modified_gmt":"2025-08-29T16:45:39","slug":"laurent-petit-2020","status":"publish","type":"exposition","link":"https:\/\/galerie-ancienne-poste.com\/en\/exposition\/laurent-petit-2020\/","title":{"rendered":"Laurent petit -2020"},"content":{"rendered":"<style>.kb-row-layout-id4244_2aba9e-d0 > .kt-row-column-wrap{align-content:start;}:where(.kb-row-layout-id4244_2aba9e-d0 > .kt-row-column-wrap) > .wp-block-kadence-column{justify-content:start;}.kb-row-layout-id4244_2aba9e-d0 > .kt-row-column-wrap{column-gap:var(--global-kb-gap-md, 2rem);row-gap:var(--global-kb-gap-md, 2rem);padding-top:var(--global-kb-spacing-xxs, 0.5rem);padding-bottom:var(--global-kb-spacing-sm, 1.5rem);}.kb-row-layout-id4244_2aba9e-d0 > .kt-row-column-wrap > div:not(.added-for-specificity){grid-column:initial;}.kb-row-layout-id4244_2aba9e-d0 > .kt-row-column-wrap{grid-template-columns:minmax(0, 1fr) minmax(0, 6fr) minmax(0, 1fr);}.kb-row-layout-id4244_2aba9e-d0 > .kt-row-layout-overlay{opacity:0.30;}@media all and (max-width: 1024px){.kb-row-layout-id4244_2aba9e-d0 > .kt-row-column-wrap > div:not(.added-for-specificity){grid-column:initial;}}@media all and (max-width: 1024px){.kb-row-layout-id4244_2aba9e-d0 > .kt-row-column-wrap{grid-template-columns:minmax(0, 1fr) minmax(0, 6fr) minmax(0, 1fr);}}@media all and (max-width: 767px){.kb-row-layout-id4244_2aba9e-d0 > .kt-row-column-wrap > div:not(.added-for-specificity){grid-column:initial;}.kb-row-layout-id4244_2aba9e-d0 > .kt-row-column-wrap{grid-template-columns:minmax(0, 1fr);}}<\/style><div class=\"kb-row-layout-wrap kb-row-layout-id4244_2aba9e-d0 alignnone wp-block-kadence-rowlayout\"><div class=\"kt-row-column-wrap kt-has-3-columns kt-row-layout-center-exwide kt-tab-layout-inherit kt-mobile-layout-row kt-row-valign-top\">\n<style>.kadence-column4244_f02db1-86 > .kt-inside-inner-col,.kadence-column4244_f02db1-86 > .kt-inside-inner-col:before{border-top-left-radius:0px;border-top-right-radius:0px;border-bottom-right-radius:0px;border-bottom-left-radius:0px;}.kadence-column4244_f02db1-86 > .kt-inside-inner-col{column-gap:var(--global-kb-gap-sm, 1rem);}.kadence-column4244_f02db1-86 > .kt-inside-inner-col{flex-direction:column;}.kadence-column4244_f02db1-86 > .kt-inside-inner-col > .aligncenter{width:100%;}.kadence-column4244_f02db1-86 > .kt-inside-inner-col:before{opacity:0.3;}.kadence-column4244_f02db1-86{position:relative;}@media all and (max-width: 1024px){.kadence-column4244_f02db1-86 > .kt-inside-inner-col{flex-direction:column;justify-content:center;}}@media all and (max-width: 767px){.kadence-column4244_f02db1-86 > .kt-inside-inner-col{flex-direction:column;justify-content:center;}}<\/style>\n<div class=\"wp-block-kadence-column kadence-column4244_f02db1-86\"><div class=\"kt-inside-inner-col\"><\/div><\/div>\n\n\n<style>.kadence-column4244_12db16-25 > .kt-inside-inner-col,.kadence-column4244_12db16-25 > .kt-inside-inner-col:before{border-top-left-radius:0px;border-top-right-radius:0px;border-bottom-right-radius:0px;border-bottom-left-radius:0px;}.kadence-column4244_12db16-25 > .kt-inside-inner-col{column-gap:var(--global-kb-gap-sm, 1rem);}.kadence-column4244_12db16-25 > .kt-inside-inner-col{flex-direction:column;}.kadence-column4244_12db16-25 > .kt-inside-inner-col > .aligncenter{width:100%;}.kadence-column4244_12db16-25 > .kt-inside-inner-col:before{opacity:0.3;}.kadence-column4244_12db16-25{position:relative;}@media all and (max-width: 1024px){.kadence-column4244_12db16-25 > .kt-inside-inner-col{flex-direction:column;justify-content:center;}}@media all and (max-width: 767px){.kadence-column4244_12db16-25 > .kt-inside-inner-col{padding-right:var(--global-kb-spacing-xs, 1rem);padding-left:var(--global-kb-spacing-xs, 1rem);flex-direction:column;justify-content:center;}}<\/style>\n<div class=\"wp-block-kadence-column kadence-column4244_12db16-25\"><div class=\"kt-inside-inner-col\"><style>.wp-block-kadence-advancedheading.kt-adv-heading4244_b8d536-68, .wp-block-kadence-advancedheading.kt-adv-heading4244_b8d536-68[data-kb-block=\"kb-adv-heading4244_b8d536-68\"]{text-align:left;font-size:var(--global-kb-font-size-xl, 3rem);font-style:normal;}.wp-block-kadence-advancedheading.kt-adv-heading4244_b8d536-68 mark.kt-highlight, .wp-block-kadence-advancedheading.kt-adv-heading4244_b8d536-68[data-kb-block=\"kb-adv-heading4244_b8d536-68\"] mark.kt-highlight{font-style:normal;color:#f76a0c;-webkit-box-decoration-break:clone;box-decoration-break:clone;padding-top:0px;padding-right:0px;padding-bottom:0px;padding-left:0px;}.wp-block-kadence-advancedheading.kt-adv-heading4244_b8d536-68 img.kb-inline-image, .wp-block-kadence-advancedheading.kt-adv-heading4244_b8d536-68[data-kb-block=\"kb-adv-heading4244_b8d536-68\"] img.kb-inline-image{width:150px;vertical-align:baseline;}<\/style>\n<h1 class=\"kt-adv-heading4244_b8d536-68 wp-block-kadence-advancedheading\" data-kb-block=\"kb-adv-heading4244_b8d536-68\">Laurent petit -2020<\/h1>\n\n\n<style>.wp-block-kadence-advancedheading.kt-adv-heading4244_82c944-31, .wp-block-kadence-advancedheading.kt-adv-heading4244_82c944-31[data-kb-block=\"kb-adv-heading4244_82c944-31\"]{text-align:left;font-style:normal;}.wp-block-kadence-advancedheading.kt-adv-heading4244_82c944-31 mark.kt-highlight, .wp-block-kadence-advancedheading.kt-adv-heading4244_82c944-31[data-kb-block=\"kb-adv-heading4244_82c944-31\"] mark.kt-highlight{font-style:normal;color:#f76a0c;-webkit-box-decoration-break:clone;box-decoration-break:clone;padding-top:0px;padding-right:0px;padding-bottom:0px;padding-left:0px;}.wp-block-kadence-advancedheading.kt-adv-heading4244_82c944-31 img.kb-inline-image, .wp-block-kadence-advancedheading.kt-adv-heading4244_82c944-31[data-kb-block=\"kb-adv-heading4244_82c944-31\"] img.kb-inline-image{width:150px;vertical-align:baseline;}<\/style>\n<h2 class=\"kt-adv-heading4244_82c944-31 wp-block-kadence-advancedheading\" data-kb-block=\"kb-adv-heading4244_82c944-31\">transmettre l&rsquo;oubli<\/h2>\n\n\n<style>.wp-block-kadence-advancedheading.kt-adv-heading4244_adf4be-f6, .wp-block-kadence-advancedheading.kt-adv-heading4244_adf4be-f6[data-kb-block=\"kb-adv-heading4244_adf4be-f6\"]{text-align:left;font-style:normal;}.wp-block-kadence-advancedheading.kt-adv-heading4244_adf4be-f6 mark.kt-highlight, .wp-block-kadence-advancedheading.kt-adv-heading4244_adf4be-f6[data-kb-block=\"kb-adv-heading4244_adf4be-f6\"] mark.kt-highlight{font-style:normal;color:#f76a0c;-webkit-box-decoration-break:clone;box-decoration-break:clone;padding-top:0px;padding-right:0px;padding-bottom:0px;padding-left:0px;}.wp-block-kadence-advancedheading.kt-adv-heading4244_adf4be-f6 img.kb-inline-image, .wp-block-kadence-advancedheading.kt-adv-heading4244_adf4be-f6[data-kb-block=\"kb-adv-heading4244_adf4be-f6\"] img.kb-inline-image{width:150px;vertical-align:baseline;}<\/style>\n<h2 class=\"kt-adv-heading4244_adf4be-f6 wp-block-kadence-advancedheading\" data-kb-block=\"kb-adv-heading4244_adf4be-f6\"><strong>5 septembre \u2013 &nbsp;5 novembre 2020<\/strong><\/h2>\n\n\n\n<p class=\"has-text-align-left\"><\/p>\n<\/div><\/div>\n\n\n<style>.kadence-column4244_056f90-05 > .kt-inside-inner-col,.kadence-column4244_056f90-05 > .kt-inside-inner-col:before{border-top-left-radius:0px;border-top-right-radius:0px;border-bottom-right-radius:0px;border-bottom-left-radius:0px;}.kadence-column4244_056f90-05 > .kt-inside-inner-col{column-gap:var(--global-kb-gap-sm, 1rem);}.kadence-column4244_056f90-05 > .kt-inside-inner-col{flex-direction:column;}.kadence-column4244_056f90-05 > .kt-inside-inner-col > .aligncenter{width:100%;}.kadence-column4244_056f90-05 > .kt-inside-inner-col:before{opacity:0.3;}.kadence-column4244_056f90-05{position:relative;}@media all and (max-width: 1024px){.kadence-column4244_056f90-05 > .kt-inside-inner-col{flex-direction:column;justify-content:center;}}@media all and (max-width: 767px){.kadence-column4244_056f90-05 > .kt-inside-inner-col{flex-direction:column;justify-content:center;}}<\/style>\n<div class=\"wp-block-kadence-column kadence-column4244_056f90-05\"><div class=\"kt-inside-inner-col\"><\/div><\/div>\n\n<\/div><\/div>\n\n<style>.kb-row-layout-id4244_0fb629-44 > .kt-row-column-wrap{align-content:start;}:where(.kb-row-layout-id4244_0fb629-44 > .kt-row-column-wrap) > .wp-block-kadence-column{justify-content:start;}.kb-row-layout-id4244_0fb629-44 > .kt-row-column-wrap{column-gap:var(--global-kb-gap-md, 2rem);row-gap:var(--global-kb-gap-md, 2rem);padding-top:var(--global-kb-spacing-xs, 1rem);padding-right:var(--global-kb-spacing-xs, 1rem);padding-bottom:var(--global-kb-spacing-xs, 1rem);padding-left:var(--global-kb-spacing-xs, 1rem);grid-template-columns:minmax(0, 1fr);}.kb-row-layout-id4244_0fb629-44 > .kt-row-layout-overlay{opacity:0.30;}@media all and (max-width: 1024px){.kb-row-layout-id4244_0fb629-44 > .kt-row-column-wrap{grid-template-columns:minmax(0, 1fr);}}@media all and (max-width: 767px){.kb-row-layout-id4244_0fb629-44 > .kt-row-column-wrap{grid-template-columns:minmax(0, 1fr);}}<\/style><div class=\"kb-row-layout-wrap kb-row-layout-id4244_0fb629-44 alignwide wp-block-kadence-rowlayout\"><div class=\"kt-row-column-wrap kt-has-1-columns kt-row-layout-equal kt-tab-layout-inherit kt-mobile-layout-row kt-row-valign-top\">\n<style>.kadence-column4244_5b8c84-9c > .kt-inside-inner-col,.kadence-column4244_5b8c84-9c > .kt-inside-inner-col:before{border-top-left-radius:0px;border-top-right-radius:0px;border-bottom-right-radius:0px;border-bottom-left-radius:0px;}.kadence-column4244_5b8c84-9c > .kt-inside-inner-col{column-gap:var(--global-kb-gap-sm, 1rem);}.kadence-column4244_5b8c84-9c > .kt-inside-inner-col{flex-direction:column;}.kadence-column4244_5b8c84-9c > .kt-inside-inner-col > .aligncenter{width:100%;}.kadence-column4244_5b8c84-9c > .kt-inside-inner-col:before{opacity:0.3;}.kadence-column4244_5b8c84-9c{position:relative;}@media all and (max-width: 1024px){.kadence-column4244_5b8c84-9c > .kt-inside-inner-col{flex-direction:column;justify-content:center;}}@media all and (max-width: 767px){.kadence-column4244_5b8c84-9c > .kt-inside-inner-col{flex-direction:column;justify-content:center;}}<\/style>\n<div class=\"wp-block-kadence-column kadence-column4244_5b8c84-9c\"><div class=\"kt-inside-inner-col\"><style>.wp-block-kadence-advancedgallery .kb-gallery-type-grid.kb-gallery-id-4244_fc23f9-16{margin:-5px;}.kb-gallery-type-grid.kb-gallery-id-4244_fc23f9-16 .kadence-blocks-gallery-item{padding:5px;}.kb-gallery-id-4244_fc23f9-16 .kadence-blocks-gallery-item .kb-gal-image-radius, .kb-gallery-id-4244_fc23f9-16 .kb-slide-item .kb-gal-image-radius img{border-radius:0px 0px 0px 0px;;}.kb-gallery-caption-style-bottom.kb-gallery-id-4244_fc23f9-16 .kadence-blocks-gallery-item .kadence-blocks-gallery-item-inner .kadence-blocks-gallery-item__caption, .kb-gallery-caption-style-bottom-hover.kb-gallery-id-4244_fc23f9-16 .kadence-blocks-gallery-item .kadence-blocks-gallery-item-inner .kadence-blocks-gallery-item__caption{background:linear-gradient(0deg, rgba(0, 0, 0, 0.8) 0, rgba(0, 0, 0, 0) 100%);}<\/style><div class=\"kb-gallery-wrap-id-4244_fc23f9-16 alignnone wp-block-kadence-advancedgallery\"><ul class=\"kb-gallery-ul kb-gallery-non-static kb-gallery-type-grid kb-gallery-id-4244_fc23f9-16 kb-gallery-caption-style-bottom-hover kb-gallery-filter-none\" data-image-filter=\"none\" data-item-selector=\".kadence-blocks-gallery-item\" data-lightbox-caption=\"true\" data-columns-xxl=\"1\" data-columns-xl=\"1\" data-columns-md=\"1\" data-columns-sm=\"1\" data-columns-xs=\"1\" data-columns-ss=\"1\"><li class=\"kadence-blocks-gallery-item\" tabindex=\"0\"><div class=\"kadence-blocks-gallery-item-inner\"><figure class=\"kb-gallery-figure kadence-blocks-gallery-item-has-caption\"><div class=\"kb-gal-image-radius\"><div class=\"kb-gallery-image-contain kadence-blocks-gallery-intrinsic kb-gallery-image-ratio-land21 kb-has-image-ratio-land21\" ><img loading=\"lazy\" decoding=\"async\" src=\"https:\/\/galerie-ancienne-poste.com\/wp-content\/uploads\/2025\/07\/laurent-petit-expo-2020.jpg\" width=\"2600\" height=\"2000\" alt=\"Laurent Petit c\u00e9ramiste - Laurent Petit sculpture c\u00e9ramique - Laurent Petit galerie - Laurent Petit vente\" data-full-image=\"https:\/\/galerie-ancienne-poste.com\/wp-content\/uploads\/2025\/07\/laurent-petit-expo-2020.jpg\" data-light-image=\"https:\/\/galerie-ancienne-poste.com\/wp-content\/uploads\/2025\/07\/laurent-petit-expo-2020.jpg\" data-id=\"842\" class=\"wp-image-842\" srcset=\"https:\/\/galerie-ancienne-poste.com\/wp-content\/uploads\/2025\/07\/laurent-petit-expo-2020.jpg 2600w, https:\/\/galerie-ancienne-poste.com\/wp-content\/uploads\/2025\/07\/laurent-petit-expo-2020-300x231.jpg 300w, https:\/\/galerie-ancienne-poste.com\/wp-content\/uploads\/2025\/07\/laurent-petit-expo-2020-1024x788.jpg 1024w, https:\/\/galerie-ancienne-poste.com\/wp-content\/uploads\/2025\/07\/laurent-petit-expo-2020-768x591.jpg 768w, https:\/\/galerie-ancienne-poste.com\/wp-content\/uploads\/2025\/07\/laurent-petit-expo-2020-1536x1182.jpg 1536w, https:\/\/galerie-ancienne-poste.com\/wp-content\/uploads\/2025\/07\/laurent-petit-expo-2020-2048x1575.jpg 2048w, https:\/\/galerie-ancienne-poste.com\/wp-content\/uploads\/2025\/07\/laurent-petit-expo-2020-16x12.jpg 16w, https:\/\/galerie-ancienne-poste.com\/wp-content\/uploads\/2025\/07\/laurent-petit-expo-2020-600x462.jpg 600w\" sizes=\"auto, (max-width: 2600px) 100vw, 2600px\" \/><\/div><div class=\"kadence-blocks-gallery-item__caption\">Laurent Petit. Bataille, 2017, gr\u00e8s engob\u00e9 et \u00e9maill\u00e9, h. 45,5 x 59,5 x 26,5 cm.<\/div><\/div><\/figure><\/div><\/li><\/ul><\/div><\/div><\/div>\n\n<\/div><\/div>\n\n<style>.kb-row-layout-id4244_977ae9-3e > .kt-row-column-wrap{align-content:start;}:where(.kb-row-layout-id4244_977ae9-3e > .kt-row-column-wrap) > .wp-block-kadence-column{justify-content:start;}.kb-row-layout-id4244_977ae9-3e > .kt-row-column-wrap{column-gap:var(--global-kb-gap-md, 2rem);row-gap:var(--global-kb-gap-md, 2rem);max-width:var( --global-content-width, 1250px );padding-left:var(--global-content-edge-padding);padding-right:var(--global-content-edge-padding);padding-top:var(--global-kb-spacing-xxs, 0.5rem);padding-bottom:var(--global-kb-spacing-sm, 1.5rem);grid-template-columns:minmax(0, 1fr);}.kb-row-layout-id4244_977ae9-3e > .kt-row-layout-overlay{opacity:0.30;}@media all and (max-width: 1024px){.kb-row-layout-id4244_977ae9-3e > .kt-row-column-wrap{grid-template-columns:minmax(0, 1fr);}}@media all and (max-width: 767px){.kb-row-layout-id4244_977ae9-3e > .kt-row-column-wrap{grid-template-columns:minmax(0, 1fr);}}<\/style><div class=\"kb-row-layout-wrap kb-row-layout-id4244_977ae9-3e alignnone wp-block-kadence-rowlayout\"><div class=\"kt-row-column-wrap kt-has-1-columns kt-row-layout-equal kt-tab-layout-inherit kt-mobile-layout-row kt-row-valign-top kb-theme-content-width\">\n<style>.kadence-column4244_a87f27-07 > .kt-inside-inner-col,.kadence-column4244_a87f27-07 > .kt-inside-inner-col:before{border-top-left-radius:0px;border-top-right-radius:0px;border-bottom-right-radius:0px;border-bottom-left-radius:0px;}.kadence-column4244_a87f27-07 > .kt-inside-inner-col{column-gap:var(--global-kb-gap-sm, 1rem);}.kadence-column4244_a87f27-07 > .kt-inside-inner-col{flex-direction:column;}.kadence-column4244_a87f27-07 > .kt-inside-inner-col > .aligncenter{width:100%;}.kadence-column4244_a87f27-07 > .kt-inside-inner-col:before{opacity:0.3;}.kadence-column4244_a87f27-07{position:relative;}@media all and (max-width: 1024px){.kadence-column4244_a87f27-07 > .kt-inside-inner-col{flex-direction:column;justify-content:center;}}@media all and (max-width: 767px){.kadence-column4244_a87f27-07 > .kt-inside-inner-col{padding-right:var(--global-kb-spacing-xs, 1rem);padding-left:var(--global-kb-spacing-xs, 1rem);flex-direction:column;justify-content:center;}}<\/style>\n<div class=\"wp-block-kadence-column kadence-column4244_a87f27-07\"><div class=\"kt-inside-inner-col\">\n<p>Co\u00efncidant avec la pr\u00e9sentation de ses \u0153uvres au mus\u00e9e La Piscine \u00e0 Roubaix, dans le cadre de la \u00ab&nbsp;Carte blanche \u00e0 la Galerie de l\u2019Ancienne Poste&nbsp;\u00bb, cette deuxi\u00e8me exposition personnelle \u00e0 la galerie de Laurent Petit d\u00e9voile une quinzaine de sculptures r\u00e9centes o\u00f9 l\u2019artiste c\u00e9ramiste renoue avec une certaine forme de narration, \u00e0 travers la r\u00e9appropriation des mythes et batailles propres \u00e0 la culture m\u00e9diterran\u00e9enne.<br>Laurent Petit est n\u00e9 en 1962 \u00e0 Bourges dans le Cher. Dipl\u00f4m\u00e9 de l\u2019Ecole Nationale Sup\u00e9rieure des Arts D\u00e9coratifs de Paris et de la Maison de la C\u00e9ramique de Mulhouse, Laurent Petit a choisi l\u2019expression c\u00e9ramique depuis 1996. Il a figur\u00e9 en 2019 parmi les finalistes de la 25<sup>e<\/sup> \u00e9dition de la Biennale Internationale de C\u00e9ramique Contemporaine de Vallauris.<\/p>\n\n\n\n<p><a href=\"https:\/\/galerie-ancienne-poste.com\/produit\/catalogue-laurent-petit-2\/\" data-type=\"product\" data-id=\"2584\">Catalogue de l&rsquo;exposition<\/a><\/p>\n<\/div><\/div>\n\n<\/div><\/div>\n\n<style>.kb-row-layout-id4244_479268-2c > .kt-row-column-wrap{align-content:start;}:where(.kb-row-layout-id4244_479268-2c > .kt-row-column-wrap) > .wp-block-kadence-column{justify-content:start;}.kb-row-layout-id4244_479268-2c > .kt-row-column-wrap{column-gap:var(--global-kb-gap-md, 2rem);row-gap:var(--global-kb-gap-md, 2rem);padding-top:var(--global-kb-spacing-xs, 1rem);padding-right:var(--global-kb-spacing-xs, 1rem);padding-bottom:var(--global-kb-spacing-xs, 1rem);padding-left:var(--global-kb-spacing-xs, 1rem);grid-template-columns:minmax(0, 1fr);}.kb-row-layout-id4244_479268-2c > .kt-row-layout-overlay{opacity:0.30;}@media all and (max-width: 1024px){.kb-row-layout-id4244_479268-2c > .kt-row-column-wrap{grid-template-columns:minmax(0, 1fr);}}@media all and (max-width: 767px){.kb-row-layout-id4244_479268-2c > .kt-row-column-wrap{grid-template-columns:minmax(0, 1fr);}}<\/style><div class=\"kb-row-layout-wrap kb-row-layout-id4244_479268-2c alignwide wp-block-kadence-rowlayout\"><div class=\"kt-row-column-wrap kt-has-1-columns kt-row-layout-equal kt-tab-layout-inherit kt-mobile-layout-row kt-row-valign-top\">\n<style>.kadence-column4244_d825c0-a0 > .kt-inside-inner-col,.kadence-column4244_d825c0-a0 > .kt-inside-inner-col:before{border-top-left-radius:0px;border-top-right-radius:0px;border-bottom-right-radius:0px;border-bottom-left-radius:0px;}.kadence-column4244_d825c0-a0 > .kt-inside-inner-col{column-gap:var(--global-kb-gap-sm, 1rem);}.kadence-column4244_d825c0-a0 > .kt-inside-inner-col{flex-direction:column;}.kadence-column4244_d825c0-a0 > .kt-inside-inner-col > .aligncenter{width:100%;}.kadence-column4244_d825c0-a0 > .kt-inside-inner-col:before{opacity:0.3;}.kadence-column4244_d825c0-a0{position:relative;}@media all and (max-width: 1024px){.kadence-column4244_d825c0-a0 > .kt-inside-inner-col{flex-direction:column;justify-content:center;}}@media all and (max-width: 767px){.kadence-column4244_d825c0-a0 > .kt-inside-inner-col{flex-direction:column;justify-content:center;}}<\/style>\n<div class=\"wp-block-kadence-column kadence-column4244_d825c0-a0\"><div class=\"kt-inside-inner-col\"><style>.wp-block-kadence-advancedgallery .kb-gallery-type-grid.kb-gallery-id-4244_bc3cb9-06{margin:-5px;}.kb-gallery-type-grid.kb-gallery-id-4244_bc3cb9-06 .kadence-blocks-gallery-item{padding:5px;}.kb-gallery-id-4244_bc3cb9-06 .kadence-blocks-gallery-item .kb-gal-image-radius, .kb-gallery-id-4244_bc3cb9-06 .kb-slide-item .kb-gal-image-radius img{border-radius:0px 0px 0px 0px;;}.kb-gallery-caption-style-bottom.kb-gallery-id-4244_bc3cb9-06 .kadence-blocks-gallery-item .kadence-blocks-gallery-item-inner .kadence-blocks-gallery-item__caption, .kb-gallery-caption-style-bottom-hover.kb-gallery-id-4244_bc3cb9-06 .kadence-blocks-gallery-item .kadence-blocks-gallery-item-inner .kadence-blocks-gallery-item__caption{background:linear-gradient(0deg, rgba(0, 0, 0, 0.8) 0, rgba(0, 0, 0, 0) 100%);}<\/style><div class=\"kb-gallery-wrap-id-4244_bc3cb9-06 alignnone wp-block-kadence-advancedgallery\"><ul class=\"kb-gallery-ul kb-gallery-non-static kb-gallery-type-grid kb-gallery-id-4244_bc3cb9-06 kb-gallery-caption-style-bottom-hover kb-gallery-filter-none\" data-image-filter=\"none\" data-item-selector=\".kadence-blocks-gallery-item\" data-lightbox-caption=\"true\" data-columns-xxl=\"2\" data-columns-xl=\"2\" data-columns-md=\"2\" data-columns-sm=\"2\" data-columns-xs=\"1\" data-columns-ss=\"1\"><li class=\"kadence-blocks-gallery-item\"><div class=\"kadence-blocks-gallery-item-inner\"><figure class=\"kb-gallery-figure kb-gallery-item-has-link kadence-blocks-gallery-item-has-caption\"><a href=\"https:\/\/galerie-ancienne-poste.com\/wp-content\/uploads\/2025\/07\/laurent-petit-galerie-ancienne-poste.jpg\" class=\"kb-gallery-item-link\"  ><div class=\"kb-gal-image-radius\"><div class=\"kb-gallery-image-contain kadence-blocks-gallery-intrinsic kb-gallery-image-ratio-square kb-has-image-ratio-square\" ><img loading=\"lazy\" decoding=\"async\" src=\"https:\/\/galerie-ancienne-poste.com\/wp-content\/uploads\/2025\/07\/laurent-petit-galerie-ancienne-poste-1024x1016.jpg\" width=\"1024\" height=\"1016\" alt=\"Laurent Petit\" data-full-image=\"https:\/\/galerie-ancienne-poste.com\/wp-content\/uploads\/2025\/07\/laurent-petit-galerie-ancienne-poste.jpg\" data-light-image=\"https:\/\/galerie-ancienne-poste.com\/wp-content\/uploads\/2025\/07\/laurent-petit-galerie-ancienne-poste.jpg\" data-id=\"845\" class=\"wp-image-845\" srcset=\"https:\/\/galerie-ancienne-poste.com\/wp-content\/uploads\/2025\/07\/laurent-petit-galerie-ancienne-poste-1024x1016.jpg 1024w, https:\/\/galerie-ancienne-poste.com\/wp-content\/uploads\/2025\/07\/laurent-petit-galerie-ancienne-poste-300x298.jpg 300w, https:\/\/galerie-ancienne-poste.com\/wp-content\/uploads\/2025\/07\/laurent-petit-galerie-ancienne-poste-150x150.jpg 150w, https:\/\/galerie-ancienne-poste.com\/wp-content\/uploads\/2025\/07\/laurent-petit-galerie-ancienne-poste-768x762.jpg 768w, https:\/\/galerie-ancienne-poste.com\/wp-content\/uploads\/2025\/07\/laurent-petit-galerie-ancienne-poste-12x12.jpg 12w, https:\/\/galerie-ancienne-poste.com\/wp-content\/uploads\/2025\/07\/laurent-petit-galerie-ancienne-poste.jpg 1512w\" sizes=\"auto, (max-width: 1024px) 100vw, 1024px\" \/><\/div><div class=\"kadence-blocks-gallery-item__caption\">Laurent Petit &#8211; La superbe d\u2019Achille, 2018<\/div><\/div><\/a><\/figure><\/div><\/li><li class=\"kadence-blocks-gallery-item\"><div class=\"kadence-blocks-gallery-item-inner\"><figure class=\"kb-gallery-figure kb-gallery-item-has-link kadence-blocks-gallery-item-has-caption\"><a href=\"https:\/\/galerie-ancienne-poste.com\/wp-content\/uploads\/2025\/07\/laurent-petit-ceramic.jpg\" class=\"kb-gallery-item-link\"  ><div class=\"kb-gal-image-radius\"><div class=\"kb-gallery-image-contain kadence-blocks-gallery-intrinsic kb-gallery-image-ratio-square kb-has-image-ratio-square\" ><img loading=\"lazy\" decoding=\"async\" src=\"https:\/\/galerie-ancienne-poste.com\/wp-content\/uploads\/2025\/07\/laurent-petit-ceramic-1016x1024.jpg\" width=\"1016\" height=\"1024\" alt=\"Laurent Petit - Laurent Petit sculpture - Galerie de l&#039;Ancienne Poste - galerie de c\u00e9ramique\" data-full-image=\"https:\/\/galerie-ancienne-poste.com\/wp-content\/uploads\/2025\/07\/laurent-petit-ceramic.jpg\" data-light-image=\"https:\/\/galerie-ancienne-poste.com\/wp-content\/uploads\/2025\/07\/laurent-petit-ceramic.jpg\" data-id=\"840\" class=\"wp-image-840\" srcset=\"https:\/\/galerie-ancienne-poste.com\/wp-content\/uploads\/2025\/07\/laurent-petit-ceramic-1016x1024.jpg 1016w, https:\/\/galerie-ancienne-poste.com\/wp-content\/uploads\/2025\/07\/laurent-petit-ceramic-298x300.jpg 298w, https:\/\/galerie-ancienne-poste.com\/wp-content\/uploads\/2025\/07\/laurent-petit-ceramic-150x150.jpg 150w, https:\/\/galerie-ancienne-poste.com\/wp-content\/uploads\/2025\/07\/laurent-petit-ceramic-768x774.jpg 768w, https:\/\/galerie-ancienne-poste.com\/wp-content\/uploads\/2025\/07\/laurent-petit-ceramic-12x12.jpg 12w, https:\/\/galerie-ancienne-poste.com\/wp-content\/uploads\/2025\/07\/laurent-petit-ceramic.jpg 1489w\" sizes=\"auto, (max-width: 1016px) 100vw, 1016px\" \/><\/div><div class=\"kadence-blocks-gallery-item__caption\">Laurent Petit &#8211; La querelle de Calydon, 2019<\/div><\/div><\/a><\/figure><\/div><\/li><\/ul><\/div><\/div><\/div>\n\n<\/div><\/div>\n\n<style>.kb-row-layout-id4244_63a352-be > .kt-row-column-wrap{align-content:start;}:where(.kb-row-layout-id4244_63a352-be > .kt-row-column-wrap) > .wp-block-kadence-column{justify-content:start;}.kb-row-layout-id4244_63a352-be > .kt-row-column-wrap{column-gap:var(--global-kb-gap-md, 2rem);row-gap:var(--global-kb-gap-md, 2rem);max-width:var( --global-content-width, 1250px );padding-left:var(--global-content-edge-padding);padding-right:var(--global-content-edge-padding);padding-top:var(--global-kb-spacing-xxs, 0.5rem);padding-bottom:var(--global-kb-spacing-sm, 1.5rem);grid-template-columns:minmax(0, 1fr);}.kb-row-layout-id4244_63a352-be > .kt-row-layout-overlay{opacity:0.30;}@media all and (max-width: 1024px){.kb-row-layout-id4244_63a352-be > .kt-row-column-wrap{grid-template-columns:minmax(0, 1fr);}}@media all and (max-width: 767px){.kb-row-layout-id4244_63a352-be > .kt-row-column-wrap{grid-template-columns:minmax(0, 1fr);}}<\/style><div class=\"kb-row-layout-wrap kb-row-layout-id4244_63a352-be alignnone wp-block-kadence-rowlayout\"><div class=\"kt-row-column-wrap kt-has-1-columns kt-row-layout-equal kt-tab-layout-inherit kt-mobile-layout-row kt-row-valign-top kb-theme-content-width\">\n<style>.kadence-column4244_63d4ae-8c > .kt-inside-inner-col,.kadence-column4244_63d4ae-8c > .kt-inside-inner-col:before{border-top-left-radius:0px;border-top-right-radius:0px;border-bottom-right-radius:0px;border-bottom-left-radius:0px;}.kadence-column4244_63d4ae-8c > .kt-inside-inner-col{column-gap:var(--global-kb-gap-sm, 1rem);}.kadence-column4244_63d4ae-8c > .kt-inside-inner-col{flex-direction:column;}.kadence-column4244_63d4ae-8c > .kt-inside-inner-col > .aligncenter{width:100%;}.kadence-column4244_63d4ae-8c > .kt-inside-inner-col:before{opacity:0.3;}.kadence-column4244_63d4ae-8c{position:relative;}@media all and (max-width: 1024px){.kadence-column4244_63d4ae-8c > .kt-inside-inner-col{flex-direction:column;justify-content:center;}}@media all and (max-width: 767px){.kadence-column4244_63d4ae-8c > .kt-inside-inner-col{padding-right:var(--global-kb-spacing-xs, 1rem);padding-left:var(--global-kb-spacing-xs, 1rem);flex-direction:column;justify-content:center;}}<\/style>\n<div class=\"wp-block-kadence-column kadence-column4244_63d4ae-8c\"><div class=\"kt-inside-inner-col\">\n<p><em>Laurent Petit a d\u00e9j\u00e0 dit qu\u2019il r\u00e9alisait un travail \u00e0 la fois pictural et sculptural. La haute place qu\u2019il conf\u00e8re au blanc peut \u00e9voquer l\u2019espace de projection, tr\u00e8s ouvert, du regardeur face \u00e0 une toile. Pour l\u2019artiste, \u00ab&nbsp;Cela donne aussi une valeur diff\u00e9rente, plus forte, \u00e0 ce qui vient contester le blanc, c\u2019est-\u00e0-dire les concr\u00e9tions de mati\u00e8re puis les traces de couleur. Tout ce que je pose en compl\u00e9ment du blanc le transcende et me permet de rechercher une min\u00e9ralit\u00e9 \u00e9nigmatique.&nbsp;\u00bb Il rem\u00e9more que le blanc s\u2019imposa d\u00e8s le d\u00e9but, sous l\u2019influence du sculpteur Gordon Baldwin, mais aussi de la peintre Joan Mitchell et, \u00e9videmment, de Cy Twombly. \u00ab&nbsp;Je pense que le blanc me permet d\u2019emmener une forme de neutralit\u00e9 et de calme, en contrepoint des zones tr\u00e8s color\u00e9es, notamment si je songe \u00e0 mes premi\u00e8res c\u00e9ramiques, qui \u00e9taient plus en mati\u00e8re, avec du grain. Cy Twombly avait d\u00e9clar\u00e9, un jour, que l\u2019on pouvait consid\u00e9rer les plages de blanc de ses tableaux telles des zones n\u00e9oromantiques du souvenir. Cette d\u00e9finition me convient parfaitement, car je consid\u00e8re mes sculptures comme des espaces comm\u00e9moratifs sur lesquels je d\u00e9ploie des traces.&nbsp;\u00bb Sur ses derni\u00e8res \u0153uvres, les plages de blanc semblent ainsi encore plus essentielles \u00e0 Laurent Petit. Il en fait une m\u00e9taphore de la r\u00e9miniscence fragile, r\u00e9alis\u00e9e par de fins engobes accueillant, en contrepoint, des zones brillantes qui refl\u00e8tent un memento actif. \u00ab&nbsp;Dans la vie, conclut-il, ces deux notions cohabitent toujours, alliant des souvenirs fugaces \u00e0 une m\u00e9moire vive, d\u2019autant plus r\u00e9anim\u00e9e par ce que l\u2019on voit\u2026&nbsp;<\/em><br>Marie Maertens<br>Commissaire et critique d\u2019art,<br><a href=\"https:\/\/galerie-ancienne-poste.com\/produit\/catalogue-laurent-petit-2\/\" data-type=\"product\" data-id=\"2584\">Extrait du catalogue de l\u2019exposition<\/a><\/p>\n\n\n\n<p><em>AuteurDeLaCitation, avril 2025<br>Extrait du catalogue de l\u2019exposition.<\/em><\/p>\n<\/div><\/div>\n\n<\/div><\/div>\n\n<style>.kb-row-layout-id4244_cb8f84-f7 > .kt-row-column-wrap{align-content:start;}:where(.kb-row-layout-id4244_cb8f84-f7 > .kt-row-column-wrap) > .wp-block-kadence-column{justify-content:start;}.kb-row-layout-id4244_cb8f84-f7 > .kt-row-column-wrap{column-gap:var(--global-kb-gap-md, 2rem);row-gap:var(--global-kb-gap-md, 2rem);padding-top:var(--global-kb-spacing-xs, 1rem);padding-right:var(--global-kb-spacing-xs, 1rem);padding-bottom:var(--global-kb-spacing-xs, 1rem);padding-left:var(--global-kb-spacing-xs, 1rem);grid-template-columns:minmax(0, 1fr);}.kb-row-layout-id4244_cb8f84-f7 > .kt-row-layout-overlay{opacity:0.30;}@media all and (max-width: 1024px){.kb-row-layout-id4244_cb8f84-f7 > .kt-row-column-wrap{grid-template-columns:minmax(0, 1fr);}}@media all and (max-width: 767px){.kb-row-layout-id4244_cb8f84-f7 > .kt-row-column-wrap{grid-template-columns:minmax(0, 1fr);}}<\/style><div class=\"kb-row-layout-wrap kb-row-layout-id4244_cb8f84-f7 alignwide wp-block-kadence-rowlayout\"><div class=\"kt-row-column-wrap kt-has-1-columns kt-row-layout-equal kt-tab-layout-inherit kt-mobile-layout-row kt-row-valign-top\">\n<style>.kadence-column4244_44e8c4-84 > .kt-inside-inner-col,.kadence-column4244_44e8c4-84 > .kt-inside-inner-col:before{border-top-left-radius:0px;border-top-right-radius:0px;border-bottom-right-radius:0px;border-bottom-left-radius:0px;}.kadence-column4244_44e8c4-84 > .kt-inside-inner-col{column-gap:var(--global-kb-gap-sm, 1rem);}.kadence-column4244_44e8c4-84 > .kt-inside-inner-col{flex-direction:column;}.kadence-column4244_44e8c4-84 > .kt-inside-inner-col > .aligncenter{width:100%;}.kadence-column4244_44e8c4-84 > .kt-inside-inner-col:before{opacity:0.3;}.kadence-column4244_44e8c4-84{position:relative;}@media all and (max-width: 1024px){.kadence-column4244_44e8c4-84 > .kt-inside-inner-col{flex-direction:column;justify-content:center;}}@media all and (max-width: 767px){.kadence-column4244_44e8c4-84 > .kt-inside-inner-col{flex-direction:column;justify-content:center;}}<\/style>\n<div class=\"wp-block-kadence-column kadence-column4244_44e8c4-84\"><div class=\"kt-inside-inner-col\"><style>.wp-block-kadence-advancedgallery .kb-gallery-type-grid.kb-gallery-id-4244_381be2-c8{margin:-5px;}.kb-gallery-type-grid.kb-gallery-id-4244_381be2-c8 .kadence-blocks-gallery-item{padding:5px;}.kb-gallery-id-4244_381be2-c8 .kadence-blocks-gallery-item .kb-gal-image-radius, .kb-gallery-id-4244_381be2-c8 .kb-slide-item .kb-gal-image-radius img{border-radius:0px 0px 0px 0px;;}.kb-gallery-caption-style-bottom.kb-gallery-id-4244_381be2-c8 .kadence-blocks-gallery-item .kadence-blocks-gallery-item-inner .kadence-blocks-gallery-item__caption, .kb-gallery-caption-style-bottom-hover.kb-gallery-id-4244_381be2-c8 .kadence-blocks-gallery-item .kadence-blocks-gallery-item-inner .kadence-blocks-gallery-item__caption{background:linear-gradient(0deg, rgba(0, 0, 0, 0.8) 0, rgba(0, 0, 0, 0) 100%);}<\/style><div class=\"kb-gallery-wrap-id-4244_381be2-c8 alignnone wp-block-kadence-advancedgallery\"><ul class=\"kb-gallery-ul kb-gallery-non-static kb-gallery-type-grid kb-gallery-id-4244_381be2-c8 kb-gallery-caption-style-bottom-hover kb-gallery-filter-none\" data-image-filter=\"none\" data-item-selector=\".kadence-blocks-gallery-item\" data-lightbox-caption=\"true\" data-columns-xxl=\"4\" data-columns-xl=\"4\" data-columns-md=\"4\" data-columns-sm=\"3\" data-columns-xs=\"2\" data-columns-ss=\"2\"><li class=\"kadence-blocks-gallery-item\" tabindex=\"0\"><div class=\"kadence-blocks-gallery-item-inner\"><figure class=\"kb-gallery-figure kadence-blocks-gallery-item-has-caption\"><div class=\"kb-gal-image-radius\"><div class=\"kb-gallery-image-contain kadence-blocks-gallery-intrinsic kb-gallery-image-ratio-square kb-has-image-ratio-square\" ><img loading=\"lazy\" decoding=\"async\" src=\"https:\/\/galerie-ancienne-poste.com\/wp-content\/uploads\/2025\/07\/laurent-petit-sculpture-ceramique-1024x1016.jpg\" width=\"1024\" height=\"1016\" alt=\"Laurent Petit - sculpture c\u00e9ramique - ceramique contemporaine - galerie de c\u00e9ramique contemporaine\" data-full-image=\"https:\/\/galerie-ancienne-poste.com\/wp-content\/uploads\/2025\/07\/laurent-petit-sculpture-ceramique.jpg\" data-light-image=\"https:\/\/galerie-ancienne-poste.com\/wp-content\/uploads\/2025\/07\/laurent-petit-sculpture-ceramique.jpg\" data-id=\"846\" class=\"wp-image-846\" srcset=\"https:\/\/galerie-ancienne-poste.com\/wp-content\/uploads\/2025\/07\/laurent-petit-sculpture-ceramique-1024x1016.jpg 1024w, https:\/\/galerie-ancienne-poste.com\/wp-content\/uploads\/2025\/07\/laurent-petit-sculpture-ceramique-300x298.jpg 300w, https:\/\/galerie-ancienne-poste.com\/wp-content\/uploads\/2025\/07\/laurent-petit-sculpture-ceramique-150x150.jpg 150w, https:\/\/galerie-ancienne-poste.com\/wp-content\/uploads\/2025\/07\/laurent-petit-sculpture-ceramique-768x762.jpg 768w, https:\/\/galerie-ancienne-poste.com\/wp-content\/uploads\/2025\/07\/laurent-petit-sculpture-ceramique-12x12.jpg 12w, https:\/\/galerie-ancienne-poste.com\/wp-content\/uploads\/2025\/07\/laurent-petit-sculpture-ceramique.jpg 1512w\" sizes=\"auto, (max-width: 1024px) 100vw, 1024px\" \/><\/div><div class=\"kadence-blocks-gallery-item__caption\">Laurent Petit &#8211; Le d\u00e9fi d\u2019H\u00e9racl\u00e8s, 2019<\/div><\/div><\/figure><\/div><\/li><li class=\"kadence-blocks-gallery-item\" tabindex=\"0\"><div class=\"kadence-blocks-gallery-item-inner\"><figure class=\"kb-gallery-figure kadence-blocks-gallery-item-has-caption\"><div class=\"kb-gal-image-radius\"><div class=\"kb-gallery-image-contain kadence-blocks-gallery-intrinsic kb-gallery-image-ratio-square kb-has-image-ratio-square\" ><img loading=\"lazy\" decoding=\"async\" src=\"https:\/\/galerie-ancienne-poste.com\/wp-content\/uploads\/2025\/07\/laurent-petit-galerie-1024x1016.jpg\" width=\"1024\" height=\"1016\" alt=\"Laurent Petit - sculpture c\u00e9ramique - c\u00e9ramique contemporaine - collection de c\u00e9ramique\" data-full-image=\"https:\/\/galerie-ancienne-poste.com\/wp-content\/uploads\/2025\/07\/laurent-petit-galerie.jpg\" data-light-image=\"https:\/\/galerie-ancienne-poste.com\/wp-content\/uploads\/2025\/07\/laurent-petit-galerie.jpg\" data-id=\"844\" class=\"wp-image-844\" srcset=\"https:\/\/galerie-ancienne-poste.com\/wp-content\/uploads\/2025\/07\/laurent-petit-galerie-1024x1016.jpg 1024w, https:\/\/galerie-ancienne-poste.com\/wp-content\/uploads\/2025\/07\/laurent-petit-galerie-300x298.jpg 300w, https:\/\/galerie-ancienne-poste.com\/wp-content\/uploads\/2025\/07\/laurent-petit-galerie-150x150.jpg 150w, https:\/\/galerie-ancienne-poste.com\/wp-content\/uploads\/2025\/07\/laurent-petit-galerie-768x762.jpg 768w, https:\/\/galerie-ancienne-poste.com\/wp-content\/uploads\/2025\/07\/laurent-petit-galerie-12x12.jpg 12w, https:\/\/galerie-ancienne-poste.com\/wp-content\/uploads\/2025\/07\/laurent-petit-galerie.jpg 1512w\" sizes=\"auto, (max-width: 1024px) 100vw, 1024px\" \/><\/div><div class=\"kadence-blocks-gallery-item__caption\">Laurent Petit &#8211; M\u00e9moire labyrinthique, 2019<\/div><\/div><\/figure><\/div><\/li><li class=\"kadence-blocks-gallery-item\" tabindex=\"0\"><div class=\"kadence-blocks-gallery-item-inner\"><figure class=\"kb-gallery-figure kadence-blocks-gallery-item-has-caption\"><div class=\"kb-gal-image-radius\"><div class=\"kb-gallery-image-contain kadence-blocks-gallery-intrinsic kb-gallery-image-ratio-square kb-has-image-ratio-square\" ><img loading=\"lazy\" decoding=\"async\" src=\"https:\/\/galerie-ancienne-poste.com\/wp-content\/uploads\/2025\/07\/laurent-petit-exhibition-1024x1016.jpg\" width=\"1024\" height=\"1016\" alt=\"Laurent Petit - exposition Laurent Petit - sculpture Laurent Petit - galerie de c\u00e9ramique contemporaine\" data-full-image=\"https:\/\/galerie-ancienne-poste.com\/wp-content\/uploads\/2025\/07\/laurent-petit-exhibition.jpg\" data-light-image=\"https:\/\/galerie-ancienne-poste.com\/wp-content\/uploads\/2025\/07\/laurent-petit-exhibition.jpg\" data-id=\"843\" class=\"wp-image-843\" srcset=\"https:\/\/galerie-ancienne-poste.com\/wp-content\/uploads\/2025\/07\/laurent-petit-exhibition-1024x1016.jpg 1024w, https:\/\/galerie-ancienne-poste.com\/wp-content\/uploads\/2025\/07\/laurent-petit-exhibition-300x298.jpg 300w, https:\/\/galerie-ancienne-poste.com\/wp-content\/uploads\/2025\/07\/laurent-petit-exhibition-150x150.jpg 150w, https:\/\/galerie-ancienne-poste.com\/wp-content\/uploads\/2025\/07\/laurent-petit-exhibition-768x762.jpg 768w, https:\/\/galerie-ancienne-poste.com\/wp-content\/uploads\/2025\/07\/laurent-petit-exhibition-12x12.jpg 12w, https:\/\/galerie-ancienne-poste.com\/wp-content\/uploads\/2025\/07\/laurent-petit-exhibition.jpg 1512w\" sizes=\"auto, (max-width: 1024px) 100vw, 1024px\" \/><\/div><div class=\"kadence-blocks-gallery-item__caption\">Laurent Petit &#8211; La d\u00e9tresse d\u2019Achille, 2018<\/div><\/div><\/figure><\/div><\/li><li class=\"kadence-blocks-gallery-item\" tabindex=\"0\"><div class=\"kadence-blocks-gallery-item-inner\"><figure class=\"kb-gallery-figure kadence-blocks-gallery-item-has-caption\"><div class=\"kb-gal-image-radius\"><div class=\"kb-gallery-image-contain kadence-blocks-gallery-intrinsic kb-gallery-image-ratio-square kb-has-image-ratio-square\" ><img loading=\"lazy\" decoding=\"async\" src=\"https:\/\/galerie-ancienne-poste.com\/wp-content\/uploads\/2025\/07\/laurent-petit-ceramique-1024x1016.jpg\" width=\"1024\" height=\"1016\" alt=\"Laurent Petit\" data-full-image=\"https:\/\/galerie-ancienne-poste.com\/wp-content\/uploads\/2025\/07\/laurent-petit-ceramique.jpg\" data-light-image=\"https:\/\/galerie-ancienne-poste.com\/wp-content\/uploads\/2025\/07\/laurent-petit-ceramique.jpg\" data-id=\"841\" class=\"wp-image-841\" srcset=\"https:\/\/galerie-ancienne-poste.com\/wp-content\/uploads\/2025\/07\/laurent-petit-ceramique-1024x1016.jpg 1024w, https:\/\/galerie-ancienne-poste.com\/wp-content\/uploads\/2025\/07\/laurent-petit-ceramique-300x298.jpg 300w, https:\/\/galerie-ancienne-poste.com\/wp-content\/uploads\/2025\/07\/laurent-petit-ceramique-150x150.jpg 150w, https:\/\/galerie-ancienne-poste.com\/wp-content\/uploads\/2025\/07\/laurent-petit-ceramique-768x762.jpg 768w, https:\/\/galerie-ancienne-poste.com\/wp-content\/uploads\/2025\/07\/laurent-petit-ceramique-12x12.jpg 12w, https:\/\/galerie-ancienne-poste.com\/wp-content\/uploads\/2025\/07\/laurent-petit-ceramique.jpg 1512w\" sizes=\"auto, (max-width: 1024px) 100vw, 1024px\" \/><\/div><div class=\"kadence-blocks-gallery-item__caption\">Laurent Petit &#8211;  Demeure n\u00b02<\/div><\/div><\/figure><\/div><\/li><li class=\"kadence-blocks-gallery-item\" tabindex=\"0\"><div class=\"kadence-blocks-gallery-item-inner\"><figure class=\"kb-gallery-figure kadence-blocks-gallery-item-has-caption\"><div class=\"kb-gal-image-radius\"><div class=\"kb-gallery-image-contain kadence-blocks-gallery-intrinsic kb-gallery-image-ratio-square kb-has-image-ratio-square\" ><img loading=\"lazy\" decoding=\"async\" src=\"https:\/\/galerie-ancienne-poste.com\/wp-content\/uploads\/2025\/07\/expo-laurent-petit-1020x1024.jpg\" width=\"1020\" height=\"1024\" alt=\"Laurent Petit exposition c\u00e9ramique en France - galerie de c\u00e9ramique contemporaine en France\" data-full-image=\"https:\/\/galerie-ancienne-poste.com\/wp-content\/uploads\/2025\/07\/expo-laurent-petit.jpg\" data-light-image=\"https:\/\/galerie-ancienne-poste.com\/wp-content\/uploads\/2025\/07\/expo-laurent-petit.jpg\" data-id=\"838\" class=\"wp-image-838\" srcset=\"https:\/\/galerie-ancienne-poste.com\/wp-content\/uploads\/2025\/07\/expo-laurent-petit-1020x1024.jpg 1020w, https:\/\/galerie-ancienne-poste.com\/wp-content\/uploads\/2025\/07\/expo-laurent-petit-300x300.jpg 300w, https:\/\/galerie-ancienne-poste.com\/wp-content\/uploads\/2025\/07\/expo-laurent-petit-150x150.jpg 150w, https:\/\/galerie-ancienne-poste.com\/wp-content\/uploads\/2025\/07\/expo-laurent-petit-768x771.jpg 768w, https:\/\/galerie-ancienne-poste.com\/wp-content\/uploads\/2025\/07\/expo-laurent-petit-12x12.jpg 12w, https:\/\/galerie-ancienne-poste.com\/wp-content\/uploads\/2025\/07\/expo-laurent-petit.jpg 1494w\" sizes=\"auto, (max-width: 1020px) 100vw, 1020px\" \/><\/div><div class=\"kadence-blocks-gallery-item__caption\">Laurent Petit &#8211; L\u2019\u00e9l\u00e9gance du chaos n\u00b02, 2018<\/div><\/div><\/figure><\/div><\/li><li class=\"kadence-blocks-gallery-item\" tabindex=\"0\"><div class=\"kadence-blocks-gallery-item-inner\"><figure class=\"kb-gallery-figure kadence-blocks-gallery-item-has-caption\"><div class=\"kb-gal-image-radius\"><div class=\"kb-gallery-image-contain kadence-blocks-gallery-intrinsic kb-gallery-image-ratio-square kb-has-image-ratio-square\" ><img loading=\"lazy\" decoding=\"async\" src=\"https:\/\/galerie-ancienne-poste.com\/wp-content\/uploads\/2025\/07\/exposition-laurent-petit-1024x1024.jpg\" width=\"1024\" height=\"1024\" alt=\"Laurent Petit\" data-full-image=\"https:\/\/galerie-ancienne-poste.com\/wp-content\/uploads\/2025\/07\/exposition-laurent-petit.jpg\" data-light-image=\"https:\/\/galerie-ancienne-poste.com\/wp-content\/uploads\/2025\/07\/exposition-laurent-petit.jpg\" data-id=\"839\" class=\"wp-image-839\" srcset=\"https:\/\/galerie-ancienne-poste.com\/wp-content\/uploads\/2025\/07\/exposition-laurent-petit-1024x1024.jpg 1024w, https:\/\/galerie-ancienne-poste.com\/wp-content\/uploads\/2025\/07\/exposition-laurent-petit-300x300.jpg 300w, https:\/\/galerie-ancienne-poste.com\/wp-content\/uploads\/2025\/07\/exposition-laurent-petit-150x150.jpg 150w, https:\/\/galerie-ancienne-poste.com\/wp-content\/uploads\/2025\/07\/exposition-laurent-petit-768x769.jpg 768w, https:\/\/galerie-ancienne-poste.com\/wp-content\/uploads\/2025\/07\/exposition-laurent-petit-12x12.jpg 12w, https:\/\/galerie-ancienne-poste.com\/wp-content\/uploads\/2025\/07\/exposition-laurent-petit.jpg 1498w\" sizes=\"auto, (max-width: 1024px) 100vw, 1024px\" \/><\/div><div class=\"kadence-blocks-gallery-item__caption\">Laurent Petit &#8211; Vestige n\u00b06, 2019<\/div><\/div><\/figure><\/div><\/li><li class=\"kadence-blocks-gallery-item\" tabindex=\"0\"><div class=\"kadence-blocks-gallery-item-inner\"><figure class=\"kb-gallery-figure kadence-blocks-gallery-item-has-caption\"><div class=\"kb-gal-image-radius\"><div class=\"kb-gallery-image-contain kadence-blocks-gallery-intrinsic kb-gallery-image-ratio-square kb-has-image-ratio-square\" ><img loading=\"lazy\" decoding=\"async\" src=\"https:\/\/galerie-ancienne-poste.com\/wp-content\/uploads\/2025\/07\/laurent-petit-galerie-ancienne-poste-1024x1016.jpg\" width=\"1024\" height=\"1016\" alt=\"Laurent Petit\" data-full-image=\"https:\/\/galerie-ancienne-poste.com\/wp-content\/uploads\/2025\/07\/laurent-petit-galerie-ancienne-poste.jpg\" data-light-image=\"https:\/\/galerie-ancienne-poste.com\/wp-content\/uploads\/2025\/07\/laurent-petit-galerie-ancienne-poste.jpg\" data-id=\"845\" class=\"wp-image-845\" srcset=\"https:\/\/galerie-ancienne-poste.com\/wp-content\/uploads\/2025\/07\/laurent-petit-galerie-ancienne-poste-1024x1016.jpg 1024w, https:\/\/galerie-ancienne-poste.com\/wp-content\/uploads\/2025\/07\/laurent-petit-galerie-ancienne-poste-300x298.jpg 300w, https:\/\/galerie-ancienne-poste.com\/wp-content\/uploads\/2025\/07\/laurent-petit-galerie-ancienne-poste-150x150.jpg 150w, https:\/\/galerie-ancienne-poste.com\/wp-content\/uploads\/2025\/07\/laurent-petit-galerie-ancienne-poste-768x762.jpg 768w, https:\/\/galerie-ancienne-poste.com\/wp-content\/uploads\/2025\/07\/laurent-petit-galerie-ancienne-poste-12x12.jpg 12w, https:\/\/galerie-ancienne-poste.com\/wp-content\/uploads\/2025\/07\/laurent-petit-galerie-ancienne-poste.jpg 1512w\" sizes=\"auto, (max-width: 1024px) 100vw, 1024px\" \/><\/div><div class=\"kadence-blocks-gallery-item__caption\">Laurent Petit &#8211; La superbe d\u2019Achille, 2018<\/div><\/div><\/figure><\/div><\/li><li class=\"kadence-blocks-gallery-item\" tabindex=\"0\"><div class=\"kadence-blocks-gallery-item-inner\"><figure class=\"kb-gallery-figure kadence-blocks-gallery-item-has-caption\"><div class=\"kb-gal-image-radius\"><div class=\"kb-gallery-image-contain kadence-blocks-gallery-intrinsic kb-gallery-image-ratio-square kb-has-image-ratio-square\" ><img loading=\"lazy\" decoding=\"async\" src=\"https:\/\/galerie-ancienne-poste.com\/wp-content\/uploads\/2025\/07\/laurent-petit-ceramic-1016x1024.jpg\" width=\"1016\" height=\"1024\" alt=\"Laurent Petit - Laurent Petit sculpture - Galerie de l&#039;Ancienne Poste - galerie de c\u00e9ramique\" data-full-image=\"https:\/\/galerie-ancienne-poste.com\/wp-content\/uploads\/2025\/07\/laurent-petit-ceramic.jpg\" data-light-image=\"https:\/\/galerie-ancienne-poste.com\/wp-content\/uploads\/2025\/07\/laurent-petit-ceramic.jpg\" data-id=\"840\" class=\"wp-image-840\" srcset=\"https:\/\/galerie-ancienne-poste.com\/wp-content\/uploads\/2025\/07\/laurent-petit-ceramic-1016x1024.jpg 1016w, https:\/\/galerie-ancienne-poste.com\/wp-content\/uploads\/2025\/07\/laurent-petit-ceramic-298x300.jpg 298w, https:\/\/galerie-ancienne-poste.com\/wp-content\/uploads\/2025\/07\/laurent-petit-ceramic-150x150.jpg 150w, https:\/\/galerie-ancienne-poste.com\/wp-content\/uploads\/2025\/07\/laurent-petit-ceramic-768x774.jpg 768w, https:\/\/galerie-ancienne-poste.com\/wp-content\/uploads\/2025\/07\/laurent-petit-ceramic-12x12.jpg 12w, https:\/\/galerie-ancienne-poste.com\/wp-content\/uploads\/2025\/07\/laurent-petit-ceramic.jpg 1489w\" sizes=\"auto, (max-width: 1016px) 100vw, 1016px\" \/><\/div><div class=\"kadence-blocks-gallery-item__caption\">Laurent Petit &#8211; La querelle de Calydon, 2019<\/div><\/div><\/figure><\/div><\/li><\/ul><\/div><\/div><\/div>\n\n<\/div><\/div>","protected":false},"excerpt":{"rendered":"<p>September 5 - November 5, 2020<\/p>","protected":false},"author":6,"featured_media":838,"template":"","meta":{"_acf_changed":false,"_kad_blocks_custom_css":"","_kad_blocks_head_custom_js":"","_kad_blocks_body_custom_js":"","_kad_blocks_footer_custom_js":"","_kad_post_transparent":"","_kad_post_title":"","_kad_post_layout":"","_kad_post_sidebar_id":"","_kad_post_content_style":"","_kad_post_vertical_padding":"","_kad_post_feature":"","_kad_post_feature_position":"","_kad_post_header":false,"_kad_post_footer":false,"_kad_post_classname":"","footnotes":""},"tags":[92],"artiste_":[126],"class_list":["post-4244","exposition","type-exposition","status-publish","has-post-thumbnail","hentry","tag-passees","artiste_-laurent-petit"],"acf":[],"taxonomy_info":{"post_tag":[{"value":92,"label":"Pass\u00e9es"}],"artiste_":[{"value":126,"label":"Laurent Petit"}]},"featured_image_src_large":["https:\/\/galerie-ancienne-poste.com\/wp-content\/uploads\/2025\/07\/expo-laurent-petit-1020x1024.jpg",1020,1024,true],"author_info":{"display_name":"christophe","author_link":"https:\/\/galerie-ancienne-poste.com\/en\/author\/christophe\/"},"comment_info":"","_links":{"self":[{"href":"https:\/\/galerie-ancienne-poste.com\/en\/wp-json\/wp\/v2\/exposition\/4244","targetHints":{"allow":["GET"]}}],"collection":[{"href":"https:\/\/galerie-ancienne-poste.com\/en\/wp-json\/wp\/v2\/exposition"}],"about":[{"href":"https:\/\/galerie-ancienne-poste.com\/en\/wp-json\/wp\/v2\/types\/exposition"}],"author":[{"embeddable":true,"href":"https:\/\/galerie-ancienne-poste.com\/en\/wp-json\/wp\/v2\/users\/6"}],"version-history":[{"count":10,"href":"https:\/\/galerie-ancienne-poste.com\/en\/wp-json\/wp\/v2\/exposition\/4244\/revisions"}],"predecessor-version":[{"id":7907,"href":"https:\/\/galerie-ancienne-poste.com\/en\/wp-json\/wp\/v2\/exposition\/4244\/revisions\/7907"}],"wp:featuredmedia":[{"embeddable":true,"href":"https:\/\/galerie-ancienne-poste.com\/en\/wp-json\/wp\/v2\/media\/838"}],"wp:attachment":[{"href":"https:\/\/galerie-ancienne-poste.com\/en\/wp-json\/wp\/v2\/media?parent=4244"}],"wp:term":[{"taxonomy":"post_tag","embeddable":true,"href":"https:\/\/galerie-ancienne-poste.com\/en\/wp-json\/wp\/v2\/tags?post=4244"},{"taxonomy":"artiste_","embeddable":true,"href":"https:\/\/galerie-ancienne-poste.com\/en\/wp-json\/wp\/v2\/artiste_?post=4244"}],"curies":[{"name":"wp","href":"https:\/\/api.w.org\/{rel}","templated":true}]}}