{"id":2864,"date":"2021-03-27T10:58:00","date_gmt":"2021-03-27T09:58:00","guid":{"rendered":"https:\/\/galerie-ancienne-poste.com\/?post_type=exposition&#038;p=2864"},"modified":"2025-08-29T18:43:57","modified_gmt":"2025-08-29T16:43:57","slug":"camille-virot-exposition-2021","status":"publish","type":"exposition","link":"https:\/\/galerie-ancienne-poste.com\/fr\/exposition\/camille-virot-exposition-2021\/","title":{"rendered":"Camille Virot &#8211; exposition 2021"},"content":{"rendered":"<style>.kb-row-layout-id2864_bb69a8-f8 > .kt-row-column-wrap{align-content:start;}:where(.kb-row-layout-id2864_bb69a8-f8 > .kt-row-column-wrap) > .wp-block-kadence-column{justify-content:start;}.kb-row-layout-id2864_bb69a8-f8 > .kt-row-column-wrap{column-gap:var(--global-kb-gap-md, 2rem);row-gap:var(--global-kb-gap-md, 2rem);padding-top:var(--global-kb-spacing-xxs, 0.5rem);padding-bottom:var(--global-kb-spacing-sm, 1.5rem);}.kb-row-layout-id2864_bb69a8-f8 > .kt-row-column-wrap > div:not(.added-for-specificity){grid-column:initial;}.kb-row-layout-id2864_bb69a8-f8 > .kt-row-column-wrap{grid-template-columns:minmax(0, 1fr) minmax(0, 6fr) minmax(0, 1fr);}.kb-row-layout-id2864_bb69a8-f8 > .kt-row-layout-overlay{opacity:0.30;}@media all and (max-width: 1024px){.kb-row-layout-id2864_bb69a8-f8 > .kt-row-column-wrap > div:not(.added-for-specificity){grid-column:initial;}}@media all and (max-width: 1024px){.kb-row-layout-id2864_bb69a8-f8 > .kt-row-column-wrap{grid-template-columns:minmax(0, 1fr) minmax(0, 6fr) minmax(0, 1fr);}}@media all and (max-width: 767px){.kb-row-layout-id2864_bb69a8-f8 > .kt-row-column-wrap > div:not(.added-for-specificity){grid-column:initial;}.kb-row-layout-id2864_bb69a8-f8 > .kt-row-column-wrap{grid-template-columns:minmax(0, 1fr);}}<\/style><div class=\"kb-row-layout-wrap kb-row-layout-id2864_bb69a8-f8 alignnone wp-block-kadence-rowlayout\"><div class=\"kt-row-column-wrap kt-has-3-columns kt-row-layout-center-exwide kt-tab-layout-inherit kt-mobile-layout-row kt-row-valign-top\">\n<style>.kadence-column2864_35be00-14 > .kt-inside-inner-col,.kadence-column2864_35be00-14 > .kt-inside-inner-col:before{border-top-left-radius:0px;border-top-right-radius:0px;border-bottom-right-radius:0px;border-bottom-left-radius:0px;}.kadence-column2864_35be00-14 > .kt-inside-inner-col{column-gap:var(--global-kb-gap-sm, 1rem);}.kadence-column2864_35be00-14 > .kt-inside-inner-col{flex-direction:column;}.kadence-column2864_35be00-14 > .kt-inside-inner-col > .aligncenter{width:100%;}.kadence-column2864_35be00-14 > .kt-inside-inner-col:before{opacity:0.3;}.kadence-column2864_35be00-14{position:relative;}@media all and (max-width: 1024px){.kadence-column2864_35be00-14 > .kt-inside-inner-col{flex-direction:column;justify-content:center;}}@media all and (max-width: 767px){.kadence-column2864_35be00-14 > .kt-inside-inner-col{flex-direction:column;justify-content:center;}}<\/style>\n<div class=\"wp-block-kadence-column kadence-column2864_35be00-14\"><div class=\"kt-inside-inner-col\"><\/div><\/div>\n\n\n<style>.kadence-column2864_852ced-81 > .kt-inside-inner-col,.kadence-column2864_852ced-81 > .kt-inside-inner-col:before{border-top-left-radius:0px;border-top-right-radius:0px;border-bottom-right-radius:0px;border-bottom-left-radius:0px;}.kadence-column2864_852ced-81 > .kt-inside-inner-col{column-gap:var(--global-kb-gap-sm, 1rem);}.kadence-column2864_852ced-81 > .kt-inside-inner-col{flex-direction:column;}.kadence-column2864_852ced-81 > .kt-inside-inner-col > .aligncenter{width:100%;}.kadence-column2864_852ced-81 > .kt-inside-inner-col:before{opacity:0.3;}.kadence-column2864_852ced-81{position:relative;}@media all and (max-width: 1024px){.kadence-column2864_852ced-81 > .kt-inside-inner-col{flex-direction:column;justify-content:center;}}@media all and (max-width: 767px){.kadence-column2864_852ced-81 > .kt-inside-inner-col{padding-right:var(--global-kb-spacing-xs, 1rem);padding-left:var(--global-kb-spacing-xs, 1rem);flex-direction:column;justify-content:center;}}<\/style>\n<div class=\"wp-block-kadence-column kadence-column2864_852ced-81\"><div class=\"kt-inside-inner-col\"><style>.wp-block-kadence-advancedheading.kt-adv-heading2864_02eeed-b7, .wp-block-kadence-advancedheading.kt-adv-heading2864_02eeed-b7[data-kb-block=\"kb-adv-heading2864_02eeed-b7\"]{text-align:left;font-size:var(--global-kb-font-size-xl, 3rem);font-style:normal;}.wp-block-kadence-advancedheading.kt-adv-heading2864_02eeed-b7 mark.kt-highlight, .wp-block-kadence-advancedheading.kt-adv-heading2864_02eeed-b7[data-kb-block=\"kb-adv-heading2864_02eeed-b7\"] mark.kt-highlight{font-style:normal;color:#f76a0c;-webkit-box-decoration-break:clone;box-decoration-break:clone;padding-top:0px;padding-right:0px;padding-bottom:0px;padding-left:0px;}.wp-block-kadence-advancedheading.kt-adv-heading2864_02eeed-b7 img.kb-inline-image, .wp-block-kadence-advancedheading.kt-adv-heading2864_02eeed-b7[data-kb-block=\"kb-adv-heading2864_02eeed-b7\"] img.kb-inline-image{width:150px;vertical-align:baseline;}<\/style>\n<h1 class=\"kt-adv-heading2864_02eeed-b7 wp-block-kadence-advancedheading\" data-kb-block=\"kb-adv-heading2864_02eeed-b7\">Camille Virot<\/h1>\n\n\n<style>.wp-block-kadence-advancedheading.kt-adv-heading2864_135dd7-e1, .wp-block-kadence-advancedheading.kt-adv-heading2864_135dd7-e1[data-kb-block=\"kb-adv-heading2864_135dd7-e1\"]{text-align:left;font-style:normal;}.wp-block-kadence-advancedheading.kt-adv-heading2864_135dd7-e1 mark.kt-highlight, .wp-block-kadence-advancedheading.kt-adv-heading2864_135dd7-e1[data-kb-block=\"kb-adv-heading2864_135dd7-e1\"] mark.kt-highlight{font-style:normal;color:#f76a0c;-webkit-box-decoration-break:clone;box-decoration-break:clone;padding-top:0px;padding-right:0px;padding-bottom:0px;padding-left:0px;}.wp-block-kadence-advancedheading.kt-adv-heading2864_135dd7-e1 img.kb-inline-image, .wp-block-kadence-advancedheading.kt-adv-heading2864_135dd7-e1[data-kb-block=\"kb-adv-heading2864_135dd7-e1\"] img.kb-inline-image{width:150px;vertical-align:baseline;}<\/style>\n<h2 class=\"kt-adv-heading2864_135dd7-e1 wp-block-kadence-advancedheading\" data-kb-block=\"kb-adv-heading2864_135dd7-e1\">Le monde dans un bol<\/h2>\n\n\n<style>.wp-block-kadence-advancedheading.kt-adv-heading2864_e452d9-d3, .wp-block-kadence-advancedheading.kt-adv-heading2864_e452d9-d3[data-kb-block=\"kb-adv-heading2864_e452d9-d3\"]{text-align:left;font-style:normal;}.wp-block-kadence-advancedheading.kt-adv-heading2864_e452d9-d3 mark.kt-highlight, .wp-block-kadence-advancedheading.kt-adv-heading2864_e452d9-d3[data-kb-block=\"kb-adv-heading2864_e452d9-d3\"] mark.kt-highlight{font-style:normal;color:#f76a0c;-webkit-box-decoration-break:clone;box-decoration-break:clone;padding-top:0px;padding-right:0px;padding-bottom:0px;padding-left:0px;}.wp-block-kadence-advancedheading.kt-adv-heading2864_e452d9-d3 img.kb-inline-image, .wp-block-kadence-advancedheading.kt-adv-heading2864_e452d9-d3[data-kb-block=\"kb-adv-heading2864_e452d9-d3\"] img.kb-inline-image{width:150px;vertical-align:baseline;}<\/style>\n<h2 class=\"kt-adv-heading2864_e452d9-d3 wp-block-kadence-advancedheading\" data-kb-block=\"kb-adv-heading2864_e452d9-d3\"><strong>27 mars \u2013 14 mai 2021<\/strong><\/h2>\n\n\n\n<p class=\"has-text-align-left\"><\/p>\n<\/div><\/div>\n\n\n<style>.kadence-column2864_69e2f8-f9 > .kt-inside-inner-col,.kadence-column2864_69e2f8-f9 > .kt-inside-inner-col:before{border-top-left-radius:0px;border-top-right-radius:0px;border-bottom-right-radius:0px;border-bottom-left-radius:0px;}.kadence-column2864_69e2f8-f9 > .kt-inside-inner-col{column-gap:var(--global-kb-gap-sm, 1rem);}.kadence-column2864_69e2f8-f9 > .kt-inside-inner-col{flex-direction:column;}.kadence-column2864_69e2f8-f9 > .kt-inside-inner-col > .aligncenter{width:100%;}.kadence-column2864_69e2f8-f9 > .kt-inside-inner-col:before{opacity:0.3;}.kadence-column2864_69e2f8-f9{position:relative;}@media all and (max-width: 1024px){.kadence-column2864_69e2f8-f9 > .kt-inside-inner-col{flex-direction:column;justify-content:center;}}@media all and (max-width: 767px){.kadence-column2864_69e2f8-f9 > .kt-inside-inner-col{flex-direction:column;justify-content:center;}}<\/style>\n<div class=\"wp-block-kadence-column kadence-column2864_69e2f8-f9\"><div class=\"kt-inside-inner-col\"><\/div><\/div>\n\n<\/div><\/div>\n\n<style>.kb-row-layout-id2864_3dca18-be > .kt-row-column-wrap{align-content:start;}:where(.kb-row-layout-id2864_3dca18-be > .kt-row-column-wrap) > .wp-block-kadence-column{justify-content:start;}.kb-row-layout-id2864_3dca18-be > .kt-row-column-wrap{column-gap:var(--global-kb-gap-md, 2rem);row-gap:var(--global-kb-gap-md, 2rem);padding-top:var(--global-kb-spacing-xs, 1rem);padding-right:var(--global-kb-spacing-xs, 1rem);padding-bottom:var(--global-kb-spacing-xs, 1rem);padding-left:var(--global-kb-spacing-xs, 1rem);grid-template-columns:minmax(0, 1fr);}.kb-row-layout-id2864_3dca18-be > .kt-row-layout-overlay{opacity:0.30;}@media all and (max-width: 1024px){.kb-row-layout-id2864_3dca18-be > .kt-row-column-wrap{grid-template-columns:minmax(0, 1fr);}}@media all and (max-width: 767px){.kb-row-layout-id2864_3dca18-be > .kt-row-column-wrap{grid-template-columns:minmax(0, 1fr);}}<\/style><div class=\"kb-row-layout-wrap kb-row-layout-id2864_3dca18-be alignwide wp-block-kadence-rowlayout\"><div class=\"kt-row-column-wrap kt-has-1-columns kt-row-layout-equal kt-tab-layout-inherit kt-mobile-layout-row kt-row-valign-top\">\n<style>.kadence-column2864_a247a9-60 > .kt-inside-inner-col,.kadence-column2864_a247a9-60 > .kt-inside-inner-col:before{border-top-left-radius:0px;border-top-right-radius:0px;border-bottom-right-radius:0px;border-bottom-left-radius:0px;}.kadence-column2864_a247a9-60 > .kt-inside-inner-col{column-gap:var(--global-kb-gap-sm, 1rem);}.kadence-column2864_a247a9-60 > .kt-inside-inner-col{flex-direction:column;}.kadence-column2864_a247a9-60 > .kt-inside-inner-col > .aligncenter{width:100%;}.kadence-column2864_a247a9-60 > .kt-inside-inner-col:before{opacity:0.3;}.kadence-column2864_a247a9-60{position:relative;}@media all and (max-width: 1024px){.kadence-column2864_a247a9-60 > .kt-inside-inner-col{flex-direction:column;justify-content:center;}}@media all and (max-width: 767px){.kadence-column2864_a247a9-60 > .kt-inside-inner-col{flex-direction:column;justify-content:center;}}<\/style>\n<div class=\"wp-block-kadence-column kadence-column2864_a247a9-60\"><div class=\"kt-inside-inner-col\"><style>.wp-block-kadence-advancedgallery .kb-gallery-type-grid.kb-gallery-id-2864_bbfea4-ce{margin:-5px;}.kb-gallery-type-grid.kb-gallery-id-2864_bbfea4-ce .kadence-blocks-gallery-item{padding:5px;}.kb-gallery-id-2864_bbfea4-ce .kadence-blocks-gallery-item .kb-gal-image-radius, .kb-gallery-id-2864_bbfea4-ce .kb-slide-item .kb-gal-image-radius img{border-radius:0px 0px 0px 0px;;}.kb-gallery-caption-style-bottom.kb-gallery-id-2864_bbfea4-ce .kadence-blocks-gallery-item .kadence-blocks-gallery-item-inner .kadence-blocks-gallery-item__caption, .kb-gallery-caption-style-bottom-hover.kb-gallery-id-2864_bbfea4-ce .kadence-blocks-gallery-item .kadence-blocks-gallery-item-inner .kadence-blocks-gallery-item__caption{background:linear-gradient(0deg, rgba(0, 0, 0, 0.8) 0, rgba(0, 0, 0, 0) 100%);}<\/style><div class=\"kb-gallery-wrap-id-2864_bbfea4-ce alignnone wp-block-kadence-advancedgallery\"><ul class=\"kb-gallery-ul kb-gallery-non-static kb-gallery-type-grid kb-gallery-id-2864_bbfea4-ce kb-gallery-caption-style-bottom-hover kb-gallery-filter-none\" data-image-filter=\"none\" data-item-selector=\".kadence-blocks-gallery-item\" data-lightbox-caption=\"true\" data-columns-xxl=\"1\" data-columns-xl=\"1\" data-columns-md=\"1\" data-columns-sm=\"1\" data-columns-xs=\"1\" data-columns-ss=\"1\"><li class=\"kadence-blocks-gallery-item\" tabindex=\"0\"><div class=\"kadence-blocks-gallery-item-inner\"><figure class=\"kb-gallery-figure kadence-blocks-gallery-item-has-caption\"><div class=\"kb-gal-image-radius\"><div class=\"kb-gallery-image-contain kadence-blocks-gallery-intrinsic kb-gallery-image-ratio-land21 kb-has-image-ratio-land21\" ><img loading=\"lazy\" decoding=\"async\" src=\"https:\/\/galerie-ancienne-poste.com\/wp-content\/uploads\/2025\/07\/camille-virot-2020-1024x683.jpg\" width=\"1024\" height=\"683\" alt=\"Exposition Camille Virot - c\u00e9ramique Camille Virot - galerie Camille Virot - raku Camille Virot - bols Camille Virot\" data-full-image=\"https:\/\/galerie-ancienne-poste.com\/wp-content\/uploads\/2025\/07\/camille-virot-2020.jpg\" data-light-image=\"https:\/\/galerie-ancienne-poste.com\/wp-content\/uploads\/2025\/07\/camille-virot-2020.jpg\" data-id=\"725\" class=\"wp-image-725\" srcset=\"https:\/\/galerie-ancienne-poste.com\/wp-content\/uploads\/2025\/07\/camille-virot-2020-1024x683.jpg 1024w, https:\/\/galerie-ancienne-poste.com\/wp-content\/uploads\/2025\/07\/camille-virot-2020-300x200.jpg 300w, https:\/\/galerie-ancienne-poste.com\/wp-content\/uploads\/2025\/07\/camille-virot-2020-768x512.jpg 768w, https:\/\/galerie-ancienne-poste.com\/wp-content\/uploads\/2025\/07\/camille-virot-2020-1536x1024.jpg 1536w, https:\/\/galerie-ancienne-poste.com\/wp-content\/uploads\/2025\/07\/camille-virot-2020-2048x1365.jpg 2048w, https:\/\/galerie-ancienne-poste.com\/wp-content\/uploads\/2025\/07\/camille-virot-2020-18x12.jpg 18w\" sizes=\"auto, (max-width: 1024px) 100vw, 1024px\" \/><\/div><div class=\"kadence-blocks-gallery-item__caption\">Camille Virot &#8211; Groupe de bols Raku, N\u00b0 14-15-12-11-13<\/div><\/div><\/figure><\/div><\/li><\/ul><\/div><\/div><\/div>\n\n<\/div><\/div>\n\n<style>.kb-row-layout-id2864_2c2e57-89 > .kt-row-column-wrap{align-content:start;}:where(.kb-row-layout-id2864_2c2e57-89 > .kt-row-column-wrap) > .wp-block-kadence-column{justify-content:start;}.kb-row-layout-id2864_2c2e57-89 > .kt-row-column-wrap{column-gap:var(--global-kb-gap-md, 2rem);row-gap:var(--global-kb-gap-md, 2rem);max-width:var( --global-content-width, 1250px );padding-left:var(--global-content-edge-padding);padding-right:var(--global-content-edge-padding);padding-top:var(--global-kb-spacing-xxs, 0.5rem);padding-bottom:var(--global-kb-spacing-sm, 1.5rem);grid-template-columns:minmax(0, 1fr);}.kb-row-layout-id2864_2c2e57-89 > .kt-row-layout-overlay{opacity:0.30;}@media all and (max-width: 1024px){.kb-row-layout-id2864_2c2e57-89 > .kt-row-column-wrap{grid-template-columns:minmax(0, 1fr);}}@media all and (max-width: 767px){.kb-row-layout-id2864_2c2e57-89 > .kt-row-column-wrap{grid-template-columns:minmax(0, 1fr);}}<\/style><div class=\"kb-row-layout-wrap kb-row-layout-id2864_2c2e57-89 alignnone wp-block-kadence-rowlayout\"><div class=\"kt-row-column-wrap kt-has-1-columns kt-row-layout-equal kt-tab-layout-inherit kt-mobile-layout-row kt-row-valign-top kb-theme-content-width\">\n<style>.kadence-column2864_51b5c3-01 > .kt-inside-inner-col,.kadence-column2864_51b5c3-01 > .kt-inside-inner-col:before{border-top-left-radius:0px;border-top-right-radius:0px;border-bottom-right-radius:0px;border-bottom-left-radius:0px;}.kadence-column2864_51b5c3-01 > .kt-inside-inner-col{column-gap:var(--global-kb-gap-sm, 1rem);}.kadence-column2864_51b5c3-01 > .kt-inside-inner-col{flex-direction:column;}.kadence-column2864_51b5c3-01 > .kt-inside-inner-col > .aligncenter{width:100%;}.kadence-column2864_51b5c3-01 > .kt-inside-inner-col:before{opacity:0.3;}.kadence-column2864_51b5c3-01{position:relative;}@media all and (max-width: 1024px){.kadence-column2864_51b5c3-01 > .kt-inside-inner-col{flex-direction:column;justify-content:center;}}@media all and (max-width: 767px){.kadence-column2864_51b5c3-01 > .kt-inside-inner-col{padding-right:var(--global-kb-spacing-xs, 1rem);padding-left:var(--global-kb-spacing-xs, 1rem);flex-direction:column;justify-content:center;}}<\/style>\n<div class=\"wp-block-kadence-column kadence-column2864_51b5c3-01\"><div class=\"kt-inside-inner-col\">\n<p>La Galerie de l\u2019Ancienne Poste est heureuse de pr\u00e9senter la troisi\u00e8me exposition personnelle de l\u2019artiste c\u00e9ramiste Camille Virot \u00e0 Toucy, qui d\u00e9voilera \u00e0 cette occasion une trentaine d\u2019\u0153uvres in\u00e9dites. Dans cette nouvelle \u00e9tape du parcours cr\u00e9atif de l\u2019artiste, le bol est \u00e0 nouveau mis \u00e0 la une \u2013 dont le c\u00e9l\u00e8bre \u00ab&nbsp;Bol-gen\u00e8se&nbsp;\u00bb encore et toujours revisit\u00e9.<br>Camille Virot est n\u00e9 en 1947, en Franche-Comt\u00e9. Il poursuit une formation c\u00e9ramique aux Beaux-Arts de Besan\u00e7on puis aux Arts D\u00e9coratifs de Strasbourg.&nbsp; En 1972, Camille Virot ouvre un atelier en Haute- Provence et y pratique le Raku. Depuis&nbsp;1976, il partage son activit\u00e9 entre un travail didactique (stages et interventions dans des \u00e9coles d\u2019art)&nbsp; et la poursuite d\u2019une expression plastique personnelle qui s\u2019appuie sur les donn\u00e9es traditionnelles du Raku japonais. A&nbsp; partir de 1990, l\u2019artiste associe \u00e0 la c\u00e9ramique d\u2019autres mat\u00e9riaux. En 2018, Camille Virot figurait parmi les invit\u00e9s du Parcours de l\u2019Art en Avignon et pr\u00e9sentait \u00e0 l\u2019Eglise des C\u00e9lestins une installation tr\u00e8s remarqu\u00e9e intitul\u00e9e&nbsp;\u00ab&nbsp;15 T\u00caTES &amp; 50 \u00e9tats transitoires&nbsp;\u00bb. Ses \u0153uvres figurent dans de nombreux mus\u00e9es, FRAC et collections priv\u00e9es. Elles seront \u00e9galement pr\u00e9sentes dans le cadre d\u2019une prochaine exposition au mus\u00e9e des Beaux-Arts de Lyon.<\/p>\n\n\n\n<p><a href=\"https:\/\/galerie-ancienne-poste.com\/produit\/catalogue-camille-virot-le-monde-dans-un-bol\/\" data-type=\"product\" data-id=\"2562\">Catalogue de l&rsquo;exposition \u00ab\u00a0Le monde dans un bol\u00a0\u00bb<\/a><br>Camille Virot dans <a href=\"https:\/\/galerie-ancienne-poste.com\/presse\/connaissance-des-arts-avril-2021\/\" data-type=\"post\" data-id=\"4881\">Connaissance des Arts<\/a><\/p>\n<\/div><\/div>\n\n<\/div><\/div>\n\n<style>.kb-row-layout-id2864_fed89b-be > .kt-row-column-wrap{align-content:start;}:where(.kb-row-layout-id2864_fed89b-be > .kt-row-column-wrap) > .wp-block-kadence-column{justify-content:start;}.kb-row-layout-id2864_fed89b-be > .kt-row-column-wrap{column-gap:var(--global-kb-gap-md, 2rem);row-gap:var(--global-kb-gap-md, 2rem);padding-top:var(--global-kb-spacing-xs, 1rem);padding-right:var(--global-kb-spacing-xs, 1rem);padding-bottom:var(--global-kb-spacing-xs, 1rem);padding-left:var(--global-kb-spacing-xs, 1rem);grid-template-columns:minmax(0, 1fr);}.kb-row-layout-id2864_fed89b-be > .kt-row-layout-overlay{opacity:0.30;}@media all and (max-width: 1024px){.kb-row-layout-id2864_fed89b-be > .kt-row-column-wrap{grid-template-columns:minmax(0, 1fr);}}@media all and (max-width: 767px){.kb-row-layout-id2864_fed89b-be > .kt-row-column-wrap{grid-template-columns:minmax(0, 1fr);}}<\/style><div class=\"kb-row-layout-wrap kb-row-layout-id2864_fed89b-be alignwide wp-block-kadence-rowlayout\"><div class=\"kt-row-column-wrap kt-has-1-columns kt-row-layout-equal kt-tab-layout-inherit kt-mobile-layout-row kt-row-valign-top\">\n<style>.kadence-column2864_8eb3cd-1c > .kt-inside-inner-col,.kadence-column2864_8eb3cd-1c > .kt-inside-inner-col:before{border-top-left-radius:0px;border-top-right-radius:0px;border-bottom-right-radius:0px;border-bottom-left-radius:0px;}.kadence-column2864_8eb3cd-1c > .kt-inside-inner-col{column-gap:var(--global-kb-gap-sm, 1rem);}.kadence-column2864_8eb3cd-1c > .kt-inside-inner-col{flex-direction:column;}.kadence-column2864_8eb3cd-1c > .kt-inside-inner-col > .aligncenter{width:100%;}.kadence-column2864_8eb3cd-1c > .kt-inside-inner-col:before{opacity:0.3;}.kadence-column2864_8eb3cd-1c{position:relative;}@media all and (max-width: 1024px){.kadence-column2864_8eb3cd-1c > .kt-inside-inner-col{flex-direction:column;justify-content:center;}}@media all and (max-width: 767px){.kadence-column2864_8eb3cd-1c > .kt-inside-inner-col{flex-direction:column;justify-content:center;}}<\/style>\n<div class=\"wp-block-kadence-column kadence-column2864_8eb3cd-1c\"><div class=\"kt-inside-inner-col\"><style>.wp-block-kadence-advancedgallery .kb-gallery-type-grid.kb-gallery-id-2864_8419cb-44{margin:-5px;}.kb-gallery-type-grid.kb-gallery-id-2864_8419cb-44 .kadence-blocks-gallery-item{padding:5px;}.kb-gallery-id-2864_8419cb-44 .kadence-blocks-gallery-item .kb-gal-image-radius, .kb-gallery-id-2864_8419cb-44 .kb-slide-item .kb-gal-image-radius img{border-radius:0px 0px 0px 0px;;}.kb-gallery-caption-style-bottom.kb-gallery-id-2864_8419cb-44 .kadence-blocks-gallery-item .kadence-blocks-gallery-item-inner .kadence-blocks-gallery-item__caption, .kb-gallery-caption-style-bottom-hover.kb-gallery-id-2864_8419cb-44 .kadence-blocks-gallery-item .kadence-blocks-gallery-item-inner .kadence-blocks-gallery-item__caption{background:linear-gradient(0deg, rgba(0, 0, 0, 0.8) 0, rgba(0, 0, 0, 0) 100%);}<\/style><div class=\"kb-gallery-wrap-id-2864_8419cb-44 alignnone wp-block-kadence-advancedgallery\"><ul class=\"kb-gallery-ul kb-gallery-non-static kb-gallery-type-grid kb-gallery-id-2864_8419cb-44 kb-gallery-caption-style-bottom-hover kb-gallery-filter-none\" data-image-filter=\"none\" data-item-selector=\".kadence-blocks-gallery-item\" data-lightbox-caption=\"true\" data-columns-xxl=\"2\" data-columns-xl=\"2\" data-columns-md=\"2\" data-columns-sm=\"2\" data-columns-xs=\"1\" data-columns-ss=\"1\"><li class=\"kadence-blocks-gallery-item\"><div class=\"kadence-blocks-gallery-item-inner\"><figure class=\"kb-gallery-figure kb-gallery-item-has-link kadence-blocks-gallery-item-has-caption\"><a href=\"https:\/\/galerie-ancienne-poste.com\/wp-content\/uploads\/2025\/07\/camille-virot-ceramic-sculpture.jpg\" class=\"kb-gallery-item-link\"  ><div class=\"kb-gal-image-radius\"><div class=\"kb-gallery-image-contain kadence-blocks-gallery-intrinsic kb-gallery-image-ratio-square kb-has-image-ratio-square\" ><img loading=\"lazy\" decoding=\"async\" src=\"https:\/\/galerie-ancienne-poste.com\/wp-content\/uploads\/2025\/07\/camille-virot-ceramic-sculpture-1024x910.jpg\" width=\"1024\" height=\"910\" alt=\"Camille Virot -ceramic sculpture - contemporary ceramic - Camille Virot exhibition - Camille Virot gallery\" data-full-image=\"https:\/\/galerie-ancienne-poste.com\/wp-content\/uploads\/2025\/07\/camille-virot-ceramic-sculpture.jpg\" data-light-image=\"https:\/\/galerie-ancienne-poste.com\/wp-content\/uploads\/2025\/07\/camille-virot-ceramic-sculpture.jpg\" data-id=\"731\" class=\"wp-image-731\" srcset=\"https:\/\/galerie-ancienne-poste.com\/wp-content\/uploads\/2025\/07\/camille-virot-ceramic-sculpture-1024x910.jpg 1024w, https:\/\/galerie-ancienne-poste.com\/wp-content\/uploads\/2025\/07\/camille-virot-ceramic-sculpture-300x267.jpg 300w, https:\/\/galerie-ancienne-poste.com\/wp-content\/uploads\/2025\/07\/camille-virot-ceramic-sculpture-768x682.jpg 768w, https:\/\/galerie-ancienne-poste.com\/wp-content\/uploads\/2025\/07\/camille-virot-ceramic-sculpture-1536x1365.jpg 1536w, https:\/\/galerie-ancienne-poste.com\/wp-content\/uploads\/2025\/07\/camille-virot-ceramic-sculpture-14x12.jpg 14w, https:\/\/galerie-ancienne-poste.com\/wp-content\/uploads\/2025\/07\/camille-virot-ceramic-sculpture.jpg 1688w\" sizes=\"auto, (max-width: 1024px) 100vw, 1024px\" \/><\/div><div class=\"kadence-blocks-gallery-item__caption\">Camille Virot &#8211; Bol gen\u00e8se, 2020, N\u00b0BG9<\/div><\/div><\/a><\/figure><\/div><\/li><li class=\"kadence-blocks-gallery-item\"><div class=\"kadence-blocks-gallery-item-inner\"><figure class=\"kb-gallery-figure kb-gallery-item-has-link kadence-blocks-gallery-item-has-caption\"><a href=\"https:\/\/galerie-ancienne-poste.com\/wp-content\/uploads\/2025\/07\/camille-virot-raku.jpg\" class=\"kb-gallery-item-link\"  ><div class=\"kb-gal-image-radius\"><div class=\"kb-gallery-image-contain kadence-blocks-gallery-intrinsic kb-gallery-image-ratio-square kb-has-image-ratio-square\" ><img loading=\"lazy\" decoding=\"async\" src=\"https:\/\/galerie-ancienne-poste.com\/wp-content\/uploads\/2025\/07\/camille-virot-raku-1024x947.jpg\" width=\"1024\" height=\"947\" alt=\"Camille Virot - raku - c\u00e9ramique raku - c\u00e9ramique contemporaine - bol gen\u00e8se Camille Virot- vente c\u00e9ramique\" data-full-image=\"https:\/\/galerie-ancienne-poste.com\/wp-content\/uploads\/2025\/07\/camille-virot-raku.jpg\" data-light-image=\"https:\/\/galerie-ancienne-poste.com\/wp-content\/uploads\/2025\/07\/camille-virot-raku.jpg\" data-id=\"739\" class=\"wp-image-739\" srcset=\"https:\/\/galerie-ancienne-poste.com\/wp-content\/uploads\/2025\/07\/camille-virot-raku-1024x947.jpg 1024w, https:\/\/galerie-ancienne-poste.com\/wp-content\/uploads\/2025\/07\/camille-virot-raku-300x277.jpg 300w, https:\/\/galerie-ancienne-poste.com\/wp-content\/uploads\/2025\/07\/camille-virot-raku-768x710.jpg 768w, https:\/\/galerie-ancienne-poste.com\/wp-content\/uploads\/2025\/07\/camille-virot-raku-1536x1420.jpg 1536w, https:\/\/galerie-ancienne-poste.com\/wp-content\/uploads\/2025\/07\/camille-virot-raku-13x12.jpg 13w, https:\/\/galerie-ancienne-poste.com\/wp-content\/uploads\/2025\/07\/camille-virot-raku.jpg 1622w\" sizes=\"auto, (max-width: 1024px) 100vw, 1024px\" \/><\/div><div class=\"kadence-blocks-gallery-item__caption\">Camille Virot &#8211; Bol gen\u00e8se, 2020, N\u00b0BG8<\/div><\/div><\/a><\/figure><\/div><\/li><\/ul><\/div><\/div><\/div>\n\n<\/div><\/div>\n\n<style>.kb-row-layout-id2864_ab01b9-0f > .kt-row-column-wrap{align-content:start;}:where(.kb-row-layout-id2864_ab01b9-0f > .kt-row-column-wrap) > .wp-block-kadence-column{justify-content:start;}.kb-row-layout-id2864_ab01b9-0f > .kt-row-column-wrap{column-gap:var(--global-kb-gap-md, 2rem);row-gap:var(--global-kb-gap-md, 2rem);max-width:var( --global-content-width, 1250px );padding-left:var(--global-content-edge-padding);padding-right:var(--global-content-edge-padding);padding-top:var(--global-kb-spacing-xxs, 0.5rem);padding-bottom:var(--global-kb-spacing-sm, 1.5rem);grid-template-columns:minmax(0, 1fr);}.kb-row-layout-id2864_ab01b9-0f > .kt-row-layout-overlay{opacity:0.30;}@media all and (max-width: 1024px){.kb-row-layout-id2864_ab01b9-0f > .kt-row-column-wrap{grid-template-columns:minmax(0, 1fr);}}@media all and (max-width: 767px){.kb-row-layout-id2864_ab01b9-0f > .kt-row-column-wrap{grid-template-columns:minmax(0, 1fr);}}<\/style><div class=\"kb-row-layout-wrap kb-row-layout-id2864_ab01b9-0f alignnone wp-block-kadence-rowlayout\"><div class=\"kt-row-column-wrap kt-has-1-columns kt-row-layout-equal kt-tab-layout-inherit kt-mobile-layout-row kt-row-valign-top kb-theme-content-width\">\n<style>.kadence-column2864_7f9764-c8 > .kt-inside-inner-col,.kadence-column2864_7f9764-c8 > .kt-inside-inner-col:before{border-top-left-radius:0px;border-top-right-radius:0px;border-bottom-right-radius:0px;border-bottom-left-radius:0px;}.kadence-column2864_7f9764-c8 > .kt-inside-inner-col{column-gap:var(--global-kb-gap-sm, 1rem);}.kadence-column2864_7f9764-c8 > .kt-inside-inner-col{flex-direction:column;}.kadence-column2864_7f9764-c8 > .kt-inside-inner-col > .aligncenter{width:100%;}.kadence-column2864_7f9764-c8 > .kt-inside-inner-col:before{opacity:0.3;}.kadence-column2864_7f9764-c8{position:relative;}@media all and (max-width: 1024px){.kadence-column2864_7f9764-c8 > .kt-inside-inner-col{flex-direction:column;justify-content:center;}}@media all and (max-width: 767px){.kadence-column2864_7f9764-c8 > .kt-inside-inner-col{padding-right:var(--global-kb-spacing-xs, 1rem);padding-left:var(--global-kb-spacing-xs, 1rem);flex-direction:column;justify-content:center;}}<\/style>\n<div class=\"wp-block-kadence-column kadence-column2864_7f9764-c8\"><div class=\"kt-inside-inner-col\">\n<p><em>Il y a les bols finis et les bols en naissance. Mais contrairement \u00e0 ce qui devrait \u00eatre, il y a manipulation de la chronologie. D\u00e8s le d\u00e9but \u2014 ann\u00e9es 70 \u2014 j\u2019ai fait des bols \u201cfinis\u201d, normaux, se lab\u00e9lisant du bol raku japonais traditionnel et notoirement zen, sans complexe donc. \u00c0 cette<\/em> <em>\u00e9poque, en 1979 pr\u00e9cis\u00e9ment, j\u2019intitulai un article de revue, \u201cle monde dans un bol\u201d, sans complexe l\u00e0 non plus&#8230;<\/em> <em>Puis vinrent, dans les ann\u00e9es 2000, les bols-gen\u00e8se, un retour en arri\u00e8re, le retour aux vraies origines, le bol comme roche creus\u00e9e r\u00e9ceptive, le bol premier \u00e9mergeant : fabriqu\u00e9s et bricol\u00e9s \u00e0partir de bols \u201cfinis rat\u00e9s\u201d, broy\u00e9s, concass\u00e9s, ressoud\u00e9s pour faire du nouveau avec de l\u2019ancien \u2014 ce qui est encore ma pr\u00e9occupation actuelle \u2014, c\u2019est donc revenir \u00e0 un point de d\u00e9part et \u00eatre accidentellement \u00e0 la mode recyclage.<\/em> <em>Mais pour rester confin\u00e9 dans un univers c\u00e9ramique, donc sensible plus qu\u2019intelligible et raisonnable, les bols-gen\u00e8se apparaissent dans un environnement s\u00e9dimentaire o\u00f9 les actions rituelles successives donnent mati\u00e8re \u00e0 des strates diff\u00e9renci\u00e9es mais qui se parlent, s\u2019interf\u00e8rent ou se contredisent. Le tout ensuite, transfigur\u00e9, fig\u00e9, bouscul\u00e9 par ces p\u00e9riodes volcaniques que sont les cuissons, multipli\u00e9es, r\u00e9p\u00e9t\u00e9es souvent comme des hoquets de volcan.<\/em> <em>Quant aux \u201cbols finis\u201d d\u2019aujourd\u2019hui, ils s\u2019apparentent \u00e0 la fois \u00e0 des abstractions de bols usuels et \u00e0 des images manipulables, sortes de monotypes ayant un recto et un verso, une face et un dos, des l\u00e8vres, une panse et un pied, donc des \u00eatres qui nous ressemblent un peu, un peu comme les bols qu\u2019Onisaburo fa\u00e7onnait en fixant son mod\u00e8le vivant, dit-on.<\/em><br>Camille Virot, r\u00e9flexions pr\u00e9paratoires \u00e0 l\u2019exposition de Toucy.<\/p>\n<\/div><\/div>\n\n<\/div><\/div>\n\n<style>.kb-row-layout-id2864_7f7211-ea > .kt-row-column-wrap{align-content:start;}:where(.kb-row-layout-id2864_7f7211-ea > .kt-row-column-wrap) > .wp-block-kadence-column{justify-content:start;}.kb-row-layout-id2864_7f7211-ea > .kt-row-column-wrap{column-gap:var(--global-kb-gap-md, 2rem);row-gap:var(--global-kb-gap-md, 2rem);padding-top:var(--global-kb-spacing-xs, 1rem);padding-right:var(--global-kb-spacing-xs, 1rem);padding-bottom:var(--global-kb-spacing-xs, 1rem);padding-left:var(--global-kb-spacing-xs, 1rem);grid-template-columns:minmax(0, 1fr);}.kb-row-layout-id2864_7f7211-ea > .kt-row-layout-overlay{opacity:0.30;}@media all and (max-width: 1024px){.kb-row-layout-id2864_7f7211-ea > .kt-row-column-wrap{grid-template-columns:minmax(0, 1fr);}}@media all and (max-width: 767px){.kb-row-layout-id2864_7f7211-ea > .kt-row-column-wrap{grid-template-columns:minmax(0, 1fr);}}<\/style><div class=\"kb-row-layout-wrap kb-row-layout-id2864_7f7211-ea alignwide wp-block-kadence-rowlayout\"><div class=\"kt-row-column-wrap kt-has-1-columns kt-row-layout-equal kt-tab-layout-inherit kt-mobile-layout-row kt-row-valign-top\">\n<style>.kadence-column2864_f8f309-8c > .kt-inside-inner-col,.kadence-column2864_f8f309-8c > .kt-inside-inner-col:before{border-top-left-radius:0px;border-top-right-radius:0px;border-bottom-right-radius:0px;border-bottom-left-radius:0px;}.kadence-column2864_f8f309-8c > .kt-inside-inner-col{column-gap:var(--global-kb-gap-sm, 1rem);}.kadence-column2864_f8f309-8c > .kt-inside-inner-col{flex-direction:column;}.kadence-column2864_f8f309-8c > .kt-inside-inner-col > .aligncenter{width:100%;}.kadence-column2864_f8f309-8c > .kt-inside-inner-col:before{opacity:0.3;}.kadence-column2864_f8f309-8c{position:relative;}@media all and (max-width: 1024px){.kadence-column2864_f8f309-8c > .kt-inside-inner-col{flex-direction:column;justify-content:center;}}@media all and (max-width: 767px){.kadence-column2864_f8f309-8c > .kt-inside-inner-col{flex-direction:column;justify-content:center;}}<\/style>\n<div class=\"wp-block-kadence-column kadence-column2864_f8f309-8c\"><div class=\"kt-inside-inner-col\"><style>.wp-block-kadence-advancedgallery .kb-gallery-type-grid.kb-gallery-id-2864_be3fed-92{margin:-5px;}.kb-gallery-type-grid.kb-gallery-id-2864_be3fed-92 .kadence-blocks-gallery-item{padding:5px;}.kb-gallery-id-2864_be3fed-92 .kadence-blocks-gallery-item .kb-gal-image-radius, .kb-gallery-id-2864_be3fed-92 .kb-slide-item .kb-gal-image-radius img{border-radius:0px 0px 0px 0px;;}.kb-gallery-caption-style-bottom.kb-gallery-id-2864_be3fed-92 .kadence-blocks-gallery-item .kadence-blocks-gallery-item-inner .kadence-blocks-gallery-item__caption, .kb-gallery-caption-style-bottom-hover.kb-gallery-id-2864_be3fed-92 .kadence-blocks-gallery-item .kadence-blocks-gallery-item-inner .kadence-blocks-gallery-item__caption{background:linear-gradient(0deg, rgba(0, 0, 0, 0.8) 0, rgba(0, 0, 0, 0) 100%);}<\/style><div class=\"kb-gallery-wrap-id-2864_be3fed-92 alignnone wp-block-kadence-advancedgallery\"><ul class=\"kb-gallery-ul kb-gallery-non-static kb-gallery-type-grid kb-gallery-id-2864_be3fed-92 kb-gallery-caption-style-bottom-hover kb-gallery-filter-none\" data-image-filter=\"none\" data-item-selector=\".kadence-blocks-gallery-item\" data-lightbox-caption=\"true\" data-columns-xxl=\"4\" data-columns-xl=\"4\" data-columns-md=\"4\" data-columns-sm=\"3\" data-columns-xs=\"2\" data-columns-ss=\"2\"><li class=\"kadence-blocks-gallery-item\" tabindex=\"0\"><div class=\"kadence-blocks-gallery-item-inner\"><figure class=\"kb-gallery-figure kadence-blocks-gallery-item-has-caption\"><div class=\"kb-gal-image-radius\"><div class=\"kb-gallery-image-contain kadence-blocks-gallery-intrinsic kb-gallery-image-ratio-square kb-has-image-ratio-square\" ><img loading=\"lazy\" decoding=\"async\" src=\"https:\/\/galerie-ancienne-poste.com\/wp-content\/uploads\/2025\/07\/camille-virot-raku-ceramic-1024x683.jpg\" width=\"1024\" height=\"683\" alt=\"Camille Virot raku ceramic - ceramic exhibition - Camille Virot exhibition France - Galerie de l&#039;Ancienne Poste\" data-full-image=\"https:\/\/galerie-ancienne-poste.com\/wp-content\/uploads\/2025\/07\/camille-virot-raku-ceramic.jpg\" data-light-image=\"https:\/\/galerie-ancienne-poste.com\/wp-content\/uploads\/2025\/07\/camille-virot-raku-ceramic.jpg\" data-id=\"740\" class=\"wp-image-740\" srcset=\"https:\/\/galerie-ancienne-poste.com\/wp-content\/uploads\/2025\/07\/camille-virot-raku-ceramic-1024x683.jpg 1024w, https:\/\/galerie-ancienne-poste.com\/wp-content\/uploads\/2025\/07\/camille-virot-raku-ceramic-300x200.jpg 300w, https:\/\/galerie-ancienne-poste.com\/wp-content\/uploads\/2025\/07\/camille-virot-raku-ceramic-768x512.jpg 768w, https:\/\/galerie-ancienne-poste.com\/wp-content\/uploads\/2025\/07\/camille-virot-raku-ceramic-1536x1024.jpg 1536w, https:\/\/galerie-ancienne-poste.com\/wp-content\/uploads\/2025\/07\/camille-virot-raku-ceramic-2048x1365.jpg 2048w, https:\/\/galerie-ancienne-poste.com\/wp-content\/uploads\/2025\/07\/camille-virot-raku-ceramic-18x12.jpg 18w\" sizes=\"auto, (max-width: 1024px) 100vw, 1024px\" \/><\/div><div class=\"kadence-blocks-gallery-item__caption\">Camille Virot &#8211; Bol N\u00b014, 2020<\/div><\/div><\/figure><\/div><\/li><li class=\"kadence-blocks-gallery-item\" tabindex=\"0\"><div class=\"kadence-blocks-gallery-item-inner\"><figure class=\"kb-gallery-figure kadence-blocks-gallery-item-has-caption\"><div class=\"kb-gal-image-radius\"><div class=\"kb-gallery-image-contain kadence-blocks-gallery-intrinsic kb-gallery-image-ratio-square kb-has-image-ratio-square\" ><img loading=\"lazy\" decoding=\"async\" src=\"https:\/\/galerie-ancienne-poste.com\/wp-content\/uploads\/2025\/07\/camille-virot-expositions-ceramiques-1024x683.jpg\" width=\"1024\" height=\"683\" alt=\"bol gen\u00e8se de Camille Virot - c\u00e9ramique contemporaine - galerie de l&#039;ancienne poste - sculpture c\u00e9ramique contemporaine\" data-full-image=\"https:\/\/galerie-ancienne-poste.com\/wp-content\/uploads\/2025\/07\/camille-virot-expositions-ceramiques.jpg\" data-light-image=\"https:\/\/galerie-ancienne-poste.com\/wp-content\/uploads\/2025\/07\/camille-virot-expositions-ceramiques.jpg\" data-id=\"736\" class=\"wp-image-736\" srcset=\"https:\/\/galerie-ancienne-poste.com\/wp-content\/uploads\/2025\/07\/camille-virot-expositions-ceramiques-1024x683.jpg 1024w, https:\/\/galerie-ancienne-poste.com\/wp-content\/uploads\/2025\/07\/camille-virot-expositions-ceramiques-300x200.jpg 300w, https:\/\/galerie-ancienne-poste.com\/wp-content\/uploads\/2025\/07\/camille-virot-expositions-ceramiques-768x512.jpg 768w, https:\/\/galerie-ancienne-poste.com\/wp-content\/uploads\/2025\/07\/camille-virot-expositions-ceramiques-1536x1024.jpg 1536w, https:\/\/galerie-ancienne-poste.com\/wp-content\/uploads\/2025\/07\/camille-virot-expositions-ceramiques-2048x1365.jpg 2048w, https:\/\/galerie-ancienne-poste.com\/wp-content\/uploads\/2025\/07\/camille-virot-expositions-ceramiques-18x12.jpg 18w\" sizes=\"auto, (max-width: 1024px) 100vw, 1024px\" \/><\/div><div class=\"kadence-blocks-gallery-item__caption\">Camille Virot &#8211; Bol gen\u00e8se, 2020, N\u00b0BG5<\/div><\/div><\/figure><\/div><\/li><li class=\"kadence-blocks-gallery-item\" tabindex=\"0\"><div class=\"kadence-blocks-gallery-item-inner\"><figure class=\"kb-gallery-figure kadence-blocks-gallery-item-has-caption\"><div class=\"kb-gal-image-radius\"><div class=\"kb-gallery-image-contain kadence-blocks-gallery-intrinsic kb-gallery-image-ratio-square kb-has-image-ratio-square\" ><img loading=\"lazy\" decoding=\"async\" src=\"https:\/\/galerie-ancienne-poste.com\/wp-content\/uploads\/2025\/07\/camille-virot-onisaburo-bowls-1024x683.jpg\" width=\"1024\" height=\"683\" alt=\"Camille Virot - bowls Camille Virot - Camille Virot vessels - contemporary ceramics - Galerie de l&#039;Ancienne Poste\" data-full-image=\"https:\/\/galerie-ancienne-poste.com\/wp-content\/uploads\/2025\/07\/camille-virot-onisaburo-bowls.jpg\" data-light-image=\"https:\/\/galerie-ancienne-poste.com\/wp-content\/uploads\/2025\/07\/camille-virot-onisaburo-bowls.jpg\" data-id=\"738\" class=\"wp-image-738\" srcset=\"https:\/\/galerie-ancienne-poste.com\/wp-content\/uploads\/2025\/07\/camille-virot-onisaburo-bowls-1024x683.jpg 1024w, https:\/\/galerie-ancienne-poste.com\/wp-content\/uploads\/2025\/07\/camille-virot-onisaburo-bowls-300x200.jpg 300w, https:\/\/galerie-ancienne-poste.com\/wp-content\/uploads\/2025\/07\/camille-virot-onisaburo-bowls-768x512.jpg 768w, https:\/\/galerie-ancienne-poste.com\/wp-content\/uploads\/2025\/07\/camille-virot-onisaburo-bowls-1536x1024.jpg 1536w, https:\/\/galerie-ancienne-poste.com\/wp-content\/uploads\/2025\/07\/camille-virot-onisaburo-bowls-2048x1365.jpg 2048w, https:\/\/galerie-ancienne-poste.com\/wp-content\/uploads\/2025\/07\/camille-virot-onisaburo-bowls-18x12.jpg 18w\" sizes=\"auto, (max-width: 1024px) 100vw, 1024px\" \/><\/div><div class=\"kadence-blocks-gallery-item__caption\">Camille Virot &#8211; Bol N\u00b02, 2020<\/div><\/div><\/figure><\/div><\/li><li class=\"kadence-blocks-gallery-item\" tabindex=\"0\"><div class=\"kadence-blocks-gallery-item-inner\"><figure class=\"kb-gallery-figure kadence-blocks-gallery-item-has-caption\"><div class=\"kb-gal-image-radius\"><div class=\"kb-gallery-image-contain kadence-blocks-gallery-intrinsic kb-gallery-image-ratio-square kb-has-image-ratio-square\" ><img loading=\"lazy\" decoding=\"async\" src=\"https:\/\/galerie-ancienne-poste.com\/wp-content\/uploads\/2025\/07\/camille-virot-exposition-2020-1024x999.jpg\" width=\"1024\" height=\"999\" alt=\"Camille Virot - bol gen\u00e8se - sculpture c\u00e9ramique - c\u00e9ramique contemporaine -* exposition de c\u00e9ramique contemporaine\" data-full-image=\"https:\/\/galerie-ancienne-poste.com\/wp-content\/uploads\/2025\/07\/camille-virot-exposition-2020.jpg\" data-light-image=\"https:\/\/galerie-ancienne-poste.com\/wp-content\/uploads\/2025\/07\/camille-virot-exposition-2020.jpg\" data-id=\"734\" class=\"wp-image-734\" srcset=\"https:\/\/galerie-ancienne-poste.com\/wp-content\/uploads\/2025\/07\/camille-virot-exposition-2020-1024x999.jpg 1024w, https:\/\/galerie-ancienne-poste.com\/wp-content\/uploads\/2025\/07\/camille-virot-exposition-2020-300x293.jpg 300w, https:\/\/galerie-ancienne-poste.com\/wp-content\/uploads\/2025\/07\/camille-virot-exposition-2020-768x750.jpg 768w, https:\/\/galerie-ancienne-poste.com\/wp-content\/uploads\/2025\/07\/camille-virot-exposition-2020-12x12.jpg 12w, https:\/\/galerie-ancienne-poste.com\/wp-content\/uploads\/2025\/07\/camille-virot-exposition-2020.jpg 1537w\" sizes=\"auto, (max-width: 1024px) 100vw, 1024px\" \/><\/div><div class=\"kadence-blocks-gallery-item__caption\">Camille Virot &#8211; Bol gen\u00e8se, 2020, N\u00b0BG10<\/div><\/div><\/figure><\/div><\/li><li class=\"kadence-blocks-gallery-item\" tabindex=\"0\"><div class=\"kadence-blocks-gallery-item-inner\"><figure class=\"kb-gallery-figure kadence-blocks-gallery-item-has-caption\"><div class=\"kb-gal-image-radius\"><div class=\"kb-gallery-image-contain kadence-blocks-gallery-intrinsic kb-gallery-image-ratio-square kb-has-image-ratio-square\" ><img loading=\"lazy\" decoding=\"async\" src=\"https:\/\/galerie-ancienne-poste.com\/wp-content\/uploads\/2025\/07\/camille-virot-exposition-ceramique-2020-1024x683.jpg\" width=\"1024\" height=\"683\" alt=\"bols Camille Virot - exposition Camille Virot - c\u00e9ramique Camille Virot - raku\" data-full-image=\"https:\/\/galerie-ancienne-poste.com\/wp-content\/uploads\/2025\/07\/camille-virot-exposition-ceramique-2020.jpg\" data-light-image=\"https:\/\/galerie-ancienne-poste.com\/wp-content\/uploads\/2025\/07\/camille-virot-exposition-ceramique-2020.jpg\" data-id=\"735\" class=\"wp-image-735\" srcset=\"https:\/\/galerie-ancienne-poste.com\/wp-content\/uploads\/2025\/07\/camille-virot-exposition-ceramique-2020-1024x683.jpg 1024w, https:\/\/galerie-ancienne-poste.com\/wp-content\/uploads\/2025\/07\/camille-virot-exposition-ceramique-2020-300x200.jpg 300w, https:\/\/galerie-ancienne-poste.com\/wp-content\/uploads\/2025\/07\/camille-virot-exposition-ceramique-2020-768x512.jpg 768w, https:\/\/galerie-ancienne-poste.com\/wp-content\/uploads\/2025\/07\/camille-virot-exposition-ceramique-2020-1536x1024.jpg 1536w, https:\/\/galerie-ancienne-poste.com\/wp-content\/uploads\/2025\/07\/camille-virot-exposition-ceramique-2020-2048x1365.jpg 2048w, https:\/\/galerie-ancienne-poste.com\/wp-content\/uploads\/2025\/07\/camille-virot-exposition-ceramique-2020-18x12.jpg 18w\" sizes=\"auto, (max-width: 1024px) 100vw, 1024px\" \/><\/div><div class=\"kadence-blocks-gallery-item__caption\">Camille Virot &#8211; bol N\u00b08, 2020<\/div><\/div><\/figure><\/div><\/li><li class=\"kadence-blocks-gallery-item\" tabindex=\"0\"><div class=\"kadence-blocks-gallery-item-inner\"><figure class=\"kb-gallery-figure kadence-blocks-gallery-item-has-caption\"><div class=\"kb-gal-image-radius\"><div class=\"kb-gallery-image-contain kadence-blocks-gallery-intrinsic kb-gallery-image-ratio-square kb-has-image-ratio-square\" ><img loading=\"lazy\" decoding=\"async\" src=\"https:\/\/galerie-ancienne-poste.com\/wp-content\/uploads\/2025\/07\/camille-virot-bol-ceramique-1024x913.jpg\" width=\"1024\" height=\"913\" alt=\"Camille Virot - bol gen\u00e8se - sculpture c\u00e9ramique - ceramique contemporaine - galerie c\u00e9ramique - exposition c\u00e9ramique contemporaine\" data-full-image=\"https:\/\/galerie-ancienne-poste.com\/wp-content\/uploads\/2025\/07\/camille-virot-bol-ceramique.jpg\" data-light-image=\"https:\/\/galerie-ancienne-poste.com\/wp-content\/uploads\/2025\/07\/camille-virot-bol-ceramique.jpg\" data-id=\"726\" class=\"wp-image-726\" srcset=\"https:\/\/galerie-ancienne-poste.com\/wp-content\/uploads\/2025\/07\/camille-virot-bol-ceramique-1024x913.jpg 1024w, https:\/\/galerie-ancienne-poste.com\/wp-content\/uploads\/2025\/07\/camille-virot-bol-ceramique-300x267.jpg 300w, https:\/\/galerie-ancienne-poste.com\/wp-content\/uploads\/2025\/07\/camille-virot-bol-ceramique-768x684.jpg 768w, https:\/\/galerie-ancienne-poste.com\/wp-content\/uploads\/2025\/07\/camille-virot-bol-ceramique-1536x1369.jpg 1536w, https:\/\/galerie-ancienne-poste.com\/wp-content\/uploads\/2025\/07\/camille-virot-bol-ceramique-13x12.jpg 13w, https:\/\/galerie-ancienne-poste.com\/wp-content\/uploads\/2025\/07\/camille-virot-bol-ceramique.jpg 1683w\" sizes=\"auto, (max-width: 1024px) 100vw, 1024px\" \/><\/div><div class=\"kadence-blocks-gallery-item__caption\">Camille Virot &#8211; Bol gen\u00e8se N\u00b0BG6, 2020<\/div><\/div><\/figure><\/div><\/li><li class=\"kadence-blocks-gallery-item\" tabindex=\"0\"><div class=\"kadence-blocks-gallery-item-inner\"><figure class=\"kb-gallery-figure kadence-blocks-gallery-item-has-caption\"><div class=\"kb-gal-image-radius\"><div class=\"kb-gallery-image-contain kadence-blocks-gallery-intrinsic kb-gallery-image-ratio-square kb-has-image-ratio-square\" ><img loading=\"lazy\" decoding=\"async\" src=\"https:\/\/galerie-ancienne-poste.com\/wp-content\/uploads\/2025\/07\/camille-virot-bol-onisaburo.jpg\" width=\"699\" height=\"696\" alt=\"Camille Virot\" data-full-image=\"https:\/\/galerie-ancienne-poste.com\/wp-content\/uploads\/2025\/07\/camille-virot-bol-onisaburo.jpg\" data-light-image=\"https:\/\/galerie-ancienne-poste.com\/wp-content\/uploads\/2025\/07\/camille-virot-bol-onisaburo.jpg\" data-id=\"728\" class=\"wp-image-728\" srcset=\"https:\/\/galerie-ancienne-poste.com\/wp-content\/uploads\/2025\/07\/camille-virot-bol-onisaburo.jpg 699w, https:\/\/galerie-ancienne-poste.com\/wp-content\/uploads\/2025\/07\/camille-virot-bol-onisaburo-300x300.jpg 300w, https:\/\/galerie-ancienne-poste.com\/wp-content\/uploads\/2025\/07\/camille-virot-bol-onisaburo-150x150.jpg 150w, https:\/\/galerie-ancienne-poste.com\/wp-content\/uploads\/2025\/07\/camille-virot-bol-onisaburo-12x12.jpg 12w\" sizes=\"auto, (max-width: 699px) 100vw, 699px\" \/><\/div><div class=\"kadence-blocks-gallery-item__caption\">Camille Virot. Bol N\u00b015, 2020<\/div><\/div><\/figure><\/div><\/li><li class=\"kadence-blocks-gallery-item\" tabindex=\"0\"><div class=\"kadence-blocks-gallery-item-inner\"><figure class=\"kb-gallery-figure kadence-blocks-gallery-item-has-caption\"><div class=\"kb-gal-image-radius\"><div class=\"kb-gallery-image-contain kadence-blocks-gallery-intrinsic kb-gallery-image-ratio-square kb-has-image-ratio-square\" ><img loading=\"lazy\" decoding=\"async\" src=\"https:\/\/galerie-ancienne-poste.com\/wp-content\/uploads\/2025\/07\/camille-virot-contemporary-ceramics-2020-1024x683.jpg\" width=\"1024\" height=\"683\" alt=\"Camille Virot - Expo Virot Camille - gelerie Virot Camille - exposition c\u00e9ramique Galerie de l&#039;Ancienne Poste\" data-full-image=\"https:\/\/galerie-ancienne-poste.com\/wp-content\/uploads\/2025\/07\/camille-virot-contemporary-ceramics-2020.jpg\" data-light-image=\"https:\/\/galerie-ancienne-poste.com\/wp-content\/uploads\/2025\/07\/camille-virot-contemporary-ceramics-2020.jpg\" data-id=\"733\" class=\"wp-image-733\" srcset=\"https:\/\/galerie-ancienne-poste.com\/wp-content\/uploads\/2025\/07\/camille-virot-contemporary-ceramics-2020-1024x683.jpg 1024w, https:\/\/galerie-ancienne-poste.com\/wp-content\/uploads\/2025\/07\/camille-virot-contemporary-ceramics-2020-300x200.jpg 300w, https:\/\/galerie-ancienne-poste.com\/wp-content\/uploads\/2025\/07\/camille-virot-contemporary-ceramics-2020-768x512.jpg 768w, https:\/\/galerie-ancienne-poste.com\/wp-content\/uploads\/2025\/07\/camille-virot-contemporary-ceramics-2020-1536x1024.jpg 1536w, https:\/\/galerie-ancienne-poste.com\/wp-content\/uploads\/2025\/07\/camille-virot-contemporary-ceramics-2020-2048x1365.jpg 2048w, https:\/\/galerie-ancienne-poste.com\/wp-content\/uploads\/2025\/07\/camille-virot-contemporary-ceramics-2020-18x12.jpg 18w\" sizes=\"auto, (max-width: 1024px) 100vw, 1024px\" \/><\/div><div class=\"kadence-blocks-gallery-item__caption\">Camille Virot &#8211; Bol N\u00b07, 2020<\/div><\/div><\/figure><\/div><\/li><li class=\"kadence-blocks-gallery-item\" tabindex=\"0\"><div class=\"kadence-blocks-gallery-item-inner\"><figure class=\"kb-gallery-figure kadence-blocks-gallery-item-has-caption\"><div class=\"kb-gal-image-radius\"><div class=\"kb-gallery-image-contain kadence-blocks-gallery-intrinsic kb-gallery-image-ratio-square kb-has-image-ratio-square\" ><img loading=\"lazy\" decoding=\"async\" src=\"https:\/\/galerie-ancienne-poste.com\/wp-content\/uploads\/2025\/07\/camille-virot-galerie-ancienne-poste-1-1024x683.jpg\" width=\"1024\" height=\"683\" alt=\"Camille Virot - bols c\u00e9ramique - bol raku - Galerie de l&#039;Ancienne Poste - c\u00e9ramique d&#039;art contemporaine\" data-full-image=\"https:\/\/galerie-ancienne-poste.com\/wp-content\/uploads\/2025\/07\/camille-virot-galerie-ancienne-poste-1.jpg\" data-light-image=\"https:\/\/galerie-ancienne-poste.com\/wp-content\/uploads\/2025\/07\/camille-virot-galerie-ancienne-poste-1.jpg\" data-id=\"737\" class=\"wp-image-737\" srcset=\"https:\/\/galerie-ancienne-poste.com\/wp-content\/uploads\/2025\/07\/camille-virot-galerie-ancienne-poste-1-1024x683.jpg 1024w, https:\/\/galerie-ancienne-poste.com\/wp-content\/uploads\/2025\/07\/camille-virot-galerie-ancienne-poste-1-300x200.jpg 300w, https:\/\/galerie-ancienne-poste.com\/wp-content\/uploads\/2025\/07\/camille-virot-galerie-ancienne-poste-1-768x512.jpg 768w, https:\/\/galerie-ancienne-poste.com\/wp-content\/uploads\/2025\/07\/camille-virot-galerie-ancienne-poste-1-1536x1024.jpg 1536w, https:\/\/galerie-ancienne-poste.com\/wp-content\/uploads\/2025\/07\/camille-virot-galerie-ancienne-poste-1-2048x1365.jpg 2048w, https:\/\/galerie-ancienne-poste.com\/wp-content\/uploads\/2025\/07\/camille-virot-galerie-ancienne-poste-1-18x12.jpg 18w\" sizes=\"auto, (max-width: 1024px) 100vw, 1024px\" \/><\/div><div class=\"kadence-blocks-gallery-item__caption\">Camille Virot &#8211; Bol N\u00b01, 2020<\/div><\/div><\/figure><\/div><\/li><li class=\"kadence-blocks-gallery-item\" tabindex=\"0\"><div class=\"kadence-blocks-gallery-item-inner\"><figure class=\"kb-gallery-figure kadence-blocks-gallery-item-has-caption\"><div class=\"kb-gal-image-radius\"><div class=\"kb-gallery-image-contain kadence-blocks-gallery-intrinsic kb-gallery-image-ratio-square kb-has-image-ratio-square\" ><img loading=\"lazy\" decoding=\"async\" src=\"https:\/\/galerie-ancienne-poste.com\/wp-content\/uploads\/2025\/07\/camille-virot-ceramics-2020-1024x683.jpg\" width=\"1024\" height=\"683\" alt=\"Camille Virot - exposition raku - exposition Galerie de l&#039;Ancienne Poste - exposition Camille Virot\" data-full-image=\"https:\/\/galerie-ancienne-poste.com\/wp-content\/uploads\/2025\/07\/camille-virot-ceramics-2020.jpg\" data-light-image=\"https:\/\/galerie-ancienne-poste.com\/wp-content\/uploads\/2025\/07\/camille-virot-ceramics-2020.jpg\" data-id=\"730\" class=\"wp-image-730\" srcset=\"https:\/\/galerie-ancienne-poste.com\/wp-content\/uploads\/2025\/07\/camille-virot-ceramics-2020-1024x683.jpg 1024w, https:\/\/galerie-ancienne-poste.com\/wp-content\/uploads\/2025\/07\/camille-virot-ceramics-2020-300x200.jpg 300w, https:\/\/galerie-ancienne-poste.com\/wp-content\/uploads\/2025\/07\/camille-virot-ceramics-2020-768x512.jpg 768w, https:\/\/galerie-ancienne-poste.com\/wp-content\/uploads\/2025\/07\/camille-virot-ceramics-2020-1536x1024.jpg 1536w, https:\/\/galerie-ancienne-poste.com\/wp-content\/uploads\/2025\/07\/camille-virot-ceramics-2020-2048x1365.jpg 2048w, https:\/\/galerie-ancienne-poste.com\/wp-content\/uploads\/2025\/07\/camille-virot-ceramics-2020-18x12.jpg 18w\" sizes=\"auto, (max-width: 1024px) 100vw, 1024px\" \/><\/div><div class=\"kadence-blocks-gallery-item__caption\">Camille Virot -Bol N\u00b021, 2020<\/div><\/div><\/figure><\/div><\/li><li class=\"kadence-blocks-gallery-item\" tabindex=\"0\"><div class=\"kadence-blocks-gallery-item-inner\"><figure class=\"kb-gallery-figure kadence-blocks-gallery-item-has-caption\"><div class=\"kb-gal-image-radius\"><div class=\"kb-gallery-image-contain kadence-blocks-gallery-intrinsic kb-gallery-image-ratio-square kb-has-image-ratio-square\" ><img loading=\"lazy\" decoding=\"async\" src=\"https:\/\/galerie-ancienne-poste.com\/wp-content\/uploads\/2025\/07\/camille-virot-1024x789.jpg\" width=\"1024\" height=\"789\" alt=\"Camille Virot galerie - Camille Virot c\u00e9ramique - Camille Virotexposition - Camille Virot bols\" data-full-image=\"https:\/\/galerie-ancienne-poste.com\/wp-content\/uploads\/2025\/07\/camille-virot.jpg\" data-light-image=\"https:\/\/galerie-ancienne-poste.com\/wp-content\/uploads\/2025\/07\/camille-virot.jpg\" data-id=\"724\" class=\"wp-image-724\" srcset=\"https:\/\/galerie-ancienne-poste.com\/wp-content\/uploads\/2025\/07\/camille-virot-1024x789.jpg 1024w, https:\/\/galerie-ancienne-poste.com\/wp-content\/uploads\/2025\/07\/camille-virot-300x231.jpg 300w, https:\/\/galerie-ancienne-poste.com\/wp-content\/uploads\/2025\/07\/camille-virot-768x592.jpg 768w, https:\/\/galerie-ancienne-poste.com\/wp-content\/uploads\/2025\/07\/camille-virot-1536x1184.jpg 1536w, https:\/\/galerie-ancienne-poste.com\/wp-content\/uploads\/2025\/07\/camille-virot-16x12.jpg 16w, https:\/\/galerie-ancienne-poste.com\/wp-content\/uploads\/2025\/07\/camille-virot.jpg 1946w\" sizes=\"auto, (max-width: 1024px) 100vw, 1024px\" \/><\/div><div class=\"kadence-blocks-gallery-item__caption\">Camille Virot -Bol N\u00b024, 2020<\/div><\/div><\/figure><\/div><\/li><li class=\"kadence-blocks-gallery-item\" tabindex=\"0\"><div class=\"kadence-blocks-gallery-item-inner\"><figure class=\"kb-gallery-figure kadence-blocks-gallery-item-has-caption\"><div class=\"kb-gal-image-radius\"><div class=\"kb-gallery-image-contain kadence-blocks-gallery-intrinsic kb-gallery-image-ratio-square kb-has-image-ratio-square\" ><img loading=\"lazy\" decoding=\"async\" src=\"https:\/\/galerie-ancienne-poste.com\/wp-content\/uploads\/2025\/07\/camille-virot-bolraku1-2020-1024x683.jpg\" width=\"1024\" height=\"683\" alt=\"Camille Virot - bol raku - expo c\u00e9ramique contemporaine - galerie de c\u00e9ramique contemporaine - Galerie de l&#039;Ancienne Poste\" data-full-image=\"https:\/\/galerie-ancienne-poste.com\/wp-content\/uploads\/2025\/07\/camille-virot-bolraku1-2020.jpg\" data-light-image=\"https:\/\/galerie-ancienne-poste.com\/wp-content\/uploads\/2025\/07\/camille-virot-bolraku1-2020.jpg\" data-id=\"729\" class=\"wp-image-729\" srcset=\"https:\/\/galerie-ancienne-poste.com\/wp-content\/uploads\/2025\/07\/camille-virot-bolraku1-2020-1024x683.jpg 1024w, https:\/\/galerie-ancienne-poste.com\/wp-content\/uploads\/2025\/07\/camille-virot-bolraku1-2020-300x200.jpg 300w, https:\/\/galerie-ancienne-poste.com\/wp-content\/uploads\/2025\/07\/camille-virot-bolraku1-2020-768x512.jpg 768w, https:\/\/galerie-ancienne-poste.com\/wp-content\/uploads\/2025\/07\/camille-virot-bolraku1-2020-1536x1024.jpg 1536w, https:\/\/galerie-ancienne-poste.com\/wp-content\/uploads\/2025\/07\/camille-virot-bolraku1-2020-2048x1365.jpg 2048w, https:\/\/galerie-ancienne-poste.com\/wp-content\/uploads\/2025\/07\/camille-virot-bolraku1-2020-18x12.jpg 18w\" sizes=\"auto, (max-width: 1024px) 100vw, 1024px\" \/><\/div><div class=\"kadence-blocks-gallery-item__caption\">Camille Virot &#8211; Bol N\u00b01, 2020<\/div><\/div><\/figure><\/div><\/li><\/ul><\/div><\/div><\/div>\n\n<\/div><\/div>","protected":false},"excerpt":{"rendered":"<p>27 mars \u2013 14 mai 2021<\/p>\n","protected":false},"author":6,"featured_media":727,"template":"","meta":{"_acf_changed":false,"_kad_blocks_custom_css":"","_kad_blocks_head_custom_js":"","_kad_blocks_body_custom_js":"","_kad_blocks_footer_custom_js":"","_kad_post_transparent":"","_kad_post_title":"","_kad_post_layout":"","_kad_post_sidebar_id":"","_kad_post_content_style":"","_kad_post_vertical_padding":"","_kad_post_feature":"","_kad_post_feature_position":"","_kad_post_header":false,"_kad_post_footer":false,"_kad_post_classname":"","footnotes":""},"tags":[92],"artiste_":[110],"class_list":["post-2864","exposition","type-exposition","status-publish","has-post-thumbnail","hentry","tag-passees","artiste_-camille-virot"],"acf":[],"taxonomy_info":{"post_tag":[{"value":92,"label":"Pass\u00e9es"}],"artiste_":[{"value":110,"label":"Camille Virot"}]},"featured_image_src_large":["https:\/\/galerie-ancienne-poste.com\/wp-content\/uploads\/2025\/07\/camille-virot-bol-genese-raku-1024x683.jpg",1024,683,true],"author_info":{"display_name":"christophe","author_link":"https:\/\/galerie-ancienne-poste.com\/fr\/author\/christophe\/"},"comment_info":"","_links":{"self":[{"href":"https:\/\/galerie-ancienne-poste.com\/fr\/wp-json\/wp\/v2\/exposition\/2864","targetHints":{"allow":["GET"]}}],"collection":[{"href":"https:\/\/galerie-ancienne-poste.com\/fr\/wp-json\/wp\/v2\/exposition"}],"about":[{"href":"https:\/\/galerie-ancienne-poste.com\/fr\/wp-json\/wp\/v2\/types\/exposition"}],"author":[{"embeddable":true,"href":"https:\/\/galerie-ancienne-poste.com\/fr\/wp-json\/wp\/v2\/users\/6"}],"version-history":[{"count":16,"href":"https:\/\/galerie-ancienne-poste.com\/fr\/wp-json\/wp\/v2\/exposition\/2864\/revisions"}],"predecessor-version":[{"id":7905,"href":"https:\/\/galerie-ancienne-poste.com\/fr\/wp-json\/wp\/v2\/exposition\/2864\/revisions\/7905"}],"wp:featuredmedia":[{"embeddable":true,"href":"https:\/\/galerie-ancienne-poste.com\/fr\/wp-json\/wp\/v2\/media\/727"}],"wp:attachment":[{"href":"https:\/\/galerie-ancienne-poste.com\/fr\/wp-json\/wp\/v2\/media?parent=2864"}],"wp:term":[{"taxonomy":"post_tag","embeddable":true,"href":"https:\/\/galerie-ancienne-poste.com\/fr\/wp-json\/wp\/v2\/tags?post=2864"},{"taxonomy":"artiste_","embeddable":true,"href":"https:\/\/galerie-ancienne-poste.com\/fr\/wp-json\/wp\/v2\/artiste_?post=2864"}],"curies":[{"name":"wp","href":"https:\/\/api.w.org\/{rel}","templated":true}]}}