{"id":2868,"date":"2016-03-19T11:43:00","date_gmt":"2016-03-19T10:43:00","guid":{"rendered":"https:\/\/galerie-ancienne-poste.com\/?post_type=exposition&#038;p=2868"},"modified":"2025-08-30T07:10:11","modified_gmt":"2025-08-30T05:10:11","slug":"camille-virot-exposition-2016","status":"publish","type":"exposition","link":"https:\/\/galerie-ancienne-poste.com\/fr\/exposition\/camille-virot-exposition-2016\/","title":{"rendered":"Camille Virot &#8211; exposition 2016"},"content":{"rendered":"<style>.kb-row-layout-id2868_3a35ab-c8 > .kt-row-column-wrap{align-content:start;}:where(.kb-row-layout-id2868_3a35ab-c8 > .kt-row-column-wrap) > .wp-block-kadence-column{justify-content:start;}.kb-row-layout-id2868_3a35ab-c8 > .kt-row-column-wrap{column-gap:var(--global-kb-gap-md, 2rem);row-gap:var(--global-kb-gap-md, 2rem);padding-top:var(--global-kb-spacing-xxs, 0.5rem);padding-bottom:var(--global-kb-spacing-sm, 1.5rem);}.kb-row-layout-id2868_3a35ab-c8 > .kt-row-column-wrap > div:not(.added-for-specificity){grid-column:initial;}.kb-row-layout-id2868_3a35ab-c8 > .kt-row-column-wrap{grid-template-columns:minmax(0, 1fr) minmax(0, 6fr) minmax(0, 1fr);}.kb-row-layout-id2868_3a35ab-c8 > .kt-row-layout-overlay{opacity:0.30;}@media all and (max-width: 1024px){.kb-row-layout-id2868_3a35ab-c8 > .kt-row-column-wrap > div:not(.added-for-specificity){grid-column:initial;}}@media all and (max-width: 1024px){.kb-row-layout-id2868_3a35ab-c8 > .kt-row-column-wrap{grid-template-columns:minmax(0, 1fr) minmax(0, 6fr) minmax(0, 1fr);}}@media all and (max-width: 767px){.kb-row-layout-id2868_3a35ab-c8 > .kt-row-column-wrap > div:not(.added-for-specificity){grid-column:initial;}.kb-row-layout-id2868_3a35ab-c8 > .kt-row-column-wrap{grid-template-columns:minmax(0, 1fr);}}<\/style><div class=\"kb-row-layout-wrap kb-row-layout-id2868_3a35ab-c8 alignnone wp-block-kadence-rowlayout\"><div class=\"kt-row-column-wrap kt-has-3-columns kt-row-layout-center-exwide kt-tab-layout-inherit kt-mobile-layout-row kt-row-valign-top\">\n<style>.kadence-column2868_a3922b-4c > .kt-inside-inner-col,.kadence-column2868_a3922b-4c > .kt-inside-inner-col:before{border-top-left-radius:0px;border-top-right-radius:0px;border-bottom-right-radius:0px;border-bottom-left-radius:0px;}.kadence-column2868_a3922b-4c > .kt-inside-inner-col{column-gap:var(--global-kb-gap-sm, 1rem);}.kadence-column2868_a3922b-4c > .kt-inside-inner-col{flex-direction:column;}.kadence-column2868_a3922b-4c > .kt-inside-inner-col > .aligncenter{width:100%;}.kadence-column2868_a3922b-4c > .kt-inside-inner-col:before{opacity:0.3;}.kadence-column2868_a3922b-4c{position:relative;}@media all and (max-width: 1024px){.kadence-column2868_a3922b-4c > .kt-inside-inner-col{flex-direction:column;justify-content:center;}}@media all and (max-width: 767px){.kadence-column2868_a3922b-4c > .kt-inside-inner-col{flex-direction:column;justify-content:center;}}<\/style>\n<div class=\"wp-block-kadence-column kadence-column2868_a3922b-4c\"><div class=\"kt-inside-inner-col\"><\/div><\/div>\n\n\n<style>.kadence-column2868_0fb570-bf > .kt-inside-inner-col,.kadence-column2868_0fb570-bf > .kt-inside-inner-col:before{border-top-left-radius:0px;border-top-right-radius:0px;border-bottom-right-radius:0px;border-bottom-left-radius:0px;}.kadence-column2868_0fb570-bf > .kt-inside-inner-col{column-gap:var(--global-kb-gap-sm, 1rem);}.kadence-column2868_0fb570-bf > .kt-inside-inner-col{flex-direction:column;}.kadence-column2868_0fb570-bf > .kt-inside-inner-col > .aligncenter{width:100%;}.kadence-column2868_0fb570-bf > .kt-inside-inner-col:before{opacity:0.3;}.kadence-column2868_0fb570-bf{position:relative;}@media all and (max-width: 1024px){.kadence-column2868_0fb570-bf > .kt-inside-inner-col{flex-direction:column;justify-content:center;}}@media all and (max-width: 767px){.kadence-column2868_0fb570-bf > .kt-inside-inner-col{padding-right:var(--global-kb-spacing-xs, 1rem);padding-left:var(--global-kb-spacing-xs, 1rem);flex-direction:column;justify-content:center;}}<\/style>\n<div class=\"wp-block-kadence-column kadence-column2868_0fb570-bf\"><div class=\"kt-inside-inner-col\"><style>.wp-block-kadence-advancedheading.kt-adv-heading2868_0ca9ec-36, .wp-block-kadence-advancedheading.kt-adv-heading2868_0ca9ec-36[data-kb-block=\"kb-adv-heading2868_0ca9ec-36\"]{text-align:left;font-size:var(--global-kb-font-size-xl, 3rem);font-style:normal;}.wp-block-kadence-advancedheading.kt-adv-heading2868_0ca9ec-36 mark.kt-highlight, .wp-block-kadence-advancedheading.kt-adv-heading2868_0ca9ec-36[data-kb-block=\"kb-adv-heading2868_0ca9ec-36\"] mark.kt-highlight{font-style:normal;color:#f76a0c;-webkit-box-decoration-break:clone;box-decoration-break:clone;padding-top:0px;padding-right:0px;padding-bottom:0px;padding-left:0px;}.wp-block-kadence-advancedheading.kt-adv-heading2868_0ca9ec-36 img.kb-inline-image, .wp-block-kadence-advancedheading.kt-adv-heading2868_0ca9ec-36[data-kb-block=\"kb-adv-heading2868_0ca9ec-36\"] img.kb-inline-image{width:150px;vertical-align:baseline;}<\/style>\n<h1 class=\"kt-adv-heading2868_0ca9ec-36 wp-block-kadence-advancedheading\" data-kb-block=\"kb-adv-heading2868_0ca9ec-36\">Camille Virot<\/h1>\n\n\n<style>.wp-block-kadence-advancedheading.kt-adv-heading2868_9ed252-29, .wp-block-kadence-advancedheading.kt-adv-heading2868_9ed252-29[data-kb-block=\"kb-adv-heading2868_9ed252-29\"]{text-align:left;font-style:normal;}.wp-block-kadence-advancedheading.kt-adv-heading2868_9ed252-29 mark.kt-highlight, .wp-block-kadence-advancedheading.kt-adv-heading2868_9ed252-29[data-kb-block=\"kb-adv-heading2868_9ed252-29\"] mark.kt-highlight{font-style:normal;color:#f76a0c;-webkit-box-decoration-break:clone;box-decoration-break:clone;padding-top:0px;padding-right:0px;padding-bottom:0px;padding-left:0px;}.wp-block-kadence-advancedheading.kt-adv-heading2868_9ed252-29 img.kb-inline-image, .wp-block-kadence-advancedheading.kt-adv-heading2868_9ed252-29[data-kb-block=\"kb-adv-heading2868_9ed252-29\"] img.kb-inline-image{width:150px;vertical-align:baseline;}<\/style>\n<h2 class=\"kt-adv-heading2868_9ed252-29 wp-block-kadence-advancedheading\" data-kb-block=\"kb-adv-heading2868_9ed252-29\">\u0152uvres r\u00e9centes<\/h2>\n\n\n<style>.wp-block-kadence-advancedheading.kt-adv-heading2868_a2991e-bb, .wp-block-kadence-advancedheading.kt-adv-heading2868_a2991e-bb[data-kb-block=\"kb-adv-heading2868_a2991e-bb\"]{text-align:left;font-style:normal;}.wp-block-kadence-advancedheading.kt-adv-heading2868_a2991e-bb mark.kt-highlight, .wp-block-kadence-advancedheading.kt-adv-heading2868_a2991e-bb[data-kb-block=\"kb-adv-heading2868_a2991e-bb\"] mark.kt-highlight{font-style:normal;color:#f76a0c;-webkit-box-decoration-break:clone;box-decoration-break:clone;padding-top:0px;padding-right:0px;padding-bottom:0px;padding-left:0px;}.wp-block-kadence-advancedheading.kt-adv-heading2868_a2991e-bb img.kb-inline-image, .wp-block-kadence-advancedheading.kt-adv-heading2868_a2991e-bb[data-kb-block=\"kb-adv-heading2868_a2991e-bb\"] img.kb-inline-image{width:150px;vertical-align:baseline;}<\/style>\n<h2 class=\"kt-adv-heading2868_a2991e-bb wp-block-kadence-advancedheading\" data-kb-block=\"kb-adv-heading2868_a2991e-bb\"><strong>19 mars &#8211; 5 mai 2016<\/strong><\/h2>\n\n\n\n<p class=\"has-text-align-left\"><\/p>\n<\/div><\/div>\n\n\n<style>.kadence-column2868_d723d1-15 > .kt-inside-inner-col,.kadence-column2868_d723d1-15 > .kt-inside-inner-col:before{border-top-left-radius:0px;border-top-right-radius:0px;border-bottom-right-radius:0px;border-bottom-left-radius:0px;}.kadence-column2868_d723d1-15 > .kt-inside-inner-col{column-gap:var(--global-kb-gap-sm, 1rem);}.kadence-column2868_d723d1-15 > .kt-inside-inner-col{flex-direction:column;}.kadence-column2868_d723d1-15 > .kt-inside-inner-col > .aligncenter{width:100%;}.kadence-column2868_d723d1-15 > .kt-inside-inner-col:before{opacity:0.3;}.kadence-column2868_d723d1-15{position:relative;}@media all and (max-width: 1024px){.kadence-column2868_d723d1-15 > .kt-inside-inner-col{flex-direction:column;justify-content:center;}}@media all and (max-width: 767px){.kadence-column2868_d723d1-15 > .kt-inside-inner-col{flex-direction:column;justify-content:center;}}<\/style>\n<div class=\"wp-block-kadence-column kadence-column2868_d723d1-15\"><div class=\"kt-inside-inner-col\"><\/div><\/div>\n\n<\/div><\/div>\n\n<style>.kb-row-layout-id2868_67621a-13 > .kt-row-column-wrap{align-content:start;}:where(.kb-row-layout-id2868_67621a-13 > .kt-row-column-wrap) > .wp-block-kadence-column{justify-content:start;}.kb-row-layout-id2868_67621a-13 > .kt-row-column-wrap{column-gap:var(--global-kb-gap-md, 2rem);row-gap:var(--global-kb-gap-md, 2rem);padding-top:var(--global-kb-spacing-xs, 1rem);padding-right:var(--global-kb-spacing-xs, 1rem);padding-bottom:var(--global-kb-spacing-xs, 1rem);padding-left:var(--global-kb-spacing-xs, 1rem);grid-template-columns:minmax(0, 1fr);}.kb-row-layout-id2868_67621a-13 > .kt-row-layout-overlay{opacity:0.30;}@media all and (max-width: 1024px){.kb-row-layout-id2868_67621a-13 > .kt-row-column-wrap{grid-template-columns:minmax(0, 1fr);}}@media all and (max-width: 767px){.kb-row-layout-id2868_67621a-13 > .kt-row-column-wrap{grid-template-columns:minmax(0, 1fr);}}<\/style><div class=\"kb-row-layout-wrap kb-row-layout-id2868_67621a-13 alignwide wp-block-kadence-rowlayout\"><div class=\"kt-row-column-wrap kt-has-1-columns kt-row-layout-equal kt-tab-layout-inherit kt-mobile-layout-row kt-row-valign-top\">\n<style>.kadence-column2868_bf858d-93 > .kt-inside-inner-col,.kadence-column2868_bf858d-93 > .kt-inside-inner-col:before{border-top-left-radius:0px;border-top-right-radius:0px;border-bottom-right-radius:0px;border-bottom-left-radius:0px;}.kadence-column2868_bf858d-93 > .kt-inside-inner-col{column-gap:var(--global-kb-gap-sm, 1rem);}.kadence-column2868_bf858d-93 > .kt-inside-inner-col{flex-direction:column;}.kadence-column2868_bf858d-93 > .kt-inside-inner-col > .aligncenter{width:100%;}.kadence-column2868_bf858d-93 > .kt-inside-inner-col:before{opacity:0.3;}.kadence-column2868_bf858d-93{position:relative;}@media all and (max-width: 1024px){.kadence-column2868_bf858d-93 > .kt-inside-inner-col{flex-direction:column;justify-content:center;}}@media all and (max-width: 767px){.kadence-column2868_bf858d-93 > .kt-inside-inner-col{flex-direction:column;justify-content:center;}}<\/style>\n<div class=\"wp-block-kadence-column kadence-column2868_bf858d-93\"><div class=\"kt-inside-inner-col\"><style>.wp-block-kadence-advancedgallery .kb-gallery-type-grid.kb-gallery-id-2868_5da252-c8{margin:-5px;}.kb-gallery-type-grid.kb-gallery-id-2868_5da252-c8 .kadence-blocks-gallery-item{padding:5px;}.kb-gallery-id-2868_5da252-c8 .kadence-blocks-gallery-item .kb-gal-image-radius, .kb-gallery-id-2868_5da252-c8 .kb-slide-item .kb-gal-image-radius img{border-radius:0px 0px 0px 0px;;}.kb-gallery-caption-style-bottom.kb-gallery-id-2868_5da252-c8 .kadence-blocks-gallery-item .kadence-blocks-gallery-item-inner .kadence-blocks-gallery-item__caption, .kb-gallery-caption-style-bottom-hover.kb-gallery-id-2868_5da252-c8 .kadence-blocks-gallery-item .kadence-blocks-gallery-item-inner .kadence-blocks-gallery-item__caption{background:linear-gradient(0deg, rgba(0, 0, 0, 0.8) 0, rgba(0, 0, 0, 0) 100%);}<\/style><div class=\"kb-gallery-wrap-id-2868_5da252-c8 alignnone wp-block-kadence-advancedgallery\"><ul class=\"kb-gallery-ul kb-gallery-non-static kb-gallery-type-grid kb-gallery-id-2868_5da252-c8 kb-gallery-caption-style-bottom-hover kb-gallery-filter-none\" data-image-filter=\"none\" data-item-selector=\".kadence-blocks-gallery-item\" data-lightbox-caption=\"true\" data-columns-xxl=\"1\" data-columns-xl=\"1\" data-columns-md=\"1\" data-columns-sm=\"1\" data-columns-xs=\"1\" data-columns-ss=\"1\"><li class=\"kadence-blocks-gallery-item\" tabindex=\"0\"><div class=\"kadence-blocks-gallery-item-inner\"><figure class=\"kb-gallery-figure kadence-blocks-gallery-item-has-caption\"><div class=\"kb-gal-image-radius\"><div class=\"kb-gallery-image-contain kadence-blocks-gallery-intrinsic kb-gallery-image-ratio-land21 kb-has-image-ratio-land21\" ><img loading=\"lazy\" decoding=\"async\" src=\"https:\/\/galerie-ancienne-poste.com\/wp-content\/uploads\/2025\/07\/caille-virot-expo-2016.jpg\" width=\"2500\" height=\"1663\" alt=\"Camille Virot- raku - c\u00e9ramqiue raku - raku contemporain - Galerie de l&#039;Ancienne Poste\" data-full-image=\"https:\/\/galerie-ancienne-poste.com\/wp-content\/uploads\/2025\/07\/caille-virot-expo-2016.jpg\" data-light-image=\"https:\/\/galerie-ancienne-poste.com\/wp-content\/uploads\/2025\/07\/caille-virot-expo-2016.jpg\" data-id=\"1089\" class=\"wp-image-1089\" srcset=\"https:\/\/galerie-ancienne-poste.com\/wp-content\/uploads\/2025\/07\/caille-virot-expo-2016.jpg 2500w, https:\/\/galerie-ancienne-poste.com\/wp-content\/uploads\/2025\/07\/caille-virot-expo-2016-300x200.jpg 300w, https:\/\/galerie-ancienne-poste.com\/wp-content\/uploads\/2025\/07\/caille-virot-expo-2016-1024x681.jpg 1024w, https:\/\/galerie-ancienne-poste.com\/wp-content\/uploads\/2025\/07\/caille-virot-expo-2016-768x511.jpg 768w, https:\/\/galerie-ancienne-poste.com\/wp-content\/uploads\/2025\/07\/caille-virot-expo-2016-1536x1022.jpg 1536w, https:\/\/galerie-ancienne-poste.com\/wp-content\/uploads\/2025\/07\/caille-virot-expo-2016-2048x1362.jpg 2048w, https:\/\/galerie-ancienne-poste.com\/wp-content\/uploads\/2025\/07\/caille-virot-expo-2016-18x12.jpg 18w, https:\/\/galerie-ancienne-poste.com\/wp-content\/uploads\/2025\/07\/caille-virot-expo-2016-600x399.jpg 600w\" sizes=\"auto, (max-width: 2500px) 100vw, 2500px\" \/><\/div><div class=\"kadence-blocks-gallery-item__caption\">Camille Virot, Bracelet, 2015,  diam. 26 cm x 20 cm. Photo Georges Meguerditchian. <\/div><\/div><\/figure><\/div><\/li><\/ul><\/div><\/div><\/div>\n\n<\/div><\/div>\n\n<style>.kb-row-layout-id2868_ee067d-af > .kt-row-column-wrap{align-content:start;}:where(.kb-row-layout-id2868_ee067d-af > .kt-row-column-wrap) > .wp-block-kadence-column{justify-content:start;}.kb-row-layout-id2868_ee067d-af > .kt-row-column-wrap{column-gap:var(--global-kb-gap-md, 2rem);row-gap:var(--global-kb-gap-md, 2rem);max-width:var( --global-content-width, 1250px );padding-left:var(--global-content-edge-padding);padding-right:var(--global-content-edge-padding);padding-top:var(--global-kb-spacing-xxs, 0.5rem);padding-bottom:var(--global-kb-spacing-sm, 1.5rem);grid-template-columns:minmax(0, 1fr);}.kb-row-layout-id2868_ee067d-af > .kt-row-layout-overlay{opacity:0.30;}@media all and (max-width: 1024px){.kb-row-layout-id2868_ee067d-af > .kt-row-column-wrap{grid-template-columns:minmax(0, 1fr);}}@media all and (max-width: 767px){.kb-row-layout-id2868_ee067d-af > .kt-row-column-wrap{grid-template-columns:minmax(0, 1fr);}}<\/style><div class=\"kb-row-layout-wrap kb-row-layout-id2868_ee067d-af alignnone wp-block-kadence-rowlayout\"><div class=\"kt-row-column-wrap kt-has-1-columns kt-row-layout-equal kt-tab-layout-inherit kt-mobile-layout-row kt-row-valign-top kb-theme-content-width\">\n<style>.kadence-column2868_2229ca-2b > .kt-inside-inner-col,.kadence-column2868_2229ca-2b > .kt-inside-inner-col:before{border-top-left-radius:0px;border-top-right-radius:0px;border-bottom-right-radius:0px;border-bottom-left-radius:0px;}.kadence-column2868_2229ca-2b > .kt-inside-inner-col{column-gap:var(--global-kb-gap-sm, 1rem);}.kadence-column2868_2229ca-2b > .kt-inside-inner-col{flex-direction:column;}.kadence-column2868_2229ca-2b > .kt-inside-inner-col > .aligncenter{width:100%;}.kadence-column2868_2229ca-2b > .kt-inside-inner-col:before{opacity:0.3;}.kadence-column2868_2229ca-2b{position:relative;}@media all and (max-width: 1024px){.kadence-column2868_2229ca-2b > .kt-inside-inner-col{flex-direction:column;justify-content:center;}}@media all and (max-width: 767px){.kadence-column2868_2229ca-2b > .kt-inside-inner-col{padding-right:var(--global-kb-spacing-xs, 1rem);padding-left:var(--global-kb-spacing-xs, 1rem);flex-direction:column;justify-content:center;}}<\/style>\n<div class=\"wp-block-kadence-column kadence-column2868_2229ca-2b\"><div class=\"kt-inside-inner-col\">\n<p>En ce printemps 2016 o\u00f9 l\u2019art c\u00e9ramique contemporain sera mis \u00e0 l\u2019honneur avec l\u2019exposition CERAMIX \u00e0 La Maison Rouge \u00e0 Paris en partenariat avec S\u00e8vres-Cit\u00e9 de la C\u00e9ramique, la Galerie de l\u2019Ancienne Poste est heureuse de mettre en valeur \u00e0 cette m\u00eame p\u00e9riode l\u2019\u0153uvre c\u00e9ramique de Camille Virot, personnalit\u00e9 majeure dans la pratique du Raku en France, et l\u2019un des rares artistes dans cette discipline \u00e0 figurer dans les collections publiques et priv\u00e9es d\u2019art contemporain -dont le FNAC- et \u00e0 disposer aujourd\u2019hui d\u2019une audience internationale.<\/p>\n\n\n\n<p>Camille Virot dans <a href=\"https:\/\/galerie-ancienne-poste.com\/presse\/loeil-avril-2016\/\" data-type=\"post\" data-id=\"3404\">L&rsquo;OEIL<\/a><br>Camille Virot dans <a href=\"https:\/\/galerie-ancienne-poste.com\/presse\/connaissance-des-arts-avril-2016\/\" data-type=\"post\" data-id=\"3393\">Connaissance des Arts<\/a><br>Camille Virot dans <a href=\"https:\/\/galerie-ancienne-poste.com\/presse\/miroir-de-lart-avril-2016\/\" data-type=\"post\" data-id=\"4660\">Miroir de l&rsquo;art<\/a><\/p>\n<\/div><\/div>\n\n<\/div><\/div>\n\n<style>.kb-row-layout-id2868_5ddebc-44 > .kt-row-column-wrap{align-content:start;}:where(.kb-row-layout-id2868_5ddebc-44 > .kt-row-column-wrap) > .wp-block-kadence-column{justify-content:start;}.kb-row-layout-id2868_5ddebc-44 > .kt-row-column-wrap{column-gap:var(--global-kb-gap-md, 2rem);row-gap:var(--global-kb-gap-md, 2rem);padding-top:var(--global-kb-spacing-xs, 1rem);padding-right:var(--global-kb-spacing-xs, 1rem);padding-bottom:var(--global-kb-spacing-xs, 1rem);padding-left:var(--global-kb-spacing-xs, 1rem);grid-template-columns:minmax(0, 1fr);}.kb-row-layout-id2868_5ddebc-44 > .kt-row-layout-overlay{opacity:0.30;}@media all and (max-width: 1024px){.kb-row-layout-id2868_5ddebc-44 > .kt-row-column-wrap{grid-template-columns:minmax(0, 1fr);}}@media all and (max-width: 767px){.kb-row-layout-id2868_5ddebc-44 > .kt-row-column-wrap{grid-template-columns:minmax(0, 1fr);}}<\/style><div class=\"kb-row-layout-wrap kb-row-layout-id2868_5ddebc-44 alignwide wp-block-kadence-rowlayout\"><div class=\"kt-row-column-wrap kt-has-1-columns kt-row-layout-equal kt-tab-layout-inherit kt-mobile-layout-row kt-row-valign-top\">\n<style>.kadence-column2868_a0e02b-65 > .kt-inside-inner-col,.kadence-column2868_a0e02b-65 > .kt-inside-inner-col:before{border-top-left-radius:0px;border-top-right-radius:0px;border-bottom-right-radius:0px;border-bottom-left-radius:0px;}.kadence-column2868_a0e02b-65 > .kt-inside-inner-col{column-gap:var(--global-kb-gap-sm, 1rem);}.kadence-column2868_a0e02b-65 > .kt-inside-inner-col{flex-direction:column;}.kadence-column2868_a0e02b-65 > .kt-inside-inner-col > .aligncenter{width:100%;}.kadence-column2868_a0e02b-65 > .kt-inside-inner-col:before{opacity:0.3;}.kadence-column2868_a0e02b-65{position:relative;}@media all and (max-width: 1024px){.kadence-column2868_a0e02b-65 > .kt-inside-inner-col{flex-direction:column;justify-content:center;}}@media all and (max-width: 767px){.kadence-column2868_a0e02b-65 > .kt-inside-inner-col{flex-direction:column;justify-content:center;}}<\/style>\n<div class=\"wp-block-kadence-column kadence-column2868_a0e02b-65\"><div class=\"kt-inside-inner-col\"><style>.wp-block-kadence-advancedgallery .kb-gallery-type-grid.kb-gallery-id-2868_e1ad41-b1{margin:-5px;}.kb-gallery-type-grid.kb-gallery-id-2868_e1ad41-b1 .kadence-blocks-gallery-item{padding:5px;}.kb-gallery-id-2868_e1ad41-b1 .kadence-blocks-gallery-item .kb-gal-image-radius, .kb-gallery-id-2868_e1ad41-b1 .kb-slide-item .kb-gal-image-radius img{border-radius:0px 0px 0px 0px;;}.kb-gallery-caption-style-bottom.kb-gallery-id-2868_e1ad41-b1 .kadence-blocks-gallery-item .kadence-blocks-gallery-item-inner .kadence-blocks-gallery-item__caption, .kb-gallery-caption-style-bottom-hover.kb-gallery-id-2868_e1ad41-b1 .kadence-blocks-gallery-item .kadence-blocks-gallery-item-inner .kadence-blocks-gallery-item__caption{background:linear-gradient(0deg, rgba(0, 0, 0, 0.8) 0, rgba(0, 0, 0, 0) 100%);}<\/style><div class=\"kb-gallery-wrap-id-2868_e1ad41-b1 alignnone wp-block-kadence-advancedgallery\"><ul class=\"kb-gallery-ul kb-gallery-non-static kb-gallery-type-grid kb-gallery-id-2868_e1ad41-b1 kb-gallery-caption-style-bottom-hover kb-gallery-filter-none\" data-image-filter=\"none\" data-item-selector=\".kadence-blocks-gallery-item\" data-lightbox-caption=\"true\" data-columns-xxl=\"2\" data-columns-xl=\"2\" data-columns-md=\"2\" data-columns-sm=\"2\" data-columns-xs=\"1\" data-columns-ss=\"1\"><li class=\"kadence-blocks-gallery-item\"><div class=\"kadence-blocks-gallery-item-inner\"><figure class=\"kb-gallery-figure kb-gallery-item-has-link kadence-blocks-gallery-item-has-caption\"><a href=\"https:\/\/galerie-ancienne-poste.com\/wp-content\/uploads\/2025\/07\/camille-virot-tetes-2016.jpg\" class=\"kb-gallery-item-link\"  ><div class=\"kb-gal-image-radius\"><div class=\"kb-gallery-image-contain kadence-blocks-gallery-intrinsic kb-gallery-image-ratio-square kb-has-image-ratio-square\" ><img loading=\"lazy\" decoding=\"async\" src=\"https:\/\/galerie-ancienne-poste.com\/wp-content\/uploads\/2025\/07\/camille-virot-tetes-2016-1024x897.jpg\" width=\"1024\" height=\"897\" alt=\"Camille Virot - c\u00e9ramique de Camille Virot - exposition en France de Camille Virot - Exposition en Puisaye\" data-full-image=\"https:\/\/galerie-ancienne-poste.com\/wp-content\/uploads\/2025\/07\/camille-virot-tetes-2016.jpg\" data-light-image=\"https:\/\/galerie-ancienne-poste.com\/wp-content\/uploads\/2025\/07\/camille-virot-tetes-2016.jpg\" data-id=\"1102\" class=\"wp-image-1102\" srcset=\"https:\/\/galerie-ancienne-poste.com\/wp-content\/uploads\/2025\/07\/camille-virot-tetes-2016-1024x897.jpg 1024w, https:\/\/galerie-ancienne-poste.com\/wp-content\/uploads\/2025\/07\/camille-virot-tetes-2016-300x263.jpg 300w, https:\/\/galerie-ancienne-poste.com\/wp-content\/uploads\/2025\/07\/camille-virot-tetes-2016-768x673.jpg 768w, https:\/\/galerie-ancienne-poste.com\/wp-content\/uploads\/2025\/07\/camille-virot-tetes-2016-14x12.jpg 14w, https:\/\/galerie-ancienne-poste.com\/wp-content\/uploads\/2025\/07\/camille-virot-tetes-2016.jpg 1212w\" sizes=\"auto, (max-width: 1024px) 100vw, 1024px\" \/><\/div><div class=\"kadence-blocks-gallery-item__caption\">camille-virot-tetes-2016<\/div><\/div><\/a><\/figure><\/div><\/li><li class=\"kadence-blocks-gallery-item\"><div class=\"kadence-blocks-gallery-item-inner\"><figure class=\"kb-gallery-figure kb-gallery-item-has-link kadence-blocks-gallery-item-has-caption\"><a href=\"https:\/\/galerie-ancienne-poste.com\/wp-content\/uploads\/2025\/07\/camille-virot-maisons.jpg\" class=\"kb-gallery-item-link\"  ><div class=\"kb-gal-image-radius\"><div class=\"kb-gallery-image-contain kadence-blocks-gallery-intrinsic kb-gallery-image-ratio-square kb-has-image-ratio-square\" ><img loading=\"lazy\" decoding=\"async\" src=\"https:\/\/galerie-ancienne-poste.com\/wp-content\/uploads\/2025\/07\/camille-virot-maisons.jpg\" width=\"1000\" height=\"1000\" alt=\"Camille Virot - maisons - c\u00e9ramique de Camille Virot - exposition Camille Virot - galerie de Camille Virot\" data-full-image=\"https:\/\/galerie-ancienne-poste.com\/wp-content\/uploads\/2025\/07\/camille-virot-maisons.jpg\" data-light-image=\"https:\/\/galerie-ancienne-poste.com\/wp-content\/uploads\/2025\/07\/camille-virot-maisons.jpg\" data-id=\"1096\" class=\"wp-image-1096\" srcset=\"https:\/\/galerie-ancienne-poste.com\/wp-content\/uploads\/2025\/07\/camille-virot-maisons.jpg 1000w, https:\/\/galerie-ancienne-poste.com\/wp-content\/uploads\/2025\/07\/camille-virot-maisons-300x300.jpg 300w, https:\/\/galerie-ancienne-poste.com\/wp-content\/uploads\/2025\/07\/camille-virot-maisons-150x150.jpg 150w, https:\/\/galerie-ancienne-poste.com\/wp-content\/uploads\/2025\/07\/camille-virot-maisons-768x768.jpg 768w, https:\/\/galerie-ancienne-poste.com\/wp-content\/uploads\/2025\/07\/camille-virot-maisons-12x12.jpg 12w\" sizes=\"auto, (max-width: 1000px) 100vw, 1000px\" \/><\/div><div class=\"kadence-blocks-gallery-item__caption\">Camille Virot<\/div><\/div><\/a><\/figure><\/div><\/li><\/ul><\/div><\/div><\/div>\n\n<\/div><\/div>\n\n<style>.kb-row-layout-id2868_28630f-44 > .kt-row-column-wrap{align-content:start;}:where(.kb-row-layout-id2868_28630f-44 > .kt-row-column-wrap) > .wp-block-kadence-column{justify-content:start;}.kb-row-layout-id2868_28630f-44 > .kt-row-column-wrap{column-gap:var(--global-kb-gap-md, 2rem);row-gap:var(--global-kb-gap-md, 2rem);max-width:var( --global-content-width, 1250px );padding-left:var(--global-content-edge-padding);padding-right:var(--global-content-edge-padding);padding-top:var(--global-kb-spacing-xxs, 0.5rem);padding-bottom:var(--global-kb-spacing-sm, 1.5rem);grid-template-columns:minmax(0, 1fr);}.kb-row-layout-id2868_28630f-44 > .kt-row-layout-overlay{opacity:0.30;}@media all and (max-width: 1024px){.kb-row-layout-id2868_28630f-44 > .kt-row-column-wrap{grid-template-columns:minmax(0, 1fr);}}@media all and (max-width: 767px){.kb-row-layout-id2868_28630f-44 > .kt-row-column-wrap{grid-template-columns:minmax(0, 1fr);}}<\/style><div class=\"kb-row-layout-wrap kb-row-layout-id2868_28630f-44 alignnone wp-block-kadence-rowlayout\"><div class=\"kt-row-column-wrap kt-has-1-columns kt-row-layout-equal kt-tab-layout-inherit kt-mobile-layout-row kt-row-valign-top kb-theme-content-width\">\n<style>.kadence-column2868_9b3ba7-cc > .kt-inside-inner-col,.kadence-column2868_9b3ba7-cc > .kt-inside-inner-col:before{border-top-left-radius:0px;border-top-right-radius:0px;border-bottom-right-radius:0px;border-bottom-left-radius:0px;}.kadence-column2868_9b3ba7-cc > .kt-inside-inner-col{column-gap:var(--global-kb-gap-sm, 1rem);}.kadence-column2868_9b3ba7-cc > .kt-inside-inner-col{flex-direction:column;}.kadence-column2868_9b3ba7-cc > .kt-inside-inner-col > .aligncenter{width:100%;}.kadence-column2868_9b3ba7-cc > .kt-inside-inner-col:before{opacity:0.3;}.kadence-column2868_9b3ba7-cc{position:relative;}@media all and (max-width: 1024px){.kadence-column2868_9b3ba7-cc > .kt-inside-inner-col{flex-direction:column;justify-content:center;}}@media all and (max-width: 767px){.kadence-column2868_9b3ba7-cc > .kt-inside-inner-col{padding-right:var(--global-kb-spacing-xs, 1rem);padding-left:var(--global-kb-spacing-xs, 1rem);flex-direction:column;justify-content:center;}}<\/style>\n<div class=\"wp-block-kadence-column kadence-column2868_9b3ba7-cc\"><div class=\"kt-inside-inner-col\">\n<p>L\u2019exposition pr\u00e9sentera deux p\u00f4les c\u00e9ramiques du travail actuel de Camille Virot&nbsp;ainsi \u00e9voqu\u00e9s par l\u2019artiste lui-m\u00eame : <br><em>\u00ab&nbsp;Celui d\u2019une fid\u00e9lit\u00e9 au Raku japonais, une fid\u00e9lit\u00e9 qui consiste \u00e0 ne pas en rester au formalisme mais \u00e0 se couler dans les propos de la mati\u00e8re.<\/em><br><em>Celui d\u2019une fid\u00e9lit\u00e9 \u00e0 des \u00e9vocations pass\u00e9es, en retour sur des formes anciennes, anciennes dans mon propre \u201cpaysage\u201d, mais aussi dans le grenier de l\u2019humanit\u00e9 : bols, bo\u00eetes, bracelets, masques, f\u00e9tiches&#8230; Revisiter donc l\u00e0 des souvenirs en les rafra\u00eechissant et les accommodant \u00e0 mon langage d\u2019aujourd\u2019hui, et comme avec le Raku, se permettre tout, ou presque.<\/em> <br><em>Dans les deux cas, faire \u00e0 peu pr\u00e8s n\u2019importe quoi, refaire et refaire jusqu&rsquo;\u00e0 ce que \u201cla chose\u201d inattendue d\u00e9sir\u00e9e s\u2019impose.&nbsp;\u00bb<\/em><br><\/p>\n<\/div><\/div>\n\n<\/div><\/div>\n\n<style>.kb-row-layout-id2868_96f1e0-0a > .kt-row-column-wrap{align-content:start;}:where(.kb-row-layout-id2868_96f1e0-0a > .kt-row-column-wrap) > .wp-block-kadence-column{justify-content:start;}.kb-row-layout-id2868_96f1e0-0a > .kt-row-column-wrap{column-gap:var(--global-kb-gap-md, 2rem);row-gap:var(--global-kb-gap-md, 2rem);padding-top:var(--global-kb-spacing-xs, 1rem);padding-right:var(--global-kb-spacing-xs, 1rem);padding-bottom:var(--global-kb-spacing-xs, 1rem);padding-left:var(--global-kb-spacing-xs, 1rem);grid-template-columns:minmax(0, 1fr);}.kb-row-layout-id2868_96f1e0-0a > .kt-row-layout-overlay{opacity:0.30;}@media all and (max-width: 1024px){.kb-row-layout-id2868_96f1e0-0a > .kt-row-column-wrap{grid-template-columns:minmax(0, 1fr);}}@media all and (max-width: 767px){.kb-row-layout-id2868_96f1e0-0a > .kt-row-column-wrap{grid-template-columns:minmax(0, 1fr);}}<\/style><div class=\"kb-row-layout-wrap kb-row-layout-id2868_96f1e0-0a alignwide wp-block-kadence-rowlayout\"><div class=\"kt-row-column-wrap kt-has-1-columns kt-row-layout-equal kt-tab-layout-inherit kt-mobile-layout-row kt-row-valign-top\">\n<style>.kadence-column2868_5cf5a3-7b > .kt-inside-inner-col,.kadence-column2868_5cf5a3-7b > .kt-inside-inner-col:before{border-top-left-radius:0px;border-top-right-radius:0px;border-bottom-right-radius:0px;border-bottom-left-radius:0px;}.kadence-column2868_5cf5a3-7b > .kt-inside-inner-col{column-gap:var(--global-kb-gap-sm, 1rem);}.kadence-column2868_5cf5a3-7b > .kt-inside-inner-col{flex-direction:column;}.kadence-column2868_5cf5a3-7b > .kt-inside-inner-col > .aligncenter{width:100%;}.kadence-column2868_5cf5a3-7b > .kt-inside-inner-col:before{opacity:0.3;}.kadence-column2868_5cf5a3-7b{position:relative;}@media all and (max-width: 1024px){.kadence-column2868_5cf5a3-7b > .kt-inside-inner-col{flex-direction:column;justify-content:center;}}@media all and (max-width: 767px){.kadence-column2868_5cf5a3-7b > .kt-inside-inner-col{flex-direction:column;justify-content:center;}}<\/style>\n<div class=\"wp-block-kadence-column kadence-column2868_5cf5a3-7b\"><div class=\"kt-inside-inner-col\"><style>.wp-block-kadence-advancedgallery .kb-gallery-type-grid.kb-gallery-id-2868_e39b10-f9{margin:-5px;}.kb-gallery-type-grid.kb-gallery-id-2868_e39b10-f9 .kadence-blocks-gallery-item{padding:5px;}.kb-gallery-id-2868_e39b10-f9 .kadence-blocks-gallery-item .kb-gal-image-radius, .kb-gallery-id-2868_e39b10-f9 .kb-slide-item .kb-gal-image-radius img{border-radius:0px 0px 0px 0px;;}.kb-gallery-caption-style-bottom.kb-gallery-id-2868_e39b10-f9 .kadence-blocks-gallery-item .kadence-blocks-gallery-item-inner .kadence-blocks-gallery-item__caption, .kb-gallery-caption-style-bottom-hover.kb-gallery-id-2868_e39b10-f9 .kadence-blocks-gallery-item .kadence-blocks-gallery-item-inner .kadence-blocks-gallery-item__caption{background:linear-gradient(0deg, rgba(0, 0, 0, 0.8) 0, rgba(0, 0, 0, 0) 100%);}<\/style><div class=\"kb-gallery-wrap-id-2868_e39b10-f9 alignnone wp-block-kadence-advancedgallery\"><ul class=\"kb-gallery-ul kb-gallery-non-static kb-gallery-type-grid kb-gallery-id-2868_e39b10-f9 kb-gallery-caption-style-bottom-hover kb-gallery-filter-none\" data-image-filter=\"none\" data-item-selector=\".kadence-blocks-gallery-item\" data-lightbox-caption=\"true\" data-columns-xxl=\"4\" data-columns-xl=\"4\" data-columns-md=\"4\" data-columns-sm=\"3\" data-columns-xs=\"2\" data-columns-ss=\"2\"><li class=\"kadence-blocks-gallery-item\" tabindex=\"0\"><div class=\"kadence-blocks-gallery-item-inner\"><figure class=\"kb-gallery-figure kadence-blocks-gallery-item-has-caption\"><div class=\"kb-gal-image-radius\"><div class=\"kb-gallery-image-contain kadence-blocks-gallery-intrinsic kb-gallery-image-ratio-square kb-has-image-ratio-square\" ><img loading=\"lazy\" decoding=\"async\" src=\"https:\/\/galerie-ancienne-poste.com\/wp-content\/uploads\/2025\/07\/camille-virot-bracelet-raku.jpg\" width=\"831\" height=\"898\" alt=\"Camille Virot - Camille Virot ceramics - Camille Virot exhibition - Camille Virot gallery\" data-full-image=\"https:\/\/galerie-ancienne-poste.com\/wp-content\/uploads\/2025\/07\/camille-virot-bracelet-raku.jpg\" data-light-image=\"https:\/\/galerie-ancienne-poste.com\/wp-content\/uploads\/2025\/07\/camille-virot-bracelet-raku.jpg\" data-id=\"1092\" class=\"wp-image-1092\" srcset=\"https:\/\/galerie-ancienne-poste.com\/wp-content\/uploads\/2025\/07\/camille-virot-bracelet-raku.jpg 831w, https:\/\/galerie-ancienne-poste.com\/wp-content\/uploads\/2025\/07\/camille-virot-bracelet-raku-278x300.jpg 278w, https:\/\/galerie-ancienne-poste.com\/wp-content\/uploads\/2025\/07\/camille-virot-bracelet-raku-768x830.jpg 768w, https:\/\/galerie-ancienne-poste.com\/wp-content\/uploads\/2025\/07\/camille-virot-bracelet-raku-11x12.jpg 11w\" sizes=\"auto, (max-width: 831px) 100vw, 831px\" \/><\/div><div class=\"kadence-blocks-gallery-item__caption\">Camille Virot<\/div><\/div><\/figure><\/div><\/li><li class=\"kadence-blocks-gallery-item\" tabindex=\"0\"><div class=\"kadence-blocks-gallery-item-inner\"><figure class=\"kb-gallery-figure kadence-blocks-gallery-item-has-caption\"><div class=\"kb-gal-image-radius\"><div class=\"kb-gallery-image-contain kadence-blocks-gallery-intrinsic kb-gallery-image-ratio-square kb-has-image-ratio-square\" ><img loading=\"lazy\" decoding=\"async\" src=\"https:\/\/galerie-ancienne-poste.com\/wp-content\/uploads\/2025\/07\/camille-virot-masque-sculpture-raku.jpg\" width=\"1000\" height=\"715\" alt=\"Camille Virot - c\u00e9ramique fran\u00e7aise - exposition de c\u00e9ramiques - c\u00e9ramique contemporaine en France\" data-full-image=\"https:\/\/galerie-ancienne-poste.com\/wp-content\/uploads\/2025\/07\/camille-virot-masque-sculpture-raku.jpg\" data-light-image=\"https:\/\/galerie-ancienne-poste.com\/wp-content\/uploads\/2025\/07\/camille-virot-masque-sculpture-raku.jpg\" data-id=\"1097\" class=\"wp-image-1097\" srcset=\"https:\/\/galerie-ancienne-poste.com\/wp-content\/uploads\/2025\/07\/camille-virot-masque-sculpture-raku.jpg 1000w, https:\/\/galerie-ancienne-poste.com\/wp-content\/uploads\/2025\/07\/camille-virot-masque-sculpture-raku-300x215.jpg 300w, https:\/\/galerie-ancienne-poste.com\/wp-content\/uploads\/2025\/07\/camille-virot-masque-sculpture-raku-768x549.jpg 768w, https:\/\/galerie-ancienne-poste.com\/wp-content\/uploads\/2025\/07\/camille-virot-masque-sculpture-raku-18x12.jpg 18w\" sizes=\"auto, (max-width: 1000px) 100vw, 1000px\" \/><\/div><div class=\"kadence-blocks-gallery-item__caption\">Camille Virot<\/div><\/div><\/figure><\/div><\/li><li class=\"kadence-blocks-gallery-item\" tabindex=\"0\"><div class=\"kadence-blocks-gallery-item-inner\"><figure class=\"kb-gallery-figure kadence-blocks-gallery-item-has-caption\"><div class=\"kb-gal-image-radius\"><div class=\"kb-gallery-image-contain kadence-blocks-gallery-intrinsic kb-gallery-image-ratio-square kb-has-image-ratio-square\" ><img loading=\"lazy\" decoding=\"async\" src=\"https:\/\/galerie-ancienne-poste.com\/wp-content\/uploads\/2025\/07\/camille-virot-bracelet-2016-1024x796.jpg\" width=\"1024\" height=\"796\" alt=\"Camille Virot - Camille Virot c\u00e9ramiste d&#039;art contemporain - exposition Camille Virot\" data-full-image=\"https:\/\/galerie-ancienne-poste.com\/wp-content\/uploads\/2025\/07\/camille-virot-bracelet-2016.jpg\" data-light-image=\"https:\/\/galerie-ancienne-poste.com\/wp-content\/uploads\/2025\/07\/camille-virot-bracelet-2016.jpg\" data-id=\"1090\" class=\"wp-image-1090\" srcset=\"https:\/\/galerie-ancienne-poste.com\/wp-content\/uploads\/2025\/07\/camille-virot-bracelet-2016-1024x796.jpg 1024w, https:\/\/galerie-ancienne-poste.com\/wp-content\/uploads\/2025\/07\/camille-virot-bracelet-2016-300x233.jpg 300w, https:\/\/galerie-ancienne-poste.com\/wp-content\/uploads\/2025\/07\/camille-virot-bracelet-2016-768x597.jpg 768w, https:\/\/galerie-ancienne-poste.com\/wp-content\/uploads\/2025\/07\/camille-virot-bracelet-2016-15x12.jpg 15w, https:\/\/galerie-ancienne-poste.com\/wp-content\/uploads\/2025\/07\/camille-virot-bracelet-2016.jpg 1361w\" sizes=\"auto, (max-width: 1024px) 100vw, 1024px\" \/><\/div><div class=\"kadence-blocks-gallery-item__caption\">Camille Virot<\/div><\/div><\/figure><\/div><\/li><li class=\"kadence-blocks-gallery-item\" tabindex=\"0\"><div class=\"kadence-blocks-gallery-item-inner\"><figure class=\"kb-gallery-figure kadence-blocks-gallery-item-has-caption\"><div class=\"kb-gal-image-radius\"><div class=\"kb-gallery-image-contain kadence-blocks-gallery-intrinsic kb-gallery-image-ratio-square kb-has-image-ratio-square\" ><img loading=\"lazy\" decoding=\"async\" src=\"https:\/\/galerie-ancienne-poste.com\/wp-content\/uploads\/2025\/07\/camille-virot-tete-2014-raku.jpg\" width=\"945\" height=\"869\" alt=\"Camille Virot - Galerie de l&#039;Ancienne poste - exposition en Bourgogne - exposition dans l&#039;Yonne\" data-full-image=\"https:\/\/galerie-ancienne-poste.com\/wp-content\/uploads\/2025\/07\/camille-virot-tete-2014-raku.jpg\" data-light-image=\"https:\/\/galerie-ancienne-poste.com\/wp-content\/uploads\/2025\/07\/camille-virot-tete-2014-raku.jpg\" data-id=\"1099\" class=\"wp-image-1099\" srcset=\"https:\/\/galerie-ancienne-poste.com\/wp-content\/uploads\/2025\/07\/camille-virot-tete-2014-raku.jpg 945w, https:\/\/galerie-ancienne-poste.com\/wp-content\/uploads\/2025\/07\/camille-virot-tete-2014-raku-300x276.jpg 300w, https:\/\/galerie-ancienne-poste.com\/wp-content\/uploads\/2025\/07\/camille-virot-tete-2014-raku-768x706.jpg 768w, https:\/\/galerie-ancienne-poste.com\/wp-content\/uploads\/2025\/07\/camille-virot-tete-2014-raku-13x12.jpg 13w\" sizes=\"auto, (max-width: 945px) 100vw, 945px\" \/><\/div><div class=\"kadence-blocks-gallery-item__caption\">Camille Virot<\/div><\/div><\/figure><\/div><\/li><li class=\"kadence-blocks-gallery-item\" tabindex=\"0\"><div class=\"kadence-blocks-gallery-item-inner\"><figure class=\"kb-gallery-figure kadence-blocks-gallery-item-has-caption\"><div class=\"kb-gal-image-radius\"><div class=\"kb-gallery-image-contain kadence-blocks-gallery-intrinsic kb-gallery-image-ratio-square kb-has-image-ratio-square\" ><img loading=\"lazy\" decoding=\"async\" src=\"https:\/\/galerie-ancienne-poste.com\/wp-content\/uploads\/2025\/07\/camille-virot-raku-contemporain-1024x731.jpg\" width=\"1024\" height=\"731\" alt=\"Camille Virot - c\u00e9ramique contemporaine - sculpture c\u00e9ramique contemporaine\" data-full-image=\"https:\/\/galerie-ancienne-poste.com\/wp-content\/uploads\/2025\/07\/camille-virot-raku-contemporain.jpg\" data-light-image=\"https:\/\/galerie-ancienne-poste.com\/wp-content\/uploads\/2025\/07\/camille-virot-raku-contemporain.jpg\" data-id=\"1098\" class=\"wp-image-1098\" srcset=\"https:\/\/galerie-ancienne-poste.com\/wp-content\/uploads\/2025\/07\/camille-virot-raku-contemporain-1024x731.jpg 1024w, https:\/\/galerie-ancienne-poste.com\/wp-content\/uploads\/2025\/07\/camille-virot-raku-contemporain-300x214.jpg 300w, https:\/\/galerie-ancienne-poste.com\/wp-content\/uploads\/2025\/07\/camille-virot-raku-contemporain-768x549.jpg 768w, https:\/\/galerie-ancienne-poste.com\/wp-content\/uploads\/2025\/07\/camille-virot-raku-contemporain-1536x1097.jpg 1536w, https:\/\/galerie-ancienne-poste.com\/wp-content\/uploads\/2025\/07\/camille-virot-raku-contemporain-2048x1463.jpg 2048w, https:\/\/galerie-ancienne-poste.com\/wp-content\/uploads\/2025\/07\/camille-virot-raku-contemporain-18x12.jpg 18w\" sizes=\"auto, (max-width: 1024px) 100vw, 1024px\" \/><\/div><div class=\"kadence-blocks-gallery-item__caption\">Camille Virot<\/div><\/div><\/figure><\/div><\/li><li class=\"kadence-blocks-gallery-item\" tabindex=\"0\"><div class=\"kadence-blocks-gallery-item-inner\"><figure class=\"kb-gallery-figure kadence-blocks-gallery-item-has-caption\"><div class=\"kb-gal-image-radius\"><div class=\"kb-gallery-image-contain kadence-blocks-gallery-intrinsic kb-gallery-image-ratio-square kb-has-image-ratio-square\" ><img loading=\"lazy\" decoding=\"async\" src=\"https:\/\/galerie-ancienne-poste.com\/wp-content\/uploads\/2025\/07\/camille-virot-collection-2015-1024x719.jpg\" width=\"1024\" height=\"719\" alt=\"Camille Virot - sculpture c\u00e9ramique contemporaine - galerie c\u00e9ramique - collection c\u00e9ramique\" data-full-image=\"https:\/\/galerie-ancienne-poste.com\/wp-content\/uploads\/2025\/07\/camille-virot-collection-2015.jpg\" data-light-image=\"https:\/\/galerie-ancienne-poste.com\/wp-content\/uploads\/2025\/07\/camille-virot-collection-2015.jpg\" data-id=\"1094\" class=\"wp-image-1094\" srcset=\"https:\/\/galerie-ancienne-poste.com\/wp-content\/uploads\/2025\/07\/camille-virot-collection-2015-1024x719.jpg 1024w, https:\/\/galerie-ancienne-poste.com\/wp-content\/uploads\/2025\/07\/camille-virot-collection-2015-300x211.jpg 300w, https:\/\/galerie-ancienne-poste.com\/wp-content\/uploads\/2025\/07\/camille-virot-collection-2015-768x539.jpg 768w, https:\/\/galerie-ancienne-poste.com\/wp-content\/uploads\/2025\/07\/camille-virot-collection-2015-18x12.jpg 18w, https:\/\/galerie-ancienne-poste.com\/wp-content\/uploads\/2025\/07\/camille-virot-collection-2015.jpg 1425w\" sizes=\"auto, (max-width: 1024px) 100vw, 1024px\" \/><\/div><div class=\"kadence-blocks-gallery-item__caption\">Camille Virot tete 2016-2<\/div><\/div><\/figure><\/div><\/li><li class=\"kadence-blocks-gallery-item\" tabindex=\"0\"><div class=\"kadence-blocks-gallery-item-inner\"><figure class=\"kb-gallery-figure kadence-blocks-gallery-item-has-caption\"><div class=\"kb-gal-image-radius\"><div class=\"kb-gallery-image-contain kadence-blocks-gallery-intrinsic kb-gallery-image-ratio-square kb-has-image-ratio-square\" ><img loading=\"lazy\" decoding=\"async\" src=\"https:\/\/galerie-ancienne-poste.com\/wp-content\/uploads\/2025\/07\/camille-virot-ceramique-2015.jpg\" width=\"983\" height=\"945\" alt=\"Camille Virot - c\u00e9ramqiue contemporaine en Puisaye - c\u00e9ramique contemporaine fran\u00e7aise\" data-full-image=\"https:\/\/galerie-ancienne-poste.com\/wp-content\/uploads\/2025\/07\/camille-virot-ceramique-2015.jpg\" data-light-image=\"https:\/\/galerie-ancienne-poste.com\/wp-content\/uploads\/2025\/07\/camille-virot-ceramique-2015.jpg\" data-id=\"1093\" class=\"wp-image-1093\" srcset=\"https:\/\/galerie-ancienne-poste.com\/wp-content\/uploads\/2025\/07\/camille-virot-ceramique-2015.jpg 983w, https:\/\/galerie-ancienne-poste.com\/wp-content\/uploads\/2025\/07\/camille-virot-ceramique-2015-300x288.jpg 300w, https:\/\/galerie-ancienne-poste.com\/wp-content\/uploads\/2025\/07\/camille-virot-ceramique-2015-768x738.jpg 768w, https:\/\/galerie-ancienne-poste.com\/wp-content\/uploads\/2025\/07\/camille-virot-ceramique-2015-12x12.jpg 12w\" sizes=\"auto, (max-width: 983px) 100vw, 983px\" \/><\/div><div class=\"kadence-blocks-gallery-item__caption\">Camille Virot<\/div><\/div><\/figure><\/div><\/li><li class=\"kadence-blocks-gallery-item\" tabindex=\"0\"><div class=\"kadence-blocks-gallery-item-inner\"><figure class=\"kb-gallery-figure kadence-blocks-gallery-item-has-caption\"><div class=\"kb-gal-image-radius\"><div class=\"kb-gallery-image-contain kadence-blocks-gallery-intrinsic kb-gallery-image-ratio-square kb-has-image-ratio-square\" ><img loading=\"lazy\" decoding=\"async\" src=\"https:\/\/galerie-ancienne-poste.com\/wp-content\/uploads\/2025\/07\/camille-virot-bracelet-2016-2-1024x1006.jpg\" width=\"1024\" height=\"1006\" alt=\"Camille Virot - exposition Camille Virot - sculpture c\u00e9ramique - c\u00e9ramique d&#039;art contemporaine\" data-full-image=\"https:\/\/galerie-ancienne-poste.com\/wp-content\/uploads\/2025\/07\/camille-virot-bracelet-2016-2.jpg\" data-light-image=\"https:\/\/galerie-ancienne-poste.com\/wp-content\/uploads\/2025\/07\/camille-virot-bracelet-2016-2.jpg\" data-id=\"1091\" class=\"wp-image-1091\" srcset=\"https:\/\/galerie-ancienne-poste.com\/wp-content\/uploads\/2025\/07\/camille-virot-bracelet-2016-2-1024x1006.jpg 1024w, https:\/\/galerie-ancienne-poste.com\/wp-content\/uploads\/2025\/07\/camille-virot-bracelet-2016-2-300x295.jpg 300w, https:\/\/galerie-ancienne-poste.com\/wp-content\/uploads\/2025\/07\/camille-virot-bracelet-2016-2-768x754.jpg 768w, https:\/\/galerie-ancienne-poste.com\/wp-content\/uploads\/2025\/07\/camille-virot-bracelet-2016-2-12x12.jpg 12w, https:\/\/galerie-ancienne-poste.com\/wp-content\/uploads\/2025\/07\/camille-virot-bracelet-2016-2.jpg 1231w\" sizes=\"auto, (max-width: 1024px) 100vw, 1024px\" \/><\/div><div class=\"kadence-blocks-gallery-item__caption\">Camille Virot<\/div><\/div><\/figure><\/div><\/li><li class=\"kadence-blocks-gallery-item\" tabindex=\"0\"><div class=\"kadence-blocks-gallery-item-inner\"><figure class=\"kb-gallery-figure kadence-blocks-gallery-item-has-caption\"><div class=\"kb-gal-image-radius\"><div class=\"kb-gallery-image-contain kadence-blocks-gallery-intrinsic kb-gallery-image-ratio-square kb-has-image-ratio-square\" ><img loading=\"lazy\" decoding=\"async\" src=\"https:\/\/galerie-ancienne-poste.com\/wp-content\/uploads\/2025\/07\/camille-virot-bol-genese-2106-5-1024x849.jpg\" width=\"1024\" height=\"849\" alt=\"Camille Virot- bol gen\u00e8se - c\u00e9ramique contemporaine - sculpture c\u00e9ramique\" data-full-image=\"https:\/\/galerie-ancienne-poste.com\/wp-content\/uploads\/2025\/07\/camille-virot-bol-genese-2106-5.jpg\" data-light-image=\"https:\/\/galerie-ancienne-poste.com\/wp-content\/uploads\/2025\/07\/camille-virot-bol-genese-2106-5.jpg\" data-id=\"1088\" class=\"wp-image-1088\" srcset=\"https:\/\/galerie-ancienne-poste.com\/wp-content\/uploads\/2025\/07\/camille-virot-bol-genese-2106-5-1024x849.jpg 1024w, https:\/\/galerie-ancienne-poste.com\/wp-content\/uploads\/2025\/07\/camille-virot-bol-genese-2106-5-300x249.jpg 300w, https:\/\/galerie-ancienne-poste.com\/wp-content\/uploads\/2025\/07\/camille-virot-bol-genese-2106-5-768x637.jpg 768w, https:\/\/galerie-ancienne-poste.com\/wp-content\/uploads\/2025\/07\/camille-virot-bol-genese-2106-5-14x12.jpg 14w, https:\/\/galerie-ancienne-poste.com\/wp-content\/uploads\/2025\/07\/camille-virot-bol-genese-2106-5.jpg 1209w\" sizes=\"auto, (max-width: 1024px) 100vw, 1024px\" \/><\/div><div class=\"kadence-blocks-gallery-item__caption\">Camille Virot<\/div><\/div><\/figure><\/div><\/li><li class=\"kadence-blocks-gallery-item\" tabindex=\"0\"><div class=\"kadence-blocks-gallery-item-inner\"><figure class=\"kb-gallery-figure kadence-blocks-gallery-item-has-caption\"><div class=\"kb-gal-image-radius\"><div class=\"kb-gallery-image-contain kadence-blocks-gallery-intrinsic kb-gallery-image-ratio-square kb-has-image-ratio-square\" ><img loading=\"lazy\" decoding=\"async\" src=\"https:\/\/galerie-ancienne-poste.com\/wp-content\/uploads\/2025\/07\/camille-virot-bol-genese-2016-3-850x1024.jpg\" width=\"850\" height=\"1024\" alt=\"Camille Virot\" data-full-image=\"https:\/\/galerie-ancienne-poste.com\/wp-content\/uploads\/2025\/07\/camille-virot-bol-genese-2016-3.jpg\" data-light-image=\"https:\/\/galerie-ancienne-poste.com\/wp-content\/uploads\/2025\/07\/camille-virot-bol-genese-2016-3.jpg\" data-id=\"1087\" class=\"wp-image-1087\" srcset=\"https:\/\/galerie-ancienne-poste.com\/wp-content\/uploads\/2025\/07\/camille-virot-bol-genese-2016-3-850x1024.jpg 850w, https:\/\/galerie-ancienne-poste.com\/wp-content\/uploads\/2025\/07\/camille-virot-bol-genese-2016-3-249x300.jpg 249w, https:\/\/galerie-ancienne-poste.com\/wp-content\/uploads\/2025\/07\/camille-virot-bol-genese-2016-3-768x925.jpg 768w, https:\/\/galerie-ancienne-poste.com\/wp-content\/uploads\/2025\/07\/camille-virot-bol-genese-2016-3-10x12.jpg 10w, https:\/\/galerie-ancienne-poste.com\/wp-content\/uploads\/2025\/07\/camille-virot-bol-genese-2016-3.jpg 945w\" sizes=\"auto, (max-width: 850px) 100vw, 850px\" \/><\/div><div class=\"kadence-blocks-gallery-item__caption\">Camille Virot<\/div><\/div><\/figure><\/div><\/li><li class=\"kadence-blocks-gallery-item\" tabindex=\"0\"><div class=\"kadence-blocks-gallery-item-inner\"><figure class=\"kb-gallery-figure kadence-blocks-gallery-item-has-caption\"><div class=\"kb-gal-image-radius\"><div class=\"kb-gallery-image-contain kadence-blocks-gallery-intrinsic kb-gallery-image-ratio-square kb-has-image-ratio-square\" ><img loading=\"lazy\" decoding=\"async\" src=\"https:\/\/galerie-ancienne-poste.com\/wp-content\/uploads\/2025\/07\/camille-virot-bol-genese-2016-2-990x1024.jpg\" width=\"990\" height=\"1024\" alt=\"Camille Virot - exposition Galerie de l&#039;Ancienne Poste - galerie de c\u00e9ramique contemporaine\" data-full-image=\"https:\/\/galerie-ancienne-poste.com\/wp-content\/uploads\/2025\/07\/camille-virot-bol-genese-2016-2.jpg\" data-light-image=\"https:\/\/galerie-ancienne-poste.com\/wp-content\/uploads\/2025\/07\/camille-virot-bol-genese-2016-2.jpg\" data-id=\"1086\" class=\"wp-image-1086\" srcset=\"https:\/\/galerie-ancienne-poste.com\/wp-content\/uploads\/2025\/07\/camille-virot-bol-genese-2016-2-990x1024.jpg 990w, https:\/\/galerie-ancienne-poste.com\/wp-content\/uploads\/2025\/07\/camille-virot-bol-genese-2016-2-290x300.jpg 290w, https:\/\/galerie-ancienne-poste.com\/wp-content\/uploads\/2025\/07\/camille-virot-bol-genese-2016-2-768x794.jpg 768w, https:\/\/galerie-ancienne-poste.com\/wp-content\/uploads\/2025\/07\/camille-virot-bol-genese-2016-2-12x12.jpg 12w, https:\/\/galerie-ancienne-poste.com\/wp-content\/uploads\/2025\/07\/camille-virot-bol-genese-2016-2.jpg 1247w\" sizes=\"auto, (max-width: 990px) 100vw, 990px\" \/><\/div><div class=\"kadence-blocks-gallery-item__caption\">Camille Virot<\/div><\/div><\/figure><\/div><\/li><li class=\"kadence-blocks-gallery-item\" tabindex=\"0\"><div class=\"kadence-blocks-gallery-item-inner\"><figure class=\"kb-gallery-figure kadence-blocks-gallery-item-has-caption\"><div class=\"kb-gal-image-radius\"><div class=\"kb-gallery-image-contain kadence-blocks-gallery-intrinsic kb-gallery-image-ratio-square kb-has-image-ratio-square\" ><img loading=\"lazy\" decoding=\"async\" src=\"https:\/\/galerie-ancienne-poste.com\/wp-content\/uploads\/2025\/07\/camille-virot-bol-genese-2016-840x1024.jpg\" width=\"840\" height=\"1024\" alt=\"Camille Virot - exposition c\u00e9ramique en France - c\u00e9ramique raku\" data-full-image=\"https:\/\/galerie-ancienne-poste.com\/wp-content\/uploads\/2025\/07\/camille-virot-bol-genese-2016.jpg\" data-light-image=\"https:\/\/galerie-ancienne-poste.com\/wp-content\/uploads\/2025\/07\/camille-virot-bol-genese-2016.jpg\" data-id=\"1085\" class=\"wp-image-1085\" srcset=\"https:\/\/galerie-ancienne-poste.com\/wp-content\/uploads\/2025\/07\/camille-virot-bol-genese-2016-840x1024.jpg 840w, https:\/\/galerie-ancienne-poste.com\/wp-content\/uploads\/2025\/07\/camille-virot-bol-genese-2016-246x300.jpg 246w, https:\/\/galerie-ancienne-poste.com\/wp-content\/uploads\/2025\/07\/camille-virot-bol-genese-2016-768x936.jpg 768w, https:\/\/galerie-ancienne-poste.com\/wp-content\/uploads\/2025\/07\/camille-virot-bol-genese-2016-1260x1536.jpg 1260w, https:\/\/galerie-ancienne-poste.com\/wp-content\/uploads\/2025\/07\/camille-virot-bol-genese-2016-10x12.jpg 10w, https:\/\/galerie-ancienne-poste.com\/wp-content\/uploads\/2025\/07\/camille-virot-bol-genese-2016.jpg 1550w\" sizes=\"auto, (max-width: 840px) 100vw, 840px\" \/><\/div><div class=\"kadence-blocks-gallery-item__caption\">Camille Virot<\/div><\/div><\/figure><\/div><\/li><\/ul><\/div><\/div><\/div>\n\n<\/div><\/div>","protected":false},"excerpt":{"rendered":"<p>19 mars &#8211; 5 mai 2016<\/p>\n","protected":false},"author":6,"featured_media":1095,"template":"","meta":{"_acf_changed":false,"_kad_blocks_custom_css":"","_kad_blocks_head_custom_js":"","_kad_blocks_body_custom_js":"","_kad_blocks_footer_custom_js":"","_kad_post_transparent":"","_kad_post_title":"","_kad_post_layout":"","_kad_post_sidebar_id":"","_kad_post_content_style":"","_kad_post_vertical_padding":"","_kad_post_feature":"","_kad_post_feature_position":"","_kad_post_header":false,"_kad_post_footer":false,"_kad_post_classname":"","footnotes":""},"tags":[92],"artiste_":[110],"class_list":["post-2868","exposition","type-exposition","status-publish","has-post-thumbnail","hentry","tag-passees","artiste_-camille-virot"],"acf":[],"taxonomy_info":{"post_tag":[{"value":92,"label":"Pass\u00e9es"}],"artiste_":[{"value":110,"label":"Camille Virot"}]},"featured_image_src_large":["https:\/\/galerie-ancienne-poste.com\/wp-content\/uploads\/2025\/07\/camille-virot-exposition-2016-1024x876.jpg",1024,876,true],"author_info":{"display_name":"christophe","author_link":"https:\/\/galerie-ancienne-poste.com\/fr\/author\/christophe\/"},"comment_info":"","_links":{"self":[{"href":"https:\/\/galerie-ancienne-poste.com\/fr\/wp-json\/wp\/v2\/exposition\/2868","targetHints":{"allow":["GET"]}}],"collection":[{"href":"https:\/\/galerie-ancienne-poste.com\/fr\/wp-json\/wp\/v2\/exposition"}],"about":[{"href":"https:\/\/galerie-ancienne-poste.com\/fr\/wp-json\/wp\/v2\/types\/exposition"}],"author":[{"embeddable":true,"href":"https:\/\/galerie-ancienne-poste.com\/fr\/wp-json\/wp\/v2\/users\/6"}],"version-history":[{"count":17,"href":"https:\/\/galerie-ancienne-poste.com\/fr\/wp-json\/wp\/v2\/exposition\/2868\/revisions"}],"predecessor-version":[{"id":7984,"href":"https:\/\/galerie-ancienne-poste.com\/fr\/wp-json\/wp\/v2\/exposition\/2868\/revisions\/7984"}],"wp:featuredmedia":[{"embeddable":true,"href":"https:\/\/galerie-ancienne-poste.com\/fr\/wp-json\/wp\/v2\/media\/1095"}],"wp:attachment":[{"href":"https:\/\/galerie-ancienne-poste.com\/fr\/wp-json\/wp\/v2\/media?parent=2868"}],"wp:term":[{"taxonomy":"post_tag","embeddable":true,"href":"https:\/\/galerie-ancienne-poste.com\/fr\/wp-json\/wp\/v2\/tags?post=2868"},{"taxonomy":"artiste_","embeddable":true,"href":"https:\/\/galerie-ancienne-poste.com\/fr\/wp-json\/wp\/v2\/artiste_?post=2868"}],"curies":[{"name":"wp","href":"https:\/\/api.w.org\/{rel}","templated":true}]}}