{"id":2871,"date":"2024-11-09T11:58:00","date_gmt":"2024-11-09T10:58:00","guid":{"rendered":"https:\/\/galerie-ancienne-poste.com\/?post_type=exposition&#038;p=2871"},"modified":"2026-02-08T18:07:38","modified_gmt":"2026-02-08T17:07:38","slug":"camille-virot-exposition-2024","status":"publish","type":"exposition","link":"https:\/\/galerie-ancienne-poste.com\/fr\/exposition\/camille-virot-exposition-2024\/","title":{"rendered":"Camille Virot &#8211; exposition 2024"},"content":{"rendered":"<style>.kb-row-layout-id2871_70dd03-db > .kt-row-column-wrap{align-content:start;}:where(.kb-row-layout-id2871_70dd03-db > .kt-row-column-wrap) > .wp-block-kadence-column{justify-content:start;}.kb-row-layout-id2871_70dd03-db > .kt-row-column-wrap{column-gap:var(--global-kb-gap-md, 2rem);row-gap:var(--global-kb-gap-md, 2rem);padding-top:var(--global-kb-spacing-xxs, 0.5rem);padding-bottom:var(--global-kb-spacing-sm, 1.5rem);}.kb-row-layout-id2871_70dd03-db > .kt-row-column-wrap > div:not(.added-for-specificity){grid-column:initial;}.kb-row-layout-id2871_70dd03-db > .kt-row-column-wrap{grid-template-columns:minmax(0, 1fr) minmax(0, 6fr) minmax(0, 1fr);}.kb-row-layout-id2871_70dd03-db > .kt-row-layout-overlay{opacity:0.30;}@media all and (max-width: 1024px){.kb-row-layout-id2871_70dd03-db > .kt-row-column-wrap > div:not(.added-for-specificity){grid-column:initial;}}@media all and (max-width: 1024px){.kb-row-layout-id2871_70dd03-db > .kt-row-column-wrap{grid-template-columns:minmax(0, 1fr) minmax(0, 6fr) minmax(0, 1fr);}}@media all and (max-width: 767px){.kb-row-layout-id2871_70dd03-db > .kt-row-column-wrap > div:not(.added-for-specificity){grid-column:initial;}.kb-row-layout-id2871_70dd03-db > .kt-row-column-wrap{grid-template-columns:minmax(0, 1fr);}}<\/style><div class=\"kb-row-layout-wrap kb-row-layout-id2871_70dd03-db alignnone wp-block-kadence-rowlayout\"><div class=\"kt-row-column-wrap kt-has-3-columns kt-row-layout-center-exwide kt-tab-layout-inherit kt-mobile-layout-row kt-row-valign-top\">\n<style>.kadence-column2871_07a69f-d4 > .kt-inside-inner-col,.kadence-column2871_07a69f-d4 > .kt-inside-inner-col:before{border-top-left-radius:0px;border-top-right-radius:0px;border-bottom-right-radius:0px;border-bottom-left-radius:0px;}.kadence-column2871_07a69f-d4 > .kt-inside-inner-col{column-gap:var(--global-kb-gap-sm, 1rem);}.kadence-column2871_07a69f-d4 > .kt-inside-inner-col{flex-direction:column;}.kadence-column2871_07a69f-d4 > .kt-inside-inner-col > .aligncenter{width:100%;}.kadence-column2871_07a69f-d4 > .kt-inside-inner-col:before{opacity:0.3;}.kadence-column2871_07a69f-d4{position:relative;}@media all and (max-width: 1024px){.kadence-column2871_07a69f-d4 > .kt-inside-inner-col{flex-direction:column;justify-content:center;}}@media all and (max-width: 767px){.kadence-column2871_07a69f-d4 > .kt-inside-inner-col{flex-direction:column;justify-content:center;}}<\/style>\n<div class=\"wp-block-kadence-column kadence-column2871_07a69f-d4\"><div class=\"kt-inside-inner-col\"><\/div><\/div>\n\n\n<style>.kadence-column2871_5a6484-d8 > .kt-inside-inner-col,.kadence-column2871_5a6484-d8 > .kt-inside-inner-col:before{border-top-left-radius:0px;border-top-right-radius:0px;border-bottom-right-radius:0px;border-bottom-left-radius:0px;}.kadence-column2871_5a6484-d8 > .kt-inside-inner-col{column-gap:var(--global-kb-gap-sm, 1rem);}.kadence-column2871_5a6484-d8 > .kt-inside-inner-col{flex-direction:column;}.kadence-column2871_5a6484-d8 > .kt-inside-inner-col > .aligncenter{width:100%;}.kadence-column2871_5a6484-d8 > .kt-inside-inner-col:before{opacity:0.3;}.kadence-column2871_5a6484-d8{position:relative;}@media all and (max-width: 1024px){.kadence-column2871_5a6484-d8 > .kt-inside-inner-col{flex-direction:column;justify-content:center;}}@media all and (max-width: 767px){.kadence-column2871_5a6484-d8 > .kt-inside-inner-col{padding-right:var(--global-kb-spacing-xs, 1rem);padding-left:var(--global-kb-spacing-xs, 1rem);flex-direction:column;justify-content:center;}}<\/style>\n<div class=\"wp-block-kadence-column kadence-column2871_5a6484-d8\"><div class=\"kt-inside-inner-col\"><style>.wp-block-kadence-advancedheading.kt-adv-heading2871_725dad-99, .wp-block-kadence-advancedheading.kt-adv-heading2871_725dad-99[data-kb-block=\"kb-adv-heading2871_725dad-99\"]{text-align:left;font-size:var(--global-kb-font-size-xl, 3rem);font-style:normal;}.wp-block-kadence-advancedheading.kt-adv-heading2871_725dad-99 mark.kt-highlight, .wp-block-kadence-advancedheading.kt-adv-heading2871_725dad-99[data-kb-block=\"kb-adv-heading2871_725dad-99\"] mark.kt-highlight{font-style:normal;color:#f76a0c;-webkit-box-decoration-break:clone;box-decoration-break:clone;padding-top:0px;padding-right:0px;padding-bottom:0px;padding-left:0px;}.wp-block-kadence-advancedheading.kt-adv-heading2871_725dad-99 img.kb-inline-image, .wp-block-kadence-advancedheading.kt-adv-heading2871_725dad-99[data-kb-block=\"kb-adv-heading2871_725dad-99\"] img.kb-inline-image{width:150px;vertical-align:baseline;}<\/style>\n<h1 class=\"kt-adv-heading2871_725dad-99 wp-block-kadence-advancedheading\" data-kb-block=\"kb-adv-heading2871_725dad-99\">Camille Virot<\/h1>\n\n\n<style>.wp-block-kadence-advancedheading.kt-adv-heading2871_e3fb31-57, .wp-block-kadence-advancedheading.kt-adv-heading2871_e3fb31-57[data-kb-block=\"kb-adv-heading2871_e3fb31-57\"]{text-align:left;font-style:normal;}.wp-block-kadence-advancedheading.kt-adv-heading2871_e3fb31-57 mark.kt-highlight, .wp-block-kadence-advancedheading.kt-adv-heading2871_e3fb31-57[data-kb-block=\"kb-adv-heading2871_e3fb31-57\"] mark.kt-highlight{font-style:normal;color:#f76a0c;-webkit-box-decoration-break:clone;box-decoration-break:clone;padding-top:0px;padding-right:0px;padding-bottom:0px;padding-left:0px;}.wp-block-kadence-advancedheading.kt-adv-heading2871_e3fb31-57 img.kb-inline-image, .wp-block-kadence-advancedheading.kt-adv-heading2871_e3fb31-57[data-kb-block=\"kb-adv-heading2871_e3fb31-57\"] img.kb-inline-image{width:150px;vertical-align:baseline;}<\/style>\n<h2 class=\"kt-adv-heading2871_e3fb31-57 wp-block-kadence-advancedheading\" data-kb-block=\"kb-adv-heading2871_e3fb31-57\"><strong>Mati\u00e8res vives, m\u00e9langes exog\u00e8nes, horizons cach\u00e9s<\/strong><\/h2>\n\n\n<style>.wp-block-kadence-advancedheading.kt-adv-heading2871_904e9b-55, .wp-block-kadence-advancedheading.kt-adv-heading2871_904e9b-55[data-kb-block=\"kb-adv-heading2871_904e9b-55\"]{text-align:left;font-style:normal;}.wp-block-kadence-advancedheading.kt-adv-heading2871_904e9b-55 mark.kt-highlight, .wp-block-kadence-advancedheading.kt-adv-heading2871_904e9b-55[data-kb-block=\"kb-adv-heading2871_904e9b-55\"] mark.kt-highlight{font-style:normal;color:#f76a0c;-webkit-box-decoration-break:clone;box-decoration-break:clone;padding-top:0px;padding-right:0px;padding-bottom:0px;padding-left:0px;}.wp-block-kadence-advancedheading.kt-adv-heading2871_904e9b-55 img.kb-inline-image, .wp-block-kadence-advancedheading.kt-adv-heading2871_904e9b-55[data-kb-block=\"kb-adv-heading2871_904e9b-55\"] img.kb-inline-image{width:150px;vertical-align:baseline;}<\/style>\n<h2 class=\"kt-adv-heading2871_904e9b-55 wp-block-kadence-advancedheading\" data-kb-block=\"kb-adv-heading2871_904e9b-55\">9 novembre 2024 &nbsp;&#8211; &nbsp;5 janvier 2025<\/h2>\n\n\n\n<p class=\"has-text-align-left\"><\/p>\n<\/div><\/div>\n\n\n<style>.kadence-column2871_38a19c-d9 > .kt-inside-inner-col,.kadence-column2871_38a19c-d9 > .kt-inside-inner-col:before{border-top-left-radius:0px;border-top-right-radius:0px;border-bottom-right-radius:0px;border-bottom-left-radius:0px;}.kadence-column2871_38a19c-d9 > .kt-inside-inner-col{column-gap:var(--global-kb-gap-sm, 1rem);}.kadence-column2871_38a19c-d9 > .kt-inside-inner-col{flex-direction:column;}.kadence-column2871_38a19c-d9 > .kt-inside-inner-col > .aligncenter{width:100%;}.kadence-column2871_38a19c-d9 > .kt-inside-inner-col:before{opacity:0.3;}.kadence-column2871_38a19c-d9{position:relative;}@media all and (max-width: 1024px){.kadence-column2871_38a19c-d9 > .kt-inside-inner-col{flex-direction:column;justify-content:center;}}@media all and (max-width: 767px){.kadence-column2871_38a19c-d9 > .kt-inside-inner-col{flex-direction:column;justify-content:center;}}<\/style>\n<div class=\"wp-block-kadence-column kadence-column2871_38a19c-d9\"><div class=\"kt-inside-inner-col\"><\/div><\/div>\n\n<\/div><\/div>\n\n<style>.kb-row-layout-id2871_455865-df > .kt-row-column-wrap{align-content:start;}:where(.kb-row-layout-id2871_455865-df > .kt-row-column-wrap) > .wp-block-kadence-column{justify-content:start;}.kb-row-layout-id2871_455865-df > .kt-row-column-wrap{column-gap:var(--global-kb-gap-md, 2rem);row-gap:var(--global-kb-gap-md, 2rem);padding-top:var(--global-kb-spacing-xs, 1rem);padding-right:var(--global-kb-spacing-xs, 1rem);padding-bottom:var(--global-kb-spacing-xs, 1rem);padding-left:var(--global-kb-spacing-xs, 1rem);grid-template-columns:minmax(0, 1fr);}.kb-row-layout-id2871_455865-df > .kt-row-layout-overlay{opacity:0.30;}@media all and (max-width: 1024px){.kb-row-layout-id2871_455865-df > .kt-row-column-wrap{grid-template-columns:minmax(0, 1fr);}}@media all and (max-width: 767px){.kb-row-layout-id2871_455865-df > .kt-row-column-wrap{grid-template-columns:minmax(0, 1fr);}}<\/style><div class=\"kb-row-layout-wrap kb-row-layout-id2871_455865-df alignwide wp-block-kadence-rowlayout\"><div class=\"kt-row-column-wrap kt-has-1-columns kt-row-layout-equal kt-tab-layout-inherit kt-mobile-layout-row kt-row-valign-top\">\n<style>.kadence-column2871_e6d14d-c0 > .kt-inside-inner-col,.kadence-column2871_e6d14d-c0 > .kt-inside-inner-col:before{border-top-left-radius:0px;border-top-right-radius:0px;border-bottom-right-radius:0px;border-bottom-left-radius:0px;}.kadence-column2871_e6d14d-c0 > .kt-inside-inner-col{column-gap:var(--global-kb-gap-sm, 1rem);}.kadence-column2871_e6d14d-c0 > .kt-inside-inner-col{flex-direction:column;}.kadence-column2871_e6d14d-c0 > .kt-inside-inner-col > .aligncenter{width:100%;}.kadence-column2871_e6d14d-c0 > .kt-inside-inner-col:before{opacity:0.3;}.kadence-column2871_e6d14d-c0{position:relative;}@media all and (max-width: 1024px){.kadence-column2871_e6d14d-c0 > .kt-inside-inner-col{flex-direction:column;justify-content:center;}}@media all and (max-width: 767px){.kadence-column2871_e6d14d-c0 > .kt-inside-inner-col{flex-direction:column;justify-content:center;}}<\/style>\n<div class=\"wp-block-kadence-column kadence-column2871_e6d14d-c0\"><div class=\"kt-inside-inner-col\"><style>.wp-block-kadence-advancedgallery .kb-gallery-type-grid.kb-gallery-id-2871_4cd502-12{margin:-5px;}.kb-gallery-type-grid.kb-gallery-id-2871_4cd502-12 .kadence-blocks-gallery-item{padding:5px;}.kb-gallery-id-2871_4cd502-12 .kadence-blocks-gallery-item .kb-gal-image-radius, .kb-gallery-id-2871_4cd502-12 .kb-slide-item .kb-gal-image-radius img{border-radius:0px 0px 0px 0px;;}.kb-gallery-caption-style-bottom.kb-gallery-id-2871_4cd502-12 .kadence-blocks-gallery-item .kadence-blocks-gallery-item-inner .kadence-blocks-gallery-item__caption, .kb-gallery-caption-style-bottom-hover.kb-gallery-id-2871_4cd502-12 .kadence-blocks-gallery-item .kadence-blocks-gallery-item-inner .kadence-blocks-gallery-item__caption{background:linear-gradient(0deg, rgba(0, 0, 0, 0.8) 0, rgba(0, 0, 0, 0) 100%);}<\/style><div class=\"kb-gallery-wrap-id-2871_4cd502-12 alignnone wp-block-kadence-advancedgallery\"><ul class=\"kb-gallery-ul kb-gallery-non-static kb-gallery-type-grid kb-gallery-id-2871_4cd502-12 kb-gallery-caption-style-bottom-hover kb-gallery-filter-none\" data-image-filter=\"none\" data-item-selector=\".kadence-blocks-gallery-item\" data-lightbox-caption=\"true\" data-columns-xxl=\"1\" data-columns-xl=\"1\" data-columns-md=\"1\" data-columns-sm=\"1\" data-columns-xs=\"1\" data-columns-ss=\"1\"><li class=\"kadence-blocks-gallery-item\" tabindex=\"0\"><div class=\"kadence-blocks-gallery-item-inner\"><figure class=\"kb-gallery-figure kadence-blocks-gallery-item-has-caption\"><div class=\"kb-gal-image-radius\"><div class=\"kb-gallery-image-contain kadence-blocks-gallery-intrinsic kb-gallery-image-ratio-land21 kb-has-image-ratio-land21\" ><img loading=\"lazy\" decoding=\"async\" src=\"https:\/\/galerie-ancienne-poste.com\/wp-content\/uploads\/2025\/08\/camille-virot-expo-2024-1024x507.jpg\" width=\"1024\" height=\"507\" alt=\"Camille Virot expo 2024\" data-full-image=\"https:\/\/galerie-ancienne-poste.com\/wp-content\/uploads\/2025\/08\/camille-virot-expo-2024.jpg\" data-light-image=\"https:\/\/galerie-ancienne-poste.com\/wp-content\/uploads\/2025\/08\/camille-virot-expo-2024.jpg\" data-id=\"7069\" class=\"wp-image-7069\" srcset=\"https:\/\/galerie-ancienne-poste.com\/wp-content\/uploads\/2025\/08\/camille-virot-expo-2024-1024x507.jpg 1024w, https:\/\/galerie-ancienne-poste.com\/wp-content\/uploads\/2025\/08\/camille-virot-expo-2024-300x148.jpg 300w, https:\/\/galerie-ancienne-poste.com\/wp-content\/uploads\/2025\/08\/camille-virot-expo-2024-768x380.jpg 768w, https:\/\/galerie-ancienne-poste.com\/wp-content\/uploads\/2025\/08\/camille-virot-expo-2024-1536x760.jpg 1536w, https:\/\/galerie-ancienne-poste.com\/wp-content\/uploads\/2025\/08\/camille-virot-expo-2024-2048x1014.jpg 2048w, https:\/\/galerie-ancienne-poste.com\/wp-content\/uploads\/2025\/08\/camille-virot-expo-2024-18x9.jpg 18w, https:\/\/galerie-ancienne-poste.com\/wp-content\/uploads\/2025\/08\/camille-virot-expo-2024-600x297.jpg 600w\" sizes=\"auto, (max-width: 1024px) 100vw, 1024px\" \/><\/div><div class=\"kadence-blocks-gallery-item__caption\">Exposition Camille Virot \u00e0 la Galerie de l&rsquo;Ancienne Poste en 2024<\/div><\/div><\/figure><\/div><\/li><\/ul><\/div><\/div><\/div>\n\n<\/div><\/div>\n\n<style>.kb-row-layout-id2871_421633-b8 > .kt-row-column-wrap{align-content:start;}:where(.kb-row-layout-id2871_421633-b8 > .kt-row-column-wrap) > .wp-block-kadence-column{justify-content:start;}.kb-row-layout-id2871_421633-b8 > .kt-row-column-wrap{column-gap:var(--global-kb-gap-md, 2rem);row-gap:var(--global-kb-gap-md, 2rem);max-width:var( --global-content-width, 1250px );padding-left:var(--global-content-edge-padding);padding-right:var(--global-content-edge-padding);padding-top:var(--global-kb-spacing-xxs, 0.5rem);padding-bottom:var(--global-kb-spacing-sm, 1.5rem);grid-template-columns:minmax(0, 1fr);}.kb-row-layout-id2871_421633-b8 > .kt-row-layout-overlay{opacity:0.30;}@media all and (max-width: 1024px){.kb-row-layout-id2871_421633-b8 > .kt-row-column-wrap{grid-template-columns:minmax(0, 1fr);}}@media all and (max-width: 767px){.kb-row-layout-id2871_421633-b8 > .kt-row-column-wrap{grid-template-columns:minmax(0, 1fr);}}<\/style><div class=\"kb-row-layout-wrap kb-row-layout-id2871_421633-b8 alignnone wp-block-kadence-rowlayout\"><div class=\"kt-row-column-wrap kt-has-1-columns kt-row-layout-equal kt-tab-layout-inherit kt-mobile-layout-row kt-row-valign-top kb-theme-content-width\">\n<style>.kadence-column2871_fb1491-e6 > .kt-inside-inner-col,.kadence-column2871_fb1491-e6 > .kt-inside-inner-col:before{border-top-left-radius:0px;border-top-right-radius:0px;border-bottom-right-radius:0px;border-bottom-left-radius:0px;}.kadence-column2871_fb1491-e6 > .kt-inside-inner-col{column-gap:var(--global-kb-gap-sm, 1rem);}.kadence-column2871_fb1491-e6 > .kt-inside-inner-col{flex-direction:column;}.kadence-column2871_fb1491-e6 > .kt-inside-inner-col > .aligncenter{width:100%;}.kadence-column2871_fb1491-e6 > .kt-inside-inner-col:before{opacity:0.3;}.kadence-column2871_fb1491-e6{position:relative;}@media all and (max-width: 1024px){.kadence-column2871_fb1491-e6 > .kt-inside-inner-col{flex-direction:column;justify-content:center;}}@media all and (max-width: 767px){.kadence-column2871_fb1491-e6 > .kt-inside-inner-col{padding-right:var(--global-kb-spacing-xs, 1rem);padding-left:var(--global-kb-spacing-xs, 1rem);flex-direction:column;justify-content:center;}}<\/style>\n<div class=\"wp-block-kadence-column kadence-column2871_fb1491-e6\"><div class=\"kt-inside-inner-col\">\n<p>Pour cette quatri\u00e8me exposition personnelle \u00e0 la Galerie de l\u2019Ancienne Poste, <a href=\"https:\/\/galerie-ancienne-poste.com\/artiste\/camille-virot\/\" data-type=\"artiste\" data-id=\"3355\">Camille Virot<\/a> nous convie \u00e0 d\u00e9couvrir ou red\u00e9couvrir son univers, son cheminement \u00e0 travers des \u0153uvres diverses, tels des cailloux sem\u00e9s sur le chemin d\u2019une vie artistique&nbsp;: <em>Bols<\/em>, <em>Bo\u00eetes<\/em>, <em>Maisons<\/em>, <em>T\u00eates<\/em>, <em>Agraires\u2026<\/em> t\u00e9moignent de ce que l\u2019un des plus grands c\u00e9ramistes fran\u00e7ais nomme lui-m\u00eame&nbsp; \u00ab&nbsp;cette logique constante de recyclage, recyclage d\u2019id\u00e9es, de formes, de mat\u00e9riaux\u2026&nbsp;\u00bb.&nbsp; <br>L\u2019exposition \u00e0 Toucy pr\u00e9sente ainsi un ensemble de pi\u00e8ces repr\u00e9sentatives du travail des dix derni\u00e8res ann\u00e9es, regroupant la plupart des grands \u00ab&nbsp;th\u00e8mes&nbsp;\u00bb qui traversent l\u2019\u0153uvre de l\u2019artiste depuis ses commencements, dans les ann\u00e9es 1970. <br>Les <em>Bols<\/em> semblent constituer chez Camille Virot&nbsp;une pratique de base, fondamentale. Les <em>Bols-gen\u00e8se<\/em>, sont&nbsp; pris dans leur gangue de terre, tessons, b\u00e9ton, cailloux, mati\u00e8re brute et informe. Ce sont les d\u00e9clinaisons po\u00e9tiques et puissamment plastiques d\u2019un mod\u00e8le originel&nbsp;: \u00ab&nbsp;c\u2019est l\u2019id\u00e9e du bol premier, ce creux de rocher o\u00f9 l\u2019eau se recueille&nbsp;\u00bb.<br>Les <em>Bo\u00eetes<\/em> ne sont pas moins abondantes ni moins riches d\u2019invention. Leur structure bi ou tripartite (le r\u00e9cipient, le couvercle, et parfois le \u00ab&nbsp;caillou&nbsp;\u00bb qui le scelle) autorise des variations, des articulations, des d\u00e9clinaisons vari\u00e9es \u00e0 l\u2019infini. <br>Les <em>Maisons<\/em>, les <em>T\u00eates<\/em>, sont aussi des contenants. Elles aussi travaillent des arch\u00e9types majeurs renvoyant au monde des origines. C\u2019est \u00e9galement le cas des <em>Agraires<\/em>, qui \u00e9voquent \u00ab&nbsp;les dabas et herminettes africaines&nbsp;\u00bb, outils agricoles ancestraux, et illustrent les liens forts et inspirants unissant Camille Virot \u00e0 l\u2019Afrique. <br>Au total, l\u2019exposition regroupe trente-quatre \u0153uvres, toutes pr\u00e9sent\u00e9es pour la premi\u00e8re fois au public.<\/p>\n\n\n\n<p>Camille Virot <a href=\"https:\/\/galerie-ancienne-poste.com\/produit\/catalogue-camille-virot\/\" data-type=\"product\" data-id=\"2535\">catalogue de l&rsquo;exposition<\/a><\/p>\n<\/div><\/div>\n\n<\/div><\/div>\n\n<style>.kb-row-layout-id2871_767b0c-ef > .kt-row-column-wrap{align-content:start;}:where(.kb-row-layout-id2871_767b0c-ef > .kt-row-column-wrap) > .wp-block-kadence-column{justify-content:start;}.kb-row-layout-id2871_767b0c-ef > .kt-row-column-wrap{column-gap:var(--global-kb-gap-md, 2rem);row-gap:var(--global-kb-gap-md, 2rem);padding-top:var(--global-kb-spacing-xs, 1rem);padding-right:var(--global-kb-spacing-xs, 1rem);padding-bottom:var(--global-kb-spacing-xs, 1rem);padding-left:var(--global-kb-spacing-xs, 1rem);grid-template-columns:minmax(0, 1fr);}.kb-row-layout-id2871_767b0c-ef > .kt-row-layout-overlay{opacity:0.30;}@media all and (max-width: 1024px){.kb-row-layout-id2871_767b0c-ef > .kt-row-column-wrap{grid-template-columns:minmax(0, 1fr);}}@media all and (max-width: 767px){.kb-row-layout-id2871_767b0c-ef > .kt-row-column-wrap{grid-template-columns:minmax(0, 1fr);}}<\/style><div class=\"kb-row-layout-wrap kb-row-layout-id2871_767b0c-ef alignwide wp-block-kadence-rowlayout\"><div class=\"kt-row-column-wrap kt-has-1-columns kt-row-layout-equal kt-tab-layout-inherit kt-mobile-layout-row kt-row-valign-top\">\n<style>.kadence-column2871_409b2a-79 > .kt-inside-inner-col,.kadence-column2871_409b2a-79 > .kt-inside-inner-col:before{border-top-left-radius:0px;border-top-right-radius:0px;border-bottom-right-radius:0px;border-bottom-left-radius:0px;}.kadence-column2871_409b2a-79 > .kt-inside-inner-col{column-gap:var(--global-kb-gap-sm, 1rem);}.kadence-column2871_409b2a-79 > .kt-inside-inner-col{flex-direction:column;}.kadence-column2871_409b2a-79 > .kt-inside-inner-col > .aligncenter{width:100%;}.kadence-column2871_409b2a-79 > .kt-inside-inner-col:before{opacity:0.3;}.kadence-column2871_409b2a-79{position:relative;}@media all and (max-width: 1024px){.kadence-column2871_409b2a-79 > .kt-inside-inner-col{flex-direction:column;justify-content:center;}}@media all and (max-width: 767px){.kadence-column2871_409b2a-79 > .kt-inside-inner-col{flex-direction:column;justify-content:center;}}<\/style>\n<div class=\"wp-block-kadence-column kadence-column2871_409b2a-79\"><div class=\"kt-inside-inner-col\"><style>.wp-block-kadence-advancedgallery .kb-gallery-type-grid.kb-gallery-id-2871_183feb-60{margin:-5px;}.kb-gallery-type-grid.kb-gallery-id-2871_183feb-60 .kadence-blocks-gallery-item{padding:5px;}.kb-gallery-id-2871_183feb-60 .kadence-blocks-gallery-item .kb-gal-image-radius, .kb-gallery-id-2871_183feb-60 .kb-slide-item .kb-gal-image-radius img{border-radius:0px 0px 0px 0px;;}.kb-gallery-caption-style-bottom.kb-gallery-id-2871_183feb-60 .kadence-blocks-gallery-item .kadence-blocks-gallery-item-inner .kadence-blocks-gallery-item__caption, .kb-gallery-caption-style-bottom-hover.kb-gallery-id-2871_183feb-60 .kadence-blocks-gallery-item .kadence-blocks-gallery-item-inner .kadence-blocks-gallery-item__caption{background:linear-gradient(0deg, rgba(0, 0, 0, 0.8) 0, rgba(0, 0, 0, 0) 100%);}<\/style><div class=\"kb-gallery-wrap-id-2871_183feb-60 alignnone wp-block-kadence-advancedgallery\"><ul class=\"kb-gallery-ul kb-gallery-non-static kb-gallery-type-grid kb-gallery-id-2871_183feb-60 kb-gallery-caption-style-bottom-hover kb-gallery-filter-none\" data-image-filter=\"none\" data-item-selector=\".kadence-blocks-gallery-item\" data-lightbox-caption=\"true\" data-columns-xxl=\"2\" data-columns-xl=\"2\" data-columns-md=\"2\" data-columns-sm=\"2\" data-columns-xs=\"1\" data-columns-ss=\"1\"><li class=\"kadence-blocks-gallery-item\"><div class=\"kadence-blocks-gallery-item-inner\"><figure class=\"kb-gallery-figure kb-gallery-item-has-link kadence-blocks-gallery-item-has-caption\"><a href=\"https:\/\/galerie-ancienne-poste.com\/wp-content\/uploads\/2025\/07\/raku-camille-virot.jpg\" class=\"kb-gallery-item-link\"  ><div class=\"kb-gal-image-radius\"><div class=\"kb-gallery-image-contain kadence-blocks-gallery-intrinsic kb-gallery-image-ratio-square kb-has-image-ratio-square\" ><img loading=\"lazy\" decoding=\"async\" src=\"https:\/\/galerie-ancienne-poste.com\/wp-content\/uploads\/2025\/07\/raku-camille-virot-1024x1016.jpg\" width=\"1024\" height=\"1016\" alt=\"Exposition Camille Virot - c\u00e9ramique Camille Virot- Galerie Ancienne Poste - exposition c\u00e9ramique\" data-full-image=\"https:\/\/galerie-ancienne-poste.com\/wp-content\/uploads\/2025\/07\/raku-camille-virot.jpg\" data-light-image=\"https:\/\/galerie-ancienne-poste.com\/wp-content\/uploads\/2025\/07\/raku-camille-virot.jpg\" data-id=\"455\" class=\"wp-image-455\" srcset=\"https:\/\/galerie-ancienne-poste.com\/wp-content\/uploads\/2025\/07\/raku-camille-virot-1024x1016.jpg 1024w, https:\/\/galerie-ancienne-poste.com\/wp-content\/uploads\/2025\/07\/raku-camille-virot-300x298.jpg 300w, https:\/\/galerie-ancienne-poste.com\/wp-content\/uploads\/2025\/07\/raku-camille-virot-150x150.jpg 150w, https:\/\/galerie-ancienne-poste.com\/wp-content\/uploads\/2025\/07\/raku-camille-virot-768x762.jpg 768w, https:\/\/galerie-ancienne-poste.com\/wp-content\/uploads\/2025\/07\/raku-camille-virot-12x12.jpg 12w, https:\/\/galerie-ancienne-poste.com\/wp-content\/uploads\/2025\/07\/raku-camille-virot.jpg 1512w\" sizes=\"auto, (max-width: 1024px) 100vw, 1024px\" \/><\/div><div class=\"kadence-blocks-gallery-item__caption\">Camille Virot, Bo\u00eete l\u00e9ga, 2022<\/div><\/div><\/a><\/figure><\/div><\/li><li class=\"kadence-blocks-gallery-item\"><div class=\"kadence-blocks-gallery-item-inner\"><figure class=\"kb-gallery-figure kb-gallery-item-has-link kadence-blocks-gallery-item-has-caption\"><a href=\"https:\/\/galerie-ancienne-poste.com\/wp-content\/uploads\/2025\/07\/camille-virot-maison-raku.jpg\" class=\"kb-gallery-item-link\"  ><div class=\"kb-gal-image-radius\"><div class=\"kb-gallery-image-contain kadence-blocks-gallery-intrinsic kb-gallery-image-ratio-square kb-has-image-ratio-square\" ><img loading=\"lazy\" decoding=\"async\" src=\"https:\/\/galerie-ancienne-poste.com\/wp-content\/uploads\/2025\/07\/camille-virot-maison-raku-1006x1024.jpg\" width=\"1006\" height=\"1024\" alt=\"Camille Virot maison - raku - c\u00e9ramique raku - raku contemporain - c\u00e9ramique d&#039;art contemporaine\" data-full-image=\"https:\/\/galerie-ancienne-poste.com\/wp-content\/uploads\/2025\/07\/camille-virot-maison-raku.jpg\" data-light-image=\"https:\/\/galerie-ancienne-poste.com\/wp-content\/uploads\/2025\/07\/camille-virot-maison-raku.jpg\" data-id=\"452\" class=\"wp-image-452\" srcset=\"https:\/\/galerie-ancienne-poste.com\/wp-content\/uploads\/2025\/07\/camille-virot-maison-raku-1006x1024.jpg 1006w, https:\/\/galerie-ancienne-poste.com\/wp-content\/uploads\/2025\/07\/camille-virot-maison-raku-295x300.jpg 295w, https:\/\/galerie-ancienne-poste.com\/wp-content\/uploads\/2025\/07\/camille-virot-maison-raku-768x782.jpg 768w, https:\/\/galerie-ancienne-poste.com\/wp-content\/uploads\/2025\/07\/camille-virot-maison-raku-12x12.jpg 12w, https:\/\/galerie-ancienne-poste.com\/wp-content\/uploads\/2025\/07\/camille-virot-maison-raku.jpg 1474w\" sizes=\"auto, (max-width: 1006px) 100vw, 1006px\" \/><\/div><div class=\"kadence-blocks-gallery-item__caption\">Camille Virot, Petite maison n\u00b025, 2024<\/div><\/div><\/a><\/figure><\/div><\/li><\/ul><\/div><\/div><\/div>\n\n<\/div><\/div>\n\n<style>.kb-row-layout-id2871_0956ff-08 > .kt-row-column-wrap{align-content:start;}:where(.kb-row-layout-id2871_0956ff-08 > .kt-row-column-wrap) > .wp-block-kadence-column{justify-content:start;}.kb-row-layout-id2871_0956ff-08 > .kt-row-column-wrap{column-gap:var(--global-kb-gap-md, 2rem);row-gap:var(--global-kb-gap-md, 2rem);max-width:var( --global-content-width, 1250px );padding-left:var(--global-content-edge-padding);padding-right:var(--global-content-edge-padding);padding-top:var(--global-kb-spacing-xxs, 0.5rem);padding-bottom:var(--global-kb-spacing-sm, 1.5rem);grid-template-columns:minmax(0, 1fr);}.kb-row-layout-id2871_0956ff-08 > .kt-row-layout-overlay{opacity:0.30;}@media all and (max-width: 1024px){.kb-row-layout-id2871_0956ff-08 > .kt-row-column-wrap{grid-template-columns:minmax(0, 1fr);}}@media all and (max-width: 767px){.kb-row-layout-id2871_0956ff-08 > .kt-row-column-wrap{grid-template-columns:minmax(0, 1fr);}}<\/style><div class=\"kb-row-layout-wrap kb-row-layout-id2871_0956ff-08 alignnone wp-block-kadence-rowlayout\"><div class=\"kt-row-column-wrap kt-has-1-columns kt-row-layout-equal kt-tab-layout-inherit kt-mobile-layout-row kt-row-valign-top kb-theme-content-width\">\n<style>.kadence-column2871_2468bc-be > .kt-inside-inner-col,.kadence-column2871_2468bc-be > .kt-inside-inner-col:before{border-top-left-radius:0px;border-top-right-radius:0px;border-bottom-right-radius:0px;border-bottom-left-radius:0px;}.kadence-column2871_2468bc-be > .kt-inside-inner-col{column-gap:var(--global-kb-gap-sm, 1rem);}.kadence-column2871_2468bc-be > .kt-inside-inner-col{flex-direction:column;}.kadence-column2871_2468bc-be > .kt-inside-inner-col > .aligncenter{width:100%;}.kadence-column2871_2468bc-be > .kt-inside-inner-col:before{opacity:0.3;}.kadence-column2871_2468bc-be{position:relative;}@media all and (max-width: 1024px){.kadence-column2871_2468bc-be > .kt-inside-inner-col{flex-direction:column;justify-content:center;}}@media all and (max-width: 767px){.kadence-column2871_2468bc-be > .kt-inside-inner-col{padding-right:var(--global-kb-spacing-xs, 1rem);padding-left:var(--global-kb-spacing-xs, 1rem);flex-direction:column;justify-content:center;}}<\/style>\n<div class=\"wp-block-kadence-column kadence-column2871_2468bc-be\"><div class=\"kt-inside-inner-col\">\n<p><em>Cette nouvelle exposition de <a href=\"https:\/\/galerie-ancienne-poste.com\/artiste\/camille-virot\/\" data-type=\"artiste\" data-id=\"3355\">Camille Virot<\/a> pr\u00e9sente un ensemble de pi\u00e8ces repr\u00e9sentatives de son travail des dix derni\u00e8res ann\u00e9es, regroupant la plupart des grands \u00ab th\u00e8mes \u00bb qui traversent son \u0153uvre depuis ses commencements, dans les ann\u00e9es 1970 : Bols, Bo\u00eetes, Maisons, T\u00eates, Agraires\u2026, et t\u00e9moignant ainsi de ce qu\u2019il nomme lui-m\u00eame \u00ab cette logique constante de recyclage, recyclage d\u2019id\u00e9es, de formes, de mat\u00e9riaux\u2026 \u00bb. Le recyclage, pratique courante dans la dynamique d\u2019un atelier de potier, rev\u00eat ici valeur de processus et de geste esth\u00e9tiques.[\u2026] <br>Un mot, ici, sur la condition du c\u00e9ramiste contemporain. Elle nous para\u00eet bien difficile. Car, s\u2019il veut faire oeuvre, il doit se d\u00e9marquer drastiquement des courants o\u00f9 sa discipline s\u2019enlise en prosp\u00e9rant, le diktat du joli et de la \u00ab d\u00e9co \u00bb, l\u2019esth\u00e9tique du raku banalis\u00e9e et appauvrie \u00e0 travers ses avatars commerciaux. Les notions de tradition et d\u2019authenticit\u00e9 sont elles-m\u00eames sujettes \u00e0 caution, car bien souvent r\u00e9duites \u00e0 des arguments de vente. Et, si la v\u00e9rit\u00e9 est d\u2019abord celle du mat\u00e9riau, la mati\u00e8re peut vite devenir une affaire d\u2019effets, une rusticit\u00e9 de bon ton garante d\u2019\u00ab authenticit\u00e9 \u00bb. Le \u00ab bon go\u00fbt \u00bb contamine tout. D\u2019o\u00f9 l\u2019absolue n\u00e9cessit\u00e9 de r\u00e9inventer les pratiques, forcer le m\u00e9tier, creuser l\u2019\u00e9cart, cultiver l\u2019ab\u00eeme. Ce que fait, il me semble, Camille Virot.<\/em><\/p>\n\n\n\n<p><br>Manuel Jover<br>Journaliste, critique d\u2019art,<br>Extrait du <a href=\"https:\/\/galerie-ancienne-poste.com\/wp-content\/uploads\/2025\/07\/camille-virot-catalogue-2024.jpg\" data-type=\"attachment\" data-id=\"408\">catalogue de l\u2019exposition<\/a><\/p>\n<\/div><\/div>\n\n<\/div><\/div>\n\n<style>.kb-row-layout-id2871_b32546-11 > .kt-row-column-wrap{align-content:start;}:where(.kb-row-layout-id2871_b32546-11 > .kt-row-column-wrap) > .wp-block-kadence-column{justify-content:start;}.kb-row-layout-id2871_b32546-11 > .kt-row-column-wrap{column-gap:var(--global-kb-gap-md, 2rem);row-gap:var(--global-kb-gap-md, 2rem);padding-top:var(--global-kb-spacing-xs, 1rem);padding-right:var(--global-kb-spacing-xs, 1rem);padding-bottom:var(--global-kb-spacing-xs, 1rem);padding-left:var(--global-kb-spacing-xs, 1rem);grid-template-columns:minmax(0, 1fr);}.kb-row-layout-id2871_b32546-11 > .kt-row-layout-overlay{opacity:0.30;}@media all and (max-width: 1024px){.kb-row-layout-id2871_b32546-11 > .kt-row-column-wrap{grid-template-columns:minmax(0, 1fr);}}@media all and (max-width: 767px){.kb-row-layout-id2871_b32546-11 > .kt-row-column-wrap{grid-template-columns:minmax(0, 1fr);}}<\/style><div class=\"kb-row-layout-wrap kb-row-layout-id2871_b32546-11 alignwide wp-block-kadence-rowlayout\"><div class=\"kt-row-column-wrap kt-has-1-columns kt-row-layout-equal kt-tab-layout-inherit kt-mobile-layout-row kt-row-valign-top\">\n<style>.kadence-column2871_15888a-6f > .kt-inside-inner-col,.kadence-column2871_15888a-6f > .kt-inside-inner-col:before{border-top-left-radius:0px;border-top-right-radius:0px;border-bottom-right-radius:0px;border-bottom-left-radius:0px;}.kadence-column2871_15888a-6f > .kt-inside-inner-col{column-gap:var(--global-kb-gap-sm, 1rem);}.kadence-column2871_15888a-6f > .kt-inside-inner-col{flex-direction:column;}.kadence-column2871_15888a-6f > .kt-inside-inner-col > .aligncenter{width:100%;}.kadence-column2871_15888a-6f > .kt-inside-inner-col:before{opacity:0.3;}.kadence-column2871_15888a-6f{position:relative;}@media all and (max-width: 1024px){.kadence-column2871_15888a-6f > .kt-inside-inner-col{flex-direction:column;justify-content:center;}}@media all and (max-width: 767px){.kadence-column2871_15888a-6f > .kt-inside-inner-col{flex-direction:column;justify-content:center;}}<\/style>\n<div class=\"wp-block-kadence-column kadence-column2871_15888a-6f\"><div class=\"kt-inside-inner-col\"><style>.wp-block-kadence-advancedgallery .kb-gallery-type-grid.kb-gallery-id-2871_c86866-46{margin:-5px;}.kb-gallery-type-grid.kb-gallery-id-2871_c86866-46 .kadence-blocks-gallery-item{padding:5px;}.kb-gallery-id-2871_c86866-46 .kadence-blocks-gallery-item .kb-gal-image-radius, .kb-gallery-id-2871_c86866-46 .kb-slide-item .kb-gal-image-radius img{border-radius:0px 0px 0px 0px;;}.kb-gallery-caption-style-bottom.kb-gallery-id-2871_c86866-46 .kadence-blocks-gallery-item .kadence-blocks-gallery-item-inner .kadence-blocks-gallery-item__caption, .kb-gallery-caption-style-bottom-hover.kb-gallery-id-2871_c86866-46 .kadence-blocks-gallery-item .kadence-blocks-gallery-item-inner .kadence-blocks-gallery-item__caption{background:linear-gradient(0deg, rgba(0, 0, 0, 0.8) 0, rgba(0, 0, 0, 0) 100%);}<\/style><div class=\"kb-gallery-wrap-id-2871_c86866-46 alignnone wp-block-kadence-advancedgallery\"><ul class=\"kb-gallery-ul kb-gallery-non-static kb-gallery-type-grid kb-gallery-id-2871_c86866-46 kb-gallery-caption-style-bottom-hover kb-gallery-filter-none\" data-image-filter=\"none\" data-item-selector=\".kadence-blocks-gallery-item\" data-lightbox-caption=\"true\" data-columns-xxl=\"4\" data-columns-xl=\"4\" data-columns-md=\"4\" data-columns-sm=\"3\" data-columns-xs=\"2\" data-columns-ss=\"2\"><li class=\"kadence-blocks-gallery-item\" tabindex=\"0\"><div class=\"kadence-blocks-gallery-item-inner\"><figure class=\"kb-gallery-figure kadence-blocks-gallery-item-has-caption\"><div class=\"kb-gal-image-radius\"><div class=\"kb-gallery-image-contain kadence-blocks-gallery-intrinsic kb-gallery-image-ratio-square kb-has-image-ratio-square\" ><img loading=\"lazy\" decoding=\"async\" src=\"https:\/\/galerie-ancienne-poste.com\/wp-content\/uploads\/2025\/07\/exposition-camille-virot-2024-1024x1000.jpg\" width=\"1024\" height=\"1000\" alt=\"Camille Virot - exposition 2024 -sculpture c\u00e9ramique - Galerie Ancienne Poste Toucy\" data-full-image=\"https:\/\/galerie-ancienne-poste.com\/wp-content\/uploads\/2025\/07\/exposition-camille-virot-2024.jpg\" data-light-image=\"https:\/\/galerie-ancienne-poste.com\/wp-content\/uploads\/2025\/07\/exposition-camille-virot-2024.jpg\" data-id=\"456\" class=\"wp-image-456\" srcset=\"https:\/\/galerie-ancienne-poste.com\/wp-content\/uploads\/2025\/07\/exposition-camille-virot-2024-1024x1000.jpg 1024w, https:\/\/galerie-ancienne-poste.com\/wp-content\/uploads\/2025\/07\/exposition-camille-virot-2024-300x293.jpg 300w, https:\/\/galerie-ancienne-poste.com\/wp-content\/uploads\/2025\/07\/exposition-camille-virot-2024-768x750.jpg 768w, https:\/\/galerie-ancienne-poste.com\/wp-content\/uploads\/2025\/07\/exposition-camille-virot-2024-12x12.jpg 12w, https:\/\/galerie-ancienne-poste.com\/wp-content\/uploads\/2025\/07\/exposition-camille-virot-2024.jpg 1536w\" sizes=\"auto, (max-width: 1024px) 100vw, 1024px\" \/><\/div><div class=\"kadence-blocks-gallery-item__caption\">Camille Virot, Agraire, 2024<\/div><\/div><\/figure><\/div><\/li><li class=\"kadence-blocks-gallery-item\" tabindex=\"0\"><div class=\"kadence-blocks-gallery-item-inner\"><figure class=\"kb-gallery-figure kadence-blocks-gallery-item-has-caption\"><div class=\"kb-gal-image-radius\"><div class=\"kb-gallery-image-contain kadence-blocks-gallery-intrinsic kb-gallery-image-ratio-square kb-has-image-ratio-square\" ><img loading=\"lazy\" decoding=\"async\" src=\"https:\/\/galerie-ancienne-poste.com\/wp-content\/uploads\/2025\/07\/camille-virot-sculpture-ceramique-2024-1008x1024.jpg\" width=\"1008\" height=\"1024\" alt=\"Camille Virot - sculpture c\u00e9ramique - Camille Virot c\u00e9ramiques - expo c\u00e9ramique en Puisaye\" data-full-image=\"https:\/\/galerie-ancienne-poste.com\/wp-content\/uploads\/2025\/07\/camille-virot-sculpture-ceramique-2024.jpg\" data-light-image=\"https:\/\/galerie-ancienne-poste.com\/wp-content\/uploads\/2025\/07\/camille-virot-sculpture-ceramique-2024.jpg\" data-id=\"453\" class=\"wp-image-453\" srcset=\"https:\/\/galerie-ancienne-poste.com\/wp-content\/uploads\/2025\/07\/camille-virot-sculpture-ceramique-2024-1008x1024.jpg 1008w, https:\/\/galerie-ancienne-poste.com\/wp-content\/uploads\/2025\/07\/camille-virot-sculpture-ceramique-2024-295x300.jpg 295w, https:\/\/galerie-ancienne-poste.com\/wp-content\/uploads\/2025\/07\/camille-virot-sculpture-ceramique-2024-768x780.jpg 768w, https:\/\/galerie-ancienne-poste.com\/wp-content\/uploads\/2025\/07\/camille-virot-sculpture-ceramique-2024-12x12.jpg 12w, https:\/\/galerie-ancienne-poste.com\/wp-content\/uploads\/2025\/07\/camille-virot-sculpture-ceramique-2024.jpg 1512w\" sizes=\"auto, (max-width: 1008px) 100vw, 1008px\" \/><\/div><div class=\"kadence-blocks-gallery-item__caption\">Camille Virot, T\u00eate, 2020<\/div><\/div><\/figure><\/div><\/li><li class=\"kadence-blocks-gallery-item\" tabindex=\"0\"><div class=\"kadence-blocks-gallery-item-inner\"><figure class=\"kb-gallery-figure kadence-blocks-gallery-item-has-caption\"><div class=\"kb-gal-image-radius\"><div class=\"kb-gallery-image-contain kadence-blocks-gallery-intrinsic kb-gallery-image-ratio-square kb-has-image-ratio-square\" ><img loading=\"lazy\" decoding=\"async\" src=\"https:\/\/galerie-ancienne-poste.com\/wp-content\/uploads\/2025\/07\/camille-virot-galerie-ancienne-poste-2024-1024x1016.jpg\" width=\"1024\" height=\"1016\" alt=\"Exposition c\u00e9ramique contemporaine - Camille c\u00e9ramiste fran\u00e7ais - c\u00e9ramique contemporaine fran\u00e7aise\" data-full-image=\"https:\/\/galerie-ancienne-poste.com\/wp-content\/uploads\/2025\/07\/camille-virot-galerie-ancienne-poste-2024.jpg\" data-light-image=\"https:\/\/galerie-ancienne-poste.com\/wp-content\/uploads\/2025\/07\/camille-virot-galerie-ancienne-poste-2024.jpg\" data-id=\"451\" class=\"wp-image-451\" srcset=\"https:\/\/galerie-ancienne-poste.com\/wp-content\/uploads\/2025\/07\/camille-virot-galerie-ancienne-poste-2024-1024x1016.jpg 1024w, https:\/\/galerie-ancienne-poste.com\/wp-content\/uploads\/2025\/07\/camille-virot-galerie-ancienne-poste-2024-300x298.jpg 300w, https:\/\/galerie-ancienne-poste.com\/wp-content\/uploads\/2025\/07\/camille-virot-galerie-ancienne-poste-2024-150x150.jpg 150w, https:\/\/galerie-ancienne-poste.com\/wp-content\/uploads\/2025\/07\/camille-virot-galerie-ancienne-poste-2024-768x762.jpg 768w, https:\/\/galerie-ancienne-poste.com\/wp-content\/uploads\/2025\/07\/camille-virot-galerie-ancienne-poste-2024-12x12.jpg 12w, https:\/\/galerie-ancienne-poste.com\/wp-content\/uploads\/2025\/07\/camille-virot-galerie-ancienne-poste-2024.jpg 1512w\" sizes=\"auto, (max-width: 1024px) 100vw, 1024px\" \/><\/div><div class=\"kadence-blocks-gallery-item__caption\">Camille Virot, Petite maison, 2024<\/div><\/div><\/figure><\/div><\/li><li class=\"kadence-blocks-gallery-item\" tabindex=\"0\"><div class=\"kadence-blocks-gallery-item-inner\"><figure class=\"kb-gallery-figure kadence-blocks-gallery-item-has-caption\"><div class=\"kb-gal-image-radius\"><div class=\"kb-gallery-image-contain kadence-blocks-gallery-intrinsic kb-gallery-image-ratio-square kb-has-image-ratio-square\" ><img loading=\"lazy\" decoding=\"async\" src=\"https:\/\/galerie-ancienne-poste.com\/wp-content\/uploads\/2025\/07\/Camille-Virot-Bol-Genese-2022-techniques-mixtes-h.-22-x-27-x-12-cm-1024x683.jpg\" width=\"1024\" height=\"683\" alt=\"bol gen\u00e8se Camille Virot - galerie Camille Virot - c\u00e9ramique Camille Virot - bol Camille Virot\" data-full-image=\"https:\/\/galerie-ancienne-poste.com\/wp-content\/uploads\/2025\/07\/Camille-Virot-Bol-Genese-2022-techniques-mixtes-h.-22-x-27-x-12-cm.jpg\" data-light-image=\"https:\/\/galerie-ancienne-poste.com\/wp-content\/uploads\/2025\/07\/Camille-Virot-Bol-Genese-2022-techniques-mixtes-h.-22-x-27-x-12-cm.jpg\" data-id=\"448\" class=\"wp-image-448\" srcset=\"https:\/\/galerie-ancienne-poste.com\/wp-content\/uploads\/2025\/07\/Camille-Virot-Bol-Genese-2022-techniques-mixtes-h.-22-x-27-x-12-cm-1024x683.jpg 1024w, https:\/\/galerie-ancienne-poste.com\/wp-content\/uploads\/2025\/07\/Camille-Virot-Bol-Genese-2022-techniques-mixtes-h.-22-x-27-x-12-cm-300x200.jpg 300w, https:\/\/galerie-ancienne-poste.com\/wp-content\/uploads\/2025\/07\/Camille-Virot-Bol-Genese-2022-techniques-mixtes-h.-22-x-27-x-12-cm-768x512.jpg 768w, https:\/\/galerie-ancienne-poste.com\/wp-content\/uploads\/2025\/07\/Camille-Virot-Bol-Genese-2022-techniques-mixtes-h.-22-x-27-x-12-cm-1536x1024.jpg 1536w, https:\/\/galerie-ancienne-poste.com\/wp-content\/uploads\/2025\/07\/Camille-Virot-Bol-Genese-2022-techniques-mixtes-h.-22-x-27-x-12-cm-2048x1366.jpg 2048w, https:\/\/galerie-ancienne-poste.com\/wp-content\/uploads\/2025\/07\/Camille-Virot-Bol-Genese-2022-techniques-mixtes-h.-22-x-27-x-12-cm-18x12.jpg 18w\" sizes=\"auto, (max-width: 1024px) 100vw, 1024px\" \/><\/div><div class=\"kadence-blocks-gallery-item__caption\">Camille Virot, Bol-gen\u00e8se, 2022<\/div><\/div><\/figure><\/div><\/li><li class=\"kadence-blocks-gallery-item\" tabindex=\"0\"><div class=\"kadence-blocks-gallery-item-inner\"><figure class=\"kb-gallery-figure kadence-blocks-gallery-item-has-caption\"><div class=\"kb-gal-image-radius\"><div class=\"kb-gallery-image-contain kadence-blocks-gallery-intrinsic kb-gallery-image-ratio-square kb-has-image-ratio-square\" ><img loading=\"lazy\" decoding=\"async\" src=\"https:\/\/galerie-ancienne-poste.com\/wp-content\/uploads\/2025\/07\/camille-virot-ceramique-contemporaine-2024-1024x842.jpg\" width=\"1024\" height=\"842\" alt=\"Camille Virot - sculpture c\u00e9ramique - expo c\u00e9ramique en France - c\u00e9ramique contemporaine en France - galerie de l&#039;ancienne poste\" data-full-image=\"https:\/\/galerie-ancienne-poste.com\/wp-content\/uploads\/2025\/07\/camille-virot-ceramique-contemporaine-2024.jpg\" data-light-image=\"https:\/\/galerie-ancienne-poste.com\/wp-content\/uploads\/2025\/07\/camille-virot-ceramique-contemporaine-2024.jpg\" data-id=\"445\" class=\"wp-image-445\" srcset=\"https:\/\/galerie-ancienne-poste.com\/wp-content\/uploads\/2025\/07\/camille-virot-ceramique-contemporaine-2024-1024x842.jpg 1024w, https:\/\/galerie-ancienne-poste.com\/wp-content\/uploads\/2025\/07\/camille-virot-ceramique-contemporaine-2024-300x247.jpg 300w, https:\/\/galerie-ancienne-poste.com\/wp-content\/uploads\/2025\/07\/camille-virot-ceramique-contemporaine-2024-768x632.jpg 768w, https:\/\/galerie-ancienne-poste.com\/wp-content\/uploads\/2025\/07\/camille-virot-ceramique-contemporaine-2024-15x12.jpg 15w, https:\/\/galerie-ancienne-poste.com\/wp-content\/uploads\/2025\/07\/camille-virot-ceramique-contemporaine-2024.jpg 1500w\" sizes=\"auto, (max-width: 1024px) 100vw, 1024px\" \/><\/div><div class=\"kadence-blocks-gallery-item__caption\">Camille Virot, T\u00eate, 2018-2024<\/div><\/div><\/figure><\/div><\/li><li class=\"kadence-blocks-gallery-item\" tabindex=\"0\"><div class=\"kadence-blocks-gallery-item-inner\"><figure class=\"kb-gallery-figure kadence-blocks-gallery-item-has-caption\"><div class=\"kb-gal-image-radius\"><div class=\"kb-gallery-image-contain kadence-blocks-gallery-intrinsic kb-gallery-image-ratio-square kb-has-image-ratio-square\" ><img loading=\"lazy\" decoding=\"async\" src=\"https:\/\/galerie-ancienne-poste.com\/wp-content\/uploads\/2025\/07\/camille-virot-sculpture-ceramique-1024x880.jpg\" width=\"1024\" height=\"880\" alt=\"Camille Virot - bol gen\u00e8se - c\u00e9ramqiue contemporaine - expositio de c\u00e9ramique contemporaine\" data-full-image=\"https:\/\/galerie-ancienne-poste.com\/wp-content\/uploads\/2025\/07\/camille-virot-sculpture-ceramique.jpg\" data-light-image=\"https:\/\/galerie-ancienne-poste.com\/wp-content\/uploads\/2025\/07\/camille-virot-sculpture-ceramique.jpg\" data-id=\"344\" class=\"wp-image-344\" srcset=\"https:\/\/galerie-ancienne-poste.com\/wp-content\/uploads\/2025\/07\/camille-virot-sculpture-ceramique-1024x880.jpg 1024w, https:\/\/galerie-ancienne-poste.com\/wp-content\/uploads\/2025\/07\/camille-virot-sculpture-ceramique-300x258.jpg 300w, https:\/\/galerie-ancienne-poste.com\/wp-content\/uploads\/2025\/07\/camille-virot-sculpture-ceramique-768x660.jpg 768w, https:\/\/galerie-ancienne-poste.com\/wp-content\/uploads\/2025\/07\/camille-virot-sculpture-ceramique-1536x1320.jpg 1536w, https:\/\/galerie-ancienne-poste.com\/wp-content\/uploads\/2025\/07\/camille-virot-sculpture-ceramique-14x12.jpg 14w, https:\/\/galerie-ancienne-poste.com\/wp-content\/uploads\/2025\/07\/camille-virot-sculpture-ceramique.jpg 1746w\" sizes=\"auto, (max-width: 1024px) 100vw, 1024px\" \/><\/div><div class=\"kadence-blocks-gallery-item__caption\">Camille Virot, Bol-gen\u00e8se N\u00b03, 2020<\/div><\/div><\/figure><\/div><\/li><li class=\"kadence-blocks-gallery-item\" tabindex=\"0\"><div class=\"kadence-blocks-gallery-item-inner\"><figure class=\"kb-gallery-figure kadence-blocks-gallery-item-has-caption\"><div class=\"kb-gal-image-radius\"><div class=\"kb-gallery-image-contain kadence-blocks-gallery-intrinsic kb-gallery-image-ratio-square kb-has-image-ratio-square\" ><img loading=\"lazy\" decoding=\"async\" src=\"https:\/\/galerie-ancienne-poste.com\/wp-content\/uploads\/2025\/07\/camille-virot-bol-genese-1006x1024.jpg\" width=\"1006\" height=\"1024\" alt=\"Camille Virot - exposition c\u00e9ramiques contemporaine - sculpture c\u00e9ramique - expo de Camille Virot -\" data-full-image=\"https:\/\/galerie-ancienne-poste.com\/wp-content\/uploads\/2025\/07\/camille-virot-bol-genese.jpg\" data-light-image=\"https:\/\/galerie-ancienne-poste.com\/wp-content\/uploads\/2025\/07\/camille-virot-bol-genese.jpg\" data-id=\"338\" class=\"wp-image-338\" srcset=\"https:\/\/galerie-ancienne-poste.com\/wp-content\/uploads\/2025\/07\/camille-virot-bol-genese-1006x1024.jpg 1006w, https:\/\/galerie-ancienne-poste.com\/wp-content\/uploads\/2025\/07\/camille-virot-bol-genese-295x300.jpg 295w, https:\/\/galerie-ancienne-poste.com\/wp-content\/uploads\/2025\/07\/camille-virot-bol-genese-768x782.jpg 768w, https:\/\/galerie-ancienne-poste.com\/wp-content\/uploads\/2025\/07\/camille-virot-bol-genese-12x12.jpg 12w, https:\/\/galerie-ancienne-poste.com\/wp-content\/uploads\/2025\/07\/camille-virot-bol-genese.jpg 1474w\" sizes=\"auto, (max-width: 1006px) 100vw, 1006px\" \/><\/div><div class=\"kadence-blocks-gallery-item__caption\">Camille Virot, Bol-gen\u00e8se n\u00b023\/1, 2023<\/div><\/div><\/figure><\/div><\/li><li class=\"kadence-blocks-gallery-item\" tabindex=\"0\"><div class=\"kadence-blocks-gallery-item-inner\"><figure class=\"kb-gallery-figure kadence-blocks-gallery-item-has-caption\"><div class=\"kb-gal-image-radius\"><div class=\"kb-gallery-image-contain kadence-blocks-gallery-intrinsic kb-gallery-image-ratio-square kb-has-image-ratio-square\" ><img loading=\"lazy\" decoding=\"async\" src=\"https:\/\/galerie-ancienne-poste.com\/wp-content\/uploads\/2025\/07\/camille-virot-ceramique-francaise-1008x1024.jpg\" width=\"1008\" height=\"1024\" alt=\"Camille Virot exposition - Camille Virot c\u00e9ramique - Camille Virot Galerie de l&#039;Ancienne Poste - c\u00e9ramique contemporaine en France\" data-full-image=\"https:\/\/galerie-ancienne-poste.com\/wp-content\/uploads\/2025\/07\/camille-virot-ceramique-francaise.jpg\" data-light-image=\"https:\/\/galerie-ancienne-poste.com\/wp-content\/uploads\/2025\/07\/camille-virot-ceramique-francaise.jpg\" data-id=\"342\" class=\"wp-image-342\" srcset=\"https:\/\/galerie-ancienne-poste.com\/wp-content\/uploads\/2025\/07\/camille-virot-ceramique-francaise-1008x1024.jpg 1008w, https:\/\/galerie-ancienne-poste.com\/wp-content\/uploads\/2025\/07\/camille-virot-ceramique-francaise-295x300.jpg 295w, https:\/\/galerie-ancienne-poste.com\/wp-content\/uploads\/2025\/07\/camille-virot-ceramique-francaise-768x780.jpg 768w, https:\/\/galerie-ancienne-poste.com\/wp-content\/uploads\/2025\/07\/camille-virot-ceramique-francaise-12x12.jpg 12w, https:\/\/galerie-ancienne-poste.com\/wp-content\/uploads\/2025\/07\/camille-virot-ceramique-francaise.jpg 1512w\" sizes=\"auto, (max-width: 1008px) 100vw, 1008px\" \/><\/div><div class=\"kadence-blocks-gallery-item__caption\">Camille Virot, Petite maison n\u00b06, 2024<\/div><\/div><\/figure><\/div><\/li><li class=\"kadence-blocks-gallery-item\" tabindex=\"0\"><div class=\"kadence-blocks-gallery-item-inner\"><figure class=\"kb-gallery-figure kadence-blocks-gallery-item-has-caption\"><div class=\"kb-gal-image-radius\"><div class=\"kb-gallery-image-contain kadence-blocks-gallery-intrinsic kb-gallery-image-ratio-square kb-has-image-ratio-square\" ><img loading=\"lazy\" decoding=\"async\" src=\"https:\/\/galerie-ancienne-poste.com\/wp-content\/uploads\/2025\/07\/camille-virot-ceramique-1024x981.jpg\" width=\"1024\" height=\"981\" alt=\"Camille Virot - c\u00e9ramique de Camille Virot - exposition de Camlile Virot - galerie de Camille Virot\" data-full-image=\"https:\/\/galerie-ancienne-poste.com\/wp-content\/uploads\/2025\/07\/camille-virot-ceramique.jpg\" data-light-image=\"https:\/\/galerie-ancienne-poste.com\/wp-content\/uploads\/2025\/07\/camille-virot-ceramique.jpg\" data-id=\"340\" class=\"wp-image-340\" srcset=\"https:\/\/galerie-ancienne-poste.com\/wp-content\/uploads\/2025\/07\/camille-virot-ceramique-1024x981.jpg 1024w, https:\/\/galerie-ancienne-poste.com\/wp-content\/uploads\/2025\/07\/camille-virot-ceramique-300x288.jpg 300w, https:\/\/galerie-ancienne-poste.com\/wp-content\/uploads\/2025\/07\/camille-virot-ceramique-768x736.jpg 768w, https:\/\/galerie-ancienne-poste.com\/wp-content\/uploads\/2025\/07\/camille-virot-ceramique-1536x1472.jpg 1536w, https:\/\/galerie-ancienne-poste.com\/wp-content\/uploads\/2025\/07\/camille-virot-ceramique-13x12.jpg 13w, https:\/\/galerie-ancienne-poste.com\/wp-content\/uploads\/2025\/07\/camille-virot-ceramique.jpg 1565w\" sizes=\"auto, (max-width: 1024px) 100vw, 1024px\" \/><\/div><div class=\"kadence-blocks-gallery-item__caption\">Camille Virot, Agraire n\u00b08, 2020<\/div><\/div><\/figure><\/div><\/li><li class=\"kadence-blocks-gallery-item\" tabindex=\"0\"><div class=\"kadence-blocks-gallery-item-inner\"><figure class=\"kb-gallery-figure kadence-blocks-gallery-item-has-caption\"><div class=\"kb-gal-image-radius\"><div class=\"kb-gallery-image-contain kadence-blocks-gallery-intrinsic kb-gallery-image-ratio-square kb-has-image-ratio-square\" ><img loading=\"lazy\" decoding=\"async\" src=\"https:\/\/galerie-ancienne-poste.com\/wp-content\/uploads\/2025\/07\/camille-virot-boite-caillou-1024x930.jpg\" width=\"1024\" height=\"930\" alt=\"exposition Camille Virot - Galerie de l&#039;Ancienne Poste - c\u00e9ramique contemporaine - sculpture c\u00e9ramique\" data-full-image=\"https:\/\/galerie-ancienne-poste.com\/wp-content\/uploads\/2025\/07\/camille-virot-boite-caillou.jpg\" data-light-image=\"https:\/\/galerie-ancienne-poste.com\/wp-content\/uploads\/2025\/07\/camille-virot-boite-caillou.jpg\" data-id=\"337\" class=\"wp-image-337\" srcset=\"https:\/\/galerie-ancienne-poste.com\/wp-content\/uploads\/2025\/07\/camille-virot-boite-caillou-1024x930.jpg 1024w, https:\/\/galerie-ancienne-poste.com\/wp-content\/uploads\/2025\/07\/camille-virot-boite-caillou-300x272.jpg 300w, https:\/\/galerie-ancienne-poste.com\/wp-content\/uploads\/2025\/07\/camille-virot-boite-caillou-768x697.jpg 768w, https:\/\/galerie-ancienne-poste.com\/wp-content\/uploads\/2025\/07\/camille-virot-boite-caillou-1536x1395.jpg 1536w, https:\/\/galerie-ancienne-poste.com\/wp-content\/uploads\/2025\/07\/camille-virot-boite-caillou-13x12.jpg 13w, https:\/\/galerie-ancienne-poste.com\/wp-content\/uploads\/2025\/07\/camille-virot-boite-caillou.jpg 1652w\" sizes=\"auto, (max-width: 1024px) 100vw, 1024px\" \/><\/div><div class=\"kadence-blocks-gallery-item__caption\">Camille Virot, Bo\u00eete-caillou n\u00b03, 2024<\/div><\/div><\/figure><\/div><\/li><li class=\"kadence-blocks-gallery-item\" tabindex=\"0\"><div class=\"kadence-blocks-gallery-item-inner\"><figure class=\"kb-gallery-figure kadence-blocks-gallery-item-has-caption\"><div class=\"kb-gal-image-radius\"><div class=\"kb-gallery-image-contain kadence-blocks-gallery-intrinsic kb-gallery-image-ratio-square kb-has-image-ratio-square\" ><img loading=\"lazy\" decoding=\"async\" src=\"https:\/\/galerie-ancienne-poste.com\/wp-content\/uploads\/2025\/07\/camille-virot-bols-1024x941.jpg\" width=\"1024\" height=\"941\" alt=\"bol de Camille Virot - bol raku - c\u00e9ramqiue raku - technique raku - c\u00e9ramique raku\" data-full-image=\"https:\/\/galerie-ancienne-poste.com\/wp-content\/uploads\/2025\/07\/camille-virot-bols.jpg\" data-light-image=\"https:\/\/galerie-ancienne-poste.com\/wp-content\/uploads\/2025\/07\/camille-virot-bols.jpg\" data-id=\"339\" class=\"wp-image-339\" srcset=\"https:\/\/galerie-ancienne-poste.com\/wp-content\/uploads\/2025\/07\/camille-virot-bols-1024x941.jpg 1024w, https:\/\/galerie-ancienne-poste.com\/wp-content\/uploads\/2025\/07\/camille-virot-bols-300x276.jpg 300w, https:\/\/galerie-ancienne-poste.com\/wp-content\/uploads\/2025\/07\/camille-virot-bols-768x706.jpg 768w, https:\/\/galerie-ancienne-poste.com\/wp-content\/uploads\/2025\/07\/camille-virot-bols-1536x1412.jpg 1536w, https:\/\/galerie-ancienne-poste.com\/wp-content\/uploads\/2025\/07\/camille-virot-bols-13x12.jpg 13w, https:\/\/galerie-ancienne-poste.com\/wp-content\/uploads\/2025\/07\/camille-virot-bols.jpg 1632w\" sizes=\"auto, (max-width: 1024px) 100vw, 1024px\" \/><\/div><div class=\"kadence-blocks-gallery-item__caption\">Camille Virot, Bol clair n\u00b09, 2022<\/div><\/div><\/figure><\/div><\/li><li class=\"kadence-blocks-gallery-item\" tabindex=\"0\"><div class=\"kadence-blocks-gallery-item-inner\"><figure class=\"kb-gallery-figure kadence-blocks-gallery-item-has-caption\"><div class=\"kb-gal-image-radius\"><div class=\"kb-gallery-image-contain kadence-blocks-gallery-intrinsic kb-gallery-image-ratio-square kb-has-image-ratio-square\" ><img loading=\"lazy\" decoding=\"async\" src=\"https:\/\/galerie-ancienne-poste.com\/wp-content\/uploads\/2025\/07\/exposition-ceramique-camille-virot-1024x1016.jpg\" width=\"1024\" height=\"1016\" alt=\"exposition c\u00e9ramique Camille Virot - c\u00e9ramique contemporaine - galerie c\u00e9ramique.\" data-full-image=\"https:\/\/galerie-ancienne-poste.com\/wp-content\/uploads\/2025\/07\/exposition-ceramique-camille-virot.jpg\" data-light-image=\"https:\/\/galerie-ancienne-poste.com\/wp-content\/uploads\/2025\/07\/exposition-ceramique-camille-virot.jpg\" data-id=\"454\" class=\"wp-image-454\" srcset=\"https:\/\/galerie-ancienne-poste.com\/wp-content\/uploads\/2025\/07\/exposition-ceramique-camille-virot-1024x1016.jpg 1024w, https:\/\/galerie-ancienne-poste.com\/wp-content\/uploads\/2025\/07\/exposition-ceramique-camille-virot-300x298.jpg 300w, https:\/\/galerie-ancienne-poste.com\/wp-content\/uploads\/2025\/07\/exposition-ceramique-camille-virot-150x150.jpg 150w, https:\/\/galerie-ancienne-poste.com\/wp-content\/uploads\/2025\/07\/exposition-ceramique-camille-virot-768x762.jpg 768w, https:\/\/galerie-ancienne-poste.com\/wp-content\/uploads\/2025\/07\/exposition-ceramique-camille-virot-12x12.jpg 12w, https:\/\/galerie-ancienne-poste.com\/wp-content\/uploads\/2025\/07\/exposition-ceramique-camille-virot.jpg 1512w\" sizes=\"auto, (max-width: 1024px) 100vw, 1024px\" \/><\/div><div class=\"kadence-blocks-gallery-item__caption\">Camille Virot, Bo\u00eete l\u00e9ga, 2020<\/div><\/div><\/figure><\/div><\/li><\/ul><\/div><\/div><\/div>\n\n<\/div><\/div>","protected":false},"excerpt":{"rendered":"<p>9 novembre 2024 \u00a0&#8211; \u00a05 janvier 2025<\/p>\n","protected":false},"author":6,"featured_media":456,"template":"","meta":{"_acf_changed":false,"_kad_blocks_custom_css":"","_kad_blocks_head_custom_js":"","_kad_blocks_body_custom_js":"","_kad_blocks_footer_custom_js":"","_kad_post_transparent":"","_kad_post_title":"","_kad_post_layout":"","_kad_post_sidebar_id":"","_kad_post_content_style":"","_kad_post_vertical_padding":"","_kad_post_feature":"","_kad_post_feature_position":"","_kad_post_header":false,"_kad_post_footer":false,"_kad_post_classname":"","footnotes":""},"tags":[92],"artiste_":[110],"class_list":["post-2871","exposition","type-exposition","status-publish","has-post-thumbnail","hentry","tag-passees","artiste_-camille-virot"],"acf":[],"taxonomy_info":{"post_tag":[{"value":92,"label":"Pass\u00e9es"}],"artiste_":[{"value":110,"label":"Camille Virot"}]},"featured_image_src_large":["https:\/\/galerie-ancienne-poste.com\/wp-content\/uploads\/2025\/07\/exposition-camille-virot-2024-1024x1000.jpg",1024,1000,true],"author_info":{"display_name":"christophe","author_link":"https:\/\/galerie-ancienne-poste.com\/fr\/author\/christophe\/"},"comment_info":"","_links":{"self":[{"href":"https:\/\/galerie-ancienne-poste.com\/fr\/wp-json\/wp\/v2\/exposition\/2871","targetHints":{"allow":["GET"]}}],"collection":[{"href":"https:\/\/galerie-ancienne-poste.com\/fr\/wp-json\/wp\/v2\/exposition"}],"about":[{"href":"https:\/\/galerie-ancienne-poste.com\/fr\/wp-json\/wp\/v2\/types\/exposition"}],"author":[{"embeddable":true,"href":"https:\/\/galerie-ancienne-poste.com\/fr\/wp-json\/wp\/v2\/users\/6"}],"version-history":[{"count":18,"href":"https:\/\/galerie-ancienne-poste.com\/fr\/wp-json\/wp\/v2\/exposition\/2871\/revisions"}],"predecessor-version":[{"id":9186,"href":"https:\/\/galerie-ancienne-poste.com\/fr\/wp-json\/wp\/v2\/exposition\/2871\/revisions\/9186"}],"wp:featuredmedia":[{"embeddable":true,"href":"https:\/\/galerie-ancienne-poste.com\/fr\/wp-json\/wp\/v2\/media\/456"}],"wp:attachment":[{"href":"https:\/\/galerie-ancienne-poste.com\/fr\/wp-json\/wp\/v2\/media?parent=2871"}],"wp:term":[{"taxonomy":"post_tag","embeddable":true,"href":"https:\/\/galerie-ancienne-poste.com\/fr\/wp-json\/wp\/v2\/tags?post=2871"},{"taxonomy":"artiste_","embeddable":true,"href":"https:\/\/galerie-ancienne-poste.com\/fr\/wp-json\/wp\/v2\/artiste_?post=2871"}],"curies":[{"name":"wp","href":"https:\/\/api.w.org\/{rel}","templated":true}]}}