{"id":2954,"date":"2019-09-07T19:19:00","date_gmt":"2019-09-07T17:19:00","guid":{"rendered":"https:\/\/galerie-ancienne-poste.com\/?post_type=exposition&#038;p=2954"},"modified":"2025-08-29T18:49:21","modified_gmt":"2025-08-29T16:49:21","slug":"nadia-pasquer","status":"publish","type":"exposition","link":"https:\/\/galerie-ancienne-poste.com\/fr\/exposition\/nadia-pasquer\/","title":{"rendered":"Nadia Pasquer"},"content":{"rendered":"\n<p><\/p>\n\n\n<style>.kb-row-layout-id2954_51516f-03 > .kt-row-column-wrap{align-content:start;}:where(.kb-row-layout-id2954_51516f-03 > .kt-row-column-wrap) > .wp-block-kadence-column{justify-content:start;}.kb-row-layout-id2954_51516f-03 > .kt-row-column-wrap{column-gap:var(--global-kb-gap-md, 2rem);row-gap:var(--global-kb-gap-md, 2rem);padding-top:var(--global-kb-spacing-xxs, 0.5rem);padding-bottom:var(--global-kb-spacing-sm, 1.5rem);}.kb-row-layout-id2954_51516f-03 > .kt-row-column-wrap > div:not(.added-for-specificity){grid-column:initial;}.kb-row-layout-id2954_51516f-03 > .kt-row-column-wrap{grid-template-columns:minmax(0, 1fr) minmax(0, 6fr) minmax(0, 1fr);}.kb-row-layout-id2954_51516f-03 > .kt-row-layout-overlay{opacity:0.30;}@media all and (max-width: 1024px){.kb-row-layout-id2954_51516f-03 > .kt-row-column-wrap > div:not(.added-for-specificity){grid-column:initial;}}@media all and (max-width: 1024px){.kb-row-layout-id2954_51516f-03 > .kt-row-column-wrap{grid-template-columns:minmax(0, 1fr) minmax(0, 6fr) minmax(0, 1fr);}}@media all and (max-width: 767px){.kb-row-layout-id2954_51516f-03 > .kt-row-column-wrap > div:not(.added-for-specificity){grid-column:initial;}.kb-row-layout-id2954_51516f-03 > .kt-row-column-wrap{grid-template-columns:minmax(0, 1fr);}}<\/style><div class=\"kb-row-layout-wrap kb-row-layout-id2954_51516f-03 alignnone wp-block-kadence-rowlayout\"><div class=\"kt-row-column-wrap kt-has-3-columns kt-row-layout-center-exwide kt-tab-layout-inherit kt-mobile-layout-row kt-row-valign-top\">\n<style>.kadence-column2954_6d6521-63 > .kt-inside-inner-col,.kadence-column2954_6d6521-63 > .kt-inside-inner-col:before{border-top-left-radius:0px;border-top-right-radius:0px;border-bottom-right-radius:0px;border-bottom-left-radius:0px;}.kadence-column2954_6d6521-63 > .kt-inside-inner-col{column-gap:var(--global-kb-gap-sm, 1rem);}.kadence-column2954_6d6521-63 > .kt-inside-inner-col{flex-direction:column;}.kadence-column2954_6d6521-63 > .kt-inside-inner-col > .aligncenter{width:100%;}.kadence-column2954_6d6521-63 > .kt-inside-inner-col:before{opacity:0.3;}.kadence-column2954_6d6521-63{position:relative;}@media all and (max-width: 1024px){.kadence-column2954_6d6521-63 > .kt-inside-inner-col{flex-direction:column;justify-content:center;}}@media all and (max-width: 767px){.kadence-column2954_6d6521-63 > .kt-inside-inner-col{flex-direction:column;justify-content:center;}}<\/style>\n<div class=\"wp-block-kadence-column kadence-column2954_6d6521-63\"><div class=\"kt-inside-inner-col\"><\/div><\/div>\n\n\n<style>.kadence-column2954_54e895-2e > .kt-inside-inner-col,.kadence-column2954_54e895-2e > .kt-inside-inner-col:before{border-top-left-radius:0px;border-top-right-radius:0px;border-bottom-right-radius:0px;border-bottom-left-radius:0px;}.kadence-column2954_54e895-2e > .kt-inside-inner-col{column-gap:var(--global-kb-gap-sm, 1rem);}.kadence-column2954_54e895-2e > .kt-inside-inner-col{flex-direction:column;}.kadence-column2954_54e895-2e > .kt-inside-inner-col > .aligncenter{width:100%;}.kadence-column2954_54e895-2e > .kt-inside-inner-col:before{opacity:0.3;}.kadence-column2954_54e895-2e{position:relative;}@media all and (max-width: 1024px){.kadence-column2954_54e895-2e > .kt-inside-inner-col{flex-direction:column;justify-content:center;}}@media all and (max-width: 767px){.kadence-column2954_54e895-2e > .kt-inside-inner-col{padding-right:var(--global-kb-spacing-xs, 1rem);padding-left:var(--global-kb-spacing-xs, 1rem);flex-direction:column;justify-content:center;}}<\/style>\n<div class=\"wp-block-kadence-column kadence-column2954_54e895-2e\"><div class=\"kt-inside-inner-col\"><style>.wp-block-kadence-advancedheading.kt-adv-heading2954_8bdef4-dc, .wp-block-kadence-advancedheading.kt-adv-heading2954_8bdef4-dc[data-kb-block=\"kb-adv-heading2954_8bdef4-dc\"]{text-align:left;font-size:var(--global-kb-font-size-xl, 3rem);font-style:normal;}.wp-block-kadence-advancedheading.kt-adv-heading2954_8bdef4-dc mark.kt-highlight, .wp-block-kadence-advancedheading.kt-adv-heading2954_8bdef4-dc[data-kb-block=\"kb-adv-heading2954_8bdef4-dc\"] mark.kt-highlight{font-style:normal;color:#f76a0c;-webkit-box-decoration-break:clone;box-decoration-break:clone;padding-top:0px;padding-right:0px;padding-bottom:0px;padding-left:0px;}.wp-block-kadence-advancedheading.kt-adv-heading2954_8bdef4-dc img.kb-inline-image, .wp-block-kadence-advancedheading.kt-adv-heading2954_8bdef4-dc[data-kb-block=\"kb-adv-heading2954_8bdef4-dc\"] img.kb-inline-image{width:150px;vertical-align:baseline;}<\/style>\n<h1 class=\"kt-adv-heading2954_8bdef4-dc wp-block-kadence-advancedheading\" data-kb-block=\"kb-adv-heading2954_8bdef4-dc\">Nadia Pasquer<\/h1>\n\n\n<style>.wp-block-kadence-advancedheading.kt-adv-heading2954_8da0d9-1c, .wp-block-kadence-advancedheading.kt-adv-heading2954_8da0d9-1c[data-kb-block=\"kb-adv-heading2954_8da0d9-1c\"]{text-align:left;font-style:normal;}.wp-block-kadence-advancedheading.kt-adv-heading2954_8da0d9-1c mark.kt-highlight, .wp-block-kadence-advancedheading.kt-adv-heading2954_8da0d9-1c[data-kb-block=\"kb-adv-heading2954_8da0d9-1c\"] mark.kt-highlight{font-style:normal;color:#f76a0c;-webkit-box-decoration-break:clone;box-decoration-break:clone;padding-top:0px;padding-right:0px;padding-bottom:0px;padding-left:0px;}.wp-block-kadence-advancedheading.kt-adv-heading2954_8da0d9-1c img.kb-inline-image, .wp-block-kadence-advancedheading.kt-adv-heading2954_8da0d9-1c[data-kb-block=\"kb-adv-heading2954_8da0d9-1c\"] img.kb-inline-image{width:150px;vertical-align:baseline;}<\/style>\n<h2 class=\"kt-adv-heading2954_8da0d9-1c wp-block-kadence-advancedheading\" data-kb-block=\"kb-adv-heading2954_8da0d9-1c\">Les couleurs de la nuit, les couleurs du ciel<\/h2>\n\n\n<style>.wp-block-kadence-advancedheading.kt-adv-heading2954_d57696-98, .wp-block-kadence-advancedheading.kt-adv-heading2954_d57696-98[data-kb-block=\"kb-adv-heading2954_d57696-98\"]{text-align:left;font-style:normal;}.wp-block-kadence-advancedheading.kt-adv-heading2954_d57696-98 mark.kt-highlight, .wp-block-kadence-advancedheading.kt-adv-heading2954_d57696-98[data-kb-block=\"kb-adv-heading2954_d57696-98\"] mark.kt-highlight{font-style:normal;color:#f76a0c;-webkit-box-decoration-break:clone;box-decoration-break:clone;padding-top:0px;padding-right:0px;padding-bottom:0px;padding-left:0px;}.wp-block-kadence-advancedheading.kt-adv-heading2954_d57696-98 img.kb-inline-image, .wp-block-kadence-advancedheading.kt-adv-heading2954_d57696-98[data-kb-block=\"kb-adv-heading2954_d57696-98\"] img.kb-inline-image{width:150px;vertical-align:baseline;}<\/style>\n<h2 class=\"kt-adv-heading2954_d57696-98 wp-block-kadence-advancedheading\" data-kb-block=\"kb-adv-heading2954_d57696-98\">7 septembre &#8211; 7 novembre 2019<\/h2>\n\n\n\n<p class=\"has-text-align-left\"><\/p>\n<\/div><\/div>\n\n\n<style>.kadence-column2954_b893d3-b7 > .kt-inside-inner-col,.kadence-column2954_b893d3-b7 > .kt-inside-inner-col:before{border-top-left-radius:0px;border-top-right-radius:0px;border-bottom-right-radius:0px;border-bottom-left-radius:0px;}.kadence-column2954_b893d3-b7 > .kt-inside-inner-col{column-gap:var(--global-kb-gap-sm, 1rem);}.kadence-column2954_b893d3-b7 > .kt-inside-inner-col{flex-direction:column;}.kadence-column2954_b893d3-b7 > .kt-inside-inner-col > .aligncenter{width:100%;}.kadence-column2954_b893d3-b7 > .kt-inside-inner-col:before{opacity:0.3;}.kadence-column2954_b893d3-b7{position:relative;}@media all and (max-width: 1024px){.kadence-column2954_b893d3-b7 > .kt-inside-inner-col{flex-direction:column;justify-content:center;}}@media all and (max-width: 767px){.kadence-column2954_b893d3-b7 > .kt-inside-inner-col{flex-direction:column;justify-content:center;}}<\/style>\n<div class=\"wp-block-kadence-column kadence-column2954_b893d3-b7\"><div class=\"kt-inside-inner-col\"><\/div><\/div>\n\n<\/div><\/div>\n\n<style>.kb-row-layout-id2954_3d084a-ae > .kt-row-column-wrap{align-content:start;}:where(.kb-row-layout-id2954_3d084a-ae > .kt-row-column-wrap) > .wp-block-kadence-column{justify-content:start;}.kb-row-layout-id2954_3d084a-ae > .kt-row-column-wrap{column-gap:var(--global-kb-gap-md, 2rem);row-gap:var(--global-kb-gap-md, 2rem);padding-top:var(--global-kb-spacing-xs, 1rem);padding-right:var(--global-kb-spacing-xs, 1rem);padding-bottom:var(--global-kb-spacing-xs, 1rem);padding-left:var(--global-kb-spacing-xs, 1rem);grid-template-columns:minmax(0, 1fr);}.kb-row-layout-id2954_3d084a-ae > .kt-row-layout-overlay{opacity:0.30;}@media all and (max-width: 1024px){.kb-row-layout-id2954_3d084a-ae > .kt-row-column-wrap{grid-template-columns:minmax(0, 1fr);}}@media all and (max-width: 767px){.kb-row-layout-id2954_3d084a-ae > .kt-row-column-wrap{grid-template-columns:minmax(0, 1fr);}}<\/style><div class=\"kb-row-layout-wrap kb-row-layout-id2954_3d084a-ae alignwide wp-block-kadence-rowlayout\"><div class=\"kt-row-column-wrap kt-has-1-columns kt-row-layout-equal kt-tab-layout-inherit kt-mobile-layout-row kt-row-valign-top\">\n<style>.kadence-column2954_769983-6e > .kt-inside-inner-col,.kadence-column2954_769983-6e > .kt-inside-inner-col:before{border-top-left-radius:0px;border-top-right-radius:0px;border-bottom-right-radius:0px;border-bottom-left-radius:0px;}.kadence-column2954_769983-6e > .kt-inside-inner-col{column-gap:var(--global-kb-gap-sm, 1rem);}.kadence-column2954_769983-6e > .kt-inside-inner-col{flex-direction:column;}.kadence-column2954_769983-6e > .kt-inside-inner-col > .aligncenter{width:100%;}.kadence-column2954_769983-6e > .kt-inside-inner-col:before{opacity:0.3;}.kadence-column2954_769983-6e{position:relative;}@media all and (max-width: 1024px){.kadence-column2954_769983-6e > .kt-inside-inner-col{flex-direction:column;justify-content:center;}}@media all and (max-width: 767px){.kadence-column2954_769983-6e > .kt-inside-inner-col{flex-direction:column;justify-content:center;}}<\/style>\n<div class=\"wp-block-kadence-column kadence-column2954_769983-6e\"><div class=\"kt-inside-inner-col\"><style>.wp-block-kadence-advancedgallery .kb-gallery-type-grid.kb-gallery-id-2954_f050af-5e{margin:-5px;}.kb-gallery-type-grid.kb-gallery-id-2954_f050af-5e .kadence-blocks-gallery-item{padding:5px;}.kb-gallery-id-2954_f050af-5e .kadence-blocks-gallery-item .kb-gal-image-radius, .kb-gallery-id-2954_f050af-5e .kb-slide-item .kb-gal-image-radius img{border-radius:0px 0px 0px 0px;;}.kb-gallery-caption-style-bottom.kb-gallery-id-2954_f050af-5e .kadence-blocks-gallery-item .kadence-blocks-gallery-item-inner .kadence-blocks-gallery-item__caption, .kb-gallery-caption-style-bottom-hover.kb-gallery-id-2954_f050af-5e .kadence-blocks-gallery-item .kadence-blocks-gallery-item-inner .kadence-blocks-gallery-item__caption{background:linear-gradient(0deg, rgba(0, 0, 0, 0.8) 0, rgba(0, 0, 0, 0) 100%);}<\/style><div class=\"kb-gallery-wrap-id-2954_f050af-5e alignnone wp-block-kadence-advancedgallery\"><ul class=\"kb-gallery-ul kb-gallery-non-static kb-gallery-type-grid kb-gallery-id-2954_f050af-5e kb-gallery-caption-style-bottom-hover kb-gallery-filter-none\" data-image-filter=\"none\" data-item-selector=\".kadence-blocks-gallery-item\" data-lightbox-caption=\"true\" data-columns-xxl=\"1\" data-columns-xl=\"1\" data-columns-md=\"1\" data-columns-sm=\"1\" data-columns-xs=\"1\" data-columns-ss=\"1\"><li class=\"kadence-blocks-gallery-item\" tabindex=\"0\"><div class=\"kadence-blocks-gallery-item-inner\"><figure class=\"kb-gallery-figure kadence-blocks-gallery-item-has-caption\"><div class=\"kb-gal-image-radius\"><div class=\"kb-gallery-image-contain kadence-blocks-gallery-intrinsic kb-gallery-image-ratio-land21 kb-has-image-ratio-land21\" ><img loading=\"lazy\" decoding=\"async\" src=\"https:\/\/galerie-ancienne-poste.com\/wp-content\/uploads\/2025\/07\/nadia-pasquer-7-1024x683.jpg\" width=\"1024\" height=\"683\" alt=\"Exposition Nadia Pasquer - galerie Nadia Pasquer - vente Nadia Pasquer\" data-full-image=\"https:\/\/galerie-ancienne-poste.com\/wp-content\/uploads\/2025\/07\/nadia-pasquer-7.jpg\" data-light-image=\"https:\/\/galerie-ancienne-poste.com\/wp-content\/uploads\/2025\/07\/nadia-pasquer-7.jpg\" data-id=\"929\" class=\"wp-image-929\" srcset=\"https:\/\/galerie-ancienne-poste.com\/wp-content\/uploads\/2025\/07\/nadia-pasquer-7-1024x683.jpg 1024w, https:\/\/galerie-ancienne-poste.com\/wp-content\/uploads\/2025\/07\/nadia-pasquer-7-300x200.jpg 300w, https:\/\/galerie-ancienne-poste.com\/wp-content\/uploads\/2025\/07\/nadia-pasquer-7-768x512.jpg 768w, https:\/\/galerie-ancienne-poste.com\/wp-content\/uploads\/2025\/07\/nadia-pasquer-7-1536x1024.jpg 1536w, https:\/\/galerie-ancienne-poste.com\/wp-content\/uploads\/2025\/07\/nadia-pasquer-7-2048x1365.jpg 2048w, https:\/\/galerie-ancienne-poste.com\/wp-content\/uploads\/2025\/07\/nadia-pasquer-7-18x12.jpg 18w\" sizes=\"auto, (max-width: 1024px) 100vw, 1024px\" \/><\/div><div class=\"kadence-blocks-gallery-item__caption\">Nadia Pasquer &#8211; Bi-c\u00f4ne bleu, sph\u00e8re blanche 2019<\/div><\/div><\/figure><\/div><\/li><\/ul><\/div><\/div><\/div>\n\n<\/div><\/div>\n\n<style>.kb-row-layout-id2954_fe60fa-79 > .kt-row-column-wrap{align-content:start;}:where(.kb-row-layout-id2954_fe60fa-79 > .kt-row-column-wrap) > .wp-block-kadence-column{justify-content:start;}.kb-row-layout-id2954_fe60fa-79 > .kt-row-column-wrap{column-gap:var(--global-kb-gap-md, 2rem);row-gap:var(--global-kb-gap-md, 2rem);max-width:var( --global-content-width, 1250px );padding-left:var(--global-content-edge-padding);padding-right:var(--global-content-edge-padding);padding-top:var(--global-kb-spacing-xxs, 0.5rem);padding-bottom:var(--global-kb-spacing-sm, 1.5rem);grid-template-columns:minmax(0, 1fr);}.kb-row-layout-id2954_fe60fa-79 > .kt-row-layout-overlay{opacity:0.30;}@media all and (max-width: 1024px){.kb-row-layout-id2954_fe60fa-79 > .kt-row-column-wrap{grid-template-columns:minmax(0, 1fr);}}@media all and (max-width: 767px){.kb-row-layout-id2954_fe60fa-79 > .kt-row-column-wrap{grid-template-columns:minmax(0, 1fr);}}<\/style><div class=\"kb-row-layout-wrap kb-row-layout-id2954_fe60fa-79 alignnone wp-block-kadence-rowlayout\"><div class=\"kt-row-column-wrap kt-has-1-columns kt-row-layout-equal kt-tab-layout-inherit kt-mobile-layout-row kt-row-valign-top kb-theme-content-width\">\n<style>.kadence-column2954_6d6356-7e > .kt-inside-inner-col,.kadence-column2954_6d6356-7e > .kt-inside-inner-col:before{border-top-left-radius:0px;border-top-right-radius:0px;border-bottom-right-radius:0px;border-bottom-left-radius:0px;}.kadence-column2954_6d6356-7e > .kt-inside-inner-col{column-gap:var(--global-kb-gap-sm, 1rem);}.kadence-column2954_6d6356-7e > .kt-inside-inner-col{flex-direction:column;}.kadence-column2954_6d6356-7e > .kt-inside-inner-col > .aligncenter{width:100%;}.kadence-column2954_6d6356-7e > .kt-inside-inner-col:before{opacity:0.3;}.kadence-column2954_6d6356-7e{position:relative;}@media all and (max-width: 1024px){.kadence-column2954_6d6356-7e > .kt-inside-inner-col{flex-direction:column;justify-content:center;}}@media all and (max-width: 767px){.kadence-column2954_6d6356-7e > .kt-inside-inner-col{padding-right:var(--global-kb-spacing-xs, 1rem);padding-left:var(--global-kb-spacing-xs, 1rem);flex-direction:column;justify-content:center;}}<\/style>\n<div class=\"wp-block-kadence-column kadence-column2954_6d6356-7e\"><div class=\"kt-inside-inner-col\">\n<p>Pour sa nouvelle exposition \u00e0 la Galerie de l\u2019Ancienne Poste la c\u00e9l\u00e8bre c\u00e9ramiste fran\u00e7aise <a href=\"https:\/\/galerie-ancienne-poste.com\/artiste\/nadia-pasquer\/\" data-type=\"artiste\" data-id=\"3359\">Nadia Pasquer<\/a> r\u00e9interroge la th\u00e9matique qui lui est ch\u00e8re des corps c\u00e9lestes et des constellations. Les volumes choisis et leur d\u00e9clinaison sont ici associ\u00e9s pour former des duos ou trios. La diff\u00e9rence de taille entre ces volumes et leur rapprochement cr\u00e9ent une notion d\u2019espace et un dialogue&nbsp;: la sph\u00e8re, toujours, qui contient en elle tous les volumes possibles sugg\u00e8re le mouvement et la recherche d\u2019un point d\u2019\u00e9quilibre&nbsp;; le cube, pour sa stabilit\u00e9, m\u00eame s\u2019il prend parfois un \u00ab air pench\u00e9 \u00bb&nbsp;; le c\u00f4ne, dont la dynamique indique une direction et dont le point d\u2019\u00e9quilibre infime le rend l\u00e9ger&nbsp;; le bi c\u00f4ne avec ses deux pointes comme les aiguilles d\u2019une boussole. Deux c\u00f4nes associ\u00e9s par leur pointe sont comme des aimants.<br>Les cylindres grav\u00e9s et perfor\u00e9s s\u2019apparentent \u00ab aux objets de vis\u00e9e \u00bb. Et quelques poly\u00e8dres&#8230; En effet, quelques \u0153uvres individuelles sont \u00e9galement pr\u00e9sentes dans l\u2019exposition.<br>Chacun peut interpr\u00e9ter ces objets pour se les approprier et faire appara\u00eetre une interaction entre leur contenu g\u00e9om\u00e9trique, leur possibilit\u00e9 po\u00e9tique, et leur attirance tactile. <br>Pour fabriquer ces volumes, l\u2019artiste privil\u00e9gie une \u00e9conomie de moyens. Les volumes clos sont model\u00e9s autour d\u2019un vide. Leur surface est tendue, finement liss\u00e9e et surtout polie minutieusement pour obtenir apr\u00e8s la cuisson d\u2019enfumage un noir int\u00e9gral o\u00f9 se r\u00e9v\u00e8lent les gravures et les perforations que sont les images invers\u00e9es du ciel. Les volumes blancs sont engob\u00e9s de porcelaine, tandis que les volumes bleus sont engob\u00e9s de terre bleue. Le noir de la nuit, le blanc lunaire, et le bleu du ciel comme une ponctuation. Expos\u00e9e sur les grandes places de l\u2019art contemporain que sont en particulier New York, Miami et B\u00e2le, l\u2019\u0153uvre de Nadia Pasquer b\u00e9n\u00e9ficie aujourd\u2019hui d\u2019une reconnaissance internationale.<\/p>\n\n\n\n<p><a href=\"https:\/\/galerie-ancienne-poste.com\/produit\/catalogue-nadia-pasquer\/\" data-type=\"product\" data-id=\"2564\">Catalogue de l&rsquo;exposition<\/a><br>Nadia Pasquer dans <a href=\"https:\/\/galerie-ancienne-poste.com\/presse\/beaux-arts-septembre-2019\/\" data-type=\"post\" data-id=\"4626\">Beaux Arts<\/a> <br>Nadia Pasquer dans la <a href=\"https:\/\/galerie-ancienne-poste.com\/presse\/revue-de-la-ceramique-et-du-verre-septembre-2016\/\" data-type=\"post\" data-id=\"3602\">Revue de la c\u00e9ramique et du verre<\/a><\/p>\n<\/div><\/div>\n\n<\/div><\/div>\n\n<style>.kb-row-layout-id2954_429009-77 > .kt-row-column-wrap{align-content:start;}:where(.kb-row-layout-id2954_429009-77 > .kt-row-column-wrap) > .wp-block-kadence-column{justify-content:start;}.kb-row-layout-id2954_429009-77 > .kt-row-column-wrap{column-gap:var(--global-kb-gap-md, 2rem);row-gap:var(--global-kb-gap-md, 2rem);padding-top:var(--global-kb-spacing-xs, 1rem);padding-right:var(--global-kb-spacing-xs, 1rem);padding-bottom:var(--global-kb-spacing-xs, 1rem);padding-left:var(--global-kb-spacing-xs, 1rem);grid-template-columns:minmax(0, 1fr);}.kb-row-layout-id2954_429009-77 > .kt-row-layout-overlay{opacity:0.30;}@media all and (max-width: 1024px){.kb-row-layout-id2954_429009-77 > .kt-row-column-wrap{grid-template-columns:minmax(0, 1fr);}}@media all and (max-width: 767px){.kb-row-layout-id2954_429009-77 > .kt-row-column-wrap{grid-template-columns:minmax(0, 1fr);}}<\/style><div class=\"kb-row-layout-wrap kb-row-layout-id2954_429009-77 alignwide wp-block-kadence-rowlayout\"><div class=\"kt-row-column-wrap kt-has-1-columns kt-row-layout-equal kt-tab-layout-inherit kt-mobile-layout-row kt-row-valign-top\">\n<style>.kadence-column2954_961725-6a > .kt-inside-inner-col,.kadence-column2954_961725-6a > .kt-inside-inner-col:before{border-top-left-radius:0px;border-top-right-radius:0px;border-bottom-right-radius:0px;border-bottom-left-radius:0px;}.kadence-column2954_961725-6a > .kt-inside-inner-col{column-gap:var(--global-kb-gap-sm, 1rem);}.kadence-column2954_961725-6a > .kt-inside-inner-col{flex-direction:column;}.kadence-column2954_961725-6a > .kt-inside-inner-col > .aligncenter{width:100%;}.kadence-column2954_961725-6a > .kt-inside-inner-col:before{opacity:0.3;}.kadence-column2954_961725-6a{position:relative;}@media all and (max-width: 1024px){.kadence-column2954_961725-6a > .kt-inside-inner-col{flex-direction:column;justify-content:center;}}@media all and (max-width: 767px){.kadence-column2954_961725-6a > .kt-inside-inner-col{flex-direction:column;justify-content:center;}}<\/style>\n<div class=\"wp-block-kadence-column kadence-column2954_961725-6a\"><div class=\"kt-inside-inner-col\"><style>.wp-block-kadence-advancedgallery .kb-gallery-type-grid.kb-gallery-id-2954_4e0474-a2{margin:-5px;}.kb-gallery-type-grid.kb-gallery-id-2954_4e0474-a2 .kadence-blocks-gallery-item{padding:5px;}.kb-gallery-id-2954_4e0474-a2 .kadence-blocks-gallery-item .kb-gal-image-radius, .kb-gallery-id-2954_4e0474-a2 .kb-slide-item .kb-gal-image-radius img{border-radius:0px 0px 0px 0px;;}.kb-gallery-caption-style-bottom.kb-gallery-id-2954_4e0474-a2 .kadence-blocks-gallery-item .kadence-blocks-gallery-item-inner .kadence-blocks-gallery-item__caption, .kb-gallery-caption-style-bottom-hover.kb-gallery-id-2954_4e0474-a2 .kadence-blocks-gallery-item .kadence-blocks-gallery-item-inner .kadence-blocks-gallery-item__caption{background:linear-gradient(0deg, rgba(0, 0, 0, 0.8) 0, rgba(0, 0, 0, 0) 100%);}<\/style><div class=\"kb-gallery-wrap-id-2954_4e0474-a2 alignnone wp-block-kadence-advancedgallery\"><ul class=\"kb-gallery-ul kb-gallery-non-static kb-gallery-type-grid kb-gallery-id-2954_4e0474-a2 kb-gallery-caption-style-bottom-hover kb-gallery-filter-none\" data-image-filter=\"none\" data-item-selector=\".kadence-blocks-gallery-item\" data-lightbox-caption=\"true\" data-columns-xxl=\"2\" data-columns-xl=\"2\" data-columns-md=\"2\" data-columns-sm=\"2\" data-columns-xs=\"1\" data-columns-ss=\"1\"><li class=\"kadence-blocks-gallery-item\"><div class=\"kadence-blocks-gallery-item-inner\"><figure class=\"kb-gallery-figure kb-gallery-item-has-link kadence-blocks-gallery-item-has-caption\"><a href=\"https:\/\/galerie-ancienne-poste.com\/wp-content\/uploads\/2025\/07\/nadia-pasquer-28.jpg\" class=\"kb-gallery-item-link\"  ><div class=\"kb-gal-image-radius\"><div class=\"kb-gallery-image-contain kadence-blocks-gallery-intrinsic kb-gallery-image-ratio-square kb-has-image-ratio-square\" ><img loading=\"lazy\" decoding=\"async\" src=\"https:\/\/galerie-ancienne-poste.com\/wp-content\/uploads\/2025\/07\/nadia-pasquer-28-1024x888.jpg\" width=\"1024\" height=\"888\" alt=\"Nadia Pasquer\" data-full-image=\"https:\/\/galerie-ancienne-poste.com\/wp-content\/uploads\/2025\/07\/nadia-pasquer-28.jpg\" data-light-image=\"https:\/\/galerie-ancienne-poste.com\/wp-content\/uploads\/2025\/07\/nadia-pasquer-28.jpg\" data-id=\"949\" class=\"wp-image-949\" srcset=\"https:\/\/galerie-ancienne-poste.com\/wp-content\/uploads\/2025\/07\/nadia-pasquer-28-1024x888.jpg 1024w, https:\/\/galerie-ancienne-poste.com\/wp-content\/uploads\/2025\/07\/nadia-pasquer-28-300x260.jpg 300w, https:\/\/galerie-ancienne-poste.com\/wp-content\/uploads\/2025\/07\/nadia-pasquer-28-768x666.jpg 768w, https:\/\/galerie-ancienne-poste.com\/wp-content\/uploads\/2025\/07\/nadia-pasquer-28-1536x1332.jpg 1536w, https:\/\/galerie-ancienne-poste.com\/wp-content\/uploads\/2025\/07\/nadia-pasquer-28-14x12.jpg 14w, https:\/\/galerie-ancienne-poste.com\/wp-content\/uploads\/2025\/07\/nadia-pasquer-28.jpg 1730w\" sizes=\"auto, (max-width: 1024px) 100vw, 1024px\" \/><\/div><div class=\"kadence-blocks-gallery-item__caption\">Nadia Pasquer &#8211; Poly\u00e8dre, 2019, <\/div><\/div><\/a><\/figure><\/div><\/li><li class=\"kadence-blocks-gallery-item\"><div class=\"kadence-blocks-gallery-item-inner\"><figure class=\"kb-gallery-figure kb-gallery-item-has-link kadence-blocks-gallery-item-has-caption\"><a href=\"https:\/\/galerie-ancienne-poste.com\/wp-content\/uploads\/2025\/07\/nadia-pasquer-27.jpg\" class=\"kb-gallery-item-link\"  ><div class=\"kb-gal-image-radius\"><div class=\"kb-gallery-image-contain kadence-blocks-gallery-intrinsic kb-gallery-image-ratio-square kb-has-image-ratio-square\" ><img loading=\"lazy\" decoding=\"async\" src=\"https:\/\/galerie-ancienne-poste.com\/wp-content\/uploads\/2025\/07\/nadia-pasquer-27-1024x942.jpg\" width=\"1024\" height=\"942\" alt=\"Nadia Pasquer - expo Nadia Pasquer - c\u00e9ramique Nadia Pasquer - terre enfum\u00e9e Nadia Pasquer\" data-full-image=\"https:\/\/galerie-ancienne-poste.com\/wp-content\/uploads\/2025\/07\/nadia-pasquer-27.jpg\" data-light-image=\"https:\/\/galerie-ancienne-poste.com\/wp-content\/uploads\/2025\/07\/nadia-pasquer-27.jpg\" data-id=\"948\" class=\"wp-image-948\" srcset=\"https:\/\/galerie-ancienne-poste.com\/wp-content\/uploads\/2025\/07\/nadia-pasquer-27-1024x942.jpg 1024w, https:\/\/galerie-ancienne-poste.com\/wp-content\/uploads\/2025\/07\/nadia-pasquer-27-300x276.jpg 300w, https:\/\/galerie-ancienne-poste.com\/wp-content\/uploads\/2025\/07\/nadia-pasquer-27-768x707.jpg 768w, https:\/\/galerie-ancienne-poste.com\/wp-content\/uploads\/2025\/07\/nadia-pasquer-27-1536x1413.jpg 1536w, https:\/\/galerie-ancienne-poste.com\/wp-content\/uploads\/2025\/07\/nadia-pasquer-27-13x12.jpg 13w, https:\/\/galerie-ancienne-poste.com\/wp-content\/uploads\/2025\/07\/nadia-pasquer-27.jpg 1630w\" sizes=\"auto, (max-width: 1024px) 100vw, 1024px\" \/><\/div><div class=\"kadence-blocks-gallery-item__caption\">Nadia Pasquer &#8211;  Poly\u00e8dre, 2019<\/div><\/div><\/a><\/figure><\/div><\/li><\/ul><\/div><\/div><\/div>\n\n<\/div><\/div>\n\n<style>.kb-row-layout-id2954_c813c6-ee > .kt-row-column-wrap{align-content:start;}:where(.kb-row-layout-id2954_c813c6-ee > .kt-row-column-wrap) > .wp-block-kadence-column{justify-content:start;}.kb-row-layout-id2954_c813c6-ee > .kt-row-column-wrap{column-gap:var(--global-kb-gap-md, 2rem);row-gap:var(--global-kb-gap-md, 2rem);max-width:var( --global-content-width, 1250px );padding-left:var(--global-content-edge-padding);padding-right:var(--global-content-edge-padding);padding-top:var(--global-kb-spacing-xxs, 0.5rem);padding-bottom:var(--global-kb-spacing-sm, 1.5rem);grid-template-columns:minmax(0, 1fr);}.kb-row-layout-id2954_c813c6-ee > .kt-row-layout-overlay{opacity:0.30;}@media all and (max-width: 1024px){.kb-row-layout-id2954_c813c6-ee > .kt-row-column-wrap{grid-template-columns:minmax(0, 1fr);}}@media all and (max-width: 767px){.kb-row-layout-id2954_c813c6-ee > .kt-row-column-wrap{grid-template-columns:minmax(0, 1fr);}}<\/style><div class=\"kb-row-layout-wrap kb-row-layout-id2954_c813c6-ee alignnone wp-block-kadence-rowlayout\"><div class=\"kt-row-column-wrap kt-has-1-columns kt-row-layout-equal kt-tab-layout-inherit kt-mobile-layout-row kt-row-valign-top kb-theme-content-width\">\n<style>.kadence-column2954_944fb8-76 > .kt-inside-inner-col,.kadence-column2954_944fb8-76 > .kt-inside-inner-col:before{border-top-left-radius:0px;border-top-right-radius:0px;border-bottom-right-radius:0px;border-bottom-left-radius:0px;}.kadence-column2954_944fb8-76 > .kt-inside-inner-col{column-gap:var(--global-kb-gap-sm, 1rem);}.kadence-column2954_944fb8-76 > .kt-inside-inner-col{flex-direction:column;}.kadence-column2954_944fb8-76 > .kt-inside-inner-col > .aligncenter{width:100%;}.kadence-column2954_944fb8-76 > .kt-inside-inner-col:before{opacity:0.3;}.kadence-column2954_944fb8-76{position:relative;}@media all and (max-width: 1024px){.kadence-column2954_944fb8-76 > .kt-inside-inner-col{flex-direction:column;justify-content:center;}}@media all and (max-width: 767px){.kadence-column2954_944fb8-76 > .kt-inside-inner-col{padding-right:var(--global-kb-spacing-xs, 1rem);padding-left:var(--global-kb-spacing-xs, 1rem);flex-direction:column;justify-content:center;}}<\/style>\n<div class=\"wp-block-kadence-column kadence-column2954_944fb8-76\"><div class=\"kt-inside-inner-col\">\n<p><em>\u00ab G\u00e9om\u00e9trie c\u00e9leste \u00bb, \u00ab Poly\u00e8dres \u00e9toil\u00e9s \u00bb, \u00ab Orbites \u00bb\u2026 Les titres choisis par <a href=\"https:\/\/galerie-ancienne-poste.com\/artiste\/nadia-pasquer\/\" data-type=\"artiste\" data-id=\"3359\">Nadia Pasquer<\/a> pour ses expositions donnent imm\u00e9diatement l\u2019id\u00e9e d\u2019un ailleurs, d\u2019un voyage dans une autre dimension. Celle, infinie, des constellations. Ses cr\u00e9ations composent une galaxie imaginaire, o\u00f9 la rigueur des lignes se dissout dans une po\u00e9sie de la mati\u00e8re, douce et sensuelle. \u00ab La sculpture est ce langage primordial du toucher par lequel nous prenons conscience de notre corps en son \u00e9lan vital et des liens qui l\u2019unissent aux racines et aux astres \u00bb, \u00e9crivait Gaston Bachelard &#8211; l\u2019auteur f\u00e9tiche de l\u2019artiste -, dans son ouvrage La Terre et les r\u00eaveries de la volont\u00e9, en 1948. [\u2026]<br>Consciemment ou non, l\u2019univers de Nadia Pasquer est nourri de r\u00e9f\u00e9rences multiples. Face \u00e0 ses oeuvres, des images nous viennent en m\u00e9moire, comme le poly\u00e8dre de la Melancolia d\u2019Albrecht D\u00fcrer &#8211; une gravure en taille-douce datant de 1514 &#8211; ou l\u2019oeuf en bronze poli du Commencement du monde de Constantin Brancusi, sculpt\u00e9 en 1920. Par son silence et sa po\u00e9sie, l\u2019univers de la c\u00e9ramiste \u00e9voque \u00e9galement le monde \u00e9nigmatique et m\u00e9taphysique du peintre Giorgio de Chirico. Ce qui les rapproche ? Le fait que l\u2019on ne sache finalement rien de ce que l\u2019on voit. Pourquoi et comment les objets sont-ils arriv\u00e9s l\u00e0 ? D\u2019o\u00f9 viennent-ils ? Et qu\u2019est-ce qui les r\u00e9unit ici et maintenant ? \u00c0 priori, rien. Si ce n\u2019est l\u2019essentiel, la beaut\u00e9 du myst\u00e8re, et la magie de l\u2019ar<\/em>t.<br>Guillaume Morel<br>Journaliste et critique d\u2019art,<br>Extrait du <a href=\"https:\/\/galerie-ancienne-poste.com\/produit\/catalogue-nadia-pasquer\/\" data-type=\"product\" data-id=\"2564\">catalogue de l\u2019exposition<\/a>, juillet 2019.<\/p>\n<\/div><\/div>\n\n<\/div><\/div>\n\n<style>.kb-row-layout-id2954_0f224b-2e > .kt-row-column-wrap{align-content:start;}:where(.kb-row-layout-id2954_0f224b-2e > .kt-row-column-wrap) > .wp-block-kadence-column{justify-content:start;}.kb-row-layout-id2954_0f224b-2e > .kt-row-column-wrap{column-gap:var(--global-kb-gap-md, 2rem);row-gap:var(--global-kb-gap-md, 2rem);padding-top:var(--global-kb-spacing-xs, 1rem);padding-right:var(--global-kb-spacing-xs, 1rem);padding-bottom:var(--global-kb-spacing-xs, 1rem);padding-left:var(--global-kb-spacing-xs, 1rem);grid-template-columns:minmax(0, 1fr);}.kb-row-layout-id2954_0f224b-2e > .kt-row-layout-overlay{opacity:0.30;}@media all and (max-width: 1024px){.kb-row-layout-id2954_0f224b-2e > .kt-row-column-wrap{grid-template-columns:minmax(0, 1fr);}}@media all and (max-width: 767px){.kb-row-layout-id2954_0f224b-2e > .kt-row-column-wrap{grid-template-columns:minmax(0, 1fr);}}<\/style><div class=\"kb-row-layout-wrap kb-row-layout-id2954_0f224b-2e alignwide wp-block-kadence-rowlayout\"><div class=\"kt-row-column-wrap kt-has-1-columns kt-row-layout-equal kt-tab-layout-inherit kt-mobile-layout-row kt-row-valign-top\">\n<style>.kadence-column2954_f4de5f-83 > .kt-inside-inner-col,.kadence-column2954_f4de5f-83 > .kt-inside-inner-col:before{border-top-left-radius:0px;border-top-right-radius:0px;border-bottom-right-radius:0px;border-bottom-left-radius:0px;}.kadence-column2954_f4de5f-83 > .kt-inside-inner-col{column-gap:var(--global-kb-gap-sm, 1rem);}.kadence-column2954_f4de5f-83 > .kt-inside-inner-col{flex-direction:column;}.kadence-column2954_f4de5f-83 > .kt-inside-inner-col > .aligncenter{width:100%;}.kadence-column2954_f4de5f-83 > .kt-inside-inner-col:before{opacity:0.3;}.kadence-column2954_f4de5f-83{position:relative;}@media all and (max-width: 1024px){.kadence-column2954_f4de5f-83 > .kt-inside-inner-col{flex-direction:column;justify-content:center;}}@media all and (max-width: 767px){.kadence-column2954_f4de5f-83 > .kt-inside-inner-col{flex-direction:column;justify-content:center;}}<\/style>\n<div class=\"wp-block-kadence-column kadence-column2954_f4de5f-83\"><div class=\"kt-inside-inner-col\"><style>.wp-block-kadence-advancedgallery .kb-gallery-type-grid.kb-gallery-id-2954_694c2b-92{margin:-5px;}.kb-gallery-type-grid.kb-gallery-id-2954_694c2b-92 .kadence-blocks-gallery-item{padding:5px;}.kb-gallery-id-2954_694c2b-92 .kadence-blocks-gallery-item .kb-gal-image-radius, .kb-gallery-id-2954_694c2b-92 .kb-slide-item .kb-gal-image-radius img{border-radius:0px 0px 0px 0px;;}.kb-gallery-caption-style-bottom.kb-gallery-id-2954_694c2b-92 .kadence-blocks-gallery-item .kadence-blocks-gallery-item-inner .kadence-blocks-gallery-item__caption, .kb-gallery-caption-style-bottom-hover.kb-gallery-id-2954_694c2b-92 .kadence-blocks-gallery-item .kadence-blocks-gallery-item-inner .kadence-blocks-gallery-item__caption{background:linear-gradient(0deg, rgba(0, 0, 0, 0.8) 0, rgba(0, 0, 0, 0) 100%);}<\/style><div class=\"kb-gallery-wrap-id-2954_694c2b-92 alignnone wp-block-kadence-advancedgallery\"><ul class=\"kb-gallery-ul kb-gallery-non-static kb-gallery-type-grid kb-gallery-id-2954_694c2b-92 kb-gallery-caption-style-bottom-hover kb-gallery-filter-none\" data-image-filter=\"none\" data-item-selector=\".kadence-blocks-gallery-item\" data-lightbox-caption=\"true\" data-columns-xxl=\"4\" data-columns-xl=\"4\" data-columns-md=\"4\" data-columns-sm=\"3\" data-columns-xs=\"2\" data-columns-ss=\"2\"><li class=\"kadence-blocks-gallery-item\" tabindex=\"0\"><div class=\"kadence-blocks-gallery-item-inner\"><figure class=\"kb-gallery-figure kadence-blocks-gallery-item-has-caption\"><div class=\"kb-gal-image-radius\"><div class=\"kb-gallery-image-contain kadence-blocks-gallery-intrinsic kb-gallery-image-ratio-square kb-has-image-ratio-square\" ><img loading=\"lazy\" decoding=\"async\" src=\"https:\/\/galerie-ancienne-poste.com\/wp-content\/uploads\/2025\/07\/nadia-pasquer-26-1024x935.jpg\" width=\"1024\" height=\"935\" alt=\"Nadia Pasquer - sculpture Nadia Pasquer - c\u00e9ramique contemporaine fran\u00e7aise - galerie de c\u00e9ramique en France\" data-full-image=\"https:\/\/galerie-ancienne-poste.com\/wp-content\/uploads\/2025\/07\/nadia-pasquer-26.jpg\" data-light-image=\"https:\/\/galerie-ancienne-poste.com\/wp-content\/uploads\/2025\/07\/nadia-pasquer-26.jpg\" data-id=\"947\" class=\"wp-image-947\" srcset=\"https:\/\/galerie-ancienne-poste.com\/wp-content\/uploads\/2025\/07\/nadia-pasquer-26-1024x935.jpg 1024w, https:\/\/galerie-ancienne-poste.com\/wp-content\/uploads\/2025\/07\/nadia-pasquer-26-300x274.jpg 300w, https:\/\/galerie-ancienne-poste.com\/wp-content\/uploads\/2025\/07\/nadia-pasquer-26-768x701.jpg 768w, https:\/\/galerie-ancienne-poste.com\/wp-content\/uploads\/2025\/07\/nadia-pasquer-26-1536x1402.jpg 1536w, https:\/\/galerie-ancienne-poste.com\/wp-content\/uploads\/2025\/07\/nadia-pasquer-26-13x12.jpg 13w, https:\/\/galerie-ancienne-poste.com\/wp-content\/uploads\/2025\/07\/nadia-pasquer-26.jpg 1643w\" sizes=\"auto, (max-width: 1024px) 100vw, 1024px\" \/><\/div><div class=\"kadence-blocks-gallery-item__caption\">Nadia Pasquer -Poly\u00e8dre, T\u00e9tra\u00e8dre, 2019 N\u00b023<\/div><\/div><\/figure><\/div><\/li><li class=\"kadence-blocks-gallery-item\" tabindex=\"0\"><div class=\"kadence-blocks-gallery-item-inner\"><figure class=\"kb-gallery-figure kadence-blocks-gallery-item-has-caption\"><div class=\"kb-gal-image-radius\"><div class=\"kb-gallery-image-contain kadence-blocks-gallery-intrinsic kb-gallery-image-ratio-square kb-has-image-ratio-square\" ><img loading=\"lazy\" decoding=\"async\" src=\"https:\/\/galerie-ancienne-poste.com\/wp-content\/uploads\/2025\/07\/nadia-pasquer-24-1024x931.jpg\" width=\"1024\" height=\"931\" alt=\"Nadia Pasquer - sculpture c\u00e9ramique - terre polie Nadia Pasquer - expo Nadia Pasquer -c\u00e9ramique de collection\" data-full-image=\"https:\/\/galerie-ancienne-poste.com\/wp-content\/uploads\/2025\/07\/nadia-pasquer-24.jpg\" data-light-image=\"https:\/\/galerie-ancienne-poste.com\/wp-content\/uploads\/2025\/07\/nadia-pasquer-24.jpg\" data-id=\"946\" class=\"wp-image-946\" srcset=\"https:\/\/galerie-ancienne-poste.com\/wp-content\/uploads\/2025\/07\/nadia-pasquer-24-1024x931.jpg 1024w, https:\/\/galerie-ancienne-poste.com\/wp-content\/uploads\/2025\/07\/nadia-pasquer-24-300x273.jpg 300w, https:\/\/galerie-ancienne-poste.com\/wp-content\/uploads\/2025\/07\/nadia-pasquer-24-768x698.jpg 768w, https:\/\/galerie-ancienne-poste.com\/wp-content\/uploads\/2025\/07\/nadia-pasquer-24-1536x1396.jpg 1536w, https:\/\/galerie-ancienne-poste.com\/wp-content\/uploads\/2025\/07\/nadia-pasquer-24-13x12.jpg 13w, https:\/\/galerie-ancienne-poste.com\/wp-content\/uploads\/2025\/07\/nadia-pasquer-24.jpg 1650w\" sizes=\"auto, (max-width: 1024px) 100vw, 1024px\" \/><\/div><div class=\"kadence-blocks-gallery-item__caption\">Nadia Pasquer &#8211; Pyramide blanche, cune noir, sp\u00e8re bleue. 2019<\/div><\/div><\/figure><\/div><\/li><li class=\"kadence-blocks-gallery-item\" tabindex=\"0\"><div class=\"kadence-blocks-gallery-item-inner\"><figure class=\"kb-gallery-figure kadence-blocks-gallery-item-has-caption\"><div class=\"kb-gal-image-radius\"><div class=\"kb-gallery-image-contain kadence-blocks-gallery-intrinsic kb-gallery-image-ratio-square kb-has-image-ratio-square\" ><img loading=\"lazy\" decoding=\"async\" src=\"https:\/\/galerie-ancienne-poste.com\/wp-content\/uploads\/2025\/07\/nadia-pasquer-23-1024x825.jpg\" width=\"1024\" height=\"825\" alt=\"Nadia Pasquer - c\u00e9ramique de Nadia Pasquer - c\u00e9ramique fran\u00e7aise - c\u00e9ramique contemporaine - galerie de c\u00e9ramique\" data-full-image=\"https:\/\/galerie-ancienne-poste.com\/wp-content\/uploads\/2025\/07\/nadia-pasquer-23.jpg\" data-light-image=\"https:\/\/galerie-ancienne-poste.com\/wp-content\/uploads\/2025\/07\/nadia-pasquer-23.jpg\" data-id=\"945\" class=\"wp-image-945\" srcset=\"https:\/\/galerie-ancienne-poste.com\/wp-content\/uploads\/2025\/07\/nadia-pasquer-23-1024x825.jpg 1024w, https:\/\/galerie-ancienne-poste.com\/wp-content\/uploads\/2025\/07\/nadia-pasquer-23-300x242.jpg 300w, https:\/\/galerie-ancienne-poste.com\/wp-content\/uploads\/2025\/07\/nadia-pasquer-23-768x619.jpg 768w, https:\/\/galerie-ancienne-poste.com\/wp-content\/uploads\/2025\/07\/nadia-pasquer-23-1536x1237.jpg 1536w, https:\/\/galerie-ancienne-poste.com\/wp-content\/uploads\/2025\/07\/nadia-pasquer-23-15x12.jpg 15w, https:\/\/galerie-ancienne-poste.com\/wp-content\/uploads\/2025\/07\/nadia-pasquer-23.jpg 1862w\" sizes=\"auto, (max-width: 1024px) 100vw, 1024px\" \/><\/div><div class=\"kadence-blocks-gallery-item__caption\">Nadia Pasquer &#8211; Portion de c\u00f4ne noir, 2019<\/div><\/div><\/figure><\/div><\/li><li class=\"kadence-blocks-gallery-item\" tabindex=\"0\"><div class=\"kadence-blocks-gallery-item-inner\"><figure class=\"kb-gallery-figure kadence-blocks-gallery-item-has-caption\"><div class=\"kb-gal-image-radius\"><div class=\"kb-gallery-image-contain kadence-blocks-gallery-intrinsic kb-gallery-image-ratio-square kb-has-image-ratio-square\" ><img loading=\"lazy\" decoding=\"async\" src=\"https:\/\/galerie-ancienne-poste.com\/wp-content\/uploads\/2025\/07\/nadia-pasquer-21-1024x782.jpg\" width=\"1024\" height=\"782\" alt=\"Nadia Pasquer - sculpture c\u00e9ramique - c\u00e9ramique contemporaine - galerie de c\u00e9ramique en France\" data-full-image=\"https:\/\/galerie-ancienne-poste.com\/wp-content\/uploads\/2025\/07\/nadia-pasquer-21.jpg\" data-light-image=\"https:\/\/galerie-ancienne-poste.com\/wp-content\/uploads\/2025\/07\/nadia-pasquer-21.jpg\" data-id=\"943\" class=\"wp-image-943\" srcset=\"https:\/\/galerie-ancienne-poste.com\/wp-content\/uploads\/2025\/07\/nadia-pasquer-21-1024x782.jpg 1024w, https:\/\/galerie-ancienne-poste.com\/wp-content\/uploads\/2025\/07\/nadia-pasquer-21-300x229.jpg 300w, https:\/\/galerie-ancienne-poste.com\/wp-content\/uploads\/2025\/07\/nadia-pasquer-21-768x587.jpg 768w, https:\/\/galerie-ancienne-poste.com\/wp-content\/uploads\/2025\/07\/nadia-pasquer-21-1536x1173.jpg 1536w, https:\/\/galerie-ancienne-poste.com\/wp-content\/uploads\/2025\/07\/nadia-pasquer-21-16x12.jpg 16w, https:\/\/galerie-ancienne-poste.com\/wp-content\/uploads\/2025\/07\/nadia-pasquer-21.jpg 1964w\" sizes=\"auto, (max-width: 1024px) 100vw, 1024px\" \/><\/div><div class=\"kadence-blocks-gallery-item__caption\">Nadia Pasquer &#8211; T\u00e9tra\u00e8dre blanc, sph\u00e8re bleue 2019<\/div><\/div><\/figure><\/div><\/li><li class=\"kadence-blocks-gallery-item\" tabindex=\"0\"><div class=\"kadence-blocks-gallery-item-inner\"><figure class=\"kb-gallery-figure kadence-blocks-gallery-item-has-caption\"><div class=\"kb-gal-image-radius\"><div class=\"kb-gallery-image-contain kadence-blocks-gallery-intrinsic kb-gallery-image-ratio-square kb-has-image-ratio-square\" ><img loading=\"lazy\" decoding=\"async\" src=\"https:\/\/galerie-ancienne-poste.com\/wp-content\/uploads\/2025\/07\/nadia-pasquer-14-1024x810.jpg\" width=\"1024\" height=\"810\" alt=\"sculpture Nadia Pasquer - galerie Nadia Pasquer - exposition c\u00e9ramique d&#039;art contemporaine\" data-full-image=\"https:\/\/galerie-ancienne-poste.com\/wp-content\/uploads\/2025\/07\/nadia-pasquer-14.jpg\" data-light-image=\"https:\/\/galerie-ancienne-poste.com\/wp-content\/uploads\/2025\/07\/nadia-pasquer-14.jpg\" data-id=\"936\" class=\"wp-image-936\" srcset=\"https:\/\/galerie-ancienne-poste.com\/wp-content\/uploads\/2025\/07\/nadia-pasquer-14-1024x810.jpg 1024w, https:\/\/galerie-ancienne-poste.com\/wp-content\/uploads\/2025\/07\/nadia-pasquer-14-300x237.jpg 300w, https:\/\/galerie-ancienne-poste.com\/wp-content\/uploads\/2025\/07\/nadia-pasquer-14-768x607.jpg 768w, https:\/\/galerie-ancienne-poste.com\/wp-content\/uploads\/2025\/07\/nadia-pasquer-14-1536x1215.jpg 1536w, https:\/\/galerie-ancienne-poste.com\/wp-content\/uploads\/2025\/07\/nadia-pasquer-14-15x12.jpg 15w, https:\/\/galerie-ancienne-poste.com\/wp-content\/uploads\/2025\/07\/nadia-pasquer-14.jpg 1897w\" sizes=\"auto, (max-width: 1024px) 100vw, 1024px\" \/><\/div><div class=\"kadence-blocks-gallery-item__caption\">Nadia Pasquer &#8211; Sph\u00e8res noir et blanche 2019<\/div><\/div><\/figure><\/div><\/li><li class=\"kadence-blocks-gallery-item\" tabindex=\"0\"><div class=\"kadence-blocks-gallery-item-inner\"><figure class=\"kb-gallery-figure kadence-blocks-gallery-item-has-caption\"><div class=\"kb-gal-image-radius\"><div class=\"kb-gallery-image-contain kadence-blocks-gallery-intrinsic kb-gallery-image-ratio-square kb-has-image-ratio-square\" ><img loading=\"lazy\" decoding=\"async\" src=\"https:\/\/galerie-ancienne-poste.com\/wp-content\/uploads\/2025\/07\/nadia-pasquer-18-1024x794.jpg\" width=\"1024\" height=\"794\" alt=\"sculpture Nadia Pasquer - c\u00e9ramique La Borne - centre c\u00e9ramique en France -\" data-full-image=\"https:\/\/galerie-ancienne-poste.com\/wp-content\/uploads\/2025\/07\/nadia-pasquer-18.jpg\" data-light-image=\"https:\/\/galerie-ancienne-poste.com\/wp-content\/uploads\/2025\/07\/nadia-pasquer-18.jpg\" data-id=\"940\" class=\"wp-image-940\" srcset=\"https:\/\/galerie-ancienne-poste.com\/wp-content\/uploads\/2025\/07\/nadia-pasquer-18-1024x794.jpg 1024w, https:\/\/galerie-ancienne-poste.com\/wp-content\/uploads\/2025\/07\/nadia-pasquer-18-300x233.jpg 300w, https:\/\/galerie-ancienne-poste.com\/wp-content\/uploads\/2025\/07\/nadia-pasquer-18-768x595.jpg 768w, https:\/\/galerie-ancienne-poste.com\/wp-content\/uploads\/2025\/07\/nadia-pasquer-18-1536x1191.jpg 1536w, https:\/\/galerie-ancienne-poste.com\/wp-content\/uploads\/2025\/07\/nadia-pasquer-18-15x12.jpg 15w, https:\/\/galerie-ancienne-poste.com\/wp-content\/uploads\/2025\/07\/nadia-pasquer-18.jpg 1935w\" sizes=\"auto, (max-width: 1024px) 100vw, 1024px\" \/><\/div><div class=\"kadence-blocks-gallery-item__caption\">Nadia Pasquer &#8211; Bi-c\u00f4ne noir, Sph\u00e8re bleue 2019<\/div><\/div><\/figure><\/div><\/li><li class=\"kadence-blocks-gallery-item\" tabindex=\"0\"><div class=\"kadence-blocks-gallery-item-inner\"><figure class=\"kb-gallery-figure kadence-blocks-gallery-item-has-caption\"><div class=\"kb-gal-image-radius\"><div class=\"kb-gallery-image-contain kadence-blocks-gallery-intrinsic kb-gallery-image-ratio-square kb-has-image-ratio-square\" ><img loading=\"lazy\" decoding=\"async\" src=\"https:\/\/galerie-ancienne-poste.com\/wp-content\/uploads\/2025\/07\/nadia-pasquer-17-1024x797.jpg\" width=\"1024\" height=\"797\" alt=\"galerie Nadia Pasquer - Galerie de l&#039;Ancienne Poste - exposition c\u00e9ramique contemporaine\" data-full-image=\"https:\/\/galerie-ancienne-poste.com\/wp-content\/uploads\/2025\/07\/nadia-pasquer-17.jpg\" data-light-image=\"https:\/\/galerie-ancienne-poste.com\/wp-content\/uploads\/2025\/07\/nadia-pasquer-17.jpg\" data-id=\"939\" class=\"wp-image-939\" srcset=\"https:\/\/galerie-ancienne-poste.com\/wp-content\/uploads\/2025\/07\/nadia-pasquer-17-1024x797.jpg 1024w, https:\/\/galerie-ancienne-poste.com\/wp-content\/uploads\/2025\/07\/nadia-pasquer-17-300x234.jpg 300w, https:\/\/galerie-ancienne-poste.com\/wp-content\/uploads\/2025\/07\/nadia-pasquer-17-768x598.jpg 768w, https:\/\/galerie-ancienne-poste.com\/wp-content\/uploads\/2025\/07\/nadia-pasquer-17-1536x1196.jpg 1536w, https:\/\/galerie-ancienne-poste.com\/wp-content\/uploads\/2025\/07\/nadia-pasquer-17-15x12.jpg 15w, https:\/\/galerie-ancienne-poste.com\/wp-content\/uploads\/2025\/07\/nadia-pasquer-17.jpg 1927w\" sizes=\"auto, (max-width: 1024px) 100vw, 1024px\" \/><\/div><div class=\"kadence-blocks-gallery-item__caption\">Nadia Pasquer. C\u00f4ne blanc cylindre noir 2019<\/div><\/div><\/figure><\/div><\/li><li class=\"kadence-blocks-gallery-item\" tabindex=\"0\"><div class=\"kadence-blocks-gallery-item-inner\"><figure class=\"kb-gallery-figure kadence-blocks-gallery-item-has-caption\"><div class=\"kb-gal-image-radius\"><div class=\"kb-gallery-image-contain kadence-blocks-gallery-intrinsic kb-gallery-image-ratio-square kb-has-image-ratio-square\" ><img loading=\"lazy\" decoding=\"async\" src=\"https:\/\/galerie-ancienne-poste.com\/wp-content\/uploads\/2025\/07\/nadia-pasquer-9-1024x745.jpg\" width=\"1024\" height=\"745\" alt=\"Nadia Pasquer - exposition Toucy - expo c\u00e9ramique France - galerie de c\u00e9ramique contemporaine\" data-full-image=\"https:\/\/galerie-ancienne-poste.com\/wp-content\/uploads\/2025\/07\/nadia-pasquer-9.jpg\" data-light-image=\"https:\/\/galerie-ancienne-poste.com\/wp-content\/uploads\/2025\/07\/nadia-pasquer-9.jpg\" data-id=\"931\" class=\"wp-image-931\" srcset=\"https:\/\/galerie-ancienne-poste.com\/wp-content\/uploads\/2025\/07\/nadia-pasquer-9-1024x745.jpg 1024w, https:\/\/galerie-ancienne-poste.com\/wp-content\/uploads\/2025\/07\/nadia-pasquer-9-300x218.jpg 300w, https:\/\/galerie-ancienne-poste.com\/wp-content\/uploads\/2025\/07\/nadia-pasquer-9-768x559.jpg 768w, https:\/\/galerie-ancienne-poste.com\/wp-content\/uploads\/2025\/07\/nadia-pasquer-9-1536x1117.jpg 1536w, https:\/\/galerie-ancienne-poste.com\/wp-content\/uploads\/2025\/07\/nadia-pasquer-9-2048x1490.jpg 2048w, https:\/\/galerie-ancienne-poste.com\/wp-content\/uploads\/2025\/07\/nadia-pasquer-9-16x12.jpg 16w\" sizes=\"auto, (max-width: 1024px) 100vw, 1024px\" \/><\/div><div class=\"kadence-blocks-gallery-item__caption\">Nadia Pasquer &#8211; C\u00f4ne noir  Sph\u00e8re bleue 2019<\/div><\/div><\/figure><\/div><\/li><li class=\"kadence-blocks-gallery-item\" tabindex=\"0\"><div class=\"kadence-blocks-gallery-item-inner\"><figure class=\"kb-gallery-figure kadence-blocks-gallery-item-has-caption\"><div class=\"kb-gal-image-radius\"><div class=\"kb-gallery-image-contain kadence-blocks-gallery-intrinsic kb-gallery-image-ratio-square kb-has-image-ratio-square\" ><img loading=\"lazy\" decoding=\"async\" src=\"https:\/\/galerie-ancienne-poste.com\/wp-content\/uploads\/2025\/07\/nadia-pasquer-5-1024x683.jpg\" width=\"1024\" height=\"683\" alt=\"Nadia Pasquer - c\u00e9ramique terre enfum\u00e9e - c\u00e9ramique fran\u00e7aise - c\u00e9ramique contemporaine en France\" data-full-image=\"https:\/\/galerie-ancienne-poste.com\/wp-content\/uploads\/2025\/07\/nadia-pasquer-5.jpg\" data-light-image=\"https:\/\/galerie-ancienne-poste.com\/wp-content\/uploads\/2025\/07\/nadia-pasquer-5.jpg\" data-id=\"928\" class=\"wp-image-928\" srcset=\"https:\/\/galerie-ancienne-poste.com\/wp-content\/uploads\/2025\/07\/nadia-pasquer-5-1024x683.jpg 1024w, https:\/\/galerie-ancienne-poste.com\/wp-content\/uploads\/2025\/07\/nadia-pasquer-5-300x200.jpg 300w, https:\/\/galerie-ancienne-poste.com\/wp-content\/uploads\/2025\/07\/nadia-pasquer-5-768x512.jpg 768w, https:\/\/galerie-ancienne-poste.com\/wp-content\/uploads\/2025\/07\/nadia-pasquer-5-1536x1024.jpg 1536w, https:\/\/galerie-ancienne-poste.com\/wp-content\/uploads\/2025\/07\/nadia-pasquer-5-2048x1365.jpg 2048w, https:\/\/galerie-ancienne-poste.com\/wp-content\/uploads\/2025\/07\/nadia-pasquer-5-18x12.jpg 18w\" sizes=\"auto, (max-width: 1024px) 100vw, 1024px\" \/><\/div><div class=\"kadence-blocks-gallery-item__caption\">Nadia Pasquer &#8211; Forme blanche,  C\u00f4ne noir 2019<\/div><\/div><\/figure><\/div><\/li><li class=\"kadence-blocks-gallery-item\" tabindex=\"0\"><div class=\"kadence-blocks-gallery-item-inner\"><figure class=\"kb-gallery-figure kadence-blocks-gallery-item-has-caption\"><div class=\"kb-gal-image-radius\"><div class=\"kb-gallery-image-contain kadence-blocks-gallery-intrinsic kb-gallery-image-ratio-square kb-has-image-ratio-square\" ><img loading=\"lazy\" decoding=\"async\" src=\"https:\/\/galerie-ancienne-poste.com\/wp-content\/uploads\/2025\/07\/nadia-pasquer-3_instagram.jpg\" width=\"945\" height=\"683\" alt=\"Nadia Pasquer - exposition d&#039;art c\u00e9ramique contemporain - art c\u00e9ramique - Nadia Pasquer c\u00e9ramiste\" data-full-image=\"https:\/\/galerie-ancienne-poste.com\/wp-content\/uploads\/2025\/07\/nadia-pasquer-3_instagram.jpg\" data-light-image=\"https:\/\/galerie-ancienne-poste.com\/wp-content\/uploads\/2025\/07\/nadia-pasquer-3_instagram.jpg\" data-id=\"927\" class=\"wp-image-927\" srcset=\"https:\/\/galerie-ancienne-poste.com\/wp-content\/uploads\/2025\/07\/nadia-pasquer-3_instagram.jpg 945w, https:\/\/galerie-ancienne-poste.com\/wp-content\/uploads\/2025\/07\/nadia-pasquer-3_instagram-300x217.jpg 300w, https:\/\/galerie-ancienne-poste.com\/wp-content\/uploads\/2025\/07\/nadia-pasquer-3_instagram-768x555.jpg 768w, https:\/\/galerie-ancienne-poste.com\/wp-content\/uploads\/2025\/07\/nadia-pasquer-3_instagram-18x12.jpg 18w\" sizes=\"auto, (max-width: 945px) 100vw, 945px\" \/><\/div><div class=\"kadence-blocks-gallery-item__caption\">Nadia Pasquer &#8211; Sph\u00e8re noire, C\u00f4ne blanc, 2019<\/div><\/div><\/figure><\/div><\/li><li class=\"kadence-blocks-gallery-item\" tabindex=\"0\"><div class=\"kadence-blocks-gallery-item-inner\"><figure class=\"kb-gallery-figure kadence-blocks-gallery-item-has-caption\"><div class=\"kb-gal-image-radius\"><div class=\"kb-gallery-image-contain kadence-blocks-gallery-intrinsic kb-gallery-image-ratio-square kb-has-image-ratio-square\" ><img loading=\"lazy\" decoding=\"async\" src=\"https:\/\/galerie-ancienne-poste.com\/wp-content\/uploads\/2025\/07\/nadia-pasquer-15-1024x967.jpg\" width=\"1024\" height=\"967\" alt=\"Nadia Pasquer - sculpture c\u00e9ramique - terre enfum\u00e9e - Galerie Ancienne Poste Toucy\" data-full-image=\"https:\/\/galerie-ancienne-poste.com\/wp-content\/uploads\/2025\/07\/nadia-pasquer-15.jpg\" data-light-image=\"https:\/\/galerie-ancienne-poste.com\/wp-content\/uploads\/2025\/07\/nadia-pasquer-15.jpg\" data-id=\"937\" class=\"wp-image-937\" srcset=\"https:\/\/galerie-ancienne-poste.com\/wp-content\/uploads\/2025\/07\/nadia-pasquer-15-1024x967.jpg 1024w, https:\/\/galerie-ancienne-poste.com\/wp-content\/uploads\/2025\/07\/nadia-pasquer-15-300x283.jpg 300w, https:\/\/galerie-ancienne-poste.com\/wp-content\/uploads\/2025\/07\/nadia-pasquer-15-768x725.jpg 768w, https:\/\/galerie-ancienne-poste.com\/wp-content\/uploads\/2025\/07\/nadia-pasquer-15-1536x1451.jpg 1536w, https:\/\/galerie-ancienne-poste.com\/wp-content\/uploads\/2025\/07\/nadia-pasquer-15-13x12.jpg 13w, https:\/\/galerie-ancienne-poste.com\/wp-content\/uploads\/2025\/07\/nadia-pasquer-15.jpg 1588w\" sizes=\"auto, (max-width: 1024px) 100vw, 1024px\" \/><\/div><div class=\"kadence-blocks-gallery-item__caption\">Nadia Pasquer &#8211; Sph\u00e8re blanche, Fuseau noir 2019<\/div><\/div><\/figure><\/div><\/li><li class=\"kadence-blocks-gallery-item\" tabindex=\"0\"><div class=\"kadence-blocks-gallery-item-inner\"><figure class=\"kb-gallery-figure kadence-blocks-gallery-item-has-caption\"><div class=\"kb-gal-image-radius\"><div class=\"kb-gallery-image-contain kadence-blocks-gallery-intrinsic kb-gallery-image-ratio-square kb-has-image-ratio-square\" ><img loading=\"lazy\" decoding=\"async\" src=\"https:\/\/galerie-ancienne-poste.com\/wp-content\/uploads\/2025\/07\/nadia-pasquer-16-1024x829.jpg\" width=\"1024\" height=\"829\" alt=\"Nadia Pasquer - expo c\u00e9ramique en France - exposition en Bourgogne - exposition Toucy\" data-full-image=\"https:\/\/galerie-ancienne-poste.com\/wp-content\/uploads\/2025\/07\/nadia-pasquer-16.jpg\" data-light-image=\"https:\/\/galerie-ancienne-poste.com\/wp-content\/uploads\/2025\/07\/nadia-pasquer-16.jpg\" data-id=\"938\" class=\"wp-image-938\" srcset=\"https:\/\/galerie-ancienne-poste.com\/wp-content\/uploads\/2025\/07\/nadia-pasquer-16-1024x829.jpg 1024w, https:\/\/galerie-ancienne-poste.com\/wp-content\/uploads\/2025\/07\/nadia-pasquer-16-300x243.jpg 300w, https:\/\/galerie-ancienne-poste.com\/wp-content\/uploads\/2025\/07\/nadia-pasquer-16-768x622.jpg 768w, https:\/\/galerie-ancienne-poste.com\/wp-content\/uploads\/2025\/07\/nadia-pasquer-16-1536x1243.jpg 1536w, https:\/\/galerie-ancienne-poste.com\/wp-content\/uploads\/2025\/07\/nadia-pasquer-16-15x12.jpg 15w, https:\/\/galerie-ancienne-poste.com\/wp-content\/uploads\/2025\/07\/nadia-pasquer-16.jpg 1853w\" sizes=\"auto, (max-width: 1024px) 100vw, 1024px\" \/><\/div><div class=\"kadence-blocks-gallery-item__caption\">Nadia Pasquer &#8211; Sph\u00e8re coup\u00e9e noire, Cylindre blanc 2019<\/div><\/div><\/figure><\/div><\/li><\/ul><\/div><\/div><\/div>\n\n<\/div><\/div>","protected":false},"excerpt":{"rendered":"<p>7 septembre &#8211; 7 novembre 2019<\/p>\n","protected":false},"author":6,"featured_media":947,"template":"","meta":{"_acf_changed":false,"_kad_blocks_custom_css":"","_kad_blocks_head_custom_js":"","_kad_blocks_body_custom_js":"","_kad_blocks_footer_custom_js":"","_kad_post_transparent":"","_kad_post_title":"","_kad_post_layout":"","_kad_post_sidebar_id":"","_kad_post_content_style":"","_kad_post_vertical_padding":"","_kad_post_feature":"","_kad_post_feature_position":"","_kad_post_header":false,"_kad_post_footer":false,"_kad_post_classname":"","footnotes":""},"tags":[92],"artiste_":[119],"class_list":["post-2954","exposition","type-exposition","status-publish","has-post-thumbnail","hentry","tag-passees","artiste_-nadia-pasquer"],"acf":[],"taxonomy_info":{"post_tag":[{"value":92,"label":"Pass\u00e9es"}],"artiste_":[{"value":119,"label":"Nadia Pasquer"}]},"featured_image_src_large":["https:\/\/galerie-ancienne-poste.com\/wp-content\/uploads\/2025\/07\/nadia-pasquer-26-1024x935.jpg",1024,935,true],"author_info":{"display_name":"christophe","author_link":"https:\/\/galerie-ancienne-poste.com\/fr\/author\/christophe\/"},"comment_info":"","_links":{"self":[{"href":"https:\/\/galerie-ancienne-poste.com\/fr\/wp-json\/wp\/v2\/exposition\/2954","targetHints":{"allow":["GET"]}}],"collection":[{"href":"https:\/\/galerie-ancienne-poste.com\/fr\/wp-json\/wp\/v2\/exposition"}],"about":[{"href":"https:\/\/galerie-ancienne-poste.com\/fr\/wp-json\/wp\/v2\/types\/exposition"}],"author":[{"embeddable":true,"href":"https:\/\/galerie-ancienne-poste.com\/fr\/wp-json\/wp\/v2\/users\/6"}],"version-history":[{"count":11,"href":"https:\/\/galerie-ancienne-poste.com\/fr\/wp-json\/wp\/v2\/exposition\/2954\/revisions"}],"predecessor-version":[{"id":7912,"href":"https:\/\/galerie-ancienne-poste.com\/fr\/wp-json\/wp\/v2\/exposition\/2954\/revisions\/7912"}],"wp:featuredmedia":[{"embeddable":true,"href":"https:\/\/galerie-ancienne-poste.com\/fr\/wp-json\/wp\/v2\/media\/947"}],"wp:attachment":[{"href":"https:\/\/galerie-ancienne-poste.com\/fr\/wp-json\/wp\/v2\/media?parent=2954"}],"wp:term":[{"taxonomy":"post_tag","embeddable":true,"href":"https:\/\/galerie-ancienne-poste.com\/fr\/wp-json\/wp\/v2\/tags?post=2954"},{"taxonomy":"artiste_","embeddable":true,"href":"https:\/\/galerie-ancienne-poste.com\/fr\/wp-json\/wp\/v2\/artiste_?post=2954"}],"curies":[{"name":"wp","href":"https:\/\/api.w.org\/{rel}","templated":true}]}}