{"id":8747,"date":"2025-11-06T19:02:45","date_gmt":"2025-11-06T18:02:45","guid":{"rendered":"https:\/\/galerie-ancienne-poste.com\/?post_type=exposition&#038;p=8747"},"modified":"2026-02-09T05:34:38","modified_gmt":"2026-02-09T04:34:38","slug":"retrospective-2025","status":"publish","type":"exposition","link":"https:\/\/galerie-ancienne-poste.com\/fr\/exposition\/retrospective-2025\/","title":{"rendered":"R\u00e9trospective 2025"},"content":{"rendered":"<style>.kb-row-layout-id8747_3e5f15-5b > .kt-row-column-wrap{align-content:start;}:where(.kb-row-layout-id8747_3e5f15-5b > .kt-row-column-wrap) > .wp-block-kadence-column{justify-content:start;}.kb-row-layout-id8747_3e5f15-5b > .kt-row-column-wrap{column-gap:var(--global-kb-gap-md, 2rem);row-gap:var(--global-kb-gap-md, 2rem);padding-top:var(--global-kb-spacing-xxs, 0.5rem);padding-bottom:var(--global-kb-spacing-sm, 1.5rem);}.kb-row-layout-id8747_3e5f15-5b > .kt-row-column-wrap > div:not(.added-for-specificity){grid-column:initial;}.kb-row-layout-id8747_3e5f15-5b > .kt-row-column-wrap{grid-template-columns:minmax(0, 1fr) minmax(0, 6fr) minmax(0, 1fr);}.kb-row-layout-id8747_3e5f15-5b > .kt-row-layout-overlay{opacity:0.30;}@media all and (max-width: 1024px){.kb-row-layout-id8747_3e5f15-5b > .kt-row-column-wrap > div:not(.added-for-specificity){grid-column:initial;}}@media all and (max-width: 1024px){.kb-row-layout-id8747_3e5f15-5b > .kt-row-column-wrap{grid-template-columns:minmax(0, 1fr) minmax(0, 6fr) minmax(0, 1fr);}}@media all and (max-width: 767px){.kb-row-layout-id8747_3e5f15-5b > .kt-row-column-wrap > div:not(.added-for-specificity){grid-column:initial;}.kb-row-layout-id8747_3e5f15-5b > .kt-row-column-wrap{grid-template-columns:minmax(0, 1fr);}}<\/style><div class=\"kb-row-layout-wrap kb-row-layout-id8747_3e5f15-5b alignnone wp-block-kadence-rowlayout\"><div class=\"kt-row-column-wrap kt-has-3-columns kt-row-layout-center-exwide kt-tab-layout-inherit kt-mobile-layout-row kt-row-valign-top\">\n<style>.kadence-column8747_0b3f47-3d > .kt-inside-inner-col,.kadence-column8747_0b3f47-3d > .kt-inside-inner-col:before{border-top-left-radius:0px;border-top-right-radius:0px;border-bottom-right-radius:0px;border-bottom-left-radius:0px;}.kadence-column8747_0b3f47-3d > .kt-inside-inner-col{column-gap:var(--global-kb-gap-sm, 1rem);}.kadence-column8747_0b3f47-3d > .kt-inside-inner-col{flex-direction:column;}.kadence-column8747_0b3f47-3d > .kt-inside-inner-col > .aligncenter{width:100%;}.kadence-column8747_0b3f47-3d > .kt-inside-inner-col:before{opacity:0.3;}.kadence-column8747_0b3f47-3d{position:relative;}@media all and (max-width: 1024px){.kadence-column8747_0b3f47-3d > .kt-inside-inner-col{flex-direction:column;justify-content:center;}}@media all and (max-width: 767px){.kadence-column8747_0b3f47-3d > .kt-inside-inner-col{flex-direction:column;justify-content:center;}}<\/style>\n<div class=\"wp-block-kadence-column kadence-column8747_0b3f47-3d\"><div class=\"kt-inside-inner-col\"><\/div><\/div>\n\n\n<style>.kadence-column8747_e05f68-99 > .kt-inside-inner-col,.kadence-column8747_e05f68-99 > .kt-inside-inner-col:before{border-top-left-radius:0px;border-top-right-radius:0px;border-bottom-right-radius:0px;border-bottom-left-radius:0px;}.kadence-column8747_e05f68-99 > .kt-inside-inner-col{column-gap:var(--global-kb-gap-sm, 1rem);}.kadence-column8747_e05f68-99 > .kt-inside-inner-col{flex-direction:column;}.kadence-column8747_e05f68-99 > .kt-inside-inner-col > .aligncenter{width:100%;}.kadence-column8747_e05f68-99 > .kt-inside-inner-col:before{opacity:0.3;}.kadence-column8747_e05f68-99{position:relative;}@media all and (max-width: 1024px){.kadence-column8747_e05f68-99 > .kt-inside-inner-col{flex-direction:column;justify-content:center;}}@media all and (max-width: 767px){.kadence-column8747_e05f68-99 > .kt-inside-inner-col{padding-right:var(--global-kb-spacing-xs, 1rem);padding-left:var(--global-kb-spacing-xs, 1rem);flex-direction:column;justify-content:center;}}<\/style>\n<div class=\"wp-block-kadence-column kadence-column8747_e05f68-99\"><div class=\"kt-inside-inner-col\"><style>.wp-block-kadence-advancedheading.kt-adv-heading8747_60d072-14, .wp-block-kadence-advancedheading.kt-adv-heading8747_60d072-14[data-kb-block=\"kb-adv-heading8747_60d072-14\"]{text-align:left;font-size:var(--global-kb-font-size-xl, 3rem);font-style:normal;}.wp-block-kadence-advancedheading.kt-adv-heading8747_60d072-14 mark.kt-highlight, .wp-block-kadence-advancedheading.kt-adv-heading8747_60d072-14[data-kb-block=\"kb-adv-heading8747_60d072-14\"] mark.kt-highlight{font-style:normal;color:#f76a0c;-webkit-box-decoration-break:clone;box-decoration-break:clone;padding-top:0px;padding-right:0px;padding-bottom:0px;padding-left:0px;}.wp-block-kadence-advancedheading.kt-adv-heading8747_60d072-14 img.kb-inline-image, .wp-block-kadence-advancedheading.kt-adv-heading8747_60d072-14[data-kb-block=\"kb-adv-heading8747_60d072-14\"] img.kb-inline-image{width:150px;vertical-align:baseline;}<\/style>\n<h1 class=\"kt-adv-heading8747_60d072-14 wp-block-kadence-advancedheading\" data-kb-block=\"kb-adv-heading8747_60d072-14\">R\u00e9trospective 2025<\/h1>\n\n\n<style>.wp-block-kadence-advancedheading.kt-adv-heading8747_4c6bac-28, .wp-block-kadence-advancedheading.kt-adv-heading8747_4c6bac-28[data-kb-block=\"kb-adv-heading8747_4c6bac-28\"]{font-style:normal;}.wp-block-kadence-advancedheading.kt-adv-heading8747_4c6bac-28 mark.kt-highlight, .wp-block-kadence-advancedheading.kt-adv-heading8747_4c6bac-28[data-kb-block=\"kb-adv-heading8747_4c6bac-28\"] mark.kt-highlight{font-style:normal;color:#f76a0c;-webkit-box-decoration-break:clone;box-decoration-break:clone;padding-top:0px;padding-right:0px;padding-bottom:0px;padding-left:0px;}.wp-block-kadence-advancedheading.kt-adv-heading8747_4c6bac-28 img.kb-inline-image, .wp-block-kadence-advancedheading.kt-adv-heading8747_4c6bac-28[data-kb-block=\"kb-adv-heading8747_4c6bac-28\"] img.kb-inline-image{width:150px;vertical-align:baseline;}<\/style>\n<h2 class=\"kt-adv-heading8747_4c6bac-28 wp-block-kadence-advancedheading\" data-kb-block=\"kb-adv-heading8747_4c6bac-28\"><strong>Alistair Aynscombe-Danhieux, P\u00e1lma Babos, Audrey Ballacchino, Anders B\u00f8rgesen, Sophie Favre, Ahryun Lee, Laura Pasquino.<\/strong><\/h2>\n\n\n<style>.wp-block-kadence-advancedheading.kt-adv-heading8747_673e48-61, .wp-block-kadence-advancedheading.kt-adv-heading8747_673e48-61[data-kb-block=\"kb-adv-heading8747_673e48-61\"]{text-align:left;font-style:normal;}.wp-block-kadence-advancedheading.kt-adv-heading8747_673e48-61 mark.kt-highlight, .wp-block-kadence-advancedheading.kt-adv-heading8747_673e48-61[data-kb-block=\"kb-adv-heading8747_673e48-61\"] mark.kt-highlight{font-style:normal;color:#f76a0c;-webkit-box-decoration-break:clone;box-decoration-break:clone;padding-top:0px;padding-right:0px;padding-bottom:0px;padding-left:0px;}.wp-block-kadence-advancedheading.kt-adv-heading8747_673e48-61 img.kb-inline-image, .wp-block-kadence-advancedheading.kt-adv-heading8747_673e48-61[data-kb-block=\"kb-adv-heading8747_673e48-61\"] img.kb-inline-image{width:150px;vertical-align:baseline;}<\/style>\n<h2 class=\"kt-adv-heading8747_673e48-61 wp-block-kadence-advancedheading\" data-kb-block=\"kb-adv-heading8747_673e48-61\">10 janvier &#8211; 8 f\u00e9vrier 2026<\/h2>\n\n\n\n<p class=\"has-text-align-left\"><\/p>\n<\/div><\/div>\n\n\n<style>.kadence-column8747_19adbf-2c > .kt-inside-inner-col,.kadence-column8747_19adbf-2c > .kt-inside-inner-col:before{border-top-left-radius:0px;border-top-right-radius:0px;border-bottom-right-radius:0px;border-bottom-left-radius:0px;}.kadence-column8747_19adbf-2c > .kt-inside-inner-col{column-gap:var(--global-kb-gap-sm, 1rem);}.kadence-column8747_19adbf-2c > .kt-inside-inner-col{flex-direction:column;}.kadence-column8747_19adbf-2c > .kt-inside-inner-col > .aligncenter{width:100%;}.kadence-column8747_19adbf-2c > .kt-inside-inner-col:before{opacity:0.3;}.kadence-column8747_19adbf-2c{position:relative;}@media all and (max-width: 1024px){.kadence-column8747_19adbf-2c > .kt-inside-inner-col{flex-direction:column;justify-content:center;}}@media all and (max-width: 767px){.kadence-column8747_19adbf-2c > .kt-inside-inner-col{flex-direction:column;justify-content:center;}}<\/style>\n<div class=\"wp-block-kadence-column kadence-column8747_19adbf-2c\"><div class=\"kt-inside-inner-col\"><\/div><\/div>\n\n<\/div><\/div>\n\n<style>.kb-row-layout-id8747_a9dfaf-0e > .kt-row-column-wrap{align-content:start;}:where(.kb-row-layout-id8747_a9dfaf-0e > .kt-row-column-wrap) > .wp-block-kadence-column{justify-content:start;}.kb-row-layout-id8747_a9dfaf-0e > .kt-row-column-wrap{column-gap:var(--global-kb-gap-md, 2rem);row-gap:var(--global-kb-gap-md, 2rem);padding-top:var(--global-kb-spacing-xs, 1rem);padding-right:var(--global-kb-spacing-xs, 1rem);padding-bottom:var(--global-kb-spacing-xs, 1rem);padding-left:var(--global-kb-spacing-xs, 1rem);grid-template-columns:minmax(0, 1fr);}.kb-row-layout-id8747_a9dfaf-0e > .kt-row-layout-overlay{opacity:0.30;}@media all and (max-width: 1024px){.kb-row-layout-id8747_a9dfaf-0e > .kt-row-column-wrap{grid-template-columns:minmax(0, 1fr);}}@media all and (max-width: 767px){.kb-row-layout-id8747_a9dfaf-0e > .kt-row-column-wrap{grid-template-columns:minmax(0, 1fr);}}<\/style><div class=\"kb-row-layout-wrap kb-row-layout-id8747_a9dfaf-0e alignwide wp-block-kadence-rowlayout\"><div class=\"kt-row-column-wrap kt-has-1-columns kt-row-layout-equal kt-tab-layout-inherit kt-mobile-layout-row kt-row-valign-top\">\n<style>.kadence-column8747_48044a-5c > .kt-inside-inner-col,.kadence-column8747_48044a-5c > .kt-inside-inner-col:before{border-top-left-radius:0px;border-top-right-radius:0px;border-bottom-right-radius:0px;border-bottom-left-radius:0px;}.kadence-column8747_48044a-5c > .kt-inside-inner-col{column-gap:var(--global-kb-gap-sm, 1rem);}.kadence-column8747_48044a-5c > .kt-inside-inner-col{flex-direction:column;}.kadence-column8747_48044a-5c > .kt-inside-inner-col > .aligncenter{width:100%;}.kadence-column8747_48044a-5c > .kt-inside-inner-col:before{opacity:0.3;}.kadence-column8747_48044a-5c{position:relative;}@media all and (max-width: 1024px){.kadence-column8747_48044a-5c > .kt-inside-inner-col{flex-direction:column;justify-content:center;}}@media all and (max-width: 767px){.kadence-column8747_48044a-5c > .kt-inside-inner-col{flex-direction:column;justify-content:center;}}<\/style>\n<div class=\"wp-block-kadence-column kadence-column8747_48044a-5c\"><div class=\"kt-inside-inner-col\"><style>.wp-block-kadence-advancedgallery .kb-gallery-type-grid.kb-gallery-id-8747_d75895-9f{margin:-5px;}.kb-gallery-type-grid.kb-gallery-id-8747_d75895-9f .kadence-blocks-gallery-item{padding:5px;}.kb-gallery-id-8747_d75895-9f .kadence-blocks-gallery-item .kb-gal-image-radius, .kb-gallery-id-8747_d75895-9f .kb-slide-item .kb-gal-image-radius img{border-radius:0px 0px 0px 0px;;}.kb-gallery-caption-style-bottom.kb-gallery-id-8747_d75895-9f .kadence-blocks-gallery-item .kadence-blocks-gallery-item-inner .kadence-blocks-gallery-item__caption, .kb-gallery-caption-style-bottom-hover.kb-gallery-id-8747_d75895-9f .kadence-blocks-gallery-item .kadence-blocks-gallery-item-inner .kadence-blocks-gallery-item__caption{background:linear-gradient(0deg, rgba(0, 0, 0, 0.8) 0, rgba(0, 0, 0, 0) 100%);}<\/style><div class=\"kb-gallery-wrap-id-8747_d75895-9f alignnone wp-block-kadence-advancedgallery\"><ul class=\"kb-gallery-ul kb-gallery-non-static kb-gallery-type-grid kb-gallery-id-8747_d75895-9f kb-gallery-caption-style-bottom-hover kb-gallery-filter-none\" data-image-filter=\"none\" data-item-selector=\".kadence-blocks-gallery-item\" data-lightbox-caption=\"true\" data-columns-xxl=\"1\" data-columns-xl=\"1\" data-columns-md=\"1\" data-columns-sm=\"1\" data-columns-xs=\"1\" data-columns-ss=\"1\"><li class=\"kadence-blocks-gallery-item\" tabindex=\"0\"><div class=\"kadence-blocks-gallery-item-inner\"><figure class=\"kb-gallery-figure\"><div class=\"kb-gal-image-radius\"><div class=\"kb-gallery-image-contain kadence-blocks-gallery-intrinsic kb-gallery-image-ratio-land169 kb-has-image-ratio-land169\" ><img loading=\"lazy\" decoding=\"async\" src=\"https:\/\/galerie-ancienne-poste.com\/wp-content\/uploads\/2025\/12\/retrospective-2026-1024x478.jpg\" width=\"1024\" height=\"478\" alt=\"\" data-full-image=\"https:\/\/galerie-ancienne-poste.com\/wp-content\/uploads\/2025\/12\/retrospective-2026-scaled.jpg\" data-light-image=\"https:\/\/galerie-ancienne-poste.com\/wp-content\/uploads\/2025\/12\/retrospective-2026-scaled.jpg\" data-id=\"8917\" class=\"wp-image-8917\" srcset=\"https:\/\/galerie-ancienne-poste.com\/wp-content\/uploads\/2025\/12\/retrospective-2026-1024x478.jpg 1024w, https:\/\/galerie-ancienne-poste.com\/wp-content\/uploads\/2025\/12\/retrospective-2026-300x140.jpg 300w, https:\/\/galerie-ancienne-poste.com\/wp-content\/uploads\/2025\/12\/retrospective-2026-768x358.jpg 768w, https:\/\/galerie-ancienne-poste.com\/wp-content\/uploads\/2025\/12\/retrospective-2026-1536x716.jpg 1536w, https:\/\/galerie-ancienne-poste.com\/wp-content\/uploads\/2025\/12\/retrospective-2026-2048x955.jpg 2048w, https:\/\/galerie-ancienne-poste.com\/wp-content\/uploads\/2025\/12\/retrospective-2026-18x8.jpg 18w, https:\/\/galerie-ancienne-poste.com\/wp-content\/uploads\/2025\/12\/retrospective-2026-600x280.jpg 600w\" sizes=\"auto, (max-width: 1024px) 100vw, 1024px\" \/><\/div><\/div><\/figure><\/div><\/li><\/ul><\/div><\/div><\/div>\n\n<\/div><\/div>\n\n<style>.kb-row-layout-id8747_061c66-69 > .kt-row-column-wrap{align-content:start;}:where(.kb-row-layout-id8747_061c66-69 > .kt-row-column-wrap) > .wp-block-kadence-column{justify-content:start;}.kb-row-layout-id8747_061c66-69 > .kt-row-column-wrap{column-gap:var(--global-kb-gap-md, 2rem);row-gap:var(--global-kb-gap-md, 2rem);max-width:var( --global-content-width, 1250px );padding-left:var(--global-content-edge-padding);padding-right:var(--global-content-edge-padding);padding-top:var(--global-kb-spacing-xs, 1rem);padding-right:var(--global-kb-spacing-sm, 1.5rem);padding-bottom:var(--global-kb-spacing-xs, 1rem);padding-left:var(--global-kb-spacing-sm, 1.5rem);grid-template-columns:minmax(0, 1fr);}.kb-row-layout-id8747_061c66-69 > .kt-row-layout-overlay{opacity:0.30;}@media all and (max-width: 1024px){.kb-row-layout-id8747_061c66-69 > .kt-row-column-wrap{grid-template-columns:minmax(0, 1fr);}}@media all and (max-width: 767px){.kb-row-layout-id8747_061c66-69 > .kt-row-column-wrap{grid-template-columns:minmax(0, 1fr);}}<\/style><div class=\"kb-row-layout-wrap kb-row-layout-id8747_061c66-69 alignnone wp-block-kadence-rowlayout\"><div class=\"kt-row-column-wrap kt-has-1-columns kt-row-layout-equal kt-tab-layout-inherit kt-mobile-layout-row kt-row-valign-top kb-theme-content-width\">\n<style>.kadence-column8747_1d6f70-12 > .kt-inside-inner-col,.kadence-column8747_1d6f70-12 > .kt-inside-inner-col:before{border-top-left-radius:0px;border-top-right-radius:0px;border-bottom-right-radius:0px;border-bottom-left-radius:0px;}.kadence-column8747_1d6f70-12 > .kt-inside-inner-col{column-gap:var(--global-kb-gap-sm, 1rem);}.kadence-column8747_1d6f70-12 > .kt-inside-inner-col{flex-direction:column;}.kadence-column8747_1d6f70-12 > .kt-inside-inner-col > .aligncenter{width:100%;}.kadence-column8747_1d6f70-12 > .kt-inside-inner-col:before{opacity:0.3;}.kadence-column8747_1d6f70-12{position:relative;}@media all and (max-width: 1024px){.kadence-column8747_1d6f70-12 > .kt-inside-inner-col{flex-direction:column;justify-content:center;}}@media all and (max-width: 767px){.kadence-column8747_1d6f70-12 > .kt-inside-inner-col{padding-right:var(--global-kb-spacing-xs, 1rem);padding-left:var(--global-kb-spacing-xs, 1rem);flex-direction:column;justify-content:center;}}<\/style>\n<div class=\"wp-block-kadence-column kadence-column8747_1d6f70-12\"><div class=\"kt-inside-inner-col\">\n<p>Les sept artistes c\u00e9ramistes expos\u00e9s \u00e0 la Galerie de l\u2019Ancienne Poste dans le cadre de cette \u00ab R\u00e9trospective 2025\u00bb t\u00e9moignent au plus haut point de l\u2019esprit d\u2019excellence et de diversit\u00e9 qui animent le lieu : tous en haut de l\u2019affiche dans l\u2019exercice de leur art, ils repr\u00e9sentent des univers plastiques bien diff\u00e9rents qu\u2019ils expriment chacun sur leur territoire, qu\u2019ils vivent en France (Alistair Aynscombe-Danhieux, Audrey Ballacchino, Sophie Favre), en Hongrie (P\u00e1lma Babos), aux Pays-bas (Laura Pasquino), au Danemark (Anders B\u00f8rgesen) ou en Allemagne (Ahryun Lee).<\/p>\n<\/div><\/div>\n\n<\/div><\/div>\n\n<style>.kb-row-layout-id8747_ec0a0c-1c > .kt-row-column-wrap{align-content:start;}:where(.kb-row-layout-id8747_ec0a0c-1c > .kt-row-column-wrap) > .wp-block-kadence-column{justify-content:start;}.kb-row-layout-id8747_ec0a0c-1c > .kt-row-column-wrap{column-gap:var(--global-kb-gap-md, 2rem);row-gap:var(--global-kb-gap-md, 2rem);padding-top:var(--global-kb-spacing-xs, 1rem);padding-right:var(--global-kb-spacing-xs, 1rem);padding-bottom:var(--global-kb-spacing-xs, 1rem);padding-left:var(--global-kb-spacing-xs, 1rem);grid-template-columns:minmax(0, 1fr);}.kb-row-layout-id8747_ec0a0c-1c > .kt-row-layout-overlay{opacity:0.30;}@media all and (max-width: 1024px){.kb-row-layout-id8747_ec0a0c-1c > .kt-row-column-wrap{grid-template-columns:minmax(0, 1fr);}}@media all and (max-width: 767px){.kb-row-layout-id8747_ec0a0c-1c > .kt-row-column-wrap{grid-template-columns:minmax(0, 1fr);}}<\/style><div class=\"kb-row-layout-wrap kb-row-layout-id8747_ec0a0c-1c alignwide wp-block-kadence-rowlayout\"><div class=\"kt-row-column-wrap kt-has-1-columns kt-row-layout-equal kt-tab-layout-inherit kt-mobile-layout-row kt-row-valign-top\">\n<style>.kadence-column8747_b3d221-e2 > .kt-inside-inner-col,.kadence-column8747_b3d221-e2 > .kt-inside-inner-col:before{border-top-left-radius:0px;border-top-right-radius:0px;border-bottom-right-radius:0px;border-bottom-left-radius:0px;}.kadence-column8747_b3d221-e2 > .kt-inside-inner-col{column-gap:var(--global-kb-gap-sm, 1rem);}.kadence-column8747_b3d221-e2 > .kt-inside-inner-col{flex-direction:column;}.kadence-column8747_b3d221-e2 > .kt-inside-inner-col > .aligncenter{width:100%;}.kadence-column8747_b3d221-e2 > .kt-inside-inner-col:before{opacity:0.3;}.kadence-column8747_b3d221-e2{position:relative;}@media all and (max-width: 1024px){.kadence-column8747_b3d221-e2 > .kt-inside-inner-col{flex-direction:column;justify-content:center;}}@media all and (max-width: 767px){.kadence-column8747_b3d221-e2 > .kt-inside-inner-col{flex-direction:column;justify-content:center;}}<\/style>\n<div class=\"wp-block-kadence-column kadence-column8747_b3d221-e2\"><div class=\"kt-inside-inner-col\"><style>.wp-block-kadence-advancedgallery .kb-gallery-type-grid.kb-gallery-id-8747_185991-3b{margin:-5px;}.kb-gallery-type-grid.kb-gallery-id-8747_185991-3b .kadence-blocks-gallery-item{padding:5px;}.kb-gallery-id-8747_185991-3b .kadence-blocks-gallery-item .kb-gal-image-radius, .kb-gallery-id-8747_185991-3b .kb-slide-item .kb-gal-image-radius img{border-radius:0px 0px 0px 0px;;}.kb-gallery-caption-style-bottom.kb-gallery-id-8747_185991-3b .kadence-blocks-gallery-item .kadence-blocks-gallery-item-inner .kadence-blocks-gallery-item__caption, .kb-gallery-caption-style-bottom-hover.kb-gallery-id-8747_185991-3b .kadence-blocks-gallery-item .kadence-blocks-gallery-item-inner .kadence-blocks-gallery-item__caption{background:linear-gradient(0deg, rgba(0, 0, 0, 0.8) 0, rgba(0, 0, 0, 0) 100%);}<\/style><div class=\"kb-gallery-wrap-id-8747_185991-3b alignnone wp-block-kadence-advancedgallery\"><ul class=\"kb-gallery-ul kb-gallery-non-static kb-gallery-type-grid kb-gallery-id-8747_185991-3b kb-gallery-caption-style-bottom-hover kb-gallery-filter-none\" data-image-filter=\"none\" data-item-selector=\".kadence-blocks-gallery-item\" data-lightbox-caption=\"true\" data-columns-xxl=\"2\" data-columns-xl=\"2\" data-columns-md=\"2\" data-columns-sm=\"2\" data-columns-xs=\"1\" data-columns-ss=\"1\"><li class=\"kadence-blocks-gallery-item\"><div class=\"kadence-blocks-gallery-item-inner\"><figure class=\"kb-gallery-figure kb-gallery-item-has-link kadence-blocks-gallery-item-has-caption\"><a href=\"https:\/\/galerie-ancienne-poste.com\/wp-content\/uploads\/2025\/07\/laura-pasquino-contemporary-ceramic.jpg\" class=\"kb-gallery-item-link\"  ><div class=\"kb-gal-image-radius\"><div class=\"kb-gallery-image-contain kadence-blocks-gallery-intrinsic kb-gallery-image-ratio-square kb-has-image-ratio-square\" ><img loading=\"lazy\" decoding=\"async\" src=\"https:\/\/galerie-ancienne-poste.com\/wp-content\/uploads\/2025\/07\/laura-pasquino-contemporary-ceramic-1024x698.jpg\" width=\"1024\" height=\"698\" alt=\"Laura Pasquino - c\u00e9ramique contemporaine - collection ceramique - galerie ancienne Poste Toucy\" data-full-image=\"https:\/\/galerie-ancienne-poste.com\/wp-content\/uploads\/2025\/07\/laura-pasquino-contemporary-ceramic.jpg\" data-light-image=\"https:\/\/galerie-ancienne-poste.com\/wp-content\/uploads\/2025\/07\/laura-pasquino-contemporary-ceramic.jpg\" data-id=\"391\" class=\"wp-image-391\" srcset=\"https:\/\/galerie-ancienne-poste.com\/wp-content\/uploads\/2025\/07\/laura-pasquino-contemporary-ceramic-1024x698.jpg 1024w, https:\/\/galerie-ancienne-poste.com\/wp-content\/uploads\/2025\/07\/laura-pasquino-contemporary-ceramic-300x205.jpg 300w, https:\/\/galerie-ancienne-poste.com\/wp-content\/uploads\/2025\/07\/laura-pasquino-contemporary-ceramic-768x524.jpg 768w, https:\/\/galerie-ancienne-poste.com\/wp-content\/uploads\/2025\/07\/laura-pasquino-contemporary-ceramic-1536x1047.jpg 1536w, https:\/\/galerie-ancienne-poste.com\/wp-content\/uploads\/2025\/07\/laura-pasquino-contemporary-ceramic-2048x1396.jpg 2048w, https:\/\/galerie-ancienne-poste.com\/wp-content\/uploads\/2025\/07\/laura-pasquino-contemporary-ceramic-18x12.jpg 18w\" sizes=\"auto, (max-width: 1024px) 100vw, 1024px\" \/><\/div><div class=\"kadence-blocks-gallery-item__caption\">Laura Pasquino, FOLDS 3, FOLDS 21, FOLDS 22, gr\u00e8s, gr\u00e8s et porcelaine, de 18 cm \u00e0 40 cm<\/div><\/div><\/a><\/figure><\/div><\/li><li class=\"kadence-blocks-gallery-item\"><div class=\"kadence-blocks-gallery-item-inner\"><figure class=\"kb-gallery-figure kb-gallery-item-has-link kadence-blocks-gallery-item-has-caption\"><a href=\"https:\/\/galerie-ancienne-poste.com\/wp-content\/uploads\/2025\/07\/anders-borgensen-galerie-ancienne-poste.jpg\" class=\"kb-gallery-item-link\"  ><div class=\"kb-gal-image-radius\"><div class=\"kb-gallery-image-contain kadence-blocks-gallery-intrinsic kb-gallery-image-ratio-square kb-has-image-ratio-square\" ><img loading=\"lazy\" decoding=\"async\" src=\"https:\/\/galerie-ancienne-poste.com\/wp-content\/uploads\/2025\/07\/anders-borgensen-galerie-ancienne-poste-1024x946.jpg\" width=\"1024\" height=\"946\" alt=\"Anders B\u00f8rgesen - Galerie Ancienne Poste Toucy -galerie de c\u00e9ramique en France\" data-full-image=\"https:\/\/galerie-ancienne-poste.com\/wp-content\/uploads\/2025\/07\/anders-borgensen-galerie-ancienne-poste.jpg\" data-light-image=\"https:\/\/galerie-ancienne-poste.com\/wp-content\/uploads\/2025\/07\/anders-borgensen-galerie-ancienne-poste.jpg\" data-id=\"3115\" class=\"wp-image-3115\" srcset=\"https:\/\/galerie-ancienne-poste.com\/wp-content\/uploads\/2025\/07\/anders-borgensen-galerie-ancienne-poste-1024x946.jpg 1024w, https:\/\/galerie-ancienne-poste.com\/wp-content\/uploads\/2025\/07\/anders-borgensen-galerie-ancienne-poste-300x277.jpg 300w, https:\/\/galerie-ancienne-poste.com\/wp-content\/uploads\/2025\/07\/anders-borgensen-galerie-ancienne-poste-768x709.jpg 768w, https:\/\/galerie-ancienne-poste.com\/wp-content\/uploads\/2025\/07\/anders-borgensen-galerie-ancienne-poste-1536x1419.jpg 1536w, https:\/\/galerie-ancienne-poste.com\/wp-content\/uploads\/2025\/07\/anders-borgensen-galerie-ancienne-poste-13x12.jpg 13w, https:\/\/galerie-ancienne-poste.com\/wp-content\/uploads\/2025\/07\/anders-borgensen-galerie-ancienne-poste-600x554.jpg 600w, https:\/\/galerie-ancienne-poste.com\/wp-content\/uploads\/2025\/07\/anders-borgensen-galerie-ancienne-poste.jpg 1624w\" sizes=\"auto, (max-width: 1024px) 100vw, 1024px\" \/><\/div><div class=\"kadence-blocks-gallery-item__caption\">Anders B\u00f8rgesen, Untitled n\u00b012, 2025<\/div><\/div><\/a><\/figure><\/div><\/li><\/ul><\/div><\/div><\/div>\n\n<\/div><\/div>\n\n<style>.kb-row-layout-id8747_c01434-e4 > .kt-row-column-wrap{align-content:start;}:where(.kb-row-layout-id8747_c01434-e4 > .kt-row-column-wrap) > .wp-block-kadence-column{justify-content:start;}.kb-row-layout-id8747_c01434-e4 > .kt-row-column-wrap{column-gap:var(--global-kb-gap-md, 2rem);row-gap:var(--global-kb-gap-md, 2rem);max-width:var( --global-content-width, 1250px );padding-left:var(--global-content-edge-padding);padding-right:var(--global-content-edge-padding);padding-top:var(--global-kb-spacing-xs, 1rem);padding-right:var(--global-kb-spacing-sm, 1.5rem);padding-bottom:var(--global-kb-spacing-xs, 1rem);padding-left:var(--global-kb-spacing-sm, 1.5rem);grid-template-columns:minmax(0, 1fr);}.kb-row-layout-id8747_c01434-e4 > .kt-row-layout-overlay{opacity:0.30;}@media all and (max-width: 1024px){.kb-row-layout-id8747_c01434-e4 > .kt-row-column-wrap{grid-template-columns:minmax(0, 1fr);}}@media all and (max-width: 767px){.kb-row-layout-id8747_c01434-e4 > .kt-row-column-wrap{grid-template-columns:minmax(0, 1fr);}}<\/style><div class=\"kb-row-layout-wrap kb-row-layout-id8747_c01434-e4 alignnone wp-block-kadence-rowlayout\"><div class=\"kt-row-column-wrap kt-has-1-columns kt-row-layout-equal kt-tab-layout-inherit kt-mobile-layout-row kt-row-valign-top kb-theme-content-width\">\n<style>.kadence-column8747_4f03e3-51 > .kt-inside-inner-col,.kadence-column8747_4f03e3-51 > .kt-inside-inner-col:before{border-top-left-radius:0px;border-top-right-radius:0px;border-bottom-right-radius:0px;border-bottom-left-radius:0px;}.kadence-column8747_4f03e3-51 > .kt-inside-inner-col{column-gap:var(--global-kb-gap-sm, 1rem);}.kadence-column8747_4f03e3-51 > .kt-inside-inner-col{flex-direction:column;}.kadence-column8747_4f03e3-51 > .kt-inside-inner-col > .aligncenter{width:100%;}.kadence-column8747_4f03e3-51 > .kt-inside-inner-col:before{opacity:0.3;}.kadence-column8747_4f03e3-51{position:relative;}@media all and (max-width: 1024px){.kadence-column8747_4f03e3-51 > .kt-inside-inner-col{flex-direction:column;justify-content:center;}}@media all and (max-width: 767px){.kadence-column8747_4f03e3-51 > .kt-inside-inner-col{padding-right:var(--global-kb-spacing-xs, 1rem);padding-left:var(--global-kb-spacing-xs, 1rem);flex-direction:column;justify-content:center;}}<\/style>\n<div class=\"wp-block-kadence-column kadence-column8747_4f03e3-51\"><div class=\"kt-inside-inner-col\">\n<p>Au fil de la programmation annuelle de la galerie, certains ont connu \u00e0 Toucy leur premi\u00e8re exposition personnelle en France (Anders B\u00f8rgesen), alors que d&rsquo;autres sont revenus \u00e0 la galerie pour pr\u00e9senter une nouvelle \u00e9tape de leur travail. L\u2019exposition r\u00e9trospective permet ainsi de revoir des oeuvres pr\u00e9sent\u00e9es l\u2019an dernier, mais aussi d\u2019en d\u00e9couvrir de nouvelles.<br>Au total, le lieu poyaudin qui promeut sans rel\u00e2che et avec d\u00e9termination depuis vingt-neuf ans la c\u00e9ramique artistique, se trouve aujourd\u2019hui particuli\u00e8rement en phase avec la volont\u00e9 nationale de mettre en valeur la diversit\u00e9 et la richesse des m\u00e9tiers d&rsquo;art.<\/p>\n<\/div><\/div>\n\n<\/div><\/div>\n\n<style>.kb-row-layout-id8747_30503d-0a > .kt-row-column-wrap{align-content:start;}:where(.kb-row-layout-id8747_30503d-0a > .kt-row-column-wrap) > .wp-block-kadence-column{justify-content:start;}.kb-row-layout-id8747_30503d-0a > .kt-row-column-wrap{column-gap:var(--global-kb-gap-md, 2rem);row-gap:var(--global-kb-gap-md, 2rem);padding-top:var(--global-kb-spacing-xs, 1rem);padding-right:var(--global-kb-spacing-xs, 1rem);padding-bottom:var(--global-kb-spacing-xs, 1rem);padding-left:var(--global-kb-spacing-xs, 1rem);grid-template-columns:minmax(0, 1fr);}.kb-row-layout-id8747_30503d-0a > .kt-row-layout-overlay{opacity:0.30;}@media all and (max-width: 1024px){.kb-row-layout-id8747_30503d-0a > .kt-row-column-wrap{grid-template-columns:minmax(0, 1fr);}}@media all and (max-width: 767px){.kb-row-layout-id8747_30503d-0a > .kt-row-column-wrap{grid-template-columns:minmax(0, 1fr);}}<\/style><div class=\"kb-row-layout-wrap kb-row-layout-id8747_30503d-0a alignwide wp-block-kadence-rowlayout\"><div class=\"kt-row-column-wrap kt-has-1-columns kt-row-layout-equal kt-tab-layout-inherit kt-mobile-layout-row kt-row-valign-top\">\n<style>.kadence-column8747_e4dee8-00 > .kt-inside-inner-col,.kadence-column8747_e4dee8-00 > .kt-inside-inner-col:before{border-top-left-radius:0px;border-top-right-radius:0px;border-bottom-right-radius:0px;border-bottom-left-radius:0px;}.kadence-column8747_e4dee8-00 > .kt-inside-inner-col{column-gap:var(--global-kb-gap-sm, 1rem);}.kadence-column8747_e4dee8-00 > .kt-inside-inner-col{flex-direction:column;}.kadence-column8747_e4dee8-00 > .kt-inside-inner-col > .aligncenter{width:100%;}.kadence-column8747_e4dee8-00 > .kt-inside-inner-col:before{opacity:0.3;}.kadence-column8747_e4dee8-00{position:relative;}@media all and (max-width: 1024px){.kadence-column8747_e4dee8-00 > .kt-inside-inner-col{flex-direction:column;justify-content:center;}}@media all and (max-width: 767px){.kadence-column8747_e4dee8-00 > .kt-inside-inner-col{flex-direction:column;justify-content:center;}}<\/style>\n<div class=\"wp-block-kadence-column kadence-column8747_e4dee8-00\"><div class=\"kt-inside-inner-col\"><style>.wp-block-kadence-advancedgallery .kb-gallery-type-grid.kb-gallery-id-8747_f6f2ff-aa{margin:-5px;}.kb-gallery-type-grid.kb-gallery-id-8747_f6f2ff-aa .kadence-blocks-gallery-item{padding:5px;}.kb-gallery-id-8747_f6f2ff-aa .kadence-blocks-gallery-item .kb-gal-image-radius, .kb-gallery-id-8747_f6f2ff-aa .kb-slide-item .kb-gal-image-radius img{border-radius:0px 0px 0px 0px;;}.kb-gallery-caption-style-bottom.kb-gallery-id-8747_f6f2ff-aa .kadence-blocks-gallery-item .kadence-blocks-gallery-item-inner .kadence-blocks-gallery-item__caption, .kb-gallery-caption-style-bottom-hover.kb-gallery-id-8747_f6f2ff-aa .kadence-blocks-gallery-item .kadence-blocks-gallery-item-inner .kadence-blocks-gallery-item__caption{background:linear-gradient(0deg, rgba(0, 0, 0, 0.8) 0, rgba(0, 0, 0, 0) 100%);}<\/style><div class=\"kb-gallery-wrap-id-8747_f6f2ff-aa alignnone wp-block-kadence-advancedgallery\"><ul class=\"kb-gallery-ul kb-gallery-non-static kb-gallery-type-grid kb-gallery-id-8747_f6f2ff-aa kb-gallery-caption-style-bottom-hover kb-gallery-filter-none\" data-image-filter=\"none\" data-item-selector=\".kadence-blocks-gallery-item\" data-lightbox-caption=\"true\" data-columns-xxl=\"4\" data-columns-xl=\"4\" data-columns-md=\"4\" data-columns-sm=\"3\" data-columns-xs=\"2\" data-columns-ss=\"2\"><li class=\"kadence-blocks-gallery-item\" tabindex=\"0\"><div class=\"kadence-blocks-gallery-item-inner\"><figure class=\"kb-gallery-figure kadence-blocks-gallery-item-has-caption\"><div class=\"kb-gal-image-radius\"><div class=\"kb-gallery-image-contain kadence-blocks-gallery-intrinsic kb-gallery-image-ratio-square kb-has-image-ratio-square\" ><img loading=\"lazy\" decoding=\"async\" src=\"https:\/\/galerie-ancienne-poste.com\/wp-content\/uploads\/2025\/07\/sculpture-ceramique-palma-babos-1024x922.jpg\" width=\"1024\" height=\"922\" alt=\"exposition P\u00e1lma Babos - galerie Palma Babos en France - porcelaine Palma Babos - expo Palma Babos\" data-full-image=\"https:\/\/galerie-ancienne-poste.com\/wp-content\/uploads\/2025\/07\/sculpture-ceramique-palma-babos.jpg\" data-light-image=\"https:\/\/galerie-ancienne-poste.com\/wp-content\/uploads\/2025\/07\/sculpture-ceramique-palma-babos.jpg\" data-id=\"370\" class=\"wp-image-370\" srcset=\"https:\/\/galerie-ancienne-poste.com\/wp-content\/uploads\/2025\/07\/sculpture-ceramique-palma-babos-1024x922.jpg 1024w, https:\/\/galerie-ancienne-poste.com\/wp-content\/uploads\/2025\/07\/sculpture-ceramique-palma-babos-300x270.jpg 300w, https:\/\/galerie-ancienne-poste.com\/wp-content\/uploads\/2025\/07\/sculpture-ceramique-palma-babos-768x691.jpg 768w, https:\/\/galerie-ancienne-poste.com\/wp-content\/uploads\/2025\/07\/sculpture-ceramique-palma-babos-1536x1382.jpg 1536w, https:\/\/galerie-ancienne-poste.com\/wp-content\/uploads\/2025\/07\/sculpture-ceramique-palma-babos-13x12.jpg 13w, https:\/\/galerie-ancienne-poste.com\/wp-content\/uploads\/2025\/07\/sculpture-ceramique-palma-babos.jpg 2000w\" sizes=\"auto, (max-width: 1024px) 100vw, 1024px\" \/><\/div><div class=\"kadence-blocks-gallery-item__caption\">P\u00e1lma Babos, N\u00b08. Multicolor Tower I, 2025. <\/div><\/div><\/figure><\/div><\/li><li class=\"kadence-blocks-gallery-item\" tabindex=\"0\"><div class=\"kadence-blocks-gallery-item-inner\"><figure class=\"kb-gallery-figure kadence-blocks-gallery-item-has-caption\"><div class=\"kb-gal-image-radius\"><div class=\"kb-gallery-image-contain kadence-blocks-gallery-intrinsic kb-gallery-image-ratio-square kb-has-image-ratio-square\" ><img loading=\"lazy\" decoding=\"async\" src=\"https:\/\/galerie-ancienne-poste.com\/wp-content\/uploads\/2025\/07\/palam-babos-sculpture-ceramique-1024x924.jpg\" width=\"1024\" height=\"924\" alt=\"P\u00e1lma Babos\" data-full-image=\"https:\/\/galerie-ancienne-poste.com\/wp-content\/uploads\/2025\/07\/palam-babos-sculpture-ceramique.jpg\" data-light-image=\"https:\/\/galerie-ancienne-poste.com\/wp-content\/uploads\/2025\/07\/palam-babos-sculpture-ceramique.jpg\" data-id=\"362\" class=\"wp-image-362\" srcset=\"https:\/\/galerie-ancienne-poste.com\/wp-content\/uploads\/2025\/07\/palam-babos-sculpture-ceramique-1024x924.jpg 1024w, https:\/\/galerie-ancienne-poste.com\/wp-content\/uploads\/2025\/07\/palam-babos-sculpture-ceramique-300x271.jpg 300w, https:\/\/galerie-ancienne-poste.com\/wp-content\/uploads\/2025\/07\/palam-babos-sculpture-ceramique-768x693.jpg 768w, https:\/\/galerie-ancienne-poste.com\/wp-content\/uploads\/2025\/07\/palam-babos-sculpture-ceramique-1536x1386.jpg 1536w, https:\/\/galerie-ancienne-poste.com\/wp-content\/uploads\/2025\/07\/palam-babos-sculpture-ceramique-13x12.jpg 13w, https:\/\/galerie-ancienne-poste.com\/wp-content\/uploads\/2025\/07\/palam-babos-sculpture-ceramique.jpg 1995w\" sizes=\"auto, (max-width: 1024px) 100vw, 1024px\" \/><\/div><div class=\"kadence-blocks-gallery-item__caption\">P\u00e1lma Babos, N\u00b02 Blue Tower, 2024<\/div><\/div><\/figure><\/div><\/li><li class=\"kadence-blocks-gallery-item\" tabindex=\"0\"><div class=\"kadence-blocks-gallery-item-inner\"><figure class=\"kb-gallery-figure kadence-blocks-gallery-item-has-caption\"><div class=\"kb-gal-image-radius\"><div class=\"kb-gallery-image-contain kadence-blocks-gallery-intrinsic kb-gallery-image-ratio-square kb-has-image-ratio-square\" ><img loading=\"lazy\" decoding=\"async\" src=\"https:\/\/galerie-ancienne-poste.com\/wp-content\/uploads\/2026\/01\/anders-borgesen-ceramique-2026-804x1024.jpg\" width=\"804\" height=\"1024\" alt=\"Anders Borgesen\" data-full-image=\"https:\/\/galerie-ancienne-poste.com\/wp-content\/uploads\/2026\/01\/anders-borgesen-ceramique-2026.jpg\" data-light-image=\"https:\/\/galerie-ancienne-poste.com\/wp-content\/uploads\/2026\/01\/anders-borgesen-ceramique-2026.jpg\" data-id=\"9061\" class=\"wp-image-9061\" srcset=\"https:\/\/galerie-ancienne-poste.com\/wp-content\/uploads\/2026\/01\/anders-borgesen-ceramique-2026-804x1024.jpg 804w, https:\/\/galerie-ancienne-poste.com\/wp-content\/uploads\/2026\/01\/anders-borgesen-ceramique-2026-236x300.jpg 236w, https:\/\/galerie-ancienne-poste.com\/wp-content\/uploads\/2026\/01\/anders-borgesen-ceramique-2026-768x978.jpg 768w, https:\/\/galerie-ancienne-poste.com\/wp-content\/uploads\/2026\/01\/anders-borgesen-ceramique-2026-9x12.jpg 9w, https:\/\/galerie-ancienne-poste.com\/wp-content\/uploads\/2026\/01\/anders-borgesen-ceramique-2026-600x764.jpg 600w, https:\/\/galerie-ancienne-poste.com\/wp-content\/uploads\/2026\/01\/anders-borgesen-ceramique-2026.jpg 831w\" sizes=\"auto, (max-width: 804px) 100vw, 804px\" \/><\/div><div class=\"kadence-blocks-gallery-item__caption\">Anders B\u00f8rgesen, Turquoise with dots, 2025<\/div><\/div><\/figure><\/div><\/li><li class=\"kadence-blocks-gallery-item\" tabindex=\"0\"><div class=\"kadence-blocks-gallery-item-inner\"><figure class=\"kb-gallery-figure kadence-blocks-gallery-item-has-caption\"><div class=\"kb-gal-image-radius\"><div class=\"kb-gallery-image-contain kadence-blocks-gallery-intrinsic kb-gallery-image-ratio-square kb-has-image-ratio-square\" ><img loading=\"lazy\" decoding=\"async\" src=\"https:\/\/galerie-ancienne-poste.com\/wp-content\/uploads\/2026\/01\/anders-borgesen-ceramics-2026-999x1024.jpg\" width=\"999\" height=\"1024\" alt=\"Anders Borgesen\" data-full-image=\"https:\/\/galerie-ancienne-poste.com\/wp-content\/uploads\/2026\/01\/anders-borgesen-ceramics-2026.jpg\" data-light-image=\"https:\/\/galerie-ancienne-poste.com\/wp-content\/uploads\/2026\/01\/anders-borgesen-ceramics-2026.jpg\" data-id=\"9060\" class=\"wp-image-9060\" srcset=\"https:\/\/galerie-ancienne-poste.com\/wp-content\/uploads\/2026\/01\/anders-borgesen-ceramics-2026-999x1024.jpg 999w, https:\/\/galerie-ancienne-poste.com\/wp-content\/uploads\/2026\/01\/anders-borgesen-ceramics-2026-293x300.jpg 293w, https:\/\/galerie-ancienne-poste.com\/wp-content\/uploads\/2026\/01\/anders-borgesen-ceramics-2026-768x787.jpg 768w, https:\/\/galerie-ancienne-poste.com\/wp-content\/uploads\/2026\/01\/anders-borgesen-ceramics-2026-12x12.jpg 12w, https:\/\/galerie-ancienne-poste.com\/wp-content\/uploads\/2026\/01\/anders-borgesen-ceramics-2026-600x615.jpg 600w, https:\/\/galerie-ancienne-poste.com\/wp-content\/uploads\/2026\/01\/anders-borgesen-ceramics-2026.jpg 1464w\" sizes=\"auto, (max-width: 999px) 100vw, 999px\" \/><\/div><div class=\"kadence-blocks-gallery-item__caption\">Anders B\u00f8rgesen, Light green, 2025<\/div><\/div><\/figure><\/div><\/li><li class=\"kadence-blocks-gallery-item\" tabindex=\"0\"><div class=\"kadence-blocks-gallery-item-inner\"><figure class=\"kb-gallery-figure kadence-blocks-gallery-item-has-caption\"><div class=\"kb-gal-image-radius\"><div class=\"kb-gallery-image-contain kadence-blocks-gallery-intrinsic kb-gallery-image-ratio-square kb-has-image-ratio-square\" ><img loading=\"lazy\" decoding=\"async\" src=\"https:\/\/galerie-ancienne-poste.com\/wp-content\/uploads\/2026\/01\/audrey-ballacchino-2023-902x1024.jpg\" width=\"902\" height=\"1024\" alt=\"Audrey Ballacchino - Galerie de l&#039;Ancienne Poste - exposition c\u00e9ramique contemporaine\" data-full-image=\"https:\/\/galerie-ancienne-poste.com\/wp-content\/uploads\/2026\/01\/audrey-ballacchino-2023.jpg\" data-light-image=\"https:\/\/galerie-ancienne-poste.com\/wp-content\/uploads\/2026\/01\/audrey-ballacchino-2023.jpg\" data-id=\"8973\" class=\"wp-image-8973\" srcset=\"https:\/\/galerie-ancienne-poste.com\/wp-content\/uploads\/2026\/01\/audrey-ballacchino-2023-902x1024.jpg 902w, https:\/\/galerie-ancienne-poste.com\/wp-content\/uploads\/2026\/01\/audrey-ballacchino-2023-264x300.jpg 264w, https:\/\/galerie-ancienne-poste.com\/wp-content\/uploads\/2026\/01\/audrey-ballacchino-2023-768x871.jpg 768w, https:\/\/galerie-ancienne-poste.com\/wp-content\/uploads\/2026\/01\/audrey-ballacchino-2023-11x12.jpg 11w, https:\/\/galerie-ancienne-poste.com\/wp-content\/uploads\/2026\/01\/audrey-ballacchino-2023-600x681.jpg 600w, https:\/\/galerie-ancienne-poste.com\/wp-content\/uploads\/2026\/01\/audrey-ballacchino-2023.jpg 1166w\" sizes=\"auto, (max-width: 902px) 100vw, 902px\" \/><\/div><div class=\"kadence-blocks-gallery-item__caption\">Audrey Ballacchino, Panier garni jaune, 2023<\/div><\/div><\/figure><\/div><\/li><li class=\"kadence-blocks-gallery-item\" tabindex=\"0\"><div class=\"kadence-blocks-gallery-item-inner\"><figure class=\"kb-gallery-figure kadence-blocks-gallery-item-has-caption\"><div class=\"kb-gal-image-radius\"><div class=\"kb-gallery-image-contain kadence-blocks-gallery-intrinsic kb-gallery-image-ratio-square kb-has-image-ratio-square\" ><img loading=\"lazy\" decoding=\"async\" src=\"https:\/\/galerie-ancienne-poste.com\/wp-content\/uploads\/2026\/01\/audrey-ballacchino-2026-1024x804.jpg\" width=\"1024\" height=\"804\" alt=\"Audrey Ballacchino - Galerie de l&#039;Ancienne Poste - expos c\u00e9ramique contemporaine\" data-full-image=\"https:\/\/galerie-ancienne-poste.com\/wp-content\/uploads\/2026\/01\/audrey-ballacchino-2026.jpg\" data-light-image=\"https:\/\/galerie-ancienne-poste.com\/wp-content\/uploads\/2026\/01\/audrey-ballacchino-2026.jpg\" data-id=\"8974\" class=\"wp-image-8974\" srcset=\"https:\/\/galerie-ancienne-poste.com\/wp-content\/uploads\/2026\/01\/audrey-ballacchino-2026-1024x804.jpg 1024w, https:\/\/galerie-ancienne-poste.com\/wp-content\/uploads\/2026\/01\/audrey-ballacchino-2026-300x235.jpg 300w, https:\/\/galerie-ancienne-poste.com\/wp-content\/uploads\/2026\/01\/audrey-ballacchino-2026-768x603.jpg 768w, https:\/\/galerie-ancienne-poste.com\/wp-content\/uploads\/2026\/01\/audrey-ballacchino-2026-15x12.jpg 15w, https:\/\/galerie-ancienne-poste.com\/wp-content\/uploads\/2026\/01\/audrey-ballacchino-2026-600x471.jpg 600w, https:\/\/galerie-ancienne-poste.com\/wp-content\/uploads\/2026\/01\/audrey-ballacchino-2026.jpg 1134w\" sizes=\"auto, (max-width: 1024px) 100vw, 1024px\" \/><\/div><div class=\"kadence-blocks-gallery-item__caption\">Audrey Ballacchino, Grande coupe aux six oranges et une fleur sur son socle noir, 2024-2025<\/div><\/div><\/figure><\/div><\/li><li class=\"kadence-blocks-gallery-item\" tabindex=\"0\"><div class=\"kadence-blocks-gallery-item-inner\"><figure class=\"kb-gallery-figure kadence-blocks-gallery-item-has-caption\"><div class=\"kb-gal-image-radius\"><div class=\"kb-gallery-image-contain kadence-blocks-gallery-intrinsic kb-gallery-image-ratio-square kb-has-image-ratio-square\" ><img loading=\"lazy\" decoding=\"async\" src=\"https:\/\/galerie-ancienne-poste.com\/wp-content\/uploads\/2025\/07\/alistair-danhieux-8-1000x1024.jpg\" width=\"1000\" height=\"1024\" alt=\"exposition Alistair Danhieux \u00e0 la Galerie de l&#039;Ancienne Poste\" data-full-image=\"https:\/\/galerie-ancienne-poste.com\/wp-content\/uploads\/2025\/07\/alistair-danhieux-8.jpg\" data-light-image=\"https:\/\/galerie-ancienne-poste.com\/wp-content\/uploads\/2025\/07\/alistair-danhieux-8.jpg\" data-id=\"271\" class=\"wp-image-271\" srcset=\"https:\/\/galerie-ancienne-poste.com\/wp-content\/uploads\/2025\/07\/alistair-danhieux-8-1000x1024.jpg 1000w, https:\/\/galerie-ancienne-poste.com\/wp-content\/uploads\/2025\/07\/alistair-danhieux-8-293x300.jpg 293w, https:\/\/galerie-ancienne-poste.com\/wp-content\/uploads\/2025\/07\/alistair-danhieux-8-768x786.jpg 768w, https:\/\/galerie-ancienne-poste.com\/wp-content\/uploads\/2025\/07\/alistair-danhieux-8-12x12.jpg 12w, https:\/\/galerie-ancienne-poste.com\/wp-content\/uploads\/2025\/07\/alistair-danhieux-8.jpg 1500w\" sizes=\"auto, (max-width: 1000px) 100vw, 1000px\" \/><\/div><div class=\"kadence-blocks-gallery-item__caption\">Alistair Danhieux, Untitled n\u00b070, 2025<\/div><\/div><\/figure><\/div><\/li><li class=\"kadence-blocks-gallery-item\" tabindex=\"0\"><div class=\"kadence-blocks-gallery-item-inner\"><figure class=\"kb-gallery-figure kadence-blocks-gallery-item-has-caption\"><div class=\"kb-gal-image-radius\"><div class=\"kb-gallery-image-contain kadence-blocks-gallery-intrinsic kb-gallery-image-ratio-square kb-has-image-ratio-square\" ><img loading=\"lazy\" decoding=\"async\" src=\"https:\/\/galerie-ancienne-poste.com\/wp-content\/uploads\/2025\/07\/alistair-danhieux-3-1000x1024.jpg\" width=\"1000\" height=\"1024\" alt=\"c\u00e9ramique Alistair Danhieux - expo Alistair Danhieux - collection Alistair Danhieux\" data-full-image=\"https:\/\/galerie-ancienne-poste.com\/wp-content\/uploads\/2025\/07\/alistair-danhieux-3.jpg\" data-light-image=\"https:\/\/galerie-ancienne-poste.com\/wp-content\/uploads\/2025\/07\/alistair-danhieux-3.jpg\" data-id=\"269\" class=\"wp-image-269\" srcset=\"https:\/\/galerie-ancienne-poste.com\/wp-content\/uploads\/2025\/07\/alistair-danhieux-3-1000x1024.jpg 1000w, https:\/\/galerie-ancienne-poste.com\/wp-content\/uploads\/2025\/07\/alistair-danhieux-3-293x300.jpg 293w, https:\/\/galerie-ancienne-poste.com\/wp-content\/uploads\/2025\/07\/alistair-danhieux-3-768x786.jpg 768w, https:\/\/galerie-ancienne-poste.com\/wp-content\/uploads\/2025\/07\/alistair-danhieux-3-12x12.jpg 12w, https:\/\/galerie-ancienne-poste.com\/wp-content\/uploads\/2025\/07\/alistair-danhieux-3.jpg 1500w\" sizes=\"auto, (max-width: 1000px) 100vw, 1000px\" \/><\/div><div class=\"kadence-blocks-gallery-item__caption\">Alistair Danhieux, Sans titre n\u00b063, 2025<\/div><\/div><\/figure><\/div><\/li><li class=\"kadence-blocks-gallery-item\" tabindex=\"0\"><div class=\"kadence-blocks-gallery-item-inner\"><figure class=\"kb-gallery-figure kadence-blocks-gallery-item-has-caption\"><div class=\"kb-gal-image-radius\"><div class=\"kb-gallery-image-contain kadence-blocks-gallery-intrinsic kb-gallery-image-ratio-square kb-has-image-ratio-square\" ><img loading=\"lazy\" decoding=\"async\" src=\"https:\/\/galerie-ancienne-poste.com\/wp-content\/uploads\/2025\/06\/ceramiques-sophie-favre-910x1024.jpg\" width=\"910\" height=\"1024\" alt=\"Sophie Favre - expo c\u00e9ramique en Puisaye - terre cuite - sculpture c\u00e9ramique\" data-full-image=\"https:\/\/galerie-ancienne-poste.com\/wp-content\/uploads\/2025\/06\/ceramiques-sophie-favre.jpg\" data-light-image=\"https:\/\/galerie-ancienne-poste.com\/wp-content\/uploads\/2025\/06\/ceramiques-sophie-favre.jpg\" data-id=\"99\" class=\"wp-image-99\" srcset=\"https:\/\/galerie-ancienne-poste.com\/wp-content\/uploads\/2025\/06\/ceramiques-sophie-favre-910x1024.jpg 910w, https:\/\/galerie-ancienne-poste.com\/wp-content\/uploads\/2025\/06\/ceramiques-sophie-favre-267x300.jpg 267w, https:\/\/galerie-ancienne-poste.com\/wp-content\/uploads\/2025\/06\/ceramiques-sophie-favre-768x864.jpg 768w, https:\/\/galerie-ancienne-poste.com\/wp-content\/uploads\/2025\/06\/ceramiques-sophie-favre-11x12.jpg 11w, https:\/\/galerie-ancienne-poste.com\/wp-content\/uploads\/2025\/06\/ceramiques-sophie-favre.jpg 1333w\" sizes=\"auto, (max-width: 910px) 100vw, 910px\" \/><\/div><div class=\"kadence-blocks-gallery-item__caption\">Sophie Favre, Bouquet de souris, 2025<\/div><\/div><\/figure><\/div><\/li><li class=\"kadence-blocks-gallery-item\" tabindex=\"0\"><div class=\"kadence-blocks-gallery-item-inner\"><figure class=\"kb-gallery-figure kadence-blocks-gallery-item-has-caption\"><div class=\"kb-gal-image-radius\"><div class=\"kb-gallery-image-contain kadence-blocks-gallery-intrinsic kb-gallery-image-ratio-square kb-has-image-ratio-square\" ><img loading=\"lazy\" decoding=\"async\" src=\"https:\/\/galerie-ancienne-poste.com\/wp-content\/uploads\/2025\/06\/sophie-favre-bronze-2025-910x1024.jpg\" width=\"910\" height=\"1024\" alt=\"Bronze Sophie Favre - sculpture en bronze - Sophie Favre bronze\" data-full-image=\"https:\/\/galerie-ancienne-poste.com\/wp-content\/uploads\/2025\/06\/sophie-favre-bronze-2025.jpg\" data-light-image=\"https:\/\/galerie-ancienne-poste.com\/wp-content\/uploads\/2025\/06\/sophie-favre-bronze-2025.jpg\" data-id=\"97\" class=\"wp-image-97\" srcset=\"https:\/\/galerie-ancienne-poste.com\/wp-content\/uploads\/2025\/06\/sophie-favre-bronze-2025-910x1024.jpg 910w, https:\/\/galerie-ancienne-poste.com\/wp-content\/uploads\/2025\/06\/sophie-favre-bronze-2025-267x300.jpg 267w, https:\/\/galerie-ancienne-poste.com\/wp-content\/uploads\/2025\/06\/sophie-favre-bronze-2025-768x864.jpg 768w, https:\/\/galerie-ancienne-poste.com\/wp-content\/uploads\/2025\/06\/sophie-favre-bronze-2025-11x12.jpg 11w, https:\/\/galerie-ancienne-poste.com\/wp-content\/uploads\/2025\/06\/sophie-favre-bronze-2025.jpg 1333w\" sizes=\"auto, (max-width: 910px) 100vw, 910px\" \/><\/div><div class=\"kadence-blocks-gallery-item__caption\">Sophie Favre, Le costaud, 2025<\/div><\/div><\/figure><\/div><\/li><li class=\"kadence-blocks-gallery-item\" tabindex=\"0\"><div class=\"kadence-blocks-gallery-item-inner\"><figure class=\"kb-gallery-figure kadence-blocks-gallery-item-has-caption\"><div class=\"kb-gal-image-radius\"><div class=\"kb-gallery-image-contain kadence-blocks-gallery-intrinsic kb-gallery-image-ratio-square kb-has-image-ratio-square\" ><img loading=\"lazy\" decoding=\"async\" src=\"https:\/\/galerie-ancienne-poste.com\/wp-content\/uploads\/2026\/01\/ahryun-lee-2026-852x1024.jpg\" width=\"852\" height=\"1024\" alt=\"Ahryun Lee - Galerie de l&#039;Ancienne Poste - exposition c\u00e9ramique contemporaine\" data-full-image=\"https:\/\/galerie-ancienne-poste.com\/wp-content\/uploads\/2026\/01\/ahryun-lee-2026.jpg\" data-light-image=\"https:\/\/galerie-ancienne-poste.com\/wp-content\/uploads\/2026\/01\/ahryun-lee-2026.jpg\" data-id=\"8971\" class=\"wp-image-8971\" srcset=\"https:\/\/galerie-ancienne-poste.com\/wp-content\/uploads\/2026\/01\/ahryun-lee-2026-852x1024.jpg 852w, https:\/\/galerie-ancienne-poste.com\/wp-content\/uploads\/2026\/01\/ahryun-lee-2026-250x300.jpg 250w, https:\/\/galerie-ancienne-poste.com\/wp-content\/uploads\/2026\/01\/ahryun-lee-2026-768x923.jpg 768w, https:\/\/galerie-ancienne-poste.com\/wp-content\/uploads\/2026\/01\/ahryun-lee-2026-10x12.jpg 10w, https:\/\/galerie-ancienne-poste.com\/wp-content\/uploads\/2026\/01\/ahryun-lee-2026-600x721.jpg 600w, https:\/\/galerie-ancienne-poste.com\/wp-content\/uploads\/2026\/01\/ahryun-lee-2026.jpg 1106w\" sizes=\"auto, (max-width: 852px) 100vw, 852px\" \/><\/div><div class=\"kadence-blocks-gallery-item__caption\">Ahryun Lee, Hoppy, 2025<\/div><\/div><\/figure><\/div><\/li><li class=\"kadence-blocks-gallery-item\" tabindex=\"0\"><div class=\"kadence-blocks-gallery-item-inner\"><figure class=\"kb-gallery-figure kadence-blocks-gallery-item-has-caption\"><div class=\"kb-gal-image-radius\"><div class=\"kb-gallery-image-contain kadence-blocks-gallery-intrinsic kb-gallery-image-ratio-square kb-has-image-ratio-square\" ><img loading=\"lazy\" decoding=\"async\" src=\"https:\/\/galerie-ancienne-poste.com\/wp-content\/uploads\/2025\/11\/ahryun-lee-sculpture-porcelaine-1024x1024.jpg\" width=\"1024\" height=\"1024\" alt=\"Ahryun Lee - sculpture porcelaine - porcelaine contemporaine - c\u00e9ramqiue contemporaine France - c\u00e9ramique en Puisaye\" data-full-image=\"https:\/\/galerie-ancienne-poste.com\/wp-content\/uploads\/2025\/11\/ahryun-lee-sculpture-porcelaine.jpg\" data-light-image=\"https:\/\/galerie-ancienne-poste.com\/wp-content\/uploads\/2025\/11\/ahryun-lee-sculpture-porcelaine.jpg\" data-id=\"8686\" class=\"wp-image-8686\" srcset=\"https:\/\/galerie-ancienne-poste.com\/wp-content\/uploads\/2025\/11\/ahryun-lee-sculpture-porcelaine-1024x1024.jpg 1024w, https:\/\/galerie-ancienne-poste.com\/wp-content\/uploads\/2025\/11\/ahryun-lee-sculpture-porcelaine-300x300.jpg 300w, https:\/\/galerie-ancienne-poste.com\/wp-content\/uploads\/2025\/11\/ahryun-lee-sculpture-porcelaine-150x150.jpg 150w, https:\/\/galerie-ancienne-poste.com\/wp-content\/uploads\/2025\/11\/ahryun-lee-sculpture-porcelaine-768x768.jpg 768w, https:\/\/galerie-ancienne-poste.com\/wp-content\/uploads\/2025\/11\/ahryun-lee-sculpture-porcelaine-12x12.jpg 12w, https:\/\/galerie-ancienne-poste.com\/wp-content\/uploads\/2025\/11\/ahryun-lee-sculpture-porcelaine-600x600.jpg 600w, https:\/\/galerie-ancienne-poste.com\/wp-content\/uploads\/2025\/11\/ahryun-lee-sculpture-porcelaine-100x100.jpg 100w, https:\/\/galerie-ancienne-poste.com\/wp-content\/uploads\/2025\/11\/ahryun-lee-sculpture-porcelaine.jpg 1500w\" sizes=\"auto, (max-width: 1024px) 100vw, 1024px\" \/><\/div><div class=\"kadence-blocks-gallery-item__caption\"> Ahryun Lee, Bloom VI et Bloom VIII, 2025<\/div><\/div><\/figure><\/div><\/li><li class=\"kadence-blocks-gallery-item\" tabindex=\"0\"><div class=\"kadence-blocks-gallery-item-inner\"><figure class=\"kb-gallery-figure kadence-blocks-gallery-item-has-caption\"><div class=\"kb-gal-image-radius\"><div class=\"kb-gallery-image-contain kadence-blocks-gallery-intrinsic kb-gallery-image-ratio-square kb-has-image-ratio-square\" ><img loading=\"lazy\" decoding=\"async\" src=\"https:\/\/galerie-ancienne-poste.com\/wp-content\/uploads\/2025\/10\/exposition-ahryun-lee-2025-1024x1024.jpg\" width=\"1024\" height=\"1024\" alt=\"exposition Ahryun Lee - Galarie de l&#039;Ancienne Poste - exposition de c\u00e9ramique contemporaine - c\u00e9ramique d&#039;art contemporaine - galerie de c\u00e9ramique en France\" data-full-image=\"https:\/\/galerie-ancienne-poste.com\/wp-content\/uploads\/2025\/10\/exposition-ahryun-lee-2025.jpg\" data-light-image=\"https:\/\/galerie-ancienne-poste.com\/wp-content\/uploads\/2025\/10\/exposition-ahryun-lee-2025.jpg\" data-id=\"8578\" class=\"wp-image-8578\" srcset=\"https:\/\/galerie-ancienne-poste.com\/wp-content\/uploads\/2025\/10\/exposition-ahryun-lee-2025-1024x1024.jpg 1024w, https:\/\/galerie-ancienne-poste.com\/wp-content\/uploads\/2025\/10\/exposition-ahryun-lee-2025-300x300.jpg 300w, https:\/\/galerie-ancienne-poste.com\/wp-content\/uploads\/2025\/10\/exposition-ahryun-lee-2025-150x150.jpg 150w, https:\/\/galerie-ancienne-poste.com\/wp-content\/uploads\/2025\/10\/exposition-ahryun-lee-2025-768x768.jpg 768w, https:\/\/galerie-ancienne-poste.com\/wp-content\/uploads\/2025\/10\/exposition-ahryun-lee-2025-12x12.jpg 12w, https:\/\/galerie-ancienne-poste.com\/wp-content\/uploads\/2025\/10\/exposition-ahryun-lee-2025-600x600.jpg 600w, https:\/\/galerie-ancienne-poste.com\/wp-content\/uploads\/2025\/10\/exposition-ahryun-lee-2025-100x100.jpg 100w, https:\/\/galerie-ancienne-poste.com\/wp-content\/uploads\/2025\/10\/exposition-ahryun-lee-2025.jpg 1500w\" sizes=\"auto, (max-width: 1024px) 100vw, 1024px\" \/><\/div><div class=\"kadence-blocks-gallery-item__caption\">Ahryun Lee, Mellow, 2025<\/div><\/div><\/figure><\/div><\/li><li class=\"kadence-blocks-gallery-item\" tabindex=\"0\"><div class=\"kadence-blocks-gallery-item-inner\"><figure class=\"kb-gallery-figure kadence-blocks-gallery-item-has-caption\"><div class=\"kb-gal-image-radius\"><div class=\"kb-gallery-image-contain kadence-blocks-gallery-intrinsic kb-gallery-image-ratio-square kb-has-image-ratio-square\" ><img loading=\"lazy\" decoding=\"async\" src=\"https:\/\/galerie-ancienne-poste.com\/wp-content\/uploads\/2026\/01\/laura-pasquino-ceramics-2026-956x1024.jpg\" width=\"956\" height=\"1024\" alt=\"Laura Pasquino ceramics - Laura pasquino works 2026 - ceramic gallery - contemporary ceramics\" data-full-image=\"https:\/\/galerie-ancienne-poste.com\/wp-content\/uploads\/2026\/01\/laura-pasquino-ceramics-2026.jpg\" data-light-image=\"https:\/\/galerie-ancienne-poste.com\/wp-content\/uploads\/2026\/01\/laura-pasquino-ceramics-2026.jpg\" data-id=\"8977\" class=\"wp-image-8977\" srcset=\"https:\/\/galerie-ancienne-poste.com\/wp-content\/uploads\/2026\/01\/laura-pasquino-ceramics-2026-956x1024.jpg 956w, https:\/\/galerie-ancienne-poste.com\/wp-content\/uploads\/2026\/01\/laura-pasquino-ceramics-2026-280x300.jpg 280w, https:\/\/galerie-ancienne-poste.com\/wp-content\/uploads\/2026\/01\/laura-pasquino-ceramics-2026-768x823.jpg 768w, https:\/\/galerie-ancienne-poste.com\/wp-content\/uploads\/2026\/01\/laura-pasquino-ceramics-2026-11x12.jpg 11w, https:\/\/galerie-ancienne-poste.com\/wp-content\/uploads\/2026\/01\/laura-pasquino-ceramics-2026-600x643.jpg 600w, https:\/\/galerie-ancienne-poste.com\/wp-content\/uploads\/2026\/01\/laura-pasquino-ceramics-2026.jpg 1400w\" sizes=\"auto, (max-width: 956px) 100vw, 956px\" \/><\/div><div class=\"kadence-blocks-gallery-item__caption\">Laura Pasquino, Crest 8, 2025<\/div><\/div><\/figure><\/div><\/li><li class=\"kadence-blocks-gallery-item\" tabindex=\"0\"><div class=\"kadence-blocks-gallery-item-inner\"><figure class=\"kb-gallery-figure kadence-blocks-gallery-item-has-caption\"><div class=\"kb-gal-image-radius\"><div class=\"kb-gallery-image-contain kadence-blocks-gallery-intrinsic kb-gallery-image-ratio-square kb-has-image-ratio-square\" ><img loading=\"lazy\" decoding=\"async\" src=\"https:\/\/galerie-ancienne-poste.com\/wp-content\/uploads\/2025\/07\/laura-pasquino-folds-_-13-2025-1024x979.jpg\" width=\"1024\" height=\"979\" alt=\"Laura Pasquino - expo Laura Pasquino - exposition Laura Pasquino - ceramique Laura Pasquino\" data-full-image=\"https:\/\/galerie-ancienne-poste.com\/wp-content\/uploads\/2025\/07\/laura-pasquino-folds-_-13-2025.jpg\" data-light-image=\"https:\/\/galerie-ancienne-poste.com\/wp-content\/uploads\/2025\/07\/laura-pasquino-folds-_-13-2025.jpg\" data-id=\"395\" class=\"wp-image-395\" srcset=\"https:\/\/galerie-ancienne-poste.com\/wp-content\/uploads\/2025\/07\/laura-pasquino-folds-_-13-2025-1024x979.jpg 1024w, https:\/\/galerie-ancienne-poste.com\/wp-content\/uploads\/2025\/07\/laura-pasquino-folds-_-13-2025-300x287.jpg 300w, https:\/\/galerie-ancienne-poste.com\/wp-content\/uploads\/2025\/07\/laura-pasquino-folds-_-13-2025-768x734.jpg 768w, https:\/\/galerie-ancienne-poste.com\/wp-content\/uploads\/2025\/07\/laura-pasquino-folds-_-13-2025-1536x1468.jpg 1536w, https:\/\/galerie-ancienne-poste.com\/wp-content\/uploads\/2025\/07\/laura-pasquino-folds-_-13-2025-13x12.jpg 13w, https:\/\/galerie-ancienne-poste.com\/wp-content\/uploads\/2025\/07\/laura-pasquino-folds-_-13-2025.jpg 1569w\" sizes=\"auto, (max-width: 1024px) 100vw, 1024px\" \/><\/div><div class=\"kadence-blocks-gallery-item__caption\">Laura Pasquino, Folds 13, 2025<\/div><\/div><\/figure><\/div><\/li><li class=\"kadence-blocks-gallery-item\" tabindex=\"0\"><div class=\"kadence-blocks-gallery-item-inner\"><figure class=\"kb-gallery-figure kadence-blocks-gallery-item-has-caption\"><div class=\"kb-gal-image-radius\"><div class=\"kb-gallery-image-contain kadence-blocks-gallery-intrinsic kb-gallery-image-ratio-square kb-has-image-ratio-square\" ><img loading=\"lazy\" decoding=\"async\" src=\"https:\/\/galerie-ancienne-poste.com\/wp-content\/uploads\/2025\/07\/laura-pasquino-folds-_-3-2025-S-1024x960.jpg\" width=\"1024\" height=\"960\" alt=\"exposition Laura Pasquino - ceramique Laura Pasquino - galerie Laura Pasquino - galerie de l&#039;Ancienne Poste\" data-full-image=\"https:\/\/galerie-ancienne-poste.com\/wp-content\/uploads\/2025\/07\/laura-pasquino-folds-_-3-2025-S.jpg\" data-light-image=\"https:\/\/galerie-ancienne-poste.com\/wp-content\/uploads\/2025\/07\/laura-pasquino-folds-_-3-2025-S.jpg\" data-id=\"394\" class=\"wp-image-394\" srcset=\"https:\/\/galerie-ancienne-poste.com\/wp-content\/uploads\/2025\/07\/laura-pasquino-folds-_-3-2025-S-1024x960.jpg 1024w, https:\/\/galerie-ancienne-poste.com\/wp-content\/uploads\/2025\/07\/laura-pasquino-folds-_-3-2025-S-300x281.jpg 300w, https:\/\/galerie-ancienne-poste.com\/wp-content\/uploads\/2025\/07\/laura-pasquino-folds-_-3-2025-S-768x720.jpg 768w, https:\/\/galerie-ancienne-poste.com\/wp-content\/uploads\/2025\/07\/laura-pasquino-folds-_-3-2025-S-1536x1440.jpg 1536w, https:\/\/galerie-ancienne-poste.com\/wp-content\/uploads\/2025\/07\/laura-pasquino-folds-_-3-2025-S-13x12.jpg 13w, https:\/\/galerie-ancienne-poste.com\/wp-content\/uploads\/2025\/07\/laura-pasquino-folds-_-3-2025-S.jpg 1600w\" sizes=\"auto, (max-width: 1024px) 100vw, 1024px\" \/><\/div><div class=\"kadence-blocks-gallery-item__caption\">Laura Pasquino, Folds 3, 2025<\/div><\/div><\/figure><\/div><\/li><\/ul><\/div><\/div><\/div>\n\n<\/div><\/div>","protected":false},"excerpt":{"rendered":"<p>10 janvier &#8211; 8 f\u00e9vrier<\/p>\n","protected":false},"author":6,"featured_media":8749,"template":"","meta":{"_acf_changed":false,"_kad_blocks_custom_css":"","_kad_blocks_head_custom_js":"","_kad_blocks_body_custom_js":"","_kad_blocks_footer_custom_js":"","_kad_post_transparent":"","_kad_post_title":"","_kad_post_layout":"","_kad_post_sidebar_id":"","_kad_post_content_style":"","_kad_post_vertical_padding":"","_kad_post_feature":"","_kad_post_feature_position":"","_kad_post_header":false,"_kad_post_footer":false,"_kad_post_classname":"","footnotes":""},"tags":[92],"artiste_":[],"class_list":["post-8747","exposition","type-exposition","status-publish","has-post-thumbnail","hentry","tag-passees"],"acf":[],"taxonomy_info":{"post_tag":[{"value":92,"label":"Pass\u00e9es"}]},"featured_image_src_large":["https:\/\/galerie-ancienne-poste.com\/wp-content\/uploads\/2025\/11\/vernissage-Borgesen-2025-1024x790.png",1024,790,true],"author_info":{"display_name":"christophe","author_link":"https:\/\/galerie-ancienne-poste.com\/fr\/author\/christophe\/"},"comment_info":"","_links":{"self":[{"href":"https:\/\/galerie-ancienne-poste.com\/fr\/wp-json\/wp\/v2\/exposition\/8747","targetHints":{"allow":["GET"]}}],"collection":[{"href":"https:\/\/galerie-ancienne-poste.com\/fr\/wp-json\/wp\/v2\/exposition"}],"about":[{"href":"https:\/\/galerie-ancienne-poste.com\/fr\/wp-json\/wp\/v2\/types\/exposition"}],"author":[{"embeddable":true,"href":"https:\/\/galerie-ancienne-poste.com\/fr\/wp-json\/wp\/v2\/users\/6"}],"version-history":[{"count":19,"href":"https:\/\/galerie-ancienne-poste.com\/fr\/wp-json\/wp\/v2\/exposition\/8747\/revisions"}],"predecessor-version":[{"id":9180,"href":"https:\/\/galerie-ancienne-poste.com\/fr\/wp-json\/wp\/v2\/exposition\/8747\/revisions\/9180"}],"wp:featuredmedia":[{"embeddable":true,"href":"https:\/\/galerie-ancienne-poste.com\/fr\/wp-json\/wp\/v2\/media\/8749"}],"wp:attachment":[{"href":"https:\/\/galerie-ancienne-poste.com\/fr\/wp-json\/wp\/v2\/media?parent=8747"}],"wp:term":[{"taxonomy":"post_tag","embeddable":true,"href":"https:\/\/galerie-ancienne-poste.com\/fr\/wp-json\/wp\/v2\/tags?post=8747"},{"taxonomy":"artiste_","embeddable":true,"href":"https:\/\/galerie-ancienne-poste.com\/fr\/wp-json\/wp\/v2\/artiste_?post=8747"}],"curies":[{"name":"wp","href":"https:\/\/api.w.org\/{rel}","templated":true}]}}