{"id":1552,"date":"2025-11-06T16:24:00","date_gmt":"2025-11-06T15:24:00","guid":{"rendered":"https:\/\/galerie-ancienne-poste.com\/?page_id=1552"},"modified":"2026-03-26T20:57:44","modified_gmt":"2026-03-26T19:57:44","slug":"expositions","status":"publish","type":"page","link":"https:\/\/galerie-ancienne-poste.com\/fr\/expositions\/","title":{"rendered":"Expositions"},"content":{"rendered":"<style>.kb-row-layout-id1552_0e8329-51 > .kt-row-column-wrap{align-content:start;}:where(.kb-row-layout-id1552_0e8329-51 > .kt-row-column-wrap) > .wp-block-kadence-column{justify-content:start;}.kb-row-layout-id1552_0e8329-51 > .kt-row-column-wrap{column-gap:var(--global-kb-gap-md, 2rem);row-gap:var(--global-kb-gap-md, 2rem);max-width:var( --global-content-width, 1250px );padding-left:var(--global-content-edge-padding);padding-right:var(--global-content-edge-padding);padding-top:var(--global-kb-spacing-sm, 1.5rem);padding-bottom:var(--global-kb-spacing-sm, 1.5rem);grid-template-columns:minmax(0, 1fr);}.kb-row-layout-id1552_0e8329-51 > .kt-row-layout-overlay{opacity:0.30;}@media all and (max-width: 1024px){.kb-row-layout-id1552_0e8329-51 > .kt-row-column-wrap{grid-template-columns:minmax(0, 1fr);}}@media all and (max-width: 767px){.kb-row-layout-id1552_0e8329-51 > .kt-row-column-wrap{grid-template-columns:minmax(0, 1fr);}}<\/style><div class=\"kb-row-layout-wrap kb-row-layout-id1552_0e8329-51 alignnone wp-block-kadence-rowlayout\"><div class=\"kt-row-column-wrap kt-has-1-columns kt-row-layout-equal kt-tab-layout-inherit kt-mobile-layout-row kt-row-valign-top kb-theme-content-width\">\n<style>.kadence-column1552_dd1e9e-fe > .kt-inside-inner-col,.kadence-column1552_dd1e9e-fe > .kt-inside-inner-col:before{border-top-left-radius:0px;border-top-right-radius:0px;border-bottom-right-radius:0px;border-bottom-left-radius:0px;}.kadence-column1552_dd1e9e-fe > .kt-inside-inner-col{column-gap:var(--global-kb-gap-sm, 1rem);}.kadence-column1552_dd1e9e-fe > .kt-inside-inner-col{flex-direction:column;}.kadence-column1552_dd1e9e-fe > .kt-inside-inner-col > .aligncenter{width:100%;}.kadence-column1552_dd1e9e-fe > .kt-inside-inner-col:before{opacity:0.3;}.kadence-column1552_dd1e9e-fe{position:relative;}@media all and (max-width: 1024px){.kadence-column1552_dd1e9e-fe > .kt-inside-inner-col{flex-direction:column;justify-content:center;}}@media all and (max-width: 767px){.kadence-column1552_dd1e9e-fe > .kt-inside-inner-col{flex-direction:column;justify-content:center;}}<\/style>\n<div class=\"wp-block-kadence-column kadence-column1552_dd1e9e-fe\"><div class=\"kt-inside-inner-col\"><style>.wp-block-kadence-advancedheading.kt-adv-heading1552_8460c5-29, .wp-block-kadence-advancedheading.kt-adv-heading1552_8460c5-29[data-kb-block=\"kb-adv-heading1552_8460c5-29\"]{font-size:var(--global-kb-font-size-xl, 3rem);font-style:normal;}.wp-block-kadence-advancedheading.kt-adv-heading1552_8460c5-29 mark.kt-highlight, .wp-block-kadence-advancedheading.kt-adv-heading1552_8460c5-29[data-kb-block=\"kb-adv-heading1552_8460c5-29\"] mark.kt-highlight{font-style:normal;color:#f76a0c;-webkit-box-decoration-break:clone;box-decoration-break:clone;padding-top:0px;padding-right:0px;padding-bottom:0px;padding-left:0px;}.wp-block-kadence-advancedheading.kt-adv-heading1552_8460c5-29 img.kb-inline-image, .wp-block-kadence-advancedheading.kt-adv-heading1552_8460c5-29[data-kb-block=\"kb-adv-heading1552_8460c5-29\"] img.kb-inline-image{width:150px;vertical-align:baseline;}<\/style>\n<h2 class=\"kt-adv-heading1552_8460c5-29 wp-block-kadence-advancedheading\" data-kb-block=\"kb-adv-heading1552_8460c5-29\">Expositions<\/h2>\n<\/div><\/div>\n\n<\/div><\/div>\n\n<style>.kt-tabs-id1552_5af156-0d > .kt-tabs-content-wrap > .wp-block-kadence-tab{border-top:1px solid var(--global-palette7, #EDF2F7);border-bottom:0px solid var(--global-palette7, #eeeeee);border-left:0px solid var(--global-palette7, #eeeeee);border-top-left-radius:0px;border-top-right-radius:0px;border-bottom-right-radius:0px;border-bottom-left-radius:0px;padding-top:0px;padding-right:0px;padding-bottom:0px;padding-left:0px;}.wp-block-kadence-tabs .kt-tabs-id1552_5af156-0d > .kt-tabs-title-list li{margin-top:0px;margin-right:8px;margin-bottom:0px;margin-left:0px;}.wp-block-kadence-tabs .kt-tabs-id1552_5af156-0d > .kt-tabs-title-list li:last-child{margin-right:0px;}.wp-block-kadence-tabs .kt-tabs-id1552_5af156-0d > .kt-tabs-title-list li .kt-tab-title, .wp-block-kadence-tabs .kt-tabs-id1552_5af156-0d > .kt-tabs-content-wrap > .kt-tabs-accordion-title .kt-tab-title{line-height:1.4em;font-weight:regular;font-style:normal;border-top-width:0px;border-right-width:0px;border-bottom-width:4px;border-left-width:0px;border-top-left-radius:4px;border-top-right-radius:4px;border-bottom-right-radius:0px;border-bottom-left-radius:0px;padding-top:8px;padding-right:20px;padding-bottom:8px;padding-left:20px;color:var(--global-palette5, #444444);}.wp-block-kadence-tabs .kt-tabs-id1552_5af156-0d > .kt-tabs-content-wrap > .kt-tabs-accordion-title .kt-tab-title{margin-top:0px;margin-right:8px;margin-bottom:0px;margin-left:0px;}.wp-block-kadence-tabs .kt-tabs-id1552_5af156-0d > .kt-tabs-title-list li .kt-tab-title:hover, .wp-block-kadence-tabs .kt-tabs-id1552_5af156-0d > .kt-tabs-content-wrap > .kt-tabs-accordion-title .kt-tab-title:hover{border-color:var(--global-palette6, #718096);}.wp-block-kadence-tabs .kt-tabs-id1552_5af156-0d > .kt-tabs-title-list li.kt-tab-title-active .kt-tab-title, .wp-block-kadence-tabs .kt-tabs-id1552_5af156-0d > .kt-tabs-content-wrap > .kt-tabs-accordion-title.kt-tab-title-active .kt-tab-title{border-color:var(--global-palette5, #4A5568);color:var(--global-palette4, #2D3748);background:#ffffff;}@media all and (max-width: 1024px){.kt-tabs-id1552_5af156-0d > .kt-tabs-content-wrap > .wp-block-kadence-tab{border-top:1px solid var(--global-palette7, #EDF2F7);border-bottom:0px solid var(--global-palette7, #eeeeee);border-left:0px solid var(--global-palette7, #eeeeee);}}@media all and (max-width: 767px){.kt-tabs-id1552_5af156-0d > .kt-tabs-content-wrap > .wp-block-kadence-tab{border-top:1px solid var(--global-palette7, #EDF2F7);border-bottom:0px solid var(--global-palette7, #eeeeee);border-left:0px solid var(--global-palette7, #eeeeee);}}<\/style>\n<div class=\"wp-block-kadence-tabs alignnone\"><div class=\"kt-tabs-wrap kt-tabs-id1552_5af156-0d kt-tabs-has-4-tabs kt-active-tab-1 kt-tabs-layout-tabs kt-tabs-tablet-layout-inherit kt-tabs-mobile-layout-inherit kt-tab-alignment-right \"><ul class=\"kt-tabs-title-list\"><li id=\"en-cours\" class=\"kt-title-item kt-title-item-1 kt-tabs-svg-show-always kt-tabs-icon-side-right kt-tab-title-active\"><a href=\"#en-cours\" data-tab=\"1\" class=\"kt-tab-title kt-tab-title-1 \"><span class=\"kt-title-text\">En cours <\/span><\/a><\/li><li id=\"a-venir\" class=\"kt-title-item kt-title-item-2 kt-tabs-svg-show-always kt-tabs-icon-side-right kt-tab-title-inactive\"><a href=\"#a-venir\" data-tab=\"2\" class=\"kt-tab-title kt-tab-title-2 \"><span class=\"kt-title-text\">\u00c0 venir<\/span><\/a><\/li><li id=\"passees\" class=\"kt-title-item kt-title-item-3 kt-tabs-svg-show-always kt-tabs-icon-side-right kt-tab-title-inactive\"><a href=\"#passees\" data-tab=\"3\" class=\"kt-tab-title kt-tab-title-3 \"><span class=\"kt-title-text\">Pass\u00e9es<\/span><\/a><\/li><li id=\"hors-les-murs\" class=\"kt-title-item kt-title-item-4 kt-tabs-svg-show-always kt-tabs-icon-side-right kt-tab-title-inactive\"><a href=\"#hors-les-murs\" data-tab=\"4\" class=\"kt-tab-title kt-tab-title-4 \"><span class=\"kt-title-text\">Hors les murs<\/span><\/a><\/li><\/ul><div class=\"kt-tabs-content-wrap\">\n<div class=\"wp-block-kadence-tab kt-tab-inner-content kt-inner-tab-1 kt-inner-tab5daed7-63\"><div class=\"kt-tab-inner-content-inner\"><style>.kb-row-layout-wrap.wp-block-kadence-rowlayout.kb-row-layout-id1552_947921-45{margin-top:0px;margin-bottom:0px;}.kb-row-layout-id1552_947921-45 > .kt-row-column-wrap{align-content:start;}:where(.kb-row-layout-id1552_947921-45 > .kt-row-column-wrap) > .wp-block-kadence-column{justify-content:start;}.kb-row-layout-id1552_947921-45 > .kt-row-column-wrap{column-gap:var(--global-kb-gap-md, 2rem);row-gap:var(--global-kb-gap-md, 2rem);max-width:1440px;margin-left:auto;margin-right:auto;padding-top:var(--global-kb-spacing-sm, 1.5rem);padding-bottom:var(--global-kb-spacing-sm, 1.5rem);grid-template-columns:minmax(0, 1fr);}.kb-row-layout-id1552_947921-45 > .kt-row-layout-overlay{opacity:0.30;}@media all and (max-width: 1024px){.kb-row-layout-id1552_947921-45 > .kt-row-column-wrap{grid-template-columns:minmax(0, 1fr);}}@media all and (max-width: 767px){.kb-row-layout-id1552_947921-45 > .kt-row-column-wrap{grid-template-columns:minmax(0, 1fr);}}<\/style><div class=\"kb-row-layout-wrap kb-row-layout-id1552_947921-45 alignwide wp-block-kadence-rowlayout\"><div class=\"kt-row-column-wrap kt-has-1-columns kt-row-layout-equal kt-tab-layout-inherit kt-mobile-layout-row kt-row-valign-top\">\n<style>.kadence-column1552_7c83b9-73 > .kt-inside-inner-col{padding-top:0px;}.kadence-column1552_7c83b9-73 > .kt-inside-inner-col,.kadence-column1552_7c83b9-73 > .kt-inside-inner-col:before{border-top-left-radius:0px;border-top-right-radius:0px;border-bottom-right-radius:0px;border-bottom-left-radius:0px;}.kadence-column1552_7c83b9-73 > .kt-inside-inner-col{column-gap:var(--global-kb-gap-sm, 1rem);}.kadence-column1552_7c83b9-73 > .kt-inside-inner-col{flex-direction:column;}.kadence-column1552_7c83b9-73 > .kt-inside-inner-col > .aligncenter{width:100%;}.kadence-column1552_7c83b9-73 > .kt-inside-inner-col:before{opacity:0.3;}.kadence-column1552_7c83b9-73{position:relative;}.kadence-column1552_7c83b9-73, .kt-inside-inner-col > .kadence-column1552_7c83b9-73:not(.specificity){margin-top:0px;}@media all and (max-width: 1024px){.kadence-column1552_7c83b9-73 > .kt-inside-inner-col{flex-direction:column;justify-content:center;}}@media all and (max-width: 767px){.kadence-column1552_7c83b9-73 > .kt-inside-inner-col{flex-direction:column;justify-content:center;}}<\/style>\n<div class=\"wp-block-kadence-column kadence-column1552_7c83b9-73\"><div class=\"kt-inside-inner-col\"><style>.wp-block-kadence-dynamichtml.kb-dynamic-html-id-1552_8c1ad9-69.kb-dynamic-html:not(.added-for-specificity){padding-top:0px;margin-top:0px;}<\/style><div class=\"wp-block-kadence-dynamichtml kb-dynamic-html kb-dynamic-html-id-1552_8c1ad9-69\"><style>.kb-row-layout-id9547_b16fc3-88 > .kt-row-column-wrap{align-content:start;}:where(.kb-row-layout-id9547_b16fc3-88 > .kt-row-column-wrap) > .wp-block-kadence-column{justify-content:start;}.kb-row-layout-id9547_b16fc3-88 > .kt-row-column-wrap{column-gap:var(--global-kb-gap-md, 2rem);row-gap:var(--global-kb-gap-md, 2rem);padding-top:var(--global-kb-spacing-xxs, 0.5rem);padding-bottom:var(--global-kb-spacing-sm, 1.5rem);}.kb-row-layout-id9547_b16fc3-88 > .kt-row-column-wrap > div:not(.added-for-specificity){grid-column:initial;}.kb-row-layout-id9547_b16fc3-88 > .kt-row-column-wrap{grid-template-columns:minmax(0, 1fr) minmax(0, 6fr) minmax(0, 1fr);}.kb-row-layout-id9547_b16fc3-88 > .kt-row-layout-overlay{opacity:0.30;}@media all and (max-width: 1024px){.kb-row-layout-id9547_b16fc3-88 > .kt-row-column-wrap > div:not(.added-for-specificity){grid-column:initial;}}@media all and (max-width: 1024px){.kb-row-layout-id9547_b16fc3-88 > .kt-row-column-wrap{grid-template-columns:minmax(0, 1fr) minmax(0, 6fr) minmax(0, 1fr);}}@media all and (max-width: 767px){.kb-row-layout-id9547_b16fc3-88 > .kt-row-column-wrap > div:not(.added-for-specificity){grid-column:initial;}.kb-row-layout-id9547_b16fc3-88 > .kt-row-column-wrap{grid-template-columns:minmax(0, 1fr);}}<\/style><div class=\"kb-row-layout-wrap kb-row-layout-id9547_b16fc3-88 alignnone wp-block-kadence-rowlayout\"><div class=\"kt-row-column-wrap kt-has-3-columns kt-row-layout-center-exwide kt-tab-layout-inherit kt-mobile-layout-row kt-row-valign-top\">\n<style>.kadence-column9547_92a911-da > .kt-inside-inner-col,.kadence-column9547_92a911-da > .kt-inside-inner-col:before{border-top-left-radius:0px;border-top-right-radius:0px;border-bottom-right-radius:0px;border-bottom-left-radius:0px;}.kadence-column9547_92a911-da > .kt-inside-inner-col{column-gap:var(--global-kb-gap-sm, 1rem);}.kadence-column9547_92a911-da > .kt-inside-inner-col{flex-direction:column;}.kadence-column9547_92a911-da > .kt-inside-inner-col > .aligncenter{width:100%;}.kadence-column9547_92a911-da > .kt-inside-inner-col:before{opacity:0.3;}.kadence-column9547_92a911-da{position:relative;}@media all and (max-width: 1024px){.kadence-column9547_92a911-da > .kt-inside-inner-col{flex-direction:column;justify-content:center;}}@media all and (max-width: 767px){.kadence-column9547_92a911-da > .kt-inside-inner-col{flex-direction:column;justify-content:center;}}<\/style>\n<div class=\"wp-block-kadence-column kadence-column9547_92a911-da\"><div class=\"kt-inside-inner-col\"><\/div><\/div>\n\n\n<style>.kadence-column9547_17408e-62 > .kt-inside-inner-col,.kadence-column9547_17408e-62 > .kt-inside-inner-col:before{border-top-left-radius:0px;border-top-right-radius:0px;border-bottom-right-radius:0px;border-bottom-left-radius:0px;}.kadence-column9547_17408e-62 > .kt-inside-inner-col{column-gap:var(--global-kb-gap-sm, 1rem);}.kadence-column9547_17408e-62 > .kt-inside-inner-col{flex-direction:column;}.kadence-column9547_17408e-62 > .kt-inside-inner-col > .aligncenter{width:100%;}.kadence-column9547_17408e-62 > .kt-inside-inner-col:before{opacity:0.3;}.kadence-column9547_17408e-62{position:relative;}@media all and (max-width: 1024px){.kadence-column9547_17408e-62 > .kt-inside-inner-col{flex-direction:column;justify-content:center;}}@media all and (max-width: 767px){.kadence-column9547_17408e-62 > .kt-inside-inner-col{padding-right:var(--global-kb-spacing-xs, 1rem);padding-left:var(--global-kb-spacing-xs, 1rem);flex-direction:column;justify-content:center;}}<\/style>\n<div class=\"wp-block-kadence-column kadence-column9547_17408e-62\"><div class=\"kt-inside-inner-col\"><style>.wp-block-kadence-advancedheading.kt-adv-heading9547_e51a96-e0, .wp-block-kadence-advancedheading.kt-adv-heading9547_e51a96-e0[data-kb-block=\"kb-adv-heading9547_e51a96-e0\"]{font-size:var(--global-kb-font-size-xl, 3rem);font-style:normal;}.wp-block-kadence-advancedheading.kt-adv-heading9547_e51a96-e0 mark.kt-highlight, .wp-block-kadence-advancedheading.kt-adv-heading9547_e51a96-e0[data-kb-block=\"kb-adv-heading9547_e51a96-e0\"] mark.kt-highlight{font-style:normal;color:#f76a0c;-webkit-box-decoration-break:clone;box-decoration-break:clone;padding-top:0px;padding-right:0px;padding-bottom:0px;padding-left:0px;}.wp-block-kadence-advancedheading.kt-adv-heading9547_e51a96-e0 img.kb-inline-image, .wp-block-kadence-advancedheading.kt-adv-heading9547_e51a96-e0[data-kb-block=\"kb-adv-heading9547_e51a96-e0\"] img.kb-inline-image{width:150px;vertical-align:baseline;}<\/style>\n<h1 class=\"kt-adv-heading9547_e51a96-e0 wp-block-kadence-advancedheading\" data-kb-block=\"kb-adv-heading9547_e51a96-e0\">Thomas Bohle<\/h1>\n\n\n<style>.wp-block-kadence-advancedheading.kt-adv-heading9547_872f81-49, .wp-block-kadence-advancedheading.kt-adv-heading9547_872f81-49[data-kb-block=\"kb-adv-heading9547_872f81-49\"]{text-align:left;font-style:normal;}.wp-block-kadence-advancedheading.kt-adv-heading9547_872f81-49 mark.kt-highlight, .wp-block-kadence-advancedheading.kt-adv-heading9547_872f81-49[data-kb-block=\"kb-adv-heading9547_872f81-49\"] mark.kt-highlight{font-style:normal;color:#f76a0c;-webkit-box-decoration-break:clone;box-decoration-break:clone;padding-top:0px;padding-right:0px;padding-bottom:0px;padding-left:0px;}.wp-block-kadence-advancedheading.kt-adv-heading9547_872f81-49 img.kb-inline-image, .wp-block-kadence-advancedheading.kt-adv-heading9547_872f81-49[data-kb-block=\"kb-adv-heading9547_872f81-49\"] img.kb-inline-image{width:150px;vertical-align:baseline;}<\/style>\n<h2 class=\"kt-adv-heading9547_872f81-49 wp-block-kadence-advancedheading\" data-kb-block=\"kb-adv-heading9547_872f81-49\"><strong>28 mars \u2013 10 mai 2026<\/strong><\/h2>\n\n\n\n<p class=\"has-text-align-left\">Vernissage le samedi 28 mars \u00e0 partir de 17h en pr\u00e9sence de l\u2019artiste<\/p>\n<\/div><\/div>\n\n\n<style>.kadence-column9547_79b218-5b > .kt-inside-inner-col,.kadence-column9547_79b218-5b > .kt-inside-inner-col:before{border-top-left-radius:0px;border-top-right-radius:0px;border-bottom-right-radius:0px;border-bottom-left-radius:0px;}.kadence-column9547_79b218-5b > .kt-inside-inner-col{column-gap:var(--global-kb-gap-sm, 1rem);}.kadence-column9547_79b218-5b > .kt-inside-inner-col{flex-direction:column;}.kadence-column9547_79b218-5b > .kt-inside-inner-col > .aligncenter{width:100%;}.kadence-column9547_79b218-5b > .kt-inside-inner-col:before{opacity:0.3;}.kadence-column9547_79b218-5b{position:relative;}@media all and (max-width: 1024px){.kadence-column9547_79b218-5b > .kt-inside-inner-col{flex-direction:column;justify-content:center;}}@media all and (max-width: 767px){.kadence-column9547_79b218-5b > .kt-inside-inner-col{flex-direction:column;justify-content:center;}}<\/style>\n<div class=\"wp-block-kadence-column kadence-column9547_79b218-5b\"><div class=\"kt-inside-inner-col\"><\/div><\/div>\n\n<\/div><\/div>\n\n<style>.kb-row-layout-id9547_5aacd7-cf > .kt-row-column-wrap{align-content:start;}:where(.kb-row-layout-id9547_5aacd7-cf > .kt-row-column-wrap) > .wp-block-kadence-column{justify-content:start;}.kb-row-layout-id9547_5aacd7-cf > .kt-row-column-wrap{column-gap:var(--global-kb-gap-md, 2rem);row-gap:var(--global-kb-gap-md, 2rem);padding-top:var(--global-kb-spacing-xs, 1rem);padding-right:var(--global-kb-spacing-xs, 1rem);padding-bottom:var(--global-kb-spacing-xs, 1rem);padding-left:var(--global-kb-spacing-xs, 1rem);grid-template-columns:minmax(0, 1fr);}.kb-row-layout-id9547_5aacd7-cf > .kt-row-layout-overlay{opacity:0.30;}@media all and (max-width: 1024px){.kb-row-layout-id9547_5aacd7-cf > .kt-row-column-wrap{grid-template-columns:minmax(0, 1fr);}}@media all and (max-width: 767px){.kb-row-layout-id9547_5aacd7-cf > .kt-row-column-wrap{grid-template-columns:minmax(0, 1fr);}}<\/style><div class=\"kb-row-layout-wrap kb-row-layout-id9547_5aacd7-cf alignwide wp-block-kadence-rowlayout\"><div class=\"kt-row-column-wrap kt-has-1-columns kt-row-layout-equal kt-tab-layout-inherit kt-mobile-layout-row kt-row-valign-top\">\n<style>.kadence-column9547_fbb473-be > .kt-inside-inner-col,.kadence-column9547_fbb473-be > .kt-inside-inner-col:before{border-top-left-radius:0px;border-top-right-radius:0px;border-bottom-right-radius:0px;border-bottom-left-radius:0px;}.kadence-column9547_fbb473-be > .kt-inside-inner-col{column-gap:var(--global-kb-gap-sm, 1rem);}.kadence-column9547_fbb473-be > .kt-inside-inner-col{flex-direction:column;}.kadence-column9547_fbb473-be > .kt-inside-inner-col > .aligncenter{width:100%;}.kadence-column9547_fbb473-be > .kt-inside-inner-col:before{opacity:0.3;}.kadence-column9547_fbb473-be{position:relative;}@media all and (max-width: 1024px){.kadence-column9547_fbb473-be > .kt-inside-inner-col{flex-direction:column;justify-content:center;}}@media all and (max-width: 767px){.kadence-column9547_fbb473-be > .kt-inside-inner-col{flex-direction:column;justify-content:center;}}<\/style>\n<div class=\"wp-block-kadence-column kadence-column9547_fbb473-be\"><div class=\"kt-inside-inner-col\"><style>.wp-block-kadence-advancedgallery .kb-gallery-type-grid.kb-gallery-id-9547_2b899a-c1{margin:-5px;}.kb-gallery-type-grid.kb-gallery-id-9547_2b899a-c1 .kadence-blocks-gallery-item{padding:5px;}.kb-gallery-id-9547_2b899a-c1 .kadence-blocks-gallery-item .kb-gal-image-radius, .kb-gallery-id-9547_2b899a-c1 .kb-slide-item .kb-gal-image-radius img{border-radius:0px 0px 0px 0px;;}.kb-gallery-caption-style-bottom.kb-gallery-id-9547_2b899a-c1 .kadence-blocks-gallery-item .kadence-blocks-gallery-item-inner .kadence-blocks-gallery-item__caption, .kb-gallery-caption-style-bottom-hover.kb-gallery-id-9547_2b899a-c1 .kadence-blocks-gallery-item .kadence-blocks-gallery-item-inner .kadence-blocks-gallery-item__caption{background:linear-gradient(0deg, rgba(0, 0, 0, 0.8) 0, rgba(0, 0, 0, 0) 100%);}<\/style><div class=\"kb-gallery-wrap-id-9547_2b899a-c1 alignnone wp-block-kadence-advancedgallery\"><ul class=\"kb-gallery-ul kb-gallery-non-static kb-gallery-type-grid kb-gallery-id-9547_2b899a-c1 kb-gallery-caption-style-bottom-hover kb-gallery-filter-none\" data-image-filter=\"none\" data-item-selector=\".kadence-blocks-gallery-item\" data-lightbox-caption=\"true\" data-columns-xxl=\"1\" data-columns-xl=\"1\" data-columns-md=\"1\" data-columns-sm=\"1\" data-columns-xs=\"1\" data-columns-ss=\"1\"><li class=\"kadence-blocks-gallery-item\" tabindex=\"0\"><div class=\"kadence-blocks-gallery-item-inner\"><figure class=\"kb-gallery-figure kadence-blocks-gallery-item-has-caption\"><div class=\"kb-gal-image-radius\"><div class=\"kb-gallery-image-contain kadence-blocks-gallery-intrinsic kb-gallery-image-ratio-land169 kb-has-image-ratio-land169\" ><img loading=\"lazy\" decoding=\"async\" src=\"https:\/\/galerie-ancienne-poste.com\/wp-content\/uploads\/2026\/02\/Thomas-BohleUntitled-25-10-2025-manganese-crystal-glaze-stoneware-double-walled-h.-21-cm-d.-23-cm-1024x676.jpg\" width=\"1024\" height=\"676\" alt=\"\" data-full-image=\"https:\/\/galerie-ancienne-poste.com\/wp-content\/uploads\/2026\/02\/Thomas-BohleUntitled-25-10-2025-manganese-crystal-glaze-stoneware-double-walled-h.-21-cm-d.-23-cm.jpg\" data-light-image=\"https:\/\/galerie-ancienne-poste.com\/wp-content\/uploads\/2026\/02\/Thomas-BohleUntitled-25-10-2025-manganese-crystal-glaze-stoneware-double-walled-h.-21-cm-d.-23-cm.jpg\" data-id=\"9402\" class=\"wp-image-9402\" srcset=\"https:\/\/galerie-ancienne-poste.com\/wp-content\/uploads\/2026\/02\/Thomas-BohleUntitled-25-10-2025-manganese-crystal-glaze-stoneware-double-walled-h.-21-cm-d.-23-cm-1024x676.jpg 1024w, https:\/\/galerie-ancienne-poste.com\/wp-content\/uploads\/2026\/02\/Thomas-BohleUntitled-25-10-2025-manganese-crystal-glaze-stoneware-double-walled-h.-21-cm-d.-23-cm-300x198.jpg 300w, https:\/\/galerie-ancienne-poste.com\/wp-content\/uploads\/2026\/02\/Thomas-BohleUntitled-25-10-2025-manganese-crystal-glaze-stoneware-double-walled-h.-21-cm-d.-23-cm-768x507.jpg 768w, https:\/\/galerie-ancienne-poste.com\/wp-content\/uploads\/2026\/02\/Thomas-BohleUntitled-25-10-2025-manganese-crystal-glaze-stoneware-double-walled-h.-21-cm-d.-23-cm-1536x1014.jpg 1536w, https:\/\/galerie-ancienne-poste.com\/wp-content\/uploads\/2026\/02\/Thomas-BohleUntitled-25-10-2025-manganese-crystal-glaze-stoneware-double-walled-h.-21-cm-d.-23-cm-18x12.jpg 18w, https:\/\/galerie-ancienne-poste.com\/wp-content\/uploads\/2026\/02\/Thomas-BohleUntitled-25-10-2025-manganese-crystal-glaze-stoneware-double-walled-h.-21-cm-d.-23-cm-600x396.jpg 600w, https:\/\/galerie-ancienne-poste.com\/wp-content\/uploads\/2026\/02\/Thomas-BohleUntitled-25-10-2025-manganese-crystal-glaze-stoneware-double-walled-h.-21-cm-d.-23-cm.jpg 1701w\" sizes=\"auto, (max-width: 1024px) 100vw, 1024px\"><\/div><div class=\"kadence-blocks-gallery-item__caption\">Thomas Bohle, Untitled n\u00b026\/4, 2016<\/div><\/div><\/figure><\/div><\/li><\/ul><\/div><\/div><\/div>\n\n<\/div><\/div>\n\n<style>.kb-row-layout-id9547_9359eb-07 > .kt-row-column-wrap{align-content:start;}:where(.kb-row-layout-id9547_9359eb-07 > .kt-row-column-wrap) > .wp-block-kadence-column{justify-content:start;}.kb-row-layout-id9547_9359eb-07 > .kt-row-column-wrap{column-gap:var(--global-kb-gap-md, 2rem);row-gap:var(--global-kb-gap-md, 2rem);max-width:var( --global-content-width, 1250px );padding-left:var(--global-content-edge-padding);padding-right:var(--global-content-edge-padding);padding-top:var(--global-kb-spacing-xs, 1rem);padding-right:var(--global-kb-spacing-sm, 1.5rem);padding-bottom:var(--global-kb-spacing-xs, 1rem);padding-left:var(--global-kb-spacing-sm, 1.5rem);grid-template-columns:minmax(0, 1fr);}.kb-row-layout-id9547_9359eb-07 > .kt-row-layout-overlay{opacity:0.30;}@media all and (max-width: 1024px){.kb-row-layout-id9547_9359eb-07 > .kt-row-column-wrap{grid-template-columns:minmax(0, 1fr);}}@media all and (max-width: 767px){.kb-row-layout-id9547_9359eb-07 > .kt-row-column-wrap{grid-template-columns:minmax(0, 1fr);}}<\/style><div class=\"kb-row-layout-wrap kb-row-layout-id9547_9359eb-07 alignnone wp-block-kadence-rowlayout\"><div class=\"kt-row-column-wrap kt-has-1-columns kt-row-layout-equal kt-tab-layout-inherit kt-mobile-layout-row kt-row-valign-top kb-theme-content-width\">\n<style>.kadence-column9547_2c277d-3a > .kt-inside-inner-col,.kadence-column9547_2c277d-3a > .kt-inside-inner-col:before{border-top-left-radius:0px;border-top-right-radius:0px;border-bottom-right-radius:0px;border-bottom-left-radius:0px;}.kadence-column9547_2c277d-3a > .kt-inside-inner-col{column-gap:var(--global-kb-gap-sm, 1rem);}.kadence-column9547_2c277d-3a > .kt-inside-inner-col{flex-direction:column;}.kadence-column9547_2c277d-3a > .kt-inside-inner-col > .aligncenter{width:100%;}.kadence-column9547_2c277d-3a > .kt-inside-inner-col:before{opacity:0.3;}.kadence-column9547_2c277d-3a{position:relative;}@media all and (max-width: 1024px){.kadence-column9547_2c277d-3a > .kt-inside-inner-col{flex-direction:column;justify-content:center;}}@media all and (max-width: 767px){.kadence-column9547_2c277d-3a > .kt-inside-inner-col{padding-right:var(--global-kb-spacing-xs, 1rem);padding-left:var(--global-kb-spacing-xs, 1rem);flex-direction:column;justify-content:center;}}<\/style>\n<div class=\"wp-block-kadence-column kadence-column9547_2c277d-3a\"><div class=\"kt-inside-inner-col\">\n<p>Pour cette troisi\u00e8me exposition personnelle \u00e0 la Galerie de l\u2019Ancienne Poste \u2014 et toujours en exclusivit\u00e9 fran\u00e7aise \u2014 le grand c\u00e9ramiste autrichien <a href=\"https:\/\/galerie-ancienne-poste.com\/artiste\/thomas-bohle\/\" data-type=\"artiste\" data-id=\"2733\">Thomas Bohle<\/a> d\u00e9voile une nouvelle constellation de sculptures c\u00e9ramiques, t\u00e9moignant d\u2019une singularit\u00e9 sans \u00e9quivalent. Bas\u00e9e sur sa renomm\u00e9e technique de construction \u00e0 double paroi, son \u0153uvre explore inlassablement les tensions formelles : courbes et contre-courbes, pleins et vides, concave et convexe, endroit et envers, ce qui s\u2019offre au regard et ce qui se dissimule. Chaque pi\u00e8ce devient ainsi un territoire de dialogue entre \u00e9quilibre et myst\u00e8re.<br><a href=\"https:\/\/galerie-ancienne-poste.com\/wp-content\/uploads\/2026\/02\/Communique-presse-Thomas-Bohle-03-2026.pdf\">Communiqu\u00e9 de presse<\/a><\/p>\n<\/div><\/div>\n\n<\/div><\/div>\n\n<style>.kb-row-layout-id9547_90c685-fa > .kt-row-column-wrap{align-content:start;}:where(.kb-row-layout-id9547_90c685-fa > .kt-row-column-wrap) > .wp-block-kadence-column{justify-content:start;}.kb-row-layout-id9547_90c685-fa > .kt-row-column-wrap{column-gap:var(--global-kb-gap-md, 2rem);row-gap:var(--global-kb-gap-md, 2rem);padding-top:var(--global-kb-spacing-xs, 1rem);padding-right:var(--global-kb-spacing-xs, 1rem);padding-bottom:var(--global-kb-spacing-xs, 1rem);padding-left:var(--global-kb-spacing-xs, 1rem);grid-template-columns:minmax(0, 1fr);}.kb-row-layout-id9547_90c685-fa > .kt-row-layout-overlay{opacity:0.30;}@media all and (max-width: 1024px){.kb-row-layout-id9547_90c685-fa > .kt-row-column-wrap{grid-template-columns:minmax(0, 1fr);}}@media all and (max-width: 767px){.kb-row-layout-id9547_90c685-fa > .kt-row-column-wrap{grid-template-columns:minmax(0, 1fr);}}<\/style><div class=\"kb-row-layout-wrap kb-row-layout-id9547_90c685-fa alignwide wp-block-kadence-rowlayout\"><div class=\"kt-row-column-wrap kt-has-1-columns kt-row-layout-equal kt-tab-layout-inherit kt-mobile-layout-row kt-row-valign-top\">\n<style>.kadence-column9547_cefac1-57 > .kt-inside-inner-col,.kadence-column9547_cefac1-57 > .kt-inside-inner-col:before{border-top-left-radius:0px;border-top-right-radius:0px;border-bottom-right-radius:0px;border-bottom-left-radius:0px;}.kadence-column9547_cefac1-57 > .kt-inside-inner-col{column-gap:var(--global-kb-gap-sm, 1rem);}.kadence-column9547_cefac1-57 > .kt-inside-inner-col{flex-direction:column;}.kadence-column9547_cefac1-57 > .kt-inside-inner-col > .aligncenter{width:100%;}.kadence-column9547_cefac1-57 > .kt-inside-inner-col:before{opacity:0.3;}.kadence-column9547_cefac1-57{position:relative;}@media all and (max-width: 1024px){.kadence-column9547_cefac1-57 > .kt-inside-inner-col{flex-direction:column;justify-content:center;}}@media all and (max-width: 767px){.kadence-column9547_cefac1-57 > .kt-inside-inner-col{flex-direction:column;justify-content:center;}}<\/style>\n<div class=\"wp-block-kadence-column kadence-column9547_cefac1-57\"><div class=\"kt-inside-inner-col\"><style>.wp-block-kadence-advancedgallery .kb-gallery-type-grid.kb-gallery-id-9547_aeb692-2e{margin:-5px;}.kb-gallery-type-grid.kb-gallery-id-9547_aeb692-2e .kadence-blocks-gallery-item{padding:5px;}.kb-gallery-id-9547_aeb692-2e .kadence-blocks-gallery-item .kb-gal-image-radius, .kb-gallery-id-9547_aeb692-2e .kb-slide-item .kb-gal-image-radius img{border-radius:0px 0px 0px 0px;;}.kb-gallery-caption-style-bottom.kb-gallery-id-9547_aeb692-2e .kadence-blocks-gallery-item .kadence-blocks-gallery-item-inner .kadence-blocks-gallery-item__caption, .kb-gallery-caption-style-bottom-hover.kb-gallery-id-9547_aeb692-2e .kadence-blocks-gallery-item .kadence-blocks-gallery-item-inner .kadence-blocks-gallery-item__caption{background:linear-gradient(0deg, rgba(0, 0, 0, 0.8) 0, rgba(0, 0, 0, 0) 100%);}<\/style><div class=\"kb-gallery-wrap-id-9547_aeb692-2e alignnone wp-block-kadence-advancedgallery\"><ul class=\"kb-gallery-ul kb-gallery-non-static kb-gallery-type-grid kb-gallery-id-9547_aeb692-2e kb-gallery-caption-style-bottom-hover kb-gallery-filter-none\" data-image-filter=\"none\" data-item-selector=\".kadence-blocks-gallery-item\" data-lightbox-caption=\"true\" data-columns-xxl=\"2\" data-columns-xl=\"2\" data-columns-md=\"2\" data-columns-sm=\"2\" data-columns-xs=\"1\" data-columns-ss=\"1\"><li class=\"kadence-blocks-gallery-item\"><div class=\"kadence-blocks-gallery-item-inner\"><figure class=\"kb-gallery-figure kb-gallery-item-has-link kadence-blocks-gallery-item-has-caption\"><a href=\"https:\/\/galerie-ancienne-poste.com\/wp-content\/uploads\/2026\/03\/Thomas-Bohle-large-bowl-2013.jpg\" class=\"kb-gallery-item-link\"  ><div class=\"kb-gal-image-radius\"><div class=\"kb-gallery-image-contain kadence-blocks-gallery-intrinsic kb-gallery-image-ratio-square kb-has-image-ratio-square\" ><img loading=\"lazy\" decoding=\"async\" src=\"https:\/\/galerie-ancienne-poste.com\/wp-content\/uploads\/2026\/03\/Thomas-Bohle-large-bowl-2013-1024x1024.jpg\" width=\"1024\" height=\"1024\" alt=\"Thomas Bohle galerie en France - galerie de c\u00e9ramique contemporaine - galerie Thomas Bohle\" data-full-image=\"https:\/\/galerie-ancienne-poste.com\/wp-content\/uploads\/2026\/03\/Thomas-Bohle-large-bowl-2013.jpg\" data-light-image=\"https:\/\/galerie-ancienne-poste.com\/wp-content\/uploads\/2026\/03\/Thomas-Bohle-large-bowl-2013.jpg\" data-id=\"9649\" class=\"wp-image-9649\" srcset=\"https:\/\/galerie-ancienne-poste.com\/wp-content\/uploads\/2026\/03\/Thomas-Bohle-large-bowl-2013-1024x1024.jpg 1024w, https:\/\/galerie-ancienne-poste.com\/wp-content\/uploads\/2026\/03\/Thomas-Bohle-large-bowl-2013-300x300.jpg 300w, https:\/\/galerie-ancienne-poste.com\/wp-content\/uploads\/2026\/03\/Thomas-Bohle-large-bowl-2013-150x150.jpg 150w, https:\/\/galerie-ancienne-poste.com\/wp-content\/uploads\/2026\/03\/Thomas-Bohle-large-bowl-2013-768x768.jpg 768w, https:\/\/galerie-ancienne-poste.com\/wp-content\/uploads\/2026\/03\/Thomas-Bohle-large-bowl-2013-1536x1536.jpg 1536w, https:\/\/galerie-ancienne-poste.com\/wp-content\/uploads\/2026\/03\/Thomas-Bohle-large-bowl-2013-12x12.jpg 12w, https:\/\/galerie-ancienne-poste.com\/wp-content\/uploads\/2026\/03\/Thomas-Bohle-large-bowl-2013-600x600.jpg 600w, https:\/\/galerie-ancienne-poste.com\/wp-content\/uploads\/2026\/03\/Thomas-Bohle-large-bowl-2013-100x100.jpg 100w, https:\/\/galerie-ancienne-poste.com\/wp-content\/uploads\/2026\/03\/Thomas-Bohle-large-bowl-2013.jpg 1794w\" sizes=\"auto, (max-width: 1024px) 100vw, 1024px\" \/><\/div><div class=\"kadence-blocks-gallery-item__caption\">Thomas Bohle, Large Bowl, 2013.<\/div><\/div><\/a><\/figure><\/div><\/li><li class=\"kadence-blocks-gallery-item\"><div class=\"kadence-blocks-gallery-item-inner\"><figure class=\"kb-gallery-figure kb-gallery-item-has-link kadence-blocks-gallery-item-has-caption\"><a href=\"https:\/\/galerie-ancienne-poste.com\/wp-content\/uploads\/2026\/03\/thomas-bohle-ceramique-2026.jpg\" class=\"kb-gallery-item-link\"  ><div class=\"kb-gal-image-radius\"><div class=\"kb-gallery-image-contain kadence-blocks-gallery-intrinsic kb-gallery-image-ratio-square kb-has-image-ratio-square\" ><img loading=\"lazy\" decoding=\"async\" src=\"https:\/\/galerie-ancienne-poste.com\/wp-content\/uploads\/2026\/03\/thomas-bohle-ceramique-2026.jpg\" width=\"948\" height=\"983\" alt=\"Thomas Bohle - exposition 2026 - Exposition Thomas Bohle France - Galerie de l&#039;Ancienne Poste\" data-full-image=\"https:\/\/galerie-ancienne-poste.com\/wp-content\/uploads\/2026\/03\/thomas-bohle-ceramique-2026.jpg\" data-light-image=\"https:\/\/galerie-ancienne-poste.com\/wp-content\/uploads\/2026\/03\/thomas-bohle-ceramique-2026.jpg\" data-id=\"9549\" class=\"wp-image-9549\" srcset=\"https:\/\/galerie-ancienne-poste.com\/wp-content\/uploads\/2026\/03\/thomas-bohle-ceramique-2026.jpg 948w, https:\/\/galerie-ancienne-poste.com\/wp-content\/uploads\/2026\/03\/thomas-bohle-ceramique-2026-289x300.jpg 289w, https:\/\/galerie-ancienne-poste.com\/wp-content\/uploads\/2026\/03\/thomas-bohle-ceramique-2026-768x796.jpg 768w, https:\/\/galerie-ancienne-poste.com\/wp-content\/uploads\/2026\/03\/thomas-bohle-ceramique-2026-12x12.jpg 12w, https:\/\/galerie-ancienne-poste.com\/wp-content\/uploads\/2026\/03\/thomas-bohle-ceramique-2026-600x622.jpg 600w\" sizes=\"auto, (max-width: 948px) 100vw, 948px\" \/><\/div><div class=\"kadence-blocks-gallery-item__caption\">Thomas Bohle, Untitled duo n\u00b026\/5, 2016.<\/div><\/div><\/a><\/figure><\/div><\/li><\/ul><\/div><\/div><\/div>\n\n<\/div><\/div>\n\n<style>.kb-row-layout-id9547_491f2d-f0 > .kt-row-column-wrap{align-content:start;}:where(.kb-row-layout-id9547_491f2d-f0 > .kt-row-column-wrap) > .wp-block-kadence-column{justify-content:start;}.kb-row-layout-id9547_491f2d-f0 > .kt-row-column-wrap{column-gap:var(--global-kb-gap-md, 2rem);row-gap:var(--global-kb-gap-md, 2rem);max-width:var( --global-content-width, 1250px );padding-left:var(--global-content-edge-padding);padding-right:var(--global-content-edge-padding);padding-top:var(--global-kb-spacing-xs, 1rem);padding-right:var(--global-kb-spacing-sm, 1.5rem);padding-bottom:var(--global-kb-spacing-xs, 1rem);padding-left:var(--global-kb-spacing-sm, 1.5rem);grid-template-columns:minmax(0, 1fr);}.kb-row-layout-id9547_491f2d-f0 > .kt-row-layout-overlay{opacity:0.30;}@media all and (max-width: 1024px){.kb-row-layout-id9547_491f2d-f0 > .kt-row-column-wrap{grid-template-columns:minmax(0, 1fr);}}@media all and (max-width: 767px){.kb-row-layout-id9547_491f2d-f0 > .kt-row-column-wrap{grid-template-columns:minmax(0, 1fr);}}<\/style><div class=\"kb-row-layout-wrap kb-row-layout-id9547_491f2d-f0 alignnone wp-block-kadence-rowlayout\"><div class=\"kt-row-column-wrap kt-has-1-columns kt-row-layout-equal kt-tab-layout-inherit kt-mobile-layout-row kt-row-valign-top kb-theme-content-width\">\n<style>.kadence-column9547_4a64a8-74 > .kt-inside-inner-col,.kadence-column9547_4a64a8-74 > .kt-inside-inner-col:before{border-top-left-radius:0px;border-top-right-radius:0px;border-bottom-right-radius:0px;border-bottom-left-radius:0px;}.kadence-column9547_4a64a8-74 > .kt-inside-inner-col{column-gap:var(--global-kb-gap-sm, 1rem);}.kadence-column9547_4a64a8-74 > .kt-inside-inner-col{flex-direction:column;}.kadence-column9547_4a64a8-74 > .kt-inside-inner-col > .aligncenter{width:100%;}.kadence-column9547_4a64a8-74 > .kt-inside-inner-col:before{opacity:0.3;}.kadence-column9547_4a64a8-74{position:relative;}@media all and (max-width: 1024px){.kadence-column9547_4a64a8-74 > .kt-inside-inner-col{flex-direction:column;justify-content:center;}}@media all and (max-width: 767px){.kadence-column9547_4a64a8-74 > .kt-inside-inner-col{padding-right:var(--global-kb-spacing-xs, 1rem);padding-left:var(--global-kb-spacing-xs, 1rem);flex-direction:column;justify-content:center;}}<\/style>\n<div class=\"wp-block-kadence-column kadence-column9547_4a64a8-74\"><div class=\"kt-inside-inner-col\">\n<p>\u00ab\u00a0Travailler l\u2019argile est un processus d\u00e9licat. Ne sachant pas o\u00f9 cela va me mener, je ne peux m\u2019emp\u00eacher de suivre le courant. Cette mati\u00e8re tendre et changeante r\u00e9agit sans cesse \u00e0 chacun de mes gestes, aussi subtils soient-ils, et elle refl\u00e8te mon \u00e9tat d\u2019\u00e2me. Apr\u00e8s la cuisson, elle m\u2019invite \u00e0 caresser sa surface. L\u2019attirance demeure, toujours.\u00a0\u00bb<br><\/p>\n<\/div><\/div>\n\n<\/div><\/div>\n\n<style>.kb-row-layout-id9547_a4fc89-0b > .kt-row-column-wrap{align-content:start;}:where(.kb-row-layout-id9547_a4fc89-0b > .kt-row-column-wrap) > .wp-block-kadence-column{justify-content:start;}.kb-row-layout-id9547_a4fc89-0b > .kt-row-column-wrap{column-gap:var(--global-kb-gap-md, 2rem);row-gap:var(--global-kb-gap-md, 2rem);padding-top:var(--global-kb-spacing-xs, 1rem);padding-right:var(--global-kb-spacing-xs, 1rem);padding-bottom:var(--global-kb-spacing-xs, 1rem);padding-left:var(--global-kb-spacing-xs, 1rem);grid-template-columns:minmax(0, 1fr);}.kb-row-layout-id9547_a4fc89-0b > .kt-row-layout-overlay{opacity:0.30;}@media all and (max-width: 1024px){.kb-row-layout-id9547_a4fc89-0b > .kt-row-column-wrap{grid-template-columns:minmax(0, 1fr);}}@media all and (max-width: 767px){.kb-row-layout-id9547_a4fc89-0b > .kt-row-column-wrap{grid-template-columns:minmax(0, 1fr);}}<\/style><div class=\"kb-row-layout-wrap kb-row-layout-id9547_a4fc89-0b alignwide wp-block-kadence-rowlayout\"><div class=\"kt-row-column-wrap kt-has-1-columns kt-row-layout-equal kt-tab-layout-inherit kt-mobile-layout-row kt-row-valign-top\">\n<style>.kadence-column9547_c078e5-08 > .kt-inside-inner-col,.kadence-column9547_c078e5-08 > .kt-inside-inner-col:before{border-top-left-radius:0px;border-top-right-radius:0px;border-bottom-right-radius:0px;border-bottom-left-radius:0px;}.kadence-column9547_c078e5-08 > .kt-inside-inner-col{column-gap:var(--global-kb-gap-sm, 1rem);}.kadence-column9547_c078e5-08 > .kt-inside-inner-col{flex-direction:column;}.kadence-column9547_c078e5-08 > .kt-inside-inner-col > .aligncenter{width:100%;}.kadence-column9547_c078e5-08 > .kt-inside-inner-col:before{opacity:0.3;}.kadence-column9547_c078e5-08{position:relative;}@media all and (max-width: 1024px){.kadence-column9547_c078e5-08 > .kt-inside-inner-col{flex-direction:column;justify-content:center;}}@media all and (max-width: 767px){.kadence-column9547_c078e5-08 > .kt-inside-inner-col{flex-direction:column;justify-content:center;}}<\/style>\n<div class=\"wp-block-kadence-column kadence-column9547_c078e5-08\"><div class=\"kt-inside-inner-col\"><style>.wp-block-kadence-advancedgallery .kb-gallery-type-grid.kb-gallery-id-9547_ef3c4d-f7{margin:-5px;}.kb-gallery-type-grid.kb-gallery-id-9547_ef3c4d-f7 .kadence-blocks-gallery-item{padding:5px;}.kb-gallery-id-9547_ef3c4d-f7 .kadence-blocks-gallery-item .kb-gal-image-radius, .kb-gallery-id-9547_ef3c4d-f7 .kb-slide-item .kb-gal-image-radius img{border-radius:0px 0px 0px 0px;;}.kb-gallery-caption-style-bottom.kb-gallery-id-9547_ef3c4d-f7 .kadence-blocks-gallery-item .kadence-blocks-gallery-item-inner .kadence-blocks-gallery-item__caption, .kb-gallery-caption-style-bottom-hover.kb-gallery-id-9547_ef3c4d-f7 .kadence-blocks-gallery-item .kadence-blocks-gallery-item-inner .kadence-blocks-gallery-item__caption{background:linear-gradient(0deg, rgba(0, 0, 0, 0.8) 0, rgba(0, 0, 0, 0) 100%);}<\/style><div class=\"kb-gallery-wrap-id-9547_ef3c4d-f7 alignnone wp-block-kadence-advancedgallery\"><ul class=\"kb-gallery-ul kb-gallery-non-static kb-gallery-type-grid kb-gallery-id-9547_ef3c4d-f7 kb-gallery-caption-style-bottom-hover kb-gallery-filter-none\" data-image-filter=\"none\" data-item-selector=\".kadence-blocks-gallery-item\" data-lightbox-caption=\"true\" data-columns-xxl=\"4\" data-columns-xl=\"4\" data-columns-md=\"4\" data-columns-sm=\"3\" data-columns-xs=\"2\" data-columns-ss=\"2\"><li class=\"kadence-blocks-gallery-item\" tabindex=\"0\"><div class=\"kadence-blocks-gallery-item-inner\"><figure class=\"kb-gallery-figure kadence-blocks-gallery-item-has-caption\"><div class=\"kb-gal-image-radius\"><div class=\"kb-gallery-image-contain kadence-blocks-gallery-intrinsic kb-gallery-image-ratio-square kb-has-image-ratio-square\" ><img loading=\"lazy\" decoding=\"async\" src=\"https:\/\/galerie-ancienne-poste.com\/wp-content\/uploads\/2026\/03\/thomas-bohle-exhibition-2026-1021x1024.jpg\" width=\"1021\" height=\"1024\" alt=\"Thomas Bohle exhibition - Thomas Bohle ceramics 2026 - Thomas Bohle austrian ceramic artist\" data-full-image=\"https:\/\/galerie-ancienne-poste.com\/wp-content\/uploads\/2026\/03\/thomas-bohle-exhibition-2026.jpg\" data-light-image=\"https:\/\/galerie-ancienne-poste.com\/wp-content\/uploads\/2026\/03\/thomas-bohle-exhibition-2026.jpg\" data-id=\"9551\" class=\"wp-image-9551\" srcset=\"https:\/\/galerie-ancienne-poste.com\/wp-content\/uploads\/2026\/03\/thomas-bohle-exhibition-2026-1021x1024.jpg 1021w, https:\/\/galerie-ancienne-poste.com\/wp-content\/uploads\/2026\/03\/thomas-bohle-exhibition-2026-300x300.jpg 300w, https:\/\/galerie-ancienne-poste.com\/wp-content\/uploads\/2026\/03\/thomas-bohle-exhibition-2026-150x150.jpg 150w, https:\/\/galerie-ancienne-poste.com\/wp-content\/uploads\/2026\/03\/thomas-bohle-exhibition-2026-768x770.jpg 768w, https:\/\/galerie-ancienne-poste.com\/wp-content\/uploads\/2026\/03\/thomas-bohle-exhibition-2026-1532x1536.jpg 1532w, https:\/\/galerie-ancienne-poste.com\/wp-content\/uploads\/2026\/03\/thomas-bohle-exhibition-2026-12x12.jpg 12w, https:\/\/galerie-ancienne-poste.com\/wp-content\/uploads\/2026\/03\/thomas-bohle-exhibition-2026-600x602.jpg 600w, https:\/\/galerie-ancienne-poste.com\/wp-content\/uploads\/2026\/03\/thomas-bohle-exhibition-2026-100x100.jpg 100w, https:\/\/galerie-ancienne-poste.com\/wp-content\/uploads\/2026\/03\/thomas-bohle-exhibition-2026.jpg 1823w\" sizes=\"auto, (max-width: 1021px) 100vw, 1021px\" \/><\/div><div class=\"kadence-blocks-gallery-item__caption\">Thomas Bohle, Mushroom Form n\u00b026\/1, 2026.<\/div><\/div><\/figure><\/div><\/li><li class=\"kadence-blocks-gallery-item\" tabindex=\"0\"><div class=\"kadence-blocks-gallery-item-inner\"><figure class=\"kb-gallery-figure kadence-blocks-gallery-item-has-caption\"><div class=\"kb-gal-image-radius\"><div class=\"kb-gallery-image-contain kadence-blocks-gallery-intrinsic kb-gallery-image-ratio-square kb-has-image-ratio-square\" ><img loading=\"lazy\" decoding=\"async\" src=\"https:\/\/galerie-ancienne-poste.com\/wp-content\/uploads\/2026\/03\/thomas-bohle-ceramique-contemporaine-2026-1024x971.jpg\" width=\"1024\" height=\"971\" alt=\"Thomas Bohle - c\u00e9ramique contemporaine 2026 - exposition Thomas Bohle en France - galerie Thomas Bohle\" data-full-image=\"https:\/\/galerie-ancienne-poste.com\/wp-content\/uploads\/2026\/03\/thomas-bohle-ceramique-contemporaine-2026.jpg\" data-light-image=\"https:\/\/galerie-ancienne-poste.com\/wp-content\/uploads\/2026\/03\/thomas-bohle-ceramique-contemporaine-2026.jpg\" data-id=\"9550\" class=\"wp-image-9550\" srcset=\"https:\/\/galerie-ancienne-poste.com\/wp-content\/uploads\/2026\/03\/thomas-bohle-ceramique-contemporaine-2026-1024x971.jpg 1024w, https:\/\/galerie-ancienne-poste.com\/wp-content\/uploads\/2026\/03\/thomas-bohle-ceramique-contemporaine-2026-300x285.jpg 300w, https:\/\/galerie-ancienne-poste.com\/wp-content\/uploads\/2026\/03\/thomas-bohle-ceramique-contemporaine-2026-768x728.jpg 768w, https:\/\/galerie-ancienne-poste.com\/wp-content\/uploads\/2026\/03\/thomas-bohle-ceramique-contemporaine-2026-1536x1457.jpg 1536w, https:\/\/galerie-ancienne-poste.com\/wp-content\/uploads\/2026\/03\/thomas-bohle-ceramique-contemporaine-2026-2048x1942.jpg 2048w, https:\/\/galerie-ancienne-poste.com\/wp-content\/uploads\/2026\/03\/thomas-bohle-ceramique-contemporaine-2026-13x12.jpg 13w, https:\/\/galerie-ancienne-poste.com\/wp-content\/uploads\/2026\/03\/thomas-bohle-ceramique-contemporaine-2026-600x569.jpg 600w\" sizes=\"auto, (max-width: 1024px) 100vw, 1024px\" \/><\/div><div class=\"kadence-blocks-gallery-item__caption\">Thomas Bohle, Untitled n\u00b0 26\/6, 2019.<\/div><\/div><\/figure><\/div><\/li><li class=\"kadence-blocks-gallery-item\" tabindex=\"0\"><div class=\"kadence-blocks-gallery-item-inner\"><figure class=\"kb-gallery-figure kadence-blocks-gallery-item-has-caption\"><div class=\"kb-gal-image-radius\"><div class=\"kb-gallery-image-contain kadence-blocks-gallery-intrinsic kb-gallery-image-ratio-square kb-has-image-ratio-square\" ><img loading=\"lazy\" decoding=\"async\" src=\"https:\/\/galerie-ancienne-poste.com\/wp-content\/uploads\/2026\/03\/thomas-bohle.jpg\" width=\"602\" height=\"581\" alt=\"\" data-full-image=\"https:\/\/galerie-ancienne-poste.com\/wp-content\/uploads\/2026\/03\/thomas-bohle.jpg\" data-light-image=\"https:\/\/galerie-ancienne-poste.com\/wp-content\/uploads\/2026\/03\/thomas-bohle.jpg\" data-id=\"9609\" class=\"wp-image-9609\" srcset=\"https:\/\/galerie-ancienne-poste.com\/wp-content\/uploads\/2026\/03\/thomas-bohle.jpg 602w, https:\/\/galerie-ancienne-poste.com\/wp-content\/uploads\/2026\/03\/thomas-bohle-300x290.jpg 300w, https:\/\/galerie-ancienne-poste.com\/wp-content\/uploads\/2026\/03\/thomas-bohle-12x12.jpg 12w, https:\/\/galerie-ancienne-poste.com\/wp-content\/uploads\/2026\/03\/thomas-bohle-600x579.jpg 600w\" sizes=\"auto, (max-width: 602px) 100vw, 602px\"><\/div><div class=\"kadence-blocks-gallery-item__caption\">Thomas Bohle, Untitled n\u00b026\/21, 2026.<\/div><\/div><\/figure><\/div><\/li><li class=\"kadence-blocks-gallery-item\" tabindex=\"0\"><div class=\"kadence-blocks-gallery-item-inner\"><figure class=\"kb-gallery-figure kadence-blocks-gallery-item-has-caption\"><div class=\"kb-gal-image-radius\"><div class=\"kb-gallery-image-contain kadence-blocks-gallery-intrinsic kb-gallery-image-ratio-square kb-has-image-ratio-square\" ><img loading=\"lazy\" decoding=\"async\" src=\"https:\/\/galerie-ancienne-poste.com\/wp-content\/uploads\/2026\/03\/thomas-bohle-expo-france-1020x1024.jpg\" width=\"1020\" height=\"1024\" alt=\"Thomas Bohle expo France - c\u00e9ramique de Thomas Bohle - exposition Thomas Bohle - galerie de Thomas Bohle en France\" data-full-image=\"https:\/\/galerie-ancienne-poste.com\/wp-content\/uploads\/2026\/03\/thomas-bohle-expo-france.jpg\" data-light-image=\"https:\/\/galerie-ancienne-poste.com\/wp-content\/uploads\/2026\/03\/thomas-bohle-expo-france.jpg\" data-id=\"9552\" class=\"wp-image-9552\" srcset=\"https:\/\/galerie-ancienne-poste.com\/wp-content\/uploads\/2026\/03\/thomas-bohle-expo-france-1020x1024.jpg 1020w, https:\/\/galerie-ancienne-poste.com\/wp-content\/uploads\/2026\/03\/thomas-bohle-expo-france-300x300.jpg 300w, https:\/\/galerie-ancienne-poste.com\/wp-content\/uploads\/2026\/03\/thomas-bohle-expo-france-150x150.jpg 150w, https:\/\/galerie-ancienne-poste.com\/wp-content\/uploads\/2026\/03\/thomas-bohle-expo-france-768x771.jpg 768w, https:\/\/galerie-ancienne-poste.com\/wp-content\/uploads\/2026\/03\/thomas-bohle-expo-france-1531x1536.jpg 1531w, https:\/\/galerie-ancienne-poste.com\/wp-content\/uploads\/2026\/03\/thomas-bohle-expo-france-12x12.jpg 12w, https:\/\/galerie-ancienne-poste.com\/wp-content\/uploads\/2026\/03\/thomas-bohle-expo-france-600x602.jpg 600w, https:\/\/galerie-ancienne-poste.com\/wp-content\/uploads\/2026\/03\/thomas-bohle-expo-france-100x100.jpg 100w, https:\/\/galerie-ancienne-poste.com\/wp-content\/uploads\/2026\/03\/thomas-bohle-expo-france.jpg 1958w\" sizes=\"auto, (max-width: 1020px) 100vw, 1020px\" \/><\/div><div class=\"kadence-blocks-gallery-item__caption\">Thomas Bohle, Untitled n\u00b026\/14, 2026.<\/div><\/div><\/figure><\/div><\/li><li class=\"kadence-blocks-gallery-item\" tabindex=\"0\"><div class=\"kadence-blocks-gallery-item-inner\"><figure class=\"kb-gallery-figure kadence-blocks-gallery-item-has-caption\"><div class=\"kb-gal-image-radius\"><div class=\"kb-gallery-image-contain kadence-blocks-gallery-intrinsic kb-gallery-image-ratio-square kb-has-image-ratio-square\" ><img loading=\"lazy\" decoding=\"async\" src=\"https:\/\/galerie-ancienne-poste.com\/wp-content\/uploads\/2026\/03\/thomas-bohle-works-2026-1024x908.jpg\" width=\"1024\" height=\"908\" alt=\"Thomas Bohle works 2026 - contemporary ceramics - contemporary ceramic gallery in France\" data-full-image=\"https:\/\/galerie-ancienne-poste.com\/wp-content\/uploads\/2026\/03\/thomas-bohle-works-2026.jpg\" data-light-image=\"https:\/\/galerie-ancienne-poste.com\/wp-content\/uploads\/2026\/03\/thomas-bohle-works-2026.jpg\" data-id=\"9589\" class=\"wp-image-9589\" srcset=\"https:\/\/galerie-ancienne-poste.com\/wp-content\/uploads\/2026\/03\/thomas-bohle-works-2026-1024x908.jpg 1024w, https:\/\/galerie-ancienne-poste.com\/wp-content\/uploads\/2026\/03\/thomas-bohle-works-2026-300x266.jpg 300w, https:\/\/galerie-ancienne-poste.com\/wp-content\/uploads\/2026\/03\/thomas-bohle-works-2026-768x681.jpg 768w, https:\/\/galerie-ancienne-poste.com\/wp-content\/uploads\/2026\/03\/thomas-bohle-works-2026-1536x1363.jpg 1536w, https:\/\/galerie-ancienne-poste.com\/wp-content\/uploads\/2026\/03\/thomas-bohle-works-2026-14x12.jpg 14w, https:\/\/galerie-ancienne-poste.com\/wp-content\/uploads\/2026\/03\/thomas-bohle-works-2026-600x532.jpg 600w, https:\/\/galerie-ancienne-poste.com\/wp-content\/uploads\/2026\/03\/thomas-bohle-works-2026.jpg 1718w\" sizes=\"auto, (max-width: 1024px) 100vw, 1024px\" \/><\/div><div class=\"kadence-blocks-gallery-item__caption\">Thomas Bohle, Untitled n\u00b026\/3, 2016.<\/div><\/div><\/figure><\/div><\/li><li class=\"kadence-blocks-gallery-item\" tabindex=\"0\"><div class=\"kadence-blocks-gallery-item-inner\"><figure class=\"kb-gallery-figure kadence-blocks-gallery-item-has-caption\"><div class=\"kb-gal-image-radius\"><div class=\"kb-gallery-image-contain kadence-blocks-gallery-intrinsic kb-gallery-image-ratio-square kb-has-image-ratio-square\" ><img loading=\"lazy\" decoding=\"async\" src=\"https:\/\/galerie-ancienne-poste.com\/wp-content\/uploads\/2026\/03\/thomas-bohle-galerie-2026-1024x865.jpg\" width=\"1024\" height=\"865\" alt=\"Thomas Bohle galerie en France - galerie de c\u00e9ramique contemporaine - galerie Thomas Bohle\" data-full-image=\"https:\/\/galerie-ancienne-poste.com\/wp-content\/uploads\/2026\/03\/thomas-bohle-galerie-2026.jpg\" data-light-image=\"https:\/\/galerie-ancienne-poste.com\/wp-content\/uploads\/2026\/03\/thomas-bohle-galerie-2026.jpg\" data-id=\"9587\" class=\"wp-image-9587\" srcset=\"https:\/\/galerie-ancienne-poste.com\/wp-content\/uploads\/2026\/03\/thomas-bohle-galerie-2026-1024x865.jpg 1024w, https:\/\/galerie-ancienne-poste.com\/wp-content\/uploads\/2026\/03\/thomas-bohle-galerie-2026-300x254.jpg 300w, https:\/\/galerie-ancienne-poste.com\/wp-content\/uploads\/2026\/03\/thomas-bohle-galerie-2026-768x649.jpg 768w, https:\/\/galerie-ancienne-poste.com\/wp-content\/uploads\/2026\/03\/thomas-bohle-galerie-2026-1536x1298.jpg 1536w, https:\/\/galerie-ancienne-poste.com\/wp-content\/uploads\/2026\/03\/thomas-bohle-galerie-2026-14x12.jpg 14w, https:\/\/galerie-ancienne-poste.com\/wp-content\/uploads\/2026\/03\/thomas-bohle-galerie-2026-600x507.jpg 600w, https:\/\/galerie-ancienne-poste.com\/wp-content\/uploads\/2026\/03\/thomas-bohle-galerie-2026.jpg 1775w\" sizes=\"auto, (max-width: 1024px) 100vw, 1024px\" \/><\/div><div class=\"kadence-blocks-gallery-item__caption\">Thomas Bohle, Untitled n\u00b026\/17, 2026<\/div><\/div><\/figure><\/div><\/li><li class=\"kadence-blocks-gallery-item\" tabindex=\"0\"><div class=\"kadence-blocks-gallery-item-inner\"><figure class=\"kb-gallery-figure kadence-blocks-gallery-item-has-caption\"><div class=\"kb-gal-image-radius\"><div class=\"kb-gallery-image-contain kadence-blocks-gallery-intrinsic kb-gallery-image-ratio-square kb-has-image-ratio-square\" ><img loading=\"lazy\" decoding=\"async\" src=\"https:\/\/galerie-ancienne-poste.com\/wp-content\/uploads\/2026\/03\/thomas-bohle-exhibition-2026-1-1024x1024.jpg\" width=\"1024\" height=\"1024\" alt=\"Thomas Bohle exhibition 2026\" data-full-image=\"https:\/\/galerie-ancienne-poste.com\/wp-content\/uploads\/2026\/03\/thomas-bohle-exhibition-2026-1.jpg\" data-light-image=\"https:\/\/galerie-ancienne-poste.com\/wp-content\/uploads\/2026\/03\/thomas-bohle-exhibition-2026-1.jpg\" data-id=\"9586\" class=\"wp-image-9586\" srcset=\"https:\/\/galerie-ancienne-poste.com\/wp-content\/uploads\/2026\/03\/thomas-bohle-exhibition-2026-1-1024x1024.jpg 1024w, https:\/\/galerie-ancienne-poste.com\/wp-content\/uploads\/2026\/03\/thomas-bohle-exhibition-2026-1-300x300.jpg 300w, https:\/\/galerie-ancienne-poste.com\/wp-content\/uploads\/2026\/03\/thomas-bohle-exhibition-2026-1-150x150.jpg 150w, https:\/\/galerie-ancienne-poste.com\/wp-content\/uploads\/2026\/03\/thomas-bohle-exhibition-2026-1-768x768.jpg 768w, https:\/\/galerie-ancienne-poste.com\/wp-content\/uploads\/2026\/03\/thomas-bohle-exhibition-2026-1-12x12.jpg 12w, https:\/\/galerie-ancienne-poste.com\/wp-content\/uploads\/2026\/03\/thomas-bohle-exhibition-2026-1-600x600.jpg 600w, https:\/\/galerie-ancienne-poste.com\/wp-content\/uploads\/2026\/03\/thomas-bohle-exhibition-2026-1-100x100.jpg 100w, https:\/\/galerie-ancienne-poste.com\/wp-content\/uploads\/2026\/03\/thomas-bohle-exhibition-2026-1.jpg 1500w\" sizes=\"auto, (max-width: 1024px) 100vw, 1024px\" \/><\/div><div class=\"kadence-blocks-gallery-item__caption\">Thomas Bohle, Untitled n\u00b026\/16, 2026.<\/div><\/div><\/figure><\/div><\/li><li class=\"kadence-blocks-gallery-item\" tabindex=\"0\"><div class=\"kadence-blocks-gallery-item-inner\"><figure class=\"kb-gallery-figure kadence-blocks-gallery-item-has-caption\"><div class=\"kb-gal-image-radius\"><div class=\"kb-gallery-image-contain kadence-blocks-gallery-intrinsic kb-gallery-image-ratio-square kb-has-image-ratio-square\" ><img loading=\"lazy\" decoding=\"async\" src=\"https:\/\/galerie-ancienne-poste.com\/wp-content\/uploads\/2026\/03\/thomas-bhole-galerie-france-1024x839.jpg\" width=\"1024\" height=\"839\" alt=\"Thomas Bohle\" data-full-image=\"https:\/\/galerie-ancienne-poste.com\/wp-content\/uploads\/2026\/03\/thomas-bhole-galerie-france.jpg\" data-light-image=\"https:\/\/galerie-ancienne-poste.com\/wp-content\/uploads\/2026\/03\/thomas-bhole-galerie-france.jpg\" data-id=\"9584\" class=\"wp-image-9584\" srcset=\"https:\/\/galerie-ancienne-poste.com\/wp-content\/uploads\/2026\/03\/thomas-bhole-galerie-france-1024x839.jpg 1024w, https:\/\/galerie-ancienne-poste.com\/wp-content\/uploads\/2026\/03\/thomas-bhole-galerie-france-300x246.jpg 300w, https:\/\/galerie-ancienne-poste.com\/wp-content\/uploads\/2026\/03\/thomas-bhole-galerie-france-768x629.jpg 768w, https:\/\/galerie-ancienne-poste.com\/wp-content\/uploads\/2026\/03\/thomas-bhole-galerie-france-1536x1258.jpg 1536w, https:\/\/galerie-ancienne-poste.com\/wp-content\/uploads\/2026\/03\/thomas-bhole-galerie-france-15x12.jpg 15w, https:\/\/galerie-ancienne-poste.com\/wp-content\/uploads\/2026\/03\/thomas-bhole-galerie-france-600x492.jpg 600w, https:\/\/galerie-ancienne-poste.com\/wp-content\/uploads\/2026\/03\/thomas-bhole-galerie-france.jpg 1831w\" sizes=\"auto, (max-width: 1024px) 100vw, 1024px\" \/><\/div><div class=\"kadence-blocks-gallery-item__caption\">Thomas Bohle, Untitled n\u00b026\/20, 2026.<\/div><\/div><\/figure><\/div><\/li><li class=\"kadence-blocks-gallery-item\" tabindex=\"0\"><div class=\"kadence-blocks-gallery-item-inner\"><figure class=\"kb-gallery-figure kadence-blocks-gallery-item-has-caption\"><div class=\"kb-gal-image-radius\"><div class=\"kb-gallery-image-contain kadence-blocks-gallery-intrinsic kb-gallery-image-ratio-square kb-has-image-ratio-square\" ><img loading=\"lazy\" decoding=\"async\" src=\"https:\/\/galerie-ancienne-poste.com\/wp-content\/uploads\/2026\/03\/thomas-bohle-ceramique-autriche-1024x1024.jpg\" width=\"1024\" height=\"1024\" alt=\"Thomas Bohle - c\u00e9ramique autrichienne - c\u00e9ramique contemporaine - gr\u00e8s contemporain\" data-full-image=\"https:\/\/galerie-ancienne-poste.com\/wp-content\/uploads\/2026\/03\/thomas-bohle-ceramique-autriche.jpg\" data-light-image=\"https:\/\/galerie-ancienne-poste.com\/wp-content\/uploads\/2026\/03\/thomas-bohle-ceramique-autriche.jpg\" data-id=\"9610\" class=\"wp-image-9610\" srcset=\"https:\/\/galerie-ancienne-poste.com\/wp-content\/uploads\/2026\/03\/thomas-bohle-ceramique-autriche-1024x1024.jpg 1024w, https:\/\/galerie-ancienne-poste.com\/wp-content\/uploads\/2026\/03\/thomas-bohle-ceramique-autriche-300x300.jpg 300w, https:\/\/galerie-ancienne-poste.com\/wp-content\/uploads\/2026\/03\/thomas-bohle-ceramique-autriche-150x150.jpg 150w, https:\/\/galerie-ancienne-poste.com\/wp-content\/uploads\/2026\/03\/thomas-bohle-ceramique-autriche-768x768.jpg 768w, https:\/\/galerie-ancienne-poste.com\/wp-content\/uploads\/2026\/03\/thomas-bohle-ceramique-autriche-12x12.jpg 12w, https:\/\/galerie-ancienne-poste.com\/wp-content\/uploads\/2026\/03\/thomas-bohle-ceramique-autriche-600x600.jpg 600w, https:\/\/galerie-ancienne-poste.com\/wp-content\/uploads\/2026\/03\/thomas-bohle-ceramique-autriche-100x100.jpg 100w, https:\/\/galerie-ancienne-poste.com\/wp-content\/uploads\/2026\/03\/thomas-bohle-ceramique-autriche.jpg 1500w\" sizes=\"auto, (max-width: 1024px) 100vw, 1024px\" \/><\/div><div class=\"kadence-blocks-gallery-item__caption\">Thomas Bohle, Untitled n\u00b026\/13, 2021.<\/div><\/div><\/figure><\/div><\/li><li class=\"kadence-blocks-gallery-item\" tabindex=\"0\"><div class=\"kadence-blocks-gallery-item-inner\"><figure class=\"kb-gallery-figure kadence-blocks-gallery-item-has-caption\"><div class=\"kb-gal-image-radius\"><div class=\"kb-gallery-image-contain kadence-blocks-gallery-intrinsic kb-gallery-image-ratio-square kb-has-image-ratio-square\" ><img loading=\"lazy\" decoding=\"async\" src=\"https:\/\/galerie-ancienne-poste.com\/wp-content\/uploads\/2026\/03\/galerie-de-l-ancienne-poste-bohle-thomas-1024x868.jpg\" width=\"1024\" height=\"868\" alt=\"Thomas Bohle\" data-full-image=\"https:\/\/galerie-ancienne-poste.com\/wp-content\/uploads\/2026\/03\/galerie-de-l-ancienne-poste-bohle-thomas.jpg\" data-light-image=\"https:\/\/galerie-ancienne-poste.com\/wp-content\/uploads\/2026\/03\/galerie-de-l-ancienne-poste-bohle-thomas.jpg\" data-id=\"9583\" class=\"wp-image-9583\" srcset=\"https:\/\/galerie-ancienne-poste.com\/wp-content\/uploads\/2026\/03\/galerie-de-l-ancienne-poste-bohle-thomas-1024x868.jpg 1024w, https:\/\/galerie-ancienne-poste.com\/wp-content\/uploads\/2026\/03\/galerie-de-l-ancienne-poste-bohle-thomas-300x254.jpg 300w, https:\/\/galerie-ancienne-poste.com\/wp-content\/uploads\/2026\/03\/galerie-de-l-ancienne-poste-bohle-thomas-768x651.jpg 768w, https:\/\/galerie-ancienne-poste.com\/wp-content\/uploads\/2026\/03\/galerie-de-l-ancienne-poste-bohle-thomas-1536x1302.jpg 1536w, https:\/\/galerie-ancienne-poste.com\/wp-content\/uploads\/2026\/03\/galerie-de-l-ancienne-poste-bohle-thomas-14x12.jpg 14w, https:\/\/galerie-ancienne-poste.com\/wp-content\/uploads\/2026\/03\/galerie-de-l-ancienne-poste-bohle-thomas-600x509.jpg 600w, https:\/\/galerie-ancienne-poste.com\/wp-content\/uploads\/2026\/03\/galerie-de-l-ancienne-poste-bohle-thomas.jpg 1769w\" sizes=\"auto, (max-width: 1024px) 100vw, 1024px\" \/><\/div><div class=\"kadence-blocks-gallery-item__caption\">Thomas Bohle, Untitled n\u00b026\/18, 2026.<\/div><\/div><\/figure><\/div><\/li><li class=\"kadence-blocks-gallery-item\" tabindex=\"0\"><div class=\"kadence-blocks-gallery-item-inner\"><figure class=\"kb-gallery-figure kadence-blocks-gallery-item-has-caption\"><div class=\"kb-gal-image-radius\"><div class=\"kb-gallery-image-contain kadence-blocks-gallery-intrinsic kb-gallery-image-ratio-square kb-has-image-ratio-square\" ><img loading=\"lazy\" decoding=\"async\" src=\"https:\/\/galerie-ancienne-poste.com\/wp-content\/uploads\/2026\/03\/bohle-thomas-ceramique-contemporaine-1024x866.jpg\" width=\"1024\" height=\"866\" alt=\"Thioams Bohle - c\u00e9ramique contemporaine - galerie de c\u00e9ramique - vente Thomas Bohle\" data-full-image=\"https:\/\/galerie-ancienne-poste.com\/wp-content\/uploads\/2026\/03\/bohle-thomas-ceramique-contemporaine.jpg\" data-light-image=\"https:\/\/galerie-ancienne-poste.com\/wp-content\/uploads\/2026\/03\/bohle-thomas-ceramique-contemporaine.jpg\" data-id=\"9581\" class=\"wp-image-9581\" srcset=\"https:\/\/galerie-ancienne-poste.com\/wp-content\/uploads\/2026\/03\/bohle-thomas-ceramique-contemporaine-1024x866.jpg 1024w, https:\/\/galerie-ancienne-poste.com\/wp-content\/uploads\/2026\/03\/bohle-thomas-ceramique-contemporaine-300x254.jpg 300w, https:\/\/galerie-ancienne-poste.com\/wp-content\/uploads\/2026\/03\/bohle-thomas-ceramique-contemporaine-768x650.jpg 768w, https:\/\/galerie-ancienne-poste.com\/wp-content\/uploads\/2026\/03\/bohle-thomas-ceramique-contemporaine-1536x1299.jpg 1536w, https:\/\/galerie-ancienne-poste.com\/wp-content\/uploads\/2026\/03\/bohle-thomas-ceramique-contemporaine-14x12.jpg 14w, https:\/\/galerie-ancienne-poste.com\/wp-content\/uploads\/2026\/03\/bohle-thomas-ceramique-contemporaine-600x508.jpg 600w, https:\/\/galerie-ancienne-poste.com\/wp-content\/uploads\/2026\/03\/bohle-thomas-ceramique-contemporaine.jpg 1773w\" sizes=\"auto, (max-width: 1024px) 100vw, 1024px\" \/><\/div><div class=\"kadence-blocks-gallery-item__caption\">Thomas Bohle, Blue Form n\u00b026\/19, 2026.<\/div><\/div><\/figure><\/div><\/li><li class=\"kadence-blocks-gallery-item\" tabindex=\"0\"><div class=\"kadence-blocks-gallery-item-inner\"><figure class=\"kb-gallery-figure kadence-blocks-gallery-item-has-caption\"><div class=\"kb-gal-image-radius\"><div class=\"kb-gallery-image-contain kadence-blocks-gallery-intrinsic kb-gallery-image-ratio-square kb-has-image-ratio-square\" ><img loading=\"lazy\" decoding=\"async\" src=\"https:\/\/galerie-ancienne-poste.com\/wp-content\/uploads\/2026\/03\/Thomas-Bohle-2026-Mushroom-form23-939x1024.jpg\" width=\"939\" height=\"1024\" alt=\"Thomas Bohle galerie en France - galerie de c\u00e9ramique contemporaine - galerie Thomas Bohle\" data-full-image=\"https:\/\/galerie-ancienne-poste.com\/wp-content\/uploads\/2026\/03\/Thomas-Bohle-2026-Mushroom-form23.jpg\" data-light-image=\"https:\/\/galerie-ancienne-poste.com\/wp-content\/uploads\/2026\/03\/Thomas-Bohle-2026-Mushroom-form23.jpg\" data-id=\"9663\" class=\"wp-image-9663\" srcset=\"https:\/\/galerie-ancienne-poste.com\/wp-content\/uploads\/2026\/03\/Thomas-Bohle-2026-Mushroom-form23-939x1024.jpg 939w, https:\/\/galerie-ancienne-poste.com\/wp-content\/uploads\/2026\/03\/Thomas-Bohle-2026-Mushroom-form23-275x300.jpg 275w, https:\/\/galerie-ancienne-poste.com\/wp-content\/uploads\/2026\/03\/Thomas-Bohle-2026-Mushroom-form23-768x838.jpg 768w, https:\/\/galerie-ancienne-poste.com\/wp-content\/uploads\/2026\/03\/Thomas-Bohle-2026-Mushroom-form23-1408x1536.jpg 1408w, https:\/\/galerie-ancienne-poste.com\/wp-content\/uploads\/2026\/03\/Thomas-Bohle-2026-Mushroom-form23-11x12.jpg 11w, https:\/\/galerie-ancienne-poste.com\/wp-content\/uploads\/2026\/03\/Thomas-Bohle-2026-Mushroom-form23-600x654.jpg 600w, https:\/\/galerie-ancienne-poste.com\/wp-content\/uploads\/2026\/03\/Thomas-Bohle-2026-Mushroom-form23.jpg 1500w\" sizes=\"auto, (max-width: 939px) 100vw, 939px\" \/><\/div><div class=\"kadence-blocks-gallery-item__caption\">Thomas Bohle, Mushroom Form n\u00b026\/23, 2026.<\/div><\/div><\/figure><\/div><\/li><\/ul><\/div><\/div><\/div>\n\n<\/div><\/div><\/div><\/div><\/div>\n\n<\/div><\/div><\/div><\/div>\n\n\n\n<div class=\"wp-block-kadence-tab kt-tab-inner-content kt-inner-tab-2 kt-inner-tabfb0cb3-fb\"><div class=\"kt-tab-inner-content-inner\"><style>.kb-row-layout-wrap.wp-block-kadence-rowlayout.kb-row-layout-id1552_ff537f-16{margin-top:0px;}.kb-row-layout-id1552_ff537f-16 > .kt-row-column-wrap{align-content:start;}:where(.kb-row-layout-id1552_ff537f-16 > .kt-row-column-wrap) > .wp-block-kadence-column{justify-content:start;}.kb-row-layout-id1552_ff537f-16 > .kt-row-column-wrap{column-gap:var(--global-kb-gap-md, 2rem);row-gap:var(--global-kb-gap-md, 2rem);max-width:1440px;margin-left:auto;margin-right:auto;padding-top:var(--global-kb-spacing-sm, 1.5rem);padding-bottom:var(--global-kb-spacing-sm, 1.5rem);grid-template-columns:minmax(0, 1fr);}.kb-row-layout-id1552_ff537f-16 > .kt-row-layout-overlay{opacity:0.30;}@media all and (max-width: 1024px){.kb-row-layout-id1552_ff537f-16 > .kt-row-column-wrap{grid-template-columns:minmax(0, 1fr);}}@media all and (max-width: 767px){.kb-row-layout-id1552_ff537f-16 > .kt-row-column-wrap{grid-template-columns:minmax(0, 1fr);}}<\/style><div class=\"kb-row-layout-wrap kb-row-layout-id1552_ff537f-16 alignnone wp-block-kadence-rowlayout\"><div class=\"kt-row-column-wrap kt-has-1-columns kt-row-layout-equal kt-tab-layout-inherit kt-mobile-layout-row kt-row-valign-top\">\n<style>.kadence-column1552_3f0ca8-15 > .kt-inside-inner-col,.kadence-column1552_3f0ca8-15 > .kt-inside-inner-col:before{border-top-left-radius:0px;border-top-right-radius:0px;border-bottom-right-radius:0px;border-bottom-left-radius:0px;}.kadence-column1552_3f0ca8-15 > .kt-inside-inner-col{column-gap:var(--global-kb-gap-sm, 1rem);}.kadence-column1552_3f0ca8-15 > .kt-inside-inner-col{flex-direction:column;}.kadence-column1552_3f0ca8-15 > .kt-inside-inner-col > .aligncenter{width:100%;}.kadence-column1552_3f0ca8-15 > .kt-inside-inner-col:before{opacity:0.3;}.kadence-column1552_3f0ca8-15{position:relative;}@media all and (max-width: 1024px){.kadence-column1552_3f0ca8-15 > .kt-inside-inner-col{flex-direction:column;justify-content:center;}}@media all and (max-width: 767px){.kadence-column1552_3f0ca8-15 > .kt-inside-inner-col{flex-direction:column;justify-content:center;}}<\/style>\n<div class=\"wp-block-kadence-column kadence-column1552_3f0ca8-15\"><div class=\"kt-inside-inner-col\"><div class=\"wp-block-kadence-dynamichtml kb-dynamic-html kb-dynamic-html-id-1552_7f39c6-d3\"><style>.kb-row-layout-id9624_22a3e9-26 > .kt-row-column-wrap{align-content:start;}:where(.kb-row-layout-id9624_22a3e9-26 > .kt-row-column-wrap) > .wp-block-kadence-column{justify-content:start;}.kb-row-layout-id9624_22a3e9-26 > .kt-row-column-wrap{column-gap:var(--global-kb-gap-md, 2rem);row-gap:var(--global-kb-gap-md, 2rem);padding-top:var(--global-kb-spacing-xxs, 0.5rem);padding-bottom:var(--global-kb-spacing-sm, 1.5rem);}.kb-row-layout-id9624_22a3e9-26 > .kt-row-column-wrap > div:not(.added-for-specificity){grid-column:initial;}.kb-row-layout-id9624_22a3e9-26 > .kt-row-column-wrap{grid-template-columns:minmax(0, 1fr) minmax(0, 6fr) minmax(0, 1fr);}.kb-row-layout-id9624_22a3e9-26 > .kt-row-layout-overlay{opacity:0.30;}@media all and (max-width: 1024px){.kb-row-layout-id9624_22a3e9-26 > .kt-row-column-wrap > div:not(.added-for-specificity){grid-column:initial;}}@media all and (max-width: 1024px){.kb-row-layout-id9624_22a3e9-26 > .kt-row-column-wrap{grid-template-columns:minmax(0, 1fr) minmax(0, 6fr) minmax(0, 1fr);}}@media all and (max-width: 767px){.kb-row-layout-id9624_22a3e9-26 > .kt-row-column-wrap > div:not(.added-for-specificity){grid-column:initial;}.kb-row-layout-id9624_22a3e9-26 > .kt-row-column-wrap{grid-template-columns:minmax(0, 1fr);}}<\/style><div class=\"kb-row-layout-wrap kb-row-layout-id9624_22a3e9-26 alignnone wp-block-kadence-rowlayout\"><div class=\"kt-row-column-wrap kt-has-3-columns kt-row-layout-center-exwide kt-tab-layout-inherit kt-mobile-layout-row kt-row-valign-top\">\n<style>.kadence-column9624_ce6dab-f2 > .kt-inside-inner-col,.kadence-column9624_ce6dab-f2 > .kt-inside-inner-col:before{border-top-left-radius:0px;border-top-right-radius:0px;border-bottom-right-radius:0px;border-bottom-left-radius:0px;}.kadence-column9624_ce6dab-f2 > .kt-inside-inner-col{column-gap:var(--global-kb-gap-sm, 1rem);}.kadence-column9624_ce6dab-f2 > .kt-inside-inner-col{flex-direction:column;}.kadence-column9624_ce6dab-f2 > .kt-inside-inner-col > .aligncenter{width:100%;}.kadence-column9624_ce6dab-f2 > .kt-inside-inner-col:before{opacity:0.3;}.kadence-column9624_ce6dab-f2{position:relative;}@media all and (max-width: 1024px){.kadence-column9624_ce6dab-f2 > .kt-inside-inner-col{flex-direction:column;justify-content:center;}}@media all and (max-width: 767px){.kadence-column9624_ce6dab-f2 > .kt-inside-inner-col{flex-direction:column;justify-content:center;}}<\/style>\n<div class=\"wp-block-kadence-column kadence-column9624_ce6dab-f2\"><div class=\"kt-inside-inner-col\"><\/div><\/div>\n\n\n<style>.kadence-column9624_84ac1f-b4 > .kt-inside-inner-col,.kadence-column9624_84ac1f-b4 > .kt-inside-inner-col:before{border-top-left-radius:0px;border-top-right-radius:0px;border-bottom-right-radius:0px;border-bottom-left-radius:0px;}.kadence-column9624_84ac1f-b4 > .kt-inside-inner-col{column-gap:var(--global-kb-gap-sm, 1rem);}.kadence-column9624_84ac1f-b4 > .kt-inside-inner-col{flex-direction:column;}.kadence-column9624_84ac1f-b4 > .kt-inside-inner-col > .aligncenter{width:100%;}.kadence-column9624_84ac1f-b4 > .kt-inside-inner-col:before{opacity:0.3;}.kadence-column9624_84ac1f-b4{position:relative;}@media all and (max-width: 1024px){.kadence-column9624_84ac1f-b4 > .kt-inside-inner-col{flex-direction:column;justify-content:center;}}@media all and (max-width: 767px){.kadence-column9624_84ac1f-b4 > .kt-inside-inner-col{padding-right:var(--global-kb-spacing-xs, 1rem);padding-left:var(--global-kb-spacing-xs, 1rem);flex-direction:column;justify-content:center;}}<\/style>\n<div class=\"wp-block-kadence-column kadence-column9624_84ac1f-b4\"><div class=\"kt-inside-inner-col\"><style>.wp-block-kadence-advancedheading.kt-adv-heading9624_6b7aa0-d3, .wp-block-kadence-advancedheading.kt-adv-heading9624_6b7aa0-d3[data-kb-block=\"kb-adv-heading9624_6b7aa0-d3\"]{font-size:var(--global-kb-font-size-xl, 3rem);font-style:normal;}.wp-block-kadence-advancedheading.kt-adv-heading9624_6b7aa0-d3 mark.kt-highlight, .wp-block-kadence-advancedheading.kt-adv-heading9624_6b7aa0-d3[data-kb-block=\"kb-adv-heading9624_6b7aa0-d3\"] mark.kt-highlight{font-style:normal;color:#f76a0c;-webkit-box-decoration-break:clone;box-decoration-break:clone;padding-top:0px;padding-right:0px;padding-bottom:0px;padding-left:0px;}.wp-block-kadence-advancedheading.kt-adv-heading9624_6b7aa0-d3 img.kb-inline-image, .wp-block-kadence-advancedheading.kt-adv-heading9624_6b7aa0-d3[data-kb-block=\"kb-adv-heading9624_6b7aa0-d3\"] img.kb-inline-image{width:150px;vertical-align:baseline;}<\/style>\n<h1 class=\"kt-adv-heading9624_6b7aa0-d3 wp-block-kadence-advancedheading\" data-kb-block=\"kb-adv-heading9624_6b7aa0-d3\">Matthew Chambers<\/h1>\n\n\n<style>.wp-block-kadence-advancedheading.kt-adv-heading9624_f15a2c-ad, .wp-block-kadence-advancedheading.kt-adv-heading9624_f15a2c-ad[data-kb-block=\"kb-adv-heading9624_f15a2c-ad\"]{text-align:left;font-style:normal;}.wp-block-kadence-advancedheading.kt-adv-heading9624_f15a2c-ad mark.kt-highlight, .wp-block-kadence-advancedheading.kt-adv-heading9624_f15a2c-ad[data-kb-block=\"kb-adv-heading9624_f15a2c-ad\"] mark.kt-highlight{font-style:normal;color:#f76a0c;-webkit-box-decoration-break:clone;box-decoration-break:clone;padding-top:0px;padding-right:0px;padding-bottom:0px;padding-left:0px;}.wp-block-kadence-advancedheading.kt-adv-heading9624_f15a2c-ad img.kb-inline-image, .wp-block-kadence-advancedheading.kt-adv-heading9624_f15a2c-ad[data-kb-block=\"kb-adv-heading9624_f15a2c-ad\"] img.kb-inline-image{width:150px;vertical-align:baseline;}<\/style>\n<h2 class=\"kt-adv-heading9624_f15a2c-ad wp-block-kadence-advancedheading\" data-kb-block=\"kb-adv-heading9624_f15a2c-ad\"><strong>16 mai &#8211; 2 juillet 2026<\/strong><\/h2>\n\n\n\n<p class=\"has-text-align-left\">Vernissage le samedi 16 mai 2026 \u00e0 partir de 18h en pr\u00e9sence de l&rsquo;artiste<\/p>\n<\/div><\/div>\n\n\n<style>.kadence-column9624_b04db0-26 > .kt-inside-inner-col,.kadence-column9624_b04db0-26 > .kt-inside-inner-col:before{border-top-left-radius:0px;border-top-right-radius:0px;border-bottom-right-radius:0px;border-bottom-left-radius:0px;}.kadence-column9624_b04db0-26 > .kt-inside-inner-col{column-gap:var(--global-kb-gap-sm, 1rem);}.kadence-column9624_b04db0-26 > .kt-inside-inner-col{flex-direction:column;}.kadence-column9624_b04db0-26 > .kt-inside-inner-col > .aligncenter{width:100%;}.kadence-column9624_b04db0-26 > .kt-inside-inner-col:before{opacity:0.3;}.kadence-column9624_b04db0-26{position:relative;}@media all and (max-width: 1024px){.kadence-column9624_b04db0-26 > .kt-inside-inner-col{flex-direction:column;justify-content:center;}}@media all and (max-width: 767px){.kadence-column9624_b04db0-26 > .kt-inside-inner-col{flex-direction:column;justify-content:center;}}<\/style>\n<div class=\"wp-block-kadence-column kadence-column9624_b04db0-26\"><div class=\"kt-inside-inner-col\"><\/div><\/div>\n\n<\/div><\/div>\n\n<style>.kb-row-layout-id9624_18770c-bb > .kt-row-column-wrap{align-content:start;}:where(.kb-row-layout-id9624_18770c-bb > .kt-row-column-wrap) > .wp-block-kadence-column{justify-content:start;}.kb-row-layout-id9624_18770c-bb > .kt-row-column-wrap{column-gap:var(--global-kb-gap-md, 2rem);row-gap:var(--global-kb-gap-md, 2rem);padding-top:var(--global-kb-spacing-xs, 1rem);padding-right:var(--global-kb-spacing-xs, 1rem);padding-bottom:var(--global-kb-spacing-xs, 1rem);padding-left:var(--global-kb-spacing-xs, 1rem);grid-template-columns:minmax(0, 1fr);}.kb-row-layout-id9624_18770c-bb > .kt-row-layout-overlay{opacity:0.30;}@media all and (max-width: 1024px){.kb-row-layout-id9624_18770c-bb > .kt-row-column-wrap{grid-template-columns:minmax(0, 1fr);}}@media all and (max-width: 767px){.kb-row-layout-id9624_18770c-bb > .kt-row-column-wrap{grid-template-columns:minmax(0, 1fr);}}<\/style><div class=\"kb-row-layout-wrap kb-row-layout-id9624_18770c-bb alignwide wp-block-kadence-rowlayout\"><div class=\"kt-row-column-wrap kt-has-1-columns kt-row-layout-equal kt-tab-layout-inherit kt-mobile-layout-row kt-row-valign-top\">\n<style>.kadence-column9624_7e0adb-45 > .kt-inside-inner-col,.kadence-column9624_7e0adb-45 > .kt-inside-inner-col:before{border-top-left-radius:0px;border-top-right-radius:0px;border-bottom-right-radius:0px;border-bottom-left-radius:0px;}.kadence-column9624_7e0adb-45 > .kt-inside-inner-col{column-gap:var(--global-kb-gap-sm, 1rem);}.kadence-column9624_7e0adb-45 > .kt-inside-inner-col{flex-direction:column;}.kadence-column9624_7e0adb-45 > .kt-inside-inner-col > .aligncenter{width:100%;}.kadence-column9624_7e0adb-45 > .kt-inside-inner-col:before{opacity:0.3;}.kadence-column9624_7e0adb-45{position:relative;}@media all and (max-width: 1024px){.kadence-column9624_7e0adb-45 > .kt-inside-inner-col{flex-direction:column;justify-content:center;}}@media all and (max-width: 767px){.kadence-column9624_7e0adb-45 > .kt-inside-inner-col{flex-direction:column;justify-content:center;}}<\/style>\n<div class=\"wp-block-kadence-column kadence-column9624_7e0adb-45\"><div class=\"kt-inside-inner-col\"><style>.wp-block-kadence-advancedgallery .kb-gallery-type-grid.kb-gallery-id-9624_06d45e-f2{margin:-5px;}.kb-gallery-type-grid.kb-gallery-id-9624_06d45e-f2 .kadence-blocks-gallery-item{padding:5px;}.kb-gallery-id-9624_06d45e-f2 .kadence-blocks-gallery-item .kb-gal-image-radius, .kb-gallery-id-9624_06d45e-f2 .kb-slide-item .kb-gal-image-radius img{border-radius:0px 0px 0px 0px;;}.kb-gallery-caption-style-bottom.kb-gallery-id-9624_06d45e-f2 .kadence-blocks-gallery-item .kadence-blocks-gallery-item-inner .kadence-blocks-gallery-item__caption, .kb-gallery-caption-style-bottom-hover.kb-gallery-id-9624_06d45e-f2 .kadence-blocks-gallery-item .kadence-blocks-gallery-item-inner .kadence-blocks-gallery-item__caption{background:linear-gradient(0deg, rgba(0, 0, 0, 0.8) 0, rgba(0, 0, 0, 0) 100%);}<\/style><div class=\"kb-gallery-wrap-id-9624_06d45e-f2 alignnone wp-block-kadence-advancedgallery\"><ul class=\"kb-gallery-ul kb-gallery-non-static kb-gallery-type-grid kb-gallery-id-9624_06d45e-f2 kb-gallery-caption-style-bottom-hover kb-gallery-filter-none\" data-image-filter=\"none\" data-item-selector=\".kadence-blocks-gallery-item\" data-lightbox-caption=\"true\" data-columns-xxl=\"1\" data-columns-xl=\"1\" data-columns-md=\"1\" data-columns-sm=\"1\" data-columns-xs=\"1\" data-columns-ss=\"1\"><li class=\"kadence-blocks-gallery-item\" tabindex=\"0\"><div class=\"kadence-blocks-gallery-item-inner\"><figure class=\"kb-gallery-figure kadence-blocks-gallery-item-has-caption\"><div class=\"kb-gal-image-radius\"><div class=\"kb-gallery-image-contain kadence-blocks-gallery-intrinsic kb-gallery-image-ratio-land169 kb-has-image-ratio-land169\" ><img loading=\"lazy\" decoding=\"async\" src=\"https:\/\/galerie-ancienne-poste.com\/wp-content\/uploads\/2026\/03\/matthew-chambers-2026-1024x614.jpg\" width=\"1024\" height=\"614\" alt=\"Matthew Chambers - ceramic - sculpture - Matthew Chambers works - Matthew Chambers gallery\" data-full-image=\"https:\/\/galerie-ancienne-poste.com\/wp-content\/uploads\/2026\/03\/matthew-chambers-2026.jpg\" data-light-image=\"https:\/\/galerie-ancienne-poste.com\/wp-content\/uploads\/2026\/03\/matthew-chambers-2026.jpg\" data-id=\"9614\" class=\"wp-image-9614\" srcset=\"https:\/\/galerie-ancienne-poste.com\/wp-content\/uploads\/2026\/03\/matthew-chambers-2026-1024x614.jpg 1024w, https:\/\/galerie-ancienne-poste.com\/wp-content\/uploads\/2026\/03\/matthew-chambers-2026-300x180.jpg 300w, https:\/\/galerie-ancienne-poste.com\/wp-content\/uploads\/2026\/03\/matthew-chambers-2026-768x461.jpg 768w, https:\/\/galerie-ancienne-poste.com\/wp-content\/uploads\/2026\/03\/matthew-chambers-2026-1536x922.jpg 1536w, https:\/\/galerie-ancienne-poste.com\/wp-content\/uploads\/2026\/03\/matthew-chambers-2026-2048x1229.jpg 2048w, https:\/\/galerie-ancienne-poste.com\/wp-content\/uploads\/2026\/03\/matthew-chambers-2026-18x12.jpg 18w, https:\/\/galerie-ancienne-poste.com\/wp-content\/uploads\/2026\/03\/matthew-chambers-2026-600x360.jpg 600w\" sizes=\"auto, (max-width: 1024px) 100vw, 1024px\" \/><\/div><div class=\"kadence-blocks-gallery-item__caption\">Matthew Chambers, Balance 1, 2024.<\/div><\/div><\/figure><\/div><\/li><\/ul><\/div><\/div><\/div>\n\n<\/div><\/div>\n\n<style>.kb-row-layout-id9624_4a5ae9-b7 > .kt-row-column-wrap{align-content:start;}:where(.kb-row-layout-id9624_4a5ae9-b7 > .kt-row-column-wrap) > .wp-block-kadence-column{justify-content:start;}.kb-row-layout-id9624_4a5ae9-b7 > .kt-row-column-wrap{column-gap:var(--global-kb-gap-md, 2rem);row-gap:var(--global-kb-gap-md, 2rem);max-width:var( --global-content-width, 1250px );padding-left:var(--global-content-edge-padding);padding-right:var(--global-content-edge-padding);padding-top:var(--global-kb-spacing-xs, 1rem);padding-right:var(--global-kb-spacing-sm, 1.5rem);padding-bottom:var(--global-kb-spacing-xs, 1rem);padding-left:var(--global-kb-spacing-sm, 1.5rem);grid-template-columns:minmax(0, 1fr);}.kb-row-layout-id9624_4a5ae9-b7 > .kt-row-layout-overlay{opacity:0.30;}@media all and (max-width: 1024px){.kb-row-layout-id9624_4a5ae9-b7 > .kt-row-column-wrap{grid-template-columns:minmax(0, 1fr);}}@media all and (max-width: 767px){.kb-row-layout-id9624_4a5ae9-b7 > .kt-row-column-wrap{grid-template-columns:minmax(0, 1fr);}}<\/style><div class=\"kb-row-layout-wrap kb-row-layout-id9624_4a5ae9-b7 alignnone wp-block-kadence-rowlayout\"><div class=\"kt-row-column-wrap kt-has-1-columns kt-row-layout-equal kt-tab-layout-inherit kt-mobile-layout-row kt-row-valign-top kb-theme-content-width\">\n<style>.kadence-column9624_0f9090-fc > .kt-inside-inner-col,.kadence-column9624_0f9090-fc > .kt-inside-inner-col:before{border-top-left-radius:0px;border-top-right-radius:0px;border-bottom-right-radius:0px;border-bottom-left-radius:0px;}.kadence-column9624_0f9090-fc > .kt-inside-inner-col{column-gap:var(--global-kb-gap-sm, 1rem);}.kadence-column9624_0f9090-fc > .kt-inside-inner-col{flex-direction:column;}.kadence-column9624_0f9090-fc > .kt-inside-inner-col > .aligncenter{width:100%;}.kadence-column9624_0f9090-fc > .kt-inside-inner-col:before{opacity:0.3;}.kadence-column9624_0f9090-fc{position:relative;}@media all and (max-width: 1024px){.kadence-column9624_0f9090-fc > .kt-inside-inner-col{flex-direction:column;justify-content:center;}}@media all and (max-width: 767px){.kadence-column9624_0f9090-fc > .kt-inside-inner-col{padding-right:var(--global-kb-spacing-xs, 1rem);padding-left:var(--global-kb-spacing-xs, 1rem);flex-direction:column;justify-content:center;}}<\/style>\n<div class=\"wp-block-kadence-column kadence-column9624_0f9090-fc\"><div class=\"kt-inside-inner-col\">\n<p><a>En exclusivit\u00e9 en France, pr\u00e9sentation des \u0153uvres r\u00e9centes et in\u00e9dites du prodige britannique dont l\u2019\u0153uvre&nbsp; est reconnue internationalement. <\/a>Cit\u00e9 par Artprice parmi les artistes qui \u00ab&nbsp;ravivent aujourd\u2019hui l\u2019image de la c\u00e9ramique&nbsp;\u00bb Chambers est assur\u00e9ment un acteur majeur de la c\u00e9ramique contemporaine. L\u2019artiste d\u00e9ploie son travail abstrait autour d\u2019une seule et m\u00eame forme&nbsp;: le cercle.<\/p>\n\n\n\n<p>Un catalogue bilingue accompagnera l\u2019exposition.<\/p>\n<\/div><\/div>\n\n<\/div><\/div>\n\n<style>.kb-row-layout-id9624_8d60db-8f > .kt-row-column-wrap{align-content:start;}:where(.kb-row-layout-id9624_8d60db-8f > .kt-row-column-wrap) > .wp-block-kadence-column{justify-content:start;}.kb-row-layout-id9624_8d60db-8f > .kt-row-column-wrap{column-gap:var(--global-kb-gap-md, 2rem);row-gap:var(--global-kb-gap-md, 2rem);padding-top:var(--global-kb-spacing-xs, 1rem);padding-right:var(--global-kb-spacing-xs, 1rem);padding-bottom:var(--global-kb-spacing-xs, 1rem);padding-left:var(--global-kb-spacing-xs, 1rem);grid-template-columns:minmax(0, 1fr);}.kb-row-layout-id9624_8d60db-8f > .kt-row-layout-overlay{opacity:0.30;}@media all and (max-width: 1024px){.kb-row-layout-id9624_8d60db-8f > .kt-row-column-wrap{grid-template-columns:minmax(0, 1fr);}}@media all and (max-width: 767px){.kb-row-layout-id9624_8d60db-8f > .kt-row-column-wrap{grid-template-columns:minmax(0, 1fr);}}<\/style><div class=\"kb-row-layout-wrap kb-row-layout-id9624_8d60db-8f alignwide wp-block-kadence-rowlayout\"><div class=\"kt-row-column-wrap kt-has-1-columns kt-row-layout-equal kt-tab-layout-inherit kt-mobile-layout-row kt-row-valign-top\">\n<style>.kadence-column9624_95541c-35 > .kt-inside-inner-col,.kadence-column9624_95541c-35 > .kt-inside-inner-col:before{border-top-left-radius:0px;border-top-right-radius:0px;border-bottom-right-radius:0px;border-bottom-left-radius:0px;}.kadence-column9624_95541c-35 > .kt-inside-inner-col{column-gap:var(--global-kb-gap-sm, 1rem);}.kadence-column9624_95541c-35 > .kt-inside-inner-col{flex-direction:column;}.kadence-column9624_95541c-35 > .kt-inside-inner-col > .aligncenter{width:100%;}.kadence-column9624_95541c-35 > .kt-inside-inner-col:before{opacity:0.3;}.kadence-column9624_95541c-35{position:relative;}@media all and (max-width: 1024px){.kadence-column9624_95541c-35 > .kt-inside-inner-col{flex-direction:column;justify-content:center;}}@media all and (max-width: 767px){.kadence-column9624_95541c-35 > .kt-inside-inner-col{flex-direction:column;justify-content:center;}}<\/style>\n<div class=\"wp-block-kadence-column kadence-column9624_95541c-35\"><div class=\"kt-inside-inner-col\"><style>.wp-block-kadence-advancedgallery .kb-gallery-type-grid.kb-gallery-id-9624_f2fbd3-c8{margin:-5px;}.kb-gallery-type-grid.kb-gallery-id-9624_f2fbd3-c8 .kadence-blocks-gallery-item{padding:5px;}.kb-gallery-id-9624_f2fbd3-c8 .kadence-blocks-gallery-item .kb-gal-image-radius, .kb-gallery-id-9624_f2fbd3-c8 .kb-slide-item .kb-gal-image-radius img{border-radius:0px 0px 0px 0px;;}.kb-gallery-caption-style-bottom.kb-gallery-id-9624_f2fbd3-c8 .kadence-blocks-gallery-item .kadence-blocks-gallery-item-inner .kadence-blocks-gallery-item__caption, .kb-gallery-caption-style-bottom-hover.kb-gallery-id-9624_f2fbd3-c8 .kadence-blocks-gallery-item .kadence-blocks-gallery-item-inner .kadence-blocks-gallery-item__caption{background:linear-gradient(0deg, rgba(0, 0, 0, 0.8) 0, rgba(0, 0, 0, 0) 100%);}<\/style><\/div><\/div>\n\n<\/div><\/div>\n\n<style>.kb-row-layout-id9624_562721-da > .kt-row-column-wrap{align-content:start;}:where(.kb-row-layout-id9624_562721-da > .kt-row-column-wrap) > .wp-block-kadence-column{justify-content:start;}.kb-row-layout-id9624_562721-da > .kt-row-column-wrap{column-gap:var(--global-kb-gap-md, 2rem);row-gap:var(--global-kb-gap-md, 2rem);max-width:var( --global-content-width, 1250px );padding-left:var(--global-content-edge-padding);padding-right:var(--global-content-edge-padding);padding-top:var(--global-kb-spacing-xs, 1rem);padding-right:var(--global-kb-spacing-sm, 1.5rem);padding-bottom:var(--global-kb-spacing-xs, 1rem);padding-left:var(--global-kb-spacing-sm, 1.5rem);grid-template-columns:minmax(0, 1fr);}.kb-row-layout-id9624_562721-da > .kt-row-layout-overlay{opacity:0.30;}@media all and (max-width: 1024px){.kb-row-layout-id9624_562721-da > .kt-row-column-wrap{grid-template-columns:minmax(0, 1fr);}}@media all and (max-width: 767px){.kb-row-layout-id9624_562721-da > .kt-row-column-wrap{grid-template-columns:minmax(0, 1fr);}}<\/style><div class=\"kb-row-layout-wrap kb-row-layout-id9624_562721-da alignnone wp-block-kadence-rowlayout\"><div class=\"kt-row-column-wrap kt-has-1-columns kt-row-layout-equal kt-tab-layout-inherit kt-mobile-layout-row kt-row-valign-top kb-theme-content-width\">\n<style>.kadence-column9624_eb409a-eb > .kt-inside-inner-col,.kadence-column9624_eb409a-eb > .kt-inside-inner-col:before{border-top-left-radius:0px;border-top-right-radius:0px;border-bottom-right-radius:0px;border-bottom-left-radius:0px;}.kadence-column9624_eb409a-eb > .kt-inside-inner-col{column-gap:var(--global-kb-gap-sm, 1rem);}.kadence-column9624_eb409a-eb > .kt-inside-inner-col{flex-direction:column;}.kadence-column9624_eb409a-eb > .kt-inside-inner-col > .aligncenter{width:100%;}.kadence-column9624_eb409a-eb > .kt-inside-inner-col:before{opacity:0.3;}.kadence-column9624_eb409a-eb{position:relative;}@media all and (max-width: 1024px){.kadence-column9624_eb409a-eb > .kt-inside-inner-col{flex-direction:column;justify-content:center;}}@media all and (max-width: 767px){.kadence-column9624_eb409a-eb > .kt-inside-inner-col{padding-right:var(--global-kb-spacing-xs, 1rem);padding-left:var(--global-kb-spacing-xs, 1rem);flex-direction:column;justify-content:center;}}<\/style>\n<div class=\"wp-block-kadence-column kadence-column9624_eb409a-eb\"><div class=\"kt-inside-inner-col\">\n<p><br><\/p>\n<\/div><\/div>\n\n<\/div><\/div>\n\n<style>.kb-row-layout-id9624_040443-55 > .kt-row-column-wrap{align-content:start;}:where(.kb-row-layout-id9624_040443-55 > .kt-row-column-wrap) > .wp-block-kadence-column{justify-content:start;}.kb-row-layout-id9624_040443-55 > .kt-row-column-wrap{column-gap:var(--global-kb-gap-md, 2rem);row-gap:var(--global-kb-gap-md, 2rem);padding-top:var(--global-kb-spacing-xs, 1rem);padding-right:var(--global-kb-spacing-xs, 1rem);padding-bottom:var(--global-kb-spacing-xs, 1rem);padding-left:var(--global-kb-spacing-xs, 1rem);grid-template-columns:minmax(0, 1fr);}.kb-row-layout-id9624_040443-55 > .kt-row-layout-overlay{opacity:0.30;}@media all and (max-width: 1024px){.kb-row-layout-id9624_040443-55 > .kt-row-column-wrap{grid-template-columns:minmax(0, 1fr);}}@media all and (max-width: 767px){.kb-row-layout-id9624_040443-55 > .kt-row-column-wrap{grid-template-columns:minmax(0, 1fr);}}<\/style><div class=\"kb-row-layout-wrap kb-row-layout-id9624_040443-55 alignwide wp-block-kadence-rowlayout\"><div class=\"kt-row-column-wrap kt-has-1-columns kt-row-layout-equal kt-tab-layout-inherit kt-mobile-layout-row kt-row-valign-top\">\n<style>.kadence-column9624_0963ab-de > .kt-inside-inner-col,.kadence-column9624_0963ab-de > .kt-inside-inner-col:before{border-top-left-radius:0px;border-top-right-radius:0px;border-bottom-right-radius:0px;border-bottom-left-radius:0px;}.kadence-column9624_0963ab-de > .kt-inside-inner-col{column-gap:var(--global-kb-gap-sm, 1rem);}.kadence-column9624_0963ab-de > .kt-inside-inner-col{flex-direction:column;}.kadence-column9624_0963ab-de > .kt-inside-inner-col > .aligncenter{width:100%;}.kadence-column9624_0963ab-de > .kt-inside-inner-col:before{opacity:0.3;}.kadence-column9624_0963ab-de{position:relative;}@media all and (max-width: 1024px){.kadence-column9624_0963ab-de > .kt-inside-inner-col{flex-direction:column;justify-content:center;}}@media all and (max-width: 767px){.kadence-column9624_0963ab-de > .kt-inside-inner-col{flex-direction:column;justify-content:center;}}<\/style>\n<div class=\"wp-block-kadence-column kadence-column9624_0963ab-de\"><div class=\"kt-inside-inner-col\"><style>.wp-block-kadence-advancedgallery .kb-gallery-type-grid.kb-gallery-id-9624_9c4665-6f{margin:-5px;}.kb-gallery-type-grid.kb-gallery-id-9624_9c4665-6f .kadence-blocks-gallery-item{padding:5px;}.kb-gallery-id-9624_9c4665-6f .kadence-blocks-gallery-item .kb-gal-image-radius, .kb-gallery-id-9624_9c4665-6f .kb-slide-item .kb-gal-image-radius img{border-radius:0px 0px 0px 0px;;}.kb-gallery-caption-style-bottom.kb-gallery-id-9624_9c4665-6f .kadence-blocks-gallery-item .kadence-blocks-gallery-item-inner .kadence-blocks-gallery-item__caption, .kb-gallery-caption-style-bottom-hover.kb-gallery-id-9624_9c4665-6f .kadence-blocks-gallery-item .kadence-blocks-gallery-item-inner .kadence-blocks-gallery-item__caption{background:linear-gradient(0deg, rgba(0, 0, 0, 0.8) 0, rgba(0, 0, 0, 0) 100%);}<\/style><\/div><\/div>\n\n<\/div><\/div><\/div><\/div><\/div>\n\n<\/div><\/div><\/div><\/div>\n\n\n\n<div class=\"wp-block-kadence-tab kt-tab-inner-content kt-inner-tab-3 kt-inner-tab31bf87-09\"><div class=\"kt-tab-inner-content-inner\"><style>.kb-row-layout-id1552_a5a8a9-59 > .kt-row-column-wrap{align-content:start;}:where(.kb-row-layout-id1552_a5a8a9-59 > .kt-row-column-wrap) > .wp-block-kadence-column{justify-content:start;}.kb-row-layout-id1552_a5a8a9-59 > .kt-row-column-wrap{column-gap:var(--global-kb-gap-md, 2rem);row-gap:var(--global-kb-gap-md, 2rem);padding-top:var(--global-kb-spacing-sm, 1.5rem);padding-bottom:var(--global-kb-spacing-sm, 1.5rem);grid-template-columns:minmax(0, 1fr);}.kb-row-layout-id1552_a5a8a9-59 > .kt-row-layout-overlay{opacity:0.30;}@media all and (max-width: 1024px){.kb-row-layout-id1552_a5a8a9-59 > .kt-row-column-wrap{grid-template-columns:minmax(0, 1fr);}}@media all and (max-width: 767px){.kb-row-layout-id1552_a5a8a9-59 > .kt-row-column-wrap{grid-template-columns:minmax(0, 1fr);}}<\/style><div class=\"kb-row-layout-wrap kb-row-layout-id1552_a5a8a9-59 alignnone wp-block-kadence-rowlayout\"><div class=\"kt-row-column-wrap kt-has-1-columns kt-row-layout-equal kt-tab-layout-inherit kt-mobile-layout-row kt-row-valign-top\">\n<style>.kadence-column1552_a6c1d3-f3 > .kt-inside-inner-col{padding-top:var(--global-kb-spacing-xs, 1rem);padding-right:var(--global-kb-spacing-xs, 1rem);padding-bottom:var(--global-kb-spacing-xs, 1rem);padding-left:var(--global-kb-spacing-xs, 1rem);}.kadence-column1552_a6c1d3-f3 > .kt-inside-inner-col,.kadence-column1552_a6c1d3-f3 > .kt-inside-inner-col:before{border-top-left-radius:0px;border-top-right-radius:0px;border-bottom-right-radius:0px;border-bottom-left-radius:0px;}.kadence-column1552_a6c1d3-f3 > .kt-inside-inner-col{column-gap:var(--global-kb-gap-sm, 1rem);}.kadence-column1552_a6c1d3-f3 > .kt-inside-inner-col{flex-direction:column;}.kadence-column1552_a6c1d3-f3 > .kt-inside-inner-col > .aligncenter{width:100%;}.kadence-column1552_a6c1d3-f3 > .kt-inside-inner-col:before{opacity:0.3;}.kadence-column1552_a6c1d3-f3{position:relative;}@media all and (max-width: 1024px){.kadence-column1552_a6c1d3-f3 > .kt-inside-inner-col{flex-direction:column;justify-content:center;}}@media all and (max-width: 767px){.kadence-column1552_a6c1d3-f3 > .kt-inside-inner-col{flex-direction:column;justify-content:center;}}<\/style>\n<div class=\"wp-block-kadence-column kadence-column1552_a6c1d3-f3\"><div class=\"kt-inside-inner-col\"><style>.kt-post-loop1552_c16a46-98 .kadence-post-image{padding-top:0px;padding-right:0px;padding-bottom:0px;padding-left:0px;}.kt-post-loop1552_c16a46-98 .kt-post-grid-wrap{gap:30px 30px;}.kt-post-loop1552_c16a46-98 .kt-blocks-post-grid-item{border-top-left-radius:0px;border-top-right-radius:0px;border-bottom-right-radius:0px;border-bottom-left-radius:0px;overflow:hidden;}.kt-post-loop1552_c16a46-98 .kt-blocks-post-grid-item .kt-blocks-post-grid-item-inner{padding-top:0px;padding-right:0px;padding-bottom:0px;padding-left:0px;}.kt-post-loop1552_c16a46-98 .kt-blocks-post-grid-item .kt-blocks-post-grid-item-inner{text-align:center;}.kt-post-loop1552_c16a46-98 .kt-blocks-post-grid-item .kt-blocks-post-top-meta{justify-content:center;}.kt-post-loop1552_c16a46-98 .kt-blocks-post-grid-item header{padding-top:10px;padding-right:0px;padding-bottom:10px;padding-left:0px;margin-top:0px;margin-right:0px;margin-bottom:0px;margin-left:0px;background-color:#ffffff;}.kt-post-loop1552_c16a46-98 .kt-blocks-post-grid-item .kt-blocks-above-categories{font-size:13px;line-height:20px;text-transform:uppercase;}.kt-post-loop1552_c16a46-98 .kt-blocks-post-grid-item .entry-title{padding-top:5px;padding-right:0px;padding-bottom:0px;padding-left:0px;margin-top:0px;margin-right:0px;margin-bottom:0px;margin-left:0px;font-size:24px;line-height:30px;}.kt-post-loop1552_c16a46-98 .entry-content{padding-top:0px;padding-right:0px;padding-bottom:0px;padding-left:0px;margin-top:0px;margin-right:0px;margin-bottom:0px;margin-left:0px;}.kt-post-loop1552_c16a46-98 .kt-blocks-post-footer{color:#aaaaaa;border-top-width:2px;border-right-width:0px;border-bottom-width:0px;border-left-width:0px;padding-top:5px;padding-right:0px;padding-bottom:0px;padding-left:0px;margin-top:20px;margin-right:0px;margin-bottom:0px;margin-left:0px;font-size:12px;line-height:20px;text-transform:uppercase;}.kt-post-loop1552_c16a46-98 .entry-content:after{height:20px;}.kt-post-loop1552_c16a46-98 .kt-blocks-post-footer a{color:#aaaaaa;}.kt-post-loop1552_c16a46-98 .kt-blocks-post-footer a:hover{color:#7f7f7f;}.kt-post-loop1552_c16a46-98 .kb-filter-item{border-top-width:0px;border-right-width:0px;border-bottom-width:2px;border-left-width:0px;padding-top:5px;padding-right:8px;padding-bottom:5px;padding-left:8px;margin-top:0px;margin-right:10px;margin-bottom:0px;margin-left:0px;}<\/style><div class=\"wp-block-kadence-postgrid kt-blocks-post-loop-block aligncenter kt-post-loop1552_c16a46-98 kt-post-grid-layout-grid \"><div class=\"kt-post-grid-layout-grid-wrap kt-post-grid-wrap\" data-columns-xxl=\"4\" data-columns-xl=\"4\" data-columns-md=\"4\" data-columns-sm=\"3\" data-columns-xs=\"2\" data-columns-ss=\"2\"data-item-selector=\".kt-post-masonry-item\" aria-label=\"Post Carousel\"><article class=\"kt-blocks-post-grid-item post-9143 exposition type-exposition status-publish has-post-thumbnail hentry tag-passees artiste_-ann-van-hoey\"><div class=\"kt-blocks-post-grid-item-inner-wrap kt-feat-image-align-top kt-feat-image-mobile-align-top\"><div class=\"kadence-post-image\"><div class=\"kadence-post-image-intrisic kt-image-ratio-100\" style=\"padding-bottom:100%;\"><div class=\"kadence-post-image-inner-intrisic\"><a aria-hidden=\"true\" tabindex=\"-1\" role=\"presentation\" href=\"https:\/\/galerie-ancienne-poste.com\/fr\/exposition\/ann-van-hoey-lea-renard\/\" aria-label=\"Ann Van Hoey-L\u00e9a Renard\" class=\"kadence-post-image-inner-wrap\"><img loading=\"lazy\" decoding=\"async\" width=\"1024\" height=\"683\" src=\"https:\/\/galerie-ancienne-poste.com\/wp-content\/uploads\/2026\/02\/ann-van-hoey-lea-renard-1024x683.jpg\" class=\"attachment-large size-large wp-image-9141 wp-post-image\" alt=\"Ann Van Hoey - L\u00e9a Renard - exposition c\u00e9ramique contemporaine Bourgogne - galerie c\u00e9ramique en France\" srcset=\"https:\/\/galerie-ancienne-poste.com\/wp-content\/uploads\/2026\/02\/ann-van-hoey-lea-renard-1024x683.jpg 1024w, https:\/\/galerie-ancienne-poste.com\/wp-content\/uploads\/2026\/02\/ann-van-hoey-lea-renard-300x200.jpg 300w, https:\/\/galerie-ancienne-poste.com\/wp-content\/uploads\/2026\/02\/ann-van-hoey-lea-renard-768x512.jpg 768w, https:\/\/galerie-ancienne-poste.com\/wp-content\/uploads\/2026\/02\/ann-van-hoey-lea-renard-1536x1024.jpg 1536w, https:\/\/galerie-ancienne-poste.com\/wp-content\/uploads\/2026\/02\/ann-van-hoey-lea-renard-2048x1365.jpg 2048w, https:\/\/galerie-ancienne-poste.com\/wp-content\/uploads\/2026\/02\/ann-van-hoey-lea-renard-18x12.jpg 18w, https:\/\/galerie-ancienne-poste.com\/wp-content\/uploads\/2026\/02\/ann-van-hoey-lea-renard-600x400.jpg 600w\" sizes=\"auto, (max-width: 1024px) 100vw, 1024px\" data-mwl-img-id=\"9141\" \/><\/a><\/div><\/div><\/div><div class=\"kt-blocks-post-grid-item-inner\"><header><h2 class=\"entry-title\"><a href=\"https:\/\/galerie-ancienne-poste.com\/fr\/exposition\/ann-van-hoey-lea-renard\/\">Ann Van Hoey-L\u00e9a Renard<\/a><\/h2><div class=\"kt-blocks-post-top-meta\"><\/div><\/header><div class=\"entry-content\">28 f\u00e9vrier \u2013 26 mars 2026<\/div><footer class=\"kt-blocks-post-footer\"><div class=\"kt-blocks-post-footer-left\"><\/div><div class=\"kt-blocks-post-footer-right\"><\/div><\/footer><\/div><\/div><\/article><article class=\"kt-blocks-post-grid-item post-8747 exposition type-exposition status-publish has-post-thumbnail hentry tag-passees\"><div class=\"kt-blocks-post-grid-item-inner-wrap kt-feat-image-align-top kt-feat-image-mobile-align-top\"><div class=\"kadence-post-image\"><div class=\"kadence-post-image-intrisic kt-image-ratio-100\" style=\"padding-bottom:100%;\"><div class=\"kadence-post-image-inner-intrisic\"><a aria-hidden=\"true\" tabindex=\"-1\" role=\"presentation\" href=\"https:\/\/galerie-ancienne-poste.com\/fr\/exposition\/retrospective-2025\/\" aria-label=\"R\u00e9trospective 2025\" class=\"kadence-post-image-inner-wrap\"><img loading=\"lazy\" decoding=\"async\" width=\"1024\" height=\"790\" src=\"https:\/\/galerie-ancienne-poste.com\/wp-content\/uploads\/2025\/11\/vernissage-Borgesen-2025-1024x790.png\" class=\"attachment-large size-large wp-image-8749 wp-post-image\" alt=\"vernissage B\u00f8rgesen 2025\" srcset=\"https:\/\/galerie-ancienne-poste.com\/wp-content\/uploads\/2025\/11\/vernissage-Borgesen-2025-1024x790.png 1024w, https:\/\/galerie-ancienne-poste.com\/wp-content\/uploads\/2025\/11\/vernissage-Borgesen-2025-300x232.png 300w, https:\/\/galerie-ancienne-poste.com\/wp-content\/uploads\/2025\/11\/vernissage-Borgesen-2025-768x593.png 768w, https:\/\/galerie-ancienne-poste.com\/wp-content\/uploads\/2025\/11\/vernissage-Borgesen-2025-1536x1186.png 1536w, https:\/\/galerie-ancienne-poste.com\/wp-content\/uploads\/2025\/11\/vernissage-Borgesen-2025-2048x1581.png 2048w, https:\/\/galerie-ancienne-poste.com\/wp-content\/uploads\/2025\/11\/vernissage-Borgesen-2025-16x12.png 16w, https:\/\/galerie-ancienne-poste.com\/wp-content\/uploads\/2025\/11\/vernissage-Borgesen-2025-600x463.png 600w\" sizes=\"auto, (max-width: 1024px) 100vw, 1024px\" data-mwl-img-id=\"8749\" \/><\/a><\/div><\/div><\/div><div class=\"kt-blocks-post-grid-item-inner\"><header><h2 class=\"entry-title\"><a href=\"https:\/\/galerie-ancienne-poste.com\/fr\/exposition\/retrospective-2025\/\">R\u00e9trospective 2025<\/a><\/h2><div class=\"kt-blocks-post-top-meta\"><\/div><\/header><div class=\"entry-content\">10 janvier &#8211; 8 f\u00e9vrier<\/div><footer class=\"kt-blocks-post-footer\"><div class=\"kt-blocks-post-footer-left\"><\/div><div class=\"kt-blocks-post-footer-right\"><\/div><\/footer><\/div><\/div><\/article><article class=\"kt-blocks-post-grid-item post-8036 exposition type-exposition status-publish has-post-thumbnail hentry tag-passees artiste_-ahryun-lee\"><div class=\"kt-blocks-post-grid-item-inner-wrap kt-feat-image-align-top kt-feat-image-mobile-align-top\"><div class=\"kadence-post-image\"><div class=\"kadence-post-image-intrisic kt-image-ratio-100\" style=\"padding-bottom:100%;\"><div class=\"kadence-post-image-inner-intrisic\"><a aria-hidden=\"true\" tabindex=\"-1\" role=\"presentation\" href=\"https:\/\/galerie-ancienne-poste.com\/fr\/exposition\/ahryun-lee-exposition-2025\/\" aria-label=\"Ahryun Lee &#8211; exposition 2025\" class=\"kadence-post-image-inner-wrap\"><img loading=\"lazy\" decoding=\"async\" width=\"1024\" height=\"614\" src=\"https:\/\/galerie-ancienne-poste.com\/wp-content\/uploads\/2025\/10\/ahryun-lee-exhibition-2025-1-1024x614.jpg\" class=\"attachment-large size-large wp-image-8426 wp-post-image\" alt=\"Ahryun Lee exhibition 2025 - contemporay ceramic sculpture - ceramic exhibition - ceramic gallery\" srcset=\"https:\/\/galerie-ancienne-poste.com\/wp-content\/uploads\/2025\/10\/ahryun-lee-exhibition-2025-1-1024x614.jpg 1024w, https:\/\/galerie-ancienne-poste.com\/wp-content\/uploads\/2025\/10\/ahryun-lee-exhibition-2025-1-300x180.jpg 300w, https:\/\/galerie-ancienne-poste.com\/wp-content\/uploads\/2025\/10\/ahryun-lee-exhibition-2025-1-768x461.jpg 768w, https:\/\/galerie-ancienne-poste.com\/wp-content\/uploads\/2025\/10\/ahryun-lee-exhibition-2025-1-1536x922.jpg 1536w, https:\/\/galerie-ancienne-poste.com\/wp-content\/uploads\/2025\/10\/ahryun-lee-exhibition-2025-1-2048x1229.jpg 2048w, https:\/\/galerie-ancienne-poste.com\/wp-content\/uploads\/2025\/10\/ahryun-lee-exhibition-2025-1-18x12.jpg 18w, https:\/\/galerie-ancienne-poste.com\/wp-content\/uploads\/2025\/10\/ahryun-lee-exhibition-2025-1-600x360.jpg 600w\" sizes=\"auto, (max-width: 1024px) 100vw, 1024px\" data-mwl-img-id=\"8426\" \/><\/a><\/div><\/div><\/div><div class=\"kt-blocks-post-grid-item-inner\"><header><h2 class=\"entry-title\"><a href=\"https:\/\/galerie-ancienne-poste.com\/fr\/exposition\/ahryun-lee-exposition-2025\/\">Ahryun Lee &#8211; exposition 2025<\/a><\/h2><div class=\"kt-blocks-post-top-meta\"><\/div><\/header><div class=\"entry-content\">8 novembre 2025 &#8211; 8 janvier 2026<\/div><footer class=\"kt-blocks-post-footer\"><div class=\"kt-blocks-post-footer-left\"><\/div><div class=\"kt-blocks-post-footer-right\"><\/div><\/footer><\/div><\/div><\/article><article class=\"kt-blocks-post-grid-item post-3177 exposition type-exposition status-publish has-post-thumbnail hentry tag-passees artiste_-anders-borgesen\"><div class=\"kt-blocks-post-grid-item-inner-wrap kt-feat-image-align-top kt-feat-image-mobile-align-top\"><div class=\"kadence-post-image\"><div class=\"kadence-post-image-intrisic kt-image-ratio-100\" style=\"padding-bottom:100%;\"><div class=\"kadence-post-image-inner-intrisic\"><a aria-hidden=\"true\" tabindex=\"-1\" role=\"presentation\" href=\"https:\/\/galerie-ancienne-poste.com\/fr\/exposition\/anders-borgesen\/\" aria-label=\"Anders B\u00f8rgesen\" class=\"kadence-post-image-inner-wrap\"><img loading=\"lazy\" decoding=\"async\" width=\"1024\" height=\"939\" src=\"https:\/\/galerie-ancienne-poste.com\/wp-content\/uploads\/2025\/07\/anders-borgensen-expo-bourgogne-1024x939.jpg\" class=\"attachment-large size-large wp-image-3113 wp-post-image\" alt=\"Anders B\u00f8rgesen - c\u00e9ramique contemporaine en France - c\u00e9ramique d&#039;art contemporaine - art c\u00e9ramique\" srcset=\"https:\/\/galerie-ancienne-poste.com\/wp-content\/uploads\/2025\/07\/anders-borgensen-expo-bourgogne-1024x939.jpg 1024w, https:\/\/galerie-ancienne-poste.com\/wp-content\/uploads\/2025\/07\/anders-borgensen-expo-bourgogne-300x275.jpg 300w, https:\/\/galerie-ancienne-poste.com\/wp-content\/uploads\/2025\/07\/anders-borgensen-expo-bourgogne-768x704.jpg 768w, https:\/\/galerie-ancienne-poste.com\/wp-content\/uploads\/2025\/07\/anders-borgensen-expo-bourgogne-1536x1408.jpg 1536w, https:\/\/galerie-ancienne-poste.com\/wp-content\/uploads\/2025\/07\/anders-borgensen-expo-bourgogne-13x12.jpg 13w, https:\/\/galerie-ancienne-poste.com\/wp-content\/uploads\/2025\/07\/anders-borgensen-expo-bourgogne-600x550.jpg 600w, https:\/\/galerie-ancienne-poste.com\/wp-content\/uploads\/2025\/07\/anders-borgensen-expo-bourgogne.jpg 1636w\" sizes=\"auto, (max-width: 1024px) 100vw, 1024px\" data-mwl-img-id=\"3113\" \/><\/a><\/div><\/div><\/div><div class=\"kt-blocks-post-grid-item-inner\"><header><h2 class=\"entry-title\"><a href=\"https:\/\/galerie-ancienne-poste.com\/fr\/exposition\/anders-borgesen\/\">Anders B\u00f8rgesen<\/a><\/h2><div class=\"kt-blocks-post-top-meta\"><\/div><\/header><div class=\"entry-content\">La vie des formes<br>\n6 septembre &#8211; 6 novembre 2025<\/div><footer class=\"kt-blocks-post-footer\"><div class=\"kt-blocks-post-footer-left\"><\/div><div class=\"kt-blocks-post-footer-right\"><\/div><\/footer><\/div><\/div><\/article><article class=\"kt-blocks-post-grid-item post-1659 exposition type-exposition status-publish has-post-thumbnail hentry tag-passees artiste_-sophie-favre\"><div class=\"kt-blocks-post-grid-item-inner-wrap kt-feat-image-align-top kt-feat-image-mobile-align-top\"><div class=\"kadence-post-image\"><div class=\"kadence-post-image-intrisic kt-image-ratio-100\" style=\"padding-bottom:100%;\"><div class=\"kadence-post-image-inner-intrisic\"><a aria-hidden=\"true\" tabindex=\"-1\" role=\"presentation\" href=\"https:\/\/galerie-ancienne-poste.com\/fr\/exposition\/sophie-favre\/\" aria-label=\"Sophie Favre\" class=\"kadence-post-image-inner-wrap\"><img loading=\"lazy\" decoding=\"async\" width=\"910\" height=\"1024\" src=\"https:\/\/galerie-ancienne-poste.com\/wp-content\/uploads\/2025\/07\/sophie-favre-bronze-1.jpg\" class=\"attachment-large size-large wp-image-166 wp-post-image\" alt=\"\" data-mwl-img-id=\"166\"><\/a><\/div><\/div><\/div><div class=\"kt-blocks-post-grid-item-inner\"><header><h2 class=\"entry-title\"><a href=\"https:\/\/galerie-ancienne-poste.com\/fr\/exposition\/sophie-favre\/\">Sophie Favre<\/a><\/h2><div class=\"kt-blocks-post-top-meta\"><\/div><\/header><div class=\"entry-content\">\u0152uvres r\u00e9centes<br>\n5 Juillet &#8211; 31 Ao\u00fbt 2025<\/div><footer class=\"kt-blocks-post-footer\"><div class=\"kt-blocks-post-footer-left\"><\/div><div class=\"kt-blocks-post-footer-right\"><\/div><\/footer><\/div><\/div><\/article><article class=\"kt-blocks-post-grid-item post-2455 exposition type-exposition status-publish has-post-thumbnail hentry tag-passees artiste_-palma-babos\"><div class=\"kt-blocks-post-grid-item-inner-wrap kt-feat-image-align-top kt-feat-image-mobile-align-top\"><div class=\"kadence-post-image\"><div class=\"kadence-post-image-intrisic kt-image-ratio-100\" style=\"padding-bottom:100%;\"><div class=\"kadence-post-image-inner-intrisic\"><a aria-hidden=\"true\" tabindex=\"-1\" role=\"presentation\" href=\"https:\/\/galerie-ancienne-poste.com\/fr\/exposition\/2455\/\" aria-label=\"P\u00e1lma Babos\" class=\"kadence-post-image-inner-wrap\"><img loading=\"lazy\" decoding=\"async\" width=\"1024\" height=\"922\" src=\"https:\/\/galerie-ancienne-poste.com\/wp-content\/uploads\/2025\/07\/palma-babos-towers-2025-1024x922.jpg\" class=\"attachment-large size-large wp-image-368 wp-post-image\" alt=\"P\u00e1lma Babos expo - c\u00e9ramique Palma Babos - ceramique cotemporaine en France - c\u00e9ramique de collection\" srcset=\"https:\/\/galerie-ancienne-poste.com\/wp-content\/uploads\/2025\/07\/palma-babos-towers-2025-1024x922.jpg 1024w, https:\/\/galerie-ancienne-poste.com\/wp-content\/uploads\/2025\/07\/palma-babos-towers-2025-300x270.jpg 300w, https:\/\/galerie-ancienne-poste.com\/wp-content\/uploads\/2025\/07\/palma-babos-towers-2025-768x691.jpg 768w, https:\/\/galerie-ancienne-poste.com\/wp-content\/uploads\/2025\/07\/palma-babos-towers-2025-1536x1382.jpg 1536w, https:\/\/galerie-ancienne-poste.com\/wp-content\/uploads\/2025\/07\/palma-babos-towers-2025-13x12.jpg 13w, https:\/\/galerie-ancienne-poste.com\/wp-content\/uploads\/2025\/07\/palma-babos-towers-2025.jpg 2000w\" sizes=\"auto, (max-width: 1024px) 100vw, 1024px\" data-mwl-img-id=\"368\" \/><\/a><\/div><\/div><\/div><div class=\"kt-blocks-post-grid-item-inner\"><header><h2 class=\"entry-title\"><a href=\"https:\/\/galerie-ancienne-poste.com\/fr\/exposition\/2455\/\">P\u00e1lma Babos<\/a><\/h2><div class=\"kt-blocks-post-top-meta\"><\/div><\/header><div class=\"entry-content\">24 mai &#8211; 3 juillet 2025<\/div><footer class=\"kt-blocks-post-footer\"><div class=\"kt-blocks-post-footer-left\"><\/div><div class=\"kt-blocks-post-footer-right\"><\/div><\/footer><\/div><\/div><\/article><article class=\"kt-blocks-post-grid-item post-4066 exposition type-exposition status-publish has-post-thumbnail hentry tag-passees artiste_-laura-pasquino\"><div class=\"kt-blocks-post-grid-item-inner-wrap kt-feat-image-align-top kt-feat-image-mobile-align-top\"><div class=\"kadence-post-image\"><div class=\"kadence-post-image-intrisic kt-image-ratio-100\" style=\"padding-bottom:100%;\"><div class=\"kadence-post-image-inner-intrisic\"><a aria-hidden=\"true\" tabindex=\"-1\" role=\"presentation\" href=\"https:\/\/galerie-ancienne-poste.com\/fr\/exposition\/laura-pasquino\/\" aria-label=\"Laura Pasquino\" class=\"kadence-post-image-inner-wrap\"><img loading=\"lazy\" decoding=\"async\" width=\"1024\" height=\"698\" src=\"https:\/\/galerie-ancienne-poste.com\/wp-content\/uploads\/2025\/07\/laura-pasquino-contemporary-ceramic-1024x698.jpg\" class=\"attachment-large size-large wp-image-391 wp-post-image\" alt=\"Laura Pasquino - c\u00e9ramique contemporaine - collection ceramique - galerie ancienne Poste Toucy\" srcset=\"https:\/\/galerie-ancienne-poste.com\/wp-content\/uploads\/2025\/07\/laura-pasquino-contemporary-ceramic-1024x698.jpg 1024w, https:\/\/galerie-ancienne-poste.com\/wp-content\/uploads\/2025\/07\/laura-pasquino-contemporary-ceramic-300x205.jpg 300w, https:\/\/galerie-ancienne-poste.com\/wp-content\/uploads\/2025\/07\/laura-pasquino-contemporary-ceramic-768x524.jpg 768w, https:\/\/galerie-ancienne-poste.com\/wp-content\/uploads\/2025\/07\/laura-pasquino-contemporary-ceramic-1536x1047.jpg 1536w, https:\/\/galerie-ancienne-poste.com\/wp-content\/uploads\/2025\/07\/laura-pasquino-contemporary-ceramic-2048x1396.jpg 2048w, https:\/\/galerie-ancienne-poste.com\/wp-content\/uploads\/2025\/07\/laura-pasquino-contemporary-ceramic-18x12.jpg 18w\" sizes=\"auto, (max-width: 1024px) 100vw, 1024px\" data-mwl-img-id=\"391\" \/><\/a><\/div><\/div><\/div><div class=\"kt-blocks-post-grid-item-inner\"><header><h2 class=\"entry-title\"><a href=\"https:\/\/galerie-ancienne-poste.com\/fr\/exposition\/laura-pasquino\/\">Laura Pasquino<\/a><\/h2><div class=\"kt-blocks-post-top-meta\"><\/div><\/header><div class=\"entry-content\">12 avril &#8211; 22 mai 2025<\/div><footer class=\"kt-blocks-post-footer\"><div class=\"kt-blocks-post-footer-left\"><\/div><div class=\"kt-blocks-post-footer-right\"><\/div><\/footer><\/div><\/div><\/article><article class=\"kt-blocks-post-grid-item post-2957 exposition type-exposition status-publish has-post-thumbnail hentry tag-passees artiste_-alistair-danhieux artiste_-audrey-ballacchino\"><div class=\"kt-blocks-post-grid-item-inner-wrap kt-feat-image-align-top kt-feat-image-mobile-align-top\"><div class=\"kadence-post-image\"><div class=\"kadence-post-image-intrisic kt-image-ratio-100\" style=\"padding-bottom:100%;\"><div class=\"kadence-post-image-inner-intrisic\"><a aria-hidden=\"true\" tabindex=\"-1\" role=\"presentation\" href=\"https:\/\/galerie-ancienne-poste.com\/fr\/exposition\/alistair-danhieux-audrey-ballacchino\/\" aria-label=\"Alistair Aynscombe-Danhieux Audrey Ballacchino\" class=\"kadence-post-image-inner-wrap\"><img loading=\"lazy\" decoding=\"async\" width=\"1000\" height=\"1024\" src=\"https:\/\/galerie-ancienne-poste.com\/wp-content\/uploads\/2025\/07\/alistair-danhieux-3-1000x1024.jpg\" class=\"attachment-large size-large wp-image-269 wp-post-image\" alt=\"c\u00e9ramique Alistair Danhieux - expo Alistair Danhieux - collection Alistair Danhieux\" srcset=\"https:\/\/galerie-ancienne-poste.com\/wp-content\/uploads\/2025\/07\/alistair-danhieux-3-1000x1024.jpg 1000w, https:\/\/galerie-ancienne-poste.com\/wp-content\/uploads\/2025\/07\/alistair-danhieux-3-293x300.jpg 293w, https:\/\/galerie-ancienne-poste.com\/wp-content\/uploads\/2025\/07\/alistair-danhieux-3-768x786.jpg 768w, https:\/\/galerie-ancienne-poste.com\/wp-content\/uploads\/2025\/07\/alistair-danhieux-3-12x12.jpg 12w, https:\/\/galerie-ancienne-poste.com\/wp-content\/uploads\/2025\/07\/alistair-danhieux-3.jpg 1500w\" sizes=\"auto, (max-width: 1000px) 100vw, 1000px\" data-mwl-img-id=\"269\" \/><\/a><\/div><\/div><\/div><div class=\"kt-blocks-post-grid-item-inner\"><header><h2 class=\"entry-title\"><a href=\"https:\/\/galerie-ancienne-poste.com\/fr\/exposition\/alistair-danhieux-audrey-ballacchino\/\">Alistair Aynscombe-Danhieux Audrey Ballacchino<\/a><\/h2><div class=\"kt-blocks-post-top-meta\"><\/div><\/header><div class=\"entry-content\">1er mars &#8211; 10 avril 2025<\/div><footer class=\"kt-blocks-post-footer\"><div class=\"kt-blocks-post-footer-left\"><\/div><div class=\"kt-blocks-post-footer-right\"><\/div><\/footer><\/div><\/div><\/article><article class=\"kt-blocks-post-grid-item post-2871 exposition type-exposition status-publish has-post-thumbnail hentry tag-passees artiste_-camille-virot\"><div class=\"kt-blocks-post-grid-item-inner-wrap kt-feat-image-align-top kt-feat-image-mobile-align-top\"><div class=\"kadence-post-image\"><div class=\"kadence-post-image-intrisic kt-image-ratio-100\" style=\"padding-bottom:100%;\"><div class=\"kadence-post-image-inner-intrisic\"><a aria-hidden=\"true\" tabindex=\"-1\" role=\"presentation\" href=\"https:\/\/galerie-ancienne-poste.com\/fr\/exposition\/camille-virot-exposition-2024\/\" aria-label=\"Camille Virot &#8211; exposition 2024\" class=\"kadence-post-image-inner-wrap\"><img loading=\"lazy\" decoding=\"async\" width=\"1024\" height=\"1000\" src=\"https:\/\/galerie-ancienne-poste.com\/wp-content\/uploads\/2025\/07\/exposition-camille-virot-2024-1024x1000.jpg\" class=\"attachment-large size-large wp-image-456 wp-post-image\" alt=\"Camille Virot - exposition 2024 -sculpture c\u00e9ramique - Galerie Ancienne Poste Toucy\" srcset=\"https:\/\/galerie-ancienne-poste.com\/wp-content\/uploads\/2025\/07\/exposition-camille-virot-2024-1024x1000.jpg 1024w, https:\/\/galerie-ancienne-poste.com\/wp-content\/uploads\/2025\/07\/exposition-camille-virot-2024-300x293.jpg 300w, https:\/\/galerie-ancienne-poste.com\/wp-content\/uploads\/2025\/07\/exposition-camille-virot-2024-768x750.jpg 768w, https:\/\/galerie-ancienne-poste.com\/wp-content\/uploads\/2025\/07\/exposition-camille-virot-2024-12x12.jpg 12w, https:\/\/galerie-ancienne-poste.com\/wp-content\/uploads\/2025\/07\/exposition-camille-virot-2024.jpg 1536w\" sizes=\"auto, (max-width: 1024px) 100vw, 1024px\" data-mwl-img-id=\"456\" \/><\/a><\/div><\/div><\/div><div class=\"kt-blocks-post-grid-item-inner\"><header><h2 class=\"entry-title\"><a href=\"https:\/\/galerie-ancienne-poste.com\/fr\/exposition\/camille-virot-exposition-2024\/\">Camille Virot &#8211; exposition 2024<\/a><\/h2><div class=\"kt-blocks-post-top-meta\"><\/div><\/header><div class=\"entry-content\">9 novembre 2024 \u00a0&#8211; \u00a05 janvier 2025<\/div><footer class=\"kt-blocks-post-footer\"><div class=\"kt-blocks-post-footer-left\"><\/div><div class=\"kt-blocks-post-footer-right\"><\/div><\/footer><\/div><\/div><\/article><article class=\"kt-blocks-post-grid-item post-4075 exposition type-exposition status-publish has-post-thumbnail hentry tag-passees artiste_-icaro-maiterena\"><div class=\"kt-blocks-post-grid-item-inner-wrap kt-feat-image-align-top kt-feat-image-mobile-align-top\"><div class=\"kadence-post-image\"><div class=\"kadence-post-image-intrisic kt-image-ratio-100\" style=\"padding-bottom:100%;\"><div class=\"kadence-post-image-inner-intrisic\"><a aria-hidden=\"true\" tabindex=\"-1\" role=\"presentation\" href=\"https:\/\/galerie-ancienne-poste.com\/fr\/exposition\/icaro-maiterna\/\" aria-label=\"\u00cdcaro Maiterna\" class=\"kadence-post-image-inner-wrap\"><img loading=\"lazy\" decoding=\"async\" width=\"1024\" height=\"1004\" src=\"https:\/\/galerie-ancienne-poste.com\/wp-content\/uploads\/2025\/07\/exposition-icaro-maiterena-1024x1004.jpg\" class=\"attachment-large size-large wp-image-474 wp-post-image\" alt=\"exposition Icaro Maiterena - Galerie de l&#039;Ancienne Poste - c\u00e9ramique contemporaine - Toucy\" srcset=\"https:\/\/galerie-ancienne-poste.com\/wp-content\/uploads\/2025\/07\/exposition-icaro-maiterena-1024x1004.jpg 1024w, https:\/\/galerie-ancienne-poste.com\/wp-content\/uploads\/2025\/07\/exposition-icaro-maiterena-300x294.jpg 300w, https:\/\/galerie-ancienne-poste.com\/wp-content\/uploads\/2025\/07\/exposition-icaro-maiterena-768x753.jpg 768w, https:\/\/galerie-ancienne-poste.com\/wp-content\/uploads\/2025\/07\/exposition-icaro-maiterena-12x12.jpg 12w, https:\/\/galerie-ancienne-poste.com\/wp-content\/uploads\/2025\/07\/exposition-icaro-maiterena.jpg 1530w\" sizes=\"auto, (max-width: 1024px) 100vw, 1024px\" data-mwl-img-id=\"474\" \/><\/a><\/div><\/div><\/div><div class=\"kt-blocks-post-grid-item-inner\"><header><h2 class=\"entry-title\"><a href=\"https:\/\/galerie-ancienne-poste.com\/fr\/exposition\/icaro-maiterna\/\">\u00cdcaro Maiterna<\/a><\/h2><div class=\"kt-blocks-post-top-meta\"><\/div><\/header><div class=\"entry-content\">7 septembre &#8211; 7 novembre 2024<\/div><footer class=\"kt-blocks-post-footer\"><div class=\"kt-blocks-post-footer-left\"><\/div><div class=\"kt-blocks-post-footer-right\"><\/div><\/footer><\/div><\/div><\/article><article class=\"kt-blocks-post-grid-item post-2820 exposition type-exposition status-publish has-post-thumbnail hentry tag-passees artiste_-summer-group-show\"><div class=\"kt-blocks-post-grid-item-inner-wrap kt-feat-image-align-top kt-feat-image-mobile-align-top\"><div class=\"kadence-post-image\"><div class=\"kadence-post-image-intrisic kt-image-ratio-100\" style=\"padding-bottom:100%;\"><div class=\"kadence-post-image-inner-intrisic\"><a aria-hidden=\"true\" tabindex=\"-1\" role=\"presentation\" href=\"https:\/\/galerie-ancienne-poste.com\/fr\/exposition\/summer-group-show\/\" aria-label=\"Summer Group Show\" class=\"kadence-post-image-inner-wrap\"><img loading=\"lazy\" decoding=\"async\" width=\"922\" height=\"1024\" src=\"https:\/\/galerie-ancienne-poste.com\/wp-content\/uploads\/2025\/07\/erna-aaltonen-cedric-2024-922x1024.jpg\" class=\"attachment-large size-large wp-image-2827 wp-post-image\" alt=\"Erna Aaltonen - Galerie de l&#039;Ancienne Poste - c\u00e9ramique contemporaine - galerie c\u00e9ramique - expo c\u00e9ramique en France\" srcset=\"https:\/\/galerie-ancienne-poste.com\/wp-content\/uploads\/2025\/07\/erna-aaltonen-cedric-2024-922x1024.jpg 922w, https:\/\/galerie-ancienne-poste.com\/wp-content\/uploads\/2025\/07\/erna-aaltonen-cedric-2024-270x300.jpg 270w, https:\/\/galerie-ancienne-poste.com\/wp-content\/uploads\/2025\/07\/erna-aaltonen-cedric-2024-768x853.jpg 768w, https:\/\/galerie-ancienne-poste.com\/wp-content\/uploads\/2025\/07\/erna-aaltonen-cedric-2024-11x12.jpg 11w, https:\/\/galerie-ancienne-poste.com\/wp-content\/uploads\/2025\/07\/erna-aaltonen-cedric-2024-600x667.jpg 600w, https:\/\/galerie-ancienne-poste.com\/wp-content\/uploads\/2025\/07\/erna-aaltonen-cedric-2024.jpg 945w\" sizes=\"auto, (max-width: 922px) 100vw, 922px\" data-mwl-img-id=\"2827\" \/><\/a><\/div><\/div><\/div><div class=\"kt-blocks-post-grid-item-inner\"><header><h2 class=\"entry-title\"><a href=\"https:\/\/galerie-ancienne-poste.com\/fr\/exposition\/summer-group-show\/\">Summer Group Show<\/a><\/h2><div class=\"kt-blocks-post-top-meta\"><\/div><\/header><div class=\"entry-content\">6 juillet \u2013 5 septembre 2024<\/div><footer class=\"kt-blocks-post-footer\"><div class=\"kt-blocks-post-footer-left\"><\/div><div class=\"kt-blocks-post-footer-right\"><\/div><\/footer><\/div><\/div><\/article><article class=\"kt-blocks-post-grid-item post-2854 exposition type-exposition status-publish has-post-thumbnail hentry tag-passees artiste_-turi-heisselberg-pedersen\"><div class=\"kt-blocks-post-grid-item-inner-wrap kt-feat-image-align-top kt-feat-image-mobile-align-top\"><div class=\"kadence-post-image\"><div class=\"kadence-post-image-intrisic kt-image-ratio-100\" style=\"padding-bottom:100%;\"><div class=\"kadence-post-image-inner-intrisic\"><a aria-hidden=\"true\" tabindex=\"-1\" role=\"presentation\" href=\"https:\/\/galerie-ancienne-poste.com\/fr\/exposition\/turi-heisselberg-pedersen\/\" aria-label=\"Turi Heisselberg Pedersen\" class=\"kadence-post-image-inner-wrap\"><img loading=\"lazy\" decoding=\"async\" width=\"1024\" height=\"853\" src=\"https:\/\/galerie-ancienne-poste.com\/wp-content\/uploads\/2025\/07\/turi-heisselberg-pedersen-1024x853.jpg\" class=\"attachment-large size-large wp-image-471 wp-post-image\" alt=\"Turi Heisselberg Pedersen ceramics\" srcset=\"https:\/\/galerie-ancienne-poste.com\/wp-content\/uploads\/2025\/07\/turi-heisselberg-pedersen-1024x853.jpg 1024w, https:\/\/galerie-ancienne-poste.com\/wp-content\/uploads\/2025\/07\/turi-heisselberg-pedersen-300x250.jpg 300w, https:\/\/galerie-ancienne-poste.com\/wp-content\/uploads\/2025\/07\/turi-heisselberg-pedersen-768x640.jpg 768w, https:\/\/galerie-ancienne-poste.com\/wp-content\/uploads\/2025\/07\/turi-heisselberg-pedersen-1536x1280.jpg 1536w, https:\/\/galerie-ancienne-poste.com\/wp-content\/uploads\/2025\/07\/turi-heisselberg-pedersen-14x12.jpg 14w, https:\/\/galerie-ancienne-poste.com\/wp-content\/uploads\/2025\/07\/turi-heisselberg-pedersen.jpg 1800w\" sizes=\"auto, (max-width: 1024px) 100vw, 1024px\" data-mwl-img-id=\"471\" \/><\/a><\/div><\/div><\/div><div class=\"kt-blocks-post-grid-item-inner\"><header><h2 class=\"entry-title\"><a href=\"https:\/\/galerie-ancienne-poste.com\/fr\/exposition\/turi-heisselberg-pedersen\/\">Turi Heisselberg Pedersen<\/a><\/h2><div class=\"kt-blocks-post-top-meta\"><\/div><\/header><div class=\"entry-content\">4 mai &#8211; 4 juillet 2024<\/div><footer class=\"kt-blocks-post-footer\"><div class=\"kt-blocks-post-footer-left\"><\/div><div class=\"kt-blocks-post-footer-right\"><\/div><\/footer><\/div><\/div><\/article><article class=\"kt-blocks-post-grid-item post-2665 exposition type-exposition status-publish has-post-thumbnail hentry tag-passees artiste_-ursula-morley-price\"><div class=\"kt-blocks-post-grid-item-inner-wrap kt-feat-image-align-top kt-feat-image-mobile-align-top\"><div class=\"kadence-post-image\"><div class=\"kadence-post-image-intrisic kt-image-ratio-100\" style=\"padding-bottom:100%;\"><div class=\"kadence-post-image-inner-intrisic\"><a aria-hidden=\"true\" tabindex=\"-1\" role=\"presentation\" href=\"https:\/\/galerie-ancienne-poste.com\/fr\/exposition\/ursula-morley-price-exposition-2024\/\" aria-label=\"Ursula Morley-Price &#8211; exposition 2024\" class=\"kadence-post-image-inner-wrap\"><img loading=\"lazy\" decoding=\"async\" width=\"1024\" height=\"646\" src=\"https:\/\/galerie-ancienne-poste.com\/wp-content\/uploads\/2025\/07\/ursula-morley-price-exposition-2024-1024x646.jpg\" class=\"attachment-large size-large wp-image-3271 wp-post-image\" alt=\"Ursula Morley-Price - Galerie de l&#039;Ancienne Poste - exposition c\u00e9ramique conrtemporaine\" srcset=\"https:\/\/galerie-ancienne-poste.com\/wp-content\/uploads\/2025\/07\/ursula-morley-price-exposition-2024-1024x646.jpg 1024w, https:\/\/galerie-ancienne-poste.com\/wp-content\/uploads\/2025\/07\/ursula-morley-price-exposition-2024-300x189.jpg 300w, https:\/\/galerie-ancienne-poste.com\/wp-content\/uploads\/2025\/07\/ursula-morley-price-exposition-2024-768x485.jpg 768w, https:\/\/galerie-ancienne-poste.com\/wp-content\/uploads\/2025\/07\/ursula-morley-price-exposition-2024-1536x970.jpg 1536w, https:\/\/galerie-ancienne-poste.com\/wp-content\/uploads\/2025\/07\/ursula-morley-price-exposition-2024-2048x1293.jpg 2048w, https:\/\/galerie-ancienne-poste.com\/wp-content\/uploads\/2025\/07\/ursula-morley-price-exposition-2024-18x12.jpg 18w, https:\/\/galerie-ancienne-poste.com\/wp-content\/uploads\/2025\/07\/ursula-morley-price-exposition-2024-600x379.jpg 600w\" sizes=\"auto, (max-width: 1024px) 100vw, 1024px\" data-mwl-img-id=\"3271\" \/><\/a><\/div><\/div><\/div><div class=\"kt-blocks-post-grid-item-inner\"><header><h2 class=\"entry-title\"><a href=\"https:\/\/galerie-ancienne-poste.com\/fr\/exposition\/ursula-morley-price-exposition-2024\/\">Ursula Morley-Price &#8211; exposition 2024<\/a><\/h2><div class=\"kt-blocks-post-top-meta\"><\/div><\/header><div class=\"entry-content\">23 mars &#8211;  02 mai 2024<\/div><footer class=\"kt-blocks-post-footer\"><div class=\"kt-blocks-post-footer-left\"><\/div><div class=\"kt-blocks-post-footer-right\"><\/div><\/footer><\/div><\/div><\/article><article class=\"kt-blocks-post-grid-item post-3081 exposition type-exposition status-publish has-post-thumbnail hentry tag-passees artiste_-alistair-danhieux\"><div class=\"kt-blocks-post-grid-item-inner-wrap kt-feat-image-align-top kt-feat-image-mobile-align-top\"><div class=\"kadence-post-image\"><div class=\"kadence-post-image-intrisic kt-image-ratio-100\" style=\"padding-bottom:100%;\"><div class=\"kadence-post-image-inner-intrisic\"><a aria-hidden=\"true\" tabindex=\"-1\" role=\"presentation\" href=\"https:\/\/galerie-ancienne-poste.com\/fr\/exposition\/alistair-danhieux-ann-van-hoey\/\" aria-label=\"Alistair Aynscombe-Danhieux Ann Van Hoey\" class=\"kadence-post-image-inner-wrap\"><img loading=\"lazy\" decoding=\"async\" width=\"1024\" height=\"683\" src=\"https:\/\/galerie-ancienne-poste.com\/wp-content\/uploads\/2025\/07\/ann-van-hoey-alistair-danhieux-1024x683.jpg\" class=\"attachment-large size-large wp-image-487 wp-post-image\" alt=\"Alistair Danhieux - Ann Van Hoey - expo ceramique \u00e0 Toucy - exposition de c\u00e9ramique contemporaine\" srcset=\"https:\/\/galerie-ancienne-poste.com\/wp-content\/uploads\/2025\/07\/ann-van-hoey-alistair-danhieux-1024x683.jpg 1024w, https:\/\/galerie-ancienne-poste.com\/wp-content\/uploads\/2025\/07\/ann-van-hoey-alistair-danhieux-300x200.jpg 300w, https:\/\/galerie-ancienne-poste.com\/wp-content\/uploads\/2025\/07\/ann-van-hoey-alistair-danhieux-768x512.jpg 768w, https:\/\/galerie-ancienne-poste.com\/wp-content\/uploads\/2025\/07\/ann-van-hoey-alistair-danhieux-1536x1024.jpg 1536w, https:\/\/galerie-ancienne-poste.com\/wp-content\/uploads\/2025\/07\/ann-van-hoey-alistair-danhieux-2048x1366.jpg 2048w, https:\/\/galerie-ancienne-poste.com\/wp-content\/uploads\/2025\/07\/ann-van-hoey-alistair-danhieux-18x12.jpg 18w\" sizes=\"auto, (max-width: 1024px) 100vw, 1024px\" data-mwl-img-id=\"487\" \/><\/a><\/div><\/div><\/div><div class=\"kt-blocks-post-grid-item-inner\"><header><h2 class=\"entry-title\"><a href=\"https:\/\/galerie-ancienne-poste.com\/fr\/exposition\/alistair-danhieux-ann-van-hoey\/\">Alistair Aynscombe-Danhieux Ann Van Hoey<\/a><\/h2><div class=\"kt-blocks-post-top-meta\"><\/div><\/header><div class=\"entry-content\">24 f\u00e9vrier &#8211; 21 mars 2024<\/div><footer class=\"kt-blocks-post-footer\"><div class=\"kt-blocks-post-footer-left\"><\/div><div class=\"kt-blocks-post-footer-right\"><\/div><\/footer><\/div><\/div><\/article><article class=\"kt-blocks-post-grid-item post-2778 exposition type-exposition status-publish has-post-thumbnail hentry tag-passees artiste_-matthew-chambers\"><div class=\"kt-blocks-post-grid-item-inner-wrap kt-feat-image-align-top kt-feat-image-mobile-align-top\"><div class=\"kadence-post-image\"><div class=\"kadence-post-image-intrisic kt-image-ratio-100\" style=\"padding-bottom:100%;\"><div class=\"kadence-post-image-inner-intrisic\"><a aria-hidden=\"true\" tabindex=\"-1\" role=\"presentation\" href=\"https:\/\/galerie-ancienne-poste.com\/fr\/exposition\/matthew-chambers-2\/\" aria-label=\"Matthew Chambers\" class=\"kadence-post-image-inner-wrap\"><img loading=\"lazy\" decoding=\"async\" width=\"861\" height=\"1024\" src=\"https:\/\/galerie-ancienne-poste.com\/wp-content\/uploads\/2025\/07\/Matthew-Chambers_expo-861x1024.jpg\" class=\"attachment-large size-large wp-image-3789 wp-post-image\" alt=\"Matthew Chambers - Galerie de l&#039;ancienne Poste\" srcset=\"https:\/\/galerie-ancienne-poste.com\/wp-content\/uploads\/2025\/07\/Matthew-Chambers_expo-861x1024.jpg 861w, https:\/\/galerie-ancienne-poste.com\/wp-content\/uploads\/2025\/07\/Matthew-Chambers_expo-252x300.jpg 252w, https:\/\/galerie-ancienne-poste.com\/wp-content\/uploads\/2025\/07\/Matthew-Chambers_expo-768x914.jpg 768w, https:\/\/galerie-ancienne-poste.com\/wp-content\/uploads\/2025\/07\/Matthew-Chambers_expo-10x12.jpg 10w, https:\/\/galerie-ancienne-poste.com\/wp-content\/uploads\/2025\/07\/Matthew-Chambers_expo-600x714.jpg 600w, https:\/\/galerie-ancienne-poste.com\/wp-content\/uploads\/2025\/07\/Matthew-Chambers_expo.jpg 1261w\" sizes=\"auto, (max-width: 861px) 100vw, 861px\" data-mwl-img-id=\"3789\" \/><\/a><\/div><\/div><\/div><div class=\"kt-blocks-post-grid-item-inner\"><header><h2 class=\"entry-title\"><a href=\"https:\/\/galerie-ancienne-poste.com\/fr\/exposition\/matthew-chambers-2\/\">Matthew Chambers<\/a><\/h2><div class=\"kt-blocks-post-top-meta\"><\/div><\/header><div class=\"entry-content\">4 novembre 2023 &#8211; 4 janvier 2024<\/div><footer class=\"kt-blocks-post-footer\"><div class=\"kt-blocks-post-footer-left\"><\/div><div class=\"kt-blocks-post-footer-right\"><\/div><\/footer><\/div><\/div><\/article><article class=\"kt-blocks-post-grid-item post-2945 exposition type-exposition status-publish has-post-thumbnail hentry tag-passees artiste_-sara-flynn\"><div class=\"kt-blocks-post-grid-item-inner-wrap kt-feat-image-align-top kt-feat-image-mobile-align-top\"><div class=\"kadence-post-image\"><div class=\"kadence-post-image-intrisic kt-image-ratio-100\" style=\"padding-bottom:100%;\"><div class=\"kadence-post-image-inner-intrisic\"><a aria-hidden=\"true\" tabindex=\"-1\" role=\"presentation\" href=\"https:\/\/galerie-ancienne-poste.com\/fr\/exposition\/sara-flynn-2\/\" aria-label=\"Sara Flynn\" class=\"kadence-post-image-inner-wrap\"><img loading=\"lazy\" decoding=\"async\" width=\"1024\" height=\"683\" src=\"https:\/\/galerie-ancienne-poste.com\/wp-content\/uploads\/2025\/07\/sara-flynn-exhibition-toucy-1024x683.jpg\" class=\"attachment-large size-large wp-image-626 wp-post-image\" alt=\"Sara Flynn exhibition in France - contemporary ceramic - Galerie de l&#039;Ancienne Poste - Sara Flynn porcelain\" srcset=\"https:\/\/galerie-ancienne-poste.com\/wp-content\/uploads\/2025\/07\/sara-flynn-exhibition-toucy-1024x683.jpg 1024w, https:\/\/galerie-ancienne-poste.com\/wp-content\/uploads\/2025\/07\/sara-flynn-exhibition-toucy-300x200.jpg 300w, https:\/\/galerie-ancienne-poste.com\/wp-content\/uploads\/2025\/07\/sara-flynn-exhibition-toucy-768x512.jpg 768w, https:\/\/galerie-ancienne-poste.com\/wp-content\/uploads\/2025\/07\/sara-flynn-exhibition-toucy-18x12.jpg 18w, https:\/\/galerie-ancienne-poste.com\/wp-content\/uploads\/2025\/07\/sara-flynn-exhibition-toucy.jpg 1536w\" sizes=\"auto, (max-width: 1024px) 100vw, 1024px\" data-mwl-img-id=\"626\" \/><\/a><\/div><\/div><\/div><div class=\"kt-blocks-post-grid-item-inner\"><header><h2 class=\"entry-title\"><a href=\"https:\/\/galerie-ancienne-poste.com\/fr\/exposition\/sara-flynn-2\/\">Sara Flynn<\/a><\/h2><div class=\"kt-blocks-post-top-meta\"><\/div><\/header><div class=\"entry-content\">9 septembre &#8211; 2 novembre 2023<\/div><footer class=\"kt-blocks-post-footer\"><div class=\"kt-blocks-post-footer-left\"><\/div><div class=\"kt-blocks-post-footer-right\"><\/div><\/footer><\/div><\/div><\/article><article class=\"kt-blocks-post-grid-item post-4463 exposition type-exposition status-publish has-post-thumbnail hentry tag-passees artiste_-steven-edwards\"><div class=\"kt-blocks-post-grid-item-inner-wrap kt-feat-image-align-top kt-feat-image-mobile-align-top\"><div class=\"kadence-post-image\"><div class=\"kadence-post-image-intrisic kt-image-ratio-100\" style=\"padding-bottom:100%;\"><div class=\"kadence-post-image-inner-intrisic\"><a aria-hidden=\"true\" tabindex=\"-1\" role=\"presentation\" href=\"https:\/\/galerie-ancienne-poste.com\/fr\/exposition\/steven-edwards\/\" aria-label=\"Steven Edwards\" class=\"kadence-post-image-inner-wrap\"><img loading=\"lazy\" decoding=\"async\" width=\"1024\" height=\"1024\" src=\"https:\/\/galerie-ancienne-poste.com\/wp-content\/uploads\/2025\/07\/steven-edwards-works-1024x1024.jpg\" class=\"attachment-large size-large wp-image-610 wp-post-image\" alt=\"Steven Edwards works\" srcset=\"https:\/\/galerie-ancienne-poste.com\/wp-content\/uploads\/2025\/07\/steven-edwards-works-1024x1024.jpg 1024w, https:\/\/galerie-ancienne-poste.com\/wp-content\/uploads\/2025\/07\/steven-edwards-works-300x300.jpg 300w, https:\/\/galerie-ancienne-poste.com\/wp-content\/uploads\/2025\/07\/steven-edwards-works-150x150.jpg 150w, https:\/\/galerie-ancienne-poste.com\/wp-content\/uploads\/2025\/07\/steven-edwards-works-768x768.jpg 768w, https:\/\/galerie-ancienne-poste.com\/wp-content\/uploads\/2025\/07\/steven-edwards-works-12x12.jpg 12w, https:\/\/galerie-ancienne-poste.com\/wp-content\/uploads\/2025\/07\/steven-edwards-works.jpg 1500w\" sizes=\"auto, (max-width: 1024px) 100vw, 1024px\" data-mwl-img-id=\"610\" \/><\/a><\/div><\/div><\/div><div class=\"kt-blocks-post-grid-item-inner\"><header><h2 class=\"entry-title\"><a href=\"https:\/\/galerie-ancienne-poste.com\/fr\/exposition\/steven-edwards\/\">Steven Edwards<\/a><\/h2><div class=\"kt-blocks-post-top-meta\"><\/div><\/header><div class=\"entry-content\">1er juillet \u00a0&#8211; \u00a07 septembre 2023<\/div><footer class=\"kt-blocks-post-footer\"><div class=\"kt-blocks-post-footer-left\"><\/div><div class=\"kt-blocks-post-footer-right\"><\/div><\/footer><\/div><\/div><\/article><article class=\"kt-blocks-post-grid-item post-2889 exposition type-exposition status-publish has-post-thumbnail hentry tag-passees artiste_-erna-aaltonen\"><div class=\"kt-blocks-post-grid-item-inner-wrap kt-feat-image-align-top kt-feat-image-mobile-align-top\"><div class=\"kadence-post-image\"><div class=\"kadence-post-image-intrisic kt-image-ratio-100\" style=\"padding-bottom:100%;\"><div class=\"kadence-post-image-inner-intrisic\"><a aria-hidden=\"true\" tabindex=\"-1\" role=\"presentation\" href=\"https:\/\/galerie-ancienne-poste.com\/fr\/exposition\/erna-aaltonen-oeuvres-recentes\/\" aria-label=\"Erna Aaltonen &#8211; \u0153uvres r\u00e9centes\" class=\"kadence-post-image-inner-wrap\"><img loading=\"lazy\" decoding=\"async\" width=\"1024\" height=\"1022\" src=\"https:\/\/galerie-ancienne-poste.com\/wp-content\/uploads\/2025\/07\/erna-aaltonen-expo-2023-1024x1022.jpg\" class=\"attachment-large size-large wp-image-3335 wp-post-image\" alt=\"Erna Aaltonen\" srcset=\"https:\/\/galerie-ancienne-poste.com\/wp-content\/uploads\/2025\/07\/erna-aaltonen-expo-2023-1024x1022.jpg 1024w, https:\/\/galerie-ancienne-poste.com\/wp-content\/uploads\/2025\/07\/erna-aaltonen-expo-2023-300x300.jpg 300w, https:\/\/galerie-ancienne-poste.com\/wp-content\/uploads\/2025\/07\/erna-aaltonen-expo-2023-150x150.jpg 150w, https:\/\/galerie-ancienne-poste.com\/wp-content\/uploads\/2025\/07\/erna-aaltonen-expo-2023-768x766.jpg 768w, https:\/\/galerie-ancienne-poste.com\/wp-content\/uploads\/2025\/07\/erna-aaltonen-expo-2023-12x12.jpg 12w, https:\/\/galerie-ancienne-poste.com\/wp-content\/uploads\/2025\/07\/erna-aaltonen-expo-2023-600x599.jpg 600w, https:\/\/galerie-ancienne-poste.com\/wp-content\/uploads\/2025\/07\/erna-aaltonen-expo-2023-100x100.jpg 100w, https:\/\/galerie-ancienne-poste.com\/wp-content\/uploads\/2025\/07\/erna-aaltonen-expo-2023.jpg 1500w\" sizes=\"auto, (max-width: 1024px) 100vw, 1024px\" data-mwl-img-id=\"3335\" \/><\/a><\/div><\/div><\/div><div class=\"kt-blocks-post-grid-item-inner\"><header><h2 class=\"entry-title\"><a href=\"https:\/\/galerie-ancienne-poste.com\/fr\/exposition\/erna-aaltonen-oeuvres-recentes\/\">Erna Aaltonen &#8211; \u0153uvres r\u00e9centes<\/a><\/h2><div class=\"kt-blocks-post-top-meta\"><\/div><\/header><div class=\"entry-content\">13 mai &#8211; 29 juin 2023<\/div><footer class=\"kt-blocks-post-footer\"><div class=\"kt-blocks-post-footer-left\"><\/div><div class=\"kt-blocks-post-footer-right\"><\/div><\/footer><\/div><\/div><\/article><article class=\"kt-blocks-post-grid-item post-3948 exposition type-exposition status-publish has-post-thumbnail hentry tag-passees artiste_-viktoria-maroti\"><div class=\"kt-blocks-post-grid-item-inner-wrap kt-feat-image-align-top kt-feat-image-mobile-align-top\"><div class=\"kadence-post-image\"><div class=\"kadence-post-image-intrisic kt-image-ratio-100\" style=\"padding-bottom:100%;\"><div class=\"kadence-post-image-inner-intrisic\"><a aria-hidden=\"true\" tabindex=\"-1\" role=\"presentation\" href=\"https:\/\/galerie-ancienne-poste.com\/fr\/exposition\/viktoria-maroti\/\" aria-label=\"Vikt\u00f3ria Mar\u00f3ti\" class=\"kadence-post-image-inner-wrap\"><img loading=\"lazy\" decoding=\"async\" width=\"1024\" height=\"683\" src=\"https:\/\/galerie-ancienne-poste.com\/wp-content\/uploads\/2025\/07\/viktoria-maroti-1-1024x683.jpg\" class=\"attachment-large size-large wp-image-571 wp-post-image\" alt=\"Vikt\u00f3ria Mar\u00f3ti\" srcset=\"https:\/\/galerie-ancienne-poste.com\/wp-content\/uploads\/2025\/07\/viktoria-maroti-1-1024x683.jpg 1024w, https:\/\/galerie-ancienne-poste.com\/wp-content\/uploads\/2025\/07\/viktoria-maroti-1-300x200.jpg 300w, https:\/\/galerie-ancienne-poste.com\/wp-content\/uploads\/2025\/07\/viktoria-maroti-1-768x512.jpg 768w, https:\/\/galerie-ancienne-poste.com\/wp-content\/uploads\/2025\/07\/viktoria-maroti-1-1536x1024.jpg 1536w, https:\/\/galerie-ancienne-poste.com\/wp-content\/uploads\/2025\/07\/viktoria-maroti-1-2048x1365.jpg 2048w, https:\/\/galerie-ancienne-poste.com\/wp-content\/uploads\/2025\/07\/viktoria-maroti-1-18x12.jpg 18w\" sizes=\"auto, (max-width: 1024px) 100vw, 1024px\" data-mwl-img-id=\"571\" \/><\/a><\/div><\/div><\/div><div class=\"kt-blocks-post-grid-item-inner\"><header><h2 class=\"entry-title\"><a href=\"https:\/\/galerie-ancienne-poste.com\/fr\/exposition\/viktoria-maroti\/\">Vikt\u00f3ria Mar\u00f3ti<\/a><\/h2><div class=\"kt-blocks-post-top-meta\"><\/div><\/header><div class=\"entry-content\">1er avril &#8211; 11 mai 2023<\/div><footer class=\"kt-blocks-post-footer\"><div class=\"kt-blocks-post-footer-left\"><\/div><div class=\"kt-blocks-post-footer-right\"><\/div><\/footer><\/div><\/div><\/article><article class=\"kt-blocks-post-grid-item post-3181 exposition type-exposition status-publish has-post-thumbnail hentry tag-passees artiste_-nadia-pasquer artiste_-nathalie-pierlot\"><div class=\"kt-blocks-post-grid-item-inner-wrap kt-feat-image-align-top kt-feat-image-mobile-align-top\"><div class=\"kadence-post-image\"><div class=\"kadence-post-image-intrisic kt-image-ratio-100\" style=\"padding-bottom:100%;\"><div class=\"kadence-post-image-inner-intrisic\"><a aria-hidden=\"true\" tabindex=\"-1\" role=\"presentation\" href=\"https:\/\/galerie-ancienne-poste.com\/fr\/exposition\/nadia-pasquer-nathalie-pielot\/\" aria-label=\"Nadia Pasquer &#8211; Nathalie Pierlot\" class=\"kadence-post-image-inner-wrap\"><img loading=\"lazy\" decoding=\"async\" width=\"923\" height=\"1024\" src=\"https:\/\/galerie-ancienne-poste.com\/wp-content\/uploads\/2025\/08\/expo-pasquer-pierlot-923x1024.jpg\" class=\"attachment-large size-large wp-image-5790 wp-post-image\" alt=\"Nadia Pasquer - Nathalie Pierlot - Galerie de l&#039;Ancienne Poste\" srcset=\"https:\/\/galerie-ancienne-poste.com\/wp-content\/uploads\/2025\/08\/expo-pasquer-pierlot-923x1024.jpg 923w, https:\/\/galerie-ancienne-poste.com\/wp-content\/uploads\/2025\/08\/expo-pasquer-pierlot-270x300.jpg 270w, https:\/\/galerie-ancienne-poste.com\/wp-content\/uploads\/2025\/08\/expo-pasquer-pierlot-768x852.jpg 768w, https:\/\/galerie-ancienne-poste.com\/wp-content\/uploads\/2025\/08\/expo-pasquer-pierlot-11x12.jpg 11w, https:\/\/galerie-ancienne-poste.com\/wp-content\/uploads\/2025\/08\/expo-pasquer-pierlot-600x666.jpg 600w, https:\/\/galerie-ancienne-poste.com\/wp-content\/uploads\/2025\/08\/expo-pasquer-pierlot.jpg 1352w\" sizes=\"auto, (max-width: 923px) 100vw, 923px\" data-mwl-img-id=\"5790\" \/><\/a><\/div><\/div><\/div><div class=\"kt-blocks-post-grid-item-inner\"><header><h2 class=\"entry-title\"><a href=\"https:\/\/galerie-ancienne-poste.com\/fr\/exposition\/nadia-pasquer-nathalie-pielot\/\">Nadia Pasquer &#8211; Nathalie Pierlot<\/a><\/h2><div class=\"kt-blocks-post-top-meta\"><\/div><\/header><div class=\"entry-content\">25 f\u00e9vrier &#8211; 30 mars 2023<\/div><footer class=\"kt-blocks-post-footer\"><div class=\"kt-blocks-post-footer-left\"><\/div><div class=\"kt-blocks-post-footer-right\"><\/div><\/footer><\/div><\/div><\/article><article class=\"kt-blocks-post-grid-item post-4440 exposition type-exposition status-publish has-post-thumbnail hentry tag-passees artiste_-jin-eui-kim\"><div class=\"kt-blocks-post-grid-item-inner-wrap kt-feat-image-align-top kt-feat-image-mobile-align-top\"><div class=\"kadence-post-image\"><div class=\"kadence-post-image-intrisic kt-image-ratio-100\" style=\"padding-bottom:100%;\"><div class=\"kadence-post-image-inner-intrisic\"><a aria-hidden=\"true\" tabindex=\"-1\" role=\"presentation\" href=\"https:\/\/galerie-ancienne-poste.com\/fr\/exposition\/jin-eui-kim\/\" aria-label=\"Jin Eui Kim\" class=\"kadence-post-image-inner-wrap\"><img loading=\"lazy\" decoding=\"async\" width=\"1024\" height=\"1015\" src=\"https:\/\/galerie-ancienne-poste.com\/wp-content\/uploads\/2025\/07\/jin-eui-kim-galerie-de-l-ancienne-poste-7-1024x1015.jpg\" class=\"attachment-large size-large wp-image-721 wp-post-image\" alt=\"Jin Eui Kim - exposition en France - expo Jin Eui Kim - porcelaine contemporaine\" srcset=\"https:\/\/galerie-ancienne-poste.com\/wp-content\/uploads\/2025\/07\/jin-eui-kim-galerie-de-l-ancienne-poste-7-1024x1015.jpg 1024w, https:\/\/galerie-ancienne-poste.com\/wp-content\/uploads\/2025\/07\/jin-eui-kim-galerie-de-l-ancienne-poste-7-300x297.jpg 300w, https:\/\/galerie-ancienne-poste.com\/wp-content\/uploads\/2025\/07\/jin-eui-kim-galerie-de-l-ancienne-poste-7-150x150.jpg 150w, https:\/\/galerie-ancienne-poste.com\/wp-content\/uploads\/2025\/07\/jin-eui-kim-galerie-de-l-ancienne-poste-7-768x761.jpg 768w, https:\/\/galerie-ancienne-poste.com\/wp-content\/uploads\/2025\/07\/jin-eui-kim-galerie-de-l-ancienne-poste-7-12x12.jpg 12w, https:\/\/galerie-ancienne-poste.com\/wp-content\/uploads\/2025\/07\/jin-eui-kim-galerie-de-l-ancienne-poste-7.jpg 1514w\" sizes=\"auto, (max-width: 1024px) 100vw, 1024px\" data-mwl-img-id=\"721\" \/><\/a><\/div><\/div><\/div><div class=\"kt-blocks-post-grid-item-inner\"><header><h2 class=\"entry-title\"><a href=\"https:\/\/galerie-ancienne-poste.com\/fr\/exposition\/jin-eui-kim\/\">Jin Eui Kim<\/a><\/h2><div class=\"kt-blocks-post-top-meta\"><\/div><\/header><div class=\"entry-content\">5 novembre 2022 \u2013 5 janvier 2023<\/div><footer class=\"kt-blocks-post-footer\"><div class=\"kt-blocks-post-footer-left\"><\/div><div class=\"kt-blocks-post-footer-right\"><\/div><\/footer><\/div><\/div><\/article><article class=\"kt-blocks-post-grid-item post-4099 exposition type-exposition status-publish has-post-thumbnail hentry tag-passees artiste_-barbro-aberg\"><div class=\"kt-blocks-post-grid-item-inner-wrap kt-feat-image-align-top kt-feat-image-mobile-align-top\"><div class=\"kadence-post-image\"><div class=\"kadence-post-image-intrisic kt-image-ratio-100\" style=\"padding-bottom:100%;\"><div class=\"kadence-post-image-inner-intrisic\"><a aria-hidden=\"true\" tabindex=\"-1\" role=\"presentation\" href=\"https:\/\/galerie-ancienne-poste.com\/fr\/exposition\/barbro-aberg-2\/\" aria-label=\"Barbro \u00c5berg\" class=\"kadence-post-image-inner-wrap\"><img loading=\"lazy\" decoding=\"async\" width=\"1024\" height=\"698\" src=\"https:\/\/galerie-ancienne-poste.com\/wp-content\/uploads\/2025\/07\/barbro-aberg-more-secrets-1024x698.jpg\" class=\"attachment-large size-large wp-image-3938 wp-post-image\" alt=\"Barbro Aberg - danish ceramic - Barbro Aberg works - Barbro Aberg gallery\" srcset=\"https:\/\/galerie-ancienne-poste.com\/wp-content\/uploads\/2025\/07\/barbro-aberg-more-secrets-1024x698.jpg 1024w, https:\/\/galerie-ancienne-poste.com\/wp-content\/uploads\/2025\/07\/barbro-aberg-more-secrets-300x205.jpg 300w, https:\/\/galerie-ancienne-poste.com\/wp-content\/uploads\/2025\/07\/barbro-aberg-more-secrets-768x524.jpg 768w, https:\/\/galerie-ancienne-poste.com\/wp-content\/uploads\/2025\/07\/barbro-aberg-more-secrets-1536x1047.jpg 1536w, https:\/\/galerie-ancienne-poste.com\/wp-content\/uploads\/2025\/07\/barbro-aberg-more-secrets-2048x1396.jpg 2048w, https:\/\/galerie-ancienne-poste.com\/wp-content\/uploads\/2025\/07\/barbro-aberg-more-secrets-18x12.jpg 18w, https:\/\/galerie-ancienne-poste.com\/wp-content\/uploads\/2025\/07\/barbro-aberg-more-secrets-600x409.jpg 600w\" sizes=\"auto, (max-width: 1024px) 100vw, 1024px\" data-mwl-img-id=\"3938\" \/><\/a><\/div><\/div><\/div><div class=\"kt-blocks-post-grid-item-inner\"><header><h2 class=\"entry-title\"><a href=\"https:\/\/galerie-ancienne-poste.com\/fr\/exposition\/barbro-aberg-2\/\">Barbro \u00c5berg<\/a><\/h2><div class=\"kt-blocks-post-top-meta\"><\/div><\/header><div class=\"entry-content\">10 septembre &#8211; 3 novembre 2022<\/div><footer class=\"kt-blocks-post-footer\"><div class=\"kt-blocks-post-footer-left\"><\/div><div class=\"kt-blocks-post-footer-right\"><\/div><\/footer><\/div><\/div><\/article><article class=\"kt-blocks-post-grid-item post-4112 exposition type-exposition status-publish has-post-thumbnail hentry tag-passees artiste_-ahryun-lee\"><div class=\"kt-blocks-post-grid-item-inner-wrap kt-feat-image-align-top kt-feat-image-mobile-align-top\"><div class=\"kadence-post-image\"><div class=\"kadence-post-image-intrisic kt-image-ratio-100\" style=\"padding-bottom:100%;\"><div class=\"kadence-post-image-inner-intrisic\"><a aria-hidden=\"true\" tabindex=\"-1\" role=\"presentation\" href=\"https:\/\/galerie-ancienne-poste.com\/fr\/exposition\/ahryun-lee\/\" aria-label=\"Ahryun LEE\" class=\"kadence-post-image-inner-wrap\"><img loading=\"lazy\" decoding=\"async\" width=\"1024\" height=\"904\" src=\"https:\/\/galerie-ancienne-poste.com\/wp-content\/uploads\/2025\/07\/ahryun-Lee-sculpture-ceramique-1024x904.jpg\" class=\"attachment-large size-large wp-image-692 wp-post-image\" alt=\"Ahryun Lee - expo c\u00e9ramique - exposition Galerie Ancienne Poste - exposition c\u00e9ramique contemporaine\" srcset=\"https:\/\/galerie-ancienne-poste.com\/wp-content\/uploads\/2025\/07\/ahryun-Lee-sculpture-ceramique-1024x904.jpg 1024w, https:\/\/galerie-ancienne-poste.com\/wp-content\/uploads\/2025\/07\/ahryun-Lee-sculpture-ceramique-300x265.jpg 300w, https:\/\/galerie-ancienne-poste.com\/wp-content\/uploads\/2025\/07\/ahryun-Lee-sculpture-ceramique-768x678.jpg 768w, https:\/\/galerie-ancienne-poste.com\/wp-content\/uploads\/2025\/07\/ahryun-Lee-sculpture-ceramique-1536x1355.jpg 1536w, https:\/\/galerie-ancienne-poste.com\/wp-content\/uploads\/2025\/07\/ahryun-Lee-sculpture-ceramique-14x12.jpg 14w, https:\/\/galerie-ancienne-poste.com\/wp-content\/uploads\/2025\/07\/ahryun-Lee-sculpture-ceramique.jpg 1700w\" sizes=\"auto, (max-width: 1024px) 100vw, 1024px\" data-mwl-img-id=\"692\" \/><\/a><\/div><\/div><\/div><div class=\"kt-blocks-post-grid-item-inner\"><header><h2 class=\"entry-title\"><a href=\"https:\/\/galerie-ancienne-poste.com\/fr\/exposition\/ahryun-lee\/\">Ahryun LEE<\/a><\/h2><div class=\"kt-blocks-post-top-meta\"><\/div><\/header><div class=\"entry-content\">2 juillet &#8211; 8 septembre 2022<\/div><footer class=\"kt-blocks-post-footer\"><div class=\"kt-blocks-post-footer-left\"><\/div><div class=\"kt-blocks-post-footer-right\"><\/div><\/footer><\/div><\/div><\/article><article class=\"kt-blocks-post-grid-item post-2629 exposition type-exposition status-publish has-post-thumbnail hentry tag-passees artiste_-thomas-bohle\"><div class=\"kt-blocks-post-grid-item-inner-wrap kt-feat-image-align-top kt-feat-image-mobile-align-top\"><div class=\"kadence-post-image\"><div class=\"kadence-post-image-intrisic kt-image-ratio-100\" style=\"padding-bottom:100%;\"><div class=\"kadence-post-image-inner-intrisic\"><a aria-hidden=\"true\" tabindex=\"-1\" role=\"presentation\" href=\"https:\/\/galerie-ancienne-poste.com\/fr\/exposition\/thomas-bohle-exposition-2022\/\" aria-label=\"Thomas Bohle &#8211; exposition 2022\" class=\"kadence-post-image-inner-wrap\"><img loading=\"lazy\" decoding=\"async\" width=\"1024\" height=\"994\" src=\"https:\/\/galerie-ancienne-poste.com\/wp-content\/uploads\/2025\/07\/thomas-bohle-expo-2022-1024x994.jpg\" class=\"attachment-large size-large wp-image-3316 wp-post-image\" alt=\"exposition Thomas Bohle - Galerie de l&#039;Ancienne Poste\" srcset=\"https:\/\/galerie-ancienne-poste.com\/wp-content\/uploads\/2025\/07\/thomas-bohle-expo-2022-1024x994.jpg 1024w, https:\/\/galerie-ancienne-poste.com\/wp-content\/uploads\/2025\/07\/thomas-bohle-expo-2022-300x291.jpg 300w, https:\/\/galerie-ancienne-poste.com\/wp-content\/uploads\/2025\/07\/thomas-bohle-expo-2022-768x745.jpg 768w, https:\/\/galerie-ancienne-poste.com\/wp-content\/uploads\/2025\/07\/thomas-bohle-expo-2022-1536x1490.jpg 1536w, https:\/\/galerie-ancienne-poste.com\/wp-content\/uploads\/2025\/07\/thomas-bohle-expo-2022-12x12.jpg 12w, https:\/\/galerie-ancienne-poste.com\/wp-content\/uploads\/2025\/07\/thomas-bohle-expo-2022-600x582.jpg 600w, https:\/\/galerie-ancienne-poste.com\/wp-content\/uploads\/2025\/07\/thomas-bohle-expo-2022.jpg 1546w\" sizes=\"auto, (max-width: 1024px) 100vw, 1024px\" data-mwl-img-id=\"3316\" \/><\/a><\/div><\/div><\/div><div class=\"kt-blocks-post-grid-item-inner\"><header><h2 class=\"entry-title\"><a href=\"https:\/\/galerie-ancienne-poste.com\/fr\/exposition\/thomas-bohle-exposition-2022\/\">Thomas Bohle &#8211; exposition 2022<\/a><\/h2><div class=\"kt-blocks-post-top-meta\"><\/div><\/header><div class=\"entry-content\">2 avril -19 mai 2022<\/div><footer class=\"kt-blocks-post-footer\"><div class=\"kt-blocks-post-footer-left\"><\/div><div class=\"kt-blocks-post-footer-right\"><\/div><\/footer><\/div><\/div><\/article><article class=\"kt-blocks-post-grid-item post-4082 exposition type-exposition status-publish has-post-thumbnail hentry tag-passees artiste_-palma-babos\"><div class=\"kt-blocks-post-grid-item-inner-wrap kt-feat-image-align-top kt-feat-image-mobile-align-top\"><div class=\"kadence-post-image\"><div class=\"kadence-post-image-intrisic kt-image-ratio-100\" style=\"padding-bottom:100%;\"><div class=\"kadence-post-image-inner-intrisic\"><a aria-hidden=\"true\" tabindex=\"-1\" role=\"presentation\" href=\"https:\/\/galerie-ancienne-poste.com\/fr\/exposition\/palma-babos\/\" aria-label=\"P\u00e1lma Babos\" class=\"kadence-post-image-inner-wrap\"><img loading=\"lazy\" decoding=\"async\" width=\"1024\" height=\"1024\" src=\"https:\/\/galerie-ancienne-poste.com\/wp-content\/uploads\/2025\/07\/palma-babos-contemporary-ceramic-sculpture-1024x1024.jpg\" class=\"attachment-large size-large wp-image-379 wp-post-image\" alt=\"P\u00e1lma Babos - exposition Palma Babos - sculpture c\u00e9ramique en porcelaine - c\u00e9ramique hongroise contemporaine\" srcset=\"https:\/\/galerie-ancienne-poste.com\/wp-content\/uploads\/2025\/07\/palma-babos-contemporary-ceramic-sculpture-1024x1024.jpg 1024w, https:\/\/galerie-ancienne-poste.com\/wp-content\/uploads\/2025\/07\/palma-babos-contemporary-ceramic-sculpture-300x300.jpg 300w, https:\/\/galerie-ancienne-poste.com\/wp-content\/uploads\/2025\/07\/palma-babos-contemporary-ceramic-sculpture-150x150.jpg 150w, https:\/\/galerie-ancienne-poste.com\/wp-content\/uploads\/2025\/07\/palma-babos-contemporary-ceramic-sculpture-768x768.jpg 768w, https:\/\/galerie-ancienne-poste.com\/wp-content\/uploads\/2025\/07\/palma-babos-contemporary-ceramic-sculpture-1536x1536.jpg 1536w, https:\/\/galerie-ancienne-poste.com\/wp-content\/uploads\/2025\/07\/palma-babos-contemporary-ceramic-sculpture-12x12.jpg 12w, https:\/\/galerie-ancienne-poste.com\/wp-content\/uploads\/2025\/07\/palma-babos-contemporary-ceramic-sculpture.jpg 1700w\" sizes=\"auto, (max-width: 1024px) 100vw, 1024px\" data-mwl-img-id=\"379\" \/><\/a><\/div><\/div><\/div><div class=\"kt-blocks-post-grid-item-inner\"><header><h2 class=\"entry-title\"><a href=\"https:\/\/galerie-ancienne-poste.com\/fr\/exposition\/palma-babos\/\">P\u00e1lma Babos<\/a><\/h2><div class=\"kt-blocks-post-top-meta\"><\/div><\/header><div class=\"entry-content\">21 mai \u2013 30 juin 2022<\/div><footer class=\"kt-blocks-post-footer\"><div class=\"kt-blocks-post-footer-left\"><\/div><div class=\"kt-blocks-post-footer-right\"><\/div><\/footer><\/div><\/div><\/article><article class=\"kt-blocks-post-grid-item post-2900 exposition type-exposition status-publish has-post-thumbnail hentry tag-passees artiste_-ursula-morley-price\"><div class=\"kt-blocks-post-grid-item-inner-wrap kt-feat-image-align-top kt-feat-image-mobile-align-top\"><div class=\"kadence-post-image\"><div class=\"kadence-post-image-intrisic kt-image-ratio-100\" style=\"padding-bottom:100%;\"><div class=\"kadence-post-image-inner-intrisic\"><a aria-hidden=\"true\" tabindex=\"-1\" role=\"presentation\" href=\"https:\/\/galerie-ancienne-poste.com\/fr\/exposition\/ursula-morley-price-dhier-et-daujourdhui\/\" aria-label=\"Ursula Morley-Price &#8211; d&rsquo;hier et d&rsquo;aujourdhui\" class=\"kadence-post-image-inner-wrap\"><img loading=\"lazy\" decoding=\"async\" width=\"997\" height=\"1024\" src=\"https:\/\/galerie-ancienne-poste.com\/wp-content\/uploads\/2025\/07\/ursula-morley-price-expo-2021-997x1024.jpg\" class=\"attachment-large size-large wp-image-3306 wp-post-image\" alt=\"Ursula Morley-Price - British ceramic art - British ceramic artist - British contemporary sculpture\" srcset=\"https:\/\/galerie-ancienne-poste.com\/wp-content\/uploads\/2025\/07\/ursula-morley-price-expo-2021-997x1024.jpg 997w, https:\/\/galerie-ancienne-poste.com\/wp-content\/uploads\/2025\/07\/ursula-morley-price-expo-2021-292x300.jpg 292w, https:\/\/galerie-ancienne-poste.com\/wp-content\/uploads\/2025\/07\/ursula-morley-price-expo-2021-768x788.jpg 768w, https:\/\/galerie-ancienne-poste.com\/wp-content\/uploads\/2025\/07\/ursula-morley-price-expo-2021-1496x1536.jpg 1496w, https:\/\/galerie-ancienne-poste.com\/wp-content\/uploads\/2025\/07\/ursula-morley-price-expo-2021-12x12.jpg 12w, https:\/\/galerie-ancienne-poste.com\/wp-content\/uploads\/2025\/07\/ursula-morley-price-expo-2021-600x616.jpg 600w, https:\/\/galerie-ancienne-poste.com\/wp-content\/uploads\/2025\/07\/ursula-morley-price-expo-2021.jpg 1500w\" sizes=\"auto, (max-width: 997px) 100vw, 997px\" data-mwl-img-id=\"3306\" \/><\/a><\/div><\/div><\/div><div class=\"kt-blocks-post-grid-item-inner\"><header><h2 class=\"entry-title\"><a href=\"https:\/\/galerie-ancienne-poste.com\/fr\/exposition\/ursula-morley-price-dhier-et-daujourdhui\/\">Ursula Morley-Price &#8211; d&rsquo;hier et d&rsquo;aujourdhui<\/a><\/h2><div class=\"kt-blocks-post-top-meta\"><\/div><\/header><div class=\"entry-content\">6 novembre 2021 &#8211; 6 janvier 2022<\/div><footer class=\"kt-blocks-post-footer\"><div class=\"kt-blocks-post-footer-left\"><\/div><div class=\"kt-blocks-post-footer-right\"><\/div><\/footer><\/div><\/div><\/article><article class=\"kt-blocks-post-grid-item post-2950 exposition type-exposition status-publish has-post-thumbnail hentry tag-passees artiste_-ann-van-hoey\"><div class=\"kt-blocks-post-grid-item-inner-wrap kt-feat-image-align-top kt-feat-image-mobile-align-top\"><div class=\"kadence-post-image\"><div class=\"kadence-post-image-intrisic kt-image-ratio-100\" style=\"padding-bottom:100%;\"><div class=\"kadence-post-image-inner-intrisic\"><a aria-hidden=\"true\" tabindex=\"-1\" role=\"presentation\" href=\"https:\/\/galerie-ancienne-poste.com\/fr\/exposition\/ann-van-hoey-2\/\" aria-label=\"Ann Van Hoey\" class=\"kadence-post-image-inner-wrap\"><img loading=\"lazy\" decoding=\"async\" width=\"1010\" height=\"1024\" src=\"https:\/\/galerie-ancienne-poste.com\/wp-content\/uploads\/2025\/07\/Ann-van-hoey-expo-2021-1010x1024.jpg\" class=\"attachment-large size-large wp-image-3374 wp-post-image\" alt=\"Ann Van Hoey\" srcset=\"https:\/\/galerie-ancienne-poste.com\/wp-content\/uploads\/2025\/07\/Ann-van-hoey-expo-2021-1010x1024.jpg 1010w, https:\/\/galerie-ancienne-poste.com\/wp-content\/uploads\/2025\/07\/Ann-van-hoey-expo-2021-296x300.jpg 296w, https:\/\/galerie-ancienne-poste.com\/wp-content\/uploads\/2025\/07\/Ann-van-hoey-expo-2021-768x779.jpg 768w, https:\/\/galerie-ancienne-poste.com\/wp-content\/uploads\/2025\/07\/Ann-van-hoey-expo-2021-12x12.jpg 12w, https:\/\/galerie-ancienne-poste.com\/wp-content\/uploads\/2025\/07\/Ann-van-hoey-expo-2021-600x609.jpg 600w, https:\/\/galerie-ancienne-poste.com\/wp-content\/uploads\/2025\/07\/Ann-van-hoey-expo-2021-100x100.jpg 100w, https:\/\/galerie-ancienne-poste.com\/wp-content\/uploads\/2025\/07\/Ann-van-hoey-expo-2021.jpg 1479w\" sizes=\"auto, (max-width: 1010px) 100vw, 1010px\" data-mwl-img-id=\"3374\" \/><\/a><\/div><\/div><\/div><div class=\"kt-blocks-post-grid-item-inner\"><header><h2 class=\"entry-title\"><a href=\"https:\/\/galerie-ancienne-poste.com\/fr\/exposition\/ann-van-hoey-2\/\">Ann Van Hoey<\/a><\/h2><div class=\"kt-blocks-post-top-meta\"><\/div><\/header><div class=\"entry-content\">4 septembre &#8211; 4 novembre 2021<\/div><footer class=\"kt-blocks-post-footer\"><div class=\"kt-blocks-post-footer-left\"><\/div><div class=\"kt-blocks-post-footer-right\"><\/div><\/footer><\/div><\/div><\/article><article class=\"kt-blocks-post-grid-item post-4575 exposition type-exposition status-publish has-post-thumbnail hentry tag-passees artiste_-oceane-madelaine\"><div class=\"kt-blocks-post-grid-item-inner-wrap kt-feat-image-align-top kt-feat-image-mobile-align-top\"><div class=\"kadence-post-image\"><div class=\"kadence-post-image-intrisic kt-image-ratio-100\" style=\"padding-bottom:100%;\"><div class=\"kadence-post-image-inner-intrisic\"><a aria-hidden=\"true\" tabindex=\"-1\" role=\"presentation\" href=\"https:\/\/galerie-ancienne-poste.com\/fr\/exposition\/oceane-madelaine\/\" aria-label=\"Oc\u00e9ane Madelaine\" class=\"kadence-post-image-inner-wrap\"><img loading=\"lazy\" decoding=\"async\" width=\"729\" height=\"600\" src=\"https:\/\/galerie-ancienne-poste.com\/wp-content\/uploads\/2025\/07\/oceane-madelaine-poterie-2021.jpg\" class=\"attachment-large size-large wp-image-778 wp-post-image\" alt=\"Oc\u00e9ane Madelaine\" srcset=\"https:\/\/galerie-ancienne-poste.com\/wp-content\/uploads\/2025\/07\/oceane-madelaine-poterie-2021.jpg 729w, https:\/\/galerie-ancienne-poste.com\/wp-content\/uploads\/2025\/07\/oceane-madelaine-poterie-2021-300x247.jpg 300w, https:\/\/galerie-ancienne-poste.com\/wp-content\/uploads\/2025\/07\/oceane-madelaine-poterie-2021-15x12.jpg 15w\" sizes=\"auto, (max-width: 729px) 100vw, 729px\" data-mwl-img-id=\"778\" \/><\/a><\/div><\/div><\/div><div class=\"kt-blocks-post-grid-item-inner\"><header><h2 class=\"entry-title\"><a href=\"https:\/\/galerie-ancienne-poste.com\/fr\/exposition\/oceane-madelaine\/\">Oc\u00e9ane Madelaine<\/a><\/h2><div class=\"kt-blocks-post-top-meta\"><\/div><\/header><div class=\"entry-content\">3 juillet \u2013 2 septembre 2021<\/div><footer class=\"kt-blocks-post-footer\"><div class=\"kt-blocks-post-footer-left\"><\/div><div class=\"kt-blocks-post-footer-right\"><\/div><\/footer><\/div><\/div><\/article><article class=\"kt-blocks-post-grid-item post-2936 exposition type-exposition status-publish has-post-thumbnail hentry tag-passees artiste_-sara-flynn\"><div class=\"kt-blocks-post-grid-item-inner-wrap kt-feat-image-align-top kt-feat-image-mobile-align-top\"><div class=\"kadence-post-image\"><div class=\"kadence-post-image-intrisic kt-image-ratio-100\" style=\"padding-bottom:100%;\"><div class=\"kadence-post-image-inner-intrisic\"><a aria-hidden=\"true\" tabindex=\"-1\" role=\"presentation\" href=\"https:\/\/galerie-ancienne-poste.com\/fr\/exposition\/sara-flynn\/\" aria-label=\"Sara Flynn\" class=\"kadence-post-image-inner-wrap\"><img loading=\"lazy\" decoding=\"async\" width=\"1024\" height=\"916\" src=\"https:\/\/galerie-ancienne-poste.com\/wp-content\/uploads\/2025\/07\/sara-flynn-exhibition-1024x916.jpg\" class=\"attachment-large size-large wp-image-756 wp-post-image\" alt=\"Sara Flynn\" srcset=\"https:\/\/galerie-ancienne-poste.com\/wp-content\/uploads\/2025\/07\/sara-flynn-exhibition-1024x916.jpg 1024w, https:\/\/galerie-ancienne-poste.com\/wp-content\/uploads\/2025\/07\/sara-flynn-exhibition-300x268.jpg 300w, https:\/\/galerie-ancienne-poste.com\/wp-content\/uploads\/2025\/07\/sara-flynn-exhibition-768x687.jpg 768w, https:\/\/galerie-ancienne-poste.com\/wp-content\/uploads\/2025\/07\/sara-flynn-exhibition-1536x1375.jpg 1536w, https:\/\/galerie-ancienne-poste.com\/wp-content\/uploads\/2025\/07\/sara-flynn-exhibition-13x12.jpg 13w, https:\/\/galerie-ancienne-poste.com\/wp-content\/uploads\/2025\/07\/sara-flynn-exhibition.jpg 1665w\" sizes=\"auto, (max-width: 1024px) 100vw, 1024px\" data-mwl-img-id=\"756\" \/><\/a><\/div><\/div><\/div><div class=\"kt-blocks-post-grid-item-inner\"><header><h2 class=\"entry-title\"><a href=\"https:\/\/galerie-ancienne-poste.com\/fr\/exposition\/sara-flynn\/\">Sara Flynn<\/a><\/h2><div class=\"kt-blocks-post-top-meta\"><\/div><\/header><div class=\"entry-content\">15 mai &#8211; 30 juin 2021<\/div><footer class=\"kt-blocks-post-footer\"><div class=\"kt-blocks-post-footer-left\"><\/div><div class=\"kt-blocks-post-footer-right\"><\/div><\/footer><\/div><\/div><\/article><article class=\"kt-blocks-post-grid-item post-2864 exposition type-exposition status-publish has-post-thumbnail hentry tag-passees artiste_-camille-virot\"><div class=\"kt-blocks-post-grid-item-inner-wrap kt-feat-image-align-top kt-feat-image-mobile-align-top\"><div class=\"kadence-post-image\"><div class=\"kadence-post-image-intrisic kt-image-ratio-100\" style=\"padding-bottom:100%;\"><div class=\"kadence-post-image-inner-intrisic\"><a aria-hidden=\"true\" tabindex=\"-1\" role=\"presentation\" href=\"https:\/\/galerie-ancienne-poste.com\/fr\/exposition\/camille-virot-exposition-2021\/\" aria-label=\"Camille Virot &#8211; exposition 2021\" class=\"kadence-post-image-inner-wrap\"><img loading=\"lazy\" decoding=\"async\" width=\"1024\" height=\"683\" src=\"https:\/\/galerie-ancienne-poste.com\/wp-content\/uploads\/2025\/07\/camille-virot-bol-genese-raku-1024x683.jpg\" class=\"attachment-large size-large wp-image-727 wp-post-image\" alt=\"Camille Virot - vente Camille Virot - ench\u00e8res CamilleVirot - collection Camille Virot - Camille Virot collection c\u00e9ramique\" srcset=\"https:\/\/galerie-ancienne-poste.com\/wp-content\/uploads\/2025\/07\/camille-virot-bol-genese-raku-1024x683.jpg 1024w, https:\/\/galerie-ancienne-poste.com\/wp-content\/uploads\/2025\/07\/camille-virot-bol-genese-raku-300x200.jpg 300w, https:\/\/galerie-ancienne-poste.com\/wp-content\/uploads\/2025\/07\/camille-virot-bol-genese-raku-768x512.jpg 768w, https:\/\/galerie-ancienne-poste.com\/wp-content\/uploads\/2025\/07\/camille-virot-bol-genese-raku-1536x1024.jpg 1536w, https:\/\/galerie-ancienne-poste.com\/wp-content\/uploads\/2025\/07\/camille-virot-bol-genese-raku-2048x1365.jpg 2048w, https:\/\/galerie-ancienne-poste.com\/wp-content\/uploads\/2025\/07\/camille-virot-bol-genese-raku-18x12.jpg 18w\" sizes=\"auto, (max-width: 1024px) 100vw, 1024px\" data-mwl-img-id=\"727\" \/><\/a><\/div><\/div><\/div><div class=\"kt-blocks-post-grid-item-inner\"><header><h2 class=\"entry-title\"><a href=\"https:\/\/galerie-ancienne-poste.com\/fr\/exposition\/camille-virot-exposition-2021\/\">Camille Virot &#8211; exposition 2021<\/a><\/h2><div class=\"kt-blocks-post-top-meta\"><\/div><\/header><div class=\"entry-content\">27 mars \u2013 14 mai 2021<\/div><footer class=\"kt-blocks-post-footer\"><div class=\"kt-blocks-post-footer-left\"><\/div><div class=\"kt-blocks-post-footer-right\"><\/div><\/footer><\/div><\/div><\/article><article class=\"kt-blocks-post-grid-item post-2826 exposition type-exposition status-publish has-post-thumbnail hentry tag-passees artiste_-alistair-danhieux\"><div class=\"kt-blocks-post-grid-item-inner-wrap kt-feat-image-align-top kt-feat-image-mobile-align-top\"><div class=\"kadence-post-image\"><div class=\"kadence-post-image-intrisic kt-image-ratio-100\" style=\"padding-bottom:100%;\"><div class=\"kadence-post-image-inner-intrisic\"><a aria-hidden=\"true\" tabindex=\"-1\" role=\"presentation\" href=\"https:\/\/galerie-ancienne-poste.com\/fr\/exposition\/alistair-danhieux-thomas-bohle\/\" aria-label=\"Alistair Danhieux &#8211; Thomas Bohle\" class=\"kadence-post-image-inner-wrap\"><img loading=\"lazy\" decoding=\"async\" width=\"1024\" height=\"987\" src=\"https:\/\/galerie-ancienne-poste.com\/wp-content\/uploads\/2025\/07\/thomas-bohle-mushroom-form-1024x987.jpg\" class=\"attachment-large size-large wp-image-2979 wp-post-image\" alt=\"Thomas Bohle\" srcset=\"https:\/\/galerie-ancienne-poste.com\/wp-content\/uploads\/2025\/07\/thomas-bohle-mushroom-form-1024x987.jpg 1024w, https:\/\/galerie-ancienne-poste.com\/wp-content\/uploads\/2025\/07\/thomas-bohle-mushroom-form-300x289.jpg 300w, https:\/\/galerie-ancienne-poste.com\/wp-content\/uploads\/2025\/07\/thomas-bohle-mushroom-form-768x740.jpg 768w, https:\/\/galerie-ancienne-poste.com\/wp-content\/uploads\/2025\/07\/thomas-bohle-mushroom-form-1536x1481.jpg 1536w, https:\/\/galerie-ancienne-poste.com\/wp-content\/uploads\/2025\/07\/thomas-bohle-mushroom-form-12x12.jpg 12w, https:\/\/galerie-ancienne-poste.com\/wp-content\/uploads\/2025\/07\/thomas-bohle-mushroom-form-600x578.jpg 600w, https:\/\/galerie-ancienne-poste.com\/wp-content\/uploads\/2025\/07\/thomas-bohle-mushroom-form.jpg 1556w\" sizes=\"auto, (max-width: 1024px) 100vw, 1024px\" data-mwl-img-id=\"2979\" \/><\/a><\/div><\/div><\/div><div class=\"kt-blocks-post-grid-item-inner\"><header><h2 class=\"entry-title\"><a href=\"https:\/\/galerie-ancienne-poste.com\/fr\/exposition\/alistair-danhieux-thomas-bohle\/\">Alistair Danhieux &#8211; Thomas Bohle<\/a><\/h2><div class=\"kt-blocks-post-top-meta\"><\/div><\/header><div class=\"entry-content\">20 f\u00e9vrier &#8211; 25 mars 2021<\/div><footer class=\"kt-blocks-post-footer\"><div class=\"kt-blocks-post-footer-left\"><\/div><div class=\"kt-blocks-post-footer-right\"><\/div><\/footer><\/div><\/div><\/article><article class=\"kt-blocks-post-grid-item post-4244 exposition type-exposition status-publish has-post-thumbnail hentry tag-passees artiste_-laurent-petit\"><div class=\"kt-blocks-post-grid-item-inner-wrap kt-feat-image-align-top kt-feat-image-mobile-align-top\"><div class=\"kadence-post-image\"><div class=\"kadence-post-image-intrisic kt-image-ratio-100\" style=\"padding-bottom:100%;\"><div class=\"kadence-post-image-inner-intrisic\"><a aria-hidden=\"true\" tabindex=\"-1\" role=\"presentation\" href=\"https:\/\/galerie-ancienne-poste.com\/fr\/exposition\/laurent-petit-2020\/\" aria-label=\"Laurent petit -2020\" class=\"kadence-post-image-inner-wrap\"><img loading=\"lazy\" decoding=\"async\" width=\"1020\" height=\"1024\" src=\"https:\/\/galerie-ancienne-poste.com\/wp-content\/uploads\/2025\/07\/expo-laurent-petit-1020x1024.jpg\" class=\"attachment-large size-large wp-image-838 wp-post-image\" alt=\"Laurent Petit exposition c\u00e9ramique en France - galerie de c\u00e9ramique contemporaine en France\" srcset=\"https:\/\/galerie-ancienne-poste.com\/wp-content\/uploads\/2025\/07\/expo-laurent-petit-1020x1024.jpg 1020w, https:\/\/galerie-ancienne-poste.com\/wp-content\/uploads\/2025\/07\/expo-laurent-petit-300x300.jpg 300w, https:\/\/galerie-ancienne-poste.com\/wp-content\/uploads\/2025\/07\/expo-laurent-petit-150x150.jpg 150w, https:\/\/galerie-ancienne-poste.com\/wp-content\/uploads\/2025\/07\/expo-laurent-petit-768x771.jpg 768w, https:\/\/galerie-ancienne-poste.com\/wp-content\/uploads\/2025\/07\/expo-laurent-petit-12x12.jpg 12w, https:\/\/galerie-ancienne-poste.com\/wp-content\/uploads\/2025\/07\/expo-laurent-petit.jpg 1494w\" sizes=\"auto, (max-width: 1020px) 100vw, 1020px\" data-mwl-img-id=\"838\" \/><\/a><\/div><\/div><\/div><div class=\"kt-blocks-post-grid-item-inner\"><header><h2 class=\"entry-title\"><a href=\"https:\/\/galerie-ancienne-poste.com\/fr\/exposition\/laurent-petit-2020\/\">Laurent petit -2020<\/a><\/h2><div class=\"kt-blocks-post-top-meta\"><\/div><\/header><div class=\"entry-content\">5 septembre \u2013  5 novembre 2020<\/div><footer class=\"kt-blocks-post-footer\"><div class=\"kt-blocks-post-footer-left\"><\/div><div class=\"kt-blocks-post-footer-right\"><\/div><\/footer><\/div><\/div><\/article><article class=\"kt-blocks-post-grid-item post-4240 exposition type-exposition status-publish has-post-thumbnail hentry tag-passees artiste_-claire-lindner\"><div class=\"kt-blocks-post-grid-item-inner-wrap kt-feat-image-align-top kt-feat-image-mobile-align-top\"><div class=\"kadence-post-image\"><div class=\"kadence-post-image-intrisic kt-image-ratio-100\" style=\"padding-bottom:100%;\"><div class=\"kadence-post-image-inner-intrisic\"><a aria-hidden=\"true\" tabindex=\"-1\" role=\"presentation\" href=\"https:\/\/galerie-ancienne-poste.com\/fr\/exposition\/ensemble-together\/\" aria-label=\"Ensemble &#8211; together\" class=\"kadence-post-image-inner-wrap\"><img loading=\"lazy\" decoding=\"async\" width=\"1024\" height=\"894\" src=\"https:\/\/galerie-ancienne-poste.com\/wp-content\/uploads\/2025\/07\/ursula-morley-price-ensemble-1-1024x894.jpg\" class=\"attachment-large size-large wp-image-4238 wp-post-image\" alt=\"Ursula Morley-Price\" srcset=\"https:\/\/galerie-ancienne-poste.com\/wp-content\/uploads\/2025\/07\/ursula-morley-price-ensemble-1-1024x894.jpg 1024w, https:\/\/galerie-ancienne-poste.com\/wp-content\/uploads\/2025\/07\/ursula-morley-price-ensemble-1-300x262.jpg 300w, https:\/\/galerie-ancienne-poste.com\/wp-content\/uploads\/2025\/07\/ursula-morley-price-ensemble-1-768x671.jpg 768w, https:\/\/galerie-ancienne-poste.com\/wp-content\/uploads\/2025\/07\/ursula-morley-price-ensemble-1-1536x1341.jpg 1536w, https:\/\/galerie-ancienne-poste.com\/wp-content\/uploads\/2025\/07\/ursula-morley-price-ensemble-1-14x12.jpg 14w, https:\/\/galerie-ancienne-poste.com\/wp-content\/uploads\/2025\/07\/ursula-morley-price-ensemble-1-600x524.jpg 600w, https:\/\/galerie-ancienne-poste.com\/wp-content\/uploads\/2025\/07\/ursula-morley-price-ensemble-1.jpg 1718w\" sizes=\"auto, (max-width: 1024px) 100vw, 1024px\" data-mwl-img-id=\"4238\" \/><\/a><\/div><\/div><\/div><div class=\"kt-blocks-post-grid-item-inner\"><header><h2 class=\"entry-title\"><a href=\"https:\/\/galerie-ancienne-poste.com\/fr\/exposition\/ensemble-together\/\">Ensemble &#8211; together<\/a><\/h2><div class=\"kt-blocks-post-top-meta\"><\/div><\/header><div class=\"entry-content\">27 juin \u2013 3 septembre 2020<\/div><footer class=\"kt-blocks-post-footer\"><div class=\"kt-blocks-post-footer-left\"><\/div><div class=\"kt-blocks-post-footer-right\"><\/div><\/footer><\/div><\/div><\/article><article class=\"kt-blocks-post-grid-item post-4223 exposition type-exposition status-publish has-post-thumbnail hentry tag-passees artiste_-yuk-kan-yeung\"><div class=\"kt-blocks-post-grid-item-inner-wrap kt-feat-image-align-top kt-feat-image-mobile-align-top\"><div class=\"kadence-post-image\"><div class=\"kadence-post-image-intrisic kt-image-ratio-100\" style=\"padding-bottom:100%;\"><div class=\"kadence-post-image-inner-intrisic\"><a aria-hidden=\"true\" tabindex=\"-1\" role=\"presentation\" href=\"https:\/\/galerie-ancienne-poste.com\/fr\/exposition\/yuk-kan-yeung\/\" aria-label=\"Yuk Kan Yeung\" class=\"kadence-post-image-inner-wrap\"><img loading=\"lazy\" decoding=\"async\" width=\"1006\" height=\"1024\" src=\"https:\/\/galerie-ancienne-poste.com\/wp-content\/uploads\/2025\/07\/yuk-kan-yeung-ceramics-1006x1024.jpg\" class=\"attachment-large size-large wp-image-959 wp-post-image\" alt=\"Yeung Yuk Kan\" srcset=\"https:\/\/galerie-ancienne-poste.com\/wp-content\/uploads\/2025\/07\/yuk-kan-yeung-ceramics-1006x1024.jpg 1006w, https:\/\/galerie-ancienne-poste.com\/wp-content\/uploads\/2025\/07\/yuk-kan-yeung-ceramics-295x300.jpg 295w, https:\/\/galerie-ancienne-poste.com\/wp-content\/uploads\/2025\/07\/yuk-kan-yeung-ceramics-768x782.jpg 768w, https:\/\/galerie-ancienne-poste.com\/wp-content\/uploads\/2025\/07\/yuk-kan-yeung-ceramics-12x12.jpg 12w, https:\/\/galerie-ancienne-poste.com\/wp-content\/uploads\/2025\/07\/yuk-kan-yeung-ceramics.jpg 1474w\" sizes=\"auto, (max-width: 1006px) 100vw, 1006px\" data-mwl-img-id=\"959\" \/><\/a><\/div><\/div><\/div><div class=\"kt-blocks-post-grid-item-inner\"><header><h2 class=\"entry-title\"><a href=\"https:\/\/galerie-ancienne-poste.com\/fr\/exposition\/yuk-kan-yeung\/\">Yuk Kan Yeung<\/a><\/h2><div class=\"kt-blocks-post-top-meta\"><\/div><\/header><div class=\"entry-content\">9 novembre 2019 &#8211; 9 janvier 2020<\/div><footer class=\"kt-blocks-post-footer\"><div class=\"kt-blocks-post-footer-left\"><\/div><div class=\"kt-blocks-post-footer-right\"><\/div><\/footer><\/div><\/div><\/article><article class=\"kt-blocks-post-grid-item post-2954 exposition type-exposition status-publish has-post-thumbnail hentry tag-passees artiste_-nadia-pasquer\"><div class=\"kt-blocks-post-grid-item-inner-wrap kt-feat-image-align-top kt-feat-image-mobile-align-top\"><div class=\"kadence-post-image\"><div class=\"kadence-post-image-intrisic kt-image-ratio-100\" style=\"padding-bottom:100%;\"><div class=\"kadence-post-image-inner-intrisic\"><a aria-hidden=\"true\" tabindex=\"-1\" role=\"presentation\" href=\"https:\/\/galerie-ancienne-poste.com\/fr\/exposition\/nadia-pasquer\/\" aria-label=\"Nadia Pasquer\" class=\"kadence-post-image-inner-wrap\"><img loading=\"lazy\" decoding=\"async\" width=\"1024\" height=\"935\" src=\"https:\/\/galerie-ancienne-poste.com\/wp-content\/uploads\/2025\/07\/nadia-pasquer-26-1024x935.jpg\" class=\"attachment-large size-large wp-image-947 wp-post-image\" alt=\"Nadia Pasquer - sculpture Nadia Pasquer - c\u00e9ramique contemporaine fran\u00e7aise - galerie de c\u00e9ramique en France\" srcset=\"https:\/\/galerie-ancienne-poste.com\/wp-content\/uploads\/2025\/07\/nadia-pasquer-26-1024x935.jpg 1024w, https:\/\/galerie-ancienne-poste.com\/wp-content\/uploads\/2025\/07\/nadia-pasquer-26-300x274.jpg 300w, https:\/\/galerie-ancienne-poste.com\/wp-content\/uploads\/2025\/07\/nadia-pasquer-26-768x701.jpg 768w, https:\/\/galerie-ancienne-poste.com\/wp-content\/uploads\/2025\/07\/nadia-pasquer-26-1536x1402.jpg 1536w, https:\/\/galerie-ancienne-poste.com\/wp-content\/uploads\/2025\/07\/nadia-pasquer-26-13x12.jpg 13w, https:\/\/galerie-ancienne-poste.com\/wp-content\/uploads\/2025\/07\/nadia-pasquer-26.jpg 1643w\" sizes=\"auto, (max-width: 1024px) 100vw, 1024px\" data-mwl-img-id=\"947\" \/><\/a><\/div><\/div><\/div><div class=\"kt-blocks-post-grid-item-inner\"><header><h2 class=\"entry-title\"><a href=\"https:\/\/galerie-ancienne-poste.com\/fr\/exposition\/nadia-pasquer\/\">Nadia Pasquer<\/a><\/h2><div class=\"kt-blocks-post-top-meta\"><\/div><\/header><div class=\"entry-content\">7 septembre &#8211; 7 novembre 2019<\/div><footer class=\"kt-blocks-post-footer\"><div class=\"kt-blocks-post-footer-left\"><\/div><div class=\"kt-blocks-post-footer-right\"><\/div><\/footer><\/div><\/div><\/article><article class=\"kt-blocks-post-grid-item post-4215 exposition type-exposition status-publish has-post-thumbnail hentry tag-passees artiste_-jussi-ojala\"><div class=\"kt-blocks-post-grid-item-inner-wrap kt-feat-image-align-top kt-feat-image-mobile-align-top\"><div class=\"kadence-post-image\"><div class=\"kadence-post-image-intrisic kt-image-ratio-100\" style=\"padding-bottom:100%;\"><div class=\"kadence-post-image-inner-intrisic\"><a aria-hidden=\"true\" tabindex=\"-1\" role=\"presentation\" href=\"https:\/\/galerie-ancienne-poste.com\/fr\/exposition\/jussi-ojala\/\" aria-label=\"Jussi OJALA\" class=\"kadence-post-image-inner-wrap\"><img loading=\"lazy\" decoding=\"async\" width=\"1024\" height=\"683\" src=\"https:\/\/galerie-ancienne-poste.com\/wp-content\/uploads\/2025\/07\/jussi-ojala-stump-2019-March-20-1024x683.jpg\" class=\"attachment-large size-large wp-image-916 wp-post-image\" alt=\"Jussi Ojala - Jussi Ojala exhibition - Jussi Ojala works - Jussi Ojala stoneware\" srcset=\"https:\/\/galerie-ancienne-poste.com\/wp-content\/uploads\/2025\/07\/jussi-ojala-stump-2019-March-20-1024x683.jpg 1024w, https:\/\/galerie-ancienne-poste.com\/wp-content\/uploads\/2025\/07\/jussi-ojala-stump-2019-March-20-300x200.jpg 300w, https:\/\/galerie-ancienne-poste.com\/wp-content\/uploads\/2025\/07\/jussi-ojala-stump-2019-March-20-768x512.jpg 768w, https:\/\/galerie-ancienne-poste.com\/wp-content\/uploads\/2025\/07\/jussi-ojala-stump-2019-March-20-1536x1024.jpg 1536w, https:\/\/galerie-ancienne-poste.com\/wp-content\/uploads\/2025\/07\/jussi-ojala-stump-2019-March-20-2048x1366.jpg 2048w, https:\/\/galerie-ancienne-poste.com\/wp-content\/uploads\/2025\/07\/jussi-ojala-stump-2019-March-20-18x12.jpg 18w\" sizes=\"auto, (max-width: 1024px) 100vw, 1024px\" data-mwl-img-id=\"916\" \/><\/a><\/div><\/div><\/div><div class=\"kt-blocks-post-grid-item-inner\"><header><h2 class=\"entry-title\"><a href=\"https:\/\/galerie-ancienne-poste.com\/fr\/exposition\/jussi-ojala\/\">Jussi OJALA<\/a><\/h2><div class=\"kt-blocks-post-top-meta\"><\/div><\/header><div class=\"entry-content\">29 juin \u2013  5 septembre 2019\n\n<\/div><footer class=\"kt-blocks-post-footer\"><div class=\"kt-blocks-post-footer-left\"><\/div><div class=\"kt-blocks-post-footer-right\"><\/div><\/footer><\/div><\/div><\/article><article class=\"kt-blocks-post-grid-item post-4213 exposition type-exposition status-publish has-post-thumbnail hentry tag-passees artiste_-mette-maya-gregersen\"><div class=\"kt-blocks-post-grid-item-inner-wrap kt-feat-image-align-top kt-feat-image-mobile-align-top\"><div class=\"kadence-post-image\"><div class=\"kadence-post-image-intrisic kt-image-ratio-100\" style=\"padding-bottom:100%;\"><div class=\"kadence-post-image-inner-intrisic\"><a aria-hidden=\"true\" tabindex=\"-1\" role=\"presentation\" href=\"https:\/\/galerie-ancienne-poste.com\/fr\/exposition\/mette-maya-gregersen\/\" aria-label=\"Mette Maya Gregersen\" class=\"kadence-post-image-inner-wrap\"><img loading=\"lazy\" decoding=\"async\" width=\"1024\" height=\"991\" src=\"https:\/\/galerie-ancienne-poste.com\/wp-content\/uploads\/2025\/07\/Mette-Maya-Gregersen_Holocene-1024x991.jpg\" class=\"attachment-large size-large wp-image-886 wp-post-image\" alt=\"Mette Maya Gregersen\" srcset=\"https:\/\/galerie-ancienne-poste.com\/wp-content\/uploads\/2025\/07\/Mette-Maya-Gregersen_Holocene-1024x991.jpg 1024w, https:\/\/galerie-ancienne-poste.com\/wp-content\/uploads\/2025\/07\/Mette-Maya-Gregersen_Holocene-300x290.jpg 300w, https:\/\/galerie-ancienne-poste.com\/wp-content\/uploads\/2025\/07\/Mette-Maya-Gregersen_Holocene-768x743.jpg 768w, https:\/\/galerie-ancienne-poste.com\/wp-content\/uploads\/2025\/07\/Mette-Maya-Gregersen_Holocene-1536x1486.jpg 1536w, https:\/\/galerie-ancienne-poste.com\/wp-content\/uploads\/2025\/07\/Mette-Maya-Gregersen_Holocene-12x12.jpg 12w, https:\/\/galerie-ancienne-poste.com\/wp-content\/uploads\/2025\/07\/Mette-Maya-Gregersen_Holocene.jpg 1550w\" sizes=\"auto, (max-width: 1024px) 100vw, 1024px\" data-mwl-img-id=\"886\" \/><\/a><\/div><\/div><\/div><div class=\"kt-blocks-post-grid-item-inner\"><header><h2 class=\"entry-title\"><a href=\"https:\/\/galerie-ancienne-poste.com\/fr\/exposition\/mette-maya-gregersen\/\">Mette Maya Gregersen<\/a><\/h2><div class=\"kt-blocks-post-top-meta\"><\/div><\/header><div class=\"entry-content\">18 mai \u2013 \u00a027 juin 2019<\/div><footer class=\"kt-blocks-post-footer\"><div class=\"kt-blocks-post-footer-left\"><\/div><div class=\"kt-blocks-post-footer-right\"><\/div><\/footer><\/div><\/div><\/article><article class=\"kt-blocks-post-grid-item post-4210 exposition type-exposition status-publish has-post-thumbnail hentry tag-passees artiste_-tessa-eastman\"><div class=\"kt-blocks-post-grid-item-inner-wrap kt-feat-image-align-top kt-feat-image-mobile-align-top\"><div class=\"kadence-post-image\"><div class=\"kadence-post-image-intrisic kt-image-ratio-100\" style=\"padding-bottom:100%;\"><div class=\"kadence-post-image-inner-intrisic\"><a aria-hidden=\"true\" tabindex=\"-1\" role=\"presentation\" href=\"https:\/\/galerie-ancienne-poste.com\/fr\/exposition\/tessa-eastman\/\" aria-label=\"Tessa Eastman\" class=\"kadence-post-image-inner-wrap\"><img loading=\"lazy\" decoding=\"async\" width=\"1024\" height=\"752\" src=\"https:\/\/galerie-ancienne-poste.com\/wp-content\/uploads\/2025\/07\/tessa-eastman-ceramics-1024x752.jpg\" class=\"attachment-large size-large wp-image-871 wp-post-image\" alt=\"Tessa Eastman ceramic sculpture - Tessa Eastman exhibition - Tessa Eastman gallery\" srcset=\"https:\/\/galerie-ancienne-poste.com\/wp-content\/uploads\/2025\/07\/tessa-eastman-ceramics-1024x752.jpg 1024w, https:\/\/galerie-ancienne-poste.com\/wp-content\/uploads\/2025\/07\/tessa-eastman-ceramics-300x220.jpg 300w, https:\/\/galerie-ancienne-poste.com\/wp-content\/uploads\/2025\/07\/tessa-eastman-ceramics-768x564.jpg 768w, https:\/\/galerie-ancienne-poste.com\/wp-content\/uploads\/2025\/07\/tessa-eastman-ceramics-1536x1128.jpg 1536w, https:\/\/galerie-ancienne-poste.com\/wp-content\/uploads\/2025\/07\/tessa-eastman-ceramics-16x12.jpg 16w, https:\/\/galerie-ancienne-poste.com\/wp-content\/uploads\/2025\/07\/tessa-eastman-ceramics.jpg 2043w\" sizes=\"auto, (max-width: 1024px) 100vw, 1024px\" data-mwl-img-id=\"871\" \/><\/a><\/div><\/div><\/div><div class=\"kt-blocks-post-grid-item-inner\"><header><h2 class=\"entry-title\"><a href=\"https:\/\/galerie-ancienne-poste.com\/fr\/exposition\/tessa-eastman\/\">Tessa Eastman<\/a><\/h2><div class=\"kt-blocks-post-top-meta\"><\/div><\/header><div class=\"entry-content\">13 avril &#8211; 16 mai 2019<\/div><footer class=\"kt-blocks-post-footer\"><div class=\"kt-blocks-post-footer-left\"><\/div><div class=\"kt-blocks-post-footer-right\"><\/div><\/footer><\/div><\/div><\/article><article class=\"kt-blocks-post-grid-item post-2905 exposition type-exposition status-publish has-post-thumbnail hentry tag-passees artiste_-ann-van-hoey artiste_-ursula-morley-price\"><div class=\"kt-blocks-post-grid-item-inner-wrap kt-feat-image-align-top kt-feat-image-mobile-align-top\"><div class=\"kadence-post-image\"><div class=\"kadence-post-image-intrisic kt-image-ratio-100\" style=\"padding-bottom:100%;\"><div class=\"kadence-post-image-inner-intrisic\"><a aria-hidden=\"true\" tabindex=\"-1\" role=\"presentation\" href=\"https:\/\/galerie-ancienne-poste.com\/fr\/exposition\/ursula-morley-price-ann-van-hoey\/\" aria-label=\"Ursula Morley-Price &#8211; Ann Van Hoey\" class=\"kadence-post-image-inner-wrap\"><img loading=\"lazy\" decoding=\"async\" width=\"1024\" height=\"858\" src=\"https:\/\/galerie-ancienne-poste.com\/wp-content\/uploads\/2025\/07\/Ursula-MORLEY-PRICETall-Brown-Wip-Twist-Form-2015-h.-295-x-19-cm.-Ann-VAN-HOEY-Untitled-2019-h.-17-x-1-22-x-22-cm-1024x858.jpg\" class=\"attachment-large size-large wp-image-861 wp-post-image\" alt=\"Ann Van Hoey - Ursula Morley-Price\" srcset=\"https:\/\/galerie-ancienne-poste.com\/wp-content\/uploads\/2025\/07\/Ursula-MORLEY-PRICETall-Brown-Wip-Twist-Form-2015-h.-295-x-19-cm.-Ann-VAN-HOEY-Untitled-2019-h.-17-x-1-22-x-22-cm-1024x858.jpg 1024w, https:\/\/galerie-ancienne-poste.com\/wp-content\/uploads\/2025\/07\/Ursula-MORLEY-PRICETall-Brown-Wip-Twist-Form-2015-h.-295-x-19-cm.-Ann-VAN-HOEY-Untitled-2019-h.-17-x-1-22-x-22-cm-300x251.jpg 300w, https:\/\/galerie-ancienne-poste.com\/wp-content\/uploads\/2025\/07\/Ursula-MORLEY-PRICETall-Brown-Wip-Twist-Form-2015-h.-295-x-19-cm.-Ann-VAN-HOEY-Untitled-2019-h.-17-x-1-22-x-22-cm-768x643.jpg 768w, https:\/\/galerie-ancienne-poste.com\/wp-content\/uploads\/2025\/07\/Ursula-MORLEY-PRICETall-Brown-Wip-Twist-Form-2015-h.-295-x-19-cm.-Ann-VAN-HOEY-Untitled-2019-h.-17-x-1-22-x-22-cm-1536x1287.jpg 1536w, https:\/\/galerie-ancienne-poste.com\/wp-content\/uploads\/2025\/07\/Ursula-MORLEY-PRICETall-Brown-Wip-Twist-Form-2015-h.-295-x-19-cm.-Ann-VAN-HOEY-Untitled-2019-h.-17-x-1-22-x-22-cm-14x12.jpg 14w, https:\/\/galerie-ancienne-poste.com\/wp-content\/uploads\/2025\/07\/Ursula-MORLEY-PRICETall-Brown-Wip-Twist-Form-2015-h.-295-x-19-cm.-Ann-VAN-HOEY-Untitled-2019-h.-17-x-1-22-x-22-cm.jpg 2002w\" sizes=\"auto, (max-width: 1024px) 100vw, 1024px\" data-mwl-img-id=\"861\" \/><\/a><\/div><\/div><\/div><div class=\"kt-blocks-post-grid-item-inner\"><header><h2 class=\"entry-title\"><a href=\"https:\/\/galerie-ancienne-poste.com\/fr\/exposition\/ursula-morley-price-ann-van-hoey\/\">Ursula Morley-Price &#8211; Ann Van Hoey<\/a><\/h2><div class=\"kt-blocks-post-top-meta\"><\/div><\/header><div class=\"entry-content\">23 f\u00e9vrier &#8211; 11 avril 2019<\/div><footer class=\"kt-blocks-post-footer\"><div class=\"kt-blocks-post-footer-left\"><\/div><div class=\"kt-blocks-post-footer-right\"><\/div><\/footer><\/div><\/div><\/article><article class=\"kt-blocks-post-grid-item post-2615 exposition type-exposition status-publish has-post-thumbnail hentry tag-passees artiste_-thomas-bohle\"><div class=\"kt-blocks-post-grid-item-inner-wrap kt-feat-image-align-top kt-feat-image-mobile-align-top\"><div class=\"kadence-post-image\"><div class=\"kadence-post-image-intrisic kt-image-ratio-100\" style=\"padding-bottom:100%;\"><div class=\"kadence-post-image-inner-intrisic\"><a aria-hidden=\"true\" tabindex=\"-1\" role=\"presentation\" href=\"https:\/\/galerie-ancienne-poste.com\/fr\/exposition\/thomas-bohle\/\" aria-label=\"Thomas Bohle &#8211; exposition 2018\" class=\"kadence-post-image-inner-wrap\"><img loading=\"lazy\" decoding=\"async\" width=\"899\" height=\"1024\" src=\"https:\/\/galerie-ancienne-poste.com\/wp-content\/uploads\/2025\/07\/thomas-bohle-expo-2018-1-899x1024.jpg\" class=\"attachment-large size-large wp-image-3315 wp-post-image\" alt=\"Thomas Bohle - Galerie de l&#039;Ancienne Poste - exposition c\u00e9ramique contemporaine\" srcset=\"https:\/\/galerie-ancienne-poste.com\/wp-content\/uploads\/2025\/07\/thomas-bohle-expo-2018-1-899x1024.jpg 899w, https:\/\/galerie-ancienne-poste.com\/wp-content\/uploads\/2025\/07\/thomas-bohle-expo-2018-1-263x300.jpg 263w, https:\/\/galerie-ancienne-poste.com\/wp-content\/uploads\/2025\/07\/thomas-bohle-expo-2018-1-768x875.jpg 768w, https:\/\/galerie-ancienne-poste.com\/wp-content\/uploads\/2025\/07\/thomas-bohle-expo-2018-1-11x12.jpg 11w, https:\/\/galerie-ancienne-poste.com\/wp-content\/uploads\/2025\/07\/thomas-bohle-expo-2018-1-600x683.jpg 600w, https:\/\/galerie-ancienne-poste.com\/wp-content\/uploads\/2025\/07\/thomas-bohle-expo-2018-1.jpg 1317w\" sizes=\"auto, (max-width: 899px) 100vw, 899px\" data-mwl-img-id=\"3315\" \/><\/a><\/div><\/div><\/div><div class=\"kt-blocks-post-grid-item-inner\"><header><h2 class=\"entry-title\"><a href=\"https:\/\/galerie-ancienne-poste.com\/fr\/exposition\/thomas-bohle\/\">Thomas Bohle &#8211; exposition 2018<\/a><\/h2><div class=\"kt-blocks-post-top-meta\"><\/div><\/header><div class=\"entry-content\">10 novembre 2018 &#8211; 4 janvier 2019<\/div><footer class=\"kt-blocks-post-footer\"><div class=\"kt-blocks-post-footer-left\"><\/div><div class=\"kt-blocks-post-footer-right\"><\/div><\/footer><\/div><\/div><\/article><article class=\"kt-blocks-post-grid-item post-2881 exposition type-exposition status-publish has-post-thumbnail hentry tag-passees artiste_-erna-aaltonen\"><div class=\"kt-blocks-post-grid-item-inner-wrap kt-feat-image-align-top kt-feat-image-mobile-align-top\"><div class=\"kadence-post-image\"><div class=\"kadence-post-image-intrisic kt-image-ratio-100\" style=\"padding-bottom:100%;\"><div class=\"kadence-post-image-inner-intrisic\"><a aria-hidden=\"true\" tabindex=\"-1\" role=\"presentation\" href=\"https:\/\/galerie-ancienne-poste.com\/fr\/exposition\/erna-aaltonen-au-dela-des-spheres\/\" aria-label=\"Erna Aaltonen &#8211; Au-del\u00e0 des sph\u00e8res\" class=\"kadence-post-image-inner-wrap\"><img loading=\"lazy\" decoding=\"async\" width=\"1024\" height=\"646\" src=\"https:\/\/galerie-ancienne-poste.com\/wp-content\/uploads\/2025\/07\/erna-aaltonen-2018-1024x646.jpg\" class=\"attachment-large size-large wp-image-2885 wp-post-image\" alt=\"Erna Aaltonen - exposition Erna Aaltonen - c\u00e9ramique Erna Aaltonen - Galerie Ancienne Poste Toucy\" srcset=\"https:\/\/galerie-ancienne-poste.com\/wp-content\/uploads\/2025\/07\/erna-aaltonen-2018-1024x646.jpg 1024w, https:\/\/galerie-ancienne-poste.com\/wp-content\/uploads\/2025\/07\/erna-aaltonen-2018-300x189.jpg 300w, https:\/\/galerie-ancienne-poste.com\/wp-content\/uploads\/2025\/07\/erna-aaltonen-2018-768x484.jpg 768w, https:\/\/galerie-ancienne-poste.com\/wp-content\/uploads\/2025\/07\/erna-aaltonen-2018-1536x969.jpg 1536w, https:\/\/galerie-ancienne-poste.com\/wp-content\/uploads\/2025\/07\/erna-aaltonen-2018-2048x1292.jpg 2048w, https:\/\/galerie-ancienne-poste.com\/wp-content\/uploads\/2025\/07\/erna-aaltonen-2018-18x12.jpg 18w, https:\/\/galerie-ancienne-poste.com\/wp-content\/uploads\/2025\/07\/erna-aaltonen-2018-600x378.jpg 600w\" sizes=\"auto, (max-width: 1024px) 100vw, 1024px\" data-mwl-img-id=\"2885\" \/><\/a><\/div><\/div><\/div><div class=\"kt-blocks-post-grid-item-inner\"><header><h2 class=\"entry-title\"><a href=\"https:\/\/galerie-ancienne-poste.com\/fr\/exposition\/erna-aaltonen-au-dela-des-spheres\/\">Erna Aaltonen &#8211; Au-del\u00e0 des sph\u00e8res<\/a><\/h2><div class=\"kt-blocks-post-top-meta\"><\/div><\/header><div class=\"entry-content\">8 septembre &#8211; 8 novembre 2018<\/div><footer class=\"kt-blocks-post-footer\"><div class=\"kt-blocks-post-footer-left\"><\/div><div class=\"kt-blocks-post-footer-right\"><\/div><\/footer><\/div><\/div><\/article><article class=\"kt-blocks-post-grid-item post-4179 exposition type-exposition status-publish has-post-thumbnail hentry tag-passees artiste_-karin-bablok\"><div class=\"kt-blocks-post-grid-item-inner-wrap kt-feat-image-align-top kt-feat-image-mobile-align-top\"><div class=\"kadence-post-image\"><div class=\"kadence-post-image-intrisic kt-image-ratio-100\" style=\"padding-bottom:100%;\"><div class=\"kadence-post-image-inner-intrisic\"><a aria-hidden=\"true\" tabindex=\"-1\" role=\"presentation\" href=\"https:\/\/galerie-ancienne-poste.com\/fr\/exposition\/karin-bablok\/\" aria-label=\"Karin Bablok\" class=\"kadence-post-image-inner-wrap\"><img loading=\"lazy\" decoding=\"async\" width=\"1024\" height=\"873\" src=\"https:\/\/galerie-ancienne-poste.com\/wp-content\/uploads\/2025\/07\/karine-bablok-ceramique-contemporaine-1024x873.jpg\" class=\"attachment-large size-large wp-image-973 wp-post-image\" alt=\"Karin Bablok\" srcset=\"https:\/\/galerie-ancienne-poste.com\/wp-content\/uploads\/2025\/07\/karine-bablok-ceramique-contemporaine-1024x873.jpg 1024w, https:\/\/galerie-ancienne-poste.com\/wp-content\/uploads\/2025\/07\/karine-bablok-ceramique-contemporaine-300x256.jpg 300w, https:\/\/galerie-ancienne-poste.com\/wp-content\/uploads\/2025\/07\/karine-bablok-ceramique-contemporaine-768x655.jpg 768w, https:\/\/galerie-ancienne-poste.com\/wp-content\/uploads\/2025\/07\/karine-bablok-ceramique-contemporaine-1536x1310.jpg 1536w, https:\/\/galerie-ancienne-poste.com\/wp-content\/uploads\/2025\/07\/karine-bablok-ceramique-contemporaine-2048x1747.jpg 2048w, https:\/\/galerie-ancienne-poste.com\/wp-content\/uploads\/2025\/07\/karine-bablok-ceramique-contemporaine-14x12.jpg 14w\" sizes=\"auto, (max-width: 1024px) 100vw, 1024px\" data-mwl-img-id=\"973\" \/><\/a><\/div><\/div><\/div><div class=\"kt-blocks-post-grid-item-inner\"><header><h2 class=\"entry-title\"><a href=\"https:\/\/galerie-ancienne-poste.com\/fr\/exposition\/karin-bablok\/\">Karin Bablok<\/a><\/h2><div class=\"kt-blocks-post-top-meta\"><\/div><\/header><div class=\"entry-content\">30 juin &#8211; 6 septembre 2018<\/div><footer class=\"kt-blocks-post-footer\"><div class=\"kt-blocks-post-footer-left\"><\/div><div class=\"kt-blocks-post-footer-right\"><\/div><\/footer><\/div><\/div><\/article><article class=\"kt-blocks-post-grid-item post-4208 exposition type-exposition status-publish has-post-thumbnail hentry tag-passees artiste_-claire-lindner\"><div class=\"kt-blocks-post-grid-item-inner-wrap kt-feat-image-align-top kt-feat-image-mobile-align-top\"><div class=\"kadence-post-image\"><div class=\"kadence-post-image-intrisic kt-image-ratio-100\" style=\"padding-bottom:100%;\"><div class=\"kadence-post-image-inner-intrisic\"><a aria-hidden=\"true\" tabindex=\"-1\" role=\"presentation\" href=\"https:\/\/galerie-ancienne-poste.com\/fr\/exposition\/claire-lindner-2\/\" aria-label=\"Claire Lindner\" class=\"kadence-post-image-inner-wrap\"><img loading=\"lazy\" decoding=\"async\" width=\"1024\" height=\"975\" src=\"https:\/\/galerie-ancienne-poste.com\/wp-content\/uploads\/2025\/07\/claire-lindner-works-1024x975.jpg\" class=\"attachment-large size-large wp-image-988 wp-post-image\" alt=\"Claire Lindner - galerie Claire Lindner - sculpture Claire Lindner - exposition Claire Lindner\" srcset=\"https:\/\/galerie-ancienne-poste.com\/wp-content\/uploads\/2025\/07\/claire-lindner-works-1024x975.jpg 1024w, https:\/\/galerie-ancienne-poste.com\/wp-content\/uploads\/2025\/07\/claire-lindner-works-300x286.jpg 300w, https:\/\/galerie-ancienne-poste.com\/wp-content\/uploads\/2025\/07\/claire-lindner-works-768x731.jpg 768w, https:\/\/galerie-ancienne-poste.com\/wp-content\/uploads\/2025\/07\/claire-lindner-works-1536x1463.jpg 1536w, https:\/\/galerie-ancienne-poste.com\/wp-content\/uploads\/2025\/07\/claire-lindner-works-13x12.jpg 13w, https:\/\/galerie-ancienne-poste.com\/wp-content\/uploads\/2025\/07\/claire-lindner-works.jpg 1575w\" sizes=\"auto, (max-width: 1024px) 100vw, 1024px\" data-mwl-img-id=\"988\" \/><\/a><\/div><\/div><\/div><div class=\"kt-blocks-post-grid-item-inner\"><header><h2 class=\"entry-title\"><a href=\"https:\/\/galerie-ancienne-poste.com\/fr\/exposition\/claire-lindner-2\/\">Claire Lindner<\/a><\/h2><div class=\"kt-blocks-post-top-meta\"><\/div><\/header><div class=\"entry-content\">5 mai &#8211; 28 juin 2018<\/div><footer class=\"kt-blocks-post-footer\"><div class=\"kt-blocks-post-footer-left\"><\/div><div class=\"kt-blocks-post-footer-right\"><\/div><\/footer><\/div><\/div><\/article><article class=\"kt-blocks-post-grid-item post-4177 exposition type-exposition status-publish has-post-thumbnail hentry tag-passees artiste_-david-roberts\"><div class=\"kt-blocks-post-grid-item-inner-wrap kt-feat-image-align-top kt-feat-image-mobile-align-top\"><div class=\"kadence-post-image\"><div class=\"kadence-post-image-intrisic kt-image-ratio-100\" style=\"padding-bottom:100%;\"><div class=\"kadence-post-image-inner-intrisic\"><a aria-hidden=\"true\" tabindex=\"-1\" role=\"presentation\" href=\"https:\/\/galerie-ancienne-poste.com\/fr\/exposition\/david-roberts\/\" aria-label=\"David Roberts\" class=\"kadence-post-image-inner-wrap\"><img loading=\"lazy\" decoding=\"async\" width=\"1024\" height=\"904\" src=\"https:\/\/galerie-ancienne-poste.com\/wp-content\/uploads\/2025\/07\/david-roberts-galerie-ancienne-poste-1024x904.jpg\" class=\"attachment-large size-large wp-image-4170 wp-post-image\" alt=\"David Roberts vessels - David Roberts naked raku - David Roberts works - Davis Roberts ceramics\" srcset=\"https:\/\/galerie-ancienne-poste.com\/wp-content\/uploads\/2025\/07\/david-roberts-galerie-ancienne-poste-1024x904.jpg 1024w, https:\/\/galerie-ancienne-poste.com\/wp-content\/uploads\/2025\/07\/david-roberts-galerie-ancienne-poste-300x265.jpg 300w, https:\/\/galerie-ancienne-poste.com\/wp-content\/uploads\/2025\/07\/david-roberts-galerie-ancienne-poste-768x678.jpg 768w, https:\/\/galerie-ancienne-poste.com\/wp-content\/uploads\/2025\/07\/david-roberts-galerie-ancienne-poste-1536x1356.jpg 1536w, https:\/\/galerie-ancienne-poste.com\/wp-content\/uploads\/2025\/07\/david-roberts-galerie-ancienne-poste-14x12.jpg 14w, https:\/\/galerie-ancienne-poste.com\/wp-content\/uploads\/2025\/07\/david-roberts-galerie-ancienne-poste-600x530.jpg 600w, https:\/\/galerie-ancienne-poste.com\/wp-content\/uploads\/2025\/07\/david-roberts-galerie-ancienne-poste.jpg 1699w\" sizes=\"auto, (max-width: 1024px) 100vw, 1024px\" data-mwl-img-id=\"4170\" \/><\/a><\/div><\/div><\/div><div class=\"kt-blocks-post-grid-item-inner\"><header><h2 class=\"entry-title\"><a href=\"https:\/\/galerie-ancienne-poste.com\/fr\/exposition\/david-roberts\/\">David Roberts<\/a><\/h2><div class=\"kt-blocks-post-top-meta\"><\/div><\/header><div class=\"entry-content\">24 mars &#8211; 3 mai 2018<\/div><footer class=\"kt-blocks-post-footer\"><div class=\"kt-blocks-post-footer-left\"><\/div><div class=\"kt-blocks-post-footer-right\"><\/div><\/footer><\/div><\/div><\/article><article class=\"kt-blocks-post-grid-item post-2947 exposition type-exposition status-publish has-post-thumbnail hentry tag-passees artiste_-ann-van-hoey\"><div class=\"kt-blocks-post-grid-item-inner-wrap kt-feat-image-align-top kt-feat-image-mobile-align-top\"><div class=\"kadence-post-image\"><div class=\"kadence-post-image-intrisic kt-image-ratio-100\" style=\"padding-bottom:100%;\"><div class=\"kadence-post-image-inner-intrisic\"><a aria-hidden=\"true\" tabindex=\"-1\" role=\"presentation\" href=\"https:\/\/galerie-ancienne-poste.com\/fr\/exposition\/ann-van-hoey\/\" aria-label=\"Ann Van Hoey\" class=\"kadence-post-image-inner-wrap\"><img loading=\"lazy\" decoding=\"async\" width=\"1024\" height=\"1000\" src=\"https:\/\/galerie-ancienne-poste.com\/wp-content\/uploads\/2025\/07\/Ann-van-hoey-expo-2017-1024x1000.jpg\" class=\"attachment-large size-large wp-image-3375 wp-post-image\" alt=\"Ann Van Hoey\" srcset=\"https:\/\/galerie-ancienne-poste.com\/wp-content\/uploads\/2025\/07\/Ann-van-hoey-expo-2017-1024x1000.jpg 1024w, https:\/\/galerie-ancienne-poste.com\/wp-content\/uploads\/2025\/07\/Ann-van-hoey-expo-2017-300x293.jpg 300w, https:\/\/galerie-ancienne-poste.com\/wp-content\/uploads\/2025\/07\/Ann-van-hoey-expo-2017-768x750.jpg 768w, https:\/\/galerie-ancienne-poste.com\/wp-content\/uploads\/2025\/07\/Ann-van-hoey-expo-2017-12x12.jpg 12w, https:\/\/galerie-ancienne-poste.com\/wp-content\/uploads\/2025\/07\/Ann-van-hoey-expo-2017-600x586.jpg 600w, https:\/\/galerie-ancienne-poste.com\/wp-content\/uploads\/2025\/07\/Ann-van-hoey-expo-2017.jpg 1536w\" sizes=\"auto, (max-width: 1024px) 100vw, 1024px\" data-mwl-img-id=\"3375\" \/><\/a><\/div><\/div><\/div><div class=\"kt-blocks-post-grid-item-inner\"><header><h2 class=\"entry-title\"><a href=\"https:\/\/galerie-ancienne-poste.com\/fr\/exposition\/ann-van-hoey\/\">Ann Van Hoey<\/a><\/h2><div class=\"kt-blocks-post-top-meta\"><\/div><\/header><div class=\"entry-content\">4 novembre 2017 &#8211; 4 janvier 2018<\/div><footer class=\"kt-blocks-post-footer\"><div class=\"kt-blocks-post-footer-left\"><\/div><div class=\"kt-blocks-post-footer-right\"><\/div><\/footer><\/div><\/div><\/article><article class=\"kt-blocks-post-grid-item post-4126 exposition type-exposition status-publish has-post-thumbnail hentry tag-passees artiste_-elena-gileva\"><div class=\"kt-blocks-post-grid-item-inner-wrap kt-feat-image-align-top kt-feat-image-mobile-align-top\"><div class=\"kadence-post-image\"><div class=\"kadence-post-image-intrisic kt-image-ratio-100\" style=\"padding-bottom:100%;\"><div class=\"kadence-post-image-inner-intrisic\"><a aria-hidden=\"true\" tabindex=\"-1\" role=\"presentation\" href=\"https:\/\/galerie-ancienne-poste.com\/fr\/exposition\/elena-gileva\/\" aria-label=\"Elena Gileva\" class=\"kadence-post-image-inner-wrap\"><img loading=\"lazy\" decoding=\"async\" width=\"1024\" height=\"808\" src=\"https:\/\/galerie-ancienne-poste.com\/wp-content\/uploads\/2025\/07\/elena-gileva-greenpebble-drippy-pebble-2016-1024x808.jpg\" class=\"attachment-large size-large wp-image-1051 wp-post-image\" alt=\"Elena Gileva - exposition c\u00e9ramqiue en Bourgogne - Galerie Ancienne poste - expo en Puisaye\" srcset=\"https:\/\/galerie-ancienne-poste.com\/wp-content\/uploads\/2025\/07\/elena-gileva-greenpebble-drippy-pebble-2016-1024x808.jpg 1024w, https:\/\/galerie-ancienne-poste.com\/wp-content\/uploads\/2025\/07\/elena-gileva-greenpebble-drippy-pebble-2016-300x237.jpg 300w, https:\/\/galerie-ancienne-poste.com\/wp-content\/uploads\/2025\/07\/elena-gileva-greenpebble-drippy-pebble-2016-768x606.jpg 768w, https:\/\/galerie-ancienne-poste.com\/wp-content\/uploads\/2025\/07\/elena-gileva-greenpebble-drippy-pebble-2016-1536x1212.jpg 1536w, https:\/\/galerie-ancienne-poste.com\/wp-content\/uploads\/2025\/07\/elena-gileva-greenpebble-drippy-pebble-2016-15x12.jpg 15w, https:\/\/galerie-ancienne-poste.com\/wp-content\/uploads\/2025\/07\/elena-gileva-greenpebble-drippy-pebble-2016.jpg 1901w\" sizes=\"auto, (max-width: 1024px) 100vw, 1024px\" data-mwl-img-id=\"1051\" \/><\/a><\/div><\/div><\/div><div class=\"kt-blocks-post-grid-item-inner\"><header><h2 class=\"entry-title\"><a href=\"https:\/\/galerie-ancienne-poste.com\/fr\/exposition\/elena-gileva\/\">Elena Gileva<\/a><\/h2><div class=\"kt-blocks-post-top-meta\"><\/div><\/header><div class=\"entry-content\">9 septembre &#8211; 2 novembre 2017<\/div><footer class=\"kt-blocks-post-footer\"><div class=\"kt-blocks-post-footer-left\"><\/div><div class=\"kt-blocks-post-footer-right\"><\/div><\/footer><\/div><\/div><\/article><article class=\"kt-blocks-post-grid-item post-4119 exposition type-exposition status-publish has-post-thumbnail hentry tag-passees artiste_-gisele-buthod-garcon\"><div class=\"kt-blocks-post-grid-item-inner-wrap kt-feat-image-align-top kt-feat-image-mobile-align-top\"><div class=\"kadence-post-image\"><div class=\"kadence-post-image-intrisic kt-image-ratio-100\" style=\"padding-bottom:100%;\"><div class=\"kadence-post-image-inner-intrisic\"><a aria-hidden=\"true\" tabindex=\"-1\" role=\"presentation\" href=\"https:\/\/galerie-ancienne-poste.com\/fr\/exposition\/gisele-buthod-garcon\/\" aria-label=\"Gis\u00e8le Buthod-Gar\u00e7on\" class=\"kadence-post-image-inner-wrap\"><img loading=\"lazy\" decoding=\"async\" width=\"1024\" height=\"997\" src=\"https:\/\/galerie-ancienne-poste.com\/wp-content\/uploads\/2025\/07\/gisele-buthod-garcon-idole-1024x997.jpg\" class=\"attachment-large size-large wp-image-1027 wp-post-image\" alt=\"Gis\u00e8le Buthod Gar\u00e7on\" srcset=\"https:\/\/galerie-ancienne-poste.com\/wp-content\/uploads\/2025\/07\/gisele-buthod-garcon-idole-1024x997.jpg 1024w, https:\/\/galerie-ancienne-poste.com\/wp-content\/uploads\/2025\/07\/gisele-buthod-garcon-idole-300x292.jpg 300w, https:\/\/galerie-ancienne-poste.com\/wp-content\/uploads\/2025\/07\/gisele-buthod-garcon-idole-768x748.jpg 768w, https:\/\/galerie-ancienne-poste.com\/wp-content\/uploads\/2025\/07\/gisele-buthod-garcon-idole-1536x1495.jpg 1536w, https:\/\/galerie-ancienne-poste.com\/wp-content\/uploads\/2025\/07\/gisele-buthod-garcon-idole-12x12.jpg 12w, https:\/\/galerie-ancienne-poste.com\/wp-content\/uploads\/2025\/07\/gisele-buthod-garcon-idole.jpg 1541w\" sizes=\"auto, (max-width: 1024px) 100vw, 1024px\" data-mwl-img-id=\"1027\" \/><\/a><\/div><\/div><\/div><div class=\"kt-blocks-post-grid-item-inner\"><header><h2 class=\"entry-title\"><a href=\"https:\/\/galerie-ancienne-poste.com\/fr\/exposition\/gisele-buthod-garcon\/\">Gis\u00e8le Buthod-Gar\u00e7on<\/a><\/h2><div class=\"kt-blocks-post-top-meta\"><\/div><\/header><div class=\"entry-content\">20 mai &#8211; 6 juillet 2017<\/div><footer class=\"kt-blocks-post-footer\"><div class=\"kt-blocks-post-footer-left\"><\/div><div class=\"kt-blocks-post-footer-right\"><\/div><\/footer><\/div><\/div><\/article><article class=\"kt-blocks-post-grid-item post-4129 exposition type-exposition status-publish has-post-thumbnail hentry tag-passees artiste_-bente-hansen\"><div class=\"kt-blocks-post-grid-item-inner-wrap kt-feat-image-align-top kt-feat-image-mobile-align-top\"><div class=\"kadence-post-image\"><div class=\"kadence-post-image-intrisic kt-image-ratio-100\" style=\"padding-bottom:100%;\"><div class=\"kadence-post-image-inner-intrisic\"><a aria-hidden=\"true\" tabindex=\"-1\" role=\"presentation\" href=\"https:\/\/galerie-ancienne-poste.com\/fr\/exposition\/bente-hansen\/\" aria-label=\"Bente Hansen\" class=\"kadence-post-image-inner-wrap\"><img loading=\"lazy\" decoding=\"async\" width=\"991\" height=\"1024\" src=\"https:\/\/galerie-ancienne-poste.com\/wp-content\/uploads\/2025\/07\/exposition-bente-hansen-2017-991x1024.jpg\" class=\"attachment-large size-large wp-image-4137 wp-post-image\" alt=\"Bente Hansen - ceramique danoise - ceramique d&#039;art contemporaine\" srcset=\"https:\/\/galerie-ancienne-poste.com\/wp-content\/uploads\/2025\/07\/exposition-bente-hansen-2017-991x1024.jpg 991w, https:\/\/galerie-ancienne-poste.com\/wp-content\/uploads\/2025\/07\/exposition-bente-hansen-2017-290x300.jpg 290w, https:\/\/galerie-ancienne-poste.com\/wp-content\/uploads\/2025\/07\/exposition-bente-hansen-2017-768x794.jpg 768w, https:\/\/galerie-ancienne-poste.com\/wp-content\/uploads\/2025\/07\/exposition-bente-hansen-2017-1486x1536.jpg 1486w, https:\/\/galerie-ancienne-poste.com\/wp-content\/uploads\/2025\/07\/exposition-bente-hansen-2017-12x12.jpg 12w, https:\/\/galerie-ancienne-poste.com\/wp-content\/uploads\/2025\/07\/exposition-bente-hansen-2017-600x620.jpg 600w, https:\/\/galerie-ancienne-poste.com\/wp-content\/uploads\/2025\/07\/exposition-bente-hansen-2017.jpg 1500w\" sizes=\"auto, (max-width: 991px) 100vw, 991px\" data-mwl-img-id=\"4137\" \/><\/a><\/div><\/div><\/div><div class=\"kt-blocks-post-grid-item-inner\"><header><h2 class=\"entry-title\"><a href=\"https:\/\/galerie-ancienne-poste.com\/fr\/exposition\/bente-hansen\/\">Bente Hansen<\/a><\/h2><div class=\"kt-blocks-post-top-meta\"><\/div><\/header><div class=\"entry-content\">24 mars &#8211; 3 mai 2018<\/div><footer class=\"kt-blocks-post-footer\"><div class=\"kt-blocks-post-footer-left\"><\/div><div class=\"kt-blocks-post-footer-right\"><\/div><\/footer><\/div><\/div><\/article><article class=\"kt-blocks-post-grid-item post-2895 exposition type-exposition status-publish has-post-thumbnail hentry tag-passees artiste_-ursula-morley-price\"><div class=\"kt-blocks-post-grid-item-inner-wrap kt-feat-image-align-top kt-feat-image-mobile-align-top\"><div class=\"kadence-post-image\"><div class=\"kadence-post-image-intrisic kt-image-ratio-100\" style=\"padding-bottom:100%;\"><div class=\"kadence-post-image-inner-intrisic\"><a aria-hidden=\"true\" tabindex=\"-1\" role=\"presentation\" href=\"https:\/\/galerie-ancienne-poste.com\/fr\/exposition\/ursula-morley-price-80th-anniversary\/\" aria-label=\"Ursula Morley-Price &#8211; 80th anniversary\" class=\"kadence-post-image-inner-wrap\"><img loading=\"lazy\" decoding=\"async\" width=\"999\" height=\"1024\" src=\"https:\/\/galerie-ancienne-poste.com\/wp-content\/uploads\/2025\/07\/ursula-morley-price-expo-2016-999x1024.jpg\" class=\"attachment-large size-large wp-image-3305 wp-post-image\" alt=\"Ursula Morley-Price - expo c\u00e9ramique en France - sculpture c\u00e9ramique - c\u00e9ramique contemporaine\" srcset=\"https:\/\/galerie-ancienne-poste.com\/wp-content\/uploads\/2025\/07\/ursula-morley-price-expo-2016-999x1024.jpg 999w, https:\/\/galerie-ancienne-poste.com\/wp-content\/uploads\/2025\/07\/ursula-morley-price-expo-2016-293x300.jpg 293w, https:\/\/galerie-ancienne-poste.com\/wp-content\/uploads\/2025\/07\/ursula-morley-price-expo-2016-768x787.jpg 768w, https:\/\/galerie-ancienne-poste.com\/wp-content\/uploads\/2025\/07\/ursula-morley-price-expo-2016-12x12.jpg 12w, https:\/\/galerie-ancienne-poste.com\/wp-content\/uploads\/2025\/07\/ursula-morley-price-expo-2016-600x615.jpg 600w, https:\/\/galerie-ancienne-poste.com\/wp-content\/uploads\/2025\/07\/ursula-morley-price-expo-2016.jpg 1463w\" sizes=\"auto, (max-width: 999px) 100vw, 999px\" data-mwl-img-id=\"3305\" \/><\/a><\/div><\/div><\/div><div class=\"kt-blocks-post-grid-item-inner\"><header><h2 class=\"entry-title\"><a href=\"https:\/\/galerie-ancienne-poste.com\/fr\/exposition\/ursula-morley-price-80th-anniversary\/\">Ursula Morley-Price &#8211; 80th anniversary<\/a><\/h2><div class=\"kt-blocks-post-top-meta\"><\/div><\/header><div class=\"entry-content\">5 novembre 2016 &#8211; 5 janvier 2017<\/div><footer class=\"kt-blocks-post-footer\"><div class=\"kt-blocks-post-footer-left\"><\/div><div class=\"kt-blocks-post-footer-right\"><\/div><\/footer><\/div><\/div><\/article><article class=\"kt-blocks-post-grid-item post-4117 exposition type-exposition status-publish has-post-thumbnail hentry tag-passees artiste_-brigitte-marionneau\"><div class=\"kt-blocks-post-grid-item-inner-wrap kt-feat-image-align-top kt-feat-image-mobile-align-top\"><div class=\"kadence-post-image\"><div class=\"kadence-post-image-intrisic kt-image-ratio-100\" style=\"padding-bottom:100%;\"><div class=\"kadence-post-image-inner-intrisic\"><a aria-hidden=\"true\" tabindex=\"-1\" role=\"presentation\" href=\"https:\/\/galerie-ancienne-poste.com\/fr\/exposition\/brigitte-marionneau\/\" aria-label=\"Brigitte Marionneau\" class=\"kadence-post-image-inner-wrap\"><img loading=\"lazy\" decoding=\"async\" width=\"1024\" height=\"1016\" src=\"https:\/\/galerie-ancienne-poste.com\/wp-content\/uploads\/2025\/07\/brigitte-marionneau-mask-serie-1024x1016.jpg\" class=\"attachment-large size-large wp-image-1147 wp-post-image\" alt=\"Brigitte Marionneau exposition \u00e0 la galerie de l&#039;ancienne poste en 2016\" srcset=\"https:\/\/galerie-ancienne-poste.com\/wp-content\/uploads\/2025\/07\/brigitte-marionneau-mask-serie-1024x1016.jpg 1024w, https:\/\/galerie-ancienne-poste.com\/wp-content\/uploads\/2025\/07\/brigitte-marionneau-mask-serie-300x298.jpg 300w, https:\/\/galerie-ancienne-poste.com\/wp-content\/uploads\/2025\/07\/brigitte-marionneau-mask-serie-150x150.jpg 150w, https:\/\/galerie-ancienne-poste.com\/wp-content\/uploads\/2025\/07\/brigitte-marionneau-mask-serie-768x762.jpg 768w, https:\/\/galerie-ancienne-poste.com\/wp-content\/uploads\/2025\/07\/brigitte-marionneau-mask-serie-12x12.jpg 12w, https:\/\/galerie-ancienne-poste.com\/wp-content\/uploads\/2025\/07\/brigitte-marionneau-mask-serie.jpg 1512w\" sizes=\"auto, (max-width: 1024px) 100vw, 1024px\" data-mwl-img-id=\"1147\" \/><\/a><\/div><\/div><\/div><div class=\"kt-blocks-post-grid-item-inner\"><header><h2 class=\"entry-title\"><a href=\"https:\/\/galerie-ancienne-poste.com\/fr\/exposition\/brigitte-marionneau\/\">Brigitte Marionneau<\/a><\/h2><div class=\"kt-blocks-post-top-meta\"><\/div><\/header><div class=\"entry-content\">10 septembre &#8211; 3 novembre 2016<\/div><footer class=\"kt-blocks-post-footer\"><div class=\"kt-blocks-post-footer-left\"><\/div><div class=\"kt-blocks-post-footer-right\"><\/div><\/footer><\/div><\/div><\/article><article class=\"kt-blocks-post-grid-item post-4113 exposition type-exposition status-publish has-post-thumbnail hentry tag-passees artiste_-anne-verdier\"><div class=\"kt-blocks-post-grid-item-inner-wrap kt-feat-image-align-top kt-feat-image-mobile-align-top\"><div class=\"kadence-post-image\"><div class=\"kadence-post-image-intrisic kt-image-ratio-100\" style=\"padding-bottom:100%;\"><div class=\"kadence-post-image-inner-intrisic\"><a aria-hidden=\"true\" tabindex=\"-1\" role=\"presentation\" href=\"https:\/\/galerie-ancienne-poste.com\/fr\/exposition\/anne-verdier\/\" aria-label=\"Anne Verdier\" class=\"kadence-post-image-inner-wrap\"><img loading=\"lazy\" decoding=\"async\" width=\"1024\" height=\"963\" src=\"https:\/\/galerie-ancienne-poste.com\/wp-content\/uploads\/2025\/07\/anne-verdier-exposition-1024x963.jpg\" class=\"attachment-large size-large wp-image-4107 wp-post-image\" alt=\"Anne Verdier\" srcset=\"https:\/\/galerie-ancienne-poste.com\/wp-content\/uploads\/2025\/07\/anne-verdier-exposition-1024x963.jpg 1024w, https:\/\/galerie-ancienne-poste.com\/wp-content\/uploads\/2025\/07\/anne-verdier-exposition-300x282.jpg 300w, https:\/\/galerie-ancienne-poste.com\/wp-content\/uploads\/2025\/07\/anne-verdier-exposition-768x722.jpg 768w, https:\/\/galerie-ancienne-poste.com\/wp-content\/uploads\/2025\/07\/anne-verdier-exposition-1536x1445.jpg 1536w, https:\/\/galerie-ancienne-poste.com\/wp-content\/uploads\/2025\/07\/anne-verdier-exposition-13x12.jpg 13w, https:\/\/galerie-ancienne-poste.com\/wp-content\/uploads\/2025\/07\/anne-verdier-exposition-600x564.jpg 600w, https:\/\/galerie-ancienne-poste.com\/wp-content\/uploads\/2025\/07\/anne-verdier-exposition.jpg 1595w\" sizes=\"auto, (max-width: 1024px) 100vw, 1024px\" data-mwl-img-id=\"4107\" \/><\/a><\/div><\/div><\/div><div class=\"kt-blocks-post-grid-item-inner\"><header><h2 class=\"entry-title\"><a href=\"https:\/\/galerie-ancienne-poste.com\/fr\/exposition\/anne-verdier\/\">Anne Verdier<\/a><\/h2><div class=\"kt-blocks-post-top-meta\"><\/div><\/header><div class=\"entry-content\">9 juillet &#8211; 8 septembre 2016<\/div><footer class=\"kt-blocks-post-footer\"><div class=\"kt-blocks-post-footer-left\"><\/div><div class=\"kt-blocks-post-footer-right\"><\/div><\/footer><\/div><\/div><\/article><article class=\"kt-blocks-post-grid-item post-3462 exposition type-exposition status-publish has-post-thumbnail hentry tag-passees artiste_-david-miller\"><div class=\"kt-blocks-post-grid-item-inner-wrap kt-feat-image-align-top kt-feat-image-mobile-align-top\"><div class=\"kadence-post-image\"><div class=\"kadence-post-image-intrisic kt-image-ratio-100\" style=\"padding-bottom:100%;\"><div class=\"kadence-post-image-inner-intrisic\"><a aria-hidden=\"true\" tabindex=\"-1\" role=\"presentation\" href=\"https:\/\/galerie-ancienne-poste.com\/fr\/exposition\/hommage-a-david-miller\/\" aria-label=\"Hommage \u00e0 David Miller\" class=\"kadence-post-image-inner-wrap\"><img loading=\"lazy\" decoding=\"async\" width=\"1024\" height=\"675\" src=\"https:\/\/galerie-ancienne-poste.com\/wp-content\/uploads\/2025\/07\/david-miller-exposition-2016-1024x675.jpg\" class=\"attachment-large size-large wp-image-1119 wp-post-image\" alt=\"David Miller\" srcset=\"https:\/\/galerie-ancienne-poste.com\/wp-content\/uploads\/2025\/07\/david-miller-exposition-2016-1024x675.jpg 1024w, https:\/\/galerie-ancienne-poste.com\/wp-content\/uploads\/2025\/07\/david-miller-exposition-2016-300x198.jpg 300w, https:\/\/galerie-ancienne-poste.com\/wp-content\/uploads\/2025\/07\/david-miller-exposition-2016-768x507.jpg 768w, https:\/\/galerie-ancienne-poste.com\/wp-content\/uploads\/2025\/07\/david-miller-exposition-2016-18x12.jpg 18w, https:\/\/galerie-ancienne-poste.com\/wp-content\/uploads\/2025\/07\/david-miller-exposition-2016.jpg 1375w\" sizes=\"auto, (max-width: 1024px) 100vw, 1024px\" data-mwl-img-id=\"1119\" \/><\/a><\/div><\/div><\/div><div class=\"kt-blocks-post-grid-item-inner\"><header><h2 class=\"entry-title\"><a href=\"https:\/\/galerie-ancienne-poste.com\/fr\/exposition\/hommage-a-david-miller\/\">Hommage \u00e0 David Miller<\/a><\/h2><div class=\"kt-blocks-post-top-meta\"><\/div><\/header><div class=\"entry-content\">7 mai  &#8211; 16 juillet 2016<\/div><footer class=\"kt-blocks-post-footer\"><div class=\"kt-blocks-post-footer-left\"><\/div><div class=\"kt-blocks-post-footer-right\"><\/div><\/footer><\/div><\/div><\/article><article class=\"kt-blocks-post-grid-item post-2868 exposition type-exposition status-publish has-post-thumbnail hentry tag-passees artiste_-camille-virot\"><div class=\"kt-blocks-post-grid-item-inner-wrap kt-feat-image-align-top kt-feat-image-mobile-align-top\"><div class=\"kadence-post-image\"><div class=\"kadence-post-image-intrisic kt-image-ratio-100\" style=\"padding-bottom:100%;\"><div class=\"kadence-post-image-inner-intrisic\"><a aria-hidden=\"true\" tabindex=\"-1\" role=\"presentation\" href=\"https:\/\/galerie-ancienne-poste.com\/fr\/exposition\/camille-virot-exposition-2016\/\" aria-label=\"Camille Virot &#8211; exposition 2016\" class=\"kadence-post-image-inner-wrap\"><img loading=\"lazy\" decoding=\"async\" width=\"1024\" height=\"876\" src=\"https:\/\/galerie-ancienne-poste.com\/wp-content\/uploads\/2025\/07\/camille-virot-exposition-2016-1024x876.jpg\" class=\"attachment-large size-large wp-image-1095 wp-post-image\" alt=\"Camille Virot - exposition Galerie Ancienne Poste - Galerie de l&#039;Ancienne Poste - toucy- Yonne - Bourgogne\" srcset=\"https:\/\/galerie-ancienne-poste.com\/wp-content\/uploads\/2025\/07\/camille-virot-exposition-2016-1024x876.jpg 1024w, https:\/\/galerie-ancienne-poste.com\/wp-content\/uploads\/2025\/07\/camille-virot-exposition-2016-300x257.jpg 300w, https:\/\/galerie-ancienne-poste.com\/wp-content\/uploads\/2025\/07\/camille-virot-exposition-2016-768x657.jpg 768w, https:\/\/galerie-ancienne-poste.com\/wp-content\/uploads\/2025\/07\/camille-virot-exposition-2016-14x12.jpg 14w, https:\/\/galerie-ancienne-poste.com\/wp-content\/uploads\/2025\/07\/camille-virot-exposition-2016.jpg 1436w\" sizes=\"auto, (max-width: 1024px) 100vw, 1024px\" data-mwl-img-id=\"1095\" \/><\/a><\/div><\/div><\/div><div class=\"kt-blocks-post-grid-item-inner\"><header><h2 class=\"entry-title\"><a href=\"https:\/\/galerie-ancienne-poste.com\/fr\/exposition\/camille-virot-exposition-2016\/\">Camille Virot &#8211; exposition 2016<\/a><\/h2><div class=\"kt-blocks-post-top-meta\"><\/div><\/header><div class=\"entry-content\">19 mars &#8211; 5 mai 2016<\/div><footer class=\"kt-blocks-post-footer\"><div class=\"kt-blocks-post-footer-left\"><\/div><div class=\"kt-blocks-post-footer-right\"><\/div><\/footer><\/div><\/div><\/article><article class=\"kt-blocks-post-grid-item post-2959 exposition type-exposition status-publish has-post-thumbnail hentry tag-passees artiste_-alistair-danhieux\"><div class=\"kt-blocks-post-grid-item-inner-wrap kt-feat-image-align-top kt-feat-image-mobile-align-top\"><div class=\"kadence-post-image\"><div class=\"kadence-post-image-intrisic kt-image-ratio-100\" style=\"padding-bottom:100%;\"><div class=\"kadence-post-image-inner-intrisic\"><a aria-hidden=\"true\" tabindex=\"-1\" role=\"presentation\" href=\"https:\/\/galerie-ancienne-poste.com\/fr\/exposition\/alistair-danhieux\/\" aria-label=\"Alistair Danhieux\" class=\"kadence-post-image-inner-wrap\"><img loading=\"lazy\" decoding=\"async\" width=\"1024\" height=\"681\" src=\"https:\/\/galerie-ancienne-poste.com\/wp-content\/uploads\/2025\/07\/alistair-danhieux-sculpture-2015-1024x681.jpg\" class=\"attachment-large size-large wp-image-2962 wp-post-image\" alt=\"Alistair Danhieux - sculpture en gr\u00e8s\" srcset=\"https:\/\/galerie-ancienne-poste.com\/wp-content\/uploads\/2025\/07\/alistair-danhieux-sculpture-2015-1024x681.jpg 1024w, https:\/\/galerie-ancienne-poste.com\/wp-content\/uploads\/2025\/07\/alistair-danhieux-sculpture-2015-300x199.jpg 300w, https:\/\/galerie-ancienne-poste.com\/wp-content\/uploads\/2025\/07\/alistair-danhieux-sculpture-2015-768x511.jpg 768w, https:\/\/galerie-ancienne-poste.com\/wp-content\/uploads\/2025\/07\/alistair-danhieux-sculpture-2015-1536x1021.jpg 1536w, https:\/\/galerie-ancienne-poste.com\/wp-content\/uploads\/2025\/07\/alistair-danhieux-sculpture-2015-2048x1362.jpg 2048w, https:\/\/galerie-ancienne-poste.com\/wp-content\/uploads\/2025\/07\/alistair-danhieux-sculpture-2015-18x12.jpg 18w, https:\/\/galerie-ancienne-poste.com\/wp-content\/uploads\/2025\/07\/alistair-danhieux-sculpture-2015-600x399.jpg 600w\" sizes=\"auto, (max-width: 1024px) 100vw, 1024px\" data-mwl-img-id=\"2962\" \/><\/a><\/div><\/div><\/div><div class=\"kt-blocks-post-grid-item-inner\"><header><h2 class=\"entry-title\"><a href=\"https:\/\/galerie-ancienne-poste.com\/fr\/exposition\/alistair-danhieux\/\">Alistair Danhieux<\/a><\/h2><div class=\"kt-blocks-post-top-meta\"><\/div><\/header><div class=\"entry-content\">7 novembre 2015  &#8211; 7 janvier 2016<\/div><footer class=\"kt-blocks-post-footer\"><div class=\"kt-blocks-post-footer-left\"><\/div><div class=\"kt-blocks-post-footer-right\"><\/div><\/footer><\/div><\/div><\/article><article class=\"kt-blocks-post-grid-item post-4077 exposition type-exposition status-publish has-post-thumbnail hentry tag-passees artiste_-laurent-petit\"><div class=\"kt-blocks-post-grid-item-inner-wrap kt-feat-image-align-top kt-feat-image-mobile-align-top\"><div class=\"kadence-post-image\"><div class=\"kadence-post-image-intrisic kt-image-ratio-100\" style=\"padding-bottom:100%;\"><div class=\"kadence-post-image-inner-intrisic\"><a aria-hidden=\"true\" tabindex=\"-1\" role=\"presentation\" href=\"https:\/\/galerie-ancienne-poste.com\/fr\/exposition\/laurent-petit\/\" aria-label=\"Laurent Petit\" class=\"kadence-post-image-inner-wrap\"><img loading=\"lazy\" decoding=\"async\" width=\"900\" height=\"714\" src=\"https:\/\/galerie-ancienne-poste.com\/wp-content\/uploads\/2025\/07\/Laurent-petit-arbologie-2012.jpg\" class=\"attachment-large size-large wp-image-1228 wp-post-image\" alt=\"Laurent Petit\" srcset=\"https:\/\/galerie-ancienne-poste.com\/wp-content\/uploads\/2025\/07\/Laurent-petit-arbologie-2012.jpg 900w, https:\/\/galerie-ancienne-poste.com\/wp-content\/uploads\/2025\/07\/Laurent-petit-arbologie-2012-300x238.jpg 300w, https:\/\/galerie-ancienne-poste.com\/wp-content\/uploads\/2025\/07\/Laurent-petit-arbologie-2012-768x609.jpg 768w, https:\/\/galerie-ancienne-poste.com\/wp-content\/uploads\/2025\/07\/Laurent-petit-arbologie-2012-15x12.jpg 15w\" sizes=\"auto, (max-width: 900px) 100vw, 900px\" data-mwl-img-id=\"1228\" \/><\/a><\/div><\/div><\/div><div class=\"kt-blocks-post-grid-item-inner\"><header><h2 class=\"entry-title\"><a href=\"https:\/\/galerie-ancienne-poste.com\/fr\/exposition\/laurent-petit\/\">Laurent Petit<\/a><\/h2><div class=\"kt-blocks-post-top-meta\"><\/div><\/header><div class=\"entry-content\">12 septembre &#8211; 5 novembre 2015<\/div><footer class=\"kt-blocks-post-footer\"><div class=\"kt-blocks-post-footer-left\"><\/div><div class=\"kt-blocks-post-footer-right\"><\/div><\/footer><\/div><\/div><\/article><article class=\"kt-blocks-post-grid-item post-2876 exposition type-exposition status-publish has-post-thumbnail hentry tag-passees artiste_-erna-aaltonen\"><div class=\"kt-blocks-post-grid-item-inner-wrap kt-feat-image-align-top kt-feat-image-mobile-align-top\"><div class=\"kadence-post-image\"><div class=\"kadence-post-image-intrisic kt-image-ratio-100\" style=\"padding-bottom:100%;\"><div class=\"kadence-post-image-inner-intrisic\"><a aria-hidden=\"true\" tabindex=\"-1\" role=\"presentation\" href=\"https:\/\/galerie-ancienne-poste.com\/fr\/exposition\/erna-aaltonen-la-symphonie-des-spheres\/\" aria-label=\"Erna Aaltonen &#8211; La symphonie des sph\u00e8res\" class=\"kadence-post-image-inner-wrap\"><img loading=\"lazy\" decoding=\"async\" width=\"914\" height=\"1024\" src=\"https:\/\/galerie-ancienne-poste.com\/wp-content\/uploads\/2025\/07\/erna-aaltonen-expo-2015-914x1024.jpg\" class=\"attachment-large size-large wp-image-3333 wp-post-image\" alt=\"Erna Aaltonen\" srcset=\"https:\/\/galerie-ancienne-poste.com\/wp-content\/uploads\/2025\/07\/erna-aaltonen-expo-2015-914x1024.jpg 914w, https:\/\/galerie-ancienne-poste.com\/wp-content\/uploads\/2025\/07\/erna-aaltonen-expo-2015-268x300.jpg 268w, https:\/\/galerie-ancienne-poste.com\/wp-content\/uploads\/2025\/07\/erna-aaltonen-expo-2015-768x860.jpg 768w, https:\/\/galerie-ancienne-poste.com\/wp-content\/uploads\/2025\/07\/erna-aaltonen-expo-2015-11x12.jpg 11w, https:\/\/galerie-ancienne-poste.com\/wp-content\/uploads\/2025\/07\/erna-aaltonen-expo-2015-600x672.jpg 600w, https:\/\/galerie-ancienne-poste.com\/wp-content\/uploads\/2025\/07\/erna-aaltonen-expo-2015.jpg 1339w\" sizes=\"auto, (max-width: 914px) 100vw, 914px\" data-mwl-img-id=\"3333\" \/><\/a><\/div><\/div><\/div><div class=\"kt-blocks-post-grid-item-inner\"><header><h2 class=\"entry-title\"><a href=\"https:\/\/galerie-ancienne-poste.com\/fr\/exposition\/erna-aaltonen-la-symphonie-des-spheres\/\">Erna Aaltonen &#8211; La symphonie des sph\u00e8res<\/a><\/h2><div class=\"kt-blocks-post-top-meta\"><\/div><\/header><div class=\"entry-content\">4 juillet &#8211; 3 septembre 2015<\/div><footer class=\"kt-blocks-post-footer\"><div class=\"kt-blocks-post-footer-left\"><\/div><div class=\"kt-blocks-post-footer-right\"><\/div><\/footer><\/div><\/div><\/article><article class=\"kt-blocks-post-grid-item post-4079 exposition type-exposition status-publish has-post-thumbnail hentry tag-passees artiste_-karine-benvenuti\"><div class=\"kt-blocks-post-grid-item-inner-wrap kt-feat-image-align-top kt-feat-image-mobile-align-top\"><div class=\"kadence-post-image\"><div class=\"kadence-post-image-intrisic kt-image-ratio-100\" style=\"padding-bottom:100%;\"><div class=\"kadence-post-image-inner-intrisic\"><a aria-hidden=\"true\" tabindex=\"-1\" role=\"presentation\" href=\"https:\/\/galerie-ancienne-poste.com\/fr\/exposition\/karine-benvenuti-2\/\" aria-label=\"Karine Benvenuti\" class=\"kadence-post-image-inner-wrap\"><img loading=\"lazy\" decoding=\"async\" width=\"973\" height=\"1024\" src=\"https:\/\/galerie-ancienne-poste.com\/wp-content\/uploads\/2025\/07\/karine-benvenuti-kb-1014-295-973x1024.jpg\" class=\"attachment-large size-large wp-image-4093 wp-post-image\" alt=\"Karine Benvenuti\" srcset=\"https:\/\/galerie-ancienne-poste.com\/wp-content\/uploads\/2025\/07\/karine-benvenuti-kb-1014-295-973x1024.jpg 973w, https:\/\/galerie-ancienne-poste.com\/wp-content\/uploads\/2025\/07\/karine-benvenuti-kb-1014-295-285x300.jpg 285w, https:\/\/galerie-ancienne-poste.com\/wp-content\/uploads\/2025\/07\/karine-benvenuti-kb-1014-295-768x808.jpg 768w, https:\/\/galerie-ancienne-poste.com\/wp-content\/uploads\/2025\/07\/karine-benvenuti-kb-1014-295-11x12.jpg 11w, https:\/\/galerie-ancienne-poste.com\/wp-content\/uploads\/2025\/07\/karine-benvenuti-kb-1014-295-600x632.jpg 600w, https:\/\/galerie-ancienne-poste.com\/wp-content\/uploads\/2025\/07\/karine-benvenuti-kb-1014-295.jpg 1425w\" sizes=\"auto, (max-width: 973px) 100vw, 973px\" data-mwl-img-id=\"4093\" \/><\/a><\/div><\/div><\/div><div class=\"kt-blocks-post-grid-item-inner\"><header><h2 class=\"entry-title\"><a href=\"https:\/\/galerie-ancienne-poste.com\/fr\/exposition\/karine-benvenuti-2\/\">Karine Benvenuti<\/a><\/h2><div class=\"kt-blocks-post-top-meta\"><\/div><\/header><div class=\"entry-content\">9 mai &#8211; 2 juillet 2015<\/div><footer class=\"kt-blocks-post-footer\"><div class=\"kt-blocks-post-footer-left\"><\/div><div class=\"kt-blocks-post-footer-right\"><\/div><\/footer><\/div><\/div><\/article><article class=\"kt-blocks-post-grid-item post-4074 exposition type-exposition status-publish has-post-thumbnail hentry tag-passees artiste_-matthew-blakely\"><div class=\"kt-blocks-post-grid-item-inner-wrap kt-feat-image-align-top kt-feat-image-mobile-align-top\"><div class=\"kadence-post-image\"><div class=\"kadence-post-image-intrisic kt-image-ratio-100\" style=\"padding-bottom:100%;\"><div class=\"kadence-post-image-inner-intrisic\"><a aria-hidden=\"true\" tabindex=\"-1\" role=\"presentation\" href=\"https:\/\/galerie-ancienne-poste.com\/fr\/exposition\/matthew-blakely\/\" aria-label=\"Matthew Blakely\" class=\"kadence-post-image-inner-wrap\"><img loading=\"lazy\" decoding=\"async\" width=\"907\" height=\"983\" src=\"https:\/\/galerie-ancienne-poste.com\/wp-content\/uploads\/2025\/07\/Matthew-BLAKELY-Red-White-Sphere-h.-18-cm.jpg\" class=\"attachment-large size-large wp-image-1181 wp-post-image\" alt=\"Matthew Blakely - galerie de l&#039;ancienne Poste - galerie ancienne poste\" srcset=\"https:\/\/galerie-ancienne-poste.com\/wp-content\/uploads\/2025\/07\/Matthew-BLAKELY-Red-White-Sphere-h.-18-cm.jpg 907w, https:\/\/galerie-ancienne-poste.com\/wp-content\/uploads\/2025\/07\/Matthew-BLAKELY-Red-White-Sphere-h.-18-cm-277x300.jpg 277w, https:\/\/galerie-ancienne-poste.com\/wp-content\/uploads\/2025\/07\/Matthew-BLAKELY-Red-White-Sphere-h.-18-cm-768x832.jpg 768w, https:\/\/galerie-ancienne-poste.com\/wp-content\/uploads\/2025\/07\/Matthew-BLAKELY-Red-White-Sphere-h.-18-cm-11x12.jpg 11w\" sizes=\"auto, (max-width: 907px) 100vw, 907px\" data-mwl-img-id=\"1181\" \/><\/a><\/div><\/div><\/div><div class=\"kt-blocks-post-grid-item-inner\"><header><h2 class=\"entry-title\"><a href=\"https:\/\/galerie-ancienne-poste.com\/fr\/exposition\/matthew-blakely\/\">Matthew Blakely<\/a><\/h2><div class=\"kt-blocks-post-top-meta\"><\/div><\/header><div class=\"entry-content\">28 mars &#8211; 7 mai 2015<\/div><footer class=\"kt-blocks-post-footer\"><div class=\"kt-blocks-post-footer-left\"><\/div><div class=\"kt-blocks-post-footer-right\"><\/div><\/footer><\/div><\/div><\/article><article class=\"kt-blocks-post-grid-item post-2908 exposition type-exposition status-publish has-post-thumbnail hentry tag-passees artiste_-ursula-morley-price\"><div class=\"kt-blocks-post-grid-item-inner-wrap kt-feat-image-align-top kt-feat-image-mobile-align-top\"><div class=\"kadence-post-image\"><div class=\"kadence-post-image-intrisic kt-image-ratio-100\" style=\"padding-bottom:100%;\"><div class=\"kadence-post-image-inner-intrisic\"><a aria-hidden=\"true\" tabindex=\"-1\" role=\"presentation\" href=\"https:\/\/galerie-ancienne-poste.com\/fr\/exposition\/ursula-morley-price-oeuvres-recentes\/\" aria-label=\"Ursula Morley-Price &#8211; \u0153uvres r\u00e9centes\" class=\"kadence-post-image-inner-wrap\"><img loading=\"lazy\" decoding=\"async\" width=\"921\" height=\"1024\" src=\"https:\/\/galerie-ancienne-poste.com\/wp-content\/uploads\/2025\/07\/ursula-morley-price-expo-2014-921x1024.jpg\" class=\"attachment-large size-large wp-image-3304 wp-post-image\" alt=\"Ursula Morley-Price - exposition Ursula Morley-Price - c\u00e9ramique Ursula Morley-Price - sculpture Ursula Morley-Price\" srcset=\"https:\/\/galerie-ancienne-poste.com\/wp-content\/uploads\/2025\/07\/ursula-morley-price-expo-2014-921x1024.jpg 921w, https:\/\/galerie-ancienne-poste.com\/wp-content\/uploads\/2025\/07\/ursula-morley-price-expo-2014-270x300.jpg 270w, https:\/\/galerie-ancienne-poste.com\/wp-content\/uploads\/2025\/07\/ursula-morley-price-expo-2014-768x854.jpg 768w, https:\/\/galerie-ancienne-poste.com\/wp-content\/uploads\/2025\/07\/ursula-morley-price-expo-2014-11x12.jpg 11w, https:\/\/galerie-ancienne-poste.com\/wp-content\/uploads\/2025\/07\/ursula-morley-price-expo-2014-600x667.jpg 600w, https:\/\/galerie-ancienne-poste.com\/wp-content\/uploads\/2025\/07\/ursula-morley-price-expo-2014.jpg 1349w\" sizes=\"auto, (max-width: 921px) 100vw, 921px\" data-mwl-img-id=\"3304\" \/><\/a><\/div><\/div><\/div><div class=\"kt-blocks-post-grid-item-inner\"><header><h2 class=\"entry-title\"><a href=\"https:\/\/galerie-ancienne-poste.com\/fr\/exposition\/ursula-morley-price-oeuvres-recentes\/\">Ursula Morley-Price &#8211; \u0153uvres r\u00e9centes<\/a><\/h2><div class=\"kt-blocks-post-top-meta\"><\/div><\/header><div class=\"entry-content\">8 novembre 2014 &#8211; 8 janvier 2015<\/div><footer class=\"kt-blocks-post-footer\"><div class=\"kt-blocks-post-footer-left\"><\/div><div class=\"kt-blocks-post-footer-right\"><\/div><\/footer><\/div><\/div><\/article><article class=\"kt-blocks-post-grid-item post-4063 exposition type-exposition status-publish has-post-thumbnail hentry tag-passees artiste_-jean-marie-foubert\"><div class=\"kt-blocks-post-grid-item-inner-wrap kt-feat-image-align-top kt-feat-image-mobile-align-top\"><div class=\"kadence-post-image\"><div class=\"kadence-post-image-intrisic kt-image-ratio-100\" style=\"padding-bottom:100%;\"><div class=\"kadence-post-image-inner-intrisic\"><a aria-hidden=\"true\" tabindex=\"-1\" role=\"presentation\" href=\"https:\/\/galerie-ancienne-poste.com\/fr\/exposition\/jean-marie-foubert\/\" aria-label=\"Jean-Marie Foubert\" class=\"kadence-post-image-inner-wrap\"><img loading=\"lazy\" decoding=\"async\" width=\"1024\" height=\"607\" src=\"https:\/\/galerie-ancienne-poste.com\/wp-content\/uploads\/2025\/07\/foubert-jean-marie-sculpture-e1755937600310-1024x607.jpg\" class=\"attachment-large size-large wp-image-4052 wp-post-image\" alt=\"Jean Marie Foubert\" srcset=\"https:\/\/galerie-ancienne-poste.com\/wp-content\/uploads\/2025\/07\/foubert-jean-marie-sculpture-e1755937600310-1024x607.jpg 1024w, https:\/\/galerie-ancienne-poste.com\/wp-content\/uploads\/2025\/07\/foubert-jean-marie-sculpture-e1755937600310-300x178.jpg 300w, https:\/\/galerie-ancienne-poste.com\/wp-content\/uploads\/2025\/07\/foubert-jean-marie-sculpture-e1755937600310-768x456.jpg 768w, https:\/\/galerie-ancienne-poste.com\/wp-content\/uploads\/2025\/07\/foubert-jean-marie-sculpture-e1755937600310-1536x911.jpg 1536w, https:\/\/galerie-ancienne-poste.com\/wp-content\/uploads\/2025\/07\/foubert-jean-marie-sculpture-e1755937600310-2048x1215.jpg 2048w, https:\/\/galerie-ancienne-poste.com\/wp-content\/uploads\/2025\/07\/foubert-jean-marie-sculpture-e1755937600310-18x12.jpg 18w, https:\/\/galerie-ancienne-poste.com\/wp-content\/uploads\/2025\/07\/foubert-jean-marie-sculpture-e1755937600310-600x356.jpg 600w\" sizes=\"auto, (max-width: 1024px) 100vw, 1024px\" data-mwl-img-id=\"4052\" \/><\/a><\/div><\/div><\/div><div class=\"kt-blocks-post-grid-item-inner\"><header><h2 class=\"entry-title\"><a href=\"https:\/\/galerie-ancienne-poste.com\/fr\/exposition\/jean-marie-foubert\/\">Jean-Marie Foubert<\/a><\/h2><div class=\"kt-blocks-post-top-meta\"><\/div><\/header><div class=\"entry-content\">6 septembre &#8211; 6 novembre 2014<\/div><footer class=\"kt-blocks-post-footer\"><div class=\"kt-blocks-post-footer-left\"><\/div><div class=\"kt-blocks-post-footer-right\"><\/div><\/footer><\/div><\/div><\/article><article class=\"kt-blocks-post-grid-item post-4048 exposition type-exposition status-publish has-post-thumbnail hentry tag-passees\"><div class=\"kt-blocks-post-grid-item-inner-wrap kt-feat-image-align-top kt-feat-image-mobile-align-top\"><div class=\"kadence-post-image\"><div class=\"kadence-post-image-intrisic kt-image-ratio-100\" style=\"padding-bottom:100%;\"><div class=\"kadence-post-image-inner-intrisic\"><a aria-hidden=\"true\" tabindex=\"-1\" role=\"presentation\" href=\"https:\/\/galerie-ancienne-poste.com\/fr\/exposition\/marie-pierre-meheust\/\" aria-label=\"Marie Pierre M\u00e9heust\" class=\"kadence-post-image-inner-wrap\"><img loading=\"lazy\" decoding=\"async\" width=\"945\" height=\"945\" src=\"https:\/\/galerie-ancienne-poste.com\/wp-content\/uploads\/2025\/07\/marie-pierre-meheust-l-embarquement-des-animaux.jpg\" class=\"attachment-large size-large wp-image-1284 wp-post-image\" alt=\"Marie-Pierre M\u00e9heust\" srcset=\"https:\/\/galerie-ancienne-poste.com\/wp-content\/uploads\/2025\/07\/marie-pierre-meheust-l-embarquement-des-animaux.jpg 945w, https:\/\/galerie-ancienne-poste.com\/wp-content\/uploads\/2025\/07\/marie-pierre-meheust-l-embarquement-des-animaux-300x300.jpg 300w, https:\/\/galerie-ancienne-poste.com\/wp-content\/uploads\/2025\/07\/marie-pierre-meheust-l-embarquement-des-animaux-150x150.jpg 150w, https:\/\/galerie-ancienne-poste.com\/wp-content\/uploads\/2025\/07\/marie-pierre-meheust-l-embarquement-des-animaux-768x768.jpg 768w, https:\/\/galerie-ancienne-poste.com\/wp-content\/uploads\/2025\/07\/marie-pierre-meheust-l-embarquement-des-animaux-12x12.jpg 12w\" sizes=\"auto, (max-width: 945px) 100vw, 945px\" data-mwl-img-id=\"1284\" \/><\/a><\/div><\/div><\/div><div class=\"kt-blocks-post-grid-item-inner\"><header><h2 class=\"entry-title\"><a href=\"https:\/\/galerie-ancienne-poste.com\/fr\/exposition\/marie-pierre-meheust\/\">Marie Pierre M\u00e9heust<\/a><\/h2><div class=\"kt-blocks-post-top-meta\"><\/div><\/header><div class=\"entry-content\">5 juillet &#8211; 4 septembre 2014<\/div><footer class=\"kt-blocks-post-footer\"><div class=\"kt-blocks-post-footer-left\"><\/div><div class=\"kt-blocks-post-footer-right\"><\/div><\/footer><\/div><\/div><\/article><article class=\"kt-blocks-post-grid-item post-4067 exposition type-exposition status-publish has-post-thumbnail hentry tag-passees artiste_-van-der-stigghel\"><div class=\"kt-blocks-post-grid-item-inner-wrap kt-feat-image-align-top kt-feat-image-mobile-align-top\"><div class=\"kadence-post-image\"><div class=\"kadence-post-image-intrisic kt-image-ratio-100\" style=\"padding-bottom:100%;\"><div class=\"kadence-post-image-inner-intrisic\"><a aria-hidden=\"true\" tabindex=\"-1\" role=\"presentation\" href=\"https:\/\/galerie-ancienne-poste.com\/fr\/exposition\/flavie-van-der-stigghel\/\" aria-label=\"Flavie Van der Stigghel\" class=\"kadence-post-image-inner-wrap\"><img loading=\"lazy\" decoding=\"async\" width=\"667\" height=\"822\" src=\"https:\/\/galerie-ancienne-poste.com\/wp-content\/uploads\/2025\/07\/flavie-van-der-stigghel-totems-2014.jpg\" class=\"attachment-large size-large wp-image-1265 wp-post-image\" alt=\"Flavie Van Der Stigghel\" srcset=\"https:\/\/galerie-ancienne-poste.com\/wp-content\/uploads\/2025\/07\/flavie-van-der-stigghel-totems-2014.jpg 667w, https:\/\/galerie-ancienne-poste.com\/wp-content\/uploads\/2025\/07\/flavie-van-der-stigghel-totems-2014-243x300.jpg 243w, https:\/\/galerie-ancienne-poste.com\/wp-content\/uploads\/2025\/07\/flavie-van-der-stigghel-totems-2014-10x12.jpg 10w\" sizes=\"auto, (max-width: 667px) 100vw, 667px\" data-mwl-img-id=\"1265\" \/><\/a><\/div><\/div><\/div><div class=\"kt-blocks-post-grid-item-inner\"><header><h2 class=\"entry-title\"><a href=\"https:\/\/galerie-ancienne-poste.com\/fr\/exposition\/flavie-van-der-stigghel\/\">Flavie Van der Stigghel<\/a><\/h2><div class=\"kt-blocks-post-top-meta\"><\/div><\/header><div class=\"entry-content\">24 mai &#8211; 3 juillet 2014 <\/div><footer class=\"kt-blocks-post-footer\"><div class=\"kt-blocks-post-footer-left\"><\/div><div class=\"kt-blocks-post-footer-right\"><\/div><\/footer><\/div><\/div><\/article><article class=\"kt-blocks-post-grid-item post-4070 exposition type-exposition status-publish has-post-thumbnail hentry tag-passees artiste_-claire-lindner\"><div class=\"kt-blocks-post-grid-item-inner-wrap kt-feat-image-align-top kt-feat-image-mobile-align-top\"><div class=\"kadence-post-image\"><div class=\"kadence-post-image-intrisic kt-image-ratio-100\" style=\"padding-bottom:100%;\"><div class=\"kadence-post-image-inner-intrisic\"><a aria-hidden=\"true\" tabindex=\"-1\" role=\"presentation\" href=\"https:\/\/galerie-ancienne-poste.com\/fr\/exposition\/claire-lindner\/\" aria-label=\"Claire Lindner\" class=\"kadence-post-image-inner-wrap\"><img loading=\"lazy\" decoding=\"async\" width=\"700\" height=\"728\" src=\"https:\/\/galerie-ancienne-poste.com\/wp-content\/uploads\/2025\/07\/claire-lindner-sculpture-ceramique-2014.jpg\" class=\"attachment-large size-large wp-image-1259 wp-post-image\" alt=\"Claire Lindner - exposition \u00e0 Toucy - Galerie Ancienne Poste\" srcset=\"https:\/\/galerie-ancienne-poste.com\/wp-content\/uploads\/2025\/07\/claire-lindner-sculpture-ceramique-2014.jpg 700w, https:\/\/galerie-ancienne-poste.com\/wp-content\/uploads\/2025\/07\/claire-lindner-sculpture-ceramique-2014-288x300.jpg 288w, https:\/\/galerie-ancienne-poste.com\/wp-content\/uploads\/2025\/07\/claire-lindner-sculpture-ceramique-2014-12x12.jpg 12w\" sizes=\"auto, (max-width: 700px) 100vw, 700px\" data-mwl-img-id=\"1259\" \/><\/a><\/div><\/div><\/div><div class=\"kt-blocks-post-grid-item-inner\"><header><h2 class=\"entry-title\"><a href=\"https:\/\/galerie-ancienne-poste.com\/fr\/exposition\/claire-lindner\/\">Claire Lindner<\/a><\/h2><div class=\"kt-blocks-post-top-meta\"><\/div><\/header><div class=\"entry-content\">12 avril &#8211;  22 mai 2014 <\/div><footer class=\"kt-blocks-post-footer\"><div class=\"kt-blocks-post-footer-left\"><\/div><div class=\"kt-blocks-post-footer-right\"><\/div><\/footer><\/div><\/div><\/article><article class=\"kt-blocks-post-grid-item post-3072 exposition type-exposition status-publish has-post-thumbnail hentry tag-passees artiste_-alistair-danhieux\"><div class=\"kt-blocks-post-grid-item-inner-wrap kt-feat-image-align-top kt-feat-image-mobile-align-top\"><div class=\"kadence-post-image\"><div class=\"kadence-post-image-intrisic kt-image-ratio-100\" style=\"padding-bottom:100%;\"><div class=\"kadence-post-image-inner-intrisic\"><a aria-hidden=\"true\" tabindex=\"-1\" role=\"presentation\" href=\"https:\/\/galerie-ancienne-poste.com\/fr\/exposition\/alistair-danhieux-oceane-madelaine\/\" aria-label=\"Alistair Danhieux &#8211; Oc\u00e9ane Madelaine\" class=\"kadence-post-image-inner-wrap\"><img loading=\"lazy\" decoding=\"async\" width=\"907\" height=\"750\" src=\"https:\/\/galerie-ancienne-poste.com\/wp-content\/uploads\/2025\/07\/Alistair-DANHIEUX-sculpture-terre-cuite-h.-53-cm-2013.-Photo-Georges-Meguerditchian.jpg\" class=\"attachment-large size-large wp-image-1243 wp-post-image\" alt=\"Alistair Danhieux\" srcset=\"https:\/\/galerie-ancienne-poste.com\/wp-content\/uploads\/2025\/07\/Alistair-DANHIEUX-sculpture-terre-cuite-h.-53-cm-2013.-Photo-Georges-Meguerditchian.jpg 907w, https:\/\/galerie-ancienne-poste.com\/wp-content\/uploads\/2025\/07\/Alistair-DANHIEUX-sculpture-terre-cuite-h.-53-cm-2013.-Photo-Georges-Meguerditchian-300x248.jpg 300w, https:\/\/galerie-ancienne-poste.com\/wp-content\/uploads\/2025\/07\/Alistair-DANHIEUX-sculpture-terre-cuite-h.-53-cm-2013.-Photo-Georges-Meguerditchian-768x635.jpg 768w, https:\/\/galerie-ancienne-poste.com\/wp-content\/uploads\/2025\/07\/Alistair-DANHIEUX-sculpture-terre-cuite-h.-53-cm-2013.-Photo-Georges-Meguerditchian-15x12.jpg 15w\" sizes=\"auto, (max-width: 907px) 100vw, 907px\" data-mwl-img-id=\"1243\" \/><\/a><\/div><\/div><\/div><div class=\"kt-blocks-post-grid-item-inner\"><header><h2 class=\"entry-title\"><a href=\"https:\/\/galerie-ancienne-poste.com\/fr\/exposition\/alistair-danhieux-oceane-madelaine\/\">Alistair Danhieux &#8211; Oc\u00e9ane Madelaine<\/a><\/h2><div class=\"kt-blocks-post-top-meta\"><\/div><\/header><div class=\"entry-content\">9 novembre 2013 &#8211; 5 janvier 2014<\/div><footer class=\"kt-blocks-post-footer\"><div class=\"kt-blocks-post-footer-left\"><\/div><div class=\"kt-blocks-post-footer-right\"><\/div><\/footer><\/div><\/div><\/article><article class=\"kt-blocks-post-grid-item post-4017 exposition type-exposition status-publish has-post-thumbnail hentry tag-passees artiste_-nadia-pasquer\"><div class=\"kt-blocks-post-grid-item-inner-wrap kt-feat-image-align-top kt-feat-image-mobile-align-top\"><div class=\"kadence-post-image\"><div class=\"kadence-post-image-intrisic kt-image-ratio-100\" style=\"padding-bottom:100%;\"><div class=\"kadence-post-image-inner-intrisic\"><a aria-hidden=\"true\" tabindex=\"-1\" role=\"presentation\" href=\"https:\/\/galerie-ancienne-poste.com\/fr\/exposition\/nadia-pasquer-2\/\" aria-label=\"Nadia Pasquer\" class=\"kadence-post-image-inner-wrap\"><img loading=\"lazy\" decoding=\"async\" width=\"1024\" height=\"670\" src=\"https:\/\/galerie-ancienne-poste.com\/wp-content\/uploads\/2025\/07\/nadia-pasquer-expo-2013-1024x670.jpg\" class=\"attachment-large size-large wp-image-4739 wp-post-image\" alt=\"Nadia Pasquer\" srcset=\"https:\/\/galerie-ancienne-poste.com\/wp-content\/uploads\/2025\/07\/nadia-pasquer-expo-2013-1024x670.jpg 1024w, https:\/\/galerie-ancienne-poste.com\/wp-content\/uploads\/2025\/07\/nadia-pasquer-expo-2013-300x196.jpg 300w, https:\/\/galerie-ancienne-poste.com\/wp-content\/uploads\/2025\/07\/nadia-pasquer-expo-2013-768x503.jpg 768w, https:\/\/galerie-ancienne-poste.com\/wp-content\/uploads\/2025\/07\/nadia-pasquer-expo-2013-1536x1005.jpg 1536w, https:\/\/galerie-ancienne-poste.com\/wp-content\/uploads\/2025\/07\/nadia-pasquer-expo-2013-2048x1340.jpg 2048w, https:\/\/galerie-ancienne-poste.com\/wp-content\/uploads\/2025\/07\/nadia-pasquer-expo-2013-18x12.jpg 18w, https:\/\/galerie-ancienne-poste.com\/wp-content\/uploads\/2025\/07\/nadia-pasquer-expo-2013-600x393.jpg 600w\" sizes=\"auto, (max-width: 1024px) 100vw, 1024px\" data-mwl-img-id=\"4739\" \/><\/a><\/div><\/div><\/div><div class=\"kt-blocks-post-grid-item-inner\"><header><h2 class=\"entry-title\"><a href=\"https:\/\/galerie-ancienne-poste.com\/fr\/exposition\/nadia-pasquer-2\/\">Nadia Pasquer<\/a><\/h2><div class=\"kt-blocks-post-top-meta\"><\/div><\/header><div class=\"entry-content\">7 septembre au 7 novembre 2013<\/div><footer class=\"kt-blocks-post-footer\"><div class=\"kt-blocks-post-footer-left\"><\/div><div class=\"kt-blocks-post-footer-right\"><\/div><\/footer><\/div><\/div><\/article><article class=\"kt-blocks-post-grid-item post-4023 exposition type-exposition status-publish has-post-thumbnail hentry tag-passees artiste_-daniel-de-montmollin\"><div class=\"kt-blocks-post-grid-item-inner-wrap kt-feat-image-align-top kt-feat-image-mobile-align-top\"><div class=\"kadence-post-image\"><div class=\"kadence-post-image-intrisic kt-image-ratio-100\" style=\"padding-bottom:100%;\"><div class=\"kadence-post-image-inner-intrisic\"><a aria-hidden=\"true\" tabindex=\"-1\" role=\"presentation\" href=\"https:\/\/galerie-ancienne-poste.com\/fr\/exposition\/daniel-de-montmollin\/\" aria-label=\"Daniel De Montmollin\" class=\"kadence-post-image-inner-wrap\"><img loading=\"lazy\" decoding=\"async\" width=\"995\" height=\"1024\" src=\"https:\/\/galerie-ancienne-poste.com\/wp-content\/uploads\/2025\/07\/daniel-de-montmollin-gres-995x1024.jpg\" class=\"attachment-large size-large wp-image-1403 wp-post-image\" alt=\"Daniel de Montmollin Galerie de l&#039;Ancienne Poste\" srcset=\"https:\/\/galerie-ancienne-poste.com\/wp-content\/uploads\/2025\/07\/daniel-de-montmollin-gres-995x1024.jpg 995w, https:\/\/galerie-ancienne-poste.com\/wp-content\/uploads\/2025\/07\/daniel-de-montmollin-gres-292x300.jpg 292w, https:\/\/galerie-ancienne-poste.com\/wp-content\/uploads\/2025\/07\/daniel-de-montmollin-gres-768x790.jpg 768w, https:\/\/galerie-ancienne-poste.com\/wp-content\/uploads\/2025\/07\/daniel-de-montmollin-gres-12x12.jpg 12w, https:\/\/galerie-ancienne-poste.com\/wp-content\/uploads\/2025\/07\/daniel-de-montmollin-gres.jpg 1458w\" sizes=\"auto, (max-width: 995px) 100vw, 995px\" data-mwl-img-id=\"1403\" \/><\/a><\/div><\/div><\/div><div class=\"kt-blocks-post-grid-item-inner\"><header><h2 class=\"entry-title\"><a href=\"https:\/\/galerie-ancienne-poste.com\/fr\/exposition\/daniel-de-montmollin\/\">Daniel De Montmollin<\/a><\/h2><div class=\"kt-blocks-post-top-meta\"><\/div><\/header><div class=\"entry-content\">6 juillet &#8211; 5 septembre 2013<\/div><footer class=\"kt-blocks-post-footer\"><div class=\"kt-blocks-post-footer-left\"><\/div><div class=\"kt-blocks-post-footer-right\"><\/div><\/footer><\/div><\/div><\/article><article class=\"kt-blocks-post-grid-item post-4002 exposition type-exposition status-publish has-post-thumbnail hentry tag-passees artiste_-stephanie-durand\"><div class=\"kt-blocks-post-grid-item-inner-wrap kt-feat-image-align-top kt-feat-image-mobile-align-top\"><div class=\"kadence-post-image\"><div class=\"kadence-post-image-intrisic kt-image-ratio-100\" style=\"padding-bottom:100%;\"><div class=\"kadence-post-image-inner-intrisic\"><a aria-hidden=\"true\" tabindex=\"-1\" role=\"presentation\" href=\"https:\/\/galerie-ancienne-poste.com\/fr\/exposition\/stephanie-durand\/\" aria-label=\"St\u00e9phanie Durand\" class=\"kadence-post-image-inner-wrap\"><img loading=\"lazy\" decoding=\"async\" width=\"1024\" height=\"1021\" src=\"https:\/\/galerie-ancienne-poste.com\/wp-content\/uploads\/2025\/07\/exposition-stephanie-durand-1024x1021.jpg\" class=\"attachment-large size-large wp-image-1390 wp-post-image\" alt=\"St\u00e9phanie Durand\" srcset=\"https:\/\/galerie-ancienne-poste.com\/wp-content\/uploads\/2025\/07\/exposition-stephanie-durand-1024x1021.jpg 1024w, https:\/\/galerie-ancienne-poste.com\/wp-content\/uploads\/2025\/07\/exposition-stephanie-durand-300x300.jpg 300w, https:\/\/galerie-ancienne-poste.com\/wp-content\/uploads\/2025\/07\/exposition-stephanie-durand-150x150.jpg 150w, https:\/\/galerie-ancienne-poste.com\/wp-content\/uploads\/2025\/07\/exposition-stephanie-durand-768x766.jpg 768w, https:\/\/galerie-ancienne-poste.com\/wp-content\/uploads\/2025\/07\/exposition-stephanie-durand-12x12.jpg 12w, https:\/\/galerie-ancienne-poste.com\/wp-content\/uploads\/2025\/07\/exposition-stephanie-durand.jpg 1504w\" sizes=\"auto, (max-width: 1024px) 100vw, 1024px\" data-mwl-img-id=\"1390\" \/><\/a><\/div><\/div><\/div><div class=\"kt-blocks-post-grid-item-inner\"><header><h2 class=\"entry-title\"><a href=\"https:\/\/galerie-ancienne-poste.com\/fr\/exposition\/stephanie-durand\/\">St\u00e9phanie Durand<\/a><\/h2><div class=\"kt-blocks-post-top-meta\"><\/div><\/header><div class=\"entry-content\">8 juin au 4 juillet 2013<\/div><footer class=\"kt-blocks-post-footer\"><div class=\"kt-blocks-post-footer-left\"><\/div><div class=\"kt-blocks-post-footer-right\"><\/div><\/footer><\/div><\/div><\/article><article class=\"kt-blocks-post-grid-item post-4012 exposition type-exposition status-publish has-post-thumbnail hentry tag-passees artiste_-agathe-larpent\"><div class=\"kt-blocks-post-grid-item-inner-wrap kt-feat-image-align-top kt-feat-image-mobile-align-top\"><div class=\"kadence-post-image\"><div class=\"kadence-post-image-intrisic kt-image-ratio-100\" style=\"padding-bottom:100%;\"><div class=\"kadence-post-image-inner-intrisic\"><a aria-hidden=\"true\" tabindex=\"-1\" role=\"presentation\" href=\"https:\/\/galerie-ancienne-poste.com\/fr\/exposition\/agathe-larpent\/\" aria-label=\"Agathe Larpent\" class=\"kadence-post-image-inner-wrap\"><img loading=\"lazy\" decoding=\"async\" width=\"1024\" height=\"920\" src=\"https:\/\/galerie-ancienne-poste.com\/wp-content\/uploads\/2025\/07\/agathe-larpent-creuset-amour-bronze-1024x920.jpg\" class=\"attachment-large size-large wp-image-1378 wp-post-image\" alt=\"Agathe Larpent\" srcset=\"https:\/\/galerie-ancienne-poste.com\/wp-content\/uploads\/2025\/07\/agathe-larpent-creuset-amour-bronze-1024x920.jpg 1024w, https:\/\/galerie-ancienne-poste.com\/wp-content\/uploads\/2025\/07\/agathe-larpent-creuset-amour-bronze-300x270.jpg 300w, https:\/\/galerie-ancienne-poste.com\/wp-content\/uploads\/2025\/07\/agathe-larpent-creuset-amour-bronze-768x690.jpg 768w, https:\/\/galerie-ancienne-poste.com\/wp-content\/uploads\/2025\/07\/agathe-larpent-creuset-amour-bronze-1536x1380.jpg 1536w, https:\/\/galerie-ancienne-poste.com\/wp-content\/uploads\/2025\/07\/agathe-larpent-creuset-amour-bronze-13x12.jpg 13w, https:\/\/galerie-ancienne-poste.com\/wp-content\/uploads\/2025\/07\/agathe-larpent-creuset-amour-bronze.jpg 1669w\" sizes=\"auto, (max-width: 1024px) 100vw, 1024px\" data-mwl-img-id=\"1378\" \/><\/a><\/div><\/div><\/div><div class=\"kt-blocks-post-grid-item-inner\"><header><h2 class=\"entry-title\"><a href=\"https:\/\/galerie-ancienne-poste.com\/fr\/exposition\/agathe-larpent\/\">Agathe Larpent<\/a><\/h2><div class=\"kt-blocks-post-top-meta\"><\/div><\/header><div class=\"entry-content\">4 mai &#8211; 6 juin 2013<\/div><footer class=\"kt-blocks-post-footer\"><div class=\"kt-blocks-post-footer-left\"><\/div><div class=\"kt-blocks-post-footer-right\"><\/div><\/footer><\/div><\/div><\/article><article class=\"kt-blocks-post-grid-item post-3996 exposition type-exposition status-publish has-post-thumbnail hentry tag-passees artiste_-sophie-favre\"><div class=\"kt-blocks-post-grid-item-inner-wrap kt-feat-image-align-top kt-feat-image-mobile-align-top\"><div class=\"kadence-post-image\"><div class=\"kadence-post-image-intrisic kt-image-ratio-100\" style=\"padding-bottom:100%;\"><div class=\"kadence-post-image-inner-intrisic\"><a aria-hidden=\"true\" tabindex=\"-1\" role=\"presentation\" href=\"https:\/\/galerie-ancienne-poste.com\/fr\/exposition\/sophie-favre-2\/\" aria-label=\"Sophie Favre\" class=\"kadence-post-image-inner-wrap\"><img loading=\"lazy\" decoding=\"async\" width=\"1024\" height=\"1024\" src=\"https:\/\/galerie-ancienne-poste.com\/wp-content\/uploads\/2025\/07\/sophie-favre-terre-cuite-2015-1024x1024.jpg\" class=\"attachment-large size-large wp-image-3994 wp-post-image\" alt=\"Sophie Favre - exposition c\u00e9ramique - sculpture c\u00e9ramique - c\u00e9ramique fran\u00e7aise\" srcset=\"https:\/\/galerie-ancienne-poste.com\/wp-content\/uploads\/2025\/07\/sophie-favre-terre-cuite-2015-1024x1024.jpg 1024w, https:\/\/galerie-ancienne-poste.com\/wp-content\/uploads\/2025\/07\/sophie-favre-terre-cuite-2015-300x300.jpg 300w, https:\/\/galerie-ancienne-poste.com\/wp-content\/uploads\/2025\/07\/sophie-favre-terre-cuite-2015-150x150.jpg 150w, https:\/\/galerie-ancienne-poste.com\/wp-content\/uploads\/2025\/07\/sophie-favre-terre-cuite-2015-768x768.jpg 768w, https:\/\/galerie-ancienne-poste.com\/wp-content\/uploads\/2025\/07\/sophie-favre-terre-cuite-2015-12x12.jpg 12w, https:\/\/galerie-ancienne-poste.com\/wp-content\/uploads\/2025\/07\/sophie-favre-terre-cuite-2015-600x600.jpg 600w, https:\/\/galerie-ancienne-poste.com\/wp-content\/uploads\/2025\/07\/sophie-favre-terre-cuite-2015-100x100.jpg 100w, https:\/\/galerie-ancienne-poste.com\/wp-content\/uploads\/2025\/07\/sophie-favre-terre-cuite-2015.jpg 1500w\" sizes=\"auto, (max-width: 1024px) 100vw, 1024px\" data-mwl-img-id=\"3994\" \/><\/a><\/div><\/div><\/div><div class=\"kt-blocks-post-grid-item-inner\"><header><h2 class=\"entry-title\"><a href=\"https:\/\/galerie-ancienne-poste.com\/fr\/exposition\/sophie-favre-2\/\">Sophie Favre<\/a><\/h2><div class=\"kt-blocks-post-top-meta\"><\/div><\/header><div class=\"entry-content\">23 mars &#8211; 2 mai 2013<\/div><footer class=\"kt-blocks-post-footer\"><div class=\"kt-blocks-post-footer-left\"><\/div><div class=\"kt-blocks-post-footer-right\"><\/div><\/footer><\/div><\/div><\/article><article class=\"kt-blocks-post-grid-item post-3184 exposition type-exposition status-publish has-post-thumbnail hentry tag-passees artiste_-nathalie-pierlot\"><div class=\"kt-blocks-post-grid-item-inner-wrap kt-feat-image-align-top kt-feat-image-mobile-align-top\"><div class=\"kadence-post-image\"><div class=\"kadence-post-image-intrisic kt-image-ratio-100\" style=\"padding-bottom:100%;\"><div class=\"kadence-post-image-inner-intrisic\"><a aria-hidden=\"true\" tabindex=\"-1\" role=\"presentation\" href=\"https:\/\/galerie-ancienne-poste.com\/fr\/exposition\/artistes-de-la-galerie-focus-nathalie-pierlot\/\" aria-label=\"Artistes de la Galerie  focus Nathalie Pierlot\" class=\"kadence-post-image-inner-wrap\"><img loading=\"lazy\" decoding=\"async\" width=\"1024\" height=\"992\" src=\"https:\/\/galerie-ancienne-poste.com\/wp-content\/uploads\/2025\/07\/nathalie-pierlot-2015-1024x992.jpg\" class=\"attachment-large size-large wp-image-3060 wp-post-image\" alt=\"Nathalie Pierlot\" srcset=\"https:\/\/galerie-ancienne-poste.com\/wp-content\/uploads\/2025\/07\/nathalie-pierlot-2015-1024x992.jpg 1024w, https:\/\/galerie-ancienne-poste.com\/wp-content\/uploads\/2025\/07\/nathalie-pierlot-2015-300x291.jpg 300w, https:\/\/galerie-ancienne-poste.com\/wp-content\/uploads\/2025\/07\/nathalie-pierlot-2015-768x744.jpg 768w, https:\/\/galerie-ancienne-poste.com\/wp-content\/uploads\/2025\/07\/nathalie-pierlot-2015-1536x1488.jpg 1536w, https:\/\/galerie-ancienne-poste.com\/wp-content\/uploads\/2025\/07\/nathalie-pierlot-2015-12x12.jpg 12w, https:\/\/galerie-ancienne-poste.com\/wp-content\/uploads\/2025\/07\/nathalie-pierlot-2015-600x581.jpg 600w, https:\/\/galerie-ancienne-poste.com\/wp-content\/uploads\/2025\/07\/nathalie-pierlot-2015.jpg 1548w\" sizes=\"auto, (max-width: 1024px) 100vw, 1024px\" data-mwl-img-id=\"3060\" \/><\/a><\/div><\/div><\/div><div class=\"kt-blocks-post-grid-item-inner\"><header><h2 class=\"entry-title\"><a href=\"https:\/\/galerie-ancienne-poste.com\/fr\/exposition\/artistes-de-la-galerie-focus-nathalie-pierlot\/\">Artistes de la Galerie  focus Nathalie Pierlot<\/a><\/h2><div class=\"kt-blocks-post-top-meta\"><\/div><\/header><div class=\"entry-content\">23 f\u00e9vrier &#8211; 21 mars 2013<\/div><footer class=\"kt-blocks-post-footer\"><div class=\"kt-blocks-post-footer-left\"><\/div><div class=\"kt-blocks-post-footer-right\"><\/div><\/footer><\/div><\/div><\/article><article class=\"kt-blocks-post-grid-item post-4032 exposition type-exposition status-publish has-post-thumbnail hentry tag-passees artiste_-pierre-martinon\"><div class=\"kt-blocks-post-grid-item-inner-wrap kt-feat-image-align-top kt-feat-image-mobile-align-top\"><div class=\"kadence-post-image\"><div class=\"kadence-post-image-intrisic kt-image-ratio-100\" style=\"padding-bottom:100%;\"><div class=\"kadence-post-image-inner-intrisic\"><a aria-hidden=\"true\" tabindex=\"-1\" role=\"presentation\" href=\"https:\/\/galerie-ancienne-poste.com\/fr\/exposition\/pierre-martinon\/\" aria-label=\"Pierre Martinon\" class=\"kadence-post-image-inner-wrap\"><img loading=\"lazy\" decoding=\"async\" width=\"1024\" height=\"683\" src=\"https:\/\/galerie-ancienne-poste.com\/wp-content\/uploads\/2025\/07\/pierre-martinon-galerie-ancienne-poste-e1755938099412-1024x683.jpg\" class=\"attachment-large size-large wp-image-1462 wp-post-image\" alt=\"Pierre Martinon\" srcset=\"https:\/\/galerie-ancienne-poste.com\/wp-content\/uploads\/2025\/07\/pierre-martinon-galerie-ancienne-poste-e1755938099412-1024x683.jpg 1024w, https:\/\/galerie-ancienne-poste.com\/wp-content\/uploads\/2025\/07\/pierre-martinon-galerie-ancienne-poste-e1755938099412-300x200.jpg 300w, https:\/\/galerie-ancienne-poste.com\/wp-content\/uploads\/2025\/07\/pierre-martinon-galerie-ancienne-poste-e1755938099412-768x512.jpg 768w, https:\/\/galerie-ancienne-poste.com\/wp-content\/uploads\/2025\/07\/pierre-martinon-galerie-ancienne-poste-e1755938099412-1536x1025.jpg 1536w, https:\/\/galerie-ancienne-poste.com\/wp-content\/uploads\/2025\/07\/pierre-martinon-galerie-ancienne-poste-e1755938099412-18x12.jpg 18w, https:\/\/galerie-ancienne-poste.com\/wp-content\/uploads\/2025\/07\/pierre-martinon-galerie-ancienne-poste-e1755938099412-600x400.jpg 600w, https:\/\/galerie-ancienne-poste.com\/wp-content\/uploads\/2025\/07\/pierre-martinon-galerie-ancienne-poste-e1755938099412.jpg 1994w\" sizes=\"auto, (max-width: 1024px) 100vw, 1024px\" data-mwl-img-id=\"1462\" \/><\/a><\/div><\/div><\/div><div class=\"kt-blocks-post-grid-item-inner\"><header><h2 class=\"entry-title\"><a href=\"https:\/\/galerie-ancienne-poste.com\/fr\/exposition\/pierre-martinon\/\">Pierre Martinon<\/a><\/h2><div class=\"kt-blocks-post-top-meta\"><\/div><\/header><div class=\"entry-content\">10 novembre 2012 &#8211; 4 janvier 2013<\/div><footer class=\"kt-blocks-post-footer\"><div class=\"kt-blocks-post-footer-left\"><\/div><div class=\"kt-blocks-post-footer-right\"><\/div><\/footer><\/div><\/div><\/article><article class=\"kt-blocks-post-grid-item post-4029 exposition type-exposition status-publish has-post-thumbnail hentry tag-passees artiste_-karine-benvenuti\"><div class=\"kt-blocks-post-grid-item-inner-wrap kt-feat-image-align-top kt-feat-image-mobile-align-top\"><div class=\"kadence-post-image\"><div class=\"kadence-post-image-intrisic kt-image-ratio-100\" style=\"padding-bottom:100%;\"><div class=\"kadence-post-image-inner-intrisic\"><a aria-hidden=\"true\" tabindex=\"-1\" role=\"presentation\" href=\"https:\/\/galerie-ancienne-poste.com\/fr\/exposition\/karine-benvenuti\/\" aria-label=\"Karine Benvenuti\" class=\"kadence-post-image-inner-wrap\"><img loading=\"lazy\" decoding=\"async\" width=\"697\" height=\"595\" src=\"https:\/\/galerie-ancienne-poste.com\/wp-content\/uploads\/2025\/07\/Karine-Benvenuti-gres-email-rouge-H.-25-x-46-x-16-cm.-ref.0112-213.jpg\" class=\"attachment-large size-large wp-image-1348 wp-post-image\" alt=\"Karine Benvenuti\" srcset=\"https:\/\/galerie-ancienne-poste.com\/wp-content\/uploads\/2025\/07\/Karine-Benvenuti-gres-email-rouge-H.-25-x-46-x-16-cm.-ref.0112-213.jpg 697w, https:\/\/galerie-ancienne-poste.com\/wp-content\/uploads\/2025\/07\/Karine-Benvenuti-gres-email-rouge-H.-25-x-46-x-16-cm.-ref.0112-213-300x256.jpg 300w, https:\/\/galerie-ancienne-poste.com\/wp-content\/uploads\/2025\/07\/Karine-Benvenuti-gres-email-rouge-H.-25-x-46-x-16-cm.-ref.0112-213-14x12.jpg 14w\" sizes=\"auto, (max-width: 697px) 100vw, 697px\" data-mwl-img-id=\"1348\" \/><\/a><\/div><\/div><\/div><div class=\"kt-blocks-post-grid-item-inner\"><header><h2 class=\"entry-title\"><a href=\"https:\/\/galerie-ancienne-poste.com\/fr\/exposition\/karine-benvenuti\/\">Karine Benvenuti<\/a><\/h2><div class=\"kt-blocks-post-top-meta\"><\/div><\/header><div class=\"entry-content\">8 septembre &#8211; 8 novembre 2012<\/div><footer class=\"kt-blocks-post-footer\"><div class=\"kt-blocks-post-footer-left\"><\/div><div class=\"kt-blocks-post-footer-right\"><\/div><\/footer><\/div><\/div><\/article><article class=\"kt-blocks-post-grid-item post-4038 exposition type-exposition status-publish has-post-thumbnail hentry tag-passees artiste_-guy-honore\"><div class=\"kt-blocks-post-grid-item-inner-wrap kt-feat-image-align-top kt-feat-image-mobile-align-top\"><div class=\"kadence-post-image\"><div class=\"kadence-post-image-intrisic kt-image-ratio-100\" style=\"padding-bottom:100%;\"><div class=\"kadence-post-image-inner-intrisic\"><a aria-hidden=\"true\" tabindex=\"-1\" role=\"presentation\" href=\"https:\/\/galerie-ancienne-poste.com\/fr\/exposition\/guy-honore\/\" aria-label=\"Guy Honor\u00e9\" class=\"kadence-post-image-inner-wrap\"><img loading=\"lazy\" decoding=\"async\" width=\"966\" height=\"1024\" src=\"https:\/\/galerie-ancienne-poste.com\/wp-content\/uploads\/2025\/07\/guy-honore-exposition-toucy-966x1024.jpg\" class=\"attachment-large size-large wp-image-1447 wp-post-image\" alt=\"Guy Honor\u00e9,\" srcset=\"https:\/\/galerie-ancienne-poste.com\/wp-content\/uploads\/2025\/07\/guy-honore-exposition-toucy-966x1024.jpg 966w, https:\/\/galerie-ancienne-poste.com\/wp-content\/uploads\/2025\/07\/guy-honore-exposition-toucy-283x300.jpg 283w, https:\/\/galerie-ancienne-poste.com\/wp-content\/uploads\/2025\/07\/guy-honore-exposition-toucy-768x814.jpg 768w, https:\/\/galerie-ancienne-poste.com\/wp-content\/uploads\/2025\/07\/guy-honore-exposition-toucy-11x12.jpg 11w, https:\/\/galerie-ancienne-poste.com\/wp-content\/uploads\/2025\/07\/guy-honore-exposition-toucy.jpg 1415w\" sizes=\"auto, (max-width: 966px) 100vw, 966px\" data-mwl-img-id=\"1447\" \/><\/a><\/div><\/div><\/div><div class=\"kt-blocks-post-grid-item-inner\"><header><h2 class=\"entry-title\"><a href=\"https:\/\/galerie-ancienne-poste.com\/fr\/exposition\/guy-honore\/\">Guy Honor\u00e9<\/a><\/h2><div class=\"kt-blocks-post-top-meta\"><\/div><\/header><div class=\"entry-content\">7 juillet &#8211; 6 septembre 2012<\/div><footer class=\"kt-blocks-post-footer\"><div class=\"kt-blocks-post-footer-left\"><\/div><div class=\"kt-blocks-post-footer-right\"><\/div><\/footer><\/div><\/div><\/article><article class=\"kt-blocks-post-grid-item post-4043 exposition type-exposition status-publish has-post-thumbnail hentry tag-passees\"><div class=\"kt-blocks-post-grid-item-inner-wrap kt-feat-image-align-top kt-feat-image-mobile-align-top\"><div class=\"kadence-post-image\"><div class=\"kadence-post-image-intrisic kt-image-ratio-100\" style=\"padding-bottom:100%;\"><div class=\"kadence-post-image-inner-intrisic\"><a aria-hidden=\"true\" tabindex=\"-1\" role=\"presentation\" href=\"https:\/\/galerie-ancienne-poste.com\/fr\/exposition\/martha-pachon-rodriguez\/\" aria-label=\"Martha Pachon Rodriguez\" class=\"kadence-post-image-inner-wrap\"><img loading=\"lazy\" decoding=\"async\" width=\"1024\" height=\"1007\" src=\"https:\/\/galerie-ancienne-poste.com\/wp-content\/uploads\/2025\/07\/marta-pachon-rodriguez-16-1024x1007.jpg\" class=\"attachment-large size-large wp-image-1439 wp-post-image\" alt=\"Martha Pachon Rodriguez\" srcset=\"https:\/\/galerie-ancienne-poste.com\/wp-content\/uploads\/2025\/07\/marta-pachon-rodriguez-16-1024x1007.jpg 1024w, https:\/\/galerie-ancienne-poste.com\/wp-content\/uploads\/2025\/07\/marta-pachon-rodriguez-16-300x295.jpg 300w, https:\/\/galerie-ancienne-poste.com\/wp-content\/uploads\/2025\/07\/marta-pachon-rodriguez-16-768x755.jpg 768w, https:\/\/galerie-ancienne-poste.com\/wp-content\/uploads\/2025\/07\/marta-pachon-rodriguez-16-12x12.jpg 12w, https:\/\/galerie-ancienne-poste.com\/wp-content\/uploads\/2025\/07\/marta-pachon-rodriguez-16.jpg 1526w\" sizes=\"auto, (max-width: 1024px) 100vw, 1024px\" data-mwl-img-id=\"1439\" \/><\/a><\/div><\/div><\/div><div class=\"kt-blocks-post-grid-item-inner\"><header><h2 class=\"entry-title\"><a href=\"https:\/\/galerie-ancienne-poste.com\/fr\/exposition\/martha-pachon-rodriguez\/\">Martha Pachon Rodriguez<\/a><\/h2><div class=\"kt-blocks-post-top-meta\"><\/div><\/header><div class=\"entry-content\">31 mars &#8211; 10 mai 2012 <\/div><footer class=\"kt-blocks-post-footer\"><div class=\"kt-blocks-post-footer-left\"><\/div><div class=\"kt-blocks-post-footer-right\"><\/div><\/footer><\/div><\/div><\/article><article class=\"kt-blocks-post-grid-item post-2910 exposition type-exposition status-publish has-post-thumbnail hentry tag-passees artiste_-ursula-morley-price\"><div class=\"kt-blocks-post-grid-item-inner-wrap kt-feat-image-align-top kt-feat-image-mobile-align-top\"><div class=\"kadence-post-image\"><div class=\"kadence-post-image-intrisic kt-image-ratio-100\" style=\"padding-bottom:100%;\"><div class=\"kadence-post-image-inner-intrisic\"><a aria-hidden=\"true\" tabindex=\"-1\" role=\"presentation\" href=\"https:\/\/galerie-ancienne-poste.com\/fr\/exposition\/ursula-morley-price\/\" aria-label=\"Ursula Morley-Price\" class=\"kadence-post-image-inner-wrap\"><img loading=\"lazy\" decoding=\"async\" width=\"1024\" height=\"1024\" src=\"https:\/\/galerie-ancienne-poste.com\/wp-content\/uploads\/2025\/07\/ursula-morley-price-expo-2011-1024x1024.jpg\" class=\"attachment-large size-large wp-image-3303 wp-post-image\" alt=\"Ursula Morley-Price\" srcset=\"https:\/\/galerie-ancienne-poste.com\/wp-content\/uploads\/2025\/07\/ursula-morley-price-expo-2011-1024x1024.jpg 1024w, https:\/\/galerie-ancienne-poste.com\/wp-content\/uploads\/2025\/07\/ursula-morley-price-expo-2011-300x300.jpg 300w, https:\/\/galerie-ancienne-poste.com\/wp-content\/uploads\/2025\/07\/ursula-morley-price-expo-2011-150x150.jpg 150w, https:\/\/galerie-ancienne-poste.com\/wp-content\/uploads\/2025\/07\/ursula-morley-price-expo-2011-768x767.jpg 768w, https:\/\/galerie-ancienne-poste.com\/wp-content\/uploads\/2025\/07\/ursula-morley-price-expo-2011-12x12.jpg 12w, https:\/\/galerie-ancienne-poste.com\/wp-content\/uploads\/2025\/07\/ursula-morley-price-expo-2011-600x599.jpg 600w, https:\/\/galerie-ancienne-poste.com\/wp-content\/uploads\/2025\/07\/ursula-morley-price-expo-2011-100x100.jpg 100w, https:\/\/galerie-ancienne-poste.com\/wp-content\/uploads\/2025\/07\/ursula-morley-price-expo-2011.jpg 1502w\" sizes=\"auto, (max-width: 1024px) 100vw, 1024px\" data-mwl-img-id=\"3303\" \/><\/a><\/div><\/div><\/div><div class=\"kt-blocks-post-grid-item-inner\"><header><h2 class=\"entry-title\"><a href=\"https:\/\/galerie-ancienne-poste.com\/fr\/exposition\/ursula-morley-price\/\">Ursula Morley-Price<\/a><\/h2><div class=\"kt-blocks-post-top-meta\"><\/div><\/header><div class=\"entry-content\">16 avril &#8211; 26 mai 2011<\/div><footer class=\"kt-blocks-post-footer\"><div class=\"kt-blocks-post-footer-left\"><\/div><div class=\"kt-blocks-post-footer-right\"><\/div><\/footer><\/div><\/div><\/article><article class=\"kt-blocks-post-grid-item post-3458 exposition type-exposition status-publish has-post-thumbnail hentry tag-passees artiste_-robert-deblander\"><div class=\"kt-blocks-post-grid-item-inner-wrap kt-feat-image-align-top kt-feat-image-mobile-align-top\"><div class=\"kadence-post-image\"><div class=\"kadence-post-image-intrisic kt-image-ratio-100\" style=\"padding-bottom:100%;\"><div class=\"kadence-post-image-inner-intrisic\"><a aria-hidden=\"true\" tabindex=\"-1\" role=\"presentation\" href=\"https:\/\/galerie-ancienne-poste.com\/fr\/exposition\/robert-deblander\/\" aria-label=\"Robert Deblander\" class=\"kadence-post-image-inner-wrap\"><img loading=\"lazy\" decoding=\"async\" width=\"1024\" height=\"759\" src=\"https:\/\/galerie-ancienne-poste.com\/wp-content\/uploads\/2025\/07\/deblander-galerie-ancienne-poste-1024x759.jpg\" class=\"attachment-large size-large wp-image-3448 wp-post-image\" alt=\"Robert Deblander\" srcset=\"https:\/\/galerie-ancienne-poste.com\/wp-content\/uploads\/2025\/07\/deblander-galerie-ancienne-poste-1024x759.jpg 1024w, https:\/\/galerie-ancienne-poste.com\/wp-content\/uploads\/2025\/07\/deblander-galerie-ancienne-poste-300x222.jpg 300w, https:\/\/galerie-ancienne-poste.com\/wp-content\/uploads\/2025\/07\/deblander-galerie-ancienne-poste-768x569.jpg 768w, https:\/\/galerie-ancienne-poste.com\/wp-content\/uploads\/2025\/07\/deblander-galerie-ancienne-poste-1536x1139.jpg 1536w, https:\/\/galerie-ancienne-poste.com\/wp-content\/uploads\/2025\/07\/deblander-galerie-ancienne-poste-16x12.jpg 16w, https:\/\/galerie-ancienne-poste.com\/wp-content\/uploads\/2025\/07\/deblander-galerie-ancienne-poste-600x445.jpg 600w, https:\/\/galerie-ancienne-poste.com\/wp-content\/uploads\/2025\/07\/deblander-galerie-ancienne-poste.jpg 2023w\" sizes=\"auto, (max-width: 1024px) 100vw, 1024px\" data-mwl-img-id=\"3448\" \/><\/a><\/div><\/div><\/div><div class=\"kt-blocks-post-grid-item-inner\"><header><h2 class=\"entry-title\"><a href=\"https:\/\/galerie-ancienne-poste.com\/fr\/exposition\/robert-deblander\/\">Robert Deblander<\/a><\/h2><div class=\"kt-blocks-post-top-meta\"><\/div><\/header><div class=\"entry-content\">14 novembre 2009 &#8211; 9 janvier 2010<\/div><footer class=\"kt-blocks-post-footer\"><div class=\"kt-blocks-post-footer-left\"><\/div><div class=\"kt-blocks-post-footer-right\"><\/div><\/footer><\/div><\/div><\/article><article class=\"kt-blocks-post-grid-item post-3926 exposition type-exposition status-publish has-post-thumbnail hentry tag-passees artiste_-camille-virot\"><div class=\"kt-blocks-post-grid-item-inner-wrap kt-feat-image-align-top kt-feat-image-mobile-align-top\"><div class=\"kadence-post-image\"><div class=\"kadence-post-image-intrisic kt-image-ratio-100\" style=\"padding-bottom:100%;\"><div class=\"kadence-post-image-inner-intrisic\"><a aria-hidden=\"true\" tabindex=\"-1\" role=\"presentation\" href=\"https:\/\/galerie-ancienne-poste.com\/fr\/exposition\/camille-virot\/\" aria-label=\"Camille Virot\" class=\"kadence-post-image-inner-wrap\"><img loading=\"lazy\" decoding=\"async\" width=\"1024\" height=\"1024\" src=\"https:\/\/galerie-ancienne-poste.com\/wp-content\/uploads\/2025\/07\/Camille-Virot-Bol-genese-1-1024x1024.jpg\" class=\"attachment-large size-large wp-image-3931 wp-post-image\" alt=\"Camille Virot - bol gen\u00e8se - Galerie de l&#039;Ancienne poste - sculpture Camille Virot\" srcset=\"https:\/\/galerie-ancienne-poste.com\/wp-content\/uploads\/2025\/07\/Camille-Virot-Bol-genese-1-1024x1024.jpg 1024w, https:\/\/galerie-ancienne-poste.com\/wp-content\/uploads\/2025\/07\/Camille-Virot-Bol-genese-1-300x300.jpg 300w, https:\/\/galerie-ancienne-poste.com\/wp-content\/uploads\/2025\/07\/Camille-Virot-Bol-genese-1-150x150.jpg 150w, https:\/\/galerie-ancienne-poste.com\/wp-content\/uploads\/2025\/07\/Camille-Virot-Bol-genese-1-768x768.jpg 768w, https:\/\/galerie-ancienne-poste.com\/wp-content\/uploads\/2025\/07\/Camille-Virot-Bol-genese-1-12x12.jpg 12w, https:\/\/galerie-ancienne-poste.com\/wp-content\/uploads\/2025\/07\/Camille-Virot-Bol-genese-1-600x600.jpg 600w, https:\/\/galerie-ancienne-poste.com\/wp-content\/uploads\/2025\/07\/Camille-Virot-Bol-genese-1-100x100.jpg 100w, https:\/\/galerie-ancienne-poste.com\/wp-content\/uploads\/2025\/07\/Camille-Virot-Bol-genese-1.jpg 1500w\" sizes=\"auto, (max-width: 1024px) 100vw, 1024px\" data-mwl-img-id=\"3931\" \/><\/a><\/div><\/div><\/div><div class=\"kt-blocks-post-grid-item-inner\"><header><h2 class=\"entry-title\"><a href=\"https:\/\/galerie-ancienne-poste.com\/fr\/exposition\/camille-virot\/\">Camille Virot<\/a><\/h2><div class=\"kt-blocks-post-top-meta\"><\/div><\/header><div class=\"entry-content\">12 septembre &#8211; 5 novembre 2009<\/div><footer class=\"kt-blocks-post-footer\"><div class=\"kt-blocks-post-footer-left\"><\/div><div class=\"kt-blocks-post-footer-right\"><\/div><\/footer><\/div><\/div><\/article><\/div><\/div><!-- .wp-block-kadence-postgrid --><\/div><\/div>\n\n<\/div><\/div><\/div><\/div>\n\n\n\n<div class=\"wp-block-kadence-tab kt-tab-inner-content kt-inner-tab-4 kt-inner-taba42712-29\"><div class=\"kt-tab-inner-content-inner\"><style>.kb-row-layout-id1552_ea7793-39 > .kt-row-column-wrap{align-content:start;}:where(.kb-row-layout-id1552_ea7793-39 > .kt-row-column-wrap) > .wp-block-kadence-column{justify-content:start;}.kb-row-layout-id1552_ea7793-39 > .kt-row-column-wrap{column-gap:var(--global-kb-gap-md, 2rem);row-gap:var(--global-kb-gap-md, 2rem);padding-top:var(--global-kb-spacing-xs, 1rem);padding-right:var(--global-kb-spacing-xs, 1rem);padding-bottom:var(--global-kb-spacing-xs, 1rem);padding-left:var(--global-kb-spacing-xs, 1rem);grid-template-columns:minmax(0, 1fr);}.kb-row-layout-id1552_ea7793-39 > .kt-row-layout-overlay{opacity:0.30;}@media all and (max-width: 1024px){.kb-row-layout-id1552_ea7793-39 > .kt-row-column-wrap{grid-template-columns:minmax(0, 1fr);}}@media all and (max-width: 767px){.kb-row-layout-id1552_ea7793-39 > .kt-row-column-wrap{grid-template-columns:minmax(0, 1fr);}}<\/style><div class=\"kb-row-layout-wrap kb-row-layout-id1552_ea7793-39 alignnone wp-block-kadence-rowlayout\"><div class=\"kt-row-column-wrap kt-has-1-columns kt-row-layout-equal kt-tab-layout-inherit kt-mobile-layout-row kt-row-valign-top\">\n<style>.kadence-column1552_b6c1bd-cc > .kt-inside-inner-col,.kadence-column1552_b6c1bd-cc > .kt-inside-inner-col:before{border-top-left-radius:0px;border-top-right-radius:0px;border-bottom-right-radius:0px;border-bottom-left-radius:0px;}.kadence-column1552_b6c1bd-cc > .kt-inside-inner-col{column-gap:var(--global-kb-gap-sm, 1rem);}.kadence-column1552_b6c1bd-cc > .kt-inside-inner-col{flex-direction:column;}.kadence-column1552_b6c1bd-cc > .kt-inside-inner-col > .aligncenter{width:100%;}.kadence-column1552_b6c1bd-cc > .kt-inside-inner-col:before{opacity:0.3;}.kadence-column1552_b6c1bd-cc{position:relative;}@media all and (max-width: 1024px){.kadence-column1552_b6c1bd-cc > .kt-inside-inner-col{flex-direction:column;justify-content:center;}}@media all and (max-width: 767px){.kadence-column1552_b6c1bd-cc > .kt-inside-inner-col{flex-direction:column;justify-content:center;}}<\/style>\n<div class=\"wp-block-kadence-column kadence-column1552_b6c1bd-cc\"><div class=\"kt-inside-inner-col\"><style>.kt-post-loop1552_3eff2e-e8 .kadence-post-image{padding-top:0px;padding-right:0px;padding-bottom:0px;padding-left:0px;}.kt-post-loop1552_3eff2e-e8 .kt-post-grid-wrap{gap:30px 30px;}.kt-post-loop1552_3eff2e-e8 .kt-blocks-post-grid-item{border-top-left-radius:0px;border-top-right-radius:0px;border-bottom-right-radius:0px;border-bottom-left-radius:0px;overflow:hidden;}.kt-post-loop1552_3eff2e-e8 .kt-blocks-post-grid-item .kt-blocks-post-grid-item-inner{padding-top:0px;padding-right:0px;padding-bottom:0px;padding-left:0px;}.kt-post-loop1552_3eff2e-e8 .kt-blocks-post-grid-item .kt-blocks-post-grid-item-inner{text-align:center;}.kt-post-loop1552_3eff2e-e8 .kt-blocks-post-grid-item .kt-blocks-post-top-meta{justify-content:center;}.kt-post-loop1552_3eff2e-e8 .kt-blocks-post-grid-item header{padding-top:10px;padding-right:0px;padding-bottom:10px;padding-left:0px;margin-top:0px;margin-right:0px;margin-bottom:0px;margin-left:0px;background-color:#ffffff;}.kt-post-loop1552_3eff2e-e8 .kt-blocks-post-grid-item .kt-blocks-above-categories{font-size:13px;line-height:20px;text-transform:uppercase;}.kt-post-loop1552_3eff2e-e8 .kt-blocks-post-grid-item .entry-title{padding-top:5px;padding-right:0px;padding-bottom:0px;padding-left:0px;margin-top:0px;margin-right:0px;margin-bottom:0px;margin-left:0px;font-size:24px;line-height:30px;}.kt-post-loop1552_3eff2e-e8 .entry-content{padding-top:0px;padding-right:0px;padding-bottom:0px;padding-left:0px;margin-top:0px;margin-right:0px;margin-bottom:0px;margin-left:0px;}.kt-post-loop1552_3eff2e-e8 .kt-blocks-post-footer{color:#aaaaaa;border-top-width:2px;border-right-width:0px;border-bottom-width:0px;border-left-width:0px;padding-top:5px;padding-right:0px;padding-bottom:0px;padding-left:0px;margin-top:20px;margin-right:0px;margin-bottom:0px;margin-left:0px;font-size:12px;line-height:20px;text-transform:uppercase;}.kt-post-loop1552_3eff2e-e8 .entry-content:after{height:20px;}.kt-post-loop1552_3eff2e-e8 .kt-blocks-post-footer a{color:#aaaaaa;}.kt-post-loop1552_3eff2e-e8 .kt-blocks-post-footer a:hover{color:#7f7f7f;}.kt-post-loop1552_3eff2e-e8 .kb-filter-item{border-top-width:0px;border-right-width:0px;border-bottom-width:2px;border-left-width:0px;padding-top:5px;padding-right:8px;padding-bottom:5px;padding-left:8px;margin-top:0px;margin-right:10px;margin-bottom:0px;margin-left:0px;}<\/style><div class=\"wp-block-kadence-postgrid kt-blocks-post-loop-block alignnone kt-post-loop1552_3eff2e-e8 kt-post-grid-layout-grid \"><div class=\"kt-post-grid-layout-grid-wrap kt-post-grid-wrap\" data-columns-xxl=\"4\" data-columns-xl=\"4\" data-columns-md=\"4\" data-columns-sm=\"3\" data-columns-xs=\"2\" data-columns-ss=\"2\"data-item-selector=\".kt-post-masonry-item\" aria-label=\"Post Carousel\"><article class=\"kt-blocks-post-grid-item post-9110 exposition type-exposition status-publish has-post-thumbnail hentry tag-hors-les-murs artiste_-camille-virot artiste_-icaro-maiterena\"><div class=\"kt-blocks-post-grid-item-inner-wrap kt-feat-image-align-top kt-feat-image-mobile-align-top\"><div class=\"kadence-post-image\"><div class=\"kadence-post-image-intrisic kt-image-ratio-100\" style=\"padding-bottom:100%;\"><div class=\"kadence-post-image-inner-intrisic\"><a aria-hidden=\"true\" tabindex=\"-1\" role=\"presentation\" href=\"https:\/\/galerie-ancienne-poste.com\/fr\/exposition\/les-energies-de-la-terre-mnad-limoges\/\" aria-label=\"Les \u00e9nergies de la terre &#8211; Mnad Limoges\" class=\"kadence-post-image-inner-wrap\"><img loading=\"lazy\" decoding=\"async\" width=\"1000\" height=\"718\" src=\"https:\/\/galerie-ancienne-poste.com\/wp-content\/uploads\/2026\/02\/limoges-e1770357817238.jpg\" class=\"attachment-large size-large wp-image-9109 wp-post-image\" alt=\"Mus\u00e9e national Adrien Dubouch\u00e9 - Camille Virot - les \u00e9nergies de la terre\" srcset=\"https:\/\/galerie-ancienne-poste.com\/wp-content\/uploads\/2026\/02\/limoges-e1770357817238.jpg 1000w, https:\/\/galerie-ancienne-poste.com\/wp-content\/uploads\/2026\/02\/limoges-e1770357817238-300x215.jpg 300w, https:\/\/galerie-ancienne-poste.com\/wp-content\/uploads\/2026\/02\/limoges-e1770357817238-768x551.jpg 768w, https:\/\/galerie-ancienne-poste.com\/wp-content\/uploads\/2026\/02\/limoges-e1770357817238-18x12.jpg 18w, https:\/\/galerie-ancienne-poste.com\/wp-content\/uploads\/2026\/02\/limoges-e1770357817238-600x431.jpg 600w\" sizes=\"auto, (max-width: 1000px) 100vw, 1000px\" data-mwl-img-id=\"9109\" \/><\/a><\/div><\/div><\/div><div class=\"kt-blocks-post-grid-item-inner\"><header><h2 class=\"entry-title\"><a href=\"https:\/\/galerie-ancienne-poste.com\/fr\/exposition\/les-energies-de-la-terre-mnad-limoges\/\">Les \u00e9nergies de la terre &#8211; Mnad Limoges<\/a><\/h2><div class=\"kt-blocks-post-top-meta\"><\/div><\/header><div class=\"entry-content\">12 d\u00e9cembre 2025 &#8211; 28 mai 2026<\/div><footer class=\"kt-blocks-post-footer\"><div class=\"kt-blocks-post-footer-left\"><\/div><div class=\"kt-blocks-post-footer-right\"><\/div><\/footer><\/div><\/div><\/article><article class=\"kt-blocks-post-grid-item post-3499 exposition type-exposition status-publish has-post-thumbnail hentry tag-hors-les-murs artiste_-25-ans\"><div class=\"kt-blocks-post-grid-item-inner-wrap kt-feat-image-align-top kt-feat-image-mobile-align-top\"><div class=\"kadence-post-image\"><div class=\"kadence-post-image-intrisic kt-image-ratio-100\" style=\"padding-bottom:100%;\"><div class=\"kadence-post-image-inner-intrisic\"><a aria-hidden=\"true\" tabindex=\"-1\" role=\"presentation\" href=\"https:\/\/galerie-ancienne-poste.com\/fr\/exposition\/les-25-ans-de-la-galerie-de-lancienne-poste\/\" aria-label=\"Les 25 ans de la Galerie de l&rsquo;Ancienne Poste\" class=\"kadence-post-image-inner-wrap\"><img loading=\"lazy\" decoding=\"async\" width=\"719\" height=\"1024\" src=\"https:\/\/galerie-ancienne-poste.com\/wp-content\/uploads\/2025\/07\/catalogue-25-ans-719x1024.jpeg\" class=\"attachment-large size-large wp-image-1502 wp-post-image\" alt=\"Galerie de l&#039;Ancienne poste - 25 ans -anniversaire de la galerie - maison du chanoine treigny\" srcset=\"https:\/\/galerie-ancienne-poste.com\/wp-content\/uploads\/2025\/07\/catalogue-25-ans-719x1024.jpeg 719w, https:\/\/galerie-ancienne-poste.com\/wp-content\/uploads\/2025\/07\/catalogue-25-ans-211x300.jpeg 211w, https:\/\/galerie-ancienne-poste.com\/wp-content\/uploads\/2025\/07\/catalogue-25-ans-768x1094.jpeg 768w, https:\/\/galerie-ancienne-poste.com\/wp-content\/uploads\/2025\/07\/catalogue-25-ans-8x12.jpeg 8w, https:\/\/galerie-ancienne-poste.com\/wp-content\/uploads\/2025\/07\/catalogue-25-ans-600x855.jpeg 600w, https:\/\/galerie-ancienne-poste.com\/wp-content\/uploads\/2025\/07\/catalogue-25-ans.jpeg 788w\" sizes=\"auto, (max-width: 719px) 100vw, 719px\" data-mwl-img-id=\"1502\" \/><\/a><\/div><\/div><\/div><div class=\"kt-blocks-post-grid-item-inner\"><header><h2 class=\"entry-title\"><a href=\"https:\/\/galerie-ancienne-poste.com\/fr\/exposition\/les-25-ans-de-la-galerie-de-lancienne-poste\/\">Les 25 ans de la Galerie de l&rsquo;Ancienne Poste<\/a><\/h2><div class=\"kt-blocks-post-top-meta\"><\/div><\/header><div class=\"entry-content\">11 septembre &#8211; 6 novembre 2022<\/div><footer class=\"kt-blocks-post-footer\"><div class=\"kt-blocks-post-footer-left\"><\/div><div class=\"kt-blocks-post-footer-right\"><\/div><\/footer><\/div><\/div><\/article><article class=\"kt-blocks-post-grid-item post-3477 exposition type-exposition status-publish has-post-thumbnail hentry tag-hors-les-murs artiste_-la-piscine\"><div class=\"kt-blocks-post-grid-item-inner-wrap kt-feat-image-align-top kt-feat-image-mobile-align-top\"><div class=\"kadence-post-image\"><div class=\"kadence-post-image-intrisic kt-image-ratio-100\" style=\"padding-bottom:100%;\"><div class=\"kadence-post-image-inner-intrisic\"><a aria-hidden=\"true\" tabindex=\"-1\" role=\"presentation\" href=\"https:\/\/galerie-ancienne-poste.com\/fr\/exposition\/3477\/\" aria-label=\"Carte blanche au Mus\u00e9e La Piscine \u00e0 Roubaix\" class=\"kadence-post-image-inner-wrap\"><img loading=\"lazy\" decoding=\"async\" width=\"1024\" height=\"683\" src=\"https:\/\/galerie-ancienne-poste.com\/wp-content\/uploads\/2025\/07\/musee-de-la-piscine-roubaix-1-1024x683.jpg\" class=\"attachment-large size-large wp-image-3487 wp-post-image\" alt=\"\" srcset=\"https:\/\/galerie-ancienne-poste.com\/wp-content\/uploads\/2025\/07\/musee-de-la-piscine-roubaix-1-1024x683.jpg 1024w, https:\/\/galerie-ancienne-poste.com\/wp-content\/uploads\/2025\/07\/musee-de-la-piscine-roubaix-1-300x200.jpg 300w, https:\/\/galerie-ancienne-poste.com\/wp-content\/uploads\/2025\/07\/musee-de-la-piscine-roubaix-1-768x512.jpg 768w, https:\/\/galerie-ancienne-poste.com\/wp-content\/uploads\/2025\/07\/musee-de-la-piscine-roubaix-1-1536x1024.jpg 1536w, https:\/\/galerie-ancienne-poste.com\/wp-content\/uploads\/2025\/07\/musee-de-la-piscine-roubaix-1-2048x1365.jpg 2048w, https:\/\/galerie-ancienne-poste.com\/wp-content\/uploads\/2025\/07\/musee-de-la-piscine-roubaix-1-18x12.jpg 18w, https:\/\/galerie-ancienne-poste.com\/wp-content\/uploads\/2025\/07\/musee-de-la-piscine-roubaix-1-600x400.jpg 600w\" sizes=\"auto, (max-width: 1024px) 100vw, 1024px\" data-mwl-img-id=\"3487\"><\/a><\/div><\/div><\/div><div class=\"kt-blocks-post-grid-item-inner\"><header><h2 class=\"entry-title\"><a href=\"https:\/\/galerie-ancienne-poste.com\/fr\/exposition\/3477\/\">Carte blanche au Mus\u00e9e La Piscine \u00e0 Roubaix<\/a><\/h2><div class=\"kt-blocks-post-top-meta\"><\/div><\/header><div class=\"entry-content\">22 f\u00e9vrier &#8211; 20 septembre 2020<\/div><footer class=\"kt-blocks-post-footer\"><div class=\"kt-blocks-post-footer-left\"><\/div><div class=\"kt-blocks-post-footer-right\"><\/div><\/footer><\/div><\/div><\/article><article class=\"kt-blocks-post-grid-item post-3569 exposition type-exposition status-publish has-post-thumbnail hentry tag-hors-les-murs\"><div class=\"kt-blocks-post-grid-item-inner-wrap kt-feat-image-align-top kt-feat-image-mobile-align-top\"><div class=\"kadence-post-image\"><div class=\"kadence-post-image-intrisic kt-image-ratio-100\" style=\"padding-bottom:100%;\"><div class=\"kadence-post-image-inner-intrisic\"><a aria-hidden=\"true\" tabindex=\"-1\" role=\"presentation\" href=\"https:\/\/galerie-ancienne-poste.com\/fr\/exposition\/exposition-a-la-maison-des-arts-de-chatillon-hauts-de-seine\/\" aria-label=\"Exposition \u00e0 la Maison des Arts de Chatillon (Hauts-de-Seine)\" class=\"kadence-post-image-inner-wrap\"><img loading=\"lazy\" decoding=\"async\" width=\"893\" height=\"1024\" src=\"https:\/\/galerie-ancienne-poste.com\/wp-content\/uploads\/2025\/07\/morley-price-maison-des-arts-893x1024.jpg\" class=\"attachment-large size-large wp-image-3535 wp-post-image\" alt=\"Ursula Morley-Price ceramics - ceramic collection - ceramic collectors\" srcset=\"https:\/\/galerie-ancienne-poste.com\/wp-content\/uploads\/2025\/07\/morley-price-maison-des-arts-893x1024.jpg 893w, https:\/\/galerie-ancienne-poste.com\/wp-content\/uploads\/2025\/07\/morley-price-maison-des-arts-262x300.jpg 262w, https:\/\/galerie-ancienne-poste.com\/wp-content\/uploads\/2025\/07\/morley-price-maison-des-arts-768x881.jpg 768w, https:\/\/galerie-ancienne-poste.com\/wp-content\/uploads\/2025\/07\/morley-price-maison-des-arts-10x12.jpg 10w, https:\/\/galerie-ancienne-poste.com\/wp-content\/uploads\/2025\/07\/morley-price-maison-des-arts-600x688.jpg 600w, https:\/\/galerie-ancienne-poste.com\/wp-content\/uploads\/2025\/07\/morley-price-maison-des-arts.jpg 1308w\" sizes=\"auto, (max-width: 893px) 100vw, 893px\" data-mwl-img-id=\"3535\" \/><\/a><\/div><\/div><\/div><div class=\"kt-blocks-post-grid-item-inner\"><header><h2 class=\"entry-title\"><a href=\"https:\/\/galerie-ancienne-poste.com\/fr\/exposition\/exposition-a-la-maison-des-arts-de-chatillon-hauts-de-seine\/\">Exposition \u00e0 la Maison des Arts de Chatillon (Hauts-de-Seine)<\/a><\/h2><div class=\"kt-blocks-post-top-meta\"><\/div><\/header><div class=\"entry-content\">12 novembre &#8211; 14 d\u00e9cembre 2019<\/div><footer class=\"kt-blocks-post-footer\"><div class=\"kt-blocks-post-footer-left\"><\/div><div class=\"kt-blocks-post-footer-right\"><\/div><\/footer><\/div><\/div><\/article><article class=\"kt-blocks-post-grid-item post-4160 exposition type-exposition status-publish has-post-thumbnail hentry tag-hors-les-murs\"><div class=\"kt-blocks-post-grid-item-inner-wrap kt-feat-image-align-top kt-feat-image-mobile-align-top\"><div class=\"kadence-post-image\"><div class=\"kadence-post-image-intrisic kt-image-ratio-100\" style=\"padding-bottom:100%;\"><div class=\"kadence-post-image-inner-intrisic\"><a aria-hidden=\"true\" tabindex=\"-1\" role=\"presentation\" href=\"https:\/\/galerie-ancienne-poste.com\/fr\/exposition\/retrospective-ursula-morley-price\/\" aria-label=\"R\u00e9trospective Ursula Morley-Price\" class=\"kadence-post-image-inner-wrap\"><img loading=\"lazy\" decoding=\"async\" width=\"984\" height=\"1024\" src=\"https:\/\/galerie-ancienne-poste.com\/wp-content\/uploads\/2025\/07\/musee-art-moderne-troyes-984x1024.jpg\" class=\"attachment-large size-large wp-image-4157 wp-post-image\" alt=\"\" srcset=\"https:\/\/galerie-ancienne-poste.com\/wp-content\/uploads\/2025\/07\/musee-art-moderne-troyes-984x1024.jpg 984w, https:\/\/galerie-ancienne-poste.com\/wp-content\/uploads\/2025\/07\/musee-art-moderne-troyes-288x300.jpg 288w, https:\/\/galerie-ancienne-poste.com\/wp-content\/uploads\/2025\/07\/musee-art-moderne-troyes-768x799.jpg 768w, https:\/\/galerie-ancienne-poste.com\/wp-content\/uploads\/2025\/07\/musee-art-moderne-troyes-12x12.jpg 12w, https:\/\/galerie-ancienne-poste.com\/wp-content\/uploads\/2025\/07\/musee-art-moderne-troyes-600x624.jpg 600w, https:\/\/galerie-ancienne-poste.com\/wp-content\/uploads\/2025\/07\/musee-art-moderne-troyes.jpg 1442w\" sizes=\"auto, (max-width: 984px) 100vw, 984px\" data-mwl-img-id=\"4157\"><\/a><\/div><\/div><\/div><div class=\"kt-blocks-post-grid-item-inner\"><header><h2 class=\"entry-title\"><a href=\"https:\/\/galerie-ancienne-poste.com\/fr\/exposition\/retrospective-ursula-morley-price\/\">R\u00e9trospective Ursula Morley-Price<\/a><\/h2><div class=\"kt-blocks-post-top-meta\"><\/div><\/header><div class=\"entry-content\">22 juin &#8211; 27 octobre 2013<\/div><footer class=\"kt-blocks-post-footer\"><div class=\"kt-blocks-post-footer-left\"><\/div><div class=\"kt-blocks-post-footer-right\"><\/div><\/footer><\/div><\/div><\/article><\/div><\/div><!-- .wp-block-kadence-postgrid --><\/div><\/div>\n\n<\/div><\/div><\/div><\/div>\n<\/div><\/div><\/div>\n\n\n\n<p><\/p>\n","protected":false},"excerpt":{"rendered":"<p>Expositions<\/p>\n","protected":false},"author":206,"featured_media":0,"parent":0,"menu_order":6,"comment_status":"closed","ping_status":"closed","template":"","meta":{"_acf_changed":false,"_kad_blocks_custom_css":"","_kad_blocks_head_custom_js":"","_kad_blocks_body_custom_js":"","_kad_blocks_footer_custom_js":"","_kad_post_transparent":"","_kad_post_title":"","_kad_post_layout":"","_kad_post_sidebar_id":"","_kad_post_content_style":"","_kad_post_vertical_padding":"","_kad_post_feature":"","_kad_post_feature_position":"","_kad_post_header":false,"_kad_post_footer":false,"_kad_post_classname":"","footnotes":""},"class_list":["post-1552","page","type-page","status-publish","hentry"],"acf":[],"taxonomy_info":[],"featured_image_src_large":false,"author_info":{"display_name":"ethansitbon","author_link":"https:\/\/galerie-ancienne-poste.com\/fr\/author\/ethansitbon\/"},"comment_info":0,"_links":{"self":[{"href":"https:\/\/galerie-ancienne-poste.com\/fr\/wp-json\/wp\/v2\/pages\/1552","targetHints":{"allow":["GET"]}}],"collection":[{"href":"https:\/\/galerie-ancienne-poste.com\/fr\/wp-json\/wp\/v2\/pages"}],"about":[{"href":"https:\/\/galerie-ancienne-poste.com\/fr\/wp-json\/wp\/v2\/types\/page"}],"author":[{"embeddable":true,"href":"https:\/\/galerie-ancienne-poste.com\/fr\/wp-json\/wp\/v2\/users\/206"}],"replies":[{"embeddable":true,"href":"https:\/\/galerie-ancienne-poste.com\/fr\/wp-json\/wp\/v2\/comments?post=1552"}],"version-history":[{"count":19,"href":"https:\/\/galerie-ancienne-poste.com\/fr\/wp-json\/wp\/v2\/pages\/1552\/revisions"}],"predecessor-version":[{"id":9637,"href":"https:\/\/galerie-ancienne-poste.com\/fr\/wp-json\/wp\/v2\/pages\/1552\/revisions\/9637"}],"wp:attachment":[{"href":"https:\/\/galerie-ancienne-poste.com\/fr\/wp-json\/wp\/v2\/media?parent=1552"}],"curies":[{"name":"wp","href":"https:\/\/api.w.org\/{rel}","templated":true}]}}