{"id":1556,"date":"2025-08-15T20:29:00","date_gmt":"2025-08-15T18:29:00","guid":{"rendered":"https:\/\/galerie-ancienne-poste.com\/?page_id=1556"},"modified":"2025-08-28T16:59:35","modified_gmt":"2025-08-28T14:59:35","slug":"presse","status":"publish","type":"page","link":"https:\/\/galerie-ancienne-poste.com\/fr\/presse\/","title":{"rendered":"Presse"},"content":{"rendered":"<style>.kb-row-layout-id1556_b17ce5-9b > .kt-row-column-wrap{align-content:start;}:where(.kb-row-layout-id1556_b17ce5-9b > .kt-row-column-wrap) > .wp-block-kadence-column{justify-content:start;}.kb-row-layout-id1556_b17ce5-9b > .kt-row-column-wrap{column-gap:var(--global-kb-gap-md, 2rem);row-gap:var(--global-kb-gap-md, 2rem);max-width:var( --global-content-width, 1250px );padding-left:var(--global-content-edge-padding);padding-right:var(--global-content-edge-padding);padding-top:var(--global-kb-spacing-sm, 1.5rem);padding-bottom:var(--global-kb-spacing-sm, 1.5rem);grid-template-columns:minmax(0, calc(15% - ((var(--global-kb-gap-md, 2rem) * 2 )\/3)))minmax(0, calc(65% - ((var(--global-kb-gap-md, 2rem) * 2 )\/3)))minmax(0, calc(20% - ((var(--global-kb-gap-md, 2rem) * 2 )\/3)));}.kb-row-layout-id1556_b17ce5-9b > .kt-row-layout-overlay{opacity:0.30;}@media all and (max-width: 1024px){.kb-row-layout-id1556_b17ce5-9b > .kt-row-column-wrap > div:not(.added-for-specificity){grid-column:initial;}}@media all and (max-width: 1024px){.kb-row-layout-id1556_b17ce5-9b > .kt-row-column-wrap{grid-template-columns:repeat(3, minmax(0, 1fr));}}@media all and (max-width: 767px){.kb-row-layout-id1556_b17ce5-9b > .kt-row-column-wrap > div:not(.added-for-specificity){grid-column:initial;}.kb-row-layout-id1556_b17ce5-9b > .kt-row-column-wrap{grid-template-columns:minmax(0, 1fr);}}<\/style><div class=\"kb-row-layout-wrap kb-row-layout-id1556_b17ce5-9b alignnone wp-block-kadence-rowlayout\"><div class=\"kt-row-column-wrap kt-has-3-columns kt-row-layout-equal kt-tab-layout-inherit kt-mobile-layout-row kt-row-valign-top kb-theme-content-width\">\n<style>.kadence-column1556_997720-c9 > .kt-inside-inner-col,.kadence-column1556_997720-c9 > .kt-inside-inner-col:before{border-top-left-radius:0px;border-top-right-radius:0px;border-bottom-right-radius:0px;border-bottom-left-radius:0px;}.kadence-column1556_997720-c9 > .kt-inside-inner-col{column-gap:var(--global-kb-gap-sm, 1rem);}.kadence-column1556_997720-c9 > .kt-inside-inner-col{flex-direction:column;}.kadence-column1556_997720-c9 > .kt-inside-inner-col > .aligncenter{width:100%;}.kadence-column1556_997720-c9 > .kt-inside-inner-col:before{opacity:0.3;}.kadence-column1556_997720-c9{position:relative;}@media all and (max-width: 1024px){.kadence-column1556_997720-c9 > .kt-inside-inner-col{flex-direction:column;justify-content:center;}}@media all and (max-width: 767px){.kadence-column1556_997720-c9 > .kt-inside-inner-col{flex-direction:column;justify-content:center;}}<\/style>\n<div class=\"wp-block-kadence-column kadence-column1556_997720-c9\"><div class=\"kt-inside-inner-col\"><\/div><\/div>\n\n\n<style>.kadence-column1556_7f54e6-08 > .kt-inside-inner-col,.kadence-column1556_7f54e6-08 > .kt-inside-inner-col:before{border-top-left-radius:0px;border-top-right-radius:0px;border-bottom-right-radius:0px;border-bottom-left-radius:0px;}.kadence-column1556_7f54e6-08 > .kt-inside-inner-col{column-gap:var(--global-kb-gap-sm, 1rem);}.kadence-column1556_7f54e6-08 > .kt-inside-inner-col{flex-direction:column;}.kadence-column1556_7f54e6-08 > .kt-inside-inner-col > .aligncenter{width:100%;}.kadence-column1556_7f54e6-08 > .kt-inside-inner-col:before{opacity:0.3;}.kadence-column1556_7f54e6-08{position:relative;}@media all and (max-width: 1024px){.kadence-column1556_7f54e6-08 > .kt-inside-inner-col{flex-direction:column;justify-content:center;}}@media all and (max-width: 767px){.kadence-column1556_7f54e6-08 > .kt-inside-inner-col{flex-direction:column;justify-content:center;}}<\/style>\n<div class=\"wp-block-kadence-column kadence-column1556_7f54e6-08\"><div class=\"kt-inside-inner-col\"><style>.wp-block-kadence-advancedheading.kt-adv-heading1556_fc14d8-c2, .wp-block-kadence-advancedheading.kt-adv-heading1556_fc14d8-c2[data-kb-block=\"kb-adv-heading1556_fc14d8-c2\"]{font-size:var(--global-kb-font-size-xl, 3rem);font-style:normal;}.wp-block-kadence-advancedheading.kt-adv-heading1556_fc14d8-c2 mark.kt-highlight, .wp-block-kadence-advancedheading.kt-adv-heading1556_fc14d8-c2[data-kb-block=\"kb-adv-heading1556_fc14d8-c2\"] mark.kt-highlight{font-style:normal;color:#f76a0c;-webkit-box-decoration-break:clone;box-decoration-break:clone;padding-top:0px;padding-right:0px;padding-bottom:0px;padding-left:0px;}.wp-block-kadence-advancedheading.kt-adv-heading1556_fc14d8-c2 img.kb-inline-image, .wp-block-kadence-advancedheading.kt-adv-heading1556_fc14d8-c2[data-kb-block=\"kb-adv-heading1556_fc14d8-c2\"] img.kb-inline-image{width:150px;vertical-align:baseline;}<\/style>\n<h2 class=\"kt-adv-heading1556_fc14d8-c2 wp-block-kadence-advancedheading\" data-kb-block=\"kb-adv-heading1556_fc14d8-c2\">Presse<\/h2>\n\n\n<style>.kt-post-loop1556_17b54f-81 .kadence-post-image{padding-top:0px;padding-right:30px;padding-bottom:10px;padding-left:0px;}.kt-post-loop1556_17b54f-81 .kt-feat-image-align-left{grid-template-columns:30% auto;}.kt-post-loop1556_17b54f-81 .kt-post-grid-wrap{gap:30px 30px;}.kt-post-loop1556_17b54f-81 .kt-blocks-post-grid-item{border-top-left-radius:0px;border-top-right-radius:0px;border-bottom-right-radius:0px;border-bottom-left-radius:0px;border-top:0px solid;border-right:0px solid;border-bottom:0px solid;border-left:0px solid;overflow:hidden;}.kt-post-loop1556_17b54f-81 .kt-blocks-post-grid-item .kt-blocks-post-grid-item-inner{padding-top:0px;padding-right:0px;padding-bottom:0px;padding-left:0px;}.kt-post-loop1556_17b54f-81 .kt-blocks-post-grid-item header{padding-top:0px;padding-right:0px;padding-bottom:10px;padding-left:0px;margin-top:0px;margin-right:0px;margin-bottom:0px;margin-left:0px;}.kt-post-loop1556_17b54f-81 .kt-blocks-post-grid-item .kt-blocks-above-categories{font-size:13px;line-height:20px;text-transform:uppercase;}.kt-post-loop1556_17b54f-81 .kt-blocks-post-grid-item .entry-title{padding-top:5px;padding-right:0px;padding-bottom:0px;padding-left:0px;margin-top:0px;margin-right:0px;margin-bottom:0px;margin-left:0px;font-size:24px;line-height:30px;}.kt-post-loop1556_17b54f-81 .entry-content{padding-top:0px;padding-right:0px;padding-bottom:0px;padding-left:0px;margin-top:0px;margin-right:0px;margin-bottom:0px;margin-left:0px;font-size:14px;line-height:1.5em;}.kt-post-loop1556_17b54f-81 .kt-blocks-post-footer{border-top-width:0px;border-right-width:0px;border-bottom-width:0px;border-left-width:0px;padding-top:0px;padding-right:0px;padding-bottom:0px;padding-left:0px;margin-top:0px;margin-right:0px;margin-bottom:0px;margin-left:0px;font-size:12px;line-height:20px;text-transform:uppercase;}.kt-post-loop1556_17b54f-81 .entry-content:after{height:0px;}.kt-post-loop1556_17b54f-81 .kb-filter-item{border-top-width:0px;border-right-width:0px;border-bottom-width:2px;border-left-width:0px;padding-top:5px;padding-right:8px;padding-bottom:5px;padding-left:8px;margin-top:0px;margin-right:10px;margin-bottom:0px;margin-left:0px;}@media all and (max-width: 1024px){.kt-post-loop1556_17b54f-81 .kt-blocks-post-grid-item{border-top:0px solid;border-right:0px solid;border-bottom:0px solid;border-left:0px solid;}}@media all and (max-width: 767px){.kt-post-loop1556_17b54f-81 .kt-blocks-post-grid-item{border-top:0px solid;border-right:0px solid;border-bottom:0px solid;border-left:0px solid;}}<\/style><div class=\"wp-block-kadence-postgrid kt-blocks-post-loop-block alignnone kt-post-loop1556_17b54f-81 kt-post-grid-layout-grid \"><div class=\"kt-post-grid-layout-grid-wrap kt-post-grid-wrap\" data-columns-xxl=\"1\" data-columns-xl=\"1\" data-columns-md=\"1\" data-columns-sm=\"1\" data-columns-xs=\"1\" data-columns-ss=\"1\"data-item-selector=\".kt-post-masonry-item\" aria-label=\"Post Carousel\"><article class=\"kt-blocks-post-grid-item post-9468 post type-post status-publish format-standard has-post-thumbnail hentry category-presse artiste_-ann-van-hoey\"><div class=\"kt-blocks-post-grid-item-inner-wrap kt-feat-image-align-left kt-feat-image-mobile-align-top\"><div class=\"kadence-post-image\"><div class=\"kadence-post-image-intrisic kt-image-ratio-100\" style=\"padding-bottom:100%;\"><div class=\"kadence-post-image-inner-intrisic\"><a aria-hidden=\"true\" tabindex=\"-1\" role=\"presentation\" href=\"https:\/\/galerie-ancienne-poste.com\/fr\/presse\/lofficiel-des-galeries-musees-mars-2026\/\" aria-label=\"L&rsquo;Officiel des Galeries &amp; Mus\u00e9es &#8211; mars 2026\" class=\"kadence-post-image-inner-wrap\"><img loading=\"lazy\" decoding=\"async\" width=\"222\" height=\"300\" src=\"https:\/\/galerie-ancienne-poste.com\/wp-content\/uploads\/2026\/03\/thumbnail-officiel-galeries-musees.fr_ann-van-hoey-et-lea-renard-exposition-duo-a-la-galerie-de-lancienne-poste-222x300.png\" class=\"attachment-medium size-medium wp-image-9470 wp-post-image\" alt=\"\" srcset=\"https:\/\/galerie-ancienne-poste.com\/wp-content\/uploads\/2026\/03\/thumbnail-officiel-galeries-musees.fr_ann-van-hoey-et-lea-renard-exposition-duo-a-la-galerie-de-lancienne-poste-222x300.png 222w, https:\/\/galerie-ancienne-poste.com\/wp-content\/uploads\/2026\/03\/thumbnail-officiel-galeries-musees.fr_ann-van-hoey-et-lea-renard-exposition-duo-a-la-galerie-de-lancienne-poste-759x1024.png 759w, https:\/\/galerie-ancienne-poste.com\/wp-content\/uploads\/2026\/03\/thumbnail-officiel-galeries-musees.fr_ann-van-hoey-et-lea-renard-exposition-duo-a-la-galerie-de-lancienne-poste-768x1036.png 768w, https:\/\/galerie-ancienne-poste.com\/wp-content\/uploads\/2026\/03\/thumbnail-officiel-galeries-musees.fr_ann-van-hoey-et-lea-renard-exposition-duo-a-la-galerie-de-lancienne-poste-1139x1536.png 1139w, https:\/\/galerie-ancienne-poste.com\/wp-content\/uploads\/2026\/03\/thumbnail-officiel-galeries-musees.fr_ann-van-hoey-et-lea-renard-exposition-duo-a-la-galerie-de-lancienne-poste-1519x2048.png 1519w, https:\/\/galerie-ancienne-poste.com\/wp-content\/uploads\/2026\/03\/thumbnail-officiel-galeries-musees.fr_ann-van-hoey-et-lea-renard-exposition-duo-a-la-galerie-de-lancienne-poste-9x12.png 9w, https:\/\/galerie-ancienne-poste.com\/wp-content\/uploads\/2026\/03\/thumbnail-officiel-galeries-musees.fr_ann-van-hoey-et-lea-renard-exposition-duo-a-la-galerie-de-lancienne-poste-600x809.png 600w, https:\/\/galerie-ancienne-poste.com\/wp-content\/uploads\/2026\/03\/thumbnail-officiel-galeries-musees.fr_ann-van-hoey-et-lea-renard-exposition-duo-a-la-galerie-de-lancienne-poste.png 1770w\" sizes=\"auto, (max-width: 222px) 100vw, 222px\" data-mwl-img-id=\"9470\"><\/a><\/div><\/div><\/div><div class=\"kt-blocks-post-grid-item-inner\"><header><h2 class=\"entry-title\"><a href=\"https:\/\/galerie-ancienne-poste.com\/fr\/presse\/lofficiel-des-galeries-musees-mars-2026\/\">L&rsquo;Officiel des Galeries &amp; Mus\u00e9es &#8211; mars 2026<\/a><\/h2><div class=\"kt-blocks-post-top-meta\"><\/div><\/header><div class=\"entry-content\">Article consacr\u00e9 \u00e0 l&rsquo;exposition duo de ce d\u00e9but d&rsquo;ann\u00e9e 2026 \u00ab\u00a0Ann Van Hoey invite L\u00e9a Renard\u00a0\u00bb. https:\/\/officiel-galeries-musees.fr\/ann-van-hoey-et-lea-renard-exposition-duo-a-la-galerie-de-lancienne-poste<\/div><footer class=\"kt-blocks-post-footer\"><div class=\"kt-blocks-post-footer-left\"><\/div><div class=\"kt-blocks-post-footer-right\"><\/div><\/footer><\/div><\/div><\/article><article class=\"kt-blocks-post-grid-item post-8887 post type-post status-publish format-standard has-post-thumbnail hentry category-presse\"><div class=\"kt-blocks-post-grid-item-inner-wrap kt-feat-image-align-left kt-feat-image-mobile-align-top\"><div class=\"kadence-post-image\"><div class=\"kadence-post-image-intrisic kt-image-ratio-100\" style=\"padding-bottom:100%;\"><div class=\"kadence-post-image-inner-intrisic\"><a aria-hidden=\"true\" tabindex=\"-1\" role=\"presentation\" href=\"https:\/\/galerie-ancienne-poste.com\/fr\/presse\/connaissance-des-arts-decembre-2025\/\" aria-label=\"Connaissance des Arts &#8211; d\u00e9cembre 2025\" class=\"kadence-post-image-inner-wrap\"><img loading=\"lazy\" decoding=\"async\" width=\"226\" height=\"300\" src=\"https:\/\/galerie-ancienne-poste.com\/wp-content\/uploads\/2025\/11\/CDA_Ahryun-Lee_decembre-2025-2-226x300.png\" class=\"attachment-medium size-medium wp-image-8888 wp-post-image\" alt=\"\" srcset=\"https:\/\/galerie-ancienne-poste.com\/wp-content\/uploads\/2025\/11\/CDA_Ahryun-Lee_decembre-2025-2-226x300.png 226w, https:\/\/galerie-ancienne-poste.com\/wp-content\/uploads\/2025\/11\/CDA_Ahryun-Lee_decembre-2025-2-772x1024.png 772w, https:\/\/galerie-ancienne-poste.com\/wp-content\/uploads\/2025\/11\/CDA_Ahryun-Lee_decembre-2025-2-768x1018.png 768w, https:\/\/galerie-ancienne-poste.com\/wp-content\/uploads\/2025\/11\/CDA_Ahryun-Lee_decembre-2025-2-1159x1536.png 1159w, https:\/\/galerie-ancienne-poste.com\/wp-content\/uploads\/2025\/11\/CDA_Ahryun-Lee_decembre-2025-2-1545x2048.png 1545w, https:\/\/galerie-ancienne-poste.com\/wp-content\/uploads\/2025\/11\/CDA_Ahryun-Lee_decembre-2025-2-9x12.png 9w, https:\/\/galerie-ancienne-poste.com\/wp-content\/uploads\/2025\/11\/CDA_Ahryun-Lee_decembre-2025-2-600x795.png 600w, https:\/\/galerie-ancienne-poste.com\/wp-content\/uploads\/2025\/11\/CDA_Ahryun-Lee_decembre-2025-2-scaled.png 1931w\" sizes=\"auto, (max-width: 226px) 100vw, 226px\" data-mwl-img-id=\"8888\"><\/a><\/div><\/div><\/div><div class=\"kt-blocks-post-grid-item-inner\"><header><h2 class=\"entry-title\"><a href=\"https:\/\/galerie-ancienne-poste.com\/fr\/presse\/connaissance-des-arts-decembre-2025\/\">Connaissance des Arts &#8211; d\u00e9cembre 2025<\/a><\/h2><div class=\"kt-blocks-post-top-meta\"><\/div><\/header><div class=\"entry-content\">\u00ab\u00a0Ahryun Lee, vive la joie!\u00a0\u00bb. Article de la rubrique \u00ab\u00a0nouveau talent\u00a0\u00bb dans Connaissance des Arts de d\u00e9cembre 2025.<\/div><footer class=\"kt-blocks-post-footer\"><div class=\"kt-blocks-post-footer-left\"><\/div><div class=\"kt-blocks-post-footer-right\"><\/div><\/footer><\/div><\/div><\/article><article class=\"kt-blocks-post-grid-item post-8867 post type-post status-publish format-standard has-post-thumbnail hentry category-presse artiste_-anders-borgesen\"><div class=\"kt-blocks-post-grid-item-inner-wrap kt-feat-image-align-left kt-feat-image-mobile-align-top\"><div class=\"kadence-post-image\"><div class=\"kadence-post-image-intrisic kt-image-ratio-100\" style=\"padding-bottom:100%;\"><div class=\"kadence-post-image-inner-intrisic\"><a aria-hidden=\"true\" tabindex=\"-1\" role=\"presentation\" href=\"https:\/\/galerie-ancienne-poste.com\/fr\/presse\/revue-de-la-ceramique-et-du-verre-nov-dec-2025\/\" aria-label=\"Revue de la C\u00e9ramique et du verre &#8211; nov\/d\u00e9c 2025\" class=\"kadence-post-image-inner-wrap\"><img loading=\"lazy\" decoding=\"async\" width=\"245\" height=\"300\" src=\"https:\/\/galerie-ancienne-poste.com\/wp-content\/uploads\/2025\/11\/anders-borgesen-rcv-2025-245x300.jpg\" class=\"attachment-medium size-medium wp-image-8865 wp-post-image\" alt=\"Anders Borgesen\" srcset=\"https:\/\/galerie-ancienne-poste.com\/wp-content\/uploads\/2025\/11\/anders-borgesen-rcv-2025-245x300.jpg 245w, https:\/\/galerie-ancienne-poste.com\/wp-content\/uploads\/2025\/11\/anders-borgesen-rcv-2025-10x12.jpg 10w, https:\/\/galerie-ancienne-poste.com\/wp-content\/uploads\/2025\/11\/anders-borgesen-rcv-2025-600x735.jpg 600w, https:\/\/galerie-ancienne-poste.com\/wp-content\/uploads\/2025\/11\/anders-borgesen-rcv-2025.jpg 653w\" sizes=\"auto, (max-width: 245px) 100vw, 245px\" data-mwl-img-id=\"8865\" \/><\/a><\/div><\/div><\/div><div class=\"kt-blocks-post-grid-item-inner\"><header><h2 class=\"entry-title\"><a href=\"https:\/\/galerie-ancienne-poste.com\/fr\/presse\/revue-de-la-ceramique-et-du-verre-nov-dec-2025\/\">Revue de la C\u00e9ramique et du verre &#8211; nov\/d\u00e9c 2025<\/a><\/h2><div class=\"kt-blocks-post-top-meta\"><\/div><\/header><div class=\"entry-content\">Revue de la c\u00e9ramique et  du verre de nov\/d\u00e9c. 2025<\/div><footer class=\"kt-blocks-post-footer\"><div class=\"kt-blocks-post-footer-left\"><\/div><div class=\"kt-blocks-post-footer-right\"><\/div><\/footer><\/div><\/div><\/article><article class=\"kt-blocks-post-grid-item post-8634 post type-post status-publish format-standard has-post-thumbnail hentry category-presse\"><div class=\"kt-blocks-post-grid-item-inner-wrap kt-feat-image-align-left kt-feat-image-mobile-align-top\"><div class=\"kadence-post-image\"><div class=\"kadence-post-image-intrisic kt-image-ratio-100\" style=\"padding-bottom:100%;\"><div class=\"kadence-post-image-inner-intrisic\"><a aria-hidden=\"true\" tabindex=\"-1\" role=\"presentation\" href=\"https:\/\/galerie-ancienne-poste.com\/fr\/presse\/connaissance-des-arts-octobre-2025\/\" aria-label=\"Connaissance des Arts &#8211; Octobre 2025\" class=\"kadence-post-image-inner-wrap\"><img loading=\"lazy\" decoding=\"async\" width=\"300\" height=\"270\" src=\"https:\/\/galerie-ancienne-poste.com\/wp-content\/uploads\/2025\/10\/borgesen-cda-2025-web-300x270.jpg\" class=\"attachment-medium size-medium wp-image-8632 wp-post-image\" alt=\"\" srcset=\"https:\/\/galerie-ancienne-poste.com\/wp-content\/uploads\/2025\/10\/borgesen-cda-2025-web-300x270.jpg 300w, https:\/\/galerie-ancienne-poste.com\/wp-content\/uploads\/2025\/10\/borgesen-cda-2025-web-768x691.jpg 768w, https:\/\/galerie-ancienne-poste.com\/wp-content\/uploads\/2025\/10\/borgesen-cda-2025-web-13x12.jpg 13w, https:\/\/galerie-ancienne-poste.com\/wp-content\/uploads\/2025\/10\/borgesen-cda-2025-web-600x540.jpg 600w, https:\/\/galerie-ancienne-poste.com\/wp-content\/uploads\/2025\/10\/borgesen-cda-2025-web.jpg 889w\" sizes=\"auto, (max-width: 300px) 100vw, 300px\" data-mwl-img-id=\"8632\"><\/a><\/div><\/div><\/div><div class=\"kt-blocks-post-grid-item-inner\"><header><h2 class=\"entry-title\"><a href=\"https:\/\/galerie-ancienne-poste.com\/fr\/presse\/connaissance-des-arts-octobre-2025\/\">Connaissance des Arts &#8211; Octobre 2025<\/a><\/h2><div class=\"kt-blocks-post-top-meta\"><\/div><\/header><div class=\"entry-content\">L&rsquo;exposition Anders B\u00f8rgesen \u00e0 la Galerie de l&rsquo;Ancienne Poste dans la revue Connaissance des Arts du mois d&rsquo;octobre 2025<\/div><footer class=\"kt-blocks-post-footer\"><div class=\"kt-blocks-post-footer-left\"><\/div><div class=\"kt-blocks-post-footer-right\"><\/div><\/footer><\/div><\/div><\/article><article class=\"kt-blocks-post-grid-item post-8162 post type-post status-publish format-standard has-post-thumbnail hentry category-presse artiste_-erna-aaltonen\"><div class=\"kt-blocks-post-grid-item-inner-wrap kt-feat-image-align-left kt-feat-image-mobile-align-top\"><div class=\"kadence-post-image\"><div class=\"kadence-post-image-intrisic kt-image-ratio-100\" style=\"padding-bottom:100%;\"><div class=\"kadence-post-image-inner-intrisic\"><a aria-hidden=\"true\" tabindex=\"-1\" role=\"presentation\" href=\"https:\/\/galerie-ancienne-poste.com\/fr\/presse\/revue-de-la-ceramique-et-verre-aout-2025\/\" aria-label=\"Revue de la c\u00e9ramique et verre &#8211; Ao\u00fbt 2025\" class=\"kadence-post-image-inner-wrap\"><img loading=\"lazy\" decoding=\"async\" width=\"215\" height=\"300\" src=\"https:\/\/galerie-ancienne-poste.com\/wp-content\/uploads\/2025\/09\/erna-aaltonen-rcv-aout-2025-1-e1756893777196-215x300.jpg\" class=\"attachment-medium size-medium wp-image-8160 wp-post-image\" alt=\"\" srcset=\"https:\/\/galerie-ancienne-poste.com\/wp-content\/uploads\/2025\/09\/erna-aaltonen-rcv-aout-2025-1-e1756893777196-215x300.jpg 215w, https:\/\/galerie-ancienne-poste.com\/wp-content\/uploads\/2025\/09\/erna-aaltonen-rcv-aout-2025-1-e1756893777196-9x12.jpg 9w, https:\/\/galerie-ancienne-poste.com\/wp-content\/uploads\/2025\/09\/erna-aaltonen-rcv-aout-2025-1-e1756893777196.jpg 390w\" sizes=\"auto, (max-width: 215px) 100vw, 215px\" data-mwl-img-id=\"8160\"><\/a><\/div><\/div><\/div><div class=\"kt-blocks-post-grid-item-inner\"><header><h2 class=\"entry-title\"><a href=\"https:\/\/galerie-ancienne-poste.com\/fr\/presse\/revue-de-la-ceramique-et-verre-aout-2025\/\">Revue de la c\u00e9ramique et verre &#8211; Ao\u00fbt 2025<\/a><\/h2><div class=\"kt-blocks-post-top-meta\"><\/div><\/header><div class=\"entry-content\">\u00ab\u00a0Erna Aaltonen. Dame nature\u00a0\u00bb dans le \u00ab\u00a0dossier Finlande\u00a0\u00bb de la Revue de la c\u00e9ramique et du verre des mois de juillet &#8211; ao\u00fbt 2025<\/div><footer class=\"kt-blocks-post-footer\"><div class=\"kt-blocks-post-footer-left\"><\/div><div class=\"kt-blocks-post-footer-right\"><\/div><\/footer><\/div><\/div><\/article><article class=\"kt-blocks-post-grid-item post-4638 post type-post status-publish format-standard has-post-thumbnail hentry category-presse\"><div class=\"kt-blocks-post-grid-item-inner-wrap kt-feat-image-align-left kt-feat-image-mobile-align-top\"><div class=\"kadence-post-image\"><div class=\"kadence-post-image-intrisic kt-image-ratio-100\" style=\"padding-bottom:100%;\"><div class=\"kadence-post-image-inner-intrisic\"><a aria-hidden=\"true\" tabindex=\"-1\" role=\"presentation\" href=\"https:\/\/galerie-ancienne-poste.com\/fr\/presse\/connaissance-des-arts-juillet-2025\/\" aria-label=\"Connaissance des Arts &#8211; juillet 2025\" class=\"kadence-post-image-inner-wrap\"><img loading=\"lazy\" decoding=\"async\" width=\"95\" height=\"300\" src=\"https:\/\/galerie-ancienne-poste.com\/wp-content\/uploads\/2025\/07\/favre-sophie-cda-ete-2025-95x300.jpg\" class=\"attachment-medium size-medium wp-image-4531 wp-post-image\" alt=\"\" srcset=\"https:\/\/galerie-ancienne-poste.com\/wp-content\/uploads\/2025\/07\/favre-sophie-cda-ete-2025-95x300.jpg 95w, https:\/\/galerie-ancienne-poste.com\/wp-content\/uploads\/2025\/07\/favre-sophie-cda-ete-2025-4x12.jpg 4w, https:\/\/galerie-ancienne-poste.com\/wp-content\/uploads\/2025\/07\/favre-sophie-cda-ete-2025.jpg 316w\" sizes=\"auto, (max-width: 95px) 100vw, 95px\" data-mwl-img-id=\"4531\"><\/a><\/div><\/div><\/div><div class=\"kt-blocks-post-grid-item-inner\"><header><h2 class=\"entry-title\"><a href=\"https:\/\/galerie-ancienne-poste.com\/fr\/presse\/connaissance-des-arts-juillet-2025\/\">Connaissance des Arts &#8211; juillet 2025<\/a><\/h2><div class=\"kt-blocks-post-top-meta\"><\/div><\/header><div class=\"entry-content\">\u00ab\u00a0Le petit monde de Sophie Favre\u00a0\u00bb. Connaissance des Arts du mois de juillet 2025<\/div><footer class=\"kt-blocks-post-footer\"><div class=\"kt-blocks-post-footer-left\"><\/div><div class=\"kt-blocks-post-footer-right\"><\/div><\/footer><\/div><\/div><\/article><article class=\"kt-blocks-post-grid-item post-3970 post type-post status-publish format-standard has-post-thumbnail hentry category-presse\"><div class=\"kt-blocks-post-grid-item-inner-wrap kt-feat-image-align-left kt-feat-image-mobile-align-top\"><div class=\"kadence-post-image\"><div class=\"kadence-post-image-intrisic kt-image-ratio-100\" style=\"padding-bottom:100%;\"><div class=\"kadence-post-image-inner-intrisic\"><a aria-hidden=\"true\" tabindex=\"-1\" role=\"presentation\" href=\"https:\/\/galerie-ancienne-poste.com\/fr\/presse\/connaissance-des-arts-mai-2025\/\" aria-label=\"Connaissance des Arts- mai 2025\" class=\"kadence-post-image-inner-wrap\"><img loading=\"lazy\" decoding=\"async\" width=\"300\" height=\"291\" src=\"https:\/\/galerie-ancienne-poste.com\/wp-content\/uploads\/2025\/07\/pasquino-laura-cda-2025-toucy-300x291.jpg\" class=\"attachment-medium size-medium wp-image-3969 wp-post-image\" alt=\"Laura Pasquino\" srcset=\"https:\/\/galerie-ancienne-poste.com\/wp-content\/uploads\/2025\/07\/pasquino-laura-cda-2025-toucy-300x291.jpg 300w, https:\/\/galerie-ancienne-poste.com\/wp-content\/uploads\/2025\/07\/pasquino-laura-cda-2025-toucy-12x12.jpg 12w, https:\/\/galerie-ancienne-poste.com\/wp-content\/uploads\/2025\/07\/pasquino-laura-cda-2025-toucy.jpg 487w\" sizes=\"auto, (max-width: 300px) 100vw, 300px\" data-mwl-img-id=\"3969\" \/><\/a><\/div><\/div><\/div><div class=\"kt-blocks-post-grid-item-inner\"><header><h2 class=\"entry-title\"><a href=\"https:\/\/galerie-ancienne-poste.com\/fr\/presse\/connaissance-des-arts-mai-2025\/\">Connaissance des Arts- mai 2025<\/a><\/h2><div class=\"kt-blocks-post-top-meta\"><\/div><\/header><div class=\"entry-content\">Exposition de laura Pasquino \u00e0 la Galerie de l&rsquo;Ancienne Poste. \u00ab\u00a0Entre le terre et le faire\u00a0\u00bb. Connaissance des Arts du lois de mai 2025<\/div><footer class=\"kt-blocks-post-footer\"><div class=\"kt-blocks-post-footer-left\"><\/div><div class=\"kt-blocks-post-footer-right\"><\/div><\/footer><\/div><\/div><\/article><article class=\"kt-blocks-post-grid-item post-3972 post type-post status-publish format-standard has-post-thumbnail hentry category-presse\"><div class=\"kt-blocks-post-grid-item-inner-wrap kt-feat-image-align-left kt-feat-image-mobile-align-top\"><div class=\"kadence-post-image\"><div class=\"kadence-post-image-intrisic kt-image-ratio-100\" style=\"padding-bottom:100%;\"><div class=\"kadence-post-image-inner-intrisic\"><a aria-hidden=\"true\" tabindex=\"-1\" role=\"presentation\" href=\"https:\/\/galerie-ancienne-poste.com\/fr\/presse\/loeil-mai-2025\/\" aria-label=\"L&rsquo;OEIL &#8211; mai 2025\" class=\"kadence-post-image-inner-wrap\"><img loading=\"lazy\" decoding=\"async\" width=\"110\" height=\"300\" src=\"https:\/\/galerie-ancienne-poste.com\/wp-content\/uploads\/2025\/07\/pasquino-laure-l-oeil-2025-1-110x300.jpg\" class=\"attachment-medium size-medium wp-image-3051 wp-post-image\" alt=\"\" srcset=\"https:\/\/galerie-ancienne-poste.com\/wp-content\/uploads\/2025\/07\/pasquino-laure-l-oeil-2025-1-110x300.jpg 110w, https:\/\/galerie-ancienne-poste.com\/wp-content\/uploads\/2025\/07\/pasquino-laure-l-oeil-2025-1-377x1024.jpg 377w, https:\/\/galerie-ancienne-poste.com\/wp-content\/uploads\/2025\/07\/pasquino-laure-l-oeil-2025-1-4x12.jpg 4w, https:\/\/galerie-ancienne-poste.com\/wp-content\/uploads\/2025\/07\/pasquino-laure-l-oeil-2025-1.jpg 552w\" sizes=\"auto, (max-width: 110px) 100vw, 110px\" data-mwl-img-id=\"3051\"><\/a><\/div><\/div><\/div><div class=\"kt-blocks-post-grid-item-inner\"><header><h2 class=\"entry-title\"><a href=\"https:\/\/galerie-ancienne-poste.com\/fr\/presse\/loeil-mai-2025\/\">L&rsquo;OEIL &#8211; mai 2025<\/a><\/h2><div class=\"kt-blocks-post-top-meta\"><\/div><\/header><div class=\"entry-content\">\u00ab\u00a0Les formes et les rythmes de la nature \u00ab\u00a0. Exposition de Laura Pasquino. \u00ab\u00a0Les formes et les rythmes de la nature in L&rsquo;OEIL du mois de mai 2025<\/div><footer class=\"kt-blocks-post-footer\"><div class=\"kt-blocks-post-footer-left\"><\/div><div class=\"kt-blocks-post-footer-right\"><\/div><\/footer><\/div><\/div><\/article><article class=\"kt-blocks-post-grid-item post-3963 post type-post status-publish format-standard has-post-thumbnail hentry category-presse\"><div class=\"kt-blocks-post-grid-item-inner-wrap kt-feat-image-align-left kt-feat-image-mobile-align-top\"><div class=\"kadence-post-image\"><div class=\"kadence-post-image-intrisic kt-image-ratio-100\" style=\"padding-bottom:100%;\"><div class=\"kadence-post-image-inner-intrisic\"><a aria-hidden=\"true\" tabindex=\"-1\" role=\"presentation\" href=\"https:\/\/galerie-ancienne-poste.com\/fr\/presse\/connaissance-des-arts-juin-2024\/\" aria-label=\"Connaissance des Arts &#8211; juin 2024\" class=\"kadence-post-image-inner-wrap\"><img loading=\"lazy\" decoding=\"async\" width=\"300\" height=\"220\" src=\"https:\/\/galerie-ancienne-poste.com\/wp-content\/uploads\/2025\/07\/heisselberg-turi-CDA-2024-1-e1753695004585-300x220.jpg\" class=\"attachment-medium size-medium wp-image-2998 wp-post-image\" alt=\"Turi Heisselberg Pedersen\" srcset=\"https:\/\/galerie-ancienne-poste.com\/wp-content\/uploads\/2025\/07\/heisselberg-turi-CDA-2024-1-e1753695004585-300x220.jpg 300w, https:\/\/galerie-ancienne-poste.com\/wp-content\/uploads\/2025\/07\/heisselberg-turi-CDA-2024-1-e1753695004585-768x563.jpg 768w, https:\/\/galerie-ancienne-poste.com\/wp-content\/uploads\/2025\/07\/heisselberg-turi-CDA-2024-1-e1753695004585-16x12.jpg 16w, https:\/\/galerie-ancienne-poste.com\/wp-content\/uploads\/2025\/07\/heisselberg-turi-CDA-2024-1-e1753695004585-600x439.jpg 600w, https:\/\/galerie-ancienne-poste.com\/wp-content\/uploads\/2025\/07\/heisselberg-turi-CDA-2024-1-e1753695004585.jpg 785w\" sizes=\"auto, (max-width: 300px) 100vw, 300px\" data-mwl-img-id=\"2998\" \/><\/a><\/div><\/div><\/div><div class=\"kt-blocks-post-grid-item-inner\"><header><h2 class=\"entry-title\"><a href=\"https:\/\/galerie-ancienne-poste.com\/fr\/presse\/connaissance-des-arts-juin-2024\/\">Connaissance des Arts &#8211; juin 2024<\/a><\/h2><div class=\"kt-blocks-post-top-meta\"><\/div><\/header><div class=\"entry-content\">Turi Heisselberg Pedersen \u00ab\u00a0\u00e0 l&rsquo;\u00e9coute de la nature\u00a0\u00bb -rubrique Nouveau talent. Connaissance des Arts &#8211; juin 2024.<\/div><footer class=\"kt-blocks-post-footer\"><div class=\"kt-blocks-post-footer-left\"><\/div><div class=\"kt-blocks-post-footer-right\"><\/div><\/footer><\/div><\/div><\/article><article class=\"kt-blocks-post-grid-item post-3420 post type-post status-publish format-standard has-post-thumbnail hentry category-presse artiste_-alistair-danhieux\"><div class=\"kt-blocks-post-grid-item-inner-wrap kt-feat-image-align-left kt-feat-image-mobile-align-top\"><div class=\"kadence-post-image\"><div class=\"kadence-post-image-intrisic kt-image-ratio-100\" style=\"padding-bottom:100%;\"><div class=\"kadence-post-image-inner-intrisic\"><a aria-hidden=\"true\" tabindex=\"-1\" role=\"presentation\" href=\"https:\/\/galerie-ancienne-poste.com\/fr\/presse\/revue-de-la-ceramique-et-du-verre-mars-2024\/\" aria-label=\"Revue de la C\u00e9ramique et du Verre &#8211; mars 2024\" class=\"kadence-post-image-inner-wrap\"><img loading=\"lazy\" decoding=\"async\" width=\"206\" height=\"300\" src=\"https:\/\/galerie-ancienne-poste.com\/wp-content\/uploads\/2025\/07\/dahnieux-alistair-rcv-2024-1-206x300.jpg\" class=\"attachment-medium size-medium wp-image-3020 wp-post-image\" alt=\"\" srcset=\"https:\/\/galerie-ancienne-poste.com\/wp-content\/uploads\/2025\/07\/dahnieux-alistair-rcv-2024-1-206x300.jpg 206w, https:\/\/galerie-ancienne-poste.com\/wp-content\/uploads\/2025\/07\/dahnieux-alistair-rcv-2024-1-702x1024.jpg 702w, https:\/\/galerie-ancienne-poste.com\/wp-content\/uploads\/2025\/07\/dahnieux-alistair-rcv-2024-1-768x1120.jpg 768w, https:\/\/galerie-ancienne-poste.com\/wp-content\/uploads\/2025\/07\/dahnieux-alistair-rcv-2024-1-8x12.jpg 8w, https:\/\/galerie-ancienne-poste.com\/wp-content\/uploads\/2025\/07\/dahnieux-alistair-rcv-2024-1-600x875.jpg 600w, https:\/\/galerie-ancienne-poste.com\/wp-content\/uploads\/2025\/07\/dahnieux-alistair-rcv-2024-1.jpg 1029w\" sizes=\"auto, (max-width: 206px) 100vw, 206px\" data-mwl-img-id=\"3020\"><\/a><\/div><\/div><\/div><div class=\"kt-blocks-post-grid-item-inner\"><header><h2 class=\"entry-title\"><a href=\"https:\/\/galerie-ancienne-poste.com\/fr\/presse\/revue-de-la-ceramique-et-du-verre-mars-2024\/\">Revue de la C\u00e9ramique et du Verre &#8211; mars 2024<\/a><\/h2><div class=\"kt-blocks-post-top-meta\"><\/div><\/header><div class=\"entry-content\">\u00ab\u00a0Alistair Danhieux. Renouveau\u00a0\u00bb . Revue de la C\u00e9ramique et du Verre &#8211; Mars\/avril 2024.<\/div><footer class=\"kt-blocks-post-footer\"><div class=\"kt-blocks-post-footer-left\"><\/div><div class=\"kt-blocks-post-footer-right\"><\/div><\/footer><\/div><\/div><\/article><article class=\"kt-blocks-post-grid-item post-2763 post type-post status-publish format-standard has-post-thumbnail hentry category-presse artiste_-thomas-bohle\"><div class=\"kt-blocks-post-grid-item-inner-wrap kt-feat-image-align-left kt-feat-image-mobile-align-top\"><div class=\"kadence-post-image\"><div class=\"kadence-post-image-intrisic kt-image-ratio-100\" style=\"padding-bottom:100%;\"><div class=\"kadence-post-image-inner-intrisic\"><a aria-hidden=\"true\" tabindex=\"-1\" role=\"presentation\" href=\"https:\/\/galerie-ancienne-poste.com\/fr\/presse\/thomas-bohle-revue-dela-ceramique-et-du-verre\/\" aria-label=\"Revue de la C\u00e9ramique et du Verre &#8211; mars 2024\" class=\"kadence-post-image-inner-wrap\"><img loading=\"lazy\" decoding=\"async\" width=\"212\" height=\"300\" src=\"https:\/\/galerie-ancienne-poste.com\/wp-content\/uploads\/2025\/07\/thomas-bohle-rcvc-03-24-212x300.jpg\" class=\"attachment-medium size-medium wp-image-2762 wp-post-image\" alt=\"Thomas Bohle - Revue de la C\u00e9ramique et du Verre\" srcset=\"https:\/\/galerie-ancienne-poste.com\/wp-content\/uploads\/2025\/07\/thomas-bohle-rcvc-03-24-212x300.jpg 212w, https:\/\/galerie-ancienne-poste.com\/wp-content\/uploads\/2025\/07\/thomas-bohle-rcvc-03-24-722x1024.jpg 722w, https:\/\/galerie-ancienne-poste.com\/wp-content\/uploads\/2025\/07\/thomas-bohle-rcvc-03-24-768x1089.jpg 768w, https:\/\/galerie-ancienne-poste.com\/wp-content\/uploads\/2025\/07\/thomas-bohle-rcvc-03-24-1084x1536.jpg 1084w, https:\/\/galerie-ancienne-poste.com\/wp-content\/uploads\/2025\/07\/thomas-bohle-rcvc-03-24-1445x2048.jpg 1445w, https:\/\/galerie-ancienne-poste.com\/wp-content\/uploads\/2025\/07\/thomas-bohle-rcvc-03-24-8x12.jpg 8w, https:\/\/galerie-ancienne-poste.com\/wp-content\/uploads\/2025\/07\/thomas-bohle-rcvc-03-24-600x850.jpg 600w, https:\/\/galerie-ancienne-poste.com\/wp-content\/uploads\/2025\/07\/thomas-bohle-rcvc-03-24.jpg 1648w\" sizes=\"auto, (max-width: 212px) 100vw, 212px\" data-mwl-img-id=\"2762\" \/><\/a><\/div><\/div><\/div><div class=\"kt-blocks-post-grid-item-inner\"><header><h2 class=\"entry-title\"><a href=\"https:\/\/galerie-ancienne-poste.com\/fr\/presse\/thomas-bohle-revue-dela-ceramique-et-du-verre\/\">Revue de la C\u00e9ramique et du Verre &#8211; mars 2024<\/a><\/h2><div class=\"kt-blocks-post-top-meta\"><\/div><\/header><div class=\"entry-content\">Thomas Bohle en couverture de la Revue de la C\u00e9ramique et du Verre &#8211; Mars\/avril 2024.<\/div><footer class=\"kt-blocks-post-footer\"><div class=\"kt-blocks-post-footer-left\"><\/div><div class=\"kt-blocks-post-footer-right\"><\/div><\/footer><\/div><\/div><\/article><article class=\"kt-blocks-post-grid-item post-3424 post type-post status-publish format-standard has-post-thumbnail hentry category-presse artiste_-matthew-chambers\"><div class=\"kt-blocks-post-grid-item-inner-wrap kt-feat-image-align-left kt-feat-image-mobile-align-top\"><div class=\"kadence-post-image\"><div class=\"kadence-post-image-intrisic kt-image-ratio-100\" style=\"padding-bottom:100%;\"><div class=\"kadence-post-image-inner-intrisic\"><a aria-hidden=\"true\" tabindex=\"-1\" role=\"presentation\" href=\"https:\/\/galerie-ancienne-poste.com\/fr\/presse\/revue-de-la-ceramique-et-du-verre-janvier-2024\/\" aria-label=\"Revue de la C\u00e9ramique et du Verre &#8211; Janvier 2024\" class=\"kadence-post-image-inner-wrap\"><img loading=\"lazy\" decoding=\"async\" width=\"300\" height=\"221\" src=\"https:\/\/galerie-ancienne-poste.com\/wp-content\/uploads\/2025\/07\/chambers-matthew-rcv-2024-1-e1753695347594-300x221.jpg\" class=\"attachment-medium size-medium wp-image-3018 wp-post-image\" alt=\"Matthew Chambers\" srcset=\"https:\/\/galerie-ancienne-poste.com\/wp-content\/uploads\/2025\/07\/chambers-matthew-rcv-2024-1-e1753695347594-300x221.jpg 300w, https:\/\/galerie-ancienne-poste.com\/wp-content\/uploads\/2025\/07\/chambers-matthew-rcv-2024-1-e1753695347594-1024x754.jpg 1024w, https:\/\/galerie-ancienne-poste.com\/wp-content\/uploads\/2025\/07\/chambers-matthew-rcv-2024-1-e1753695347594-768x566.jpg 768w, https:\/\/galerie-ancienne-poste.com\/wp-content\/uploads\/2025\/07\/chambers-matthew-rcv-2024-1-e1753695347594-16x12.jpg 16w, https:\/\/galerie-ancienne-poste.com\/wp-content\/uploads\/2025\/07\/chambers-matthew-rcv-2024-1-e1753695347594-600x442.jpg 600w, https:\/\/galerie-ancienne-poste.com\/wp-content\/uploads\/2025\/07\/chambers-matthew-rcv-2024-1-e1753695347594.jpg 1063w\" sizes=\"auto, (max-width: 300px) 100vw, 300px\" data-mwl-img-id=\"3018\" \/><\/a><\/div><\/div><\/div><div class=\"kt-blocks-post-grid-item-inner\"><header><h2 class=\"entry-title\"><a href=\"https:\/\/galerie-ancienne-poste.com\/fr\/presse\/revue-de-la-ceramique-et-du-verre-janvier-2024\/\">Revue de la C\u00e9ramique et du Verre &#8211; Janvier 2024<\/a><\/h2><div class=\"kt-blocks-post-top-meta\"><\/div><\/header><div class=\"entry-content\">\u00ab\u00a0Matthew Chambers, rondeurs r\u00e9p\u00e9titives\u00a0\u00bb. Revue de la C\u00e9ramique et du Verre &#8211; Janvier\/f\u00e9vrier 2024.<\/div><footer class=\"kt-blocks-post-footer\"><div class=\"kt-blocks-post-footer-left\"><\/div><div class=\"kt-blocks-post-footer-right\"><\/div><\/footer><\/div><\/div><\/article><article class=\"kt-blocks-post-grid-item post-3422 post type-post status-publish format-standard has-post-thumbnail hentry category-presse artiste_-matthew-chambers\"><div class=\"kt-blocks-post-grid-item-inner-wrap kt-feat-image-align-left kt-feat-image-mobile-align-top\"><div class=\"kadence-post-image\"><div class=\"kadence-post-image-intrisic kt-image-ratio-100\" style=\"padding-bottom:100%;\"><div class=\"kadence-post-image-inner-intrisic\"><a aria-hidden=\"true\" tabindex=\"-1\" role=\"presentation\" href=\"https:\/\/galerie-ancienne-poste.com\/fr\/presse\/connaissance-des-arts-novembre-2023\/\" aria-label=\"Connaissance des Arts &#8211; novembre 2023\" class=\"kadence-post-image-inner-wrap\"><img loading=\"lazy\" decoding=\"async\" width=\"256\" height=\"300\" src=\"https:\/\/galerie-ancienne-poste.com\/wp-content\/uploads\/2025\/07\/chambers-matthew-cda-2023-2-e1753695041854-256x300.jpg\" class=\"attachment-medium size-medium wp-image-2992 wp-post-image\" alt=\"Matthew Chambers\" srcset=\"https:\/\/galerie-ancienne-poste.com\/wp-content\/uploads\/2025\/07\/chambers-matthew-cda-2023-2-e1753695041854-256x300.jpg 256w, https:\/\/galerie-ancienne-poste.com\/wp-content\/uploads\/2025\/07\/chambers-matthew-cda-2023-2-e1753695041854-768x899.jpg 768w, https:\/\/galerie-ancienne-poste.com\/wp-content\/uploads\/2025\/07\/chambers-matthew-cda-2023-2-e1753695041854-10x12.jpg 10w, https:\/\/galerie-ancienne-poste.com\/wp-content\/uploads\/2025\/07\/chambers-matthew-cda-2023-2-e1753695041854-600x702.jpg 600w, https:\/\/galerie-ancienne-poste.com\/wp-content\/uploads\/2025\/07\/chambers-matthew-cda-2023-2-e1753695041854.jpg 782w\" sizes=\"auto, (max-width: 256px) 100vw, 256px\" data-mwl-img-id=\"2992\" \/><\/a><\/div><\/div><\/div><div class=\"kt-blocks-post-grid-item-inner\"><header><h2 class=\"entry-title\"><a href=\"https:\/\/galerie-ancienne-poste.com\/fr\/presse\/connaissance-des-arts-novembre-2023\/\">Connaissance des Arts &#8211; novembre 2023<\/a><\/h2><div class=\"kt-blocks-post-top-meta\"><\/div><\/header><div class=\"entry-content\">\u00ab\u00a0Matthew Chambers, l&rsquo;art du cercle\u00a0\u00bb. Connaissance des Arts du mois de novembre 2023<\/div><footer class=\"kt-blocks-post-footer\"><div class=\"kt-blocks-post-footer-left\"><\/div><div class=\"kt-blocks-post-footer-right\"><\/div><\/footer><\/div><\/div><\/article><article class=\"kt-blocks-post-grid-item post-3281 post type-post status-publish format-standard has-post-thumbnail hentry category-presse artiste_-erna-aaltonen\"><div class=\"kt-blocks-post-grid-item-inner-wrap kt-feat-image-align-left kt-feat-image-mobile-align-top\"><div class=\"kadence-post-image\"><div class=\"kadence-post-image-intrisic kt-image-ratio-100\" style=\"padding-bottom:100%;\"><div class=\"kadence-post-image-inner-intrisic\"><a aria-hidden=\"true\" tabindex=\"-1\" role=\"presentation\" href=\"https:\/\/galerie-ancienne-poste.com\/fr\/presse\/connaissance-des-arts-juin-2023\/\" aria-label=\"Connaissance des Arts &#8211; juin 2023\" class=\"kadence-post-image-inner-wrap\"><img loading=\"lazy\" decoding=\"async\" width=\"241\" height=\"300\" src=\"https:\/\/galerie-ancienne-poste.com\/wp-content\/uploads\/2025\/07\/ern-aaltonen-ete-2023-2-241x300.jpg\" class=\"attachment-medium size-medium wp-image-2994 wp-post-image\" alt=\"Erna Aaltonen\" srcset=\"https:\/\/galerie-ancienne-poste.com\/wp-content\/uploads\/2025\/07\/ern-aaltonen-ete-2023-2-241x300.jpg 241w, https:\/\/galerie-ancienne-poste.com\/wp-content\/uploads\/2025\/07\/ern-aaltonen-ete-2023-2-824x1024.jpg 824w, https:\/\/galerie-ancienne-poste.com\/wp-content\/uploads\/2025\/07\/ern-aaltonen-ete-2023-2-768x955.jpg 768w, https:\/\/galerie-ancienne-poste.com\/wp-content\/uploads\/2025\/07\/ern-aaltonen-ete-2023-2-1235x1536.jpg 1235w, https:\/\/galerie-ancienne-poste.com\/wp-content\/uploads\/2025\/07\/ern-aaltonen-ete-2023-2-10x12.jpg 10w, https:\/\/galerie-ancienne-poste.com\/wp-content\/uploads\/2025\/07\/ern-aaltonen-ete-2023-2-600x746.jpg 600w, https:\/\/galerie-ancienne-poste.com\/wp-content\/uploads\/2025\/07\/ern-aaltonen-ete-2023-2.jpg 1549w\" sizes=\"auto, (max-width: 241px) 100vw, 241px\" data-mwl-img-id=\"2994\" \/><\/a><\/div><\/div><\/div><div class=\"kt-blocks-post-grid-item-inner\"><header><h2 class=\"entry-title\"><a href=\"https:\/\/galerie-ancienne-poste.com\/fr\/presse\/connaissance-des-arts-juin-2023\/\">Connaissance des Arts &#8211; juin 2023<\/a><\/h2><div class=\"kt-blocks-post-top-meta\"><\/div><\/header><div class=\"entry-content\">Erna Aaltonen in \u00ab\u00a0la Puisaye d&rsquo;ocre et et gr\u00e8s\u00a0\u00bb. Connaissance des Arts de juin 2023.<\/div><footer class=\"kt-blocks-post-footer\"><div class=\"kt-blocks-post-footer-left\"><\/div><div class=\"kt-blocks-post-footer-right\"><\/div><\/footer><\/div><\/div><\/article><article class=\"kt-blocks-post-grid-item post-4860 post type-post status-publish format-standard has-post-thumbnail hentry category-presse\"><div class=\"kt-blocks-post-grid-item-inner-wrap kt-feat-image-align-left kt-feat-image-mobile-align-top\"><div class=\"kadence-post-image\"><div class=\"kadence-post-image-intrisic kt-image-ratio-100\" style=\"padding-bottom:100%;\"><div class=\"kadence-post-image-inner-intrisic\"><a aria-hidden=\"true\" tabindex=\"-1\" role=\"presentation\" href=\"https:\/\/galerie-ancienne-poste.com\/fr\/presse\/loeil-juin-2023\/\" aria-label=\"L&rsquo;OEIL &#8211; juin 2023\" class=\"kadence-post-image-inner-wrap\"><img loading=\"lazy\" decoding=\"async\" width=\"245\" height=\"300\" src=\"https:\/\/galerie-ancienne-poste.com\/wp-content\/uploads\/2025\/07\/flynn-sara-l-oeil-2023-1-e1753687410567-245x300.jpg\" class=\"attachment-medium size-medium wp-image-3038 wp-post-image\" alt=\"Sara Flynn\" srcset=\"https:\/\/galerie-ancienne-poste.com\/wp-content\/uploads\/2025\/07\/flynn-sara-l-oeil-2023-1-e1753687410567-245x300.jpg 245w, https:\/\/galerie-ancienne-poste.com\/wp-content\/uploads\/2025\/07\/flynn-sara-l-oeil-2023-1-e1753687410567-10x12.jpg 10w, https:\/\/galerie-ancienne-poste.com\/wp-content\/uploads\/2025\/07\/flynn-sara-l-oeil-2023-1-e1753687410567-600x735.jpg 600w, https:\/\/galerie-ancienne-poste.com\/wp-content\/uploads\/2025\/07\/flynn-sara-l-oeil-2023-1-e1753687410567.jpg 743w\" sizes=\"auto, (max-width: 245px) 100vw, 245px\" data-mwl-img-id=\"3038\" \/><\/a><\/div><\/div><\/div><div class=\"kt-blocks-post-grid-item-inner\"><header><h2 class=\"entry-title\"><a href=\"https:\/\/galerie-ancienne-poste.com\/fr\/presse\/loeil-juin-2023\/\">L&rsquo;OEIL &#8211; juin 2023<\/a><\/h2><div class=\"kt-blocks-post-top-meta\"><\/div><\/header><div class=\"entry-content\">L&rsquo;exposition Sara Flynn \u00e0 la Galerie de l&rsquo;Ancienne Poste in L&rsquo;\u0153il du collectionneur. L&rsquo;OEIL du mois de juin 2023<\/div><footer class=\"kt-blocks-post-footer\"><div class=\"kt-blocks-post-footer-left\"><\/div><div class=\"kt-blocks-post-footer-right\"><\/div><\/footer><\/div><\/div><\/article><article class=\"kt-blocks-post-grid-item post-4455 post type-post status-publish format-standard has-post-thumbnail hentry category-presse\"><div class=\"kt-blocks-post-grid-item-inner-wrap kt-feat-image-align-left kt-feat-image-mobile-align-top\"><div class=\"kadence-post-image\"><div class=\"kadence-post-image-intrisic kt-image-ratio-100\" style=\"padding-bottom:100%;\"><div class=\"kadence-post-image-inner-intrisic\"><a aria-hidden=\"true\" tabindex=\"-1\" role=\"presentation\" href=\"https:\/\/galerie-ancienne-poste.com\/fr\/presse\/revue-de-la-ceramique-et-du-verre-mai-2023\/\" aria-label=\"Revue de la C\u00e9ramique et du Verre &#8211; Mai 2023\" class=\"kadence-post-image-inner-wrap\"><img loading=\"lazy\" decoding=\"async\" width=\"294\" height=\"300\" src=\"https:\/\/galerie-ancienne-poste.com\/wp-content\/uploads\/2025\/07\/edwards-steven-rcv-294x300.jpg\" class=\"attachment-medium size-medium wp-image-4414 wp-post-image\" alt=\"\" srcset=\"https:\/\/galerie-ancienne-poste.com\/wp-content\/uploads\/2025\/07\/edwards-steven-rcv-294x300.jpg 294w, https:\/\/galerie-ancienne-poste.com\/wp-content\/uploads\/2025\/07\/edwards-steven-rcv-1002x1024.jpg 1002w, https:\/\/galerie-ancienne-poste.com\/wp-content\/uploads\/2025\/07\/edwards-steven-rcv-768x785.jpg 768w, https:\/\/galerie-ancienne-poste.com\/wp-content\/uploads\/2025\/07\/edwards-steven-rcv-12x12.jpg 12w, https:\/\/galerie-ancienne-poste.com\/wp-content\/uploads\/2025\/07\/edwards-steven-rcv-600x613.jpg 600w, https:\/\/galerie-ancienne-poste.com\/wp-content\/uploads\/2025\/07\/edwards-steven-rcv.jpg 1143w\" sizes=\"auto, (max-width: 294px) 100vw, 294px\" data-mwl-img-id=\"4414\"><\/a><\/div><\/div><\/div><div class=\"kt-blocks-post-grid-item-inner\"><header><h2 class=\"entry-title\"><a href=\"https:\/\/galerie-ancienne-poste.com\/fr\/presse\/revue-de-la-ceramique-et-du-verre-mai-2023\/\">Revue de la C\u00e9ramique et du Verre &#8211; Mai 2023<\/a><\/h2><div class=\"kt-blocks-post-top-meta\"><\/div><\/header><div class=\"entry-content\">\u00ab\u00a0Steven Edwards la porcelaine marshmallow\u00a0\u00bb. Revue de la C\u00e9ramique et du Verre &#8211; Mai 2023<\/div><footer class=\"kt-blocks-post-footer\"><div class=\"kt-blocks-post-footer-left\"><\/div><div class=\"kt-blocks-post-footer-right\"><\/div><\/footer><\/div><\/div><\/article><article class=\"kt-blocks-post-grid-item post-3225 post type-post status-publish format-standard has-post-thumbnail hentry category-presse artiste_-ursula-morley-price\"><div class=\"kt-blocks-post-grid-item-inner-wrap kt-feat-image-align-left kt-feat-image-mobile-align-top\"><div class=\"kadence-post-image\"><div class=\"kadence-post-image-intrisic kt-image-ratio-100\" style=\"padding-bottom:100%;\"><div class=\"kadence-post-image-inner-intrisic\"><a aria-hidden=\"true\" tabindex=\"-1\" role=\"presentation\" href=\"https:\/\/galerie-ancienne-poste.com\/fr\/presse\/connaissance-des-arts-avril-2024\/\" aria-label=\"Connaissance des Arts avril 2023\" class=\"kadence-post-image-inner-wrap\"><img loading=\"lazy\" decoding=\"async\" width=\"295\" height=\"300\" src=\"https:\/\/galerie-ancienne-poste.com\/wp-content\/uploads\/2025\/07\/morley-price-ursula-cda-2024-2-295x300.jpg\" class=\"attachment-medium size-medium wp-image-3004 wp-post-image\" alt=\"Ursula Morley-Price\" srcset=\"https:\/\/galerie-ancienne-poste.com\/wp-content\/uploads\/2025\/07\/morley-price-ursula-cda-2024-2-295x300.jpg 295w, https:\/\/galerie-ancienne-poste.com\/wp-content\/uploads\/2025\/07\/morley-price-ursula-cda-2024-2-1008x1024.jpg 1008w, https:\/\/galerie-ancienne-poste.com\/wp-content\/uploads\/2025\/07\/morley-price-ursula-cda-2024-2-768x781.jpg 768w, https:\/\/galerie-ancienne-poste.com\/wp-content\/uploads\/2025\/07\/morley-price-ursula-cda-2024-2-1511x1536.jpg 1511w, https:\/\/galerie-ancienne-poste.com\/wp-content\/uploads\/2025\/07\/morley-price-ursula-cda-2024-2-12x12.jpg 12w, https:\/\/galerie-ancienne-poste.com\/wp-content\/uploads\/2025\/07\/morley-price-ursula-cda-2024-2-600x610.jpg 600w, https:\/\/galerie-ancienne-poste.com\/wp-content\/uploads\/2025\/07\/morley-price-ursula-cda-2024-2.jpg 1595w\" sizes=\"auto, (max-width: 295px) 100vw, 295px\" data-mwl-img-id=\"3004\" \/><\/a><\/div><\/div><\/div><div class=\"kt-blocks-post-grid-item-inner\"><header><h2 class=\"entry-title\"><a href=\"https:\/\/galerie-ancienne-poste.com\/fr\/presse\/connaissance-des-arts-avril-2024\/\">Connaissance des Arts avril 2023<\/a><\/h2><div class=\"kt-blocks-post-top-meta\"><\/div><\/header><div class=\"entry-content\">Ursula Morley Price \u00ab\u00a0dans les m\u00e9andres du r\u00eave \u00a0\u00bb in Connaissance des Arts d&rsquo;avril 2023<\/div><footer class=\"kt-blocks-post-footer\"><div class=\"kt-blocks-post-footer-left\"><\/div><div class=\"kt-blocks-post-footer-right\"><\/div><\/footer><\/div><\/div><\/article><article class=\"kt-blocks-post-grid-item post-3958 post type-post status-publish format-standard has-post-thumbnail hentry category-presse\"><div class=\"kt-blocks-post-grid-item-inner-wrap kt-feat-image-align-left kt-feat-image-mobile-align-top\"><div class=\"kadence-post-image\"><div class=\"kadence-post-image-intrisic kt-image-ratio-100\" style=\"padding-bottom:100%;\"><div class=\"kadence-post-image-inner-intrisic\"><a aria-hidden=\"true\" tabindex=\"-1\" role=\"presentation\" href=\"https:\/\/galerie-ancienne-poste.com\/fr\/presse\/yonne-magazine-1er-avril-2023\/\" aria-label=\"Yonne Magazine &#8211; 1er avril 2023\" class=\"kadence-post-image-inner-wrap\"><img loading=\"lazy\" decoding=\"async\" width=\"265\" height=\"300\" src=\"https:\/\/galerie-ancienne-poste.com\/wp-content\/uploads\/2025\/07\/maroti-victoria-ym-2023-265x300.jpg\" class=\"attachment-medium size-medium wp-image-3955 wp-post-image\" alt=\"\" srcset=\"https:\/\/galerie-ancienne-poste.com\/wp-content\/uploads\/2025\/07\/maroti-victoria-ym-2023-265x300.jpg 265w, https:\/\/galerie-ancienne-poste.com\/wp-content\/uploads\/2025\/07\/maroti-victoria-ym-2023-11x12.jpg 11w, https:\/\/galerie-ancienne-poste.com\/wp-content\/uploads\/2025\/07\/maroti-victoria-ym-2023.jpg 569w\" sizes=\"auto, (max-width: 265px) 100vw, 265px\" data-mwl-img-id=\"3955\"><\/a><\/div><\/div><\/div><div class=\"kt-blocks-post-grid-item-inner\"><header><h2 class=\"entry-title\"><a href=\"https:\/\/galerie-ancienne-poste.com\/fr\/presse\/yonne-magazine-1er-avril-2023\/\">Yonne Magazine &#8211; 1er avril 2023<\/a><\/h2><div class=\"kt-blocks-post-top-meta\"><\/div><\/header><div class=\"entry-content\">\u00ab\u00a0La porcelaine textile d\u00e9licat\u00a0\u00bb. pour l&rsquo;exposition de la c\u00e9ramiste hongroise Viktoria Maroti \u00e0 Toucy. L&rsquo;Yonne Magazine du 1er avril 2023<\/div><footer class=\"kt-blocks-post-footer\"><div class=\"kt-blocks-post-footer-left\"><\/div><div class=\"kt-blocks-post-footer-right\"><\/div><\/footer><\/div><\/div><\/article><article class=\"kt-blocks-post-grid-item post-3956 post type-post status-publish format-standard has-post-thumbnail hentry category-presse artiste_-viktoria-maroti\"><div class=\"kt-blocks-post-grid-item-inner-wrap kt-feat-image-align-left kt-feat-image-mobile-align-top\"><div class=\"kadence-post-image\"><div class=\"kadence-post-image-intrisic kt-image-ratio-100\" style=\"padding-bottom:100%;\"><div class=\"kadence-post-image-inner-intrisic\"><a aria-hidden=\"true\" tabindex=\"-1\" role=\"presentation\" href=\"https:\/\/galerie-ancienne-poste.com\/fr\/presse\/connaissance-des-arts-avril-2023\/\" aria-label=\"Connaissance des Arts avril 2023\" class=\"kadence-post-image-inner-wrap\"><img loading=\"lazy\" decoding=\"async\" width=\"291\" height=\"300\" src=\"https:\/\/galerie-ancienne-poste.com\/wp-content\/uploads\/2025\/07\/maroti-viktoria-cda-2023-e1753694740224-291x300.jpg\" class=\"attachment-medium size-medium wp-image-3954 wp-post-image\" alt=\"Viktoria Maroti\" srcset=\"https:\/\/galerie-ancienne-poste.com\/wp-content\/uploads\/2025\/07\/maroti-viktoria-cda-2023-e1753694740224-291x300.jpg 291w, https:\/\/galerie-ancienne-poste.com\/wp-content\/uploads\/2025\/07\/maroti-viktoria-cda-2023-e1753694740224-768x793.jpg 768w, https:\/\/galerie-ancienne-poste.com\/wp-content\/uploads\/2025\/07\/maroti-viktoria-cda-2023-e1753694740224-12x12.jpg 12w, https:\/\/galerie-ancienne-poste.com\/wp-content\/uploads\/2025\/07\/maroti-viktoria-cda-2023-e1753694740224-600x619.jpg 600w, https:\/\/galerie-ancienne-poste.com\/wp-content\/uploads\/2025\/07\/maroti-viktoria-cda-2023-e1753694740224.jpg 770w\" sizes=\"auto, (max-width: 291px) 100vw, 291px\" data-mwl-img-id=\"3954\" \/><\/a><\/div><\/div><\/div><div class=\"kt-blocks-post-grid-item-inner\"><header><h2 class=\"entry-title\"><a href=\"https:\/\/galerie-ancienne-poste.com\/fr\/presse\/connaissance-des-arts-avril-2023\/\">Connaissance des Arts avril 2023<\/a><\/h2><div class=\"kt-blocks-post-top-meta\"><\/div><\/header><div class=\"entry-content\">\u00ab\u00a0Vikt\u00f3ria Mar\u00f3ti jongleuse de mat\u00e9riaux\u00a0\u00bb in nouveau talent. Connaissance des Arts du mois d&rsquo;avril 2023<\/div><footer class=\"kt-blocks-post-footer\"><div class=\"kt-blocks-post-footer-left\"><\/div><div class=\"kt-blocks-post-footer-right\"><\/div><\/footer><\/div><\/div><\/article><article class=\"kt-blocks-post-grid-item post-3744 post type-post status-publish format-standard has-post-thumbnail hentry category-galerie category-presse tag-galerie artiste_-25-ans\"><div class=\"kt-blocks-post-grid-item-inner-wrap kt-feat-image-align-left kt-feat-image-mobile-align-top\"><div class=\"kadence-post-image\"><div class=\"kadence-post-image-intrisic kt-image-ratio-100\" style=\"padding-bottom:100%;\"><div class=\"kadence-post-image-inner-intrisic\"><a aria-hidden=\"true\" tabindex=\"-1\" role=\"presentation\" href=\"https:\/\/galerie-ancienne-poste.com\/fr\/galerie\/revue-de-la-ceramique-et-du-verre-janvier-2023\/\" aria-label=\"Revue de la c\u00e9ramique et du verre &#8211; janvier 2023\" class=\"kadence-post-image-inner-wrap\"><img loading=\"lazy\" decoding=\"async\" width=\"205\" height=\"300\" src=\"https:\/\/galerie-ancienne-poste.com\/wp-content\/uploads\/2025\/07\/25-ans-rcv-2023-1-205x300.jpg\" class=\"attachment-medium size-medium wp-image-3706 wp-post-image\" alt=\"\" srcset=\"https:\/\/galerie-ancienne-poste.com\/wp-content\/uploads\/2025\/07\/25-ans-rcv-2023-1-205x300.jpg 205w, https:\/\/galerie-ancienne-poste.com\/wp-content\/uploads\/2025\/07\/25-ans-rcv-2023-1-699x1024.jpg 699w, https:\/\/galerie-ancienne-poste.com\/wp-content\/uploads\/2025\/07\/25-ans-rcv-2023-1-768x1125.jpg 768w, https:\/\/galerie-ancienne-poste.com\/wp-content\/uploads\/2025\/07\/25-ans-rcv-2023-1-8x12.jpg 8w, https:\/\/galerie-ancienne-poste.com\/wp-content\/uploads\/2025\/07\/25-ans-rcv-2023-1-600x879.jpg 600w, https:\/\/galerie-ancienne-poste.com\/wp-content\/uploads\/2025\/07\/25-ans-rcv-2023-1.jpg 1012w\" sizes=\"auto, (max-width: 205px) 100vw, 205px\" data-mwl-img-id=\"3706\"><\/a><\/div><\/div><\/div><div class=\"kt-blocks-post-grid-item-inner\"><header><h2 class=\"entry-title\"><a href=\"https:\/\/galerie-ancienne-poste.com\/fr\/galerie\/revue-de-la-ceramique-et-du-verre-janvier-2023\/\">Revue de la c\u00e9ramique et du verre &#8211; janvier 2023<\/a><\/h2><div class=\"kt-blocks-post-top-meta\"><\/div><\/header><div class=\"entry-content\">\u00ab\u00a0La Galerie de l&rsquo;Ancienne Poste. 25 ans au service de la c\u00e9ramique contemporaine\u00a0\u00bb in Revue de la c\u00e9ramique et du verre du mois de janvier 2023.<\/div><footer class=\"kt-blocks-post-footer\"><div class=\"kt-blocks-post-footer-left\"><\/div><div class=\"kt-blocks-post-footer-right\"><\/div><\/footer><\/div><\/div><\/article><article class=\"kt-blocks-post-grid-item post-4438 post type-post status-publish format-standard has-post-thumbnail hentry category-presse\"><div class=\"kt-blocks-post-grid-item-inner-wrap kt-feat-image-align-left kt-feat-image-mobile-align-top\"><div class=\"kadence-post-image\"><div class=\"kadence-post-image-intrisic kt-image-ratio-100\" style=\"padding-bottom:100%;\"><div class=\"kadence-post-image-inner-intrisic\"><a aria-hidden=\"true\" tabindex=\"-1\" role=\"presentation\" href=\"https:\/\/galerie-ancienne-poste.com\/fr\/presse\/revue-de-la-ceramique-et-du-verre-novembre-2022\/\" aria-label=\"Revue de la C\u00e9ramique et du Verre &#8211; nov.\/d\u00e9c. 2022\" class=\"kadence-post-image-inner-wrap\"><img loading=\"lazy\" decoding=\"async\" width=\"162\" height=\"300\" src=\"https:\/\/galerie-ancienne-poste.com\/wp-content\/uploads\/2025\/07\/kim-jin-eui-rcv-162x300.jpg\" class=\"attachment-medium size-medium wp-image-4422 wp-post-image\" alt=\"\" srcset=\"https:\/\/galerie-ancienne-poste.com\/wp-content\/uploads\/2025\/07\/kim-jin-eui-rcv-162x300.jpg 162w, https:\/\/galerie-ancienne-poste.com\/wp-content\/uploads\/2025\/07\/kim-jin-eui-rcv-6x12.jpg 6w, https:\/\/galerie-ancienne-poste.com\/wp-content\/uploads\/2025\/07\/kim-jin-eui-rcv.jpg 314w\" sizes=\"auto, (max-width: 162px) 100vw, 162px\" data-mwl-img-id=\"4422\"><\/a><\/div><\/div><\/div><div class=\"kt-blocks-post-grid-item-inner\"><header><h2 class=\"entry-title\"><a href=\"https:\/\/galerie-ancienne-poste.com\/fr\/presse\/revue-de-la-ceramique-et-du-verre-novembre-2022\/\">Revue de la C\u00e9ramique et du Verre &#8211; nov.\/d\u00e9c. 2022<\/a><\/h2><div class=\"kt-blocks-post-top-meta\"><\/div><\/header><div class=\"entry-content\">Exposition Jin Eui Kim &#8211; Revue de la C\u00e9ramique et du Verre &#8211; nov.\/ d\u00e9c. 2022.<\/div><footer class=\"kt-blocks-post-footer\"><div class=\"kt-blocks-post-footer-left\"><\/div><div class=\"kt-blocks-post-footer-right\"><\/div><\/footer><\/div><\/div><\/article><article class=\"kt-blocks-post-grid-item post-4300 post type-post status-publish format-standard has-post-thumbnail hentry category-presse\"><div class=\"kt-blocks-post-grid-item-inner-wrap kt-feat-image-align-left kt-feat-image-mobile-align-top\"><div class=\"kadence-post-image\"><div class=\"kadence-post-image-intrisic kt-image-ratio-100\" style=\"padding-bottom:100%;\"><div class=\"kadence-post-image-inner-intrisic\"><a aria-hidden=\"true\" tabindex=\"-1\" role=\"presentation\" href=\"https:\/\/galerie-ancienne-poste.com\/fr\/presse\/connaissance-des-arts-octobre-2022\/\" aria-label=\"Connaissance des Arts &#8211; octobre 2022\" class=\"kadence-post-image-inner-wrap\"><img loading=\"lazy\" decoding=\"async\" width=\"300\" height=\"296\" src=\"https:\/\/galerie-ancienne-poste.com\/wp-content\/uploads\/2025\/07\/aberg-cda-2022-300x296.jpg\" class=\"attachment-medium size-medium wp-image-4299 wp-post-image\" alt=\"\" srcset=\"https:\/\/galerie-ancienne-poste.com\/wp-content\/uploads\/2025\/07\/aberg-cda-2022-300x296.jpg 300w, https:\/\/galerie-ancienne-poste.com\/wp-content\/uploads\/2025\/07\/aberg-cda-2022-12x12.jpg 12w, https:\/\/galerie-ancienne-poste.com\/wp-content\/uploads\/2025\/07\/aberg-cda-2022-100x100.jpg 100w, https:\/\/galerie-ancienne-poste.com\/wp-content\/uploads\/2025\/07\/aberg-cda-2022.jpg 494w\" sizes=\"auto, (max-width: 300px) 100vw, 300px\" data-mwl-img-id=\"4299\"><\/a><\/div><\/div><\/div><div class=\"kt-blocks-post-grid-item-inner\"><header><h2 class=\"entry-title\"><a href=\"https:\/\/galerie-ancienne-poste.com\/fr\/presse\/connaissance-des-arts-octobre-2022\/\">Connaissance des Arts &#8211; octobre 2022<\/a><\/h2><div class=\"kt-blocks-post-top-meta\"><\/div><\/header><div class=\"entry-content\">\u00ab\u00a0Les noir et blanc de Barbro Aberg\u00a0\u00bb Exposition \u00e0 la Galerie de l&rsquo;Ancienne Poste &#8211; Connaissance des Arts octobre 2022.<\/div><footer class=\"kt-blocks-post-footer\"><div class=\"kt-blocks-post-footer-left\"><\/div><div class=\"kt-blocks-post-footer-right\"><\/div><\/footer><\/div><\/div><\/article><article class=\"kt-blocks-post-grid-item post-4345 post type-post status-publish format-standard has-post-thumbnail hentry category-presse\"><div class=\"kt-blocks-post-grid-item-inner-wrap kt-feat-image-align-left kt-feat-image-mobile-align-top\"><div class=\"kadence-post-image\"><div class=\"kadence-post-image-intrisic kt-image-ratio-100\" style=\"padding-bottom:100%;\"><div class=\"kadence-post-image-inner-intrisic\"><a aria-hidden=\"true\" tabindex=\"-1\" role=\"presentation\" href=\"https:\/\/galerie-ancienne-poste.com\/fr\/presse\/connaissance-des-arts-juillet-2022\/\" aria-label=\"Connaissance des Arts &#8211; juillet 2022\" class=\"kadence-post-image-inner-wrap\"><img loading=\"lazy\" decoding=\"async\" width=\"271\" height=\"300\" src=\"https:\/\/galerie-ancienne-poste.com\/wp-content\/uploads\/2025\/07\/lee-ahryun-cda-271x300.jpg\" class=\"attachment-medium size-medium wp-image-4343 wp-post-image\" alt=\"\" srcset=\"https:\/\/galerie-ancienne-poste.com\/wp-content\/uploads\/2025\/07\/lee-ahryun-cda-271x300.jpg 271w, https:\/\/galerie-ancienne-poste.com\/wp-content\/uploads\/2025\/07\/lee-ahryun-cda-11x12.jpg 11w, https:\/\/galerie-ancienne-poste.com\/wp-content\/uploads\/2025\/07\/lee-ahryun-cda.jpg 408w\" sizes=\"auto, (max-width: 271px) 100vw, 271px\" data-mwl-img-id=\"4343\"><\/a><\/div><\/div><\/div><div class=\"kt-blocks-post-grid-item-inner\"><header><h2 class=\"entry-title\"><a href=\"https:\/\/galerie-ancienne-poste.com\/fr\/presse\/connaissance-des-arts-juillet-2022\/\">Connaissance des Arts &#8211; juillet 2022<\/a><\/h2><div class=\"kt-blocks-post-top-meta\"><\/div><\/header><div class=\"entry-content\">\u00ab\u00a0Ahryun Lee Argile douce\u00a0\u00bb. exposition \u00e0 la Galerie de l&rsquo;Ancienne Poste Connaissance des arts des mois de juillet\/ao\u00fbt 2022.<\/div><footer class=\"kt-blocks-post-footer\"><div class=\"kt-blocks-post-footer-left\"><\/div><div class=\"kt-blocks-post-footer-right\"><\/div><\/footer><\/div><\/div><\/article><article class=\"kt-blocks-post-grid-item post-4350 post type-post status-publish format-standard has-post-thumbnail hentry category-presse\"><div class=\"kt-blocks-post-grid-item-inner-wrap kt-feat-image-align-left kt-feat-image-mobile-align-top\"><div class=\"kadence-post-image\"><div class=\"kadence-post-image-intrisic kt-image-ratio-100\" style=\"padding-bottom:100%;\"><div class=\"kadence-post-image-inner-intrisic\"><a aria-hidden=\"true\" tabindex=\"-1\" role=\"presentation\" href=\"https:\/\/galerie-ancienne-poste.com\/fr\/presse\/loeil-juillet-2022\/\" aria-label=\"L&rsquo;OEIL &#8211; juillet 2022\" class=\"kadence-post-image-inner-wrap\"><img loading=\"lazy\" decoding=\"async\" width=\"210\" height=\"300\" src=\"https:\/\/galerie-ancienne-poste.com\/wp-content\/uploads\/2025\/07\/lee-ahryun-l-oeil-2022-1-e1753687338613-210x300.jpg\" class=\"attachment-medium size-medium wp-image-3042 wp-post-image\" alt=\"Ahryun Lee\" srcset=\"https:\/\/galerie-ancienne-poste.com\/wp-content\/uploads\/2025\/07\/lee-ahryun-l-oeil-2022-1-e1753687338613-210x300.jpg 210w, https:\/\/galerie-ancienne-poste.com\/wp-content\/uploads\/2025\/07\/lee-ahryun-l-oeil-2022-1-e1753687338613-715x1024.jpg 715w, https:\/\/galerie-ancienne-poste.com\/wp-content\/uploads\/2025\/07\/lee-ahryun-l-oeil-2022-1-e1753687338613-8x12.jpg 8w, https:\/\/galerie-ancienne-poste.com\/wp-content\/uploads\/2025\/07\/lee-ahryun-l-oeil-2022-1-e1753687338613-600x859.jpg 600w, https:\/\/galerie-ancienne-poste.com\/wp-content\/uploads\/2025\/07\/lee-ahryun-l-oeil-2022-1-e1753687338613.jpg 732w\" sizes=\"auto, (max-width: 210px) 100vw, 210px\" data-mwl-img-id=\"3042\" \/><\/a><\/div><\/div><\/div><div class=\"kt-blocks-post-grid-item-inner\"><header><h2 class=\"entry-title\"><a href=\"https:\/\/galerie-ancienne-poste.com\/fr\/presse\/loeil-juillet-2022\/\">L&rsquo;OEIL &#8211; juillet 2022<\/a><\/h2><div class=\"kt-blocks-post-top-meta\"><\/div><\/header><div class=\"entry-content\">Exposition Ahryun Lee \u00e0 la Galerie de l&rsquo;Ancienne Poste in l&rsquo;Actualit\u00e9 des galeries. L&rsquo;OEIL du mois de juillet 2022<\/div><footer class=\"kt-blocks-post-footer\"><div class=\"kt-blocks-post-footer-left\"><\/div><div class=\"kt-blocks-post-footer-right\"><\/div><\/footer><\/div><\/div><\/article><article class=\"kt-blocks-post-grid-item post-3242 post type-post status-publish format-standard has-post-thumbnail hentry category-presse\"><div class=\"kt-blocks-post-grid-item-inner-wrap kt-feat-image-align-left kt-feat-image-mobile-align-top\"><div class=\"kadence-post-image\"><div class=\"kadence-post-image-intrisic kt-image-ratio-100\" style=\"padding-bottom:100%;\"><div class=\"kadence-post-image-inner-intrisic\"><a aria-hidden=\"true\" tabindex=\"-1\" role=\"presentation\" href=\"https:\/\/galerie-ancienne-poste.com\/fr\/presse\/revue-de-la-ceramique-et-du-verre-2\/\" aria-label=\"Revue de la C\u00e9ramique et du Verre &#8211; mai 2022\" class=\"kadence-post-image-inner-wrap\"><img loading=\"lazy\" decoding=\"async\" width=\"283\" height=\"300\" src=\"https:\/\/galerie-ancienne-poste.com\/wp-content\/uploads\/2025\/07\/babos-palma-rcv-2022-1-e1753695398126-283x300.jpg\" class=\"attachment-medium size-medium wp-image-3016 wp-post-image\" alt=\"Palma Babo\" srcset=\"https:\/\/galerie-ancienne-poste.com\/wp-content\/uploads\/2025\/07\/babos-palma-rcv-2022-1-e1753695398126-283x300.jpg 283w, https:\/\/galerie-ancienne-poste.com\/wp-content\/uploads\/2025\/07\/babos-palma-rcv-2022-1-e1753695398126-11x12.jpg 11w, https:\/\/galerie-ancienne-poste.com\/wp-content\/uploads\/2025\/07\/babos-palma-rcv-2022-1-e1753695398126-600x636.jpg 600w, https:\/\/galerie-ancienne-poste.com\/wp-content\/uploads\/2025\/07\/babos-palma-rcv-2022-1-e1753695398126.jpg 703w\" sizes=\"auto, (max-width: 283px) 100vw, 283px\" data-mwl-img-id=\"3016\" \/><\/a><\/div><\/div><\/div><div class=\"kt-blocks-post-grid-item-inner\"><header><h2 class=\"entry-title\"><a href=\"https:\/\/galerie-ancienne-poste.com\/fr\/presse\/revue-de-la-ceramique-et-du-verre-2\/\">Revue de la C\u00e9ramique et du Verre &#8211; mai 2022<\/a><\/h2><div class=\"kt-blocks-post-top-meta\"><\/div><\/header><div class=\"entry-content\">\u00ab\u00a0Palma Babos Constructions int\u00e9rieures\u00a0\u00bb La Revue de la C\u00e9ramique et du Verre &#8211; mai\/juin 2022.<\/div><footer class=\"kt-blocks-post-footer\"><div class=\"kt-blocks-post-footer-left\"><\/div><div class=\"kt-blocks-post-footer-right\"><\/div><\/footer><\/div><\/div><\/article><article class=\"kt-blocks-post-grid-item post-3223 post type-post status-publish format-standard has-post-thumbnail hentry category-presse artiste_-ursula-morley-price\"><div class=\"kt-blocks-post-grid-item-inner-wrap kt-feat-image-align-left kt-feat-image-mobile-align-top\"><div class=\"kadence-post-image\"><div class=\"kadence-post-image-intrisic kt-image-ratio-100\" style=\"padding-bottom:100%;\"><div class=\"kadence-post-image-inner-intrisic\"><a aria-hidden=\"true\" tabindex=\"-1\" role=\"presentation\" href=\"https:\/\/galerie-ancienne-poste.com\/fr\/presse\/connaissance-des-arts-decembre-2021\/\" aria-label=\"Connaissance des Arts &#8211; d\u00e9cembre 2021\" class=\"kadence-post-image-inner-wrap\"><img loading=\"lazy\" decoding=\"async\" width=\"300\" height=\"203\" src=\"https:\/\/galerie-ancienne-poste.com\/wp-content\/uploads\/2025\/07\/morley-price-ursula-cda-2021-2-e1753694946622-300x203.jpg\" class=\"attachment-medium size-medium wp-image-3002 wp-post-image\" alt=\"Ursula Morley-Price\" srcset=\"https:\/\/galerie-ancienne-poste.com\/wp-content\/uploads\/2025\/07\/morley-price-ursula-cda-2021-2-e1753694946622-300x203.jpg 300w, https:\/\/galerie-ancienne-poste.com\/wp-content\/uploads\/2025\/07\/morley-price-ursula-cda-2021-2-e1753694946622-768x519.jpg 768w, https:\/\/galerie-ancienne-poste.com\/wp-content\/uploads\/2025\/07\/morley-price-ursula-cda-2021-2-e1753694946622-18x12.jpg 18w, https:\/\/galerie-ancienne-poste.com\/wp-content\/uploads\/2025\/07\/morley-price-ursula-cda-2021-2-e1753694946622-600x405.jpg 600w, https:\/\/galerie-ancienne-poste.com\/wp-content\/uploads\/2025\/07\/morley-price-ursula-cda-2021-2-e1753694946622.jpg 770w\" sizes=\"auto, (max-width: 300px) 100vw, 300px\" data-mwl-img-id=\"3002\" \/><\/a><\/div><\/div><\/div><div class=\"kt-blocks-post-grid-item-inner\"><header><h2 class=\"entry-title\"><a href=\"https:\/\/galerie-ancienne-poste.com\/fr\/presse\/connaissance-des-arts-decembre-2021\/\">Connaissance des Arts &#8211; d\u00e9cembre 2021<\/a><\/h2><div class=\"kt-blocks-post-top-meta\"><\/div><\/header><div class=\"entry-content\">Ursula Morley-Price. \u00ab\u00a0deux parasols Forms d&rsquo;Ursula Morley-Price\u00a0\u00bb rubrique L&rsquo;\u0153uvre du mois. Connaissance des Arts d\u00e9cembre 2021.<\/div><footer class=\"kt-blocks-post-footer\"><div class=\"kt-blocks-post-footer-left\"><\/div><div class=\"kt-blocks-post-footer-right\"><\/div><\/footer><\/div><\/div><\/article><article class=\"kt-blocks-post-grid-item post-3730 post type-post status-publish format-standard has-post-thumbnail hentry category-galerie category-presse tag-galerie\"><div class=\"kt-blocks-post-grid-item-inner-wrap kt-feat-image-align-left kt-feat-image-mobile-align-top\"><div class=\"kadence-post-image\"><div class=\"kadence-post-image-intrisic kt-image-ratio-100\" style=\"padding-bottom:100%;\"><div class=\"kadence-post-image-inner-intrisic\"><a aria-hidden=\"true\" tabindex=\"-1\" role=\"presentation\" href=\"https:\/\/galerie-ancienne-poste.com\/fr\/galerie\/loeil-decembre-2021\/\" aria-label=\"L&rsquo;\u0152il &#8211; d\u00e9cembre 2021\" class=\"kadence-post-image-inner-wrap\"><img loading=\"lazy\" decoding=\"async\" width=\"218\" height=\"300\" src=\"https:\/\/galerie-ancienne-poste.com\/wp-content\/uploads\/2025\/07\/LOEIL-12-2021_marche-ceramique-contemporaine-218x300.jpg\" class=\"attachment-medium size-medium wp-image-3715 wp-post-image\" alt=\"\" srcset=\"https:\/\/galerie-ancienne-poste.com\/wp-content\/uploads\/2025\/07\/LOEIL-12-2021_marche-ceramique-contemporaine-218x300.jpg 218w, https:\/\/galerie-ancienne-poste.com\/wp-content\/uploads\/2025\/07\/LOEIL-12-2021_marche-ceramique-contemporaine-746x1024.jpg 746w, https:\/\/galerie-ancienne-poste.com\/wp-content\/uploads\/2025\/07\/LOEIL-12-2021_marche-ceramique-contemporaine-768x1055.jpg 768w, https:\/\/galerie-ancienne-poste.com\/wp-content\/uploads\/2025\/07\/LOEIL-12-2021_marche-ceramique-contemporaine-1118x1536.jpg 1118w, https:\/\/galerie-ancienne-poste.com\/wp-content\/uploads\/2025\/07\/LOEIL-12-2021_marche-ceramique-contemporaine-1491x2048.jpg 1491w, https:\/\/galerie-ancienne-poste.com\/wp-content\/uploads\/2025\/07\/LOEIL-12-2021_marche-ceramique-contemporaine-9x12.jpg 9w, https:\/\/galerie-ancienne-poste.com\/wp-content\/uploads\/2025\/07\/LOEIL-12-2021_marche-ceramique-contemporaine-600x824.jpg 600w, https:\/\/galerie-ancienne-poste.com\/wp-content\/uploads\/2025\/07\/LOEIL-12-2021_marche-ceramique-contemporaine.jpg 1864w\" sizes=\"auto, (max-width: 218px) 100vw, 218px\" data-mwl-img-id=\"3715\"><\/a><\/div><\/div><\/div><div class=\"kt-blocks-post-grid-item-inner\"><header><h2 class=\"entry-title\"><a href=\"https:\/\/galerie-ancienne-poste.com\/fr\/galerie\/loeil-decembre-2021\/\">L&rsquo;\u0152il &#8211; d\u00e9cembre 2021<\/a><\/h2><div class=\"kt-blocks-post-top-meta\"><\/div><\/header><div class=\"entry-content\">Questions \u00e0 Isabelle Brunelin in\u00a0\u00bb La c\u00e9ramique contemporaine\u00a0\u00bb. L&rsquo;\u0152il de d\u00e9cembre 2021<\/div><footer class=\"kt-blocks-post-footer\"><div class=\"kt-blocks-post-footer-left\"><\/div><div class=\"kt-blocks-post-footer-right\"><\/div><\/footer><\/div><\/div><\/article><article class=\"kt-blocks-post-grid-item post-3638 post type-post status-publish format-standard has-post-thumbnail hentry category-presse artiste_-ann-van-hoey\"><div class=\"kt-blocks-post-grid-item-inner-wrap kt-feat-image-align-left kt-feat-image-mobile-align-top\"><div class=\"kadence-post-image\"><div class=\"kadence-post-image-intrisic kt-image-ratio-100\" style=\"padding-bottom:100%;\"><div class=\"kadence-post-image-inner-intrisic\"><a aria-hidden=\"true\" tabindex=\"-1\" role=\"presentation\" href=\"https:\/\/galerie-ancienne-poste.com\/fr\/presse\/loeil-octobre-2021\/\" aria-label=\"L&rsquo;OEIL &#8211; octobre 2021\" class=\"kadence-post-image-inner-wrap\"><img loading=\"lazy\" decoding=\"async\" width=\"267\" height=\"300\" src=\"https:\/\/galerie-ancienne-poste.com\/wp-content\/uploads\/2025\/07\/van-hoey-ann-l-oeil-2021-1-e1753687462226-267x300.jpg\" class=\"attachment-medium size-medium wp-image-3053 wp-post-image\" alt=\"Ann Van Hoey\" srcset=\"https:\/\/galerie-ancienne-poste.com\/wp-content\/uploads\/2025\/07\/van-hoey-ann-l-oeil-2021-1-e1753687462226-267x300.jpg 267w, https:\/\/galerie-ancienne-poste.com\/wp-content\/uploads\/2025\/07\/van-hoey-ann-l-oeil-2021-1-e1753687462226-768x864.jpg 768w, https:\/\/galerie-ancienne-poste.com\/wp-content\/uploads\/2025\/07\/van-hoey-ann-l-oeil-2021-1-e1753687462226-11x12.jpg 11w, https:\/\/galerie-ancienne-poste.com\/wp-content\/uploads\/2025\/07\/van-hoey-ann-l-oeil-2021-1-e1753687462226-600x675.jpg 600w, https:\/\/galerie-ancienne-poste.com\/wp-content\/uploads\/2025\/07\/van-hoey-ann-l-oeil-2021-1-e1753687462226.jpg 800w\" sizes=\"auto, (max-width: 267px) 100vw, 267px\" data-mwl-img-id=\"3053\" \/><\/a><\/div><\/div><\/div><div class=\"kt-blocks-post-grid-item-inner\"><header><h2 class=\"entry-title\"><a href=\"https:\/\/galerie-ancienne-poste.com\/fr\/presse\/loeil-octobre-2021\/\">L&rsquo;OEIL &#8211; octobre 2021<\/a><\/h2><div class=\"kt-blocks-post-top-meta\"><\/div><\/header><div class=\"entry-content\">Exposition Ann Van Hoey in l&rsquo;actualit\u00e9 des galeries. L&rsquo;OEIL du mois d&rsquo;octobre 2021<\/div><footer class=\"kt-blocks-post-footer\"><div class=\"kt-blocks-post-footer-left\"><\/div><div class=\"kt-blocks-post-footer-right\"><\/div><\/footer><\/div><\/div><\/article><article class=\"kt-blocks-post-grid-item post-4571 post type-post status-publish format-standard has-post-thumbnail hentry category-presse\"><div class=\"kt-blocks-post-grid-item-inner-wrap kt-feat-image-align-left kt-feat-image-mobile-align-top\"><div class=\"kadence-post-image\"><div class=\"kadence-post-image-intrisic kt-image-ratio-100\" style=\"padding-bottom:100%;\"><div class=\"kadence-post-image-inner-intrisic\"><a aria-hidden=\"true\" tabindex=\"-1\" role=\"presentation\" href=\"https:\/\/galerie-ancienne-poste.com\/fr\/presse\/connaissance-des-arts-juillet-2021\/\" aria-label=\"Connaissance des Arts -juillet 2021\" class=\"kadence-post-image-inner-wrap\"><img loading=\"lazy\" decoding=\"async\" width=\"300\" height=\"237\" src=\"https:\/\/galerie-ancienne-poste.com\/wp-content\/uploads\/2025\/07\/madelaine-oceane-cda-300x237.jpg\" class=\"attachment-medium size-medium wp-image-4538 wp-post-image\" alt=\"\" srcset=\"https:\/\/galerie-ancienne-poste.com\/wp-content\/uploads\/2025\/07\/madelaine-oceane-cda-300x237.jpg 300w, https:\/\/galerie-ancienne-poste.com\/wp-content\/uploads\/2025\/07\/madelaine-oceane-cda-15x12.jpg 15w, https:\/\/galerie-ancienne-poste.com\/wp-content\/uploads\/2025\/07\/madelaine-oceane-cda-600x474.jpg 600w, https:\/\/galerie-ancienne-poste.com\/wp-content\/uploads\/2025\/07\/madelaine-oceane-cda.jpg 759w\" sizes=\"auto, (max-width: 300px) 100vw, 300px\" data-mwl-img-id=\"4538\"><\/a><\/div><\/div><\/div><div class=\"kt-blocks-post-grid-item-inner\"><header><h2 class=\"entry-title\"><a href=\"https:\/\/galerie-ancienne-poste.com\/fr\/presse\/connaissance-des-arts-juillet-2021\/\">Connaissance des Arts -juillet 2021<\/a><\/h2><div class=\"kt-blocks-post-top-meta\"><\/div><\/header><div class=\"entry-content\">Oc\u00e9ane Madelaine \u00ab\u00a0de lettres et de feu\u00a0\u00bb Connaissance des Arts du mois de juillet 2021<\/div><footer class=\"kt-blocks-post-footer\"><div class=\"kt-blocks-post-footer-left\"><\/div><div class=\"kt-blocks-post-footer-right\"><\/div><\/footer><\/div><\/div><\/article><article class=\"kt-blocks-post-grid-item post-3216 post type-post status-publish format-standard has-post-thumbnail hentry category-presse\"><div class=\"kt-blocks-post-grid-item-inner-wrap kt-feat-image-align-left kt-feat-image-mobile-align-top\"><div class=\"kadence-post-image\"><div class=\"kadence-post-image-intrisic kt-image-ratio-100\" style=\"padding-bottom:100%;\"><div class=\"kadence-post-image-inner-intrisic\"><a aria-hidden=\"true\" tabindex=\"-1\" role=\"presentation\" href=\"https:\/\/galerie-ancienne-poste.com\/fr\/presse\/sara-flynn-connaissance-des-arts-juin-2021\/\" aria-label=\"Connaissance des Arts juin 2021\" class=\"kadence-post-image-inner-wrap\"><img loading=\"lazy\" decoding=\"async\" width=\"300\" height=\"202\" src=\"https:\/\/galerie-ancienne-poste.com\/wp-content\/uploads\/2025\/07\/sara-flynn-cda-1-e1753687620475-300x202.jpg\" class=\"attachment-medium size-medium wp-image-3008 wp-post-image\" alt=\"Sara flynn\" srcset=\"https:\/\/galerie-ancienne-poste.com\/wp-content\/uploads\/2025\/07\/sara-flynn-cda-1-e1753687620475-300x202.jpg 300w, https:\/\/galerie-ancienne-poste.com\/wp-content\/uploads\/2025\/07\/sara-flynn-cda-1-e1753687620475-768x518.jpg 768w, https:\/\/galerie-ancienne-poste.com\/wp-content\/uploads\/2025\/07\/sara-flynn-cda-1-e1753687620475-18x12.jpg 18w, https:\/\/galerie-ancienne-poste.com\/wp-content\/uploads\/2025\/07\/sara-flynn-cda-1-e1753687620475-600x405.jpg 600w, https:\/\/galerie-ancienne-poste.com\/wp-content\/uploads\/2025\/07\/sara-flynn-cda-1-e1753687620475.jpg 778w\" sizes=\"auto, (max-width: 300px) 100vw, 300px\" data-mwl-img-id=\"3008\" \/><\/a><\/div><\/div><\/div><div class=\"kt-blocks-post-grid-item-inner\"><header><h2 class=\"entry-title\"><a href=\"https:\/\/galerie-ancienne-poste.com\/fr\/presse\/sara-flynn-connaissance-des-arts-juin-2021\/\">Connaissance des Arts juin 2021<\/a><\/h2><div class=\"kt-blocks-post-top-meta\"><\/div><\/header><div class=\"entry-content\">Sara Flynn. \u00ab\u00a0L&rsquo;alchimie\u00a0\u00bb des formes\u00a0\u00bb in nouveau talent.. Connaissance des Arts de juin 2021 \u00e0 l&rsquo;occasion de l&rsquo;exposition de la c\u00e9ramiste irlandaise \u00e0 la Galerie de l&rsquo;Ancienne poste<\/div><footer class=\"kt-blocks-post-footer\"><div class=\"kt-blocks-post-footer-left\"><\/div><div class=\"kt-blocks-post-footer-right\"><\/div><\/footer><\/div><\/div><\/article><article class=\"kt-blocks-post-grid-item post-4864 post type-post status-publish format-standard has-post-thumbnail hentry category-presse\"><div class=\"kt-blocks-post-grid-item-inner-wrap kt-feat-image-align-left kt-feat-image-mobile-align-top\"><div class=\"kadence-post-image\"><div class=\"kadence-post-image-intrisic kt-image-ratio-100\" style=\"padding-bottom:100%;\"><div class=\"kadence-post-image-inner-intrisic\"><a aria-hidden=\"true\" tabindex=\"-1\" role=\"presentation\" href=\"https:\/\/galerie-ancienne-poste.com\/fr\/presse\/loeil-juin-2021\/\" aria-label=\"LOEIL &#8211; juin 2021\" class=\"kadence-post-image-inner-wrap\"><img loading=\"lazy\" decoding=\"async\" width=\"294\" height=\"300\" src=\"https:\/\/galerie-ancienne-poste.com\/wp-content\/uploads\/2025\/07\/flynn-sara-l-oeil-2021-1-e1753687510201-294x300.jpg\" class=\"attachment-medium size-medium wp-image-3036 wp-post-image\" alt=\"Sara Flynn\" srcset=\"https:\/\/galerie-ancienne-poste.com\/wp-content\/uploads\/2025\/07\/flynn-sara-l-oeil-2021-1-e1753687510201-294x300.jpg 294w, https:\/\/galerie-ancienne-poste.com\/wp-content\/uploads\/2025\/07\/flynn-sara-l-oeil-2021-1-e1753687510201-768x785.jpg 768w, https:\/\/galerie-ancienne-poste.com\/wp-content\/uploads\/2025\/07\/flynn-sara-l-oeil-2021-1-e1753687510201-12x12.jpg 12w, https:\/\/galerie-ancienne-poste.com\/wp-content\/uploads\/2025\/07\/flynn-sara-l-oeil-2021-1-e1753687510201-600x613.jpg 600w, https:\/\/galerie-ancienne-poste.com\/wp-content\/uploads\/2025\/07\/flynn-sara-l-oeil-2021-1-e1753687510201.jpg 788w\" sizes=\"auto, (max-width: 294px) 100vw, 294px\" data-mwl-img-id=\"3036\" \/><\/a><\/div><\/div><\/div><div class=\"kt-blocks-post-grid-item-inner\"><header><h2 class=\"entry-title\"><a href=\"https:\/\/galerie-ancienne-poste.com\/fr\/presse\/loeil-juin-2021\/\">LOEIL &#8211; juin 2021<\/a><\/h2><div class=\"kt-blocks-post-top-meta\"><\/div><\/header><div class=\"entry-content\">Sara Flynn in L&rsquo;OEIL du collectionneur pour son exposition \u00e0 la Galerie de l&rsquo;Ancienne Poste. L&rsquo;OEIL du mois de juin 2021<\/div><footer class=\"kt-blocks-post-footer\"><div class=\"kt-blocks-post-footer-left\"><\/div><div class=\"kt-blocks-post-footer-right\"><\/div><\/footer><\/div><\/div><\/article><article class=\"kt-blocks-post-grid-item post-4881 post type-post status-publish format-standard has-post-thumbnail hentry category-presse artiste_-camille-virot\"><div class=\"kt-blocks-post-grid-item-inner-wrap kt-feat-image-align-left kt-feat-image-mobile-align-top\"><div class=\"kadence-post-image\"><div class=\"kadence-post-image-intrisic kt-image-ratio-100\" style=\"padding-bottom:100%;\"><div class=\"kadence-post-image-inner-intrisic\"><a aria-hidden=\"true\" tabindex=\"-1\" role=\"presentation\" href=\"https:\/\/galerie-ancienne-poste.com\/fr\/presse\/connaissance-des-arts-avril-2021\/\" aria-label=\"Connaissance des Arts &#8211; avril 2021\" class=\"kadence-post-image-inner-wrap\"><img loading=\"lazy\" decoding=\"async\" width=\"300\" height=\"267\" src=\"https:\/\/galerie-ancienne-poste.com\/wp-content\/uploads\/2025\/07\/Virot-camille-cda-avril-2021-2-e1753694856534-300x267.jpg\" class=\"attachment-medium size-medium wp-image-3014 wp-post-image\" alt=\"Camille Virot\" srcset=\"https:\/\/galerie-ancienne-poste.com\/wp-content\/uploads\/2025\/07\/Virot-camille-cda-avril-2021-2-e1753694856534-300x267.jpg 300w, https:\/\/galerie-ancienne-poste.com\/wp-content\/uploads\/2025\/07\/Virot-camille-cda-avril-2021-2-e1753694856534-1024x910.jpg 1024w, https:\/\/galerie-ancienne-poste.com\/wp-content\/uploads\/2025\/07\/Virot-camille-cda-avril-2021-2-e1753694856534-768x683.jpg 768w, https:\/\/galerie-ancienne-poste.com\/wp-content\/uploads\/2025\/07\/Virot-camille-cda-avril-2021-2-e1753694856534-13x12.jpg 13w, https:\/\/galerie-ancienne-poste.com\/wp-content\/uploads\/2025\/07\/Virot-camille-cda-avril-2021-2-e1753694856534-600x533.jpg 600w, https:\/\/galerie-ancienne-poste.com\/wp-content\/uploads\/2025\/07\/Virot-camille-cda-avril-2021-2-e1753694856534.jpg 1288w\" sizes=\"auto, (max-width: 300px) 100vw, 300px\" data-mwl-img-id=\"3014\" \/><\/a><\/div><\/div><\/div><div class=\"kt-blocks-post-grid-item-inner\"><header><h2 class=\"entry-title\"><a href=\"https:\/\/galerie-ancienne-poste.com\/fr\/presse\/connaissance-des-arts-avril-2021\/\">Connaissance des Arts &#8211; avril 2021<\/a><\/h2><div class=\"kt-blocks-post-top-meta\"><\/div><\/header><div class=\"entry-content\">\u00ab\u00a0Camille Virot r\u00e9invente le raku\u00a0\u00bb. Exposition \u00e0 la Galerie de l&rsquo;Ancienne Poste. Connaissance des Arts du mois d&rsquo;avril 2021<\/div><footer class=\"kt-blocks-post-footer\"><div class=\"kt-blocks-post-footer-left\"><\/div><div class=\"kt-blocks-post-footer-right\"><\/div><\/footer><\/div><\/div><\/article><article class=\"kt-blocks-post-grid-item post-4474 post type-post status-publish format-standard has-post-thumbnail hentry category-presse artiste_-alistair-danhieux\"><div class=\"kt-blocks-post-grid-item-inner-wrap kt-feat-image-align-left kt-feat-image-mobile-align-top\"><div class=\"kadence-post-image\"><div class=\"kadence-post-image-intrisic kt-image-ratio-100\" style=\"padding-bottom:100%;\"><div class=\"kadence-post-image-inner-intrisic\"><a aria-hidden=\"true\" tabindex=\"-1\" role=\"presentation\" href=\"https:\/\/galerie-ancienne-poste.com\/fr\/presse\/revue-de-la-ceramique-et-du-verre-mars-2021\/\" aria-label=\"Revue de la C\u00e9ramique et du Verre &#8211; mars 2021\" class=\"kadence-post-image-inner-wrap\"><img loading=\"lazy\" decoding=\"async\" width=\"300\" height=\"210\" src=\"https:\/\/galerie-ancienne-poste.com\/wp-content\/uploads\/2025\/07\/danhieux-bohle-rcv-2021-1-1-300x210.jpg\" class=\"attachment-medium size-medium wp-image-4413 wp-post-image\" alt=\"\" srcset=\"https:\/\/galerie-ancienne-poste.com\/wp-content\/uploads\/2025\/07\/danhieux-bohle-rcv-2021-1-1-300x210.jpg 300w, https:\/\/galerie-ancienne-poste.com\/wp-content\/uploads\/2025\/07\/danhieux-bohle-rcv-2021-1-1-1024x716.jpg 1024w, https:\/\/galerie-ancienne-poste.com\/wp-content\/uploads\/2025\/07\/danhieux-bohle-rcv-2021-1-1-768x537.jpg 768w, https:\/\/galerie-ancienne-poste.com\/wp-content\/uploads\/2025\/07\/danhieux-bohle-rcv-2021-1-1-1536x1074.jpg 1536w, https:\/\/galerie-ancienne-poste.com\/wp-content\/uploads\/2025\/07\/danhieux-bohle-rcv-2021-1-1-2048x1432.jpg 2048w, https:\/\/galerie-ancienne-poste.com\/wp-content\/uploads\/2025\/07\/danhieux-bohle-rcv-2021-1-1-18x12.jpg 18w, https:\/\/galerie-ancienne-poste.com\/wp-content\/uploads\/2025\/07\/danhieux-bohle-rcv-2021-1-1-600x419.jpg 600w\" sizes=\"auto, (max-width: 300px) 100vw, 300px\" data-mwl-img-id=\"4413\"><\/a><\/div><\/div><\/div><div class=\"kt-blocks-post-grid-item-inner\"><header><h2 class=\"entry-title\"><a href=\"https:\/\/galerie-ancienne-poste.com\/fr\/presse\/revue-de-la-ceramique-et-du-verre-mars-2021\/\">Revue de la C\u00e9ramique et du Verre &#8211; mars 2021<\/a><\/h2><div class=\"kt-blocks-post-top-meta\"><\/div><\/header><div class=\"entry-content\">Alistair Danhieux vs Thomas Bohle, revue de la C\u00e9ramique et du Verre de mars\/avril 2021<\/div><footer class=\"kt-blocks-post-footer\"><div class=\"kt-blocks-post-footer-left\"><\/div><div class=\"kt-blocks-post-footer-right\"><\/div><\/footer><\/div><\/div><\/article><article class=\"kt-blocks-post-grid-item post-4868 post type-post status-publish format-standard has-post-thumbnail hentry category-presse artiste_-alistair-danhieux artiste_-thomas-bohle\"><div class=\"kt-blocks-post-grid-item-inner-wrap kt-feat-image-align-left kt-feat-image-mobile-align-top\"><div class=\"kadence-post-image\"><div class=\"kadence-post-image-intrisic kt-image-ratio-100\" style=\"padding-bottom:100%;\"><div class=\"kadence-post-image-inner-intrisic\"><a aria-hidden=\"true\" tabindex=\"-1\" role=\"presentation\" href=\"https:\/\/galerie-ancienne-poste.com\/fr\/presse\/loeil-fevrier-2021\/\" aria-label=\"L&rsquo;OEIL &#8211; f\u00e9vrier 2021\" class=\"kadence-post-image-inner-wrap\"><img loading=\"lazy\" decoding=\"async\" width=\"279\" height=\"300\" src=\"https:\/\/galerie-ancienne-poste.com\/wp-content\/uploads\/2025\/07\/danhieux-bohle-l-oeil-2021-1-279x300.jpg\" class=\"attachment-medium size-medium wp-image-3034 wp-post-image\" alt=\"\" srcset=\"https:\/\/galerie-ancienne-poste.com\/wp-content\/uploads\/2025\/07\/danhieux-bohle-l-oeil-2021-1-279x300.jpg 279w, https:\/\/galerie-ancienne-poste.com\/wp-content\/uploads\/2025\/07\/danhieux-bohle-l-oeil-2021-1-951x1024.jpg 951w, https:\/\/galerie-ancienne-poste.com\/wp-content\/uploads\/2025\/07\/danhieux-bohle-l-oeil-2021-1-768x827.jpg 768w, https:\/\/galerie-ancienne-poste.com\/wp-content\/uploads\/2025\/07\/danhieux-bohle-l-oeil-2021-1-11x12.jpg 11w, https:\/\/galerie-ancienne-poste.com\/wp-content\/uploads\/2025\/07\/danhieux-bohle-l-oeil-2021-1-600x646.jpg 600w, https:\/\/galerie-ancienne-poste.com\/wp-content\/uploads\/2025\/07\/danhieux-bohle-l-oeil-2021-1.jpg 1393w\" sizes=\"auto, (max-width: 279px) 100vw, 279px\" data-mwl-img-id=\"3034\"><\/a><\/div><\/div><\/div><div class=\"kt-blocks-post-grid-item-inner\"><header><h2 class=\"entry-title\"><a href=\"https:\/\/galerie-ancienne-poste.com\/fr\/presse\/loeil-fevrier-2021\/\">L&rsquo;OEIL &#8211; f\u00e9vrier 2021<\/a><\/h2><div class=\"kt-blocks-post-top-meta\"><\/div><\/header><div class=\"entry-content\">Exposition Alistair Danhieux vs Thomas Bohle \u00e0 la Galerie de l&rsquo;Ancienne Poste. L&rsquo;OEIL du mois de f\u00e9rvrier 2021<\/div><footer class=\"kt-blocks-post-footer\"><div class=\"kt-blocks-post-footer-left\"><\/div><div class=\"kt-blocks-post-footer-right\"><\/div><\/footer><\/div><\/div><\/article><article class=\"kt-blocks-post-grid-item post-3647 post type-post status-publish format-standard has-post-thumbnail hentry category-presse artiste_-ann-van-hoey\"><div class=\"kt-blocks-post-grid-item-inner-wrap kt-feat-image-align-left kt-feat-image-mobile-align-top\"><div class=\"kadence-post-image\"><div class=\"kadence-post-image-intrisic kt-image-ratio-100\" style=\"padding-bottom:100%;\"><div class=\"kadence-post-image-inner-intrisic\"><a aria-hidden=\"true\" tabindex=\"-1\" role=\"presentation\" href=\"https:\/\/galerie-ancienne-poste.com\/fr\/presse\/cote-ouest-avril-2020\/\" aria-label=\"C\u00f4t\u00e9 Ouest &#8211; avril 2020\" class=\"kadence-post-image-inner-wrap\"><img loading=\"lazy\" decoding=\"async\" width=\"176\" height=\"300\" src=\"https:\/\/galerie-ancienne-poste.com\/wp-content\/uploads\/2025\/07\/vanhoey-ann-cote-ouest-2020-176x300.jpg\" class=\"attachment-medium size-medium wp-image-3651 wp-post-image\" alt=\"\" srcset=\"https:\/\/galerie-ancienne-poste.com\/wp-content\/uploads\/2025\/07\/vanhoey-ann-cote-ouest-2020-176x300.jpg 176w, https:\/\/galerie-ancienne-poste.com\/wp-content\/uploads\/2025\/07\/vanhoey-ann-cote-ouest-2020-602x1024.jpg 602w, https:\/\/galerie-ancienne-poste.com\/wp-content\/uploads\/2025\/07\/vanhoey-ann-cote-ouest-2020-768x1306.jpg 768w, https:\/\/galerie-ancienne-poste.com\/wp-content\/uploads\/2025\/07\/vanhoey-ann-cote-ouest-2020-7x12.jpg 7w, https:\/\/galerie-ancienne-poste.com\/wp-content\/uploads\/2025\/07\/vanhoey-ann-cote-ouest-2020-600x1020.jpg 600w, https:\/\/galerie-ancienne-poste.com\/wp-content\/uploads\/2025\/07\/vanhoey-ann-cote-ouest-2020.jpg 882w\" sizes=\"auto, (max-width: 176px) 100vw, 176px\" data-mwl-img-id=\"3651\"><\/a><\/div><\/div><\/div><div class=\"kt-blocks-post-grid-item-inner\"><header><h2 class=\"entry-title\"><a href=\"https:\/\/galerie-ancienne-poste.com\/fr\/presse\/cote-ouest-avril-2020\/\">C\u00f4t\u00e9 Ouest &#8211; avril 2020<\/a><\/h2><div class=\"kt-blocks-post-top-meta\"><\/div><\/header><div class=\"entry-content\">Ann Van Hoey &#8211; Cot\u00e9 Ouest avril 2020<\/div><footer class=\"kt-blocks-post-footer\"><div class=\"kt-blocks-post-footer-left\"><\/div><div class=\"kt-blocks-post-footer-right\"><\/div><\/footer><\/div><\/div><\/article><article class=\"kt-blocks-post-grid-item post-4679 post type-post status-publish format-standard has-post-thumbnail hentry category-galerie category-presse tag-galerie\"><div class=\"kt-blocks-post-grid-item-inner-wrap kt-feat-image-align-left kt-feat-image-mobile-align-top\"><div class=\"kadence-post-image\"><div class=\"kadence-post-image-intrisic kt-image-ratio-100\" style=\"padding-bottom:100%;\"><div class=\"kadence-post-image-inner-intrisic\"><a aria-hidden=\"true\" tabindex=\"-1\" role=\"presentation\" href=\"https:\/\/galerie-ancienne-poste.com\/fr\/galerie\/lestampille-lobjet-dart-avril-2020\/\" aria-label=\"L&rsquo;Objet d&rsquo;Art &#8211; avril 2020\" class=\"kadence-post-image-inner-wrap\"><img loading=\"lazy\" decoding=\"async\" width=\"217\" height=\"300\" src=\"https:\/\/galerie-ancienne-poste.com\/wp-content\/uploads\/2025\/07\/piscine-estampille-l-objet-d-art-2020-1-217x300.jpg\" class=\"attachment-medium size-medium wp-image-3246 wp-post-image\" alt=\"\" srcset=\"https:\/\/galerie-ancienne-poste.com\/wp-content\/uploads\/2025\/07\/piscine-estampille-l-objet-d-art-2020-1-217x300.jpg 217w, https:\/\/galerie-ancienne-poste.com\/wp-content\/uploads\/2025\/07\/piscine-estampille-l-objet-d-art-2020-1-742x1024.jpg 742w, https:\/\/galerie-ancienne-poste.com\/wp-content\/uploads\/2025\/07\/piscine-estampille-l-objet-d-art-2020-1-768x1060.jpg 768w, https:\/\/galerie-ancienne-poste.com\/wp-content\/uploads\/2025\/07\/piscine-estampille-l-objet-d-art-2020-1-9x12.jpg 9w, https:\/\/galerie-ancienne-poste.com\/wp-content\/uploads\/2025\/07\/piscine-estampille-l-objet-d-art-2020-1-600x828.jpg 600w, https:\/\/galerie-ancienne-poste.com\/wp-content\/uploads\/2025\/07\/piscine-estampille-l-objet-d-art-2020-1.jpg 1087w\" sizes=\"auto, (max-width: 217px) 100vw, 217px\" data-mwl-img-id=\"3246\"><\/a><\/div><\/div><\/div><div class=\"kt-blocks-post-grid-item-inner\"><header><h2 class=\"entry-title\"><a href=\"https:\/\/galerie-ancienne-poste.com\/fr\/galerie\/lestampille-lobjet-dart-avril-2020\/\">L&rsquo;Objet d&rsquo;Art &#8211; avril 2020<\/a><\/h2><div class=\"kt-blocks-post-top-meta\"><\/div><\/header><div class=\"entry-content\">\u00ab\u00a0La c\u00e9ramique contemporaine s&rsquo;expose \u00e0 La Piscine\u00a0\u00bb. L&rsquo;Objet d&rsquo;Art du mois d&rsquo;avril 2020 \u00e0 l&rsquo;occasion de la \u00ab\u00a0Carte blanche \u00e0 la Galerie de l&rsquo;Ancienne Poste\u00a0\u00bb au mus\u00e9e La Piscine de&#8230;<\/div><footer class=\"kt-blocks-post-footer\"><div class=\"kt-blocks-post-footer-left\"><\/div><div class=\"kt-blocks-post-footer-right\"><\/div><\/footer><\/div><\/div><\/article><article class=\"kt-blocks-post-grid-item post-3725 post type-post status-publish format-standard has-post-thumbnail hentry category-galerie category-presse tag-galerie\"><div class=\"kt-blocks-post-grid-item-inner-wrap kt-feat-image-align-left kt-feat-image-mobile-align-top\"><div class=\"kadence-post-image\"><div class=\"kadence-post-image-intrisic kt-image-ratio-100\" style=\"padding-bottom:100%;\"><div class=\"kadence-post-image-inner-intrisic\"><a aria-hidden=\"true\" tabindex=\"-1\" role=\"presentation\" href=\"https:\/\/galerie-ancienne-poste.com\/fr\/galerie\/lyonne-republcaine-9-mars-2020\/\" aria-label=\"L&rsquo;Yonne r\u00e9publicaine 9 mars 2020\" class=\"kadence-post-image-inner-wrap\"><img loading=\"lazy\" decoding=\"async\" width=\"300\" height=\"190\" src=\"https:\/\/galerie-ancienne-poste.com\/wp-content\/uploads\/2025\/07\/YR-interview-Sylvette-Botella-Gaudichon_27-02-2020-300x190.jpg\" class=\"attachment-medium size-medium wp-image-3717 wp-post-image\" alt=\"\" srcset=\"https:\/\/galerie-ancienne-poste.com\/wp-content\/uploads\/2025\/07\/YR-interview-Sylvette-Botella-Gaudichon_27-02-2020-300x190.jpg 300w, https:\/\/galerie-ancienne-poste.com\/wp-content\/uploads\/2025\/07\/YR-interview-Sylvette-Botella-Gaudichon_27-02-2020-768x486.jpg 768w, https:\/\/galerie-ancienne-poste.com\/wp-content\/uploads\/2025\/07\/YR-interview-Sylvette-Botella-Gaudichon_27-02-2020-18x12.jpg 18w, https:\/\/galerie-ancienne-poste.com\/wp-content\/uploads\/2025\/07\/YR-interview-Sylvette-Botella-Gaudichon_27-02-2020-600x380.jpg 600w, https:\/\/galerie-ancienne-poste.com\/wp-content\/uploads\/2025\/07\/YR-interview-Sylvette-Botella-Gaudichon_27-02-2020.jpg 904w\" sizes=\"auto, (max-width: 300px) 100vw, 300px\" data-mwl-img-id=\"3717\"><\/a><\/div><\/div><\/div><div class=\"kt-blocks-post-grid-item-inner\"><header><h2 class=\"entry-title\"><a href=\"https:\/\/galerie-ancienne-poste.com\/fr\/galerie\/lyonne-republcaine-9-mars-2020\/\">L&rsquo;Yonne r\u00e9publicaine 9 mars 2020<\/a><\/h2><div class=\"kt-blocks-post-top-meta\"><\/div><\/header><div class=\"entry-content\">Interview de la conservatrice du mus\u00e9e La Piscine de Roubaix concernant la carte blanche \u00e0 la Galerie de l&rsquo;Ancienne Poste in L&rsquo;yonne R\u00e9publicaine du 9 mars 2020<\/div><footer class=\"kt-blocks-post-footer\"><div class=\"kt-blocks-post-footer-left\"><\/div><div class=\"kt-blocks-post-footer-right\"><\/div><\/footer><\/div><\/div><\/article><article class=\"kt-blocks-post-grid-item post-4677 post type-post status-publish format-standard has-post-thumbnail hentry category-galerie category-presse tag-galerie\"><div class=\"kt-blocks-post-grid-item-inner-wrap kt-feat-image-align-left kt-feat-image-mobile-align-top\"><div class=\"kadence-post-image\"><div class=\"kadence-post-image-intrisic kt-image-ratio-100\" style=\"padding-bottom:100%;\"><div class=\"kadence-post-image-inner-intrisic\"><a aria-hidden=\"true\" tabindex=\"-1\" role=\"presentation\" href=\"https:\/\/galerie-ancienne-poste.com\/fr\/galerie\/connaissance-des-arts-mars-2020\/\" aria-label=\"Connaissance des Arts &#8211; mars 2020\" class=\"kadence-post-image-inner-wrap\"><img loading=\"lazy\" decoding=\"async\" width=\"300\" height=\"262\" src=\"https:\/\/galerie-ancienne-poste.com\/wp-content\/uploads\/2025\/07\/piscine-300x262.jpg\" class=\"attachment-medium size-medium wp-image-4675 wp-post-image\" alt=\"\" srcset=\"https:\/\/galerie-ancienne-poste.com\/wp-content\/uploads\/2025\/07\/piscine-300x262.jpg 300w, https:\/\/galerie-ancienne-poste.com\/wp-content\/uploads\/2025\/07\/piscine-1024x894.jpg 1024w, https:\/\/galerie-ancienne-poste.com\/wp-content\/uploads\/2025\/07\/piscine-768x670.jpg 768w, https:\/\/galerie-ancienne-poste.com\/wp-content\/uploads\/2025\/07\/piscine-1536x1340.jpg 1536w, https:\/\/galerie-ancienne-poste.com\/wp-content\/uploads\/2025\/07\/piscine-14x12.jpg 14w, https:\/\/galerie-ancienne-poste.com\/wp-content\/uploads\/2025\/07\/piscine-600x524.jpg 600w, https:\/\/galerie-ancienne-poste.com\/wp-content\/uploads\/2025\/07\/piscine.jpg 1719w\" sizes=\"auto, (max-width: 300px) 100vw, 300px\" data-mwl-img-id=\"4675\"><\/a><\/div><\/div><\/div><div class=\"kt-blocks-post-grid-item-inner\"><header><h2 class=\"entry-title\"><a href=\"https:\/\/galerie-ancienne-poste.com\/fr\/galerie\/connaissance-des-arts-mars-2020\/\">Connaissance des Arts &#8211; mars 2020<\/a><\/h2><div class=\"kt-blocks-post-top-meta\"><\/div><\/header><div class=\"entry-content\">\u00ab\u00a0L&rsquo;Ancienne Poste \u00e0 la Piscine\u00a0\u00bb pour la carte blanche \u00e0 la Galerie de l&rsquo;ancienne Poste au mus\u00e9e de La Piscine \u00e0 Roubaix. Connaissance des Arts du mois de mars 2020<\/div><footer class=\"kt-blocks-post-footer\"><div class=\"kt-blocks-post-footer-left\"><\/div><div class=\"kt-blocks-post-footer-right\"><\/div><\/footer><\/div><\/div><\/article><article class=\"kt-blocks-post-grid-item post-3734 post type-post status-publish format-standard has-post-thumbnail hentry category-galerie category-presse tag-galerie\"><div class=\"kt-blocks-post-grid-item-inner-wrap kt-feat-image-align-left kt-feat-image-mobile-align-top\"><div class=\"kadence-post-image\"><div class=\"kadence-post-image-intrisic kt-image-ratio-100\" style=\"padding-bottom:100%;\"><div class=\"kadence-post-image-inner-intrisic\"><a aria-hidden=\"true\" tabindex=\"-1\" role=\"presentation\" href=\"https:\/\/galerie-ancienne-poste.com\/fr\/galerie\/journal-des-arts-decembre-2019\/\" aria-label=\"Journal des Arts &#8211; d\u00e9cembre 2019\" class=\"kadence-post-image-inner-wrap\"><img loading=\"lazy\" decoding=\"async\" width=\"212\" height=\"300\" src=\"https:\/\/galerie-ancienne-poste.com\/wp-content\/uploads\/2025\/07\/galerie-journal-des-arts-2020-copie-212x300.jpg\" class=\"attachment-medium size-medium wp-image-3711 wp-post-image\" alt=\"\" srcset=\"https:\/\/galerie-ancienne-poste.com\/wp-content\/uploads\/2025\/07\/galerie-journal-des-arts-2020-copie-212x300.jpg 212w, https:\/\/galerie-ancienne-poste.com\/wp-content\/uploads\/2025\/07\/galerie-journal-des-arts-2020-copie-724x1024.jpg 724w, https:\/\/galerie-ancienne-poste.com\/wp-content\/uploads\/2025\/07\/galerie-journal-des-arts-2020-copie-768x1087.jpg 768w, https:\/\/galerie-ancienne-poste.com\/wp-content\/uploads\/2025\/07\/galerie-journal-des-arts-2020-copie-8x12.jpg 8w, https:\/\/galerie-ancienne-poste.com\/wp-content\/uploads\/2025\/07\/galerie-journal-des-arts-2020-copie-600x849.jpg 600w, https:\/\/galerie-ancienne-poste.com\/wp-content\/uploads\/2025\/07\/galerie-journal-des-arts-2020-copie.jpg 1060w\" sizes=\"auto, (max-width: 212px) 100vw, 212px\" data-mwl-img-id=\"3711\"><\/a><\/div><\/div><\/div><div class=\"kt-blocks-post-grid-item-inner\"><header><h2 class=\"entry-title\"><a href=\"https:\/\/galerie-ancienne-poste.com\/fr\/galerie\/journal-des-arts-decembre-2019\/\">Journal des Arts &#8211; d\u00e9cembre 2019<\/a><\/h2><div class=\"kt-blocks-post-top-meta\"><\/div><\/header><div class=\"entry-content\">\u00ab\u00a0La Galerie de l&rsquo;Ancienne Poste une adresse atypique\u00a0\u00bb. in Journal des Arts du 13 d\u00e9cembre 2019<\/div><footer class=\"kt-blocks-post-footer\"><div class=\"kt-blocks-post-footer-left\"><\/div><div class=\"kt-blocks-post-footer-right\"><\/div><\/footer><\/div><\/div><\/article><article class=\"kt-blocks-post-grid-item post-4557 post type-post status-publish format-standard has-post-thumbnail hentry category-presse\"><div class=\"kt-blocks-post-grid-item-inner-wrap kt-feat-image-align-left kt-feat-image-mobile-align-top\"><div class=\"kadence-post-image\"><div class=\"kadence-post-image-intrisic kt-image-ratio-100\" style=\"padding-bottom:100%;\"><div class=\"kadence-post-image-inner-intrisic\"><a aria-hidden=\"true\" tabindex=\"-1\" role=\"presentation\" href=\"https:\/\/galerie-ancienne-poste.com\/fr\/presse\/connaissance-des-arts-decembre-20219\/\" aria-label=\"Connaissance des Arts &#8211; d\u00e9cembre 20219\" class=\"kadence-post-image-inner-wrap\"><img loading=\"lazy\" decoding=\"async\" width=\"210\" height=\"283\" src=\"https:\/\/galerie-ancienne-poste.com\/wp-content\/uploads\/2025\/07\/yuk-kan-yeung-cda-2019.jpg\" class=\"attachment-medium size-medium wp-image-4548 wp-post-image\" alt=\"\" srcset=\"https:\/\/galerie-ancienne-poste.com\/wp-content\/uploads\/2025\/07\/yuk-kan-yeung-cda-2019.jpg 210w, https:\/\/galerie-ancienne-poste.com\/wp-content\/uploads\/2025\/07\/yuk-kan-yeung-cda-2019-9x12.jpg 9w\" sizes=\"auto, (max-width: 210px) 100vw, 210px\" data-mwl-img-id=\"4548\"><\/a><\/div><\/div><\/div><div class=\"kt-blocks-post-grid-item-inner\"><header><h2 class=\"entry-title\"><a href=\"https:\/\/galerie-ancienne-poste.com\/fr\/presse\/connaissance-des-arts-decembre-20219\/\">Connaissance des Arts &#8211; d\u00e9cembre 20219<\/a><\/h2><div class=\"kt-blocks-post-top-meta\"><\/div><\/header><div class=\"entry-content\">Connaissance des Arts &#8211; d\u00e9cembre 20219<\/div><footer class=\"kt-blocks-post-footer\"><div class=\"kt-blocks-post-footer-left\"><\/div><div class=\"kt-blocks-post-footer-right\"><\/div><\/footer><\/div><\/div><\/article><article class=\"kt-blocks-post-grid-item post-3600 post type-post status-publish format-standard has-post-thumbnail hentry category-presse artiste_-nadia-pasquer\"><div class=\"kt-blocks-post-grid-item-inner-wrap kt-feat-image-align-left kt-feat-image-mobile-align-top\"><div class=\"kadence-post-image\"><div class=\"kadence-post-image-intrisic kt-image-ratio-100\" style=\"padding-bottom:100%;\"><div class=\"kadence-post-image-inner-intrisic\"><a aria-hidden=\"true\" tabindex=\"-1\" role=\"presentation\" href=\"https:\/\/galerie-ancienne-poste.com\/fr\/presse\/loeil-octobre-2019\/\" aria-label=\"L&rsquo;\u0152il octobre-2019\" class=\"kadence-post-image-inner-wrap\"><img loading=\"lazy\" decoding=\"async\" width=\"128\" height=\"300\" src=\"https:\/\/galerie-ancienne-poste.com\/wp-content\/uploads\/2025\/07\/pasquer-nadia-l-oeil-2019-1-128x300.jpg\" class=\"attachment-medium size-medium wp-image-3049 wp-post-image\" alt=\"\" srcset=\"https:\/\/galerie-ancienne-poste.com\/wp-content\/uploads\/2025\/07\/pasquer-nadia-l-oeil-2019-1-128x300.jpg 128w, https:\/\/galerie-ancienne-poste.com\/wp-content\/uploads\/2025\/07\/pasquer-nadia-l-oeil-2019-1-438x1024.jpg 438w, https:\/\/galerie-ancienne-poste.com\/wp-content\/uploads\/2025\/07\/pasquer-nadia-l-oeil-2019-1-5x12.jpg 5w, https:\/\/galerie-ancienne-poste.com\/wp-content\/uploads\/2025\/07\/pasquer-nadia-l-oeil-2019-1-600x1402.jpg 600w, https:\/\/galerie-ancienne-poste.com\/wp-content\/uploads\/2025\/07\/pasquer-nadia-l-oeil-2019-1.jpg 642w\" sizes=\"auto, (max-width: 128px) 100vw, 128px\" data-mwl-img-id=\"3049\"><\/a><\/div><\/div><\/div><div class=\"kt-blocks-post-grid-item-inner\"><header><h2 class=\"entry-title\"><a href=\"https:\/\/galerie-ancienne-poste.com\/fr\/presse\/loeil-octobre-2019\/\">L&rsquo;\u0152il octobre-2019<\/a><\/h2><div class=\"kt-blocks-post-top-meta\"><\/div><\/header><div class=\"entry-content\">Pr\u00e9sentation de l&rsquo;exposition 2019 de Nadia Pasquer in L&rsquo;\u0152il d&rsquo;octobre 2019<\/div><footer class=\"kt-blocks-post-footer\"><div class=\"kt-blocks-post-footer-left\"><\/div><div class=\"kt-blocks-post-footer-right\"><\/div><\/footer><\/div><\/div><\/article><article class=\"kt-blocks-post-grid-item post-3602 post type-post status-publish format-standard has-post-thumbnail hentry category-presse artiste_-nadia-pasquer\"><div class=\"kt-blocks-post-grid-item-inner-wrap kt-feat-image-align-left kt-feat-image-mobile-align-top\"><div class=\"kadence-post-image\"><div class=\"kadence-post-image-intrisic kt-image-ratio-100\" style=\"padding-bottom:100%;\"><div class=\"kadence-post-image-inner-intrisic\"><a aria-hidden=\"true\" tabindex=\"-1\" role=\"presentation\" href=\"https:\/\/galerie-ancienne-poste.com\/fr\/presse\/revue-de-la-ceramique-et-du-verre-septembre-2016\/\" aria-label=\"Revue de la C\u00e9ramique et du Verre  &#8211; sept. 2019\" class=\"kadence-post-image-inner-wrap\"><img loading=\"lazy\" decoding=\"async\" width=\"205\" height=\"300\" src=\"https:\/\/galerie-ancienne-poste.com\/wp-content\/uploads\/2025\/07\/pasquer-nadia-rcv-2019-1-205x300.jpg\" class=\"attachment-medium size-medium wp-image-3028 wp-post-image\" alt=\"\" srcset=\"https:\/\/galerie-ancienne-poste.com\/wp-content\/uploads\/2025\/07\/pasquer-nadia-rcv-2019-1-205x300.jpg 205w, https:\/\/galerie-ancienne-poste.com\/wp-content\/uploads\/2025\/07\/pasquer-nadia-rcv-2019-1-699x1024.jpg 699w, https:\/\/galerie-ancienne-poste.com\/wp-content\/uploads\/2025\/07\/pasquer-nadia-rcv-2019-1-768x1126.jpg 768w, https:\/\/galerie-ancienne-poste.com\/wp-content\/uploads\/2025\/07\/pasquer-nadia-rcv-2019-1-8x12.jpg 8w, https:\/\/galerie-ancienne-poste.com\/wp-content\/uploads\/2025\/07\/pasquer-nadia-rcv-2019-1-600x879.jpg 600w, https:\/\/galerie-ancienne-poste.com\/wp-content\/uploads\/2025\/07\/pasquer-nadia-rcv-2019-1.jpg 848w\" sizes=\"auto, (max-width: 205px) 100vw, 205px\" data-mwl-img-id=\"3028\"><\/a><\/div><\/div><\/div><div class=\"kt-blocks-post-grid-item-inner\"><header><h2 class=\"entry-title\"><a href=\"https:\/\/galerie-ancienne-poste.com\/fr\/presse\/revue-de-la-ceramique-et-du-verre-septembre-2016\/\">Revue de la C\u00e9ramique et du Verre  &#8211; sept. 2019<\/a><\/h2><div class=\"kt-blocks-post-top-meta\"><\/div><\/header><div class=\"entry-content\">Pr\u00e9sentation de l&rsquo;exposition 2019 de Nadia Pasquer &#8211; Revue de la C\u00e9ramique et du Verre &#8211; septembre 2019.<\/div><footer class=\"kt-blocks-post-footer\"><div class=\"kt-blocks-post-footer-left\"><\/div><div class=\"kt-blocks-post-footer-right\"><\/div><\/footer><\/div><\/div><\/article><article class=\"kt-blocks-post-grid-item post-4626 post type-post status-publish format-standard has-post-thumbnail hentry category-presse artiste_-nadia-pasquer\"><div class=\"kt-blocks-post-grid-item-inner-wrap kt-feat-image-align-left kt-feat-image-mobile-align-top\"><div class=\"kadence-post-image\"><div class=\"kadence-post-image-intrisic kt-image-ratio-100\" style=\"padding-bottom:100%;\"><div class=\"kadence-post-image-inner-intrisic\"><a aria-hidden=\"true\" tabindex=\"-1\" role=\"presentation\" href=\"https:\/\/galerie-ancienne-poste.com\/fr\/presse\/beaux-arts-septembre-2019\/\" aria-label=\"Beaux Arts &#8211; septembre 2019\" class=\"kadence-post-image-inner-wrap\"><img loading=\"lazy\" decoding=\"async\" width=\"215\" height=\"240\" src=\"https:\/\/galerie-ancienne-poste.com\/wp-content\/uploads\/2025\/07\/pasque-nadia-beaux-arts.jpg\" class=\"attachment-medium size-medium wp-image-4621 wp-post-image\" alt=\"\" srcset=\"https:\/\/galerie-ancienne-poste.com\/wp-content\/uploads\/2025\/07\/pasque-nadia-beaux-arts.jpg 215w, https:\/\/galerie-ancienne-poste.com\/wp-content\/uploads\/2025\/07\/pasque-nadia-beaux-arts-11x12.jpg 11w\" sizes=\"auto, (max-width: 215px) 100vw, 215px\" data-mwl-img-id=\"4621\"><\/a><\/div><\/div><\/div><div class=\"kt-blocks-post-grid-item-inner\"><header><h2 class=\"entry-title\"><a href=\"https:\/\/galerie-ancienne-poste.com\/fr\/presse\/beaux-arts-septembre-2019\/\">Beaux Arts &#8211; septembre 2019<\/a><\/h2><div class=\"kt-blocks-post-top-meta\"><\/div><\/header><div class=\"entry-content\">Beaux Arts &#8211; septembre 2019 <\/div><footer class=\"kt-blocks-post-footer\"><div class=\"kt-blocks-post-footer-left\"><\/div><div class=\"kt-blocks-post-footer-right\"><\/div><\/footer><\/div><\/div><\/article><article class=\"kt-blocks-post-grid-item post-4567 post type-post status-publish format-standard has-post-thumbnail hentry category-presse\"><div class=\"kt-blocks-post-grid-item-inner-wrap kt-feat-image-align-left kt-feat-image-mobile-align-top\"><div class=\"kadence-post-image\"><div class=\"kadence-post-image-intrisic kt-image-ratio-100\" style=\"padding-bottom:100%;\"><div class=\"kadence-post-image-inner-intrisic\"><a aria-hidden=\"true\" tabindex=\"-1\" role=\"presentation\" href=\"https:\/\/galerie-ancienne-poste.com\/fr\/presse\/connaissance-des-arts-mai-2019\/\" aria-label=\"Connaissance des Arts &#8211; mai 2019\" class=\"kadence-post-image-inner-wrap\"><img loading=\"lazy\" decoding=\"async\" width=\"248\" height=\"300\" src=\"https:\/\/galerie-ancienne-poste.com\/wp-content\/uploads\/2025\/07\/mette-maya-gregersen-cda.jpg\" class=\"attachment-medium size-medium wp-image-4540 wp-post-image\" alt=\"\" srcset=\"https:\/\/galerie-ancienne-poste.com\/wp-content\/uploads\/2025\/07\/mette-maya-gregersen-cda.jpg 249w, https:\/\/galerie-ancienne-poste.com\/wp-content\/uploads\/2025\/07\/mette-maya-gregersen-cda-10x12.jpg 10w\" sizes=\"auto, (max-width: 248px) 100vw, 248px\" data-mwl-img-id=\"4540\"><\/a><\/div><\/div><\/div><div class=\"kt-blocks-post-grid-item-inner\"><header><h2 class=\"entry-title\"><a href=\"https:\/\/galerie-ancienne-poste.com\/fr\/presse\/connaissance-des-arts-mai-2019\/\">Connaissance des Arts &#8211; mai 2019<\/a><\/h2><div class=\"kt-blocks-post-top-meta\"><\/div><\/header><div class=\"entry-content\">Connaissance des Arts &#8211; mai 2019<\/div><footer class=\"kt-blocks-post-footer\"><div class=\"kt-blocks-post-footer-left\"><\/div><div class=\"kt-blocks-post-footer-right\"><\/div><\/footer><\/div><\/div><\/article><article class=\"kt-blocks-post-grid-item post-4446 post type-post status-publish format-standard has-post-thumbnail hentry category-presse\"><div class=\"kt-blocks-post-grid-item-inner-wrap kt-feat-image-align-left kt-feat-image-mobile-align-top\"><div class=\"kadence-post-image\"><div class=\"kadence-post-image-intrisic kt-image-ratio-100\" style=\"padding-bottom:100%;\"><div class=\"kadence-post-image-inner-intrisic\"><a aria-hidden=\"true\" tabindex=\"-1\" role=\"presentation\" href=\"https:\/\/galerie-ancienne-poste.com\/fr\/presse\/revue-de-la-ceramique-et-du-verre-mai-2019\/\" aria-label=\"Revue de la c\u00e9ramique et du verre &#8211; mai 2019\" class=\"kadence-post-image-inner-wrap\"><img loading=\"lazy\" decoding=\"async\" width=\"223\" height=\"300\" src=\"https:\/\/galerie-ancienne-poste.com\/wp-content\/uploads\/2025\/07\/gregersen-mette-maya-rcv-223x300.jpg\" class=\"attachment-medium size-medium wp-image-4418 wp-post-image\" alt=\"\" srcset=\"https:\/\/galerie-ancienne-poste.com\/wp-content\/uploads\/2025\/07\/gregersen-mette-maya-rcv-223x300.jpg 223w, https:\/\/galerie-ancienne-poste.com\/wp-content\/uploads\/2025\/07\/gregersen-mette-maya-rcv-9x12.jpg 9w, https:\/\/galerie-ancienne-poste.com\/wp-content\/uploads\/2025\/07\/gregersen-mette-maya-rcv.jpg 372w\" sizes=\"auto, (max-width: 223px) 100vw, 223px\" data-mwl-img-id=\"4418\"><\/a><\/div><\/div><\/div><div class=\"kt-blocks-post-grid-item-inner\"><header><h2 class=\"entry-title\"><a href=\"https:\/\/galerie-ancienne-poste.com\/fr\/presse\/revue-de-la-ceramique-et-du-verre-mai-2019\/\">Revue de la c\u00e9ramique et du verre &#8211; mai 2019<\/a><\/h2><div class=\"kt-blocks-post-top-meta\"><\/div><\/header><div class=\"entry-content\">Revue de la c\u00e9ramique et du verre &#8211; mai 2019<\/div><footer class=\"kt-blocks-post-footer\"><div class=\"kt-blocks-post-footer-left\"><\/div><div class=\"kt-blocks-post-footer-right\"><\/div><\/footer><\/div><\/div><\/article><article class=\"kt-blocks-post-grid-item post-4591 post type-post status-publish format-standard has-post-thumbnail hentry category-presse\"><div class=\"kt-blocks-post-grid-item-inner-wrap kt-feat-image-align-left kt-feat-image-mobile-align-top\"><div class=\"kadence-post-image\"><div class=\"kadence-post-image-intrisic kt-image-ratio-100\" style=\"padding-bottom:100%;\"><div class=\"kadence-post-image-inner-intrisic\"><a aria-hidden=\"true\" tabindex=\"-1\" role=\"presentation\" href=\"https:\/\/galerie-ancienne-poste.com\/fr\/presse\/connaissance-des-arts-avril-2019\/\" aria-label=\"Connaissance des Arts &#8211; avril 2019\" class=\"kadence-post-image-inner-wrap\"><img loading=\"lazy\" decoding=\"async\" width=\"206\" height=\"300\" src=\"https:\/\/galerie-ancienne-poste.com\/wp-content\/uploads\/2025\/07\/tessa-eastman-cda-galerie-206x300.jpg\" class=\"attachment-medium size-medium wp-image-4547 wp-post-image\" alt=\"\" srcset=\"https:\/\/galerie-ancienne-poste.com\/wp-content\/uploads\/2025\/07\/tessa-eastman-cda-galerie-206x300.jpg 206w, https:\/\/galerie-ancienne-poste.com\/wp-content\/uploads\/2025\/07\/tessa-eastman-cda-galerie-8x12.jpg 8w, https:\/\/galerie-ancienne-poste.com\/wp-content\/uploads\/2025\/07\/tessa-eastman-cda-galerie.jpg 346w\" sizes=\"auto, (max-width: 206px) 100vw, 206px\" data-mwl-img-id=\"4547\"><\/a><\/div><\/div><\/div><div class=\"kt-blocks-post-grid-item-inner\"><header><h2 class=\"entry-title\"><a href=\"https:\/\/galerie-ancienne-poste.com\/fr\/presse\/connaissance-des-arts-avril-2019\/\">Connaissance des Arts &#8211; avril 2019<\/a><\/h2><div class=\"kt-blocks-post-top-meta\"><\/div><\/header><div class=\"entry-content\">Connaissance des Arts &#8211; avril 2019<\/div><footer class=\"kt-blocks-post-footer\"><div class=\"kt-blocks-post-footer-left\"><\/div><div class=\"kt-blocks-post-footer-right\"><\/div><\/footer><\/div><\/div><\/article><article class=\"kt-blocks-post-grid-item post-4449 post type-post status-publish format-standard has-post-thumbnail hentry category-presse\"><div class=\"kt-blocks-post-grid-item-inner-wrap kt-feat-image-align-left kt-feat-image-mobile-align-top\"><div class=\"kadence-post-image\"><div class=\"kadence-post-image-intrisic kt-image-ratio-100\" style=\"padding-bottom:100%;\"><div class=\"kadence-post-image-inner-intrisic\"><a aria-hidden=\"true\" tabindex=\"-1\" role=\"presentation\" href=\"https:\/\/galerie-ancienne-poste.com\/fr\/presse\/revue-de-la-ceramique-et-du-verre-novembre-2018\/\" aria-label=\"Revue de la c\u00e9ramique et du verre &#8211; novembre 2018\" class=\"kadence-post-image-inner-wrap\"><img loading=\"lazy\" decoding=\"async\" width=\"228\" height=\"300\" src=\"https:\/\/galerie-ancienne-poste.com\/wp-content\/uploads\/2025\/07\/gileva-elena-rcv-228x300.jpg\" class=\"attachment-medium size-medium wp-image-4416 wp-post-image\" alt=\"\" srcset=\"https:\/\/galerie-ancienne-poste.com\/wp-content\/uploads\/2025\/07\/gileva-elena-rcv-228x300.jpg 228w, https:\/\/galerie-ancienne-poste.com\/wp-content\/uploads\/2025\/07\/gileva-elena-rcv-9x12.jpg 9w, https:\/\/galerie-ancienne-poste.com\/wp-content\/uploads\/2025\/07\/gileva-elena-rcv.jpg 528w\" sizes=\"auto, (max-width: 228px) 100vw, 228px\" data-mwl-img-id=\"4416\"><\/a><\/div><\/div><\/div><div class=\"kt-blocks-post-grid-item-inner\"><header><h2 class=\"entry-title\"><a href=\"https:\/\/galerie-ancienne-poste.com\/fr\/presse\/revue-de-la-ceramique-et-du-verre-novembre-2018\/\">Revue de la c\u00e9ramique et du verre &#8211; novembre 2018<\/a><\/h2><div class=\"kt-blocks-post-top-meta\"><\/div><\/header><div class=\"entry-content\">Revue de la c\u00e9ramique et du verre &#8211; novembre 2018<\/div><footer class=\"kt-blocks-post-footer\"><div class=\"kt-blocks-post-footer-left\"><\/div><div class=\"kt-blocks-post-footer-right\"><\/div><\/footer><\/div><\/div><\/article><article class=\"kt-blocks-post-grid-item post-2767 post type-post status-publish format-standard has-post-thumbnail hentry category-presse artiste_-thomas-bohle\"><div class=\"kt-blocks-post-grid-item-inner-wrap kt-feat-image-align-left kt-feat-image-mobile-align-top\"><div class=\"kadence-post-image\"><div class=\"kadence-post-image-intrisic kt-image-ratio-100\" style=\"padding-bottom:100%;\"><div class=\"kadence-post-image-inner-intrisic\"><a aria-hidden=\"true\" tabindex=\"-1\" role=\"presentation\" href=\"https:\/\/galerie-ancienne-poste.com\/fr\/presse\/connaissance-des-arts-novembre-2018\/\" aria-label=\"Connaissance des Arts. Novembre 2018\" class=\"kadence-post-image-inner-wrap\"><img loading=\"lazy\" decoding=\"async\" width=\"216\" height=\"300\" src=\"https:\/\/galerie-ancienne-poste.com\/wp-content\/uploads\/2025\/07\/thomas-bohle-cda-novembre-2018-1-e1753694898596-216x300.jpg\" class=\"attachment-medium size-medium wp-image-3010 wp-post-image\" alt=\"Thomas Bohle\" srcset=\"https:\/\/galerie-ancienne-poste.com\/wp-content\/uploads\/2025\/07\/thomas-bohle-cda-novembre-2018-1-e1753694898596-216x300.jpg 216w, https:\/\/galerie-ancienne-poste.com\/wp-content\/uploads\/2025\/07\/thomas-bohle-cda-novembre-2018-1-e1753694898596-9x12.jpg 9w, https:\/\/galerie-ancienne-poste.com\/wp-content\/uploads\/2025\/07\/thomas-bohle-cda-novembre-2018-1-e1753694898596-600x831.jpg 600w, https:\/\/galerie-ancienne-poste.com\/wp-content\/uploads\/2025\/07\/thomas-bohle-cda-novembre-2018-1-e1753694898596.jpg 700w\" sizes=\"auto, (max-width: 216px) 100vw, 216px\" data-mwl-img-id=\"3010\" \/><\/a><\/div><\/div><\/div><div class=\"kt-blocks-post-grid-item-inner\"><header><h2 class=\"entry-title\"><a href=\"https:\/\/galerie-ancienne-poste.com\/fr\/presse\/connaissance-des-arts-novembre-2018\/\">Connaissance des Arts. Novembre 2018<\/a><\/h2><div class=\"kt-blocks-post-top-meta\"><\/div><\/header><div class=\"entry-content\">Connaissance des Art &#8211; Novembre 2018<\/div><footer class=\"kt-blocks-post-footer\"><div class=\"kt-blocks-post-footer-left\"><\/div><div class=\"kt-blocks-post-footer-right\"><\/div><\/footer><\/div><\/div><\/article><article class=\"kt-blocks-post-grid-item post-3284 post type-post status-publish format-standard has-post-thumbnail hentry category-presse artiste_-erna-aaltonen\"><div class=\"kt-blocks-post-grid-item-inner-wrap kt-feat-image-align-left kt-feat-image-mobile-align-top\"><div class=\"kadence-post-image\"><div class=\"kadence-post-image-intrisic kt-image-ratio-100\" style=\"padding-bottom:100%;\"><div class=\"kadence-post-image-inner-intrisic\"><a aria-hidden=\"true\" tabindex=\"-1\" role=\"presentation\" href=\"https:\/\/galerie-ancienne-poste.com\/fr\/presse\/erna-aaltonen-connaissance-des-arts\/\" aria-label=\"Connaissance des Arts &#8211; juillet 2018\" class=\"kadence-post-image-inner-wrap\"><img loading=\"lazy\" decoding=\"async\" width=\"229\" height=\"300\" src=\"https:\/\/galerie-ancienne-poste.com\/wp-content\/uploads\/2025\/07\/aaltonen-erna-cda-2015-2-e1753695107603-229x300.jpg\" class=\"attachment-medium size-medium wp-image-2986 wp-post-image\" alt=\"Erna Aaltonen\" srcset=\"https:\/\/galerie-ancienne-poste.com\/wp-content\/uploads\/2025\/07\/aaltonen-erna-cda-2015-2-e1753695107603-229x300.jpg 229w, https:\/\/galerie-ancienne-poste.com\/wp-content\/uploads\/2025\/07\/aaltonen-erna-cda-2015-2-e1753695107603-9x12.jpg 9w, https:\/\/galerie-ancienne-poste.com\/wp-content\/uploads\/2025\/07\/aaltonen-erna-cda-2015-2-e1753695107603.jpg 364w\" sizes=\"auto, (max-width: 229px) 100vw, 229px\" data-mwl-img-id=\"2986\" \/><\/a><\/div><\/div><\/div><div class=\"kt-blocks-post-grid-item-inner\"><header><h2 class=\"entry-title\"><a href=\"https:\/\/galerie-ancienne-poste.com\/fr\/presse\/erna-aaltonen-connaissance-des-arts\/\">Connaissance des Arts &#8211; juillet 2018<\/a><\/h2><div class=\"kt-blocks-post-top-meta\"><\/div><\/header><div class=\"entry-content\">Connaissance des Arts &#8211; juillet 2018<\/div><footer class=\"kt-blocks-post-footer\"><div class=\"kt-blocks-post-footer-left\"><\/div><div class=\"kt-blocks-post-footer-right\"><\/div><\/footer><\/div><\/div><\/article><article class=\"kt-blocks-post-grid-item post-4436 post type-post status-publish format-standard has-post-thumbnail hentry category-presse\"><div class=\"kt-blocks-post-grid-item-inner-wrap kt-feat-image-align-left kt-feat-image-mobile-align-top\"><div class=\"kadence-post-image\"><div class=\"kadence-post-image-intrisic kt-image-ratio-100\" style=\"padding-bottom:100%;\"><div class=\"kadence-post-image-inner-intrisic\"><a aria-hidden=\"true\" tabindex=\"-1\" role=\"presentation\" href=\"https:\/\/galerie-ancienne-poste.com\/fr\/presse\/revue-de-la-ceramique-et-du-verre-mai-2018\/\" aria-label=\"revue de la c\u00e9ramique et du verre &#8211; mai 2018\" class=\"kadence-post-image-inner-wrap\"><img loading=\"lazy\" decoding=\"async\" width=\"300\" height=\"300\" src=\"https:\/\/galerie-ancienne-poste.com\/wp-content\/uploads\/2025\/07\/lindner-claire-rcv-300x300.jpg\" class=\"attachment-medium size-medium wp-image-4424 wp-post-image\" alt=\"\" srcset=\"https:\/\/galerie-ancienne-poste.com\/wp-content\/uploads\/2025\/07\/lindner-claire-rcv-300x300.jpg 300w, https:\/\/galerie-ancienne-poste.com\/wp-content\/uploads\/2025\/07\/lindner-claire-rcv-150x150.jpg 150w, https:\/\/galerie-ancienne-poste.com\/wp-content\/uploads\/2025\/07\/lindner-claire-rcv-768x768.jpg 768w, https:\/\/galerie-ancienne-poste.com\/wp-content\/uploads\/2025\/07\/lindner-claire-rcv-12x12.jpg 12w, https:\/\/galerie-ancienne-poste.com\/wp-content\/uploads\/2025\/07\/lindner-claire-rcv-600x600.jpg 600w, https:\/\/galerie-ancienne-poste.com\/wp-content\/uploads\/2025\/07\/lindner-claire-rcv-100x100.jpg 100w, https:\/\/galerie-ancienne-poste.com\/wp-content\/uploads\/2025\/07\/lindner-claire-rcv.jpg 792w\" sizes=\"auto, (max-width: 300px) 100vw, 300px\" data-mwl-img-id=\"4424\"><\/a><\/div><\/div><\/div><div class=\"kt-blocks-post-grid-item-inner\"><header><h2 class=\"entry-title\"><a href=\"https:\/\/galerie-ancienne-poste.com\/fr\/presse\/revue-de-la-ceramique-et-du-verre-mai-2018\/\">revue de la c\u00e9ramique et du verre &#8211; mai 2018<\/a><\/h2><div class=\"kt-blocks-post-top-meta\"><\/div><\/header><div class=\"entry-content\">\u00ab\u00a0Claire Lindner l&rsquo;air est une racine\u00a0\u00bb in revue de la c\u00e9ramique et du verre de mai 2018<\/div><footer class=\"kt-blocks-post-footer\"><div class=\"kt-blocks-post-footer-left\"><\/div><div class=\"kt-blocks-post-footer-right\"><\/div><\/footer><\/div><\/div><\/article><article class=\"kt-blocks-post-grid-item post-4564 post type-post status-publish format-standard has-post-thumbnail hentry category-presse artiste_-david-roberts\"><div class=\"kt-blocks-post-grid-item-inner-wrap kt-feat-image-align-left kt-feat-image-mobile-align-top\"><div class=\"kadence-post-image\"><div class=\"kadence-post-image-intrisic kt-image-ratio-100\" style=\"padding-bottom:100%;\"><div class=\"kadence-post-image-inner-intrisic\"><a aria-hidden=\"true\" tabindex=\"-1\" role=\"presentation\" href=\"https:\/\/galerie-ancienne-poste.com\/fr\/presse\/connaissance-des-arts-avril-2018\/\" aria-label=\"Connaissance des Arts &#8211; avril 2018\" class=\"kadence-post-image-inner-wrap\"><img loading=\"lazy\" decoding=\"async\" width=\"268\" height=\"300\" src=\"https:\/\/galerie-ancienne-poste.com\/wp-content\/uploads\/2025\/07\/roberts-david-cda-268x300.jpg\" class=\"attachment-medium size-medium wp-image-4542 wp-post-image\" alt=\"\" srcset=\"https:\/\/galerie-ancienne-poste.com\/wp-content\/uploads\/2025\/07\/roberts-david-cda-268x300.jpg 268w, https:\/\/galerie-ancienne-poste.com\/wp-content\/uploads\/2025\/07\/roberts-david-cda-11x12.jpg 11w, https:\/\/galerie-ancienne-poste.com\/wp-content\/uploads\/2025\/07\/roberts-david-cda.jpg 514w\" sizes=\"auto, (max-width: 268px) 100vw, 268px\" data-mwl-img-id=\"4542\"><\/a><\/div><\/div><\/div><div class=\"kt-blocks-post-grid-item-inner\"><header><h2 class=\"entry-title\"><a href=\"https:\/\/galerie-ancienne-poste.com\/fr\/presse\/connaissance-des-arts-avril-2018\/\">Connaissance des Arts &#8211; avril 2018<\/a><\/h2><div class=\"kt-blocks-post-top-meta\"><\/div><\/header><div class=\"entry-content\">Connaissance des Arts &#8211; avril 2018<\/div><footer class=\"kt-blocks-post-footer\"><div class=\"kt-blocks-post-footer-left\"><\/div><div class=\"kt-blocks-post-footer-right\"><\/div><\/footer><\/div><\/div><\/article><article class=\"kt-blocks-post-grid-item post-3247 post type-post status-publish format-standard has-post-thumbnail hentry category-presse artiste_-ursula-morley-price\"><div class=\"kt-blocks-post-grid-item-inner-wrap kt-feat-image-align-left kt-feat-image-mobile-align-top\"><div class=\"kadence-post-image\"><div class=\"kadence-post-image-intrisic kt-image-ratio-100\" style=\"padding-bottom:100%;\"><div class=\"kadence-post-image-inner-intrisic\"><a aria-hidden=\"true\" tabindex=\"-1\" role=\"presentation\" href=\"https:\/\/galerie-ancienne-poste.com\/fr\/presse\/new-york-times-decembre-2017\/\" aria-label=\"New-York-Times &#8211; d\u00e9cembre 2017\" class=\"kadence-post-image-inner-wrap\"><img loading=\"lazy\" decoding=\"async\" width=\"219\" height=\"300\" src=\"https:\/\/galerie-ancienne-poste.com\/wp-content\/uploads\/2025\/07\/morley-price-new-york-times-2018-219x300.jpg\" class=\"attachment-medium size-medium wp-image-3243 wp-post-image\" alt=\"\" srcset=\"https:\/\/galerie-ancienne-poste.com\/wp-content\/uploads\/2025\/07\/morley-price-new-york-times-2018-219x300.jpg 219w, https:\/\/galerie-ancienne-poste.com\/wp-content\/uploads\/2025\/07\/morley-price-new-york-times-2018-746x1024.jpg 746w, https:\/\/galerie-ancienne-poste.com\/wp-content\/uploads\/2025\/07\/morley-price-new-york-times-2018-768x1054.jpg 768w, https:\/\/galerie-ancienne-poste.com\/wp-content\/uploads\/2025\/07\/morley-price-new-york-times-2018-9x12.jpg 9w, https:\/\/galerie-ancienne-poste.com\/wp-content\/uploads\/2025\/07\/morley-price-new-york-times-2018-600x824.jpg 600w, https:\/\/galerie-ancienne-poste.com\/wp-content\/uploads\/2025\/07\/morley-price-new-york-times-2018.jpg 794w\" sizes=\"auto, (max-width: 219px) 100vw, 219px\" data-mwl-img-id=\"3243\"><\/a><\/div><\/div><\/div><div class=\"kt-blocks-post-grid-item-inner\"><header><h2 class=\"entry-title\"><a href=\"https:\/\/galerie-ancienne-poste.com\/fr\/presse\/new-york-times-decembre-2017\/\">New-York-Times &#8211; d\u00e9cembre 2017<\/a><\/h2><div class=\"kt-blocks-post-top-meta\"><\/div><\/header><div class=\"entry-content\">New-York Times &#8211; d\u00e9cembre 2017<\/div><footer class=\"kt-blocks-post-footer\"><div class=\"kt-blocks-post-footer-left\"><\/div><div class=\"kt-blocks-post-footer-right\"><\/div><\/footer><\/div><\/div><\/article><article class=\"kt-blocks-post-grid-item post-4614 post type-post status-publish format-standard has-post-thumbnail hentry category-presse artiste_-elena-gileva\"><div class=\"kt-blocks-post-grid-item-inner-wrap kt-feat-image-align-left kt-feat-image-mobile-align-top\"><div class=\"kadence-post-image\"><div class=\"kadence-post-image-intrisic kt-image-ratio-100\" style=\"padding-bottom:100%;\"><div class=\"kadence-post-image-inner-intrisic\"><a aria-hidden=\"true\" tabindex=\"-1\" role=\"presentation\" href=\"https:\/\/galerie-ancienne-poste.com\/fr\/presse\/loeil-novembre-2017\/\" aria-label=\"L&rsquo;\u0152IL &#8211; novembre 2017\" class=\"kadence-post-image-inner-wrap\"><img loading=\"lazy\" decoding=\"async\" width=\"208\" height=\"300\" src=\"https:\/\/galerie-ancienne-poste.com\/wp-content\/uploads\/2025\/07\/gileva-helena-l-oeil-2017-1-e1753687484559-208x300.jpg\" class=\"attachment-medium size-medium wp-image-3040 wp-post-image\" alt=\"\" srcset=\"https:\/\/galerie-ancienne-poste.com\/wp-content\/uploads\/2025\/07\/gileva-helena-l-oeil-2017-1-e1753687484559-208x300.jpg 208w, https:\/\/galerie-ancienne-poste.com\/wp-content\/uploads\/2025\/07\/gileva-helena-l-oeil-2017-1-e1753687484559-8x12.jpg 8w, https:\/\/galerie-ancienne-poste.com\/wp-content\/uploads\/2025\/07\/gileva-helena-l-oeil-2017-1-e1753687484559-600x864.jpg 600w, https:\/\/galerie-ancienne-poste.com\/wp-content\/uploads\/2025\/07\/gileva-helena-l-oeil-2017-1-e1753687484559.jpg 686w\" sizes=\"auto, (max-width: 208px) 100vw, 208px\" data-mwl-img-id=\"3040\"><\/a><\/div><\/div><\/div><div class=\"kt-blocks-post-grid-item-inner\"><header><h2 class=\"entry-title\"><a href=\"https:\/\/galerie-ancienne-poste.com\/fr\/presse\/loeil-novembre-2017\/\">L&rsquo;\u0152IL &#8211; novembre 2017<\/a><\/h2><div class=\"kt-blocks-post-top-meta\"><\/div><\/header><div class=\"entry-content\">L&rsquo;\u0152IL &#8211; novembre 2017<\/div><footer class=\"kt-blocks-post-footer\"><div class=\"kt-blocks-post-footer-left\"><\/div><div class=\"kt-blocks-post-footer-right\"><\/div><\/footer><\/div><\/div><\/article><article class=\"kt-blocks-post-grid-item post-3635 post type-post status-publish format-standard has-post-thumbnail hentry category-presse artiste_-ann-van-hoey\"><div class=\"kt-blocks-post-grid-item-inner-wrap kt-feat-image-align-left kt-feat-image-mobile-align-top\"><div class=\"kadence-post-image\"><div class=\"kadence-post-image-intrisic kt-image-ratio-100\" style=\"padding-bottom:100%;\"><div class=\"kadence-post-image-inner-intrisic\"><a aria-hidden=\"true\" tabindex=\"-1\" role=\"presentation\" href=\"https:\/\/galerie-ancienne-poste.com\/fr\/presse\/connaissance-des-arts-novembre-2017\/\" aria-label=\"Connaissance des Arts &#8211; novembre 2017\" class=\"kadence-post-image-inner-wrap\"><img loading=\"lazy\" decoding=\"async\" width=\"250\" height=\"300\" src=\"https:\/\/galerie-ancienne-poste.com\/wp-content\/uploads\/2025\/07\/van-hoey-ann-cda-2017-e1753694764955-250x300.jpg\" class=\"attachment-medium size-medium wp-image-3626 wp-post-image\" alt=\"Ann Van Hoey\" srcset=\"https:\/\/galerie-ancienne-poste.com\/wp-content\/uploads\/2025\/07\/van-hoey-ann-cda-2017-e1753694764955-250x300.jpg 250w, https:\/\/galerie-ancienne-poste.com\/wp-content\/uploads\/2025\/07\/van-hoey-ann-cda-2017-e1753694764955-10x12.jpg 10w, https:\/\/galerie-ancienne-poste.com\/wp-content\/uploads\/2025\/07\/van-hoey-ann-cda-2017-e1753694764955.jpg 585w\" sizes=\"auto, (max-width: 250px) 100vw, 250px\" data-mwl-img-id=\"3626\" \/><\/a><\/div><\/div><\/div><div class=\"kt-blocks-post-grid-item-inner\"><header><h2 class=\"entry-title\"><a href=\"https:\/\/galerie-ancienne-poste.com\/fr\/presse\/connaissance-des-arts-novembre-2017\/\">Connaissance des Arts &#8211; novembre 2017<\/a><\/h2><div class=\"kt-blocks-post-top-meta\"><\/div><\/header><div class=\"entry-content\">Ann Van Hoey Connaissance des Arts &#8211; novembre 2017<\/div><footer class=\"kt-blocks-post-footer\"><div class=\"kt-blocks-post-footer-left\"><\/div><div class=\"kt-blocks-post-footer-right\"><\/div><\/footer><\/div><\/div><\/article><article class=\"kt-blocks-post-grid-item post-4672 post type-post status-publish format-standard has-post-thumbnail hentry category-galerie category-presse tag-galerie\"><div class=\"kt-blocks-post-grid-item-inner-wrap kt-feat-image-align-left kt-feat-image-mobile-align-top\"><div class=\"kadence-post-image\"><div class=\"kadence-post-image-intrisic kt-image-ratio-100\" style=\"padding-bottom:100%;\"><div class=\"kadence-post-image-inner-intrisic\"><a aria-hidden=\"true\" tabindex=\"-1\" role=\"presentation\" href=\"https:\/\/galerie-ancienne-poste.com\/fr\/galerie\/lobjet-dart-septembre-2017\/\" aria-label=\"L&rsquo;Objet d&rsquo;Art &#8211; septembre 2017\" class=\"kadence-post-image-inner-wrap\"><img loading=\"lazy\" decoding=\"async\" width=\"231\" height=\"300\" src=\"https:\/\/galerie-ancienne-poste.com\/wp-content\/uploads\/2025\/07\/galerie-estampille-objet-art-231x300.jpg\" class=\"attachment-medium size-medium wp-image-4645 wp-post-image\" alt=\"\" srcset=\"https:\/\/galerie-ancienne-poste.com\/wp-content\/uploads\/2025\/07\/galerie-estampille-objet-art-231x300.jpg 231w, https:\/\/galerie-ancienne-poste.com\/wp-content\/uploads\/2025\/07\/galerie-estampille-objet-art-9x12.jpg 9w, https:\/\/galerie-ancienne-poste.com\/wp-content\/uploads\/2025\/07\/galerie-estampille-objet-art.jpg 458w\" sizes=\"auto, (max-width: 231px) 100vw, 231px\" data-mwl-img-id=\"4645\"><\/a><\/div><\/div><\/div><div class=\"kt-blocks-post-grid-item-inner\"><header><h2 class=\"entry-title\"><a href=\"https:\/\/galerie-ancienne-poste.com\/fr\/galerie\/lobjet-dart-septembre-2017\/\">L&rsquo;Objet d&rsquo;Art &#8211; septembre 2017<\/a><\/h2><div class=\"kt-blocks-post-top-meta\"><\/div><\/header><div class=\"entry-content\">L&rsquo;Objet d&rsquo;Art &#8211; septembre 2017<\/div><footer class=\"kt-blocks-post-footer\"><div class=\"kt-blocks-post-footer-left\"><\/div><div class=\"kt-blocks-post-footer-right\"><\/div><\/footer><\/div><\/div><\/article><article class=\"kt-blocks-post-grid-item post-4587 post type-post status-publish format-standard has-post-thumbnail hentry category-presse artiste_-elena-gileva\"><div class=\"kt-blocks-post-grid-item-inner-wrap kt-feat-image-align-left kt-feat-image-mobile-align-top\"><div class=\"kadence-post-image\"><div class=\"kadence-post-image-intrisic kt-image-ratio-100\" style=\"padding-bottom:100%;\"><div class=\"kadence-post-image-inner-intrisic\"><a aria-hidden=\"true\" tabindex=\"-1\" role=\"presentation\" href=\"https:\/\/galerie-ancienne-poste.com\/fr\/presse\/connaissance-des-arts-septembre-2017\/\" aria-label=\"Connaissance des Arts &#8211; septembre 2017\" class=\"kadence-post-image-inner-wrap\"><img loading=\"lazy\" decoding=\"async\" width=\"300\" height=\"221\" src=\"https:\/\/galerie-ancienne-poste.com\/wp-content\/uploads\/2025\/07\/gileva-helena-cda-300x221.jpg\" class=\"attachment-medium size-medium wp-image-4532 wp-post-image\" alt=\"\" srcset=\"https:\/\/galerie-ancienne-poste.com\/wp-content\/uploads\/2025\/07\/gileva-helena-cda-300x221.jpg 300w, https:\/\/galerie-ancienne-poste.com\/wp-content\/uploads\/2025\/07\/gileva-helena-cda-16x12.jpg 16w, https:\/\/galerie-ancienne-poste.com\/wp-content\/uploads\/2025\/07\/gileva-helena-cda-600x442.jpg 600w, https:\/\/galerie-ancienne-poste.com\/wp-content\/uploads\/2025\/07\/gileva-helena-cda.jpg 733w\" sizes=\"auto, (max-width: 300px) 100vw, 300px\" data-mwl-img-id=\"4532\"><\/a><\/div><\/div><\/div><div class=\"kt-blocks-post-grid-item-inner\"><header><h2 class=\"entry-title\"><a href=\"https:\/\/galerie-ancienne-poste.com\/fr\/presse\/connaissance-des-arts-septembre-2017\/\">Connaissance des Arts &#8211; septembre 2017<\/a><\/h2><div class=\"kt-blocks-post-top-meta\"><\/div><\/header><div class=\"entry-content\">Elena Gileva \u00a0\u00bb la c\u00e9ramique narrative \u00a0\u00bb in nouveau talent Connaissance des Arts du mois de septembre 2017.<\/div><footer class=\"kt-blocks-post-footer\"><div class=\"kt-blocks-post-footer-left\"><\/div><div class=\"kt-blocks-post-footer-right\"><\/div><\/footer><\/div><\/div><\/article><article class=\"kt-blocks-post-grid-item post-4595 post type-post status-publish format-standard has-post-thumbnail hentry category-presse artiste_-gisele-buthod-garcon\"><div class=\"kt-blocks-post-grid-item-inner-wrap kt-feat-image-align-left kt-feat-image-mobile-align-top\"><div class=\"kadence-post-image\"><div class=\"kadence-post-image-intrisic kt-image-ratio-100\" style=\"padding-bottom:100%;\"><div class=\"kadence-post-image-inner-intrisic\"><a aria-hidden=\"true\" tabindex=\"-1\" role=\"presentation\" href=\"https:\/\/galerie-ancienne-poste.com\/fr\/presse\/connaissance-des-arts-juin-2017\/\" aria-label=\"Connaissance des Arts &#8211; juin 2017\" class=\"kadence-post-image-inner-wrap\"><img loading=\"lazy\" decoding=\"async\" width=\"300\" height=\"233\" src=\"https:\/\/galerie-ancienne-poste.com\/wp-content\/uploads\/2025\/07\/buthod-garcon-gisele-300x233.jpg\" class=\"attachment-medium size-medium wp-image-4528 wp-post-image\" alt=\"\" srcset=\"https:\/\/galerie-ancienne-poste.com\/wp-content\/uploads\/2025\/07\/buthod-garcon-gisele-300x233.jpg 300w, https:\/\/galerie-ancienne-poste.com\/wp-content\/uploads\/2025\/07\/buthod-garcon-gisele-15x12.jpg 15w, https:\/\/galerie-ancienne-poste.com\/wp-content\/uploads\/2025\/07\/buthod-garcon-gisele.jpg 381w\" sizes=\"auto, (max-width: 300px) 100vw, 300px\" data-mwl-img-id=\"4528\"><\/a><\/div><\/div><\/div><div class=\"kt-blocks-post-grid-item-inner\"><header><h2 class=\"entry-title\"><a href=\"https:\/\/galerie-ancienne-poste.com\/fr\/presse\/connaissance-des-arts-juin-2017\/\">Connaissance des Arts &#8211; juin 2017<\/a><\/h2><div class=\"kt-blocks-post-top-meta\"><\/div><\/header><div class=\"entry-content\">Connaissance des Arts &#8211; juin 2017<\/div><footer class=\"kt-blocks-post-footer\"><div class=\"kt-blocks-post-footer-left\"><\/div><div class=\"kt-blocks-post-footer-right\"><\/div><\/footer><\/div><\/div><\/article><article class=\"kt-blocks-post-grid-item post-4580 post type-post status-publish format-standard has-post-thumbnail hentry category-presse artiste_-bente-hansen\"><div class=\"kt-blocks-post-grid-item-inner-wrap kt-feat-image-align-left kt-feat-image-mobile-align-top\"><div class=\"kadence-post-image\"><div class=\"kadence-post-image-intrisic kt-image-ratio-100\" style=\"padding-bottom:100%;\"><div class=\"kadence-post-image-inner-intrisic\"><a aria-hidden=\"true\" tabindex=\"-1\" role=\"presentation\" href=\"https:\/\/galerie-ancienne-poste.com\/fr\/presse\/connaissance-des-arts-mai-2017\/\" aria-label=\"Connaissance des Arts &#8211; mai 2017\" class=\"kadence-post-image-inner-wrap\"><img loading=\"lazy\" decoding=\"async\" width=\"189\" height=\"300\" src=\"https:\/\/galerie-ancienne-poste.com\/wp-content\/uploads\/2025\/07\/hansen-bente-cda-mai-189x300.jpg\" class=\"attachment-medium size-medium wp-image-4534 wp-post-image\" alt=\"\" srcset=\"https:\/\/galerie-ancienne-poste.com\/wp-content\/uploads\/2025\/07\/hansen-bente-cda-mai-189x300.jpg 189w, https:\/\/galerie-ancienne-poste.com\/wp-content\/uploads\/2025\/07\/hansen-bente-cda-mai-8x12.jpg 8w, https:\/\/galerie-ancienne-poste.com\/wp-content\/uploads\/2025\/07\/hansen-bente-cda-mai.jpg 202w\" sizes=\"auto, (max-width: 189px) 100vw, 189px\" data-mwl-img-id=\"4534\"><\/a><\/div><\/div><\/div><div class=\"kt-blocks-post-grid-item-inner\"><header><h2 class=\"entry-title\"><a href=\"https:\/\/galerie-ancienne-poste.com\/fr\/presse\/connaissance-des-arts-mai-2017\/\">Connaissance des Arts &#8211; mai 2017<\/a><\/h2><div class=\"kt-blocks-post-top-meta\"><\/div><\/header><div class=\"entry-content\">Connaissance des Arts &#8211; mai 2017<\/div><footer class=\"kt-blocks-post-footer\"><div class=\"kt-blocks-post-footer-left\"><\/div><div class=\"kt-blocks-post-footer-right\"><\/div><\/footer><\/div><\/div><\/article><article class=\"kt-blocks-post-grid-item post-3234 post type-post status-publish format-standard has-post-thumbnail hentry category-presse artiste_-ursula-morley-price\"><div class=\"kt-blocks-post-grid-item-inner-wrap kt-feat-image-align-left kt-feat-image-mobile-align-top\"><div class=\"kadence-post-image\"><div class=\"kadence-post-image-intrisic kt-image-ratio-100\" style=\"padding-bottom:100%;\"><div class=\"kadence-post-image-inner-intrisic\"><a aria-hidden=\"true\" tabindex=\"-1\" role=\"presentation\" href=\"https:\/\/galerie-ancienne-poste.com\/fr\/presse\/revue-de-la-ceramique-et-du-verre\/\" aria-label=\"Revue de la c\u00e9ramique et du verre &#8211; janvier 2017\" class=\"kadence-post-image-inner-wrap\"><img loading=\"lazy\" decoding=\"async\" width=\"300\" height=\"231\" src=\"https:\/\/galerie-ancienne-poste.com\/wp-content\/uploads\/2025\/07\/morley-price-ursula-rcv-2017-1-300x231.jpg\" class=\"attachment-medium size-medium wp-image-3026 wp-post-image\" alt=\"Ursula Morley-Price\" srcset=\"https:\/\/galerie-ancienne-poste.com\/wp-content\/uploads\/2025\/07\/morley-price-ursula-rcv-2017-1-300x231.jpg 300w, https:\/\/galerie-ancienne-poste.com\/wp-content\/uploads\/2025\/07\/morley-price-ursula-rcv-2017-1-1024x788.jpg 1024w, https:\/\/galerie-ancienne-poste.com\/wp-content\/uploads\/2025\/07\/morley-price-ursula-rcv-2017-1-768x591.jpg 768w, https:\/\/galerie-ancienne-poste.com\/wp-content\/uploads\/2025\/07\/morley-price-ursula-rcv-2017-1-1536x1182.jpg 1536w, https:\/\/galerie-ancienne-poste.com\/wp-content\/uploads\/2025\/07\/morley-price-ursula-rcv-2017-1-16x12.jpg 16w, https:\/\/galerie-ancienne-poste.com\/wp-content\/uploads\/2025\/07\/morley-price-ursula-rcv-2017-1-600x462.jpg 600w, https:\/\/galerie-ancienne-poste.com\/wp-content\/uploads\/2025\/07\/morley-price-ursula-rcv-2017-1.jpg 1949w\" sizes=\"auto, (max-width: 300px) 100vw, 300px\" data-mwl-img-id=\"3026\" \/><\/a><\/div><\/div><\/div><div class=\"kt-blocks-post-grid-item-inner\"><header><h2 class=\"entry-title\"><a href=\"https:\/\/galerie-ancienne-poste.com\/fr\/presse\/revue-de-la-ceramique-et-du-verre\/\">Revue de la c\u00e9ramique et du verre &#8211; janvier 2017<\/a><\/h2><div class=\"kt-blocks-post-top-meta\"><\/div><\/header><div class=\"entry-content\">\u00ab\u00a0ursula Morley-Price un jubil\u00e9 festif\u00a0\u00bb in la Revue de la c\u00e9ramique et du verre de janvier\/f\u00e9vrier 2017<\/div><footer class=\"kt-blocks-post-footer\"><div class=\"kt-blocks-post-footer-left\"><\/div><div class=\"kt-blocks-post-footer-right\"><\/div><\/footer><\/div><\/div><\/article><article class=\"kt-blocks-post-grid-item post-3229 post type-post status-publish format-standard has-post-thumbnail hentry category-presse artiste_-ursula-morley-price\"><div class=\"kt-blocks-post-grid-item-inner-wrap kt-feat-image-align-left kt-feat-image-mobile-align-top\"><div class=\"kadence-post-image\"><div class=\"kadence-post-image-intrisic kt-image-ratio-100\" style=\"padding-bottom:100%;\"><div class=\"kadence-post-image-inner-intrisic\"><a aria-hidden=\"true\" tabindex=\"-1\" role=\"presentation\" href=\"https:\/\/galerie-ancienne-poste.com\/fr\/presse\/connaissance-des-art-novembre-2016\/\" aria-label=\"Connaissance des Art &#8211; novembre &#8211; 2016\" class=\"kadence-post-image-inner-wrap\"><img loading=\"lazy\" decoding=\"async\" width=\"244\" height=\"300\" src=\"https:\/\/galerie-ancienne-poste.com\/wp-content\/uploads\/2025\/07\/morley-price-ursula-cda-2016-2-e1753694966734-244x300.jpg\" class=\"attachment-medium size-medium wp-image-3000 wp-post-image\" alt=\"Ursula Morley-Price\" srcset=\"https:\/\/galerie-ancienne-poste.com\/wp-content\/uploads\/2025\/07\/morley-price-ursula-cda-2016-2-e1753694966734-244x300.jpg 244w, https:\/\/galerie-ancienne-poste.com\/wp-content\/uploads\/2025\/07\/morley-price-ursula-cda-2016-2-e1753694966734-10x12.jpg 10w, https:\/\/galerie-ancienne-poste.com\/wp-content\/uploads\/2025\/07\/morley-price-ursula-cda-2016-2-e1753694966734.jpg 431w\" sizes=\"auto, (max-width: 244px) 100vw, 244px\" data-mwl-img-id=\"3000\" \/><\/a><\/div><\/div><\/div><div class=\"kt-blocks-post-grid-item-inner\"><header><h2 class=\"entry-title\"><a href=\"https:\/\/galerie-ancienne-poste.com\/fr\/presse\/connaissance-des-art-novembre-2016\/\">Connaissance des Art &#8211; novembre &#8211; 2016<\/a><\/h2><div class=\"kt-blocks-post-top-meta\"><\/div><\/header><div class=\"entry-content\">Ursula Morley-Price. \u00ab\u00a0La d\u00e9licatesse d&rsquo;Ursula Morley-Price\u00a0\u00bb in Connaissance des Arts d&rsquo;avril 2016<\/div><footer class=\"kt-blocks-post-footer\"><div class=\"kt-blocks-post-footer-left\"><\/div><div class=\"kt-blocks-post-footer-right\"><\/div><\/footer><\/div><\/div><\/article><article class=\"kt-blocks-post-grid-item post-6819 post type-post status-publish format-standard has-post-thumbnail hentry category-presse\"><div class=\"kt-blocks-post-grid-item-inner-wrap kt-feat-image-align-left kt-feat-image-mobile-align-top\"><div class=\"kadence-post-image\"><div class=\"kadence-post-image-intrisic kt-image-ratio-100\" style=\"padding-bottom:100%;\"><div class=\"kadence-post-image-inner-intrisic\"><a aria-hidden=\"true\" tabindex=\"-1\" role=\"presentation\" href=\"https:\/\/galerie-ancienne-poste.com\/fr\/presse\/loeil-avril-2016-2\/\" aria-label=\"L&rsquo;OEIL juillet 2016\" class=\"kadence-post-image-inner-wrap\"><img loading=\"lazy\" decoding=\"async\" width=\"168\" height=\"300\" src=\"https:\/\/galerie-ancienne-poste.com\/wp-content\/uploads\/2025\/07\/verdier-anne-l-oeil-ete-2016-1-168x300.jpg\" class=\"attachment-medium size-medium wp-image-3057 wp-post-image\" alt=\"\" srcset=\"https:\/\/galerie-ancienne-poste.com\/wp-content\/uploads\/2025\/07\/verdier-anne-l-oeil-ete-2016-1-168x300.jpg 168w, https:\/\/galerie-ancienne-poste.com\/wp-content\/uploads\/2025\/07\/verdier-anne-l-oeil-ete-2016-1-574x1024.jpg 574w, https:\/\/galerie-ancienne-poste.com\/wp-content\/uploads\/2025\/07\/verdier-anne-l-oeil-ete-2016-1-768x1370.jpg 768w, https:\/\/galerie-ancienne-poste.com\/wp-content\/uploads\/2025\/07\/verdier-anne-l-oeil-ete-2016-1-7x12.jpg 7w, https:\/\/galerie-ancienne-poste.com\/wp-content\/uploads\/2025\/07\/verdier-anne-l-oeil-ete-2016-1-600x1070.jpg 600w, https:\/\/galerie-ancienne-poste.com\/wp-content\/uploads\/2025\/07\/verdier-anne-l-oeil-ete-2016-1.jpg 841w\" sizes=\"auto, (max-width: 168px) 100vw, 168px\" data-mwl-img-id=\"3057\"><\/a><\/div><\/div><\/div><div class=\"kt-blocks-post-grid-item-inner\"><header><h2 class=\"entry-title\"><a href=\"https:\/\/galerie-ancienne-poste.com\/fr\/presse\/loeil-avril-2016-2\/\">L&rsquo;OEIL juillet 2016<\/a><\/h2><div class=\"kt-blocks-post-top-meta\"><\/div><\/header><div class=\"entry-content\">Exposition Anne Verdier dans L&rsquo;OEIL du mois de juillet 2016.<\/div><footer class=\"kt-blocks-post-footer\"><div class=\"kt-blocks-post-footer-left\"><\/div><div class=\"kt-blocks-post-footer-right\"><\/div><\/footer><\/div><\/div><\/article><article class=\"kt-blocks-post-grid-item post-4722 post type-post status-publish format-standard has-post-thumbnail hentry category-presse artiste_-david-miller\"><div class=\"kt-blocks-post-grid-item-inner-wrap kt-feat-image-align-left kt-feat-image-mobile-align-top\"><div class=\"kadence-post-image\"><div class=\"kadence-post-image-intrisic kt-image-ratio-100\" style=\"padding-bottom:100%;\"><div class=\"kadence-post-image-inner-intrisic\"><a aria-hidden=\"true\" tabindex=\"-1\" role=\"presentation\" href=\"https:\/\/galerie-ancienne-poste.com\/fr\/presse\/expo-in-the-city-juin-2016\/\" aria-label=\"Expo in the City &#8211; juin 2016\" class=\"kadence-post-image-inner-wrap\"><img loading=\"lazy\" decoding=\"async\" width=\"300\" height=\"232\" src=\"https:\/\/galerie-ancienne-poste.com\/wp-content\/uploads\/2025\/07\/expo-in-the-city-miller-2016-300x232.jpg\" class=\"attachment-medium size-medium wp-image-3468 wp-post-image\" alt=\"\" srcset=\"https:\/\/galerie-ancienne-poste.com\/wp-content\/uploads\/2025\/07\/expo-in-the-city-miller-2016-300x232.jpg 300w, https:\/\/galerie-ancienne-poste.com\/wp-content\/uploads\/2025\/07\/expo-in-the-city-miller-2016-1024x793.jpg 1024w, https:\/\/galerie-ancienne-poste.com\/wp-content\/uploads\/2025\/07\/expo-in-the-city-miller-2016-768x595.jpg 768w, https:\/\/galerie-ancienne-poste.com\/wp-content\/uploads\/2025\/07\/expo-in-the-city-miller-2016-15x12.jpg 15w, https:\/\/galerie-ancienne-poste.com\/wp-content\/uploads\/2025\/07\/expo-in-the-city-miller-2016-600x465.jpg 600w, https:\/\/galerie-ancienne-poste.com\/wp-content\/uploads\/2025\/07\/expo-in-the-city-miller-2016.jpg 1291w\" sizes=\"auto, (max-width: 300px) 100vw, 300px\" data-mwl-img-id=\"3468\"><\/a><\/div><\/div><\/div><div class=\"kt-blocks-post-grid-item-inner\"><header><h2 class=\"entry-title\"><a href=\"https:\/\/galerie-ancienne-poste.com\/fr\/presse\/expo-in-the-city-juin-2016\/\">Expo in the City &#8211; juin 2016<\/a><\/h2><div class=\"kt-blocks-post-top-meta\"><\/div><\/header><div class=\"entry-content\">Expo in the City &#8211; juin 2016<\/div><footer class=\"kt-blocks-post-footer\"><div class=\"kt-blocks-post-footer-left\"><\/div><div class=\"kt-blocks-post-footer-right\"><\/div><\/footer><\/div><\/div><\/article><article class=\"kt-blocks-post-grid-item post-4720 post type-post status-publish format-standard has-post-thumbnail hentry category-presse artiste_-david-miller\"><div class=\"kt-blocks-post-grid-item-inner-wrap kt-feat-image-align-left kt-feat-image-mobile-align-top\"><div class=\"kadence-post-image\"><div class=\"kadence-post-image-intrisic kt-image-ratio-100\" style=\"padding-bottom:100%;\"><div class=\"kadence-post-image-inner-intrisic\"><a aria-hidden=\"true\" tabindex=\"-1\" role=\"presentation\" href=\"https:\/\/galerie-ancienne-poste.com\/fr\/presse\/yonne-republicaine-mai-2016\/\" aria-label=\"Yonne R\u00e9publicaine &#8211; mai 2016\" class=\"kadence-post-image-inner-wrap\"><img loading=\"lazy\" decoding=\"async\" width=\"300\" height=\"291\" src=\"https:\/\/galerie-ancienne-poste.com\/wp-content\/uploads\/2025\/07\/yonnemag-miller-2016-300x291.jpg\" class=\"attachment-medium size-medium wp-image-3471 wp-post-image\" alt=\"\" srcset=\"https:\/\/galerie-ancienne-poste.com\/wp-content\/uploads\/2025\/07\/yonnemag-miller-2016-300x291.jpg 300w, https:\/\/galerie-ancienne-poste.com\/wp-content\/uploads\/2025\/07\/yonnemag-miller-2016-1024x994.jpg 1024w, https:\/\/galerie-ancienne-poste.com\/wp-content\/uploads\/2025\/07\/yonnemag-miller-2016-768x746.jpg 768w, https:\/\/galerie-ancienne-poste.com\/wp-content\/uploads\/2025\/07\/yonnemag-miller-2016-12x12.jpg 12w, https:\/\/galerie-ancienne-poste.com\/wp-content\/uploads\/2025\/07\/yonnemag-miller-2016-600x583.jpg 600w, https:\/\/galerie-ancienne-poste.com\/wp-content\/uploads\/2025\/07\/yonnemag-miller-2016.jpg 1236w\" sizes=\"auto, (max-width: 300px) 100vw, 300px\" data-mwl-img-id=\"3471\"><\/a><\/div><\/div><\/div><div class=\"kt-blocks-post-grid-item-inner\"><header><h2 class=\"entry-title\"><a href=\"https:\/\/galerie-ancienne-poste.com\/fr\/presse\/yonne-republicaine-mai-2016\/\">Yonne R\u00e9publicaine &#8211; mai 2016<\/a><\/h2><div class=\"kt-blocks-post-top-meta\"><\/div><\/header><div class=\"entry-content\">Yonne R\u00e9publicaine &#8211; mai 2016<\/div><footer class=\"kt-blocks-post-footer\"><div class=\"kt-blocks-post-footer-left\"><\/div><div class=\"kt-blocks-post-footer-right\"><\/div><\/footer><\/div><\/div><\/article><article class=\"kt-blocks-post-grid-item post-4660 post type-post status-publish format-standard has-post-thumbnail hentry category-presse artiste_-camille-virot\"><div class=\"kt-blocks-post-grid-item-inner-wrap kt-feat-image-align-left kt-feat-image-mobile-align-top\"><div class=\"kadence-post-image\"><div class=\"kadence-post-image-intrisic kt-image-ratio-100\" style=\"padding-bottom:100%;\"><div class=\"kadence-post-image-inner-intrisic\"><a aria-hidden=\"true\" tabindex=\"-1\" role=\"presentation\" href=\"https:\/\/galerie-ancienne-poste.com\/fr\/presse\/miroir-de-lart-avril-2016\/\" aria-label=\"Miroir de l&rsquo;art &#8211; avril 2016\" class=\"kadence-post-image-inner-wrap\"><img loading=\"lazy\" decoding=\"async\" width=\"242\" height=\"300\" src=\"https:\/\/galerie-ancienne-poste.com\/wp-content\/uploads\/2025\/07\/virot-camille-miroir-de-l-art-242x300.jpg\" class=\"attachment-medium size-medium wp-image-4653 wp-post-image\" alt=\"\" srcset=\"https:\/\/galerie-ancienne-poste.com\/wp-content\/uploads\/2025\/07\/virot-camille-miroir-de-l-art-242x300.jpg 242w, https:\/\/galerie-ancienne-poste.com\/wp-content\/uploads\/2025\/07\/virot-camille-miroir-de-l-art-10x12.jpg 10w, https:\/\/galerie-ancienne-poste.com\/wp-content\/uploads\/2025\/07\/virot-camille-miroir-de-l-art.jpg 503w\" sizes=\"auto, (max-width: 242px) 100vw, 242px\" data-mwl-img-id=\"4653\"><\/a><\/div><\/div><\/div><div class=\"kt-blocks-post-grid-item-inner\"><header><h2 class=\"entry-title\"><a href=\"https:\/\/galerie-ancienne-poste.com\/fr\/presse\/miroir-de-lart-avril-2016\/\">Miroir de l&rsquo;art &#8211; avril 2016<\/a><\/h2><div class=\"kt-blocks-post-top-meta\"><\/div><\/header><div class=\"entry-content\">Miroir de l&rsquo;art &#8211; avril 2016<\/div><footer class=\"kt-blocks-post-footer\"><div class=\"kt-blocks-post-footer-left\"><\/div><div class=\"kt-blocks-post-footer-right\"><\/div><\/footer><\/div><\/div><\/article><article class=\"kt-blocks-post-grid-item post-3404 post type-post status-publish format-standard has-post-thumbnail hentry category-presse artiste_-camille-virot\"><div class=\"kt-blocks-post-grid-item-inner-wrap kt-feat-image-align-left kt-feat-image-mobile-align-top\"><div class=\"kadence-post-image\"><div class=\"kadence-post-image-intrisic kt-image-ratio-100\" style=\"padding-bottom:100%;\"><div class=\"kadence-post-image-inner-intrisic\"><a aria-hidden=\"true\" tabindex=\"-1\" role=\"presentation\" href=\"https:\/\/galerie-ancienne-poste.com\/fr\/presse\/loeil-avril-2016\/\" aria-label=\"L&rsquo;OEIL &#8211; avril 2016\" class=\"kadence-post-image-inner-wrap\"><img loading=\"lazy\" decoding=\"async\" width=\"128\" height=\"300\" src=\"https:\/\/galerie-ancienne-poste.com\/wp-content\/uploads\/2025\/07\/virot-camille-l-oeil-2016-1-128x300.jpg\" class=\"attachment-medium size-medium wp-image-3055 wp-post-image\" alt=\"\" srcset=\"https:\/\/galerie-ancienne-poste.com\/wp-content\/uploads\/2025\/07\/virot-camille-l-oeil-2016-1-128x300.jpg 128w, https:\/\/galerie-ancienne-poste.com\/wp-content\/uploads\/2025\/07\/virot-camille-l-oeil-2016-1-437x1024.jpg 437w, https:\/\/galerie-ancienne-poste.com\/wp-content\/uploads\/2025\/07\/virot-camille-l-oeil-2016-1-5x12.jpg 5w, https:\/\/galerie-ancienne-poste.com\/wp-content\/uploads\/2025\/07\/virot-camille-l-oeil-2016-1-600x1406.jpg 600w, https:\/\/galerie-ancienne-poste.com\/wp-content\/uploads\/2025\/07\/virot-camille-l-oeil-2016-1.jpg 640w\" sizes=\"auto, (max-width: 128px) 100vw, 128px\" data-mwl-img-id=\"3055\"><\/a><\/div><\/div><\/div><div class=\"kt-blocks-post-grid-item-inner\"><header><h2 class=\"entry-title\"><a href=\"https:\/\/galerie-ancienne-poste.com\/fr\/presse\/loeil-avril-2016\/\">L&rsquo;OEIL &#8211; avril 2016<\/a><\/h2><div class=\"kt-blocks-post-top-meta\"><\/div><\/header><div class=\"entry-content\">L&rsquo;OEIL &#8211; avril 2016<\/div><footer class=\"kt-blocks-post-footer\"><div class=\"kt-blocks-post-footer-left\"><\/div><div class=\"kt-blocks-post-footer-right\"><\/div><\/footer><\/div><\/div><\/article><article class=\"kt-blocks-post-grid-item post-3393 post type-post status-publish format-standard has-post-thumbnail hentry category-presse artiste_-camille-virot\"><div class=\"kt-blocks-post-grid-item-inner-wrap kt-feat-image-align-left kt-feat-image-mobile-align-top\"><div class=\"kadence-post-image\"><div class=\"kadence-post-image-intrisic kt-image-ratio-100\" style=\"padding-bottom:100%;\"><div class=\"kadence-post-image-inner-intrisic\"><a aria-hidden=\"true\" tabindex=\"-1\" role=\"presentation\" href=\"https:\/\/galerie-ancienne-poste.com\/fr\/presse\/connaissance-des-arts-avril-2016\/\" aria-label=\"Connaissance des Arts avril 2016\" class=\"kadence-post-image-inner-wrap\"><img loading=\"lazy\" decoding=\"async\" width=\"152\" height=\"300\" src=\"https:\/\/galerie-ancienne-poste.com\/wp-content\/uploads\/2025\/07\/VIROT-avril-2016-2-e1753694876557-152x300.jpg\" class=\"attachment-medium size-medium wp-image-3012 wp-post-image\" alt=\"Camille Virot\" srcset=\"https:\/\/galerie-ancienne-poste.com\/wp-content\/uploads\/2025\/07\/VIROT-avril-2016-2-e1753694876557-152x300.jpg 152w, https:\/\/galerie-ancienne-poste.com\/wp-content\/uploads\/2025\/07\/VIROT-avril-2016-2-e1753694876557-6x12.jpg 6w, https:\/\/galerie-ancienne-poste.com\/wp-content\/uploads\/2025\/07\/VIROT-avril-2016-2-e1753694876557.jpg 453w\" sizes=\"auto, (max-width: 152px) 100vw, 152px\" data-mwl-img-id=\"3012\" \/><\/a><\/div><\/div><\/div><div class=\"kt-blocks-post-grid-item-inner\"><header><h2 class=\"entry-title\"><a href=\"https:\/\/galerie-ancienne-poste.com\/fr\/presse\/connaissance-des-arts-avril-2016\/\">Connaissance des Arts avril 2016<\/a><\/h2><div class=\"kt-blocks-post-top-meta\"><\/div><\/header><div class=\"entry-content\">Connaissance des Arts avril 2016<\/div><footer class=\"kt-blocks-post-footer\"><div class=\"kt-blocks-post-footer-left\"><\/div><div class=\"kt-blocks-post-footer-right\"><\/div><\/footer><\/div><\/div><\/article><article class=\"kt-blocks-post-grid-item post-4658 post type-post status-publish format-standard has-post-thumbnail hentry category-presse artiste_-laurent-petit\"><div class=\"kt-blocks-post-grid-item-inner-wrap kt-feat-image-align-left kt-feat-image-mobile-align-top\"><div class=\"kadence-post-image\"><div class=\"kadence-post-image-intrisic kt-image-ratio-100\" style=\"padding-bottom:100%;\"><div class=\"kadence-post-image-inner-intrisic\"><a aria-hidden=\"true\" tabindex=\"-1\" role=\"presentation\" href=\"https:\/\/galerie-ancienne-poste.com\/fr\/presse\/miroir-de-lart-septembre-2015\/\" aria-label=\"Miroir de l&rsquo;art &#8211; septembre 2015\" class=\"kadence-post-image-inner-wrap\"><img loading=\"lazy\" decoding=\"async\" width=\"300\" height=\"253\" src=\"https:\/\/galerie-ancienne-poste.com\/wp-content\/uploads\/2025\/07\/petit-laruent-miroir-de-l-art-300x253.jpg\" class=\"attachment-medium size-medium wp-image-4649 wp-post-image\" alt=\"\" srcset=\"https:\/\/galerie-ancienne-poste.com\/wp-content\/uploads\/2025\/07\/petit-laruent-miroir-de-l-art-300x253.jpg 300w, https:\/\/galerie-ancienne-poste.com\/wp-content\/uploads\/2025\/07\/petit-laruent-miroir-de-l-art-14x12.jpg 14w, https:\/\/galerie-ancienne-poste.com\/wp-content\/uploads\/2025\/07\/petit-laruent-miroir-de-l-art.jpg 398w\" sizes=\"auto, (max-width: 300px) 100vw, 300px\" data-mwl-img-id=\"4649\"><\/a><\/div><\/div><\/div><div class=\"kt-blocks-post-grid-item-inner\"><header><h2 class=\"entry-title\"><a href=\"https:\/\/galerie-ancienne-poste.com\/fr\/presse\/miroir-de-lart-septembre-2015\/\">Miroir de l&rsquo;art &#8211; septembre 2015<\/a><\/h2><div class=\"kt-blocks-post-top-meta\"><\/div><\/header><div class=\"entry-content\">Miroir de l&rsquo;art &#8211; septembre 2015<\/div><footer class=\"kt-blocks-post-footer\"><div class=\"kt-blocks-post-footer-left\"><\/div><div class=\"kt-blocks-post-footer-right\"><\/div><\/footer><\/div><\/div><\/article><article class=\"kt-blocks-post-grid-item post-2423 post type-post status-publish format-standard has-post-thumbnail hentry category-presse\"><div class=\"kt-blocks-post-grid-item-inner-wrap kt-feat-image-align-left kt-feat-image-mobile-align-top\"><div class=\"kadence-post-image\"><div class=\"kadence-post-image-intrisic kt-image-ratio-100\" style=\"padding-bottom:100%;\"><div class=\"kadence-post-image-inner-intrisic\"><a aria-hidden=\"true\" tabindex=\"-1\" role=\"presentation\" href=\"https:\/\/galerie-ancienne-poste.com\/fr\/presse\/loeil-ete-2015\/\" aria-label=\"L&rsquo;OEIL \u00e9t\u00e9 2015\" class=\"kadence-post-image-inner-wrap\"><img loading=\"lazy\" decoding=\"async\" width=\"161\" height=\"300\" src=\"https:\/\/galerie-ancienne-poste.com\/wp-content\/uploads\/2025\/07\/loeil-695-ete-2015-erna-aaltonen-161x300.jpg\" class=\"attachment-medium size-medium wp-image-2425 wp-post-image\" alt=\"\" srcset=\"https:\/\/galerie-ancienne-poste.com\/wp-content\/uploads\/2025\/07\/loeil-695-ete-2015-erna-aaltonen-161x300.jpg 161w, https:\/\/galerie-ancienne-poste.com\/wp-content\/uploads\/2025\/07\/loeil-695-ete-2015-erna-aaltonen-6x12.jpg 6w, https:\/\/galerie-ancienne-poste.com\/wp-content\/uploads\/2025\/07\/loeil-695-ete-2015-erna-aaltonen.jpg 536w\" sizes=\"auto, (max-width: 161px) 100vw, 161px\" data-mwl-img-id=\"2425\"><\/a><\/div><\/div><\/div><div class=\"kt-blocks-post-grid-item-inner\"><header><h2 class=\"entry-title\"><a href=\"https:\/\/galerie-ancienne-poste.com\/fr\/presse\/loeil-ete-2015\/\">L&rsquo;OEIL \u00e9t\u00e9 2015<\/a><\/h2><div class=\"kt-blocks-post-top-meta\"><\/div><\/header><div class=\"entry-content\">L\u2019OEIL, France, n\u00b0 739, Juillet-Ao\u00fbt 2015<\/div><footer class=\"kt-blocks-post-footer\"><div class=\"kt-blocks-post-footer-left\"><\/div><div class=\"kt-blocks-post-footer-right\"><\/div><\/footer><\/div><\/div><\/article><article class=\"kt-blocks-post-grid-item post-4598 post type-post status-publish format-standard has-post-thumbnail hentry category-presse artiste_-matthew-blakely\"><div class=\"kt-blocks-post-grid-item-inner-wrap kt-feat-image-align-left kt-feat-image-mobile-align-top\"><div class=\"kadence-post-image\"><div class=\"kadence-post-image-intrisic kt-image-ratio-100\" style=\"padding-bottom:100%;\"><div class=\"kadence-post-image-inner-intrisic\"><a aria-hidden=\"true\" tabindex=\"-1\" role=\"presentation\" href=\"https:\/\/galerie-ancienne-poste.com\/fr\/presse\/connaissance-des-arts-avril-2015\/\" aria-label=\"Connaissance des Arts &#8211; avril 2015\" class=\"kadence-post-image-inner-wrap\"><img loading=\"lazy\" decoding=\"async\" width=\"300\" height=\"214\" src=\"https:\/\/galerie-ancienne-poste.com\/wp-content\/uploads\/2025\/07\/blakely-matthew-cda-300x214.jpg\" class=\"attachment-medium size-medium wp-image-4526 wp-post-image\" alt=\"\" srcset=\"https:\/\/galerie-ancienne-poste.com\/wp-content\/uploads\/2025\/07\/blakely-matthew-cda-300x214.jpg 300w, https:\/\/galerie-ancienne-poste.com\/wp-content\/uploads\/2025\/07\/blakely-matthew-cda-18x12.jpg 18w, https:\/\/galerie-ancienne-poste.com\/wp-content\/uploads\/2025\/07\/blakely-matthew-cda.jpg 533w\" sizes=\"auto, (max-width: 300px) 100vw, 300px\" data-mwl-img-id=\"4526\"><\/a><\/div><\/div><\/div><div class=\"kt-blocks-post-grid-item-inner\"><header><h2 class=\"entry-title\"><a href=\"https:\/\/galerie-ancienne-poste.com\/fr\/presse\/connaissance-des-arts-avril-2015\/\">Connaissance des Arts &#8211; avril 2015<\/a><\/h2><div class=\"kt-blocks-post-top-meta\"><\/div><\/header><div class=\"entry-content\">Connaissance des Arts &#8211; avril 2015<\/div><footer class=\"kt-blocks-post-footer\"><div class=\"kt-blocks-post-footer-left\"><\/div><div class=\"kt-blocks-post-footer-right\"><\/div><\/footer><\/div><\/div><\/article><article class=\"kt-blocks-post-grid-item post-3206 post type-post status-publish format-standard has-post-thumbnail hentry category-presse artiste_-ursula-morley-price\"><div class=\"kt-blocks-post-grid-item-inner-wrap kt-feat-image-align-left kt-feat-image-mobile-align-top\"><div class=\"kadence-post-image\"><div class=\"kadence-post-image-intrisic kt-image-ratio-100\" style=\"padding-bottom:100%;\"><div class=\"kadence-post-image-inner-intrisic\"><a aria-hidden=\"true\" tabindex=\"-1\" role=\"presentation\" href=\"https:\/\/galerie-ancienne-poste.com\/fr\/presse\/ursula-morley-price-connaissance-des-arts\/\" aria-label=\"Connaissance des Arts &#8211; d\u00e9cembre 2014\" class=\"kadence-post-image-inner-wrap\"><img loading=\"lazy\" decoding=\"async\" width=\"300\" height=\"219\" src=\"https:\/\/galerie-ancienne-poste.com\/wp-content\/uploads\/2025\/07\/mrley-price-ursula-cda-2014-1-2-e1753694924878-300x219.jpg\" class=\"attachment-medium size-medium wp-image-3006 wp-post-image\" alt=\"Ursula Morley-Price\" srcset=\"https:\/\/galerie-ancienne-poste.com\/wp-content\/uploads\/2025\/07\/mrley-price-ursula-cda-2014-1-2-e1753694924878-300x219.jpg 300w, https:\/\/galerie-ancienne-poste.com\/wp-content\/uploads\/2025\/07\/mrley-price-ursula-cda-2014-1-2-e1753694924878-16x12.jpg 16w, https:\/\/galerie-ancienne-poste.com\/wp-content\/uploads\/2025\/07\/mrley-price-ursula-cda-2014-1-2-e1753694924878-600x438.jpg 600w, https:\/\/galerie-ancienne-poste.com\/wp-content\/uploads\/2025\/07\/mrley-price-ursula-cda-2014-1-2-e1753694924878.jpg 736w\" sizes=\"auto, (max-width: 300px) 100vw, 300px\" data-mwl-img-id=\"3006\" \/><\/a><\/div><\/div><\/div><div class=\"kt-blocks-post-grid-item-inner\"><header><h2 class=\"entry-title\"><a href=\"https:\/\/galerie-ancienne-poste.com\/fr\/presse\/ursula-morley-price-connaissance-des-arts\/\">Connaissance des Arts &#8211; d\u00e9cembre 2014<\/a><\/h2><div class=\"kt-blocks-post-top-meta\"><\/div><\/header><div class=\"entry-content\">Ursula Morley-Price. Le mouvement immobile in Connaissance des Arts de d\u00e9cembre 2014<\/div><footer class=\"kt-blocks-post-footer\"><div class=\"kt-blocks-post-footer-left\"><\/div><div class=\"kt-blocks-post-footer-right\"><\/div><\/footer><\/div><\/div><\/article><article class=\"kt-blocks-post-grid-item post-3236 post type-post status-publish format-standard has-post-thumbnail hentry category-presse artiste_-ursula-morley-price\"><div class=\"kt-blocks-post-grid-item-inner-wrap kt-feat-image-align-left kt-feat-image-mobile-align-top\"><div class=\"kadence-post-image\"><div class=\"kadence-post-image-intrisic kt-image-ratio-100\" style=\"padding-bottom:100%;\"><div class=\"kadence-post-image-inner-intrisic\"><a aria-hidden=\"true\" tabindex=\"-1\" role=\"presentation\" href=\"https:\/\/galerie-ancienne-poste.com\/fr\/presse\/loeil-decembre-2014\/\" aria-label=\"L&rsquo;\u0152il &#8211; d\u00e9cembre 2014\" class=\"kadence-post-image-inner-wrap\"><img loading=\"lazy\" decoding=\"async\" width=\"110\" height=\"300\" src=\"https:\/\/galerie-ancienne-poste.com\/wp-content\/uploads\/2025\/07\/morley-price-ursula-l-oeil-2014-1-110x300.jpg\" class=\"attachment-medium size-medium wp-image-3047 wp-post-image\" alt=\"\" srcset=\"https:\/\/galerie-ancienne-poste.com\/wp-content\/uploads\/2025\/07\/morley-price-ursula-l-oeil-2014-1-110x300.jpg 110w, https:\/\/galerie-ancienne-poste.com\/wp-content\/uploads\/2025\/07\/morley-price-ursula-l-oeil-2014-1-375x1024.jpg 375w, https:\/\/galerie-ancienne-poste.com\/wp-content\/uploads\/2025\/07\/morley-price-ursula-l-oeil-2014-1-4x12.jpg 4w, https:\/\/galerie-ancienne-poste.com\/wp-content\/uploads\/2025\/07\/morley-price-ursula-l-oeil-2014-1.jpg 549w\" sizes=\"auto, (max-width: 110px) 100vw, 110px\" data-mwl-img-id=\"3047\"><\/a><\/div><\/div><\/div><div class=\"kt-blocks-post-grid-item-inner\"><header><h2 class=\"entry-title\"><a href=\"https:\/\/galerie-ancienne-poste.com\/fr\/presse\/loeil-decembre-2014\/\">L&rsquo;\u0152il &#8211; d\u00e9cembre 2014<\/a><\/h2><div class=\"kt-blocks-post-top-meta\"><\/div><\/header><div class=\"entry-content\">\u00ab\u00a0Les Twists d&rsquo;Ursula Morley-Price\u00a0\u00bb. L&rsquo;\u0152il d\u00e9cembre 2014<\/div><footer class=\"kt-blocks-post-footer\"><div class=\"kt-blocks-post-footer-left\"><\/div><div class=\"kt-blocks-post-footer-right\"><\/div><\/footer><\/div><\/div><\/article><article class=\"kt-blocks-post-grid-item post-4434 post type-post status-publish format-standard has-post-thumbnail hentry category-presse artiste_-van-der-stigghel\"><div class=\"kt-blocks-post-grid-item-inner-wrap kt-feat-image-align-left kt-feat-image-mobile-align-top\"><div class=\"kadence-post-image\"><div class=\"kadence-post-image-intrisic kt-image-ratio-100\" style=\"padding-bottom:100%;\"><div class=\"kadence-post-image-inner-intrisic\"><a aria-hidden=\"true\" tabindex=\"-1\" role=\"presentation\" href=\"https:\/\/galerie-ancienne-poste.com\/fr\/presse\/revue-de-la-ceramique-et-du-verre-septembre-2014\/\" aria-label=\"Revue de la c\u00e9ramique et du verre &#8211; septembre 2014\" class=\"kadence-post-image-inner-wrap\"><img loading=\"lazy\" decoding=\"async\" width=\"300\" height=\"237\" src=\"https:\/\/galerie-ancienne-poste.com\/wp-content\/uploads\/2025\/07\/van-der-stigghel-flavie-rcv-300x237.jpg\" class=\"attachment-medium size-medium wp-image-4430 wp-post-image\" alt=\"\" srcset=\"https:\/\/galerie-ancienne-poste.com\/wp-content\/uploads\/2025\/07\/van-der-stigghel-flavie-rcv-300x237.jpg 300w, https:\/\/galerie-ancienne-poste.com\/wp-content\/uploads\/2025\/07\/van-der-stigghel-flavie-rcv-15x12.jpg 15w, https:\/\/galerie-ancienne-poste.com\/wp-content\/uploads\/2025\/07\/van-der-stigghel-flavie-rcv.jpg 556w\" sizes=\"auto, (max-width: 300px) 100vw, 300px\" data-mwl-img-id=\"4430\"><\/a><\/div><\/div><\/div><div class=\"kt-blocks-post-grid-item-inner\"><header><h2 class=\"entry-title\"><a href=\"https:\/\/galerie-ancienne-poste.com\/fr\/presse\/revue-de-la-ceramique-et-du-verre-septembre-2014\/\">Revue de la c\u00e9ramique et du verre &#8211; septembre 2014<\/a><\/h2><div class=\"kt-blocks-post-top-meta\"><\/div><\/header><div class=\"entry-content\">Revue de la c\u00e9ramique et du verre &#8211; septembre 2014<\/div><footer class=\"kt-blocks-post-footer\"><div class=\"kt-blocks-post-footer-left\"><\/div><div class=\"kt-blocks-post-footer-right\"><\/div><\/footer><\/div><\/div><\/article><article class=\"kt-blocks-post-grid-item post-4577 post type-post status-publish format-standard has-post-thumbnail hentry category-presse artiste_-claire-lindner\"><div class=\"kt-blocks-post-grid-item-inner-wrap kt-feat-image-align-left kt-feat-image-mobile-align-top\"><div class=\"kadence-post-image\"><div class=\"kadence-post-image-intrisic kt-image-ratio-100\" style=\"padding-bottom:100%;\"><div class=\"kadence-post-image-inner-intrisic\"><a aria-hidden=\"true\" tabindex=\"-1\" role=\"presentation\" href=\"https:\/\/galerie-ancienne-poste.com\/fr\/presse\/connaissance-des-arts-mai-2014\/\" aria-label=\"Connaissance des Arts &#8211; mai 2014\" class=\"kadence-post-image-inner-wrap\"><img loading=\"lazy\" decoding=\"async\" width=\"300\" height=\"278\" src=\"https:\/\/galerie-ancienne-poste.com\/wp-content\/uploads\/2025\/07\/lindner-claire-cda-300x278.jpg\" class=\"attachment-medium size-medium wp-image-4536 wp-post-image\" alt=\"\" srcset=\"https:\/\/galerie-ancienne-poste.com\/wp-content\/uploads\/2025\/07\/lindner-claire-cda-300x278.jpg 300w, https:\/\/galerie-ancienne-poste.com\/wp-content\/uploads\/2025\/07\/lindner-claire-cda-13x12.jpg 13w, https:\/\/galerie-ancienne-poste.com\/wp-content\/uploads\/2025\/07\/lindner-claire-cda-600x557.jpg 600w, https:\/\/galerie-ancienne-poste.com\/wp-content\/uploads\/2025\/07\/lindner-claire-cda.jpg 679w\" sizes=\"auto, (max-width: 300px) 100vw, 300px\" data-mwl-img-id=\"4536\"><\/a><\/div><\/div><\/div><div class=\"kt-blocks-post-grid-item-inner\"><header><h2 class=\"entry-title\"><a href=\"https:\/\/galerie-ancienne-poste.com\/fr\/presse\/connaissance-des-arts-mai-2014\/\">Connaissance des Arts &#8211; mai 2014<\/a><\/h2><div class=\"kt-blocks-post-top-meta\"><\/div><\/header><div class=\"entry-content\">Connaissance des Arts &#8211; mai 2014<\/div><footer class=\"kt-blocks-post-footer\"><div class=\"kt-blocks-post-footer-left\"><\/div><div class=\"kt-blocks-post-footer-right\"><\/div><\/footer><\/div><\/div><\/article><article class=\"kt-blocks-post-grid-item post-4670 post type-post status-publish format-standard has-post-thumbnail hentry category-presse artiste_-claire-lindner\"><div class=\"kt-blocks-post-grid-item-inner-wrap kt-feat-image-align-left kt-feat-image-mobile-align-top\"><div class=\"kadence-post-image\"><div class=\"kadence-post-image-intrisic kt-image-ratio-100\" style=\"padding-bottom:100%;\"><div class=\"kadence-post-image-inner-intrisic\"><a aria-hidden=\"true\" tabindex=\"-1\" role=\"presentation\" href=\"https:\/\/galerie-ancienne-poste.com\/fr\/presse\/officiel-des-galerie-et-musees-avril-2014\/\" aria-label=\"Officiel des Galeries et Mus\u00e9es &#8211; avril 2014\" class=\"kadence-post-image-inner-wrap\"><img loading=\"lazy\" decoding=\"async\" width=\"300\" height=\"276\" src=\"https:\/\/galerie-ancienne-poste.com\/wp-content\/uploads\/2025\/07\/lindner-claire-officiel-galerie-musees-300x276.jpg\" class=\"attachment-medium size-medium wp-image-4647 wp-post-image\" alt=\"\" srcset=\"https:\/\/galerie-ancienne-poste.com\/wp-content\/uploads\/2025\/07\/lindner-claire-officiel-galerie-musees-300x276.jpg 300w, https:\/\/galerie-ancienne-poste.com\/wp-content\/uploads\/2025\/07\/lindner-claire-officiel-galerie-musees-13x12.jpg 13w, https:\/\/galerie-ancienne-poste.com\/wp-content\/uploads\/2025\/07\/lindner-claire-officiel-galerie-musees.jpg 436w\" sizes=\"auto, (max-width: 300px) 100vw, 300px\" data-mwl-img-id=\"4647\"><\/a><\/div><\/div><\/div><div class=\"kt-blocks-post-grid-item-inner\"><header><h2 class=\"entry-title\"><a href=\"https:\/\/galerie-ancienne-poste.com\/fr\/presse\/officiel-des-galerie-et-musees-avril-2014\/\">Officiel des Galeries et Mus\u00e9es &#8211; avril 2014<\/a><\/h2><div class=\"kt-blocks-post-top-meta\"><\/div><\/header><div class=\"entry-content\">Exposition Claire Lindner \u00a0\u00bb Measuring Clouds\u00a0\u00bb \u00e0 la Galerie de l&rsquo;Ancienne poste. Officiel des Galeries et Mus\u00e9es &#8211; mars-avril 2014.<\/div><footer class=\"kt-blocks-post-footer\"><div class=\"kt-blocks-post-footer-left\"><\/div><div class=\"kt-blocks-post-footer-right\"><\/div><\/footer><\/div><\/div><\/article><article class=\"kt-blocks-post-grid-item post-6849 post type-post status-publish format-standard has-post-thumbnail hentry category-presse artiste_-alistair-danhieux\"><div class=\"kt-blocks-post-grid-item-inner-wrap kt-feat-image-align-left kt-feat-image-mobile-align-top\"><div class=\"kadence-post-image\"><div class=\"kadence-post-image-intrisic kt-image-ratio-100\" style=\"padding-bottom:100%;\"><div class=\"kadence-post-image-inner-intrisic\"><a aria-hidden=\"true\" tabindex=\"-1\" role=\"presentation\" href=\"https:\/\/galerie-ancienne-poste.com\/fr\/presse\/revue-de-la-ceramique-et-du-verre-janvier-2014\/\" aria-label=\"Revue de la C\u00e9ramique et du Verre &#8211; janvier 2014\" class=\"kadence-post-image-inner-wrap\"><img loading=\"lazy\" decoding=\"async\" width=\"271\" height=\"300\" src=\"https:\/\/galerie-ancienne-poste.com\/wp-content\/uploads\/2025\/07\/danhieux-alistair-rcv-2014-1-e1753695298640-271x300.jpg\" class=\"attachment-medium size-medium wp-image-3022 wp-post-image\" alt=\"Alistair Danhieux\" srcset=\"https:\/\/galerie-ancienne-poste.com\/wp-content\/uploads\/2025\/07\/danhieux-alistair-rcv-2014-1-e1753695298640-271x300.jpg 271w, https:\/\/galerie-ancienne-poste.com\/wp-content\/uploads\/2025\/07\/danhieux-alistair-rcv-2014-1-e1753695298640-11x12.jpg 11w, https:\/\/galerie-ancienne-poste.com\/wp-content\/uploads\/2025\/07\/danhieux-alistair-rcv-2014-1-e1753695298640-600x665.jpg 600w, https:\/\/galerie-ancienne-poste.com\/wp-content\/uploads\/2025\/07\/danhieux-alistair-rcv-2014-1-e1753695298640.jpg 688w\" sizes=\"auto, (max-width: 271px) 100vw, 271px\" data-mwl-img-id=\"3022\" \/><\/a><\/div><\/div><\/div><div class=\"kt-blocks-post-grid-item-inner\"><header><h2 class=\"entry-title\"><a href=\"https:\/\/galerie-ancienne-poste.com\/fr\/presse\/revue-de-la-ceramique-et-du-verre-janvier-2014\/\">Revue de la C\u00e9ramique et du Verre &#8211; janvier 2014<\/a><\/h2><div class=\"kt-blocks-post-top-meta\"><\/div><\/header><div class=\"entry-content\">Revue de la C\u00e9ramique et du verre &#8211; janvier 2014<\/div><footer class=\"kt-blocks-post-footer\"><div class=\"kt-blocks-post-footer-left\"><\/div><div class=\"kt-blocks-post-footer-right\"><\/div><\/footer><\/div><\/div><\/article><article class=\"kt-blocks-post-grid-item post-2250 post type-post status-publish format-standard has-post-thumbnail hentry category-presse\"><div class=\"kt-blocks-post-grid-item-inner-wrap kt-feat-image-align-left kt-feat-image-mobile-align-top\"><div class=\"kadence-post-image\"><div class=\"kadence-post-image-intrisic kt-image-ratio-100\" style=\"padding-bottom:100%;\"><div class=\"kadence-post-image-inner-intrisic\"><a aria-hidden=\"true\" tabindex=\"-1\" role=\"presentation\" href=\"https:\/\/galerie-ancienne-poste.com\/fr\/presse\/ceramics-ceramic-art-and-perceptions\/\" aria-label=\"Ceramics Art and Perceptions &#8211; juillet 2013\" class=\"kadence-post-image-inner-wrap\"><img loading=\"lazy\" decoding=\"async\" width=\"212\" height=\"300\" src=\"https:\/\/galerie-ancienne-poste.com\/wp-content\/uploads\/2025\/07\/ceramic-art-perception-212x300.jpg\" class=\"attachment-medium size-medium wp-image-3408 wp-post-image\" alt=\"\" srcset=\"https:\/\/galerie-ancienne-poste.com\/wp-content\/uploads\/2025\/07\/ceramic-art-perception-212x300.jpg 212w, https:\/\/galerie-ancienne-poste.com\/wp-content\/uploads\/2025\/07\/ceramic-art-perception-723x1024.jpg 723w, https:\/\/galerie-ancienne-poste.com\/wp-content\/uploads\/2025\/07\/ceramic-art-perception-768x1087.jpg 768w, https:\/\/galerie-ancienne-poste.com\/wp-content\/uploads\/2025\/07\/ceramic-art-perception-1085x1536.jpg 1085w, https:\/\/galerie-ancienne-poste.com\/wp-content\/uploads\/2025\/07\/ceramic-art-perception-8x12.jpg 8w, https:\/\/galerie-ancienne-poste.com\/wp-content\/uploads\/2025\/07\/ceramic-art-perception-600x849.jpg 600w, https:\/\/galerie-ancienne-poste.com\/wp-content\/uploads\/2025\/07\/ceramic-art-perception.jpg 1424w\" sizes=\"auto, (max-width: 212px) 100vw, 212px\" data-mwl-img-id=\"3408\"><\/a><\/div><\/div><\/div><div class=\"kt-blocks-post-grid-item-inner\"><header><h2 class=\"entry-title\"><a href=\"https:\/\/galerie-ancienne-poste.com\/fr\/presse\/ceramics-ceramic-art-and-perceptions\/\">Ceramics Art and Perceptions &#8211; juillet 2013<\/a><\/h2><div class=\"kt-blocks-post-top-meta\"><\/div><\/header><div class=\"entry-content\">Erna Aaltonen. Nostalgia\u00a0\u00bb Ceramics Art and Perceptions N\u00b091. 2013.<\/div><footer class=\"kt-blocks-post-footer\"><div class=\"kt-blocks-post-footer-left\"><\/div><div class=\"kt-blocks-post-footer-right\"><\/div><\/footer><\/div><\/div><\/article><article class=\"kt-blocks-post-grid-item post-4561 post type-post status-publish format-standard has-post-thumbnail hentry category-presse artiste_-sophie-favre\"><div class=\"kt-blocks-post-grid-item-inner-wrap kt-feat-image-align-left kt-feat-image-mobile-align-top\"><div class=\"kadence-post-image\"><div class=\"kadence-post-image-intrisic kt-image-ratio-100\" style=\"padding-bottom:100%;\"><div class=\"kadence-post-image-inner-intrisic\"><a aria-hidden=\"true\" tabindex=\"-1\" role=\"presentation\" href=\"https:\/\/galerie-ancienne-poste.com\/fr\/presse\/connaissance-des-arts-juillet-2013\/\" aria-label=\"Connaissance des Arts &#8211; Juillet 2013\" class=\"kadence-post-image-inner-wrap\"><img loading=\"lazy\" decoding=\"async\" width=\"236\" height=\"300\" src=\"https:\/\/galerie-ancienne-poste.com\/wp-content\/uploads\/2025\/07\/favre-sophie-cda-ete-2013-236x300.jpg\" class=\"attachment-medium size-medium wp-image-4606 wp-post-image\" alt=\"\" srcset=\"https:\/\/galerie-ancienne-poste.com\/wp-content\/uploads\/2025\/07\/favre-sophie-cda-ete-2013-236x300.jpg 236w, https:\/\/galerie-ancienne-poste.com\/wp-content\/uploads\/2025\/07\/favre-sophie-cda-ete-2013-9x12.jpg 9w, https:\/\/galerie-ancienne-poste.com\/wp-content\/uploads\/2025\/07\/favre-sophie-cda-ete-2013.jpg 321w\" sizes=\"auto, (max-width: 236px) 100vw, 236px\" data-mwl-img-id=\"4606\"><\/a><\/div><\/div><\/div><div class=\"kt-blocks-post-grid-item-inner\"><header><h2 class=\"entry-title\"><a href=\"https:\/\/galerie-ancienne-poste.com\/fr\/presse\/connaissance-des-arts-juillet-2013\/\">Connaissance des Arts &#8211; Juillet 2013<\/a><\/h2><div class=\"kt-blocks-post-top-meta\"><\/div><\/header><div class=\"entry-content\">Connaissance des Arts &#8211; Juillet 2013<\/div><footer class=\"kt-blocks-post-footer\"><div class=\"kt-blocks-post-footer-left\"><\/div><div class=\"kt-blocks-post-footer-right\"><\/div><\/footer><\/div><\/div><\/article><article class=\"kt-blocks-post-grid-item post-4662 post type-post status-publish format-standard has-post-thumbnail hentry category-presse artiste_-sophie-favre\"><div class=\"kt-blocks-post-grid-item-inner-wrap kt-feat-image-align-left kt-feat-image-mobile-align-top\"><div class=\"kadence-post-image\"><div class=\"kadence-post-image-intrisic kt-image-ratio-100\" style=\"padding-bottom:100%;\"><div class=\"kadence-post-image-inner-intrisic\"><a aria-hidden=\"true\" tabindex=\"-1\" role=\"presentation\" href=\"https:\/\/galerie-ancienne-poste.com\/fr\/presse\/officiel-des-galeries-et-musees-avril-2013\/\" aria-label=\"Officiel des Galeries et Mus\u00e9es &#8211; avril 2013\" class=\"kadence-post-image-inner-wrap\"><img loading=\"lazy\" decoding=\"async\" width=\"300\" height=\"293\" src=\"https:\/\/galerie-ancienne-poste.com\/wp-content\/uploads\/2025\/07\/favre-sophie-galerie-et-musee-1-300x293.jpg\" class=\"attachment-medium size-medium wp-image-4642 wp-post-image\" alt=\"\" srcset=\"https:\/\/galerie-ancienne-poste.com\/wp-content\/uploads\/2025\/07\/favre-sophie-galerie-et-musee-1-300x293.jpg 300w, https:\/\/galerie-ancienne-poste.com\/wp-content\/uploads\/2025\/07\/favre-sophie-galerie-et-musee-1-12x12.jpg 12w, https:\/\/galerie-ancienne-poste.com\/wp-content\/uploads\/2025\/07\/favre-sophie-galerie-et-musee-1-600x587.jpg 600w, https:\/\/galerie-ancienne-poste.com\/wp-content\/uploads\/2025\/07\/favre-sophie-galerie-et-musee-1.jpg 643w\" sizes=\"auto, (max-width: 300px) 100vw, 300px\" data-mwl-img-id=\"4642\"><\/a><\/div><\/div><\/div><div class=\"kt-blocks-post-grid-item-inner\"><header><h2 class=\"entry-title\"><a href=\"https:\/\/galerie-ancienne-poste.com\/fr\/presse\/officiel-des-galeries-et-musees-avril-2013\/\">Officiel des Galeries et Mus\u00e9es &#8211; avril 2013<\/a><\/h2><div class=\"kt-blocks-post-top-meta\"><\/div><\/header><div class=\"entry-content\">Officiel des Galeries et Mus\u00e9es &#8211; avril 2013<\/div><footer class=\"kt-blocks-post-footer\"><div class=\"kt-blocks-post-footer-left\"><\/div><div class=\"kt-blocks-post-footer-right\"><\/div><\/footer><\/div><\/div><\/article><article class=\"kt-blocks-post-grid-item post-4443 post type-post status-publish format-standard has-post-thumbnail hentry category-presse artiste_-guy-honore\"><div class=\"kt-blocks-post-grid-item-inner-wrap kt-feat-image-align-left kt-feat-image-mobile-align-top\"><div class=\"kadence-post-image\"><div class=\"kadence-post-image-intrisic kt-image-ratio-100\" style=\"padding-bottom:100%;\"><div class=\"kadence-post-image-inner-intrisic\"><a aria-hidden=\"true\" tabindex=\"-1\" role=\"presentation\" href=\"https:\/\/galerie-ancienne-poste.com\/fr\/presse\/revue-de-la-ceramique-et-du-verre-juillet-2012\/\" aria-label=\"Revue de la c\u00e9ramique et du verre &#8211; juillet 2012\" class=\"kadence-post-image-inner-wrap\"><img loading=\"lazy\" decoding=\"async\" width=\"300\" height=\"266\" src=\"https:\/\/galerie-ancienne-poste.com\/wp-content\/uploads\/2025\/07\/Honore_Guy_rcv-300x266.jpg\" class=\"attachment-medium size-medium wp-image-4420 wp-post-image\" alt=\"\" srcset=\"https:\/\/galerie-ancienne-poste.com\/wp-content\/uploads\/2025\/07\/Honore_Guy_rcv-300x266.jpg 300w, https:\/\/galerie-ancienne-poste.com\/wp-content\/uploads\/2025\/07\/Honore_Guy_rcv-14x12.jpg 14w, https:\/\/galerie-ancienne-poste.com\/wp-content\/uploads\/2025\/07\/Honore_Guy_rcv.jpg 582w\" sizes=\"auto, (max-width: 300px) 100vw, 300px\" data-mwl-img-id=\"4420\"><\/a><\/div><\/div><\/div><div class=\"kt-blocks-post-grid-item-inner\"><header><h2 class=\"entry-title\"><a href=\"https:\/\/galerie-ancienne-poste.com\/fr\/presse\/revue-de-la-ceramique-et-du-verre-juillet-2012\/\">Revue de la c\u00e9ramique et du verre &#8211; juillet 2012<\/a><\/h2><div class=\"kt-blocks-post-top-meta\"><\/div><\/header><div class=\"entry-content\">Revue de la c\u00e9ramique et du verre &#8211; juillet 2012<\/div><footer class=\"kt-blocks-post-footer\"><div class=\"kt-blocks-post-footer-left\"><\/div><div class=\"kt-blocks-post-footer-right\"><\/div><\/footer><\/div><\/div><\/article><article class=\"kt-blocks-post-grid-item post-4432 post type-post status-publish format-standard has-post-thumbnail hentry category-presse artiste_-robert-deblander\"><div class=\"kt-blocks-post-grid-item-inner-wrap kt-feat-image-align-left kt-feat-image-mobile-align-top\"><div class=\"kadence-post-image\"><div class=\"kadence-post-image-intrisic kt-image-ratio-100\" style=\"padding-bottom:100%;\"><div class=\"kadence-post-image-inner-intrisic\"><a aria-hidden=\"true\" tabindex=\"-1\" role=\"presentation\" href=\"https:\/\/galerie-ancienne-poste.com\/fr\/presse\/revue-de-la-ceramique-et-du-verre-decembre-2009\/\" aria-label=\"Revue de la c\u00e9ramique et du verre &#8211; d\u00e9cembre 2009\" class=\"kadence-post-image-inner-wrap\"><img loading=\"lazy\" decoding=\"async\" width=\"235\" height=\"300\" src=\"https:\/\/galerie-ancienne-poste.com\/wp-content\/uploads\/2025\/07\/damas-deblander-rcv-235x300.jpg\" class=\"attachment-medium size-medium wp-image-4408 wp-post-image\" alt=\"\" srcset=\"https:\/\/galerie-ancienne-poste.com\/wp-content\/uploads\/2025\/07\/damas-deblander-rcv-235x300.jpg 235w, https:\/\/galerie-ancienne-poste.com\/wp-content\/uploads\/2025\/07\/damas-deblander-rcv-9x12.jpg 9w, https:\/\/galerie-ancienne-poste.com\/wp-content\/uploads\/2025\/07\/damas-deblander-rcv.jpg 462w\" sizes=\"auto, (max-width: 235px) 100vw, 235px\" data-mwl-img-id=\"4408\"><\/a><\/div><\/div><\/div><div class=\"kt-blocks-post-grid-item-inner\"><header><h2 class=\"entry-title\"><a href=\"https:\/\/galerie-ancienne-poste.com\/fr\/presse\/revue-de-la-ceramique-et-du-verre-decembre-2009\/\">Revue de la c\u00e9ramique et du verre &#8211; d\u00e9cembre 2009<\/a><\/h2><div class=\"kt-blocks-post-top-meta\"><\/div><\/header><div class=\"entry-content\">Revue de la c\u00e9ramique et du verre &#8211; d\u00e9cembre 2009<\/div><footer class=\"kt-blocks-post-footer\"><div class=\"kt-blocks-post-footer-left\"><\/div><div class=\"kt-blocks-post-footer-right\"><\/div><\/footer><\/div><\/div><\/article><article class=\"kt-blocks-post-grid-item post-3583 post type-post status-publish format-standard has-post-thumbnail hentry category-presse artiste_-nathalie-pierlot\"><div class=\"kt-blocks-post-grid-item-inner-wrap kt-feat-image-align-left kt-feat-image-mobile-align-top\"><div class=\"kadence-post-image\"><div class=\"kadence-post-image-intrisic kt-image-ratio-100\" style=\"padding-bottom:100%;\"><div class=\"kadence-post-image-inner-intrisic\"><a aria-hidden=\"true\" tabindex=\"-1\" role=\"presentation\" href=\"https:\/\/galerie-ancienne-poste.com\/fr\/presse\/connaissance-des-arts-juin-2009\/\" aria-label=\"Connaissance des Arts &#8211; juin 2009\" class=\"kadence-post-image-inner-wrap\"><img loading=\"lazy\" decoding=\"async\" width=\"183\" height=\"300\" src=\"https:\/\/galerie-ancienne-poste.com\/wp-content\/uploads\/2025\/07\/connaissance-des-arts-juin-2009-pierlot-e1753694833163-183x300.jpg\" class=\"attachment-medium size-medium wp-image-3572 wp-post-image\" alt=\"Nathalie Pierlot\" srcset=\"https:\/\/galerie-ancienne-poste.com\/wp-content\/uploads\/2025\/07\/connaissance-des-arts-juin-2009-pierlot-e1753694833163-183x300.jpg 183w, https:\/\/galerie-ancienne-poste.com\/wp-content\/uploads\/2025\/07\/connaissance-des-arts-juin-2009-pierlot-e1753694833163-626x1024.jpg 626w, https:\/\/galerie-ancienne-poste.com\/wp-content\/uploads\/2025\/07\/connaissance-des-arts-juin-2009-pierlot-e1753694833163-7x12.jpg 7w, https:\/\/galerie-ancienne-poste.com\/wp-content\/uploads\/2025\/07\/connaissance-des-arts-juin-2009-pierlot-e1753694833163-600x981.jpg 600w, https:\/\/galerie-ancienne-poste.com\/wp-content\/uploads\/2025\/07\/connaissance-des-arts-juin-2009-pierlot-e1753694833163.jpg 630w\" sizes=\"auto, (max-width: 183px) 100vw, 183px\" data-mwl-img-id=\"3572\" \/><\/a><\/div><\/div><\/div><div class=\"kt-blocks-post-grid-item-inner\"><header><h2 class=\"entry-title\"><a href=\"https:\/\/galerie-ancienne-poste.com\/fr\/presse\/connaissance-des-arts-juin-2009\/\">Connaissance des Arts &#8211; juin 2009<\/a><\/h2><div class=\"kt-blocks-post-top-meta\"><\/div><\/header><div class=\"entry-content\">Connaissance des Arts &#8211; juin 2009 &#8211; Nathalie Pierlot<\/div><footer class=\"kt-blocks-post-footer\"><div class=\"kt-blocks-post-footer-left\"><\/div><div class=\"kt-blocks-post-footer-right\"><\/div><\/footer><\/div><\/div><\/article><article class=\"kt-blocks-post-grid-item post-3736 post type-post status-publish format-standard has-post-thumbnail hentry category-galerie category-presse tag-galerie\"><div class=\"kt-blocks-post-grid-item-inner-wrap kt-feat-image-align-left kt-feat-image-mobile-align-top\"><div class=\"kadence-post-image\"><div class=\"kadence-post-image-intrisic kt-image-ratio-100\" style=\"padding-bottom:100%;\"><div class=\"kadence-post-image-inner-intrisic\"><a aria-hidden=\"true\" tabindex=\"-1\" role=\"presentation\" href=\"https:\/\/galerie-ancienne-poste.com\/fr\/galerie\/revue-de-la-ceramique-et-du-verre-juin-2007\/\" aria-label=\"Revue de la C\u00e9ramique et du Verre juin 2007\" class=\"kadence-post-image-inner-wrap\"><img loading=\"lazy\" decoding=\"async\" width=\"212\" height=\"300\" src=\"https:\/\/galerie-ancienne-poste.com\/wp-content\/uploads\/2025\/07\/galerie-10-ans-rcv-2007-212x300.jpg\" class=\"attachment-medium size-medium wp-image-3707 wp-post-image\" alt=\"\" srcset=\"https:\/\/galerie-ancienne-poste.com\/wp-content\/uploads\/2025\/07\/galerie-10-ans-rcv-2007-212x300.jpg 212w, https:\/\/galerie-ancienne-poste.com\/wp-content\/uploads\/2025\/07\/galerie-10-ans-rcv-2007-724x1024.jpg 724w, https:\/\/galerie-ancienne-poste.com\/wp-content\/uploads\/2025\/07\/galerie-10-ans-rcv-2007-768x1086.jpg 768w, https:\/\/galerie-ancienne-poste.com\/wp-content\/uploads\/2025\/07\/galerie-10-ans-rcv-2007-8x12.jpg 8w, https:\/\/galerie-ancienne-poste.com\/wp-content\/uploads\/2025\/07\/galerie-10-ans-rcv-2007-600x848.jpg 600w, https:\/\/galerie-ancienne-poste.com\/wp-content\/uploads\/2025\/07\/galerie-10-ans-rcv-2007.jpg 1061w\" sizes=\"auto, (max-width: 212px) 100vw, 212px\" data-mwl-img-id=\"3707\"><\/a><\/div><\/div><\/div><div class=\"kt-blocks-post-grid-item-inner\"><header><h2 class=\"entry-title\"><a href=\"https:\/\/galerie-ancienne-poste.com\/fr\/galerie\/revue-de-la-ceramique-et-du-verre-juin-2007\/\">Revue de la C\u00e9ramique et du Verre juin 2007<\/a><\/h2><div class=\"kt-blocks-post-top-meta\"><\/div><\/header><div class=\"entry-content\">\u00ab\u00a0les dix ans de l&rsquo;Ancienne Poste, une galerie coll\u00e9giale\u00a0\u00bb &#8211; La Revue de la C\u00e9ramique et du Verre &#8211; mai\/juin 2007<\/div><footer class=\"kt-blocks-post-footer\"><div class=\"kt-blocks-post-footer-left\"><\/div><div class=\"kt-blocks-post-footer-right\"><\/div><\/footer><\/div><\/div><\/article><article class=\"kt-blocks-post-grid-item post-4655 post type-post status-publish format-standard has-post-thumbnail hentry category-galerie category-presse tag-galerie\"><div class=\"kt-blocks-post-grid-item-inner-wrap kt-feat-image-align-left kt-feat-image-mobile-align-top\"><div class=\"kadence-post-image\"><div class=\"kadence-post-image-intrisic kt-image-ratio-100\" style=\"padding-bottom:100%;\"><div class=\"kadence-post-image-inner-intrisic\"><a aria-hidden=\"true\" tabindex=\"-1\" role=\"presentation\" href=\"https:\/\/galerie-ancienne-poste.com\/fr\/galerie\/ateliers-dart-de-france-septembre-2006\/\" aria-label=\"Ateliers d&rsquo;Art de France &#8211; septembre 2006\" class=\"kadence-post-image-inner-wrap\"><img loading=\"lazy\" decoding=\"async\" width=\"300\" height=\"282\" src=\"https:\/\/galerie-ancienne-poste.com\/wp-content\/uploads\/2025\/07\/galerie-atelier-art-de-france-300x282.jpg\" class=\"attachment-medium size-medium wp-image-4643 wp-post-image\" alt=\"Galerie de l&#039;Ancienne Poste\" srcset=\"https:\/\/galerie-ancienne-poste.com\/wp-content\/uploads\/2025\/07\/galerie-atelier-art-de-france-300x282.jpg 300w, https:\/\/galerie-ancienne-poste.com\/wp-content\/uploads\/2025\/07\/galerie-atelier-art-de-france-13x12.jpg 13w, https:\/\/galerie-ancienne-poste.com\/wp-content\/uploads\/2025\/07\/galerie-atelier-art-de-france-600x563.jpg 600w, https:\/\/galerie-ancienne-poste.com\/wp-content\/uploads\/2025\/07\/galerie-atelier-art-de-france.jpg 605w\" sizes=\"auto, (max-width: 300px) 100vw, 300px\" data-mwl-img-id=\"4643\" \/><\/a><\/div><\/div><\/div><div class=\"kt-blocks-post-grid-item-inner\"><header><h2 class=\"entry-title\"><a href=\"https:\/\/galerie-ancienne-poste.com\/fr\/galerie\/ateliers-dart-de-france-septembre-2006\/\">Ateliers d&rsquo;Art de France &#8211; septembre 2006<\/a><\/h2><div class=\"kt-blocks-post-top-meta\"><\/div><\/header><div class=\"entry-content\">La Galerie de l&rsquo;Ancienne Poste in \u00ab\u00a03 galerie en province\u00a0\u00bb. Ateliers d&rsquo;art de France de septembre\/octobre 2006<\/div><footer class=\"kt-blocks-post-footer\"><div class=\"kt-blocks-post-footer-left\"><\/div><div class=\"kt-blocks-post-footer-right\"><\/div><\/footer><\/div><\/div><\/article><article class=\"kt-blocks-post-grid-item post-3581 post type-post status-publish format-standard has-post-thumbnail hentry category-presse artiste_-nathalie-pierlot\"><div class=\"kt-blocks-post-grid-item-inner-wrap kt-feat-image-align-left kt-feat-image-mobile-align-top\"><div class=\"kadence-post-image\"><div class=\"kadence-post-image-intrisic kt-image-ratio-100\" style=\"padding-bottom:100%;\"><div class=\"kadence-post-image-inner-intrisic\"><a aria-hidden=\"true\" tabindex=\"-1\" role=\"presentation\" href=\"https:\/\/galerie-ancienne-poste.com\/fr\/presse\/yonne-republicaine-juillet-2002\/\" aria-label=\"Yonne R\u00e9publicaine &#8211; juillet 2002\" class=\"kadence-post-image-inner-wrap\"><img loading=\"lazy\" decoding=\"async\" width=\"218\" height=\"300\" src=\"https:\/\/galerie-ancienne-poste.com\/wp-content\/uploads\/2025\/07\/nathalie-pierlot-jullet-2002-1-218x300.jpg\" class=\"attachment-medium size-medium wp-image-4886 wp-post-image\" alt=\"\" srcset=\"https:\/\/galerie-ancienne-poste.com\/wp-content\/uploads\/2025\/07\/nathalie-pierlot-jullet-2002-1-218x300.jpg 218w, https:\/\/galerie-ancienne-poste.com\/wp-content\/uploads\/2025\/07\/nathalie-pierlot-jullet-2002-1-744x1024.jpg 744w, https:\/\/galerie-ancienne-poste.com\/wp-content\/uploads\/2025\/07\/nathalie-pierlot-jullet-2002-1-768x1057.jpg 768w, https:\/\/galerie-ancienne-poste.com\/wp-content\/uploads\/2025\/07\/nathalie-pierlot-jullet-2002-1-9x12.jpg 9w, https:\/\/galerie-ancienne-poste.com\/wp-content\/uploads\/2025\/07\/nathalie-pierlot-jullet-2002-1-600x826.jpg 600w, https:\/\/galerie-ancienne-poste.com\/wp-content\/uploads\/2025\/07\/nathalie-pierlot-jullet-2002-1.jpg 1090w\" sizes=\"auto, (max-width: 218px) 100vw, 218px\" data-mwl-img-id=\"4886\"><\/a><\/div><\/div><\/div><div class=\"kt-blocks-post-grid-item-inner\"><header><h2 class=\"entry-title\"><a href=\"https:\/\/galerie-ancienne-poste.com\/fr\/presse\/yonne-republicaine-juillet-2002\/\">Yonne R\u00e9publicaine &#8211; juillet 2002<\/a><\/h2><div class=\"kt-blocks-post-top-meta\"><\/div><\/header><div class=\"entry-content\">Regard de l&rsquo;artiste Nathalie Pierlot in L&rsquo;Yonne R\u00e9publicaine du 26juillet 2002<\/div><footer class=\"kt-blocks-post-footer\"><div class=\"kt-blocks-post-footer-left\"><\/div><div class=\"kt-blocks-post-footer-right\"><\/div><\/footer><\/div><\/div><\/article><\/div><\/div><!-- .wp-block-kadence-postgrid --><\/div><\/div>\n\n\n<style>.kadence-column1556_6d9b34-0a > .kt-inside-inner-col,.kadence-column1556_6d9b34-0a > .kt-inside-inner-col:before{border-top-left-radius:0px;border-top-right-radius:0px;border-bottom-right-radius:0px;border-bottom-left-radius:0px;}.kadence-column1556_6d9b34-0a > .kt-inside-inner-col{column-gap:var(--global-kb-gap-sm, 1rem);}.kadence-column1556_6d9b34-0a > .kt-inside-inner-col{flex-direction:column;}.kadence-column1556_6d9b34-0a > .kt-inside-inner-col > .aligncenter{width:100%;}.kadence-column1556_6d9b34-0a > .kt-inside-inner-col:before{opacity:0.3;}.kadence-column1556_6d9b34-0a{position:relative;}@media all and (max-width: 1024px){.kadence-column1556_6d9b34-0a > .kt-inside-inner-col{flex-direction:column;justify-content:center;}}@media all and (max-width: 767px){.kadence-column1556_6d9b34-0a > .kt-inside-inner-col{flex-direction:column;justify-content:center;}}<\/style>\n<div class=\"wp-block-kadence-column kadence-column1556_6d9b34-0a\"><div class=\"kt-inside-inner-col\"><\/div><\/div>\n\n<\/div><\/div>\n\n\n<p><\/p>\n","protected":false},"excerpt":{"rendered":"<p>Presse<\/p>\n","protected":false},"author":206,"featured_media":0,"parent":0,"menu_order":8,"comment_status":"closed","ping_status":"closed","template":"","meta":{"_acf_changed":false,"_kad_blocks_custom_css":"","_kad_blocks_head_custom_js":"","_kad_blocks_body_custom_js":"","_kad_blocks_footer_custom_js":"","_kad_post_transparent":"","_kad_post_title":"","_kad_post_layout":"","_kad_post_sidebar_id":"","_kad_post_content_style":"","_kad_post_vertical_padding":"","_kad_post_feature":"","_kad_post_feature_position":"","_kad_post_header":false,"_kad_post_footer":false,"_kad_post_classname":"","footnotes":""},"class_list":["post-1556","page","type-page","status-publish","hentry"],"acf":[],"taxonomy_info":[],"featured_image_src_large":false,"author_info":{"display_name":"ethansitbon","author_link":"https:\/\/galerie-ancienne-poste.com\/fr\/author\/ethansitbon\/"},"comment_info":0,"_links":{"self":[{"href":"https:\/\/galerie-ancienne-poste.com\/fr\/wp-json\/wp\/v2\/pages\/1556","targetHints":{"allow":["GET"]}}],"collection":[{"href":"https:\/\/galerie-ancienne-poste.com\/fr\/wp-json\/wp\/v2\/pages"}],"about":[{"href":"https:\/\/galerie-ancienne-poste.com\/fr\/wp-json\/wp\/v2\/types\/page"}],"author":[{"embeddable":true,"href":"https:\/\/galerie-ancienne-poste.com\/fr\/wp-json\/wp\/v2\/users\/206"}],"replies":[{"embeddable":true,"href":"https:\/\/galerie-ancienne-poste.com\/fr\/wp-json\/wp\/v2\/comments?post=1556"}],"version-history":[{"count":10,"href":"https:\/\/galerie-ancienne-poste.com\/fr\/wp-json\/wp\/v2\/pages\/1556\/revisions"}],"predecessor-version":[{"id":7797,"href":"https:\/\/galerie-ancienne-poste.com\/fr\/wp-json\/wp\/v2\/pages\/1556\/revisions\/7797"}],"wp:attachment":[{"href":"https:\/\/galerie-ancienne-poste.com\/fr\/wp-json\/wp\/v2\/media?parent=1556"}],"curies":[{"name":"wp","href":"https:\/\/api.w.org\/{rel}","templated":true}]}}